{"id":10703,"date":"2020-07-17T09:53:45","date_gmt":"2020-07-17T07:53:45","guid":{"rendered":"https:\/\/www.reseau-mesure.com\/?page_id=10703"},"modified":"2022-07-05T15:46:36","modified_gmt":"2022-07-05T13:46:36","slug":"apres-covid-19","status":"publish","type":"page","link":"https:\/\/www.reseau-mesure.com\/de\/apres-covid-19\/","title":{"rendered":"Technische und fachliche Dokumentation zu Fahrgefahren"},"content":{"rendered":"<h1>\n\t\t\t\tNach Covid 19 Das Messnetz unterst\u00fctzt Sie\n\t\t<\/h1>\n\t<p>Im Juli 2020 initiierte das Messnetzwerk eine <strong>Informations- und Austauschprozess im Rahmen des Krisenmanagements im Zusammenhang mit COVID-19<\/strong>.<\/p>\n<p><strong>Es werden verschiedene Themen angeboten:<\/strong><\/p>\n<ul>\n<li><strong>Human Resources: Teammanagement, Stressmanagement, Telearbeitsmanagement, Arbeitsbelastungsmanagement etc.<\/strong><\/li>\n<li><strong>Finanzierungsl\u00f6sungen: Beihilfen, Factoring etc.<\/strong><\/li>\n<li><strong>Gesch\u00e4ftsimpulse, wirtschaftliche Entwicklung<\/strong><\/li>\n<li><strong>Rechtliche \u2013 legislative \u2013 normative Entwicklungen\u2026<\/strong><\/li>\n<\/ul>\n\t\t\t<a href=\"mailto:eduflot@reseau-mesure.com\" target=\"_self\" role=\"button\" rel=\"noopener\">\n\t\t\t\t\t\t\tIch m\u00f6chte einer Arbeitsgruppe beitreten\n\t\t\t\t\t<\/a>\n\t\t\t<a href=\"https:\/\/www.reseau-mesure.com\/de\/le-reseau-mesure-face-au-covid\/\" target=\"_self\" role=\"button\" rel=\"noopener\">\n\t\t\t\t\t\t\tVideo\n\t\t\t\t\t<\/a>\n\t\t\t<a href=\"https:\/\/www.reseau-mesure.com\/wp-content\/uploads\/2021\/05\/Presentation-webinaire-sous-prefet-relance-M-ALLARD-280521.pdf\" target=\"_blank\" role=\"button\" rel=\"noopener\">\n\t\t\t\t\t\t\tBeihilferegelungen f\u00fcr VSE-KMU\n\t\t\t\t\t<\/a>\n\t<h2>Flash-Nachrichten | Plan zur wirtschaftlichen und sozialen Resilienz<\/h2>\n<p>In einem <a href=\"https:\/\/eye.info.fieec.fr\/c?p=wAbNA-rDxBDQri1IXy0US9Cz0LnQo-PQlNCO0J__0KjEENDX0LtV8NCA0KtG0JbQlHPl0MZJd9C8f9mOaHR0cHM6Ly93d3cubGVnaWZyYW5jZS5nb3V2LmZyL2pvcmYvaWQvSk9SRlRFWFQwMDAwNDYwMDM1MTM_dXRtX3NvdXJjZT1TYXJiYWNhbmUmdXRtX21lZGl1bT1lbWFpbCZ1dG1fY2FtcGFpZ249RkxBU0ggSU5GTyA1LzcgcGxhbiByw6lzaWxpZW5jZbg1YzljZTAxNjExY2U2MjY4MGY2YTgwNzi4NjE1ZDVlOGFiYThlZDExMGMyNWVlMmU4wLZnMlFaUVltZVJPNlhlajJTSXU5T0ZRsWV5ZS5pbmZvLmZpZWVjLmZyxBRO0IDs0JXQpik7DOo90MQR0InQqHYqWtDdbzw\">Dekret vom 1. Juli 2022<\/a> Am 2. Juli im Amtsblatt ver\u00f6ffentlicht, hat die Regierung die F\u00f6rderkriterien f\u00fcr Unternehmen in dem im vergangenen M\u00e4rz angek\u00fcndigten Resilienzplan pr\u00e4zisiert.<\/p>\n<p>Dieser Plan soll angesichts steigender Strom- und Gaspreise die Unternehmen unterst\u00fctzen, die am meisten Energie verbrauchen.<\/p>\n\n\n<p>Unternehmen kommen f\u00fcr diese Beihilfe in Frage (Artikel 2):<\/p>\n<ul>\n<li>Erstellt vor dem 12.01.2021<\/li>\n<li>Nicht im Prozess der Sicherung, Reorganisation oder gerichtlichen Liquidation und ohne unbezahlte Steuer- oder Sozialversicherungsschulden<\/li>\n<li>Nach dem Kauf von Gas und Strom f\u00fcr <strong>mindestens 3% ihres Umsatzes im Jahr 2021<\/strong> und gelitten haben <strong>eine Verdoppelung des Gas-\/Strompreises<\/strong> \u00fcber einen oder beide Zeitr\u00e4ume im Vergleich zum Durchschnitt des Jahres 2021:<\/li>\n<\/ul>\n\u00a0 \u00a0 \u00a0 \u00a0 \u00a0 \u2013 Von M\u00e4rz bis Mai 2022<br \/>\n\u2013 Von Juni bis August 2022\n\n<p>Unternehmen, die Strom oder W\u00e4rme produzieren, Kredit- oder Finanzinstitute sind nicht f\u00f6rderf\u00e4hig.<\/p>\n\n<p>Die Bedingungen f\u00fcr die Beihilfegew\u00e4hrung richten sich nach der Obergrenze:<\/p>\n<ul>\n<li><strong>30% der f\u00f6rderf\u00e4higen Kosten mit einer Obergrenze von 2 Mio. \u20ac<\/strong> im Falle eines R\u00fcckgangs des Bruttobetriebs\u00fcberschusses um 30% im Vergleich zu 2021 oder wenn der Bruttobetriebs\u00fcberschuss negativ ist;<\/li>\n<li><strong>50% der f\u00f6rderf\u00e4higen Kosten mit einer Obergrenze von 25 Mio. \u20ac<\/strong> f\u00fcr Unternehmen, deren Bruttobetriebs\u00fcberschuss negativ ist und deren Erh\u00f6hung der f\u00f6rderf\u00e4higen Kosten mindestens 501 TP1T des Betriebsverlusts betr\u00e4gt. Die Beihilfe ist auf 80% der Verluste begrenzt;<\/li>\n<li><strong>70% der f\u00f6rderf\u00e4higen Kosten mit einer Obergrenze von 50 Mio. \u20ac<\/strong> f\u00fcr Unternehmen, die die Beihilfekriterien erf\u00fcllen, begrenzt auf 25 Mio. EUR <strong>und<\/strong> Zugeh\u00f6rigkeit zu einem oder mehreren der 26 Sektoren, die in aufgef\u00fchrt sind <a href=\"https:\/\/eye.info.fieec.fr\/c?p=wAbNA-rDxBDQri1IXy0US9Cz0LnQo-PQlNCO0J__0KjEECcD0J7QsDnQy0tO0KvQwNCictC80LpMItmWaHR0cHM6Ly93d3cubGVnaWZyYW5jZS5nb3V2LmZyL2pvcmYvYXJ0aWNsZV9qby9KT1JGQVJUSTAwMDA0NjAwMzU1Mj91dG1fc291cmNlPVNhcmJhY2FuZSZ1dG1fbWVkaXVtPWVtYWlsJnV0bV9jYW1wYWlnbj1GTEFTSCBJTkZPIDUvNyBwbGFuIHLDqXNpbGllbmNluDVjOWNlMDE2MTFjZTYyNjgwZjZhODA3OLg2MTVkNWU4YWJhOGVkMTEwYzI1ZWUyZTjAtmcyUVpRWW1lUk82WGVqMlNJdTlPRlGxZXllLmluZm8uZmllZWMuZnLEFE7QgOzQldCmKTsM6j3QxBHQidCodipa0N1vPA\">Anlage 1 des Dekrets.<\/a><\/li>\n<\/ul>\n\n<p>Das Hilfeersuchen ist am zu stellen <a href=\"https:\/\/eye.info.fieec.fr\/c?p=wAbNA-rDxBDQri1IXy0US9Cz0LnQo-PQlNCO0J__0KjEEPo9VHYh0L5O6tCP0JTQgSnQkT7QytCm2ZVodHRwczovL3d3dy5pbXBvdHMuZ291di5mci9wbGFuLWRlLXJlc2lsaWVuY2UtYWlkZS1nYXotZWxlY3RyaWNpdGU_dXRtX3NvdXJjZT1TYXJiYWNhbmUmdXRtX21lZGl1bT1lbWFpbCZ1dG1fY2FtcGFpZ249RkxBU0ggSU5GTyA1LzcgcGxhbiByw6lzaWxpZW5jZbg1YzljZTAxNjExY2U2MjY4MGY2YTgwNzi4NjE1ZDVlOGFiYThlZDExMGMyNWVlMmU4wLZnMlFaUVltZVJPNlhlajJTSXU5T0ZRsWV5ZS5pbmZvLmZpZWVjLmZyxBRO0IDs0JXQpik7DOo90MQR0InQqHYqWtDdbzw\">N\u00e4chste Seite<\/a> :<\/p>\n<ul>\n<li>Zwischen 04.07. und 17.08. f\u00fcr den Zeitraum von M\u00e4rz bis Mai 2022;<\/li>\n<li>Zwischen 15.09. und 28.10. f\u00fcr den Zeitraum von Juni bis August 2022.<\/li>\n<\/ul>\n\n<p>Wenn Sie mehr wissen m\u00f6chten, organisiert der MEDEF an diesem Freitag, den 8. Juli von 9.00 bis 10.00 Uhr ein Webinar mit der Generaldirektion f\u00fcr Unternehmen, um die Bedingungen f\u00fcr den Zugang zu Hilfe zu verstehen.<\/p>\n<p>Zug\u00e4nglich f\u00fcr alle, melden Sie sich am Freitag, den 8. Juli 2022 an <a href=\"https:\/\/eye.info.fieec.fr\/c?p=wAbNA-rDxBDQri1IXy0US9Cz0LnQo-PQlNCO0J__0KjEEDHgDdCvbiRMLNCc-9C_0LzQgtDQ0M1n2gInaHR0cHM6Ly90ZWFtcy5taWNyb3NvZnQuY29tL2RsL2xhdW5jaGVyL2xhdW5jaGVyLmh0bWw_dXJsPSUyRl8lMjMlMkZsJTJGbWVldHVwLWpvaW4lMkYxOSUzQW1lZXRpbmdfTnpBeE1URXhOakl0WlRObFpDMDBNVGRsTFdFd1ltTXRZbUU0TUdFNE5UY3dOV1EwJTQwdGhyZWFkLnYyJTJGMCUzRmNvbnRleHQlM0QlMjU3YiUyNTIyVGlkJTI1MjIlMjUzYSUyNTIyZjA2ZTM5MDEtZmNlZi00OTdlLWE0NDUtMGFmZWQ0MjUyMmMwJTI1MjIlMjUyYyUyNTIyT2lkJTI1MjIlMjUzYSUyNTIyMDRmOTRkMWUtYTI4My00NmViLTliY2ItMDRhMDQ1YWMxZDEyJTI1MjIlMjU3ZCUyNmFub24lM0R0cnVlJnR5cGU9bWVldHVwLWpvaW4mZGVlcGxpbmtJZD0zZDNiMGNiMi0wNDA3LTQ2MDQtOTViMy0xNTEwYzVjMDUzM2EmZGlyZWN0RGw9dHJ1ZSZtc0xhdW5jaD10cnVlJmVuYWJsZU1vYmlsZVBhZ2U9dHJ1ZSZzdXBwcmVzc1Byb21wdD10cnVlJnV0bV9zb3VyY2U9U2FyYmFjYW5lJnV0bV9tZWRpdW09ZW1haWwmdXRtX2NhbXBhaWduPUZMQVNIIElORk8gNS83IHBsYW4gcsOpc2lsaWVuY2W4NWM5Y2UwMTYxMWNlNjI2ODBmNmE4MDc4uDYxNWQ1ZThhYmE4ZWQxMTBjMjVlZTJlOMC2ZzJRWlFZbWVSTzZYZWoyU0l1OU9GUbFleWUuaW5mby5maWVlYy5mcsQUTtCA7NCV0KYpOwzqPdDEEdCJ0Kh2KlrQ3W88\">Klick hier\u00a0<\/a><\/p>\n\t\t\t\t<img loading=\"lazy\" decoding=\"async\" src=\"https:\/\/www.reseau-mesure.com\/wp-content\/uploads\/2020\/07\/13043-scaled.jpg\" alt=\"Ressources humaines\" itemprop=\"image\" height=\"2560\" width=\"2560\" title=\"Meeting Icons Flat Set\" onerror=\"this.style.display='none'\"  \/>\n\t<h1><strong>Humanressourcen<\/strong><\/h1>\n<h2><strong>Teammanagement, Stressmanagement, Telearbeitsmanagement, Arbeitsbelastungsmanagement...<\/strong><\/h2>\n<ul>\n<li><strong>Zur\u00fcck von Angesicht zu Angesicht: <\/strong>\n<ul>\n<li>Rechte und Pflichten<\/li>\n<li>Psychosoziale Risiken<\/li>\n<li>Begleitlogik<\/li>\n<\/ul>\n<\/li>\n<\/ul>\n<p>&nbsp;<\/p>\n<ul>\n<li><strong>Telearbeit nach der Entbindung einrichten<\/strong>\n<ul>\n<li>F\u00fchrung \u2013 Orientierungsverlust f\u00fcr F\u00fchrungskr\u00e4fte und Mitarbeiter<\/li>\n<li>Vertragsteil<\/li>\n<li>Die Werkzeuge<\/li>\n<li>Zus\u00e4tzliche Verg\u00fctung, Entsch\u00e4digung, Restaurantkarten, Transport, Computerausr\u00fcstung<\/li>\n<\/ul>\n<\/li>\n<\/ul>\n<p>&nbsp;<\/p>\n<ul>\n<li><strong>Justizielle Aspekte<\/strong>\n<ul>\n<li>Die Verantwortung des Gesch\u00e4ftsf\u00fchrers<\/li>\n<li>Chartas f\u00fcr Telearbeit\u2026.<\/li>\n<\/ul>\n<\/li>\n<\/ul>\n<p><a href=\"https:\/\/www.reseau-mesure.com\/de\/https-www-reseau-mesure-com-ressources-documentaires-accompagnement-reprise-suite-covid-19-rh\/\"><b>Finde mehr heraus ...<\/b><\/a><\/p>\n\t\t\t\t<img loading=\"lazy\" decoding=\"async\" src=\"https:\/\/www.reseau-mesure.com\/wp-content\/uploads\/2020\/07\/tirelire-usine11.jpg\" alt=\"Financements\" itemprop=\"image\" height=\"1510\" width=\"1500\" title=\"Sparschweinfabrik11\" onerror=\"this.style.display='none'\"  \/>\n\t<p><b>Finanzierungsl\u00f6sungen<\/b><\/p>\n<h2><strong>Sozialhilfe, Factoring etc.<\/strong><\/h2>\n<ul>\n<li>Finanzielle Intelligenz<\/li>\n<li>Kreditdeckung<\/li>\n<li>Factoring<\/li>\n<li>\u00d6ffentliche Hilfe<\/li>\n<\/ul>\n<p><a href=\"https:\/\/www.reseau-mesure.com\/de\/ressources-documentaires-accompagnement-reprise-suite-covid-19-financement\/\" target=\"_blank\" rel=\"noopener\"><b>Finde mehr heraus ...<\/b><\/a><\/p>\n\t\t\t\t<img loading=\"lazy\" decoding=\"async\" src=\"https:\/\/www.reseau-mesure.com\/wp-content\/uploads\/2020\/07\/66263-1-scaled.jpg\" alt=\"D\u00e9veloppement commercial\" itemprop=\"image\" height=\"1703\" width=\"2560\" title=\"Drucken\" onerror=\"this.style.display='none'\"  \/>\n\t<h1><strong>Kommerzielle Erinnerungen<\/strong><\/h1>\n<h2>Entwickeln Sie Ihren Umsatz<\/h2>\n<ul>\n<li>Wie entwickelt man neue Gesch\u00e4ftsmethoden f\u00fcr reisende Verk\u00e4ufer?<\/li>\n<li>Stammkunden k\u00f6nnen per Videokonferenz (technisches Verst\u00e4ndnis + Schulung) kontaktiert werden, aber was ist mit Prospektion?<\/li>\n<li>Wie kann man die aktuellen Schwierigkeiten der Kunden umgehen?\n<ul>\n<li>Investitionsfragen<\/li>\n<li>Reiseproblem<\/li>\n<\/ul>\n<\/li>\n<\/ul>\n<p>Verkaufen Sie weiterhin das, was wir zuvor verkauft haben, aber anders<\/p>\n<p>Den R\u00fcckgang aufgrund der Schwierigkeiten bestimmter M\u00e4rkte wie der Luftfahrt und des Automobils kompensieren: das Serviceangebot neu erfinden\/neu ausrichten.<\/p>\n<p><a href=\"https:\/\/www.reseau-mesure.com\/de\/ressources-documentaires-accompagnement-reprise-suite-covid-19-relances-commerciales\/\" target=\"_blank\" rel=\"noopener\"><b>Finde mehr heraus ...<\/b><\/a><\/p>\n\t\t\t\t<img loading=\"lazy\" decoding=\"async\" src=\"https:\/\/www.reseau-mesure.com\/wp-content\/uploads\/2020\/07\/30490-scaled.jpg\" alt=\"Juridique\" itemprop=\"image\" height=\"2560\" width=\"2560\" title=\"legal im Dienste von Qualiopi\" onerror=\"this.style.display='none'\"  \/>\n\t<h1><strong>Legal<\/strong><\/h1>\n<h2><strong>Rechtliche \u2013 legislative \u2013 normative Entwicklungen\u2026<\/strong><\/h2>\n<ul>\n<li>Dekrete, Anordnungen \u2026 die offiziellen Texte, die die Haltung gegen\u00fcber der Coronavirus-Epidemie umrei\u00dfen<\/li>\n<\/ul>\n<p><a href=\"https:\/\/www.reseau-mesure.com\/de\/ressources-documentaires-accompagnement-reprise-suite-covid-19-juridique\/\" target=\"_blank\" rel=\"noopener\"><b>Finde mehr heraus ...<\/b><\/a><\/p>\n\t\t\t<a href=\"https:\/\/www.reseau-mesure.com\/de\/ressources-documentaires-accompagnement-covid-19\/\" target=\"_self\" role=\"button\" rel=\"noopener\">\n\t\t\t\t\t\t\tHistorisch\n\t\t\t\t\t<\/a>","protected":false},"excerpt":{"rendered":"<p>Nach Covid 19 Das Messnetz unterst\u00fctzt Sie Seit Juli 2020 hat das Messnetz einen Informations- und Austauschprozess im Rahmen des Krisenmanagements rund um COVID-19 initiiert. Es werden mehrere Themen vorgeschlagen: Humanressourcen: Teammanagement, Stressmanagement, Telearbeitsmanagement, Arbeitsbelastungsmanagement usw.<\/p>","protected":false},"author":349,"featured_media":0,"parent":0,"menu_order":0,"comment_status":"closed","ping_status":"closed","template":"","meta":{"_acf_changed":false,"footnotes":""},"class_list":["post-10703","page","type-page","status-publish","hentry"],"acf":[],"yoast_head":"<!-- This site is optimized with the Yoast SEO plugin v27.5 - https:\/\/yoast.com\/product\/yoast-seo-wordpress\/ -->\n<title>Documentation technique et professionnelle sur les dangers au volant - R\u00e9seau Mesure<\/title>\n<meta name=\"description\" content=\"Le R\u00e9seau Mesure propose des achats mutualis\u00e9s via l&#039;action du groupe achat pour de nombreux biens ou services disponibles pour tous les adh\u00e9rents\" \/>\n<meta name=\"robots\" content=\"index, follow, max-snippet:-1, max-image-preview:large, max-video-preview:-1\" \/>\n<link rel=\"canonical\" href=\"https:\/\/www.reseau-mesure.com\/de\/apres-covid-19\/\" \/>\n<meta property=\"og:locale\" content=\"de_DE\" \/>\n<meta property=\"og:type\" content=\"article\" \/>\n<meta property=\"og:title\" content=\"Achats mutualis\u00e9s\" \/>\n<meta property=\"og:description\" content=\"Actions du groupe achats\" \/>\n<meta property=\"og:url\" content=\"https:\/\/www.reseau-mesure.com\/de\/apres-covid-19\/\" \/>\n<meta property=\"og:site_name\" content=\"R\u00e9seau Mesure\" \/>\n<meta property=\"article:publisher\" content=\"https:\/\/www.facebook.com\/reseaumesure\/\" \/>\n<meta property=\"article:modified_time\" content=\"2022-07-05T13:46:36+00:00\" \/>\n<meta property=\"og:image\" content=\"https:\/\/www.reseau-mesure.com\/wp-content\/uploads\/2020\/07\/13043-scaled.jpg\" \/>\n<meta name=\"twitter:card\" content=\"summary_large_image\" \/>\n<meta name=\"twitter:site\" content=\"@ReseauMesure\" \/>\n<meta name=\"twitter:label1\" content=\"Gesch\u00e4tzte Lesezeit\" \/>\n\t<meta name=\"twitter:data1\" content=\"3\u00a0Minuten\" \/>\n<script type=\"application\/ld+json\" class=\"yoast-schema-graph\">{\"@context\":\"https:\\\/\\\/schema.org\",\"@graph\":[{\"@type\":\"WebPage\",\"@id\":\"https:\\\/\\\/www.reseau-mesure.com\\\/apres-covid-19\\\/\",\"url\":\"https:\\\/\\\/www.reseau-mesure.com\\\/apres-covid-19\\\/\",\"name\":\"Documentation technique et professionnelle sur les dangers au volant - R\u00e9seau Mesure\",\"isPartOf\":{\"@id\":\"https:\\\/\\\/www.reseau-mesure.com\\\/#website\"},\"primaryImageOfPage\":{\"@id\":\"https:\\\/\\\/www.reseau-mesure.com\\\/apres-covid-19\\\/#primaryimage\"},\"image\":{\"@id\":\"https:\\\/\\\/www.reseau-mesure.com\\\/apres-covid-19\\\/#primaryimage\"},\"thumbnailUrl\":\"https:\\\/\\\/www.reseau-mesure.com\\\/wp-content\\\/uploads\\\/2020\\\/07\\\/13043-scaled.jpg\",\"datePublished\":\"2020-07-17T07:53:45+00:00\",\"dateModified\":\"2022-07-05T13:46:36+00:00\",\"description\":\"Le R\u00e9seau Mesure propose des achats mutualis\u00e9s via l'action du groupe achat pour de nombreux biens ou services disponibles pour tous les adh\u00e9rents\",\"breadcrumb\":{\"@id\":\"https:\\\/\\\/www.reseau-mesure.com\\\/apres-covid-19\\\/#breadcrumb\"},\"inLanguage\":\"de\",\"potentialAction\":[{\"@type\":\"ReadAction\",\"target\":[\"https:\\\/\\\/www.reseau-mesure.com\\\/apres-covid-19\\\/\"]}]},{\"@type\":\"ImageObject\",\"inLanguage\":\"de\",\"@id\":\"https:\\\/\\\/www.reseau-mesure.com\\\/apres-covid-19\\\/#primaryimage\",\"url\":\"https:\\\/\\\/www.reseau-mesure.com\\\/wp-content\\\/uploads\\\/2020\\\/07\\\/13043-scaled.jpg\",\"contentUrl\":\"https:\\\/\\\/www.reseau-mesure.com\\\/wp-content\\\/uploads\\\/2020\\\/07\\\/13043-scaled.jpg\"},{\"@type\":\"BreadcrumbList\",\"@id\":\"https:\\\/\\\/www.reseau-mesure.com\\\/apres-covid-19\\\/#breadcrumb\",\"itemListElement\":[{\"@type\":\"ListItem\",\"position\":1,\"name\":\"Accueil\",\"item\":\"https:\\\/\\\/www.reseau-mesure.com\\\/\"},{\"@type\":\"ListItem\",\"position\":2,\"name\":\"Documentation technique et professionnelle sur les dangers au volant\"}]},{\"@type\":\"WebSite\",\"@id\":\"https:\\\/\\\/www.reseau-mesure.com\\\/#website\",\"url\":\"https:\\\/\\\/www.reseau-mesure.com\\\/\",\"name\":\"R\u00e9seau-Mesure\",\"description\":\"R\u00e9seau Mesure\",\"publisher\":{\"@id\":\"https:\\\/\\\/www.reseau-mesure.com\\\/#organization\"},\"potentialAction\":[{\"@type\":\"SearchAction\",\"target\":{\"@type\":\"EntryPoint\",\"urlTemplate\":\"https:\\\/\\\/www.reseau-mesure.com\\\/?s={search_term_string}\"},\"query-input\":{\"@type\":\"PropertyValueSpecification\",\"valueRequired\":true,\"valueName\":\"search_term_string\"}}],\"inLanguage\":\"de\"},{\"@type\":\"Organization\",\"@id\":\"https:\\\/\\\/www.reseau-mesure.com\\\/#organization\",\"name\":\"R\u00e9seau-Mesure\",\"url\":\"https:\\\/\\\/www.reseau-mesure.com\\\/\",\"logo\":{\"@type\":\"ImageObject\",\"inLanguage\":\"de\",\"@id\":\"https:\\\/\\\/www.reseau-mesure.com\\\/#\\\/schema\\\/logo\\\/image\\\/\",\"url\":\"https:\\\/\\\/www.reseau-mesure.com\\\/wp-content\\\/uploads\\\/2018\\\/02\\\/logo-max.png\",\"contentUrl\":\"https:\\\/\\\/www.reseau-mesure.com\\\/wp-content\\\/uploads\\\/2018\\\/02\\\/logo-max.png\",\"width\":545,\"height\":285,\"caption\":\"R\u00e9seau-Mesure\"},\"image\":{\"@id\":\"https:\\\/\\\/www.reseau-mesure.com\\\/#\\\/schema\\\/logo\\\/image\\\/\"},\"sameAs\":[\"https:\\\/\\\/www.facebook.com\\\/reseaumesure\\\/\",\"https:\\\/\\\/x.com\\\/ReseauMesure\",\"https:\\\/\\\/www.linkedin.com\\\/company\\\/reseau-mesure\\\/\"]}]}<\/script>\n<!-- \/ Yoast SEO plugin. -->","yoast_head_json":{"title":"Documentation technique et professionnelle sur les dangers au volant - R\u00e9seau Mesure","description":"Le R\u00e9seau Mesure propose des achats mutualis\u00e9s via l'action du groupe achat pour de nombreux biens ou services disponibles pour tous les adh\u00e9rents","robots":{"index":"index","follow":"follow","max-snippet":"max-snippet:-1","max-image-preview":"max-image-preview:large","max-video-preview":"max-video-preview:-1"},"canonical":"https:\/\/www.reseau-mesure.com\/de\/apres-covid-19\/","og_locale":"de_DE","og_type":"article","og_title":"Achats mutualis\u00e9s","og_description":"Actions du groupe achats","og_url":"https:\/\/www.reseau-mesure.com\/de\/apres-covid-19\/","og_site_name":"R\u00e9seau Mesure","article_publisher":"https:\/\/www.facebook.com\/reseaumesure\/","article_modified_time":"2022-07-05T13:46:36+00:00","og_image":[{"url":"https:\/\/www.reseau-mesure.com\/wp-content\/uploads\/2020\/07\/13043-scaled.jpg","type":"","width":"","height":""}],"twitter_card":"summary_large_image","twitter_site":"@ReseauMesure","twitter_misc":{"Gesch\u00e4tzte Lesezeit":"3\u00a0Minuten"},"schema":{"@context":"https:\/\/schema.org","@graph":[{"@type":"WebPage","@id":"https:\/\/www.reseau-mesure.com\/apres-covid-19\/","url":"https:\/\/www.reseau-mesure.com\/apres-covid-19\/","name":"Documentation technique et professionnelle sur les dangers au volant - R\u00e9seau Mesure","isPartOf":{"@id":"https:\/\/www.reseau-mesure.com\/#website"},"primaryImageOfPage":{"@id":"https:\/\/www.reseau-mesure.com\/apres-covid-19\/#primaryimage"},"image":{"@id":"https:\/\/www.reseau-mesure.com\/apres-covid-19\/#primaryimage"},"thumbnailUrl":"https:\/\/www.reseau-mesure.com\/wp-content\/uploads\/2020\/07\/13043-scaled.jpg","datePublished":"2020-07-17T07:53:45+00:00","dateModified":"2022-07-05T13:46:36+00:00","description":"Le R\u00e9seau Mesure propose des achats mutualis\u00e9s via l'action du groupe achat pour de nombreux biens ou services disponibles pour tous les adh\u00e9rents","breadcrumb":{"@id":"https:\/\/www.reseau-mesure.com\/apres-covid-19\/#breadcrumb"},"inLanguage":"de","potentialAction":[{"@type":"ReadAction","target":["https:\/\/www.reseau-mesure.com\/apres-covid-19\/"]}]},{"@type":"ImageObject","inLanguage":"de","@id":"https:\/\/www.reseau-mesure.com\/apres-covid-19\/#primaryimage","url":"https:\/\/www.reseau-mesure.com\/wp-content\/uploads\/2020\/07\/13043-scaled.jpg","contentUrl":"https:\/\/www.reseau-mesure.com\/wp-content\/uploads\/2020\/07\/13043-scaled.jpg"},{"@type":"BreadcrumbList","@id":"https:\/\/www.reseau-mesure.com\/apres-covid-19\/#breadcrumb","itemListElement":[{"@type":"ListItem","position":1,"name":"Accueil","item":"https:\/\/www.reseau-mesure.com\/"},{"@type":"ListItem","position":2,"name":"Documentation technique et professionnelle sur les dangers au volant"}]},{"@type":"WebSite","@id":"https:\/\/www.reseau-mesure.com\/#website","url":"https:\/\/www.reseau-mesure.com\/","name":"Netzwerk-Messung","description":"Netzwerkma\u00dfnahme","publisher":{"@id":"https:\/\/www.reseau-mesure.com\/#organization"},"potentialAction":[{"@type":"SearchAction","target":{"@type":"EntryPoint","urlTemplate":"https:\/\/www.reseau-mesure.com\/?s={search_term_string}"},"query-input":{"@type":"PropertyValueSpecification","valueRequired":true,"valueName":"search_term_string"}}],"inLanguage":"de"},{"@type":"Organization","@id":"https:\/\/www.reseau-mesure.com\/#organization","name":"Netzwerk-Messung","url":"https:\/\/www.reseau-mesure.com\/","logo":{"@type":"ImageObject","inLanguage":"de","@id":"https:\/\/www.reseau-mesure.com\/#\/schema\/logo\/image\/","url":"https:\/\/www.reseau-mesure.com\/wp-content\/uploads\/2018\/02\/logo-max.png","contentUrl":"https:\/\/www.reseau-mesure.com\/wp-content\/uploads\/2018\/02\/logo-max.png","width":545,"height":285,"caption":"R\u00e9seau-Mesure"},"image":{"@id":"https:\/\/www.reseau-mesure.com\/#\/schema\/logo\/image\/"},"sameAs":["https:\/\/www.facebook.com\/reseaumesure\/","https:\/\/x.com\/ReseauMesure","https:\/\/www.linkedin.com\/company\/reseau-mesure\/"]}]}},"_links":{"self":[{"href":"https:\/\/www.reseau-mesure.com\/de\/wp-json\/wp\/v2\/pages\/10703","targetHints":{"allow":["GET"]}}],"collection":[{"href":"https:\/\/www.reseau-mesure.com\/de\/wp-json\/wp\/v2\/pages"}],"about":[{"href":"https:\/\/www.reseau-mesure.com\/de\/wp-json\/wp\/v2\/types\/page"}],"author":[{"embeddable":true,"href":"https:\/\/www.reseau-mesure.com\/de\/wp-json\/wp\/v2\/users\/349"}],"replies":[{"embeddable":true,"href":"https:\/\/www.reseau-mesure.com\/de\/wp-json\/wp\/v2\/comments?post=10703"}],"version-history":[{"count":0,"href":"https:\/\/www.reseau-mesure.com\/de\/wp-json\/wp\/v2\/pages\/10703\/revisions"}],"wp:attachment":[{"href":"https:\/\/www.reseau-mesure.com\/de\/wp-json\/wp\/v2\/media?parent=10703"}],"curies":[{"name":"wp","href":"https:\/\/api.w.org\/{rel}","templated":true}]}}