{"id":10722,"date":"2020-07-17T12:06:21","date_gmt":"2020-07-17T10:06:21","guid":{"rendered":"https:\/\/www.reseau-mesure.com\/?page_id=10722"},"modified":"2022-01-14T18:13:23","modified_gmt":"2022-01-14T17:13:23","slug":"ressources-documentaires-accompagnement-reprise-suite-covid-19-financement","status":"publish","type":"page","link":"https:\/\/www.reseau-mesure.com\/de\/ressources-documentaires-accompagnement-reprise-suite-covid-19-financement\/","title":{"rendered":"Finanzierungsl\u00f6sungen: \u00f6ffentliche Hilfe, Factoring usw."},"content":{"rendered":"\n\n\t\t<h1>\n\t\t\tLes solutions de financement \n\t\t\t\tAides publiques, affacturage &#8230;\n\t\t<\/h1>\n\t<h1>Comment agir apr\u00e8s la crise sanitaire ?<\/h1>\n\t\t\t<a href=\"https:\/\/www.reseau-mesure.com\/wp-content\/uploads\/2021\/05\/Presentation-webinaire-sous-prefet-relance-M-ALLARD-280521.pdf\" target=\"_blank\" role=\"button\" rel=\"noopener\">\n\t\t\t\t\t\t\tDispositif d&rsquo;aides aux PME TPE\n\t\t\t\t\t<\/a>\n\t<p>&nbsp;<\/p>\n<p>&nbsp;<\/p>\n<p>\u00c0 l&rsquo;issue de la r\u00e9union sur l&rsquo;accompagnement des secteurs affect\u00e9s par la crise sanitaire du 30 ao\u00fbt 2021, Bruno Le Maire a annonc\u00e9 les \u00e9volutions suivantes s&rsquo;agissant des mesures de soutien dans les prochains mois :<\/p>\n<ul>\n<li><strong>Maintien du fonds de solidarit\u00e9 en septembre<\/strong>\u00a0selon les m\u00eames modalit\u00e9s que pour le mois d&rsquo;ao\u00fbt (compensation de 20 % de la perte de chiffre d&rsquo;affaires d\u00e8s lors que l&rsquo;entreprise justifie d&rsquo;une perte d&rsquo;au moins 10 % de son chiffre d&rsquo;affaires). Afin d&rsquo;inciter \u00e0 l&rsquo;activit\u00e9, les entreprises devront \u00e9galement avoir r\u00e9alis\u00e9 au moins 15 % de leur CA de r\u00e9f\u00e9rence (nouveau crit\u00e8re).\u00a0<strong>Mais arr\u00eat de ce dispositif fin septembre.<\/strong><\/li>\n<li><strong>\u00c0 partir du mois d&rsquo;octobre, le dispositif de compensation des co\u00fbts fixes prend le relai du fonds de solidarit\u00e9<\/strong>\u00a0: il sera donc \u00e9largi \u00e0 toutes les entreprises des secteurs S1\/S1 bis (auparavant, seules les entreprises des secteurs S1\/S1 bis r\u00e9alisant plus d&rsquo;1 M\u20ac de CA mensuel \u00e9taient \u00e9ligibles, avec quelques secteurs seulement qui n&rsquo;avaient pas le crit\u00e8re de minimum de CA). Le minist\u00e8re pr\u00e9vient que le traitement des dossiers sera plus long, soit une indemnisation sous \u00ab\u00a0quelques semaines\u00a0\u00bb contre \u00ab\u00a0quelques jours\u00a0\u00bb pour le fonds de solidarit\u00e9 ;<\/li>\n<li>En ao\u00fbt, le\u00a0<a href=\"https:\/\/www.economie.gouv.fr\/covid19-soutien-entreprises\/fonds-de-solidarite-pour-les-tpe-independants-et-micro\">fonds de solidarit\u00e9<\/a>\u00a0est adapt\u00e9 selon le\u00a0<a title=\"\u00ab legifrance.gouv.fr \u00bb dans une nouvelle fen\u00eatre\" href=\"https:\/\/www.legifrance.gouv.fr\/jorf\/id\/JORFTEXT000043715143\" target=\"_blank\" rel=\"noopener noreferrer\">d\u00e9cret n\u00b02021-840 du 29 juin 2021<\/a>\u00a0ainsi que le d\u00e9cret\u00a0<a title=\"\u00ab legifrance.gouv.fr \u00bb dans une nouvelle fen\u00eatre\" href=\"https:\/\/www.legifrance.gouv.fr\/jorf\/id\/JORFTEXT000043943526\" target=\"_blank\" rel=\"noopener noreferrer\">n\u00b02021-1087 du 17 ao\u00fbt 2021<\/a>\u00a0pour accompagner les entreprises pendant les \u00e9tapes de r\u00e9ouverture. Sur le site\u00a0<a title=\"\u00ab https:\/\/www.impots.gouv.fr\/portail\/node\/13665 \u00bb dans une nouvelle fen\u00eatre\" href=\"https:\/\/www.impots.gouv.fr\/portail\/node\/13665\" target=\"_blank\" rel=\"noopener noreferrer\">impots.gouv.fr<\/a>, le formulaire de demande d&rsquo;aide au titre des pertes de chiffre d&rsquo;affaires du mois d&rsquo;ao\u00fbt 2021 est ainsi accessible depuis le 15 septembre 2021.\u00a0<strong>Les demandes peuvent \u00eatre d\u00e9pos\u00e9es jusqu&rsquo;au 31 octobre 2021<\/strong>.<\/li>\n<li><strong>Maintien des dispositifs de soutien<\/strong>\u00a0(fonds de solidarit\u00e9, activit\u00e9 partielle et exon\u00e9ration de charges sociales) dans les d\u00e9partements d&rsquo;Outre-mer qui sont encore soumis \u00e0 des obligations de fermeture administrative ;<\/li>\n<li><strong>Des plans d&rsquo;actions sp\u00e9cifiques vont \u00eatre mis en place pour trois secteurs<\/strong>\u00a0: l&rsquo;\u00e9v\u00e8nementiel professionnel, les agences de voyages et les professionnels de la montagne ;<\/li>\n<li><strong>Une nouvelle clause de revoyure d\u00e9but novembre<\/strong><\/li>\n<\/ul>\n<p><a href=\"https:\/\/email.email-assoconnect.com\/c\/eJwVjk0OhDAIhU-jOw2lf3TRxWzmHrXSaFLtxOr9BxPI9yB5D9YYgAjHPSKgggAKnEJl57RAKIAlkcPsaR0M8JH2OqXeW27nyfmeczvGLZJNJK6ildZiWbJnq4mTMdqx4zzWuN33rw_6M-BXaj9Lmw9eubwJsqjSzgQrsAAK0TsSTRReeLTWCFWggO9sDciNMF6R16fUdstzF3dOz3Rwfy5-Y__Kbz2V\">Pour en savoir plus<\/a><\/p>\n<article role=\"article\" data-history-node-id=\"185182\">\n<ul>\n<li>Le <a href=\"https:\/\/eye.info.fieec.fr\/c?p=wAbNArfDxBAJ0N_oRnbQsUvQwNCJZF9U0NBZ0LtJxBAQcubr0NDQxU9T0JpDaODQptDSJtDC2W1odHRwczovL3dlLnRsL3QtNTZwellpTzFNST91dG1fc291cmNlPVNhcmJhY2FuZSZ1dG1fbWVkaXVtPWVtYWlsJnV0bV9jYW1wYWlnbj1GbGFzaCBJbmZvIEZpZWVjIC0gMWUgc2VwdCAyMDIxuDVjOWNlMDE2MTFjZTYyNjgwZjZhODA3OLg2MGVkOTVhYjk2OWIwZjQzM2U5YzhhZjDAtmhNZU1PVVNvVFJpTHk5U09uTjBPU3exZXllLmluZm8uZmllZWMuZnLEFE7QgOzQldCmKTsM6j3QxBHQidCodipa0N1vPA\">communiqu\u00e9 de presse <\/a>du Minist\u00e8re de l&rsquo;Economie, des Finances et de la Relance<\/li>\n<li>La <a href=\"https:\/\/eye.info.fieec.fr\/c?p=wAbNArfDxBAJ0N_oRnbQsUvQwNCJZF9U0NBZ0LtJxBDQjerQhyHQ0CpFUtC-I9DOUHbQy3rv2W1odHRwczovL3dlLnRsL3QtWHpjVUhsSUwwYT91dG1fc291cmNlPVNhcmJhY2FuZSZ1dG1fbWVkaXVtPWVtYWlsJnV0bV9jYW1wYWlnbj1GbGFzaCBJbmZvIEZpZWVjIC0gMWUgc2VwdCAyMDIxuDVjOWNlMDE2MTFjZTYyNjgwZjZhODA3OLg2MGVkOTVhYjk2OWIwZjQzM2U5YzhhZjDAtmhNZU1PVVNvVFJpTHk5U09uTjBPU3exZXllLmluZm8uZmllZWMuZnLEFE7QgOzQldCmKTsM6j3QxBHQidCodipa0N1vPA\">d\u00e9claration de Bruno Le Maire<\/a> le 30 ao\u00fbt 2021<\/li>\n<\/ul>\n<\/article>\n<p>Vous trouverez ci-joint le\u00a0<strong>d\u00e9pliant sur le comit\u00e9 d\u00e9partemental de sortie de crise avec les coordonn\u00e9es des partenaires du plan d&rsquo;action,\u00a0<\/strong>qui a \u00e9t\u00e9 \u00e9voqu\u00e9 ce matin par le pr\u00e9fet en 1\u00e8re partie de CDEER.<\/p>\n<p><strong>L&rsquo;article et le d\u00e9pliant sont en ligne d\u00e8s la page d&rsquo;accueil du site de la pr\u00e9fecture du Val-d&rsquo;Oise\u00a0<\/strong>:<\/p>\n<p><a href=\"https:\/\/email.email-assoconnect.com\/c\/eJyNUMtuxCAM_JrkBgKSNOwhh5XannroLxDj7CJBoDyS36-z_YFKlmzP2J6R7XITWqveLUooJaQcxSxuUnCjJ0vdm5wnBCGxGwUG4zwzpUSI-45QOcTQP5dBg1xHAdO0aQHjuql5Rr2uVoEcZpC9X561ptIN9059UpznyQ_jmY2uIH_EdvAtE_4dvavup2Fhqa3-VRH8EZKPjtVsjssAVlZo0Jrs6ot_xwN9TAkD7pUhmYvh2iXqixkgk8k89j_W0m3KGVMm7fKPEapJL1eHxDC4sD4vaNvmY6WvZCxoGgtYWsbrI78sMHRQ\">https:\/\/www.val-doise.gouv.fr\/Politiques-publiques\/Emploi-travail-et-solidarites\/Developpement-economique\/L-accompagnement-des-entreprises\/L-accompagnement-des-entreprises-en-sortie-de-crise<\/a><\/p>\n<p>&nbsp;<\/p>\n<h2>Plan National de Relance et de R\u00e9silience<\/h2>\n<p>Dans le prolongement de l&rsquo;audition de Bruno Le Maire et d&rsquo;Olivier Dussopt par les commissions des finances et des affaires europ\u00e9ennes de l&rsquo;Assembl\u00e9e nationale et du S\u00e9nat pour pr\u00e9senter le <strong>Plan national pour la relance et la r\u00e9silience<\/strong>, vous trouverez les deux documents\u00a0 :<\/p>\n<ul>\n<li>Le <a href=\"https:\/\/www.reseau-mesure.com\/wp-content\/uploads\/2021\/04\/PNRR_version_finale.pdf\">plan national de relance et de r\u00e9silience PNRR<\/a>;<\/li>\n<li>La <a href=\"https:\/\/www.reseau-mesure.com\/wp-content\/uploads\/2021\/04\/PNRR_-_Synthese_FR.pdf\">synth\u00e8se du PNRR<\/a> communiqu\u00e9e par le Gouvernement aux parlementaires o\u00f9 p9 il est question des projets europ\u00e9ens dans le\u00a0 cadre du PNRR et o\u00f9 l&rsquo;on parle du PIEEC (IPCEI) et notamment de coop\u00e9ration dans les domaines de l&rsquo;\u00e9lectronique et des t\u00e9l\u00e9communications.<\/li>\n<\/ul>\n<p>&nbsp;<\/p>\n<h2><strong>Strat\u00e9gie Nation ETI :\u00a0le gouvernement annonce 10 nouvelles actions pour favoriser la comp\u00e9titivit\u00e9 des ETI<\/strong><\/h2>\n<p>Lanc\u00e9e en 2020, la \u00ab\u00a0Strat\u00e9gie Nation ETI\u00a0\u00bb a pour objectif de soutenir le d\u00e9veloppement des entreprises de taille interm\u00e9diaire (ETI) en France. \u00c0 l&rsquo;occasion des deux ans de cette strat\u00e9gie, le gouvernement a r\u00e9alis\u00e9 un point d&rsquo;\u00e9tape et pr\u00e9sent\u00e9 ses orientations futures.<\/p>\n<p>Afin d&rsquo;approfondir et de compl\u00e9ter la strat\u00e9gie initiale, 10 nouvelles actions ont \u00e9t\u00e9 annonc\u00e9es autour de quatre axes\u00a0:<\/p>\n<ol>\n<li>Renforcer l&rsquo;accompagnement des ETI par les pouvoirs publics<\/li>\n<li>D\u00e9velopper l&rsquo;attractivit\u00e9 et l&rsquo;acc\u00e8s des ETI aux comp\u00e9tences<\/li>\n<li>Am\u00e9liorer la comp\u00e9titivit\u00e9 des ETI pour renforcer leur capacit\u00e9 d&rsquo;investissement<\/li>\n<li>Favoriser les engagements environnementaux et sociaux des ETI<\/li>\n<\/ol>\n<p><em>Au nombre d&rsquo;environ 5\u00a0400, les ETI repr\u00e9sentent 0,2 % du nombre d&rsquo;entreprises, mais emploient pr\u00e8s de 25 % des salari\u00e9s, r\u00e9alisent 30 % du chiffre d&rsquo;affaires, 29 % des investissements et 26 % de la valeur ajout\u00e9e de l&rsquo;ensemble des entreprises.<\/em><\/p>\n<p>&nbsp;<\/p>\n<p><a href=\"https:\/\/email.email-assoconnect.com\/c\/eJwVjsEOhCAMRL9Gb2vaAgoHDnvZ_4BSsiYqG9H_35p08iaTdtISA3hP4xoJiABhAQ_W4eSp1jwvc-GA4jMNFmRP6_ZKvTduxyF8Tdz28RtTcpzZEi45iN4W9KVyqoahGjEwbvF7Xb8-mPdAH531qG3apUh9GjTYVLMNTuEA0MK8gHrEYKzSO4P-WSGDqKyEgSnjeEYpd93apd-d0iXdr136fcrT-weHuD6v\">Voir le communiqu\u00e9 de presse<\/a><\/p>\n<p>&nbsp;<\/p>\n<p>&nbsp;<\/p>\n<h2><strong>FONDS DE SOLIDARITE<\/strong><\/h2>\n<p>Le\u00a0<a href=\"https:\/\/email.email-assoconnect.com\/c\/eJwVjsFuwyAQRL_GvsXC4Nhw8CFKk6pSb5XappcIs7sJKoYIbFP160ulOYzmzeHBqJiUvLYjZ7xlkgumupapBoY9gei42hsyqHnVMZy1dTudUjDBezRLY8Jc30cNg-CKYJC97mnSreIGmOz6rqcyUe3G-7I8UiUOFT-X5JwbhzdLUXuDzS2sW0OxAAjZu6Ch1AdQJc4WKvFk6PnHXfxHe2p_iV-_82Gir0tatji952Gz09vLp3i9HiWeyruOI8JKLixFOWJCve5mTGvEf90_PUdM4A\">d\u00e9cret n\u00b02021-1087 du 17 ao\u00fbt 2021<\/a>\u00a0adapte le\u00a0<a href=\"https:\/\/email.email-assoconnect.com\/c\/eJwVjr2OwyAQhJ_G7oxgwfwUFFdcimtOilKkJeySWMLmBPb59UNGoxnNbvOhd9xaGBcPHAS3ILlTgjuGZk4oFbg5pkgBBsVpDUueQmsllm2juLNY1vHludYCTDQSNJhZIAKkh45aSgwKHY7Zv_b9rw3ya4BL93meLNNzSTVskdizHP8s1f7IBUOvBXv8_F4vt-_7jXcpYbSVYu7nD-bE7SRsH2P1hEfKZe94lRqFY1qpHZU-aG88WUDd\">d\u00e9cret du 30 mars 2020<\/a>\u00a0relatif au fonds de solidarit\u00e9 pour le mois d&rsquo;ao\u00fbt 2021 :<\/p>\n<ul>\n<li><strong>Il ajoute deux nouvelles cat\u00e9gories d&rsquo;entreprises b\u00e9n\u00e9ficiaires par rapport \u00e0 juin et juillet<\/strong>: les entreprises ayant fait l&rsquo;objet d&rsquo;une interdiction au public d&rsquo;au moins 21 jours entre le 1er et le 31 ao\u00fbt 2021 et ayant subi une perte de chiffre d&rsquo;affaires d&rsquo;au moins 50 % en ao\u00fbt ; ainsi que les entreprises ayant fait l&rsquo;objet d&rsquo;une interdiction au public entre le 1er et le 31 ao\u00fbt 2021 domicili\u00e9es dans un territoire soumis au confinement pendant au moins 8 jours au mois d&rsquo;ao\u00fbt et ayant subi une perte de chiffre d&rsquo;affaires d&rsquo;au moins 20 % en ao\u00fbt ;<\/li>\n<li><strong>Il pr\u00e9cise que le montant de la compensation est de 20 % de la perte de chiffre d&rsquo;affaires <\/strong>pour les secteurs S1\/S1 bis et \u00e9galement pour les commerces de d\u00e9tail dans les territoire d&rsquo;outre-mer touristique. Pour les entreprises domicili\u00e9es dans les territoires avec un confinement ou un couvre-feu d&rsquo;au moins 21 jours, cette compensation atteint 40 % de la perte de chiffre d&rsquo;affaires.<\/li>\n<\/ul>\n<p><a href=\"https:\/\/email.email-assoconnect.com\/c\/eJwljsEOgyAQRL9GbzXsAiscOLTW_geFJTVRaUT_v5AmM5m8OUwmOiuMwX5xKBCEBgCNUtMAwwjzYxaT0s_ZEkxzpwRvfllvvpQc8r5zOIeQt_7jpJcQtXl7ILaB30Qx2NEbT1ImT6Ff3ec8v6WT9w5fVcue8rBx5NQWarFWk7K6hhYCQKCSrSKLLVCPDcGaP0dKaKPqD8fxSms-67mDC_vrtnG5Dm6zP_S8PgQ\">Acc\u00e9der \u00e0 la note de d\u00e9cryptage du fonds de solidarit\u00e9<\/a><\/p>\n<p>Le formulaire de demande du fonds de solidarit\u00e9 au titre du mois de juillet 2021 est en ligne sur le site web\u00a0<strong><a href=\"https:\/\/email.email-assoconnect.com\/c\/eJwVjksOhDAMQ08DO1CT9JdFF7OZe9A2FUhARxTuP0Wy9SwvLOfAynsct4AKQXnUAMBkZvDkc0SOJWLMCQat5Fi2fVpaq6mep6R7TvUY10DgHMWYDGBRnEuiRAgaCzlW1uC4h_W-f22gz4Dfru0sdT4kS3kXerF3W82mwygFCA5cz97RWzmwVncCe8ZO1JadQRqvIPkpe737uUuaLM90SHsueWf_sA087g\">impots.gouv.fr<\/a><\/strong>\u00a0depuis le 16 ao\u00fbt 2021. Les demandes peuvent \u00eatre d\u00e9pos\u00e9es jusqu&rsquo;au 30 septembre 2021.<\/p>\n<p><a href=\"https:\/\/email.email-assoconnect.com\/c\/eJwVjs0OhCAMhJ9Gbxpa_g8c9rLvgVCiCchG9P23Jm2-ZpKZaQ5eOIfzEVAgCIcKALzUKzjp8oZ-KxtuOcGkBLV41CWO0VM_T0r3mnqb98AO6TxCRBI5QjJglVdUREnaJZXnGvb7_o1Jfib88hxn6WujTOVNYKHyGuU1QwsBCBYs387KV7JgzEvw3MJEZbzVKOcrUH5K7Tc_d9Gg-CyNxnPRG_sH1HY9TQ\">Consulter la note d&rsquo;analyse du MEDEF<\/a><\/p>\n<p>Le\u00a0<strong><u><a href=\"https:\/\/email.email-assoconnect.com\/c\/eJwVTtuKhTAM_Bp9O5Kk7TZ56MO6l_8oNuUIaher_78RMswlMExJAsw0romAECIgQkCHE07sA-E8_3zHmecvJ4MH3fO6vXLvbWnHocs1LW0f30nBUaBaZKlZfc6Yi_gaPVvqoPK4pfd1_fXBfQ70a7cetU27Fq1PgwWb4cNLMApgIyI7MM0-0vOJgmKMwvJ4T0rsAoxn0nLXrV027tSu-X7t2u9Tn9p_quw9Kw\">d\u00e9cret n\u00b02021-840 du 29 juin 2021 relatif au fonds de solidarit\u00e9<\/a><\/u><\/strong><u>\u00a0<\/u>(publi\u00e9 au journal officiel du 30 juin 2021) ajoute au\u00a0<strong><u><a href=\"https:\/\/email.email-assoconnect.com\/c\/eJwVjkuOhDAMRE8Du0a2k2BnkUUzn3tAcNRIQEYE7j-J5JLr2VKp1uBBhPotEBACAyI4NDjgINYRTtPPN08yfRnfWdBj3vbXXEqO-Tw13kPMR_8JyVMkg7OOi0RYiNWOhllWL5wkLf0ePvf9Vzrz7ui3znamPBy6amoJ9bBXjda7uhzUEiwGqhfL1D7sqSF68Y0tKYlx0F9B1yft-a7lLi06P69Dy3Npi_0HlxQ9DA\">d\u00e9cret du 30 mars 2020 relatif au fonds de solidarit\u00e9<\/a><\/u><\/strong>\u00a0un article 3-28 explicitant\u00a0<strong>le dispositif pour les mois de juin et juillet 2021<\/strong>. Il pr\u00e9voit une extinction progressive du fonds de solidarit\u00e9 pendant la p\u00e9riode de lev\u00e9e des mesures sanitaires.<\/p>\n<p>Les entreprises \u00e9ligibles en juin et juillet sont les suivantes :<\/p>\n<ul>\n<li>Entreprises ayant b\u00e9n\u00e9fici\u00e9 du fonds de solidarit\u00e9 au titre du mois d&rsquo;avril ou de mai 2021\u00a0<strong>et<\/strong>\u00a0faisant l&rsquo;objet\u00a0<strong>d&rsquo;une interdiction d&rsquo;accueil du public sans interruption<\/strong>\u00a0sur le mois (juin ou juillet 2021)\u00a0<strong>et<\/strong>\u00a0ayant subi une perte de chiffre d&rsquo;affaires d&rsquo;au moins 20 % au cours du mois (juin ou juillet 2021). Dans ce cas, le montant du fonds de solidarit\u00e9 en juin et juillet est de 20 % du chiffre d&rsquo;affaires de r\u00e9f\u00e9rence avec un plafond de 200 000 \u20ac par mois ;<\/li>\n<li>Entreprises ayant b\u00e9n\u00e9fici\u00e9 du fonds de solidarit\u00e9 au titre du mois d&rsquo;avril ou de mai 2021\u00a0<strong>et<\/strong>\u00a0ayant subi une perte de chiffre d&rsquo;affaires d&rsquo;au moins 10 % au cours du mois (juin ou juillet 2021)<strong>\u00a0et<\/strong>\u00a0appartenant aux\u00a0<strong>secteurs S1 \/ S1 bis \/ commerce de d\u00e9tail ou r\u00e9paration navale en Outre-mer<\/strong>. Dans ce cas, le montant du fonds de solidarit\u00e9 est \u00e9gal \u00e0 40 % de la perte de chiffre d&rsquo;affaires en juin puis 30 % de la perte de chiffre d&rsquo;affaires en juillet, dans la limite de 20 % du chiffre d&rsquo;affaires de r\u00e9f\u00e9rence avec un plafond de 200 000 \u20ac par mois ;<\/li>\n<li>Entreprises de moins de 50 salari\u00e9s ayant perdu 50 % de leur chiffre d&rsquo;affaires au cours du mois (juin ou juillet 2021) et domicili\u00e9es dans les territoires faisant l&rsquo;objet de\u00a0<strong>mesures de confinement<\/strong>\u00a0pendant au moins 10 jours au cours de la p\u00e9riode mensuelle consid\u00e9r\u00e9e. Dans ce cas, le montant du fonds de solidarit\u00e9 en juin et juillet est \u00e9gal au montant de la perte de chiffre d&rsquo;affaires, jusqu&rsquo;\u00e0 1 500 euros.<\/li>\n<\/ul>\n<p><strong>Par ailleurs, le d\u00e9cret du 29 juin 2021 apporte \u00e9galement les modifications suivantes<\/strong>\u00a0:<\/p>\n<ul>\n<li>Ajout des secteurs d&rsquo;activit\u00e9 de la coiffure et des soins de beaut\u00e9 au r\u00e9gime des commerces en station de montagne au titre des mois d&rsquo;avril et de mai 2021 ;<\/li>\n<li>Prolongation du 30 juin 2021 au 31 juillet 2021 de la date limite de d\u00e9p\u00f4t de la demande de fonds de solidarit\u00e9 au titre du mois d&rsquo;avril 2021 ;<\/li>\n<li>Ajout de l&rsquo;intitul\u00e9 \u00ab Fabricants de v\u00eatements de dessus et fabrication de v\u00eatements de dessous ; Fabrication d&rsquo;articles \u00e0 mailles \u00bb \u00e0 l&rsquo;annexe 2.<\/li>\n<\/ul>\n<p>Le formulaire de demande du fonds de solidarit\u00e9 au titre du\u00a0<strong>mois de juin 2021<\/strong>\u00a0sera mis en ligne en juillet sur le\u00a0<strong><u><a href=\"https:\/\/email.email-assoconnect.com\/c\/eJwVTkuuhDAMOw3sBuXTTtNFF4_53KNTUg0S0CcK958ixbKdSI6n4EGE-jkQEIIDRLDIOOAgxhKO4-vpRhkf7DsDusZ5ucVaSyrbpukYUln7b8g24sTohWPiLD5ZZvqQZBUEuMd-Cd_j-K8d_3X0bjNvuQyrTpqvhLZYGu7G20YWWgknDE2LcXRdnCds3D74yxtSErbQ70GnMy_laOV2rRrP26r13PWK_QFz-jzD\">site web de la DGFIP<\/a><\/u><\/strong>\u00a0et sera disponible jusqu&rsquo;au\u00a0<strong>31 ao\u00fbt 2021<\/strong>.<\/p>\n<p><a href=\"https:\/\/email.email-assoconnect.com\/c\/eJwVjsGOwyAMRL8muTWyDQR84NB0d_-DBaNGSkIVkv8vSB690VgaTfIMztG4egJCsIAIBhVOODltCJfl98cubnkpHjTIHtbtEWotsRyHxGuKZR_fXnMKwajAkQ0JKkGbZvU_W5M5ZRvHzb-v61MH9Rzor9165DLtkiT3hhZsTbNm02CgjbBOQfNOW-ofy9SJ7LhTk5BTBsbTS7rzVq427pQq4X7sUu9Teu0XrEs9OA\">Acc\u00e9der \u00e0 la note de d\u00e9cryptage du fonds de solidarit\u00e9\u00a0<\/a><\/p>\n<article role=\"article\" data-history-node-id=\"185182\">\n<p>Le\u00a0<a href=\"https:\/\/email.email-assoconnect.com\/c\/eJwVjjuuhDAMRVcD3SDbcX5FitfMPjKOo0ECMiKw_xckW-deF0cuKUIINK-JgBACMRIzhAUd0cebLJWyEMPEoHtet1fuvUk7DpVrkbbP32RZpICLtURLYh0CkHFR86eSl0Lzlr7X9euT-ZvoPWY9alt2LVofwzhsYx1HO2ABkDAYM3LwTAMePfhBjCE-PTAWi1TmM2m569au8dypXfP92rXfpz7af7TjPWg\"><strong>d\u00e9cret n\u00b02021-1086 du 16 ao\u00fbt 2021<\/strong><\/a>\u00a0modifie le\u00a0<a href=\"https:\/\/email.email-assoconnect.com\/c\/eJwVjkEOhCAMRU8jO01bQeqCxWzmHghtNFGZiN5_MGnz_u_ipTnMwExmCwSEwGSRrAUecCJa_BiTUkxkobMgR9z2PtZaUjlPSfeQymHWoJDYJx8TQHQqjoVJlWlxE2f0avaw3vevduOno2-b7dQyHJJFX0M77G0nO7sGB4CEPI4ts7fU4NEDN-LM89vZYnZI2VxB8qN7udtzl1SJT39IfS55tX_0aj3a\"><strong>d\u00e9cret du 24 mars 2021<\/strong><\/a>\u00a0relatif au dispositif de compensation des co\u00fbts fixes\u00a0:<\/p>\n<p><strong>Il prolonge l&rsquo;aide co\u00fbts fixes jusqu&rsquo;au mois d&rsquo;ao\u00fbt 2021 inclus<\/strong>\u00a0(et non juin 2021 comme pr\u00e9c\u00e9demment pr\u00e9vu)\u00a0:<\/p>\n<ul>\n<li>Il ajoute une nouvelle p\u00e9riode \u00e9ligible bimestrielle (juillet-ao\u00fbt 2021) au sein de l&rsquo;aide co\u00fbts fixes dite \u00ab originale \u00bb ;<\/li>\n<li>Il offre la possibilit\u00e9 de demander l&rsquo;aide dite \u00ab saisonnalit\u00e9 \u00bb sur une p\u00e9riode de huit mois au lieu de six mois ;<\/li>\n<li>Il permet de demander l&rsquo;aide dite \u00ab groupe \u00bb au titre des quatre p\u00e9riodes \u00e9ligibles (janvier-f\u00e9vrier ; mars-avril ; mai-juin et juillet-ao\u00fbt) ou au titre d&rsquo;une p\u00e9riode de huit mois au lieu de six mois.<\/li>\n<\/ul>\n<p><strong>Il compl\u00e8te la liste des secteurs d&rsquo;activit\u00e9 \u00e9ligibles sans minimum de chiffre d&rsquo;affaires<\/strong>\u00a0:<\/p>\n<ul>\n<li>Il ajoute le secteur \u00ab Gestion de monuments historiques \u00bb ;<\/li>\n<li>Il pr\u00e9cise, pour les restaurants, h\u00f4tels et h\u00e9bergements touristiques en station de montagne, qu&rsquo;ils doivent\u00a0<u>soit<\/u>\u00a0\u00eatre domicili\u00e9s en station de montagne,\u00a0<u>soit<\/u>\u00a0avoir un si\u00e8ge social domicili\u00e9 hors d&rsquo;une station de montagne mais r\u00e9aliser l&rsquo;int\u00e9gralit\u00e9 de leur chiffre d&rsquo;affaires en station de montagne.<\/li>\n<\/ul>\n<p><strong>Enfin, il exclut l&rsquo;aide co\u00fbts fixes du calcul de l&rsquo;EBE co\u00fbts fixes<\/strong>. Jusqu&rsquo;alors, l&rsquo;aide co\u00fbts fixes \u00e9tait imput\u00e9e comptablement en tant que subvention, ce qui diminuait d&rsquo;autant l&rsquo;EBE des p\u00e9riodes suivantes et donc le montant des aides co\u00fbts fixes \u00e0 venir.<\/p>\n<\/article>\n<h1>Lancement du smart service Assist Entreprise<\/h1>\n<p>La R\u00e9gion \u00cele-de-France s&rsquo;est mobilis\u00e9e depuis le d\u00e9but de cette crise pour soutenir les entreprises et leurs dirigeants, \u00e0 travers les mesures exceptionnelles Fonds r\u00e9silience, Pr\u00eat Rebond, Aide aux loyers pour la relance du commerce ou encore les aides exceptionnelles PM &lsquo;up Covid-19, Relance Industrie, appels \u00e0 projets TP&rsquo;up Relance et PM&rsquo;up Relance.<\/p>\n<p>Dans la continuit\u00e9 de ces initiatives, la R\u00e9gion et les principaux partenaires de la sauvegarde des entreprises lancent\u00a0<strong>Assist Entreprise<\/strong>\u00a0.<\/p>\n<p>Cette plateforme\u00a0<strong>gratuite et confidentielle<\/strong>\u00a0au service des dirigeants de TPE-PME, commer\u00e7ants et artisans franciliens, permet de les\u00a0<strong>orienter<\/strong>\u00a0d\u00e8s les premiers signes de difficult\u00e9 vers les\u00a0<strong>solutions<\/strong>\u00a0les plus adapt\u00e9es pour les aider \u00e0 sauver leur entreprise.<\/p>\n<p><strong>Pourquoi Assist Entreprise: constat d&rsquo;une complexit\u00e9 pour les dirigeants diffus\u00e9s au bon interlocuteur ou dispositif<\/strong>\u00a0en raison d&rsquo;une information cloisonn\u00e9e par acteur et comp\u00e9tence.<\/p>\n<p>Apr\u00e8s avoir r\u00e9pondu \u00e0 quelques questions pour qualifier les besoins de l&rsquo;entreprise, Assistez l&rsquo;entreprise vous oriente directement vers le ou les interlocuteurs \u00e0 contacter.\u00a0Assist Entreprise a rencontr\u00e9 ainsi \u00e0 disposition des dirigeants et des acteurs qui les accompagnent et conseillent un annuaire d&rsquo;experts mis \u00e0 jour r\u00e9guli\u00e8rement, pr\u00e9sentant les solutions mobilisables.<\/p>\n<p>Avec ce nouveau service simple et concret, la R\u00e9gion compl\u00e8te son action de soutien aux entreprises franciliennes et reste pleinement mobilis\u00e9e \u00e0 leurs c\u00f4t\u00e9s.<\/p>\n<p>&nbsp;<\/p>\n<p><strong><a href=\"https:\/\/email.email-assoconnect.com\/c\/eJwVjs2OgzAQg58Gbo1mJpn8HHKo2t33CDBskQKpEnj_DZItf7IvXmIA72ncIgEhaGQENmwVqjdi-DGByJnwYmcHA7KnLT9Sa2UuxyHzqeayj59IDhIagTVQMIsIQQgELvlJJmGfxhw_5_ltg34O9NtV5W8rh9qyLLLWdMyi1tr73G01mh4MgEDWUmdv-R6cZuxJAMz6BtIT0yRjjbJcay5n_1ilSboeu7Sryv3vH32MP-k\">Acc\u00e9der \u00e0 Assist Entreprise<\/a><\/strong><strong>\u00a0<\/strong><\/p>\n<p>&nbsp;<\/p>\n<h2><strong>TP&rsquo;up et PM&rsquo;up Relance<\/strong><\/h2>\n<p><strong>Avec TP&rsquo;up Relance et PM&rsquo;up Relance la R\u00e9gion \u00cele-de-France simplifie et renforce ses aides \u00e0 la relance et \u00e0 la sauvegarde des entreprises.\u00a0Premi\u00e8re rel\u00e8ve des candidatures le 30 mars.<\/strong><\/p>\n<p>Dans un contexte de mutations acc\u00e9l\u00e9r\u00e9es par la crise sanitaire et \u00e9conomique, la R\u00e9gion adapte ses aides \u00e0 la relance (TP&rsquo;up, PM&rsquo;up et PM&rsquo;up Covid-19).\u00a0Soucieuse doit plus de lisibilit\u00e9 aux entreprises et d&rsquo;orienter ses financements vers les priorit\u00e9s strat\u00e9giques r\u00e9gionales, TP&rsquo;up Relance et PM&rsquo;up Relance visant \u00e0 soutenir les projets strat\u00e9giques de TPE, PME et ETI portant une perspective cr\u00e9dible et p\u00e9renne de:<\/p>\n<ul>\n<li><strong>Relocalisation ou production sur le territoire r\u00e9gional de produits et \/ ou services strat\u00e9giques.<\/strong><\/li>\n<li><strong>Relance de l&rsquo;activit\u00e9 \u00e9conomique<\/strong>\u00a0: strat\u00e9gies de croissance ambitieuses et cr\u00e9dibles \u00e0 m\u00eame d&rsquo;avoir un effet d&rsquo;entra\u00eenement sur le tissu \u00e9conomique francilien, qu&rsquo;il s&rsquo;agisse de projets visant \u00e0 accroitre et modernizer les capacit\u00e9s de production, s&rsquo;internationaliser , diversifier ses march\u00e9s, mener des transformations num\u00e9riques et \u00e9cologiques, mener une strat\u00e9gie de croissance externe ou encore se structurer pour changer d&rsquo;\u00e9chelle.<\/li>\n<li><strong>Sauvegarde d&rsquo;entreprises strat\u00e9giques menac\u00e9es<\/strong>\u00a0: projets de repositionnement strat\u00e9gique, de diversification et de comp\u00e9titivit\u00e9 sur des secteurs en profonde mutation.<\/li>\n<\/ul>\n<p><strong>Un budget de 20\u00a0\u00a0M \u20ac est mobilis\u00e9 sous forme de subventions.<\/strong><\/p>\n<p>Ouverts \u00e0 tous les secteurs, une attention particuli\u00e8re est port\u00e9e aux projets int\u00e9grant une d\u00e9marche de responsabilit\u00e9 soci\u00e9tale (RSE) et jouant un r\u00f4le positif dans la transition \u00e9cologique et bas carbone, ainsi que les entreprises des secteurs les plus impact\u00e9s par la crise, tels que l&rsquo;industrie, le tourisme, l&rsquo;\u00e9v\u00e9nementiel, la culture, l&rsquo;automobile et l&rsquo;a\u00e9ronautique.<\/p>\n<p>Les montants d&rsquo;aide pourront \u00eatre major\u00e9s pour des projets particuli\u00e8rement remarquables \/ prioritaires (enjeu de souverainet\u00e9, fort potentiel de cr\u00e9ation ou de maintien d&#8217;emplois, sauvegarde de savoir-faire menac\u00e9s):<\/p>\n<ul>\n<li><strong>TP&rsquo;up Relance pour les moins de 10 salari\u00e9s<\/strong>\u00a0: le plafond TP&rsquo;up de 55 000 \u20ac peut \u00eatre port\u00e9 \u00e0 150 000 \u20ac pour les projets r\u00e9pondant aux enjeux ci-dessus<\/li>\n<li><strong>PM&rsquo;up Relance pour les moins de 5000 salari\u00e9s<\/strong>\u00a0: le plafond PM&rsquo;up de 250 000 \u20ac peut \u00eatre port\u00e9 \u00e0 500 000 euros pour les projets r\u00e9pondant aux enjeux ci-dessus<\/li>\n<\/ul>\n<p><strong>Exceptionnellement,<\/strong><strong>\u00a0pour des projets visant \u00e0 installer de nouvelles capacit\u00e9s de production d&rsquo;envergure permettant la cr\u00e9ation ou la sauvegarde d&rsquo;un nombre tr\u00e8s \u00e9lev\u00e9 d&rsquo;activit\u00e9 francilienne,\u00a0\u00a0l&rsquo;aide peut \u00eatre port\u00e9e \u00e0 800000 \u20ac\u00a0publi\u00e9 joue un r\u00f4le d\u00e9terminant pour l&rsquo;\u00e9quilibre \u00e9conomique du projet.<\/strong><\/p>\n<p>Le d\u00e9p\u00f4t des demandes se fait en ligne tout au long de l&rsquo;ann\u00e9e.\u00a0Une premi\u00e8re rel\u00e8ve des candidatures aura lieu le 30 mars en vue de l&rsquo;attribution des aides aux projets \u00e9tudi\u00e9s en deux temps, le 20 mai et le 20 juillet.<\/p>\n<p><strong><a href=\"https:\/\/email.email-assoconnect.com\/c\/eJwVjs2OhCAQhJ9Gb0P6RwQOHnYnmfdAaXZMUCag7789SVeqUnXoLy0BvKdxXwgIgRHBgeNg0PAz_JKlFzwZQ_B-mECOuJdH7L1u9Txlu8xWj_G9eEjORUvO5rQG9n6eZM1eINKc1hXGsryv69MH_hnopdfkb6-n2YskyS2em5jctC-qmXFSswAIBA41ewvfwSmfOgFYyxr0FzLOPLZF0p1LvZSxSZd4Pw7pd5Mv3z-f6j_z\">Formulez votre demande en ligne<\/a><\/strong><\/p>\n<p>&nbsp;<\/p>\n<h2><strong>Pr\u00eats Participatifs Relance et Obligations Relance :\u00a0<\/strong>de nouvelles solutions de financement pour soutenir l&rsquo;investissement !<\/h2>\n<p>Pr\u00eats Participatifs Relance et Obligations Relance<\/p>\n<p>Ces dispositifs permettront d&rsquo;investir jusqu&rsquo;\u00e0 20 Milliards d&rsquo;euros. Ils seront accessibles aux entreprises \u00e0 partir d&rsquo;avril 2021 et jusqu&rsquo;\u00e0 juin 2022.<\/p>\n<p><strong><em>Pour qui ?<\/em><\/strong><\/p>\n<ul>\n<li>PME dont le chiffre d&rsquo;affaires est sup\u00e9rieur \u00e0 2 M\u20ac et ETI de tous secteurs (sur le principe \u00e9galement accessible aux grandes entreprises mais moins adapt\u00e9 \u00e0 leurs sp\u00e9cificit\u00e9s).<\/li>\n<li>Entreprises avec des perspectives de d\u00e9veloppement \u00e0 pr\u00e9senter dans un plan d&rsquo;affaires ou d&rsquo;investissement.<\/li>\n<li>Entreprises avec une structure de bilan \u00e9ventuellement affaiblie par la crise mais viable. Cote Fiben (jusqu&rsquo;\u00e0 5+ inclus) ou \u00e9quivalent selon la notation propre \u00e0 la banque ou les notations utilis\u00e9es par les fonds.<\/li>\n<\/ul>\n<p><strong><em>Combien ?<\/em><\/strong><\/p>\n<ul>\n<li>12,5% du chiffre d&rsquo;affaires pour les PME (soit 250 000\u20ac maximum pour les plus petites PME \u00e9ligibles) ou 8,4% pour les ETI.<\/li>\n<\/ul>\n<p>Et plafond en fonction de ratios financiers (relatifs aux fonds propres et effet de levier).<\/p>\n<p><strong><em>Comment ?<\/em><\/strong><\/p>\n<ul>\n<li>Pr\u00eats Participatifs Relance commercialis\u00e9s par les banques\u00a0:<\/li>\n<\/ul>\n<ol>\n<li>8 ans incluant un diff\u00e9r\u00e9 d&rsquo;amortissement de 4 ans\u00a0: soit 4 ans avec le seul paiement des int\u00e9r\u00eats, puis 4 ans d&rsquo;amortissement (int\u00e9r\u00eats et capital).<\/li>\n<li>Taux effectif pour l&rsquo;entreprise entre 4 et 5% pour les PME, 5 et 6% pour les ETI.<\/li>\n<\/ol>\n<ul>\n<li>Obligations Relance\u00a0commercialis\u00e9s par les fonds d&rsquo;investissement\u00a0:<\/li>\n<\/ul>\n<ol>\n<li>8 ans avec un remboursement in fine du capital, soit 8 ans avec le seul paiement des int\u00e9r\u00eats puis le remboursement du capital au terme de la 8\u00e8me ann\u00e9e.<\/li>\n<li>Taux \u00e0 pr\u00e9ciser de l&rsquo;ordre de 5% pour les PME et 6% pour les ETI.<\/li>\n<\/ol>\n<ul>\n<li>Pour les deux dispositifs\u00a0:<\/li>\n<\/ul>\n<ol>\n<li>Pas d&rsquo;ouverture du capital.<\/li>\n<li>Garantie de l&rsquo;Etat de 30% pour les investisseurs.<\/li>\n<\/ol>\n<p><strong><em>Quelle analyse financi\u00e8re ?<\/em><\/strong><\/p>\n<p>La cotation Banque de France et l&rsquo;analyse financi\u00e8re par les banques, int\u00e8greront ce pr\u00eat de fa\u00e7on positive bien qu&rsquo;il ne s&rsquo;agisse pas de fonds propres<\/p>\n<p>Le\u00a0<strong>pr\u00eat participatif Relance<\/strong>\u00a0(PPR) constitue un levier au service de la relance, pour les entreprises ayant des projets de d\u00e9veloppement n\u00e9cessitant de<strong>\u00a0renforcer leur solvabilit\u00e9<\/strong>. Il permet aussi de\u00a0<strong>renforcer la solidit\u00e9 financi\u00e8re de l&rsquo;entreprise<\/strong>\u00a0en apportant un financement long qui s&rsquo;ins\u00e8re dans la structure de financement entre les fonds propres et la dette, et n&rsquo;est pas dilutif.<\/p>\n<article role=\"article\" data-history-node-id=\"185182\">\n<ul>\n<li><a href=\"https:\/\/www.economie.gouv.fr\/plan-de-relance\/profils\/entreprises?field_thematique_target_id_1=7156\">ETI<\/a><\/li>\n<li><a href=\"https:\/\/www.economie.gouv.fr\/plan-de-relance\/profils\/entreprises?field_thematique_target_id_1=7153\">PME<\/a><\/li>\n<li>\u00a0<a href=\"https:\/\/www.economie.gouv.fr\/plan-de-relance\/profils\/entreprises?field_thematique_target_id[7141]=7141\">Financement<\/a><\/li>\n<\/ul>\n<ul>\n<li><a href=\"https:\/\/www.economie.gouv.fr\/plan-de-relance\/profils\/entreprises?field_thematique_target_id[7210]=7210\">Soutien de l&rsquo;activit\u00e9<\/a><\/li>\n<\/ul>\n<p>Cette mesure vise \u00e0 apporter de nouveaux financements de long terme, d&rsquo;une maturit\u00e9 sup\u00e9rieure \u00e0 7 ans, assimilables \u00e0 des quasi-fonds propres, aux PME et aux ETI.<\/p>\n<p><a href=\"https:\/\/www.economie.gouv.fr\/plan-de-relance\/profils\/entreprises\/dispositifs-prets-participatifs-obligations-etat\"><strong>D\u00e9tails du dispositif<\/strong><\/a><a href=\"https:\/\/www.economie.gouv.fr\/plan-de-relance\/profils\/entreprises\/dispositifs-prets-participatifs-obligations-etat\"><strong>\u00a0<\/strong><\/a><\/p>\n<\/article>\n<h1><strong>MESURES DE SOUTIEN VISANT A A AMELIORER LES FONDS PROPRES ET LA TRESORERIE DES ENTREPRISES : Fiches synth\u00e9tiques des articles 31 et 33 de la loi de finances pour 2021<\/strong><\/h1>\n<p>Dans le contexte de crise \u00e9conomique actuel,\u00a0<strong>la loi de finances pour 2021 pr\u00e9voit deux mesures optionnelles et temporaires tr\u00e8s favorables pour soutenir les entreprises en leur permettant\u00a0de\u00a0renforcer\u00a0leurs fonds\u00a0propres\u00a0pour\u00a0am\u00e9liorer\u00a0leur capacit\u00e9 de financement<\/strong>.<\/p>\n<p>La premi\u00e8re autorise une r\u00e9\u00e9valuation des actifs sans taxation imm\u00e9diate et la seconde pr\u00e9voit un r\u00e9gime d&rsquo;\u00e9talement de l&rsquo;imposition de la plus-value de cession d&rsquo;un immeuble lors d&rsquo;une op\u00e9ration de cr\u00e9dit-bail.<\/p>\n<p>L&rsquo;administration devrait publier des commentaires sur la mise en \u0153uvre de ces dispositifs.<\/p>\n<p><a href=\"https:\/\/email.email-assoconnect.com\/c\/eJwVTssOgzAM-xq4gdL0QXPgMDb2H6WkAgnoROH_FyRbjn1wPPcE3mO99gioBASdNbZrVQujcUb7YTDjG43-VAZ4D-vWhFJyzMfB8Wpj3uul5zlBTBOgI5cIo2dtFUfCTk1kra63frmuX6n0q8KvYD1SbneeOT0NEmxCZ8iKWAAgssrJjbLqiRxAJ6rI0-MDBAAzYX3K6ztt-ZJxJxcOd7NzuU9-av-j8T1B\">\u00a0<\/a><\/p>\n<p><a href=\"https:\/\/email.email-assoconnect.com\/c\/eJwVTssOgzAM-xq4gdL0QXPgMDb2H6WkAgnoROH_FyRbjn1wPPcE3mO99gioBASdNbZrVQujcUb7YTDjG43-VAZ4D-vWhFJyzMfB8Wpj3uul5zlBTBOgI5cIo2dtFUfCTk1kra63frmuX6n0q8KvYD1SbneeOT0NEmxCZ8iKWAAgssrJjbLqiRxAJ6rI0-MDBAAzYX3K6ztt-ZJxJxcOd7NzuU9-av-j8T1B\">Acc\u00e9der \u00e0 la note de d\u00e9cryptage de la Direction Fiscalit\u00e9<\/a><\/p>\n<p>Le Conseil d&rsquo;\u00c9tat a rendu publique, mercredi 25 novembre 2020, sa d\u00e9cision sur les multiples recours contre le d\u00e9cret n\u00b02019-797 du 26 juillet 2019 relatif au r\u00e9gime d&rsquo;assurance ch\u00f4mage.<\/p>\n<p>Veuillez trouver\u00a0<a href=\"http:\/\/email.mailgun2.assoconnect.com\/c\/eJwVj8lugzAABb_G3Gp5ZTlwgIQljZRDSFv1FIEXTAUmwkCVfH1d6d2eZqSRqdBJ0qpgSAkiCGMSYUQowxBDfmAFi3Kc0JyHx0MGGJraYew3S2Dr3Cxma5VYoZinwKQKIaY7z4dMxjHXlHJMOxqSMG45i5JgTM26PgDNACn9PDVtdhDtOswWTkoqDfXij7oBtOwAPbrmEcuqDsV9fzX5uetV3Qymqk9IOsr2T4ZZ__605vax8j46yfq7MX2Jxq2w_HLNz4CEwmuuZq9dccu-8Ot276uo-nmiy2-wpEpuepxXn7Uop9rtbVJuW9R_zx-a4FYS\"><strong>ici<\/strong><\/a>, une note de d\u00e9cryptage de cette d\u00e9cision.<\/p>\n<p>La Direction G\u00e9n\u00e9rale des Entreprises (DGE) a publi\u00e9 un <strong><a href=\"https:\/\/cloud4.eudonet.com\/APP\/ut?tok=740B781A&amp;cs=CkWXwEKWPTP8PtwEiVhp4XQwMNc7WxlTX2r8Sx8Sa6A%3d&amp;p=A3J54cHtKBAyUss_d_QLpTZg1JD_t3TwLOe8ejy9PR0TsTpXu8XQPDva2Z4u1Q20P4v3ROYzZZ8tJnZPgxFRlI7l4jZzB0XljGRKz8998miUIl_WsguNw6dY6BPJ8EtY8re2SisytYHs8Y5crzfkESpCDJg8KTkb7Ls7D7U01DYjx8vaa3PCS1UHgvRlrE1PBuKHengIhIniBXhEkoDf0g%3d%3d\">guide <\/a>\u00e0 destination des TPE\/PME<\/strong> pour les aider \u00e0 s&rsquo;approprier les mesures du Plan de relance qui leur sont destin\u00e9es.\u00a0<\/p>\n<p><strong>FONDS DE SOLIDARITE :\u00a0<\/strong>Augmentation du montant de l&rsquo;aide au titre du mois de janvier 2021 pour les entreprises des secteurs S1 bis et les commerces en stations de montagne<\/p>\n<p>Le\u00a0<strong><a href=\"https:\/\/email.email-assoconnect.com\/c\/eJwVjsGOwyAMRL8muTXCxiD7wCHdbf-DEqNGSsIqJP-_II31RiN75CWIYcZxDWgQDCKBoAM_wfSczfNHXshmfvH8SwMZ3eO6PWKtJZXj0HRNqezjNzB4n9ptBl0UNUXr2MqHbMrEPtO4he91_dXBzgO-m9Yjl2lvy7k3tGBr40lcgzMGmpw0j0TYIw-2E4SlUyyxiXk8gy533srVfju1arwfu9b71N76D3FJPQ0\">d\u00e9cret n\u00b0 2021-192 du 22 f\u00e9vrier 2021 relatif au fonds de solidarit\u00e9<\/a><\/strong>\u00a0(publi\u00e9 au journal officiel du 23 f\u00e9vrier 2021) propose d&rsquo;apporter des modifications au\u00a0<strong><a href=\"https:\/\/email.email-assoconnect.com\/c\/eJwVTssOgyAQ_Bq9aZZlMeyBg7b2Pygs0USlEf3_YjKTeRwmEx2DtdiuDgEVIJJiNGroVT-NML14RgvjbMc3NQSy-3XrfCk55OOQcPUh7-3ixHhjfYiMySQI1tBAAZggfkUljO3mluv6lUaPDX4q1iPlfpco6VmoxVY5EJsqBkBVGK4eifCpBqV1VcWWn8yaLPjUnk7inbZ81W-nFPF3t0u5T3lW_6IjPWY\">d\u00e9cret n\u00b02020-371 du 30 mars 2020 relatif au fonds de solidarit\u00e9<\/a><\/strong>. Il augmente le montant de l&rsquo;aide au titre du mois de janvier 2021 pour les entreprises des secteurs S1 bis et les commerces en stations de montagne ayant subi une perte de chiffre d&rsquo;affaires comprise entre 50 et 70\u00a0% en janvier 2021. De plus, il apporte des modifications techniques s&rsquo;agissant du chiffre d&rsquo;affaires de r\u00e9f\u00e9rence des entreprises cr\u00e9\u00e9es en octobre 2020 et interdites d&rsquo;accueil au public en d\u00e9cembre 2020.<\/p>\n<p><a href=\"https:\/\/email.email-assoconnect.com\/c\/eJwVTkkOhDAMew3cQElIO-mhB2b7R0VTgQR0ROH_UyRbXg6Wo3cgQu3iCQiBiNGRQdtj_xzh-XIfEhg_Mr65YdAtLGsXSslT3nedzn7KWzv7ZASmB6LFpNFGCBg4URCyEi1bblc_n-evNMPY0Ldi2VPuN42a7oVarJWWnaliALDCuOqJme7K4sBV0Ym7sxtYIKT28BqvtOazfju0aLi6Tct16L36B1eAPNQ\">Acc\u00e9der \u00e0 la note de d\u00e9cryptage des nouveaut\u00e9s apport\u00e9es par ce d\u00e9cret \u00a0<\/a><\/p>\n<h1><strong>APLD<\/strong>\u00a0: neutralisation de la p\u00e9riode du 1er novembre 2020 au 31 mars 2021 dans le d\u00e9compte du recours au dispositif.<\/h1>\n<p>Un\u00a0<strong><a href=\"https:\/\/email.email-assoconnect.com\/c\/eJwdjsEOgzAMQ78GbkNpSml64IDG-I-OpBoS0InC_y9MsuXEhydzH4AI66VHQKMi8OCda0wzeppwDM_xNYzQTc-qBdnisj5iKXnO-y7z2cx5qz_KiLFr38KRnXHMAsHM5COkZMVbqtf-c57fUtmhwkm17Ck3m7Ckm6DFqu7a4DQcAIRgHemNJuBdOWqtpgn0_yVhx4xcH73wldZ86rhDisTrsUm5DrmxPym2PpU\">d\u00e9cret du 14 d\u00e9cembre 2020<\/a><\/strong>\u00a0a neutralis\u00e9 les p\u00e9riodes de confinement, qui ne sont donc pas prises en compte dans la dur\u00e9e totale de recours \u00e0 l&rsquo;activit\u00e9 partielle de longue dur\u00e9e (pas plus de 24 mois, cons\u00e9cutifs ou non, sur un p\u00e9riode de 36 mois cons\u00e9cutifs) ni dans le calcul du plafond de recours autoris\u00e9 \u00e0 ce dispositif (pas plus de 40 % de la dur\u00e9e l\u00e9gale de travail en moyenne sur la p\u00e9riode de recours, voire 50 % dans des cas particuliers autoris\u00e9s par l&rsquo;administration).<\/p>\n<p>Le d\u00e9but de la p\u00e9riode neutralis\u00e9e a \u00e9t\u00e9 fix\u00e9e au 1er novembre 2020 par le d\u00e9cret du 14 d\u00e9cembre 2020. Un\u00a0<strong><a href=\"https:\/\/email.email-assoconnect.com\/c\/eJwdTssOgzAM-xq4DYUsLcmhh2mM_2BN0JCAThT-f2WSLT8OljUIMGM9BwRsCxg66Jxr2qbveMBenv3r0YMfnhWBreO83MacU0zbZvFoYlrrT4gWgUQMFQidwJs6x1Fp9KxM3tdL-BzHN1f3R4VDwbxNqVlNbboWSrEUehJXxAGAyN1x8dgKXpVjoqKt8D_bhF4Vtd6D6Tkt6Sjndss2nrfV8rnbNfsDtUA9tg\">arr\u00eat\u00e9 du 10 f\u00e9vrier 2021<\/a><\/strong>\u00a0publi\u00e9 au journal officiel du 14 f\u00e9vrier 2021 est venu en fixer la fin au 31 mars 2021.<a href=\"https:\/\/email.email-assoconnect.com\/c\/eJwdjsEKhDAMRL9Gb0oaW20OPYiu_1FtioLaxer_b1yYIckMPBIcgbVYbg4BlchCB50xtarHzk440jB--hHaaSg08OG3vfI5pyWdJy93vaSjXJ1ZZiADgISzanRr58547TEK23OkcnfrfX9z0fQFTqLtjKk-OHB8CRLs4laTkSEcIGqMlR0V4RsZq99Kkf3fHLENAUN5OQ5P3NMtz12c2T_Vwfm5-MX-AKF_PaU\">\u00a0<\/a><\/p>\n<p><a href=\"https:\/\/email.email-assoconnect.com\/c\/eJwdjsEKhDAMRL9Gb0oaW20OPYiu_1FtioLaxer_b1yYIckMPBIcgbVYbg4BlchCB50xtarHzk440jB--hHaaSg08OG3vfI5pyWdJy93vaSjXJ1ZZiADgISzanRr58547TEK23OkcnfrfX9z0fQFTqLtjKk-OHB8CRLs4laTkSEcIGqMlR0V4RsZq99Kkf3fHLENAUN5OQ5P3NMtz12c2T_Vwfm5-MX-AKF_PaU\">Acc\u00e9der \u00e0 la note de d\u00e9cryptage du P\u00f4le Social<\/a><\/p>\n<p>&nbsp;<\/p>\n<h2>Le dispositif de prise en charge des co\u00fbts fixes<\/h2>\n<p>Le dispositif prend en charge, avec un plafond de 10 M \u20ac sur l&rsquo;ann\u00e9e 2021:<\/p>\n70% des pertes d&rsquo;exploitation des entreprises de plus de 50 salari\u00e9s;<br \/>\n90% des pertes d&rsquo;exploitation des entreprises de moins de 50 salari\u00e9s.\n<p>Les entreprises \u00e9ligibles sont les\u00a0entreprises ferm\u00e9es administrativement ou appartenant aux secteurs du plan touristique (S1 et S1 bis)\u00a0et qui r\u00e9pondent aux conditions suivantes:<\/p>\nCr\u00e9ation avant le 1er janvier 2019;<br \/>\nPlus d&rsquo;1 M \u20ac de chiffre d&rsquo;affaires mensuel ou 12 M \u20ac de chiffre d&rsquo;affaires annuel r\u00e9alis\u00e9;<br \/>\nPerte d&rsquo;au moins 50% de chiffre d&rsquo;affaires et \u00e9ligibilit\u00e9 au fonds de solidarit\u00e9 en janvier 2021 ou en f\u00e9vrier 2021.\n<p>Le dispositif sera \u00e9galement ouvert aux entreprises r\u00e9alisant moins d&rsquo;1 M \u20ac de chiffre d&rsquo;affaires mensuel dans les secteurs suivants: loisirs indoor;\u00a0salles de sport;\u00a0les zoos;\u00a0\u00e9tablissements thermaux;\u00a0Entreprises du secteur et HCR R\u00e9sidences de tourisme en montagne Situ\u00e9es.<\/p>\n<p>Le calcul of this aide sur les EST basons d&rsquo;exploitation Pertes brutes (EBE), les recettes Soit les\u00a0frais desquelles Sont les d&rsquo;exploitation d\u00e9duites de l&rsquo;entreprise.\u00a0Les charges financi\u00e8res et les dotations aux amortissements ne sont pas prises en compte dans l&rsquo;assiette de l&rsquo;aide.<\/p>\n<p>Les demandes pour janvier et f\u00e9vrier 2021 pourront \u00eatre d\u00e9pos\u00e9es \u00e0 partir du 31 mars 2021 et en mai 2021 pour les mois de mars et avril 2021.<\/p>\n<p>Plus d&rsquo;informations au sein du\u00a0communiqu\u00e9 de presse\u00a0.<\/p>\n<p>&nbsp;<\/p>\n<h2>Pr\u00eat garanti par l&rsquo;Etat :<\/h2>\n<h4><a href=\"https:\/\/www.reseau-mesure.com\/wp-content\/uploads\/2020\/04\/Infographie-PGE.pdf\">Fiche mode d&#8217;emploi<\/a><\/h4>\n<h2 id=\"aui-3-2-0PR1-1616\">Les aides mises en place pour les entreprises et les entrepreneurs :<\/h2>\n<h2>Pour accompagner les entreprises en difficult\u00e9, le Gouvernement a mis en place des mesures de soutien. Les entreprises sollicitant la cellule d&rsquo;information de CCI France font part de deux demandes prioritairement. <a href=\"https:\/\/www.cci.fr\/coronavirus-entreprise\/les-aides#fiscalesEntreprises\">En savoir plus &#8230;<\/a><\/h2>\n<ul>\n<li><strong><a href=\"https:\/\/www.entreprises.cci-paris-idf.fr\/documents\/20152\/0\/CCSF-+DDFIP+Seine-Saint-Denis-+soutien+aux+entreprises+en+difficult%C3%A9s.pdf\/bec094b2-af9f-f9c0-31bc-0859855b7d87\">Fiche technique relative \u00e0 la nature et aux modalit\u00e9s de saisine de la commission des chefs des services financiers (CCSF)<\/a><\/strong><\/li>\n<li><strong><a href=\"https:\/\/www.entreprises.cci-paris-idf.fr\/documents\/20152\/0\/Fiche+produit+-+Pr%C3%AAt+garanti+par+l%27Etat.pdf\/7f420524-7eda-a70f-76a3-8c3559aa414a\">Fiche de rappel sur l&rsquo;accessibilit\u00e9 du pr\u00eat garanti par l&rsquo;\u00c9tat (PGE)<\/a><\/strong><\/li>\n<li><strong><a href=\"https:\/\/www.entreprises.cci-paris-idf.fr\/documents\/20152\/0\/Pr%C3%AAt+Rebond+IDF.pdf\/74693fe2-505f-bfd1-3e43-ff7336771324\">Fiche technique sur le \u00ab\u00a0Pr\u00eat Rebond\u00a0\u00bb, port\u00e9 par BPIFRANCE et le Conseil r\u00e9gional d&rsquo;\u00cele-de-France\u00a0<\/a><\/strong><\/li>\n<li><strong><a href=\"https:\/\/www.entreprises.cci-paris-idf.fr\/documents\/20152\/0\/IDF_Fonds_Re%C2%B4silience.pdf\/74f4e4da-3c06-32eb-a11a-90b294a56096\">Fiche de pr\u00e9sentation du \u00ab\u00a0Fonds R\u00e9silience \u00cele-de-France et collectivit\u00e9s\u00a0\u00bb<\/a><\/strong><\/li>\n<li><strong><a href=\"https:\/\/www.entreprises.cci-paris-idf.fr\/documents\/20152\/0\/FDS+2.pdf\/756f4cb6-7fd1-8f35-52b3-6d44eaa6b23d\">Guide \u00e0 destination des entreprises souhaitant b\u00e9n\u00e9ficier des aides du second volet du fonds de solidarit\u00e9 (instruites par le conseil r\u00e9gional \u00cele-de-France)<\/a>\u00a0<\/strong><\/li>\n<li><strong>Gouvernement :\u00a0<a href=\"https:\/\/www.economie.gouv.fr\/files\/files\/PDF\/2020\/Coronavirus-MINEFI-10032020.pdf\">Coronavirus : fiches pratiques\u00a0sur les mesures d&rsquo;aide aux entreprises<\/a><\/strong><\/li>\n<li>D\u00e9marche de la com\u00f9unaut\u00e9 d&rsquo;agglom\u00e9ration de PARIS SACLAY : <a href=\"https:\/\/www.reseau-mesure.com\/wp-content\/uploads\/2020\/09\/FONDS-RESILIENCE.pdf\">Fonds r\u00e9silience<\/a> et <a href=\"https:\/\/www.reseau-mesure.com\/wp-content\/uploads\/2020\/09\/Flyer_CAPE.pdf\">CAPE<\/a><\/li>\n<li>\n<p><a href=\"https:\/\/entreprises.ademe.fr\/dispositif-aide\/20200729\/concours-innovation2020-132\"><strong>L&rsquo;Agence pour la transition \u00e9cologique (ADEME) soutient les entreprises qui innovent. <\/strong><\/a><\/p>\n<\/li>\n<\/ul>\n<p>&nbsp;<\/p>\nSuite aux nouvelles mesures sanitaires annonc\u00e9es le 23 septembre dernier,\u00a0<strong>le Gouvernement renforce le soutien aux entreprises impact\u00e9es par les nouvelles restrictions d&rsquo;accueil au public li\u00e9es \u00e0 l&rsquo;\u00e9tat de la situation sanitaire dans certains territoires<\/strong>.<br \/>\nParmi les dispositifs intensifi\u00e9s, figurent notamment :\n&#8211;\u00a0<strong>Le renforcement du volet 1 du fonds de solidarit\u00e9<\/strong>\u00a0: prise en charge de la perte de chiffre d&rsquo;affaires jusqu&rsquo;\u00e0 10 000\u20ac par mois pour les entreprises ferm\u00e9es administrativement ainsi que pour les entreprises vis\u00e9es par des restrictions (fermeture \u00e0 22h pour les bars et abaissement de la jauge \u00e0 1000 personnes pour les rassemblements) justifiant d&rsquo;une perte de chiffre d&rsquo;affaires sup\u00e9rieure \u00e0 80%, contre une aide mensuelle de 1 500\u20ac auparavant ;<br \/>\n&#8211;<strong>\u00a0Le prolongement de l&rsquo;activit\u00e9 partielle<\/strong>, jusqu&rsquo;\u00e0 la lev\u00e9e de la fermeture ou de la restriction horaire ;<br \/>\n&#8211;\u00a0<strong>L&rsquo;exon\u00e9ration de cotisations sociales<\/strong>\u00a0pendant la p\u00e9riode de fermeture ou de restriction horaire.\n<p>\u00a0<\/p>\n<h2>Activit\u00e9 Partielle :<\/h2>\n<p><strong>La ministre du Travail, \u00c9lisabeth Borne, a annonc\u00e9 mercredi 30 septembre, en \u00e9chos aux demandes du MEDEF et des secteurs concern\u00e9s, le maintien dans les conditions actuelles jusqu&rsquo;\u00e0 la fin de l&rsquo;ann\u00e9e du dispositif d&rsquo;activit\u00e9 partielle d\u00e9rogatoire pour l&rsquo;ensemble des secteurs consid\u00e9r\u00e9s comme particuli\u00e8rement affect\u00e9s par la crise de la Covid-19 et non pour le seul secteur de l&rsquo;h\u00f4tellerie-restauration comme annonc\u00e9 hier.<\/strong><\/p>\n<p>Ainsi, les secteurs prot\u00e9g\u00e9s, les plus touch\u00e9s par la crise, list\u00e9s en annexes du\u00a0<a href=\"http:\/\/email.mailgun2.assoconnect.com\/c\/eJwVj01vgkAYhH8N3Er2A5A9cEARrTS2hmqwlwZ2X4SE3ZWPxcZf33Uyt8lM5hExbxirwO1iggjCCBFshZiHvWCz3aZoE9LUj9bpKnV8JKuuvxlFvGqaNNdKAZ89rqXbxlVNaeTzCAiE4CNMEGU0wBDyOoxwQ90-buf57tDEIZm1bUmjOl7NnVaeBAGN14w22BcOzWqHps8T3nenbOiDP3EJ9e76_jXkovi9ML9lzzMey9NuhR_3peRoLcuEnA8_9TFhH0Ybmd8-HRJyO3Nt1XIUvjjkuT02fBf1YpKHO8YgTNPr2WKNMEFl3iRMZoQXzz8gOFcT\">d\u00e9cret du 29 juin 2020\u00a0<\/a>qui auraient d\u00fb avoir un reste \u00e0 charge de 15% \u00e0 compter du 1er novembre devraient finalement pouvoir b\u00e9n\u00e9ficier d&rsquo;un taux d&rsquo;allocation d&rsquo;activit\u00e9 partielle plus favorable de 70% de la r\u00e9mun\u00e9ration horaire brute (100% de l&rsquo;indemnit\u00e9 vers\u00e9e, z\u00e9ro reste \u00e0 charge) jusqu&rsquo;au 31 d\u00e9cembre 2020.<\/p>\n<p>En parall\u00e8le, un\u00a0<a href=\"http:\/\/email.mailgun2.assoconnect.com\/c\/eJwVj81OhDAAhJ8GbpJSKKUHDrAsoiSrZI1xT6b0ZyGh7QItEp_eOpnbZGby8YJJQqgIpwICCGIAYOwFSBRH6HQ-1-CUJXWaVzWugxQoOs13p2FEt80wo7VgNmJGhWNBEOBc5gznnGAqcSZxSsEQI8oE4ywN52K09hEkZQAbb99STk-M2snoSAkuZCRXH7TXIGmGIKl_-7id-maZ0cE_M_N8e3lfOnkcXF36ibnuLSlbd4C8wV_kDna4KW3td1sh9Kha7a9gxvzMbdT7haf8tesykS4f12F35U-4FoI7ORvrsVaxCeqelNjcKv55_gA2iljf\"><strong>d\u00e9cret du 29 septembre 2020<\/strong><\/a>\u00a0relatif \u00e0 l&rsquo;activit\u00e9 partielle et au dispositif sp\u00e9cifique d&rsquo;activit\u00e9 partielle en cas de r\u00e9duction d&rsquo;activit\u00e9 durable publi\u00e9 ce mercredi 30 septembre 2020 apporte plusieurs modifications aux dispositifs d&rsquo;activit\u00e9 partielle :<\/p>\n<p>1. s&rsquo;agissant du r\u00e9gime d&rsquo;activit\u00e9 partielle de droit commun :<strong>\u00a0le d\u00e9lai d&rsquo;instruction<\/strong>\u00a0par l&rsquo;administration des demandes pr\u00e9alables d&rsquo;autorisation d&rsquo;activit\u00e9 partielle, qui avait \u00e9t\u00e9 raccourcis \u00e0 48h,\u00a0<strong>est de nouveau port\u00e9s \u00e0 quinze jours<\/strong>\u00a0;<\/p>\n<p>2. concernant le r\u00e9gime d&rsquo;activit\u00e9 partielle de longue dur\u00e9e (APLD) :<\/p>\n<ul>\n<li><strong>le texte fixe un taux unique d&rsquo;allocation vers\u00e9e aux entreprises &#8211; 60 % de la r\u00e9mun\u00e9ration horaire brute limit\u00e9e \u00e0 4,5 fois le taux horaire du Smic &#8211; pour toute la dur\u00e9e du dispositif\u00a0<\/strong>, et supprime donc la diminution de ce taux initialement pr\u00e9vue au 1er octobre ;<\/li>\n<li><strong>ce m\u00eame d\u00e9cret assouplit les conditions de remboursement en cas de non-respect des engagements de maintien de l&#8217;emploi\u00a0<\/strong>: le remboursement d\u00fb par l&#8217;employeur n&rsquo;est pas exigible si les perspectives d&rsquo;activit\u00e9 se sont d\u00e9grad\u00e9es par rapport \u00e0 celles pr\u00e9vues dans l&rsquo;accord collectif ou le document unilat\u00e9ral de l&#8217;employeur.<\/li>\n<\/ul>\n<p>&nbsp;<\/p>\n<p><u>A noter, concernant l&rsquo;activit\u00e9 partielle pour garde d&rsquo;enfant<\/u>\u00a0: les salari\u00e9s de droit priv\u00e9 parents d&rsquo;un enfant de moins de 16 ans ou d&rsquo;un enfant handicap\u00e9 qui sont contraints de garder leur enfant en raison de la fermeture pour raison sanitaire de la section, de la classe ou de l&rsquo;\u00e9tablissement d&rsquo;accueil de leur enfant ou en raison de l&rsquo;identification de leur enfants comme cas contact, sans pouvoir t\u00e9l\u00e9travailler, peuvent depuis le 1er septembre \u00eatre plac\u00e9s en activit\u00e9 partielle, d\u00e9clar\u00e9e par leur employeur et \u00eatre indemnis\u00e9s \u00e0 ce titre (pr\u00e9cisions du Minist\u00e8re\u00a0<a href=\"http:\/\/email.mailgun2.assoconnect.com\/c\/eJwVj8lugzAARL8GbkG2MRAfOJA4lEIbhRBFTW-Ol9oS2GVxunx96WhuozfSEzlXhDAZmhwBBCAACK4BJIJRsj8cKNinMcXbHc1ogMHATP_hLYrYPDvurJV8ibgbQp1nEDCpMka2ChIBCIFpikAmOCYYwkyEfa6X5TOIiwCVa1dq8NZwthhno0EKqSI1rUPVBXF5D2L628LKtOXYJ9_imrqn2_NpbC5naRrgDDm5brfRrXvhb21dJFV9LTz90fZVazFi_n48Byjl681N28dRYFE3TSrxeOnuD198hVMuhVe9W1atSc6S-c0gZz_Jf58_HqlXLw\"><strong>\u00e0 consulter ici)<\/strong><\/a>.<\/p>\n<p><strong>Pour plus d&rsquo;information vous trouverez\u00a0<a href=\"http:\/\/email.mailgun2.assoconnect.com\/c\/eJwVj8lugzAARL8GbraMWX3gQFgKQWobUTXJ0XgJVIADGJrm6-uM5jaaJz0eM0kIFXYfY4SRgxB2TBCBDvTTPM9QGriZFx2yMLM8NNJ-uG0ThnRdFVPTJJiGTI12FyNJcBSFVEYcU0di38BaxBEhLSasDe0h7rS-W25i4cLUvMZt6hnVvZrgKLiQUC5mKBvLLVrLzZ4np-xPxTz4D_4dqLdr9TnXrPsDF4ZKcbxUHzk4Bz90PEfJAA7pUoFifwS359BooNjdwgEzmGs37e_c48e6DoQ3fzXtviW_9hILvslBaaO1iFXQDYxi3Rbx8vkHPzlXRw\">une note<\/a>\u00a0\u00e0 jour relative aux derni\u00e8res actualit\u00e9s et \u00e9volutions \u00e0 venir des dispositifs d&rsquo;activit\u00e9 partielle.<\/strong><\/p>\n<table>\n<tbody>\n<tr>\n<td width=\"10\"><\/td>\n<td>\n<table>\n<tbody>\n<tr>\n<td>\n<table width=\"100%\">\n<tbody>\n<tr>\n<td>\n<h2><strong>Nouvelles pour les modalit\u00e9s Innov&rsquo;up, l&rsquo;aide r\u00e9gionale \u00e0 l&rsquo;innovation simplifi\u00e9e et renforc\u00e9e !<\/strong><\/h2>\n<strong><br \/>\n<\/strong><strong>La R\u00e9gion \u00cele-de-France en partenariat avec Bpifrance\u00a0<\/strong><strong>renforc\u00e9e et simplifi\u00e9e l&rsquo;aide r\u00e9gionale \u00e0 l&rsquo;innovation, Innov&rsquo;up,<\/strong>\u00a0destin\u00e9e \u00e0 soutenir les PME et ETI d&rsquo;\u00cele-de-France (y compris les associations porteuses d&rsquo;une activit\u00e9 \u00e9conomique) portant un projet d&rsquo;innovation, \u00e0 tous les stades de maturit\u00e9 (faisabilit\u00e9, d\u00e9veloppement, prototype, exp\u00e9rimentation) et quelle que soit la nature de l&rsquo;innovation (technologique, de proc\u00e9d\u00e9, de design, innovation sociale &#8230;) .\n<p>Soutenir les capacit\u00e9s d&rsquo;innovation du territoire est\u00a0<strong>une priorit\u00e9 du plan de relance de l&rsquo;\u00cele-de-France<\/strong>\u00a0.\u00a0Aussi la R\u00e9gion et Bpifrance se sont engag\u00e9s \u00e0 mobiliser\u00a0<strong>plus de 50 M \u20ac<\/strong>\u00a0en 2021 pour soutenir les projets d&rsquo;innovation de\u00a0<strong>pr\u00e8s de 500 entreprises<\/strong>franciliennes, soit\u00a0<strong>une progression de plus de 50%<\/strong>\u00a0par rapport aux ann\u00e9es pr\u00e9c\u00e9dentes.<\/p>\n<p>Afin de pouvoir apporter un soutien adapt\u00e9 \u00e0 chaque projet, le\u00a0<strong>plafond de subvention est port\u00e9 de 100 000 \u20ac \u00e0 500 000 \u20ac<\/strong>\u00a0et celui du compl\u00e9ment d&rsquo;avance r\u00e9cup\u00e9rable ou de pr\u00eat bonifi\u00e9 est port\u00e9 de\u00a0<strong>1 \u00e0 3 millions d&rsquo;euros par projet<\/strong>\u00a0.<\/p>\n<p>Pour simplifier l&rsquo;acc\u00e8s aux aides,\u00a0<strong>un guichet et un dossier<\/strong>\u00a0unique sont d\u00e9sormais accessibles aux PME et ETI d&rsquo;Ile-de-France.\u00a0Pour rendre cela possible, l&rsquo;Ile-de-France est la premi\u00e8re r\u00e9gion \u00e0 avoir interconnect\u00e9 son syst\u00e8me d&rsquo;information avec celui de Bpifrance.<\/p>\nVous trouverez plus d&rsquo;informations sur Innov&rsquo;up et comment postuler sur :<\/td>\n<\/tr>\n<\/tbody>\n<\/table>\n<\/td>\n<\/tr>\n<\/tbody>\n<\/table>\n<\/td>\n<td width=\"10\">.<\/td>\n<td width=\"10\">.<\/td>\n<\/tr>\n<tr>\n\n<td>\n<table>\n<tbody>\n<tr>\n<td>\n<table width=\"100%\">\n<tbody>\n<tr>\n<td><a href=\"http:\/\/email.mailgun2.assoconnect.com\/c\/eJwVTjsOwyAUO03YiviGMjAkVXsPAo8WKYGIT3P9UtmDbVmyvXFBawsoGkYYJZQoygc0pnhdFZHL_FTyocSi2CTIYeP-7olhW2t2OSVwDbt8oI-ZNQkiMELBbkJqKhlXjAdKNsHv3M9oN5_WzjrxZWKvweu6cNzBQyg2OcChjBDqaR3cDvDRDhtTyt9-DoWKAd_Dntu4UaCC7aNVe4H__g9JWT1m\"><strong>www.innovup.iledefrance.fr <\/strong><strong>\u2192<\/strong><\/a><\/td>\n<\/tr>\n<\/tbody>\n<\/table>\n<\/td>\n<\/tr>\n<\/tbody>\n<\/table>\n<\/td>\n\n\n<\/tr>\n<tr>\n\n<td>\n<table>\n<tbody>\n<tr>\n<td>\n<table width=\"100%\">\n<tbody>\n<tr>\n<td><a href=\"http:\/\/email.mailgun2.assoconnect.com\/c\/eJwVjttqxDAMRL8meauxlThuHvKQXbrQryheW-4afEl92fx-FSQ0wzCIYzfj1lXj6DfgILjgSkw0KxPsdlNc7suXknc17wqGmUftw29PwHSt2eSU0DRmchxfG2qnzNNaK5_LpGbONYcJ5kVIYT-VxTFsr9aOOkz7AA_a8zyZD2jRFZ0MMlcorL5hJaVU99DIOepcSUTr9WWIk5MIoHPPMfbk_zq9OQrWij_fKeX3ABJUP9hh3Vg2tN2F3IifKqj7R8TaC17g_1EyUPw\"><strong>Voir le communiqu\u00e9 de presse <\/strong><strong>\u2192<\/strong><\/a><\/td>\n<\/tr>\n<\/tbody>\n<\/table>\n<\/td>\n<\/tr>\n<\/tbody>\n<\/table>\n<\/td>\n\n\n<\/tr>\n<\/tbody>\n<\/table>\n<p><strong>Pour aller plus loin &#8230;.<\/strong><\/p>\n<p>COVID-19\u00a0&#8211; L&rsquo;impact juridique de la crise\u00a0: <a href=\"https:\/\/wenner.eu\/fr\/la-table-ronde-de-wenner-covid-19\/\">https:\/\/wenner.eu\/fr\/la-table-ronde-de-wenner-covid-19\/<\/a><\/p>\n<p>COVID-19\u00a0&#8211; La reprise\/poursuite de l&rsquo;activit\u00e9 des entreprises pendant le confinement\u00a0: <a href=\"https:\/\/wenner.eu\/fr\/covid-19-la-table-ronde-de-wenner-du-22-avril-2020\/\">https:\/\/wenner.eu\/fr\/covid-19-la-table-ronde-de-wenner-du-22-avril-2020\/<\/a><\/p>\n<p>COVID-19\u00a0&#8211; Comment sauvegarder mon entreprise\u00a0?\u00a0: <a href=\"https:\/\/wenner.eu\/fr\/video-covid-19-comment-sauvegarder-mon-entreprise\/\">https:\/\/wenner.eu\/fr\/video-covid-19-comment-sauvegarder-mon-entreprise\/<\/a><\/p>\n<p>COVID-19\u00a0&#8211; La responsabilit\u00e9 de la maison m\u00e8re et des dirigeants pour leur(s) filiale(s) fran\u00e7aise(s)\u00a0: <a href=\"https:\/\/wenner.eu\/fr\/video-covid-19-la-responsabilite-de-la-maison-mere-et-des-dirigeants-pour-leurs-filiales-francaises\/\">https:\/\/wenner.eu\/fr\/video-covid-19-la-responsabilite-de-la-maison-mere-et-des-dirigeants-pour-leurs-filiales-francaises\/<\/a><\/p>\n<p>DISPOSITIFS \u00c0 DESTINATION DES ENTREPRISES INDUSTRIELLES<\/p>\n<p><a href=\"http:\/\/email.mailgun2.assoconnect.com\/c\/eJwVj8lSg0AURb8GdqEePQRYsEgbEI0S0RjZNj0AhkGbwVS-Pm3V3d06p-rIWOgo4sptYwQIIPIRhD5Q7PneHmiSMrKjATBGgDgEet529TIgj0_TKMZhUGL2xNi7TUx4gLGvgWAaUpBBpKgEYrFAarGl0u3iZp5_HLxzUGpnqX4ZWsHndhy8XkmlPW3skX04OK0cvOejfyvLktZnVG9MV5_OX_maKnm65tfD5fLWPCe6bV_N5t1fH4pQ_h2DJ6ZZVuWHGVhmXVthNd-mkP16Sx6pOmpJP9P8pfotXBMruehunG2WUZPiy6ZX02LUf88dC4hXGA\"><strong>-&gt; Acc\u00e9der \u00e0 la brochure<\/strong><\/a><\/p>\n<p>&nbsp;<\/p>\n\t\t\t<a href=\"https:\/\/www.reseau-mesure.com\/wp-content\/uploads\/2020\/03\/7-CP-FBF-15-mars-2020-Coronavirus-mobilisation-totale-des-banques-fran\u00e7aises.pdf\" target=\"_self\" role=\"button\" rel=\"noopener\">\n\t\t\t\t\t\t\tCoronavirus : mobilisation totale des banques fran\u00e7aises Des modalit\u00e9s simples et concr\u00e8tes au service des entreprises\n\t\t\t\t\t<\/a>\n\t\t\t<a href=\"https:\/\/www.reseau-mesure.com\/wp-content\/uploads\/2020\/03\/COVID_19_Formulaire_Demande_Report_Paiement.pdf\" target=\"_self\" role=\"button\" rel=\"noopener\">\n\t\t\t\t\t\t\tCOVID 19 Formulaire Demande Report Paiement\n\t\t\t\t\t<\/a>\n\t\t\t<a href=\"https:\/\/www.reseau-mesure.com\/wp-content\/uploads\/2020\/03\/COVID-AIDE-ENTREPRISE-BROCHURE_OK7-DEF.pdf\" target=\"_self\" role=\"button\" rel=\"noopener\">\n\t\t\t\t\t\t\tCOVID BROCHURE AIDE ENTREPRISES \n\t\t\t\t\t<\/a>\n\t\t\t<a href=\"https:\/\/www.reseau-mesure.com\/wp-content\/uploads\/2020\/03\/3-modele_demande_delai_paiement_ou_remise_impots_covid19.pd_.pdf\" target=\"_self\" role=\"button\" rel=\"noopener\">\n\t\t\t\t\t\t\tmodele demande delai paiement ou remise impots covid19.pd\n\t\t\t\t\t<\/a>\n\t\t\t<a href=\"https:\/\/www.entreprendre-cergypontoise.fr\/services-aux-entreprises\/covid-19-guide-pratique-des-aides-et-mesures-pour-les-entreprises\" target=\"_self\" role=\"button\" rel=\"noopener\">\n\t\t\t\t\t\t\tguide pratique des aides sur mesure pour les entreprises\n\t\t\t\t\t<\/a>\n\t\t\t<a href=\"https:\/\/www.reseau-mesure.com\/wp-content\/uploads\/2020\/03\/CP-d\u00e9lai-30-jours.docx\" target=\"_self\" role=\"button\" rel=\"noopener\">\n\t\t\t\t\t\t\tLe minist\u00e8re du travail donne 30 jours aux entreprises pour d\u00e9clarer leur activit\u00e9 partielle, avec effet r\u00e9troactif\n\t\t\t\t\t<\/a>\n\t\t\t<a href=\"https:\/\/www.reseau-mesure.com\/wp-content\/uploads\/2020\/03\/coronavirus_faq_entreprises.pdf\" target=\"_self\" role=\"button\" rel=\"noopener\">\n\t\t\t\t\t\t\tFAQ &#8211; Accompagnement des entreprises &#8211; Coronavirus\n\t\t\t\t\t<\/a>\n\t\t\t<a href=\"https:\/\/www.reseau-mesure.com\/wp-content\/uploads\/2020\/03\/Fiche-produit-Pr\u00eat-garanti-par-lEtat.pdf\" target=\"_self\" role=\"button\" rel=\"noopener\">\n\t\t\t\t\t\t\tPr\u00eat garanti par l&rsquo;Etat\n\t\t\t\t\t<\/a>\n\t<p><strong><a href=\"http:\/\/p7tre.emv3.com\/HP?b=v-2OA1iK0Jv9rEae3gT7ist0VE93P3Zq2Q6XOCKnqF4As15KJkpkexYCDNL2mQah&amp;c=C5_wCqMrpBI1j0yqKA5L-w\">Coronavirus \/ COVID-19<\/a><\/strong><\/p>\n<p><strong>Le droit \u00e0 la r\u00e9duction d&rsquo;imp\u00f4ts gr\u00e2ce aux dons<\/strong><\/p>\n<table width=\"100%\">\n<tbody>\n<tr>\n<td width=\"100%\">\n<table width=\"100%\">\n<tbody>\n<tr>\n<td>Face \u00e0 la propagation du COVID-19, les organismes sans but lucratif ont plus que jamais, besoin d&rsquo;aides et d&rsquo;un t\u00e9moignage de solidarit\u00e9. C&rsquo;est en particulier le cas de tous les organismes qui \u0153uvrent dans la lutte contre le virus.\n<p><strong>Ce document d\u00e9crit les principales mesures\u00a0fiscales :<\/strong><\/p>\n<ul>\n<li>A qui ? <em>Les organismes b\u00e9n\u00e9ficiaires<\/em><\/li>\n<li>Comment ? <em>La nature des dons\u00a0<\/em><\/li>\n<li>Quelle r\u00e9duction d&rsquo;imp\u00f4t pour l&rsquo;entreprise ?<\/li>\n<li>Quelle r\u00e9duction d&rsquo;imp\u00f4t pour les particuliers ?<\/li>\n<\/ul>\n<h2>&#8211;&gt; <a href=\"http:\/\/Coronavirus \/ COVID-19 Le droit \u00e0 la r\u00e9duction d'imp\u00f4ts gr\u00e2ce aux dons Face \u00e0 la propagation du COVID-19, les organismes sans but lucratif ont plus que jamais, besoin d'aides et d'un t\u00e9moignage de solidarit\u00e9. C'est en particulier le cas de tous les organismes qui \u0153uvrent dans la lutte contre le virus. Ce document d\u00e9crit les principales mesures\u00a0fiscales : A qui ? Les organismes b\u00e9n\u00e9ficiaires Comment ? La nature des dons\u00a0 Quelle r\u00e9duction d'imp\u00f4t pour l'entreprise ?\u00a0 Quelle r\u00e9duction d'imp\u00f4t pour les particuliers ?\">Les R\u00e9ponses SVP<\/a><\/h2>\n<\/td>\n<\/tr>\n<\/tbody>\n<\/table>\n<\/td>\n<\/tr>\n<\/tbody>\n<\/table>\n<p>&nbsp;<\/p>\n\t\t\t<a href=\"https:\/\/www.reseau-mesure.com\/ressources-documentaires\/\" target=\"_self\" role=\"button\" rel=\"noopener\">\n\t\t\t\t\t\t\tRetour aux ressources documentaires\n\t\t\t\t\t<\/a>\n\n","protected":false},"excerpt":{"rendered":"<p>Finanzierungsl\u00f6sungen \u00d6ffentliche Beihilfen, Factoring\u2026 Wie nach der Gesundheitskrise handeln? Hilfssystem f\u00fcr VSE-KMU Am Ende des Treffens zur Unterst\u00fctzung der von der Gesundheitskrise betroffenen Sektoren vom 30. August 2021 k\u00fcndigte Bruno Le Maire die folgenden Entwicklungen in Bezug auf Unterst\u00fctzungsma\u00dfnahmen in\u2026<\/p>","protected":false},"author":685,"featured_media":0,"parent":0,"menu_order":0,"comment_status":"closed","ping_status":"closed","template":"","meta":{"_acf_changed":false,"footnotes":""},"class_list":["post-10722","page","type-page","status-publish","hentry"],"acf":[],"yoast_head":"<!-- This site is optimized with the Yoast SEO plugin v27.5 - https:\/\/yoast.com\/product\/yoast-seo-wordpress\/ -->\n<title>Solutions de financement : aides publiques, affacturage \u2026 - R\u00e9seau Mesure<\/title>\n<meta name=\"description\" content=\"L&#039;accompagnement du dirigeant est une mission prioritaire du R\u00e9seau Mesure. La solitude du chef d&#039;entreprise n&#039;est plus un probl\u00e8me.\" \/>\n<meta name=\"robots\" content=\"index, follow, max-snippet:-1, max-image-preview:large, max-video-preview:-1\" \/>\n<link rel=\"canonical\" href=\"https:\/\/www.reseau-mesure.com\/de\/ressources-documentaires-accompagnement-reprise-suite-covid-19-financement\/\" \/>\n<meta property=\"og:locale\" content=\"de_DE\" \/>\n<meta property=\"og:type\" content=\"article\" \/>\n<meta property=\"og:title\" content=\"Solutions de financement : aides publiques, affacturage \u2026 - R\u00e9seau Mesure\" \/>\n<meta property=\"og:description\" content=\"L&#039;accompagnement du dirigeant est une mission prioritaire du R\u00e9seau Mesure. La solitude du chef d&#039;entreprise n&#039;est plus un probl\u00e8me.\" \/>\n<meta property=\"og:url\" content=\"https:\/\/www.reseau-mesure.com\/de\/ressources-documentaires-accompagnement-reprise-suite-covid-19-financement\/\" \/>\n<meta property=\"og:site_name\" content=\"R\u00e9seau Mesure\" \/>\n<meta property=\"article:publisher\" content=\"https:\/\/www.facebook.com\/reseaumesure\/\" \/>\n<meta property=\"article:modified_time\" content=\"2022-01-14T17:13:23+00:00\" \/>\n<meta name=\"twitter:card\" content=\"summary_large_image\" \/>\n<meta name=\"twitter:site\" content=\"@ReseauMesure\" \/>\n<meta name=\"twitter:label1\" content=\"Gesch\u00e4tzte Lesezeit\" \/>\n\t<meta name=\"twitter:data1\" content=\"24\u00a0Minuten\" \/>\n<script type=\"application\/ld+json\" class=\"yoast-schema-graph\">{\"@context\":\"https:\\\/\\\/schema.org\",\"@graph\":[{\"@type\":\"WebPage\",\"@id\":\"https:\\\/\\\/www.reseau-mesure.com\\\/ressources-documentaires-accompagnement-reprise-suite-covid-19-financement\\\/\",\"url\":\"https:\\\/\\\/www.reseau-mesure.com\\\/ressources-documentaires-accompagnement-reprise-suite-covid-19-financement\\\/\",\"name\":\"Solutions de financement : aides publiques, affacturage \u2026 - R\u00e9seau Mesure\",\"isPartOf\":{\"@id\":\"https:\\\/\\\/www.reseau-mesure.com\\\/#website\"},\"datePublished\":\"2020-07-17T10:06:21+00:00\",\"dateModified\":\"2022-01-14T17:13:23+00:00\",\"description\":\"L'accompagnement du dirigeant est une mission prioritaire du R\u00e9seau Mesure. La solitude du chef d'entreprise n'est plus un probl\u00e8me.\",\"breadcrumb\":{\"@id\":\"https:\\\/\\\/www.reseau-mesure.com\\\/ressources-documentaires-accompagnement-reprise-suite-covid-19-financement\\\/#breadcrumb\"},\"inLanguage\":\"de\",\"potentialAction\":[{\"@type\":\"ReadAction\",\"target\":[\"https:\\\/\\\/www.reseau-mesure.com\\\/ressources-documentaires-accompagnement-reprise-suite-covid-19-financement\\\/\"]}]},{\"@type\":\"BreadcrumbList\",\"@id\":\"https:\\\/\\\/www.reseau-mesure.com\\\/ressources-documentaires-accompagnement-reprise-suite-covid-19-financement\\\/#breadcrumb\",\"itemListElement\":[{\"@type\":\"ListItem\",\"position\":1,\"name\":\"Accueil\",\"item\":\"https:\\\/\\\/www.reseau-mesure.com\\\/\"},{\"@type\":\"ListItem\",\"position\":2,\"name\":\"Solutions de financement : aides publiques, affacturage \u2026\"}]},{\"@type\":\"WebSite\",\"@id\":\"https:\\\/\\\/www.reseau-mesure.com\\\/#website\",\"url\":\"https:\\\/\\\/www.reseau-mesure.com\\\/\",\"name\":\"R\u00e9seau-Mesure\",\"description\":\"R\u00e9seau Mesure\",\"publisher\":{\"@id\":\"https:\\\/\\\/www.reseau-mesure.com\\\/#organization\"},\"potentialAction\":[{\"@type\":\"SearchAction\",\"target\":{\"@type\":\"EntryPoint\",\"urlTemplate\":\"https:\\\/\\\/www.reseau-mesure.com\\\/?s={search_term_string}\"},\"query-input\":{\"@type\":\"PropertyValueSpecification\",\"valueRequired\":true,\"valueName\":\"search_term_string\"}}],\"inLanguage\":\"de\"},{\"@type\":\"Organization\",\"@id\":\"https:\\\/\\\/www.reseau-mesure.com\\\/#organization\",\"name\":\"R\u00e9seau-Mesure\",\"url\":\"https:\\\/\\\/www.reseau-mesure.com\\\/\",\"logo\":{\"@type\":\"ImageObject\",\"inLanguage\":\"de\",\"@id\":\"https:\\\/\\\/www.reseau-mesure.com\\\/#\\\/schema\\\/logo\\\/image\\\/\",\"url\":\"https:\\\/\\\/www.reseau-mesure.com\\\/wp-content\\\/uploads\\\/2018\\\/02\\\/logo-max.png\",\"contentUrl\":\"https:\\\/\\\/www.reseau-mesure.com\\\/wp-content\\\/uploads\\\/2018\\\/02\\\/logo-max.png\",\"width\":545,\"height\":285,\"caption\":\"R\u00e9seau-Mesure\"},\"image\":{\"@id\":\"https:\\\/\\\/www.reseau-mesure.com\\\/#\\\/schema\\\/logo\\\/image\\\/\"},\"sameAs\":[\"https:\\\/\\\/www.facebook.com\\\/reseaumesure\\\/\",\"https:\\\/\\\/x.com\\\/ReseauMesure\",\"https:\\\/\\\/www.linkedin.com\\\/company\\\/reseau-mesure\\\/\"]}]}<\/script>\n<!-- \/ Yoast SEO plugin. -->","yoast_head_json":{"title":"Solutions de financement : aides publiques, affacturage \u2026 - R\u00e9seau Mesure","description":"L'accompagnement du dirigeant est une mission prioritaire du R\u00e9seau Mesure. La solitude du chef d'entreprise n'est plus un probl\u00e8me.","robots":{"index":"index","follow":"follow","max-snippet":"max-snippet:-1","max-image-preview":"max-image-preview:large","max-video-preview":"max-video-preview:-1"},"canonical":"https:\/\/www.reseau-mesure.com\/de\/ressources-documentaires-accompagnement-reprise-suite-covid-19-financement\/","og_locale":"de_DE","og_type":"article","og_title":"Solutions de financement : aides publiques, affacturage \u2026 - R\u00e9seau Mesure","og_description":"L'accompagnement du dirigeant est une mission prioritaire du R\u00e9seau Mesure. La solitude du chef d'entreprise n'est plus un probl\u00e8me.","og_url":"https:\/\/www.reseau-mesure.com\/de\/ressources-documentaires-accompagnement-reprise-suite-covid-19-financement\/","og_site_name":"R\u00e9seau Mesure","article_publisher":"https:\/\/www.facebook.com\/reseaumesure\/","article_modified_time":"2022-01-14T17:13:23+00:00","twitter_card":"summary_large_image","twitter_site":"@ReseauMesure","twitter_misc":{"Gesch\u00e4tzte Lesezeit":"24\u00a0Minuten"},"schema":{"@context":"https:\/\/schema.org","@graph":[{"@type":"WebPage","@id":"https:\/\/www.reseau-mesure.com\/ressources-documentaires-accompagnement-reprise-suite-covid-19-financement\/","url":"https:\/\/www.reseau-mesure.com\/ressources-documentaires-accompagnement-reprise-suite-covid-19-financement\/","name":"Solutions de financement : aides publiques, affacturage \u2026 - R\u00e9seau Mesure","isPartOf":{"@id":"https:\/\/www.reseau-mesure.com\/#website"},"datePublished":"2020-07-17T10:06:21+00:00","dateModified":"2022-01-14T17:13:23+00:00","description":"L'accompagnement du dirigeant est une mission prioritaire du R\u00e9seau Mesure. La solitude du chef d'entreprise n'est plus un probl\u00e8me.","breadcrumb":{"@id":"https:\/\/www.reseau-mesure.com\/ressources-documentaires-accompagnement-reprise-suite-covid-19-financement\/#breadcrumb"},"inLanguage":"de","potentialAction":[{"@type":"ReadAction","target":["https:\/\/www.reseau-mesure.com\/ressources-documentaires-accompagnement-reprise-suite-covid-19-financement\/"]}]},{"@type":"BreadcrumbList","@id":"https:\/\/www.reseau-mesure.com\/ressources-documentaires-accompagnement-reprise-suite-covid-19-financement\/#breadcrumb","itemListElement":[{"@type":"ListItem","position":1,"name":"Accueil","item":"https:\/\/www.reseau-mesure.com\/"},{"@type":"ListItem","position":2,"name":"Solutions de financement : aides publiques, affacturage \u2026"}]},{"@type":"WebSite","@id":"https:\/\/www.reseau-mesure.com\/#website","url":"https:\/\/www.reseau-mesure.com\/","name":"Netzwerk-Messung","description":"Netzwerkma\u00dfnahme","publisher":{"@id":"https:\/\/www.reseau-mesure.com\/#organization"},"potentialAction":[{"@type":"SearchAction","target":{"@type":"EntryPoint","urlTemplate":"https:\/\/www.reseau-mesure.com\/?s={search_term_string}"},"query-input":{"@type":"PropertyValueSpecification","valueRequired":true,"valueName":"search_term_string"}}],"inLanguage":"de"},{"@type":"Organization","@id":"https:\/\/www.reseau-mesure.com\/#organization","name":"Netzwerk-Messung","url":"https:\/\/www.reseau-mesure.com\/","logo":{"@type":"ImageObject","inLanguage":"de","@id":"https:\/\/www.reseau-mesure.com\/#\/schema\/logo\/image\/","url":"https:\/\/www.reseau-mesure.com\/wp-content\/uploads\/2018\/02\/logo-max.png","contentUrl":"https:\/\/www.reseau-mesure.com\/wp-content\/uploads\/2018\/02\/logo-max.png","width":545,"height":285,"caption":"R\u00e9seau-Mesure"},"image":{"@id":"https:\/\/www.reseau-mesure.com\/#\/schema\/logo\/image\/"},"sameAs":["https:\/\/www.facebook.com\/reseaumesure\/","https:\/\/x.com\/ReseauMesure","https:\/\/www.linkedin.com\/company\/reseau-mesure\/"]}]}},"_links":{"self":[{"href":"https:\/\/www.reseau-mesure.com\/de\/wp-json\/wp\/v2\/pages\/10722","targetHints":{"allow":["GET"]}}],"collection":[{"href":"https:\/\/www.reseau-mesure.com\/de\/wp-json\/wp\/v2\/pages"}],"about":[{"href":"https:\/\/www.reseau-mesure.com\/de\/wp-json\/wp\/v2\/types\/page"}],"author":[{"embeddable":true,"href":"https:\/\/www.reseau-mesure.com\/de\/wp-json\/wp\/v2\/users\/685"}],"replies":[{"embeddable":true,"href":"https:\/\/www.reseau-mesure.com\/de\/wp-json\/wp\/v2\/comments?post=10722"}],"version-history":[{"count":0,"href":"https:\/\/www.reseau-mesure.com\/de\/wp-json\/wp\/v2\/pages\/10722\/revisions"}],"wp:attachment":[{"href":"https:\/\/www.reseau-mesure.com\/de\/wp-json\/wp\/v2\/media?parent=10722"}],"curies":[{"name":"wp","href":"https:\/\/api.w.org\/{rel}","templated":true}]}}