{"id":11580,"date":"2020-11-23T12:07:08","date_gmt":"2020-11-23T11:07:08","guid":{"rendered":"https:\/\/www.reseau-mesure.com\/?page_id=11580"},"modified":"2020-11-23T17:07:04","modified_gmt":"2020-11-23T16:07:04","slug":"newsletter-20201126","status":"publish","type":"page","link":"https:\/\/www.reseau-mesure.com\/de\/newsletter-20201126\/","title":{"rendered":"Newsletter-20201126"},"content":{"rendered":"<img loading=\"lazy\" decoding=\"async\" src=\"https:\/\/www.reseau-mesure.com\/wp-content\/uploads\/2020\/07\/20ku.jpeg\" alt=\"20ku\" itemprop=\"image\" height=\"300\" width=\"970\" title=\"20ku\" onerror=\"this.style.display='none'\"  \/>\n<h1>\n\t\tExpress-Messnetzwerk\n\t<\/h1>\n<h2>\n\t\t26.11.2020\n\t<\/h2>\n<h2>\n\t\t<a href=\"https:\/\/www.reseau-mesure.com\/de\/evenements\/atelier-gestion-numerique-des-reseaux-deau-et-dassainissement-10-decembre-2020\/\" title=\"Workshop Digitales Management von Wasser- und Sanit\u00e4rnetzen 10. Dezember 2020\" target=\"_self\" rel=\"noopener noreferrer\">\n\t\tWorkshop Digitales Management von Wasser- und Sanit\u00e4rnetzen 10. Dezember 2020\n\t\t<\/a>\n\t<\/h2>\nDie Polen und Cluster arbeiten t\u00e4glich und umso mehr in dieser Zeit der Gesundheitskrise daran, unsere Gebiete, unsere Unternehmen und unsere Bildungs- und Forschungseinrichtungen bei der Organisation von Veranstaltungen oder Treffen zu unterst\u00fctzen, die dem Austausch und der Entwicklung innovativer Projekte f\u00f6rderlich sind . Wir sind stets bem\u00fcht, unsere \u00f6ffentlichen und privaten Partner zu unterst\u00fctzen <strong>ein Nachmittag voller Diskussionen \u00fcber die Digitalisierung der Wassernetze der Pariser Metropole<\/strong>. Unser Ziel wird es sein, auf die wichtigsten Herausforderungen zu reagieren: \u2022<strong> Verm\u00f6gensverwaltung von Infrastrukturen,<\/strong>\n<strong>\u2022 Umsetzung von Managementpl\u00e4nen,<\/strong>\n<strong>\u2022 genaue digitale Kenntnis des Standorts der Strukturen.<\/strong>\n<strong>Dieser Workshop wird entmaterialisiert und per Videokonferenz stattfinden<\/strong>. Der Link wird den Registranten mitgeteilt (alle Visios der Veranstaltung werden f\u00fcr die Erstellung der CRs aufgezeichnet.)\n<b>KONTEXT\u00a0<\/b>\nLokale Beh\u00f6rden und Betreiber von Sanit\u00e4r- und Trinkwassernetzen wollen das Wissen, das Management ihrer Infrastruktur und die Sicherheit der von ihnen verantworteten Sanit\u00e4r- und Trinkwassernetze verbessern. Seit 2012 sind auch sie von der Schadensabwehrreform betroffen, mit der Verpflichtung, ihre Netze beim One-Stop-Shop anzumelden und die Standorte seiner Strukturen festzulegen (ZIO). Die Digitalisierung und systematische Georeferenzierung von Netzwerken wird zu einem notwendigen Schritt f\u00fcr die Einreichung von ZIOs auf dem Single Window. Die neuen Anforderungen und Vorschriften erfordern die Implementierung von Innovationen und digitalen Tools f\u00fcr die Digitalisierung und das digitale Management, einschlie\u00dflich Datenmodellierung, technische Berechnungen und deren Integration in das BIM und GIS der Kommunen. Die Umsetzung dieser Innovationen und technischen L\u00f6sungen muss auch Probleme l\u00f6sen, die f\u00fcr diese Digitalisierung von Netzwerken spezifisch sind: \u2022 Interoperabilit\u00e4t von Daten in den verschiedenen Tools und Datenbanken, Abrechnung mit GIS und bestehenden Datenbanken \u2022 Digitale Verbindungsnetzwerke (Schnittstelle zwischen 2 verschiedenen Netzwerkmanagern, Pb der zu digitalisierenden Verbindungen) \u2022 Genauigkeiten der DICP-Geolokalisierung und Genauigkeitsklassen: Ziel der Sammlung von Erbedaten der Klasse A bis 2026 \u2022 Umsetzung eines Sanierungs-Masterplans Netzwerke (physischer Zustand) Ziel dieses Workshops ist es, die Abteilungen zusammenzubringen und Territorien, die ihr Feedback zu ihren Erfahrungen und dann zu ihren Bed\u00fcrfnissen \u00e4u\u00dfern und es Unternehmen und Forschern erm\u00f6glichen, ihre L\u00f6sungen und ihr Fachwissen vorzustellen. Ganz allgemein wird uns dieser Austausch zwischen \u00f6ffentlichen und privaten Akteuren erm\u00f6glichen, die Probleme und Erwartungen, aber auch die Koh\u00e4renz der verschiedenen L\u00f6sungen und Innovationen hervorzuheben und vollst\u00e4ndig zu verstehen.\n<a href=\"https:\/\/www.weezevent.com\/gestion-numerique-des-reseaux-deau-et-dassainissement\" target=\"_blank\" rel=\"noopener noreferrer\"><b>Meldepflicht HIER<\/b><\/a>\n<p><b>Kontinuit\u00e4t der bereits im EMS-Cluster organisierten Veranstaltungen mit den Partnern R\u00e9seau Mesure und Cap Digital im digitalen Bereich f\u00fcr das Management von Stadtwasser:<\/b><\/p>\nWorkshop mit dem 8. Juli 2019 mit AESN und DRIEE: Management-Tools zur Konformit\u00e4t von Verbindungen; Software-Sourcing zur \u00dcberwachung des Compliance-Diagnosemanagements\u00a0<a href=\"https:\/\/clusterems.org\/outils-de-gestion-de-mises-en-conformite-des-branchements-driee-cap-digital\/\" target=\"_blank\" rel=\"noopener noreferrer\"><b>\u00a0<\/b><\/a>\nInterpole- und Cluster-Workshop am 22. Januar 2020: Metrologie im st\u00e4dtischen Wassermanagement\n<b>Kontakte:\u00a0<\/b>\n<b>EMS-Cluster:<\/b> milena.gimenez@clusterems.org 07 79 31 80 40\n<b>Cap Digital:\u00a0<\/b>johanna.castel@capdigital.com 06 19 16 56 86\n<b>Netzwerkma\u00dfnahme:<\/b>\u00a0duflot.estelle@reseau-mesure.com 06 51 05 08 80\n\n\t\t\t\t<a href=\"https:\/\/www.reseau-mesure.com\/de\/evenements\/atelier-gestion-numerique-des-reseaux-deau-et-dassainissement-10-decembre-2020\/\" target=\"_blank\" rel=\"noopener noreferrer\" itemprop=\"url\">\n\t\t\t\t<img loading=\"lazy\" decoding=\"async\" src=\"https:\/\/www.reseau-mesure.com\/wp-content\/uploads\/2020\/11\/CLUSTER-EMS21.jpg\" alt=\"gestion num\u00e9rique des r\u00e9seaux d'eau et d'assainissement\" itemprop=\"image\" height=\"518\" width=\"920\" title=\"digitales Management von Wasser- und Sanit\u00e4rnetzen\" onerror=\"this.style.display='none'\"  \/>\n\t\t\t\t<\/a>\n\t<p><i>Dieser Workshop wird in Zusammenarbeit mit organisiert<\/i><\/p>\n\t\t\t\t<img loading=\"lazy\" decoding=\"async\" src=\"https:\/\/www.reseau-mesure.com\/wp-content\/uploads\/2020\/11\/En-partenariat-avec.png\" alt=\"partenaires journ\u00e9e du 10 12 2020\" itemprop=\"image\" height=\"1080\" width=\"1920\" title=\"In einer Beziehung mit\" onerror=\"this.style.display='none'\"  \/>\n\t\t\t\t<img loading=\"lazy\" decoding=\"async\" src=\"https:\/\/www.reseau-mesure.com\/wp-content\/uploads\/2020\/11\/v9i2r.png\" alt=\"intervenants journ\u00e9e du 10 12 2020\" itemprop=\"image\" height=\"328\" width=\"1172\" title=\"Sprechertag von 10 12 2020\" onerror=\"this.style.display='none'\"  \/>\n<b>PROGRAMM\u00a0<\/b>\nDie erste Phase des Workshops dreht sich um den Austausch zwischen Experten, Unternehmen, Gewerkschaften und Gemeinden in den 4 Departements der Pariser Metropole \u00fcber die Bed\u00fcrfnisse, R\u00fcckmeldungen und aufgetretenen Probleme. Die zweite Phase des Austauschs findet in kleinen Online-Rundtischgespr\u00e4chen statt spezifische Bed\u00fcrfnisse und die von Unternehmen und Forschungszentren vorgeschlagenen L\u00f6sungen.\n<b>13:30 Uhr | Willkommen und testen Sie Ihre Verbindungen<\/b>\n<b>14.00 Uhr | Einf\u00fchrung durch Netzwerke von Akteuren in den Bereichen Messung, Digital und Umwelt: Cap Digital, R\u00e9seau Mesure und Cluster Eau Milieux Sols<\/b>\n<b>14:15 Uhr | Vom DRIEE eingef\u00fchrtes Thema: Fragen der regulatorischen und wirtschaftlichen Entwicklung<\/b>\n<b>14:30 Uhr | Darstellung der Bed\u00fcrfnisse der Gebiete und Abteilungen der Metropole Greater Paris<\/b>\n<ul>\n<li>Mobilisierung aller Gebiete der Metropole in unterschiedlichen Ma\u00dfst\u00e4ben<\/li>\n<li>Alle Gebiete k\u00f6nnen die Merkmale ihrer Netzwerke, aktuelle Projekte, R\u00fcckmeldungen und \/ oder Bed\u00fcrfnisse zu diesem Thema darstellen, sodass alle Unternehmen den erwarteten Bedarf in der vorgelagerten Phase verstehen k\u00f6nnen.<\/li>\n<\/ul>\n<b>17.00 Uhr | Online-Zimmer \u00f6ffnen <\/b>\n<b>\u00a0 \u00a0 \u00a0 \u00a0 \u00a0 \u00a0 \u00a0 (1 Zimmer pro Gebiet <\/b>\n<b>\u00a0 \u00a0 \u00a0 \u00a0 \u00a0 \u00a0 \u00a0 \u00a0 - mehrere Teilnehmer in einem Raum)\u00a0<\/b>\n<b>18.00 Uhr | Schlie\u00dfung von Online-R\u00e4umen und Abschluss\u00a0<\/b>\n\n<h2>\n\t\t<a href=\"https:\/\/www.reseau-mesure.com\/de\/evenements\/11609\/\" title=\"Nehmen Sie an dem Treffen mit CQM + am 14. Dezember 2020 teil\" target=\"_self\" rel=\"noopener noreferrer\">\n\t\tNehmen Sie an dem Treffen mit CQM + am 14. Dezember 2020 teil\n\t\t<\/a>\n\t<\/h2>\n\t\t\t\t<a href=\"http:\/\/www.cqmplus.com\/\" target=\"_blank\" rel=\"noopener noreferrer\" itemprop=\"url\">\n\t\t\t\t<img loading=\"lazy\" decoding=\"async\" src=\"https:\/\/www.reseau-mesure.com\/wp-content\/uploads\/2020\/09\/cqm.png\" alt=\"CQM+\" itemprop=\"image\" height=\"126\" width=\"400\" title=\"cqm +\" onerror=\"this.style.display='none'\"  \/>\n\t\t\t\t<\/a>\n\t<strong>Ablauf des virtuellen Meetings:<\/strong>\n<ul>\n<li>Gruppenpr\u00e4sentation und ihre Funktionsweise<\/li>\n<li>Virtuelle Tour durch CRITTM2A:\n<ul>\n<li>Pr\u00e4sentation von Labor und Ausr\u00fcstung<br \/>\nvon C\u00e9dric ZSLAPKA (Experte f\u00fcr Messtechnik und Qualit\u00e4t)<\/li>\n<\/ul>\n<\/li>\n<li>Evolution 2021 f\u00fcr CQM +: Innovation im Dienste der Leistung?\n<ul>\n<li>Techniken<\/li>\n<li>Kommerziell<\/li>\n<\/ul>\n<\/li>\n<li>M\u00f6gliche kollaborative Synergien mit Mitgliedern des Messnetzwerks<\/li>\n<\/ul>\n\t<h2><\/h2>\n<p>&nbsp;<\/p>\n<h3><strong>Da die Messung ein wesentlicher Bestandteil der Wirtschaftsleistung ist, m\u00f6chte CQM + das beste Wissen zusammenbringen.<\/strong><\/h3>\n<h3><strong>Messung wird zum Aktivposten.<\/strong><\/h3>\n\tIm Rahmen der Meetings des Measurements Network bieten wir Ihnen a\u00a0<strong>virtuelle Tour durch\u00a0<a href=\"http:\/\/www.cqmplus.com\/\">CQM +<\/a>\u00a0<\/strong>und<strong>\u00a0ein Austauschgespr\u00e4ch<\/strong><br \/>\num zu entwickeln\u00a0<strong>potenzielle Bereiche der Zusammenarbeit <\/strong><strong>zwischen den Mitgliedern des Vereins und CQM +<\/strong>\n\t\t\t<a href=\"mailto:eduflot@reseau-mesure.com\" target=\"_self\" role=\"button\" rel=\"noopener noreferrer\">\n\t\t\t\t\t\t\tAnmeldungen\n\t\t\t\t\t<\/a>\n\t\t\t\t<img loading=\"lazy\" decoding=\"async\" src=\"https:\/\/www.reseau-mesure.com\/wp-content\/uploads\/2020\/11\/BANNIERE-INVITATION-2.jpg\" alt=\"CQM+\" itemprop=\"image\" height=\"101\" width=\"640\" title=\"CQM +\" onerror=\"this.style.display='none'\"  \/>\n<h2>\n\t\t<a href=\"http:\/\/www.mesures.com\/pdf\/MES_928_zPa_20201027.pdf\" title=\"Angebot zum Jahresende Ma\u00dfnahmen\" target=\"_self\" rel=\"noopener noreferrer\">\n\t\tAngebot zum Jahresende Ma\u00dfnahmen\n\t\t<\/a>\n\t<\/h2>\n\t<h2><\/h2>\n<h2><\/h2>\n<h2>Angebot zum Jahresende 2020<\/h2>\n<p><strong>Mitgliedschaftsangebot<\/strong><\/p>\n\u2794 1\/2 Seitenbreite<br \/>\n<strong>1000 \u20ac HT (statt 3550 \u20ac HT)<\/strong>\n<p>Klicken Sie auf das Bild, um die letzte Ausgabe der Ma\u00dfnahmen Nr. 928 anzuzeigen<\/p>\nF\u00fcr weitere Informationen wenden Sie sich bitte an:<br \/>\nNathalie Heurlin n.heurlin@mesures.com 02 98 27 79 99 06 87\n\t\t\t<a href=\"https:\/\/www.reseau-mesure.com\/wp-content\/uploads\/2020\/11\/Offre-de-fin-dannee-1000E.jpg\" target=\"_self\" role=\"button\" rel=\"noopener noreferrer\">\n\t\t\t\t\t\t\tich entdecke \n\t\t\t\t\t<\/a>\n\t\t\t\t<a href=\"http:\/\/www.mesures.com\/pdf\/MES_928_zPa_20201027.pdf\" target=\"_blank\" rel=\"noopener noreferrer\" itemprop=\"url\">\n\t\t\t\t<img loading=\"lazy\" decoding=\"async\" src=\"https:\/\/www.reseau-mesure.com\/wp-content\/uploads\/2020\/11\/Une_mesures928-212x300.png\" alt=\"couverture Mesures\" itemprop=\"image\" height=\"300\" width=\"212\" title=\"Deckungsma\u00dfnahmen\" onerror=\"this.style.display='none'\"  \/>\n\t\t\t\t<\/a>\n\t\t\t<a href=\"https:\/\/www.reseau-mesure.com\/de\/evenements\/\" target=\"_self\" role=\"button\" rel=\"noopener noreferrer\">\n\t\t\t\t\t\t\tDie komplette Agenda des Messnetzes\n\t\t\t\t\t<\/a>\n\t\t\t\t<img loading=\"lazy\" decoding=\"async\" src=\"https:\/\/www.reseau-mesure.com\/wp-content\/uploads\/2020\/08\/Plan-de-travail-3niveau-300x199.png\" alt=\"Plan de travail 3niveau\" itemprop=\"image\" height=\"199\" width=\"300\" title=\"Arbeitsplatte der 3. Ebene\" onerror=\"this.style.display='none'\"  \/>\n\t\t\t\t<a href=\"https:\/\/www.eventbrite.fr\/e\/billets-techdays-foodtech-123440940175\" target=\"_self\" itemprop=\"url\" rel=\"noopener noreferrer\">\n\t\t\t\t<img loading=\"lazy\" decoding=\"async\" src=\"https:\/\/www.reseau-mesure.com\/wp-content\/uploads\/2020\/11\/Save-the-Date-FoodTech-VF-002-202x300.jpg\" alt=\"Tech Days 01 12 2020\" itemprop=\"image\" height=\"300\" width=\"202\" title=\"Speichern Sie das Datum - FoodTech-VF (002)\" onerror=\"this.style.display='none'\"  \/>\n\t\t\t\t<\/a>\n\t<h1>Treffen rund um FoodTech<\/h1>\n<p><strong>Dienstag, 1. Dezember 2020<\/strong><\/p>\n<p><strong>8:15 bis 10:00 Uhr:<\/strong><\/p>\n<ul>\n<li><strong>Vitagora<\/strong>, FOODTECH und seine Herausforderungen\u00a0<em>Marthe JEWELL, Kommunikationsmanagerin<\/em><\/li>\n<li><strong>EBI \/ MERIEUX<\/strong> : Aufbau einer Partnerschaft mit \u00f6rtlichen Schulen, eine L\u00f6sung f\u00fcr die Ausbildung und Rekrutierung von Arbeitspl\u00e4tzen mit Mangel<\/li>\n<li><strong>CY ERRMECE<\/strong> - Wie bringt die Wissenschaft einen Mehrwert f\u00fcr Lebensmittel?<\/li>\n<\/ul>\n<ul>\n<li><\/li>\n<\/ul>\n<p><strong>10:00 bis 10:30 Uhr<\/strong>\u00a0: Vernetzung<\/p>\n<p>&nbsp;<\/p>\n<p>LIVE-SENDUNG AUF:<\/p>\n<p><a href=\"https:\/\/www.facebook.com\/techdays.rdv.innovation\/\" target=\"_blank\" rel=\"nofollow noopener noreferrer\">https:\/\/www.facebook.com\/techdays.rdv.innovation\/<\/a><\/p>\n<p><a href=\"https:\/\/www.youtube.com\/channel\/UCFZ-92kCIfO422vS0rgu4IA\" target=\"_blank\" rel=\"nofollow noopener noreferrer\">https:\/\/www.youtube.com\/channel\/UCFZ-92kCIfO422vS0rgu4IA<\/a><\/p>","protected":false},"excerpt":{"rendered":"<p>R\u00e9seau Mesure Express 26.11.2020 Workshop Digitales Management von Wasser- und Sanit\u00e4rnetzen 10. Dezember 2020 Die Polen und Cluster arbeiten t\u00e4glich und vor allem in dieser Zeit der Gesundheitskrise, um unsere Regionen, unsere Unternehmen und unsere Einrichtungen beim Unterrichten zu unterst\u00fctzen und Forschung bei der Einrichtung von Veranstaltungen oder Meetings, die ...<\/p>","protected":false},"author":685,"featured_media":0,"parent":0,"menu_order":0,"comment_status":"closed","ping_status":"closed","template":"","meta":{"_acf_changed":false,"footnotes":""},"class_list":["post-11580","page","type-page","status-publish","hentry"],"acf":[],"yoast_head":"<!-- This site is optimized with the Yoast SEO plugin v27.5 - https:\/\/yoast.com\/product\/yoast-seo-wordpress\/ -->\n<title>Newsletter-20201126 - R\u00e9seau Mesure<\/title>\n<meta name=\"robots\" content=\"index, follow, max-snippet:-1, max-image-preview:large, max-video-preview:-1\" \/>\n<link rel=\"canonical\" href=\"https:\/\/www.reseau-mesure.com\/de\/newsletter-20201126\/\" \/>\n<meta property=\"og:locale\" content=\"de_DE\" \/>\n<meta property=\"og:type\" content=\"article\" \/>\n<meta property=\"og:title\" content=\"Newsletter-20201126 - R\u00e9seau Mesure\" \/>\n<meta property=\"og:description\" content=\"R\u00e9seau Mesure Express 26.11.2020 Atelier Gestion num\u00e9rique des r\u00e9seaux d\u2019eau et d\u2019assainissement 10 D\u00e9cembre 2020 Les P\u00f4les et Cluster \u0153uvrent au quotidien et d\u2019autant plus en cette p\u00e9riode de crise sanitaire, pour accompagner nos territoires, nos entreprises et nos \u00e9tablissements d\u2019enseignements et de recherche dans la mise en place d\u2019\u00e9v\u00e9nements ou de rencontres propices aux&hellip;\" \/>\n<meta property=\"og:url\" content=\"https:\/\/www.reseau-mesure.com\/de\/newsletter-20201126\/\" \/>\n<meta property=\"og:site_name\" content=\"R\u00e9seau Mesure\" \/>\n<meta property=\"article:publisher\" content=\"https:\/\/www.facebook.com\/reseaumesure\/\" \/>\n<meta property=\"article:modified_time\" content=\"2020-11-23T16:07:04+00:00\" \/>\n<meta property=\"og:image\" content=\"https:\/\/www.reseau-mesure.com\/wp-content\/uploads\/2020\/07\/20ku.jpeg\" \/>\n<meta name=\"twitter:card\" content=\"summary_large_image\" \/>\n<meta name=\"twitter:site\" content=\"@ReseauMesure\" \/>\n<meta name=\"twitter:label1\" content=\"Gesch\u00e4tzte Lesezeit\" \/>\n\t<meta name=\"twitter:data1\" content=\"6\u00a0Minuten\" \/>\n<script type=\"application\/ld+json\" class=\"yoast-schema-graph\">{\"@context\":\"https:\\\/\\\/schema.org\",\"@graph\":[{\"@type\":\"WebPage\",\"@id\":\"https:\\\/\\\/www.reseau-mesure.com\\\/de\\\/newsletter-20201126\\\/\",\"url\":\"https:\\\/\\\/www.reseau-mesure.com\\\/de\\\/newsletter-20201126\\\/\",\"name\":\"Newsletter-20201126 - R\u00e9seau Mesure\",\"isPartOf\":{\"@id\":\"https:\\\/\\\/www.reseau-mesure.com\\\/#website\"},\"primaryImageOfPage\":{\"@id\":\"https:\\\/\\\/www.reseau-mesure.com\\\/de\\\/newsletter-20201126\\\/#primaryimage\"},\"image\":{\"@id\":\"https:\\\/\\\/www.reseau-mesure.com\\\/de\\\/newsletter-20201126\\\/#primaryimage\"},\"thumbnailUrl\":\"https:\\\/\\\/www.reseau-mesure.com\\\/wp-content\\\/uploads\\\/2020\\\/07\\\/20ku.jpeg\",\"datePublished\":\"2020-11-23T11:07:08+00:00\",\"dateModified\":\"2020-11-23T16:07:04+00:00\",\"breadcrumb\":{\"@id\":\"https:\\\/\\\/www.reseau-mesure.com\\\/de\\\/newsletter-20201126\\\/#breadcrumb\"},\"inLanguage\":\"de\",\"potentialAction\":[{\"@type\":\"ReadAction\",\"target\":[\"https:\\\/\\\/www.reseau-mesure.com\\\/de\\\/newsletter-20201126\\\/\"]}]},{\"@type\":\"ImageObject\",\"inLanguage\":\"de\",\"@id\":\"https:\\\/\\\/www.reseau-mesure.com\\\/de\\\/newsletter-20201126\\\/#primaryimage\",\"url\":\"https:\\\/\\\/www.reseau-mesure.com\\\/wp-content\\\/uploads\\\/2020\\\/07\\\/20ku.jpeg\",\"contentUrl\":\"https:\\\/\\\/www.reseau-mesure.com\\\/wp-content\\\/uploads\\\/2020\\\/07\\\/20ku.jpeg\"},{\"@type\":\"BreadcrumbList\",\"@id\":\"https:\\\/\\\/www.reseau-mesure.com\\\/de\\\/newsletter-20201126\\\/#breadcrumb\",\"itemListElement\":[{\"@type\":\"ListItem\",\"position\":1,\"name\":\"Accueil\",\"item\":\"https:\\\/\\\/www.reseau-mesure.com\\\/\"},{\"@type\":\"ListItem\",\"position\":2,\"name\":\"Newsletter-20201126\"}]},{\"@type\":\"WebSite\",\"@id\":\"https:\\\/\\\/www.reseau-mesure.com\\\/#website\",\"url\":\"https:\\\/\\\/www.reseau-mesure.com\\\/\",\"name\":\"R\u00e9seau-Mesure\",\"description\":\"R\u00e9seau Mesure\",\"publisher\":{\"@id\":\"https:\\\/\\\/www.reseau-mesure.com\\\/#organization\"},\"potentialAction\":[{\"@type\":\"SearchAction\",\"target\":{\"@type\":\"EntryPoint\",\"urlTemplate\":\"https:\\\/\\\/www.reseau-mesure.com\\\/?s={search_term_string}\"},\"query-input\":{\"@type\":\"PropertyValueSpecification\",\"valueRequired\":true,\"valueName\":\"search_term_string\"}}],\"inLanguage\":\"de\"},{\"@type\":\"Organization\",\"@id\":\"https:\\\/\\\/www.reseau-mesure.com\\\/#organization\",\"name\":\"R\u00e9seau-Mesure\",\"url\":\"https:\\\/\\\/www.reseau-mesure.com\\\/\",\"logo\":{\"@type\":\"ImageObject\",\"inLanguage\":\"de\",\"@id\":\"https:\\\/\\\/www.reseau-mesure.com\\\/#\\\/schema\\\/logo\\\/image\\\/\",\"url\":\"https:\\\/\\\/www.reseau-mesure.com\\\/wp-content\\\/uploads\\\/2018\\\/02\\\/logo-max.png\",\"contentUrl\":\"https:\\\/\\\/www.reseau-mesure.com\\\/wp-content\\\/uploads\\\/2018\\\/02\\\/logo-max.png\",\"width\":545,\"height\":285,\"caption\":\"R\u00e9seau-Mesure\"},\"image\":{\"@id\":\"https:\\\/\\\/www.reseau-mesure.com\\\/#\\\/schema\\\/logo\\\/image\\\/\"},\"sameAs\":[\"https:\\\/\\\/www.facebook.com\\\/reseaumesure\\\/\",\"https:\\\/\\\/x.com\\\/ReseauMesure\",\"https:\\\/\\\/www.linkedin.com\\\/company\\\/reseau-mesure\\\/\"]}]}<\/script>\n<!-- \/ Yoast SEO plugin. -->","yoast_head_json":{"title":"Newsletter-20201126 - R\u00e9seau Mesure","robots":{"index":"index","follow":"follow","max-snippet":"max-snippet:-1","max-image-preview":"max-image-preview:large","max-video-preview":"max-video-preview:-1"},"canonical":"https:\/\/www.reseau-mesure.com\/de\/newsletter-20201126\/","og_locale":"de_DE","og_type":"article","og_title":"Newsletter-20201126 - R\u00e9seau Mesure","og_description":"R\u00e9seau Mesure Express 26.11.2020 Atelier Gestion num\u00e9rique des r\u00e9seaux d\u2019eau et d\u2019assainissement 10 D\u00e9cembre 2020 Les P\u00f4les et Cluster \u0153uvrent au quotidien et d\u2019autant plus en cette p\u00e9riode de crise sanitaire, pour accompagner nos territoires, nos entreprises et nos \u00e9tablissements d\u2019enseignements et de recherche dans la mise en place d\u2019\u00e9v\u00e9nements ou de rencontres propices aux&hellip;","og_url":"https:\/\/www.reseau-mesure.com\/de\/newsletter-20201126\/","og_site_name":"R\u00e9seau Mesure","article_publisher":"https:\/\/www.facebook.com\/reseaumesure\/","article_modified_time":"2020-11-23T16:07:04+00:00","og_image":[{"url":"https:\/\/www.reseau-mesure.com\/wp-content\/uploads\/2020\/07\/20ku.jpeg","type":"","width":"","height":""}],"twitter_card":"summary_large_image","twitter_site":"@ReseauMesure","twitter_misc":{"Gesch\u00e4tzte Lesezeit":"6\u00a0Minuten"},"schema":{"@context":"https:\/\/schema.org","@graph":[{"@type":"WebPage","@id":"https:\/\/www.reseau-mesure.com\/de\/newsletter-20201126\/","url":"https:\/\/www.reseau-mesure.com\/de\/newsletter-20201126\/","name":"Newsletter-20201126 - R\u00e9seau Mesure","isPartOf":{"@id":"https:\/\/www.reseau-mesure.com\/#website"},"primaryImageOfPage":{"@id":"https:\/\/www.reseau-mesure.com\/de\/newsletter-20201126\/#primaryimage"},"image":{"@id":"https:\/\/www.reseau-mesure.com\/de\/newsletter-20201126\/#primaryimage"},"thumbnailUrl":"https:\/\/www.reseau-mesure.com\/wp-content\/uploads\/2020\/07\/20ku.jpeg","datePublished":"2020-11-23T11:07:08+00:00","dateModified":"2020-11-23T16:07:04+00:00","breadcrumb":{"@id":"https:\/\/www.reseau-mesure.com\/de\/newsletter-20201126\/#breadcrumb"},"inLanguage":"de","potentialAction":[{"@type":"ReadAction","target":["https:\/\/www.reseau-mesure.com\/de\/newsletter-20201126\/"]}]},{"@type":"ImageObject","inLanguage":"de","@id":"https:\/\/www.reseau-mesure.com\/de\/newsletter-20201126\/#primaryimage","url":"https:\/\/www.reseau-mesure.com\/wp-content\/uploads\/2020\/07\/20ku.jpeg","contentUrl":"https:\/\/www.reseau-mesure.com\/wp-content\/uploads\/2020\/07\/20ku.jpeg"},{"@type":"BreadcrumbList","@id":"https:\/\/www.reseau-mesure.com\/de\/newsletter-20201126\/#breadcrumb","itemListElement":[{"@type":"ListItem","position":1,"name":"Accueil","item":"https:\/\/www.reseau-mesure.com\/"},{"@type":"ListItem","position":2,"name":"Newsletter-20201126"}]},{"@type":"WebSite","@id":"https:\/\/www.reseau-mesure.com\/#website","url":"https:\/\/www.reseau-mesure.com\/","name":"Netzwerk-Messung","description":"Netzwerkma\u00dfnahme","publisher":{"@id":"https:\/\/www.reseau-mesure.com\/#organization"},"potentialAction":[{"@type":"SearchAction","target":{"@type":"EntryPoint","urlTemplate":"https:\/\/www.reseau-mesure.com\/?s={search_term_string}"},"query-input":{"@type":"PropertyValueSpecification","valueRequired":true,"valueName":"search_term_string"}}],"inLanguage":"de"},{"@type":"Organization","@id":"https:\/\/www.reseau-mesure.com\/#organization","name":"Netzwerk-Messung","url":"https:\/\/www.reseau-mesure.com\/","logo":{"@type":"ImageObject","inLanguage":"de","@id":"https:\/\/www.reseau-mesure.com\/#\/schema\/logo\/image\/","url":"https:\/\/www.reseau-mesure.com\/wp-content\/uploads\/2018\/02\/logo-max.png","contentUrl":"https:\/\/www.reseau-mesure.com\/wp-content\/uploads\/2018\/02\/logo-max.png","width":545,"height":285,"caption":"R\u00e9seau-Mesure"},"image":{"@id":"https:\/\/www.reseau-mesure.com\/#\/schema\/logo\/image\/"},"sameAs":["https:\/\/www.facebook.com\/reseaumesure\/","https:\/\/x.com\/ReseauMesure","https:\/\/www.linkedin.com\/company\/reseau-mesure\/"]}]}},"_links":{"self":[{"href":"https:\/\/www.reseau-mesure.com\/de\/wp-json\/wp\/v2\/pages\/11580","targetHints":{"allow":["GET"]}}],"collection":[{"href":"https:\/\/www.reseau-mesure.com\/de\/wp-json\/wp\/v2\/pages"}],"about":[{"href":"https:\/\/www.reseau-mesure.com\/de\/wp-json\/wp\/v2\/types\/page"}],"author":[{"embeddable":true,"href":"https:\/\/www.reseau-mesure.com\/de\/wp-json\/wp\/v2\/users\/685"}],"replies":[{"embeddable":true,"href":"https:\/\/www.reseau-mesure.com\/de\/wp-json\/wp\/v2\/comments?post=11580"}],"version-history":[{"count":0,"href":"https:\/\/www.reseau-mesure.com\/de\/wp-json\/wp\/v2\/pages\/11580\/revisions"}],"wp:attachment":[{"href":"https:\/\/www.reseau-mesure.com\/de\/wp-json\/wp\/v2\/media?parent=11580"}],"curies":[{"name":"wp","href":"https:\/\/api.w.org\/{rel}","templated":true}]}}