{"id":13749,"date":"2021-04-27T16:19:21","date_gmt":"2021-04-27T14:19:21","guid":{"rendered":"https:\/\/www.reseau-mesure.com\/?page_id=13749"},"modified":"2021-04-28T08:53:28","modified_gmt":"2021-04-28T06:53:28","slug":"reseau-mesure-express-29-avril-2021","status":"publish","type":"page","link":"https:\/\/www.reseau-mesure.com\/de\/reseau-mesure-express-29-avril-2021\/","title":{"rendered":"Express Measurement Network-20210429"},"content":{"rendered":"<img loading=\"lazy\" decoding=\"async\" src=\"https:\/\/www.reseau-mesure.com\/wp-content\/uploads\/2020\/07\/20ku.jpeg\" alt=\"R\u00e9seau Mesure Express\" itemprop=\"image\" height=\"300\" width=\"970\" title=\"Express Measurement Network Header\" onerror=\"this.style.display='none'\"  \/>\n<h1>\n\t\tR\u00e9seau Mesure Express 29. April 2021\n\t<\/h1>\n<h2>\n\t\t<a href=\"https:\/\/www.reseau-mesure.com\/de\/le-reseau-mesure-2\/\" title=\"29.04.2021\" target=\"_blank\" rel=\"noopener\">\n\t\t29.04.2021\n\t\t<\/a>\n\t<\/h2>\n\t<h3><strong>Ein Netzwerk f\u00fcr seine Mitglieder durch seine Mitglieder<\/strong><\/h3>\n\t<p>R\u00e9seau Mesure Express 29 avril 2021 : les adh\u00e9rents peuvent retrouver l&rsquo;actualit\u00e9 de l&rsquo;association dans R\u00e9seau Mesure Express, notamment le programme du mois de mai.<\/p>\n<h2>\n\t\t<a href=\"https:\/\/www.reseau-mesure.com\/de\/international\/\" title=\"Eine neue Partnerschaft mit Algerien\" target=\"_blank\" rel=\"noopener\">\n\t\tUn nouveau partenariat avec l&rsquo;Alg\u00e9rie\n\t\t<\/a>\n\t<\/h2>\n\t<h2><strong>Profitieren Sie von der Partnerschaftsvereinbarung mit den CCI ALGIERS<\/strong><\/h2>\n\t<p>Ein Ger\u00e4t wird von der vorgeschlagen\u00a0<a href=\"https:\/\/www.cciaf.org\/\">CCIAF<\/a>\u00a0und das\u00a0<a href=\"http:\/\/www.reseau-mesure.com\/de\/\">Meure Network<\/a>, &quot;\u00a0<em><strong>Vollzeitwerbung oder Timesharing-Werbung<\/strong>\u00a0<\/em>\u00bbIn ALGERIEN die kommerziellen Aktivit\u00e4ten der Mitglieder so zu entwickeln, dass sie m\u00f6glichst nah an ihren Kunden und zuk\u00fcnftigen Partnern sind.<\/p>\n<p>Ainsi, la convention a pour objet l&rsquo;accompagnement d&rsquo;une ou plusieurs entreprises membres du RESEAU MESURE dans le cadre de leurs strat\u00e9gies de d\u00e9veloppement commercial en Alg\u00e9rie, par la CCIAF :<\/p>\n<ul>\n<li>Die Bereitstellung eines hochkompetenten Personals, verf\u00fcgbar in Vollzeit oder Teilzeit mit einem kaufm\u00e4nnischen Profil in H\u00f6he von 5 Tagen \/ Wochen pro FTE.<\/li>\n<li>Bereitstellung der notwendigen Reiseausr\u00fcstung (Fahrzeug, Wartungskosten und Kraftstoff im Rahmen der regionalen Pr\u00e4senz der CCIAF - 200 km Umkreis jedes Regionalb\u00fcros).\n<ul>\n<li><em>Tout d\u00e9placement \u00e0 l&rsquo;ext\u00e9rieur de ce p\u00e9rim\u00e8tre fera l&rsquo;objet d&rsquo;un accord entre les parties et donnera lieu \u00e0 un d\u00e9ferment compl\u00e9mentaire.<\/em><\/li>\n<\/ul>\n<\/li>\n<li>Bereitstellung der f\u00fcr die Aufgabenerf\u00fcllung erforderlichen Computerausr\u00fcstung (LAPTOP, Drucker, Verbindungsmodem).<\/li>\n<li>Bereitstellung von Kommunikationsger\u00e4ten (Telefonchip, Mobiltelefon, Kommunikationspaket und Internetpaket).<\/li>\n<li>Bereitstellung eines Arbeitsplatzes mit den notwendigen M\u00f6beln.<\/li>\n<\/ul>\n\n<ul>\n<li>\n<ul>\n<li><strong>Unterst\u00fctzen Sie seine Kunden und Interessenten.<\/strong><\/li>\n<li><strong>Profitieren Sie von einem qualifizierten und spezialisierten Personal.<\/strong><\/li>\n<li><strong>T\u00e4glich Pilotprojekte mit einem Handels- und Management-Relais vor Ort.<\/strong><\/li>\n<li><strong>Profitieren Sie von der St\u00e4rke des Messnetzwerks.<\/strong><\/li>\n<li><strong>Profitieren Sie von den F\u00e4higkeiten und der Macht des konsularischen Netzwerks.<\/strong><\/li>\n<\/ul>\n<\/li>\n<\/ul>\n\t\t\t\t<a href=\"https:\/\/www.reseau-mesure.com\/de\/partenariat-avec-lalgerie\/\" target=\"_blank\" rel=\"noopener\" itemprop=\"url\">\n\t\t\t\t<img loading=\"lazy\" decoding=\"async\" src=\"https:\/\/www.reseau-mesure.com\/wp-content\/uploads\/2021\/04\/dev-commercial-1-scaled.jpg\" alt=\"Partenariat avec l'Alg\u00e9rie\" itemprop=\"image\" height=\"2560\" width=\"2560\" title=\"kommerzieller Entwickler\" onerror=\"this.style.display='none'\"  \/>\n\t\t\t\t<\/a>\n\t\t\t<a href=\"mailto:eduflot@reseau-mesure.com\" target=\"_blank\" role=\"button\" rel=\"noopener\">\n\t\t\t\t\t\t\tIch bin interessiert)\n\t\t\t\t\t<\/a>\n<h2>\n\t\t<a href=\"https:\/\/www.reseau-mesure.com\/de\/measurement-world-2021-lyon\/\" title=\"Vertrauen Sie Ihren Messungen!\" target=\"_blank\" rel=\"noopener\">\n\t\tVertrauen Sie Ihren Messungen!\n\t\t<\/a>\n\t<\/h2>\n\t\t\t\t<a href=\"https:\/\/www.cim2021.com\/programme-congress-international-metrology.html\" target=\"_blank\" rel=\"noopener\" itemprop=\"url\">\n\t\t\t\t<img loading=\"lazy\" decoding=\"async\" src=\"https:\/\/www.reseau-mesure.com\/wp-content\/uploads\/2021\/04\/ImageCIM-siteWeb.jpg\" alt=\"ImageCIM-siteWeb\" itemprop=\"image\" height=\"800\" width=\"800\" title=\"ImageCIM-siteWeb\" onerror=\"this.style.display='none'\"  \/>\n\t\t\t\t<\/a>\n\t\t\t\t<a href=\"https:\/\/www.reseau-mesure.com\/de\/measurement-world-2021-lyon\/\" target=\"_blank\" rel=\"noopener\" itemprop=\"url\">\n\t\t\t\t<img loading=\"lazy\" decoding=\"async\" src=\"https:\/\/www.reseau-mesure.com\/wp-content\/uploads\/2018\/06\/MEASUREMENT_WORLD-NOIR-LARGEUR-1024x327.jpg\" alt=\"MW 2019\" itemprop=\"image\" height=\"327\" width=\"1024\" title=\"MEASUREMENT_WORLD-BLACK WIDTH\" onerror=\"this.style.display='none'\"  \/>\n\t\t\t\t<\/a>\n\t\t\t<a href=\"mailto:eduflot@reseau-mesure.com\" target=\"_blank\" role=\"button\" rel=\"noopener\">\n\t\t\t\t\t\t\tEine Frage ? Kontaktiere uns!\n\t\t\t\t\t<\/a>\n\t<h2>CIM2021-Programm<\/h2>\nLe Congr\u00e8s International de M\u00e9trologie aura lieu du 7 au 9 septembre \u00e0 Lyon, en partenariat avec l&rsquo;exposition<a href=\"https:\/\/www.reseau-mesure.com\/de\/measurement-world-2021-lyon\/\"><strong> Messwelt<\/strong><\/a> an den gleichen Daten und Orten wie die Show <strong><a href=\"https:\/\/global-industrie.com\/fr\">Globale Industrie<\/a>.<\/strong><br \/>\n<strong>Der Kongress widmet sich guten industriellen Praktiken und der Forschung und Entwicklung von Messungen, Analysen und Tests<\/strong> : ce rendez-vous unique est la rencontre entre la science, l&rsquo;industrie et les organisations institutionnelles de la m\u00e9trologie.\n<p>Was geht ?<\/p>\n<ul>\n<li><strong>Industrie 4.0, Green Deal und Gesundheit<\/strong> : Das sind die 3 Anwendungsachsen 2021<\/li>\n<li>La mise en place du CIM2021 sera aussi l&rsquo;occasion de nouvelles exp\u00e9riences avec une <strong>part d&rsquo;hybridation<\/strong>Konferenzvideos sowie Live-Videos werden auf einer speziellen Plattform verf\u00fcgbar sein.<\/li>\n<li><strong>Ein Metrologiedorf in der Messwelt<\/strong>, et pour la premi\u00e8re ann\u00e9e associ\u00e9 \u00e0 Global Industrie. Les th\u00e9matiques de l&rsquo;Industrie du futur sont communes. L&rsquo;exposition offre ainsi de nouvelles possibilit\u00e9s pour rencontrer des professionnels qui vont conduire aux \u00ab bonnes \u00bb solutions.<\/li>\n<\/ul>\n\nDer International Metrology Congress pr\u00e4sentiert 200 Konferenzen und 6 industrielle Runde Tische.<br \/>\nDies ist eine Gelegenheit, sich \u00fcber die j\u00fcngsten Fortschritte in verschiedenen technischen Bereichen zu informieren:\n<ul>\n<li>Mechanik, Elektromagnetismus, Str\u00f6mung, Temperatur, Photonik, Chemie, Biologie, aber auch Daten, KI, Statistik, Quantentechnologien\u2026<\/li>\n<li>sowie zu Mess- und Qualit\u00e4tsprozessen, Messunsicherheiten, Akkreditierung, Compliance und Risiken, Kostenoptimierung etc.<\/li>\n<\/ul>\n\n<ul>\n<li>La m\u00e9trologie \u00e0 l&rsquo;\u00e8re du digital<\/li>\n<li>Die Rolle internationaler Metrologie- und Qualit\u00e4tsorganisationen beim 4.0-\u00dcbergang<\/li>\n<li>Die Herausforderungen von Messungen vor Ort<\/li>\n<li>Gesundheit und Metrologie: eine gemeinsame Herausforderung<\/li>\n<li>Emissions industrielles : l&rsquo;apport de la m\u00e9trologie au respect des nouvelles exigences<\/li>\n<li>Metrologie der Zukunft: Welche F\u00e4higkeiten?<\/li>\n<\/ul>\n\n<ul>\n<li>70% issus de l&rsquo;industrie, tous secteurs, et des laboratoires<\/li>\n<li>30% von Referenzorganisationen, Bildung und Forschung<\/li>\n<\/ul>\n\n<h2>\n\t\t<a href=\"https:\/\/webquest.fr\/?m=104465_etude-salariale-fonctions-commerciales-des-adherents-du-reseau-mesure\" title=\"Gehaltsstudie f\u00fcr kommerzielle Funktionen von Mitgliedern des Messnetzwerks\" target=\"_blank\" rel=\"noopener\">\n\t\tGehaltsstudie f\u00fcr kommerzielle Funktionen von Mitgliedern des Messnetzwerks\n\t\t<\/a>\n\t<\/h2>\n\t<h2>Im Rahmen der Diskussionen der HR-Gruppe werden die Mitglieder eingeladen, an einer Studie \u00fcber die Gehaltsniveaus f\u00fcr Vertriebsfunktionen teilzunehmen.<\/h2>\n<p>&nbsp;<\/p>\nDiese Studie wird mit den Mitgliedern des Messnetzwerks durchgef\u00fchrt, wobei die absolute Vertraulichkeit der einzelnen Ergebnisse der einzelnen Strukturen gew\u00e4hrleistet ist.<br \/>\nLes r\u00e9sultats seront analys\u00e9s par la directrice de l&rsquo;association et retranscrits dans le cadre d&rsquo;une analyse globale qui sera propos\u00e9e aux adh\u00e9rents ayant r\u00e9pondu \u00e0 l&rsquo;\u00e9tude.\n<p>Diese Studie kann mit Informationen aus dem Jahr 2019 abgeschlossen werden, um nicht von den Auswirkungen der Gesundheitskrise betroffen zu sein.<\/p>\n\t\t\t<a href=\"https:\/\/webquest.fr\/?m=104465_etude-salariale-fonctions-commerciales-des-adherents-du-reseau-mesure\" target=\"_blank\" role=\"button\" rel=\"noopener\">\n\t\t\t\t\t\t\tIch f\u00fclle den Fragebogen aus\n\t\t\t\t\t<\/a>\n\t\t\t\t<a href=\"https:\/\/webquest.fr\/?m=104465_etude-salariale-fonctions-commerciales-des-adherents-du-reseau-mesure\" target=\"_blank\" rel=\"noopener\" itemprop=\"url\">\n\t\t\t\t<img loading=\"lazy\" decoding=\"async\" src=\"https:\/\/www.reseau-mesure.com\/wp-content\/uploads\/2021\/02\/26082-300x264.jpg\" alt=\"Atelier gratuit anim\u00e9 par l'APEC R\u00e9seau Mesure Express recrutement\" itemprop=\"image\" height=\"264\" width=\"300\" title=\"Kostenloser Workshop, veranstaltet von APEC R\u00e9seau Mesure Express ActualitesEmployment Recruitment Isometric Background\" onerror=\"this.style.display='none'\"  \/>\n\t\t\t\t<\/a>\n\t\t\t<a href=\"https:\/\/www.reseau-mesure.com\/de\/evenements\/\" target=\"_self\" role=\"button\" rel=\"noopener\">\n\t\t\t\t\t\t\tDie komplette Agenda des Messnetzes\n\t\t\t\t\t<\/a>\n\t\t\t\t<img loading=\"lazy\" decoding=\"async\" src=\"https:\/\/www.reseau-mesure.com\/wp-content\/uploads\/2020\/08\/Plan-de-travail-3niveau.png\" alt=\"R\u00e9seau Mesure Express Actualites\" itemprop=\"image\" height=\"3665\" width=\"5520\" title=\"Express Measurement Network News\" onerror=\"this.style.display='none'\"  \/>\n\t<h1>Les Tech&rsquo;Days 2021<\/h1>\n\t<h1>Les Tech&rsquo;Days 2021<\/h1>\n<h2>Vos rendez-vous avec l&rsquo;innovation les mardis de 8h \u00e0 10h30<\/h2>\n<h2>Ed Tech - Dienstag, 4. Mai 2021, 8:00 Uhr<\/h2>\n\n<ul>\n<li><strong>Quel \u00e9tat des lieux pour la EdTech en France en 2021 ? Panorama et d\u00e9cryptage par EdTech France, l&rsquo;association des entreprises de la fili\u00e8re EdTech<\/strong>\u00a0&#8211; Anne-Charlotte MONNERET, d\u00e9l\u00e9gu\u00e9e g\u00e9n\u00e9rale EdTech France<\/li>\n<li><strong>Dans les coulisses des entreprises EdTech &#8211;\u00a0<\/strong>Benjamin VIAUD, Mitbegr\u00fcnder Beneylu<\/li>\n<li><strong>EDUCATE France: ein wissenschaftlicher Beschleuniger im Dienste des EdTech-Sektors\u00a0<\/strong>&#8211; Alexis FRANCOIS, chef de cabinet de CY Cergy Paris Universit\u00e9 &amp; Jean-Victor ABT, responsable de la mission service enseignement sup\u00e9rieur, tourisme, \u00e9conomie et emploi du Conseil d\u00e9partemental du Val d&rsquo;Oise<\/li>\n<li><strong>Les partenariats de coop\u00e9ration Erasmus + : une opportunit\u00e9 de financement Europ\u00e9en accessible pour les acteurs de l&rsquo;Ed Tech\u00a0<\/strong>&#8211; Antoine KIEFFER, consultant en financements europ\u00e9ens EURONOVIA<\/li>\n<li><strong>Pr\u00e4sentation der TechsoLab-Plattform\u00a0<\/strong>&#8211; Laurent JEANNIN, Ma\u00eetre de conf\u00e9rences enseignant chercheur Universit\u00e9 INSP\u00c9 de l&rsquo;Acad\u00e9mie de Versailles &amp; Directeur adjoint de la plateforme TechsoLab &#8211; CY Cergy Paris Universit\u00e9<\/li>\n<\/ul>\n\n<p><strong>10:00 bis 10:30 Uhr<\/strong>\u00a0: Temps d&rsquo;\u00e9change \/ Questions-R\u00e9ponses<\/p>\n\n\n\t<h2>R\u00e9seau Mesure Express: Neuigkeiten zum Aktionsplan des Vereins<\/h2>","protected":false},"excerpt":{"rendered":"<p>R\u00e9seau Mesure Express 29. April 2021 29. April 2021 Ein Netzwerk f\u00fcr seine Mitglieder \u00fcber seine Mitglieder R\u00e9seau Mesure Express 29. April 2021: Mitglieder finden die Nachrichten des Vereins in R\u00e9seau Mesure Express, insbesondere das Programm f\u00fcr den Monat Mai. Eine neue Partnerschaft mit Algerien Profitieren Sie von der Partnerschaftsvereinbarung mit den CCI ALGIERS\u2026<\/p>","protected":false},"author":685,"featured_media":0,"parent":0,"menu_order":0,"comment_status":"closed","ping_status":"closed","template":"","meta":{"_acf_changed":false,"footnotes":""},"class_list":["post-13749","page","type-page","status-publish","hentry"],"acf":[],"yoast_head":"<!-- This site is optimized with the Yoast SEO plugin v27.5 - https:\/\/yoast.com\/product\/yoast-seo-wordpress\/ -->\n<title>R\u00e9seau Mesure Express 29 avril 2021 - R\u00e9seau Mesure<\/title>\n<meta name=\"description\" content=\"R\u00e9seau Mesure Express 29 avril 2021 Le programme du mois de mai pour les adh\u00e9rents du R\u00e9seau Mesure. Un nouveau partenariat avec l&#039;Alg\u00e9rie.\" \/>\n<meta name=\"robots\" content=\"index, follow, max-snippet:-1, max-image-preview:large, max-video-preview:-1\" \/>\n<link rel=\"canonical\" href=\"https:\/\/www.reseau-mesure.com\/de\/reseau-mesure-express-29-avril-2021\/\" \/>\n<meta property=\"og:locale\" content=\"de_DE\" \/>\n<meta property=\"og:type\" content=\"article\" \/>\n<meta property=\"og:title\" content=\"R\u00e9seau Mesure Express 29 avril 2021 - R\u00e9seau Mesure\" \/>\n<meta property=\"og:description\" content=\"R\u00e9seau Mesure Express 29 avril 2021 Le programme du mois de mai pour les adh\u00e9rents du R\u00e9seau Mesure. Un nouveau partenariat avec l&#039;Alg\u00e9rie.\" \/>\n<meta property=\"og:url\" content=\"https:\/\/www.reseau-mesure.com\/de\/reseau-mesure-express-29-avril-2021\/\" \/>\n<meta property=\"og:site_name\" content=\"R\u00e9seau Mesure\" \/>\n<meta property=\"article:publisher\" content=\"https:\/\/www.facebook.com\/reseaumesure\/\" \/>\n<meta property=\"article:modified_time\" content=\"2021-04-28T06:53:28+00:00\" \/>\n<meta property=\"og:image\" content=\"https:\/\/www.reseau-mesure.com\/wp-content\/uploads\/2020\/07\/20ku.jpeg\" \/>\n<meta name=\"twitter:card\" content=\"summary_large_image\" \/>\n<meta name=\"twitter:site\" content=\"@ReseauMesure\" \/>\n<meta name=\"twitter:label1\" content=\"Gesch\u00e4tzte Lesezeit\" \/>\n\t<meta name=\"twitter:data1\" content=\"6\u00a0Minuten\" \/>\n<script type=\"application\/ld+json\" class=\"yoast-schema-graph\">{\"@context\":\"https:\\\/\\\/schema.org\",\"@graph\":[{\"@type\":\"WebPage\",\"@id\":\"https:\\\/\\\/www.reseau-mesure.com\\\/de\\\/reseau-mesure-express-29-avril-2021\\\/\",\"url\":\"https:\\\/\\\/www.reseau-mesure.com\\\/de\\\/reseau-mesure-express-29-avril-2021\\\/\",\"name\":\"R\u00e9seau Mesure Express 29 avril 2021 - R\u00e9seau Mesure\",\"isPartOf\":{\"@id\":\"https:\\\/\\\/www.reseau-mesure.com\\\/#website\"},\"primaryImageOfPage\":{\"@id\":\"https:\\\/\\\/www.reseau-mesure.com\\\/de\\\/reseau-mesure-express-29-avril-2021\\\/#primaryimage\"},\"image\":{\"@id\":\"https:\\\/\\\/www.reseau-mesure.com\\\/de\\\/reseau-mesure-express-29-avril-2021\\\/#primaryimage\"},\"thumbnailUrl\":\"https:\\\/\\\/www.reseau-mesure.com\\\/wp-content\\\/uploads\\\/2020\\\/07\\\/20ku.jpeg\",\"datePublished\":\"2021-04-27T14:19:21+00:00\",\"dateModified\":\"2021-04-28T06:53:28+00:00\",\"description\":\"R\u00e9seau Mesure Express 29 avril 2021 Le programme du mois de mai pour les adh\u00e9rents du R\u00e9seau Mesure. Un nouveau partenariat avec l'Alg\u00e9rie.\",\"breadcrumb\":{\"@id\":\"https:\\\/\\\/www.reseau-mesure.com\\\/de\\\/reseau-mesure-express-29-avril-2021\\\/#breadcrumb\"},\"inLanguage\":\"de\",\"potentialAction\":[{\"@type\":\"ReadAction\",\"target\":[\"https:\\\/\\\/www.reseau-mesure.com\\\/de\\\/reseau-mesure-express-29-avril-2021\\\/\"]}]},{\"@type\":\"ImageObject\",\"inLanguage\":\"de\",\"@id\":\"https:\\\/\\\/www.reseau-mesure.com\\\/de\\\/reseau-mesure-express-29-avril-2021\\\/#primaryimage\",\"url\":\"https:\\\/\\\/www.reseau-mesure.com\\\/wp-content\\\/uploads\\\/2020\\\/07\\\/20ku.jpeg\",\"contentUrl\":\"https:\\\/\\\/www.reseau-mesure.com\\\/wp-content\\\/uploads\\\/2020\\\/07\\\/20ku.jpeg\"},{\"@type\":\"BreadcrumbList\",\"@id\":\"https:\\\/\\\/www.reseau-mesure.com\\\/de\\\/reseau-mesure-express-29-avril-2021\\\/#breadcrumb\",\"itemListElement\":[{\"@type\":\"ListItem\",\"position\":1,\"name\":\"Accueil\",\"item\":\"https:\\\/\\\/www.reseau-mesure.com\\\/\"},{\"@type\":\"ListItem\",\"position\":2,\"name\":\"R\u00e9seau Mesure Express-20210429\"}]},{\"@type\":\"WebSite\",\"@id\":\"https:\\\/\\\/www.reseau-mesure.com\\\/#website\",\"url\":\"https:\\\/\\\/www.reseau-mesure.com\\\/\",\"name\":\"R\u00e9seau-Mesure\",\"description\":\"R\u00e9seau Mesure\",\"publisher\":{\"@id\":\"https:\\\/\\\/www.reseau-mesure.com\\\/#organization\"},\"potentialAction\":[{\"@type\":\"SearchAction\",\"target\":{\"@type\":\"EntryPoint\",\"urlTemplate\":\"https:\\\/\\\/www.reseau-mesure.com\\\/?s={search_term_string}\"},\"query-input\":{\"@type\":\"PropertyValueSpecification\",\"valueRequired\":true,\"valueName\":\"search_term_string\"}}],\"inLanguage\":\"de\"},{\"@type\":\"Organization\",\"@id\":\"https:\\\/\\\/www.reseau-mesure.com\\\/#organization\",\"name\":\"R\u00e9seau-Mesure\",\"url\":\"https:\\\/\\\/www.reseau-mesure.com\\\/\",\"logo\":{\"@type\":\"ImageObject\",\"inLanguage\":\"de\",\"@id\":\"https:\\\/\\\/www.reseau-mesure.com\\\/#\\\/schema\\\/logo\\\/image\\\/\",\"url\":\"https:\\\/\\\/www.reseau-mesure.com\\\/wp-content\\\/uploads\\\/2018\\\/02\\\/logo-max.png\",\"contentUrl\":\"https:\\\/\\\/www.reseau-mesure.com\\\/wp-content\\\/uploads\\\/2018\\\/02\\\/logo-max.png\",\"width\":545,\"height\":285,\"caption\":\"R\u00e9seau-Mesure\"},\"image\":{\"@id\":\"https:\\\/\\\/www.reseau-mesure.com\\\/#\\\/schema\\\/logo\\\/image\\\/\"},\"sameAs\":[\"https:\\\/\\\/www.facebook.com\\\/reseaumesure\\\/\",\"https:\\\/\\\/x.com\\\/ReseauMesure\",\"https:\\\/\\\/www.linkedin.com\\\/company\\\/reseau-mesure\\\/\"]}]}<\/script>\n<!-- \/ Yoast SEO plugin. -->","yoast_head_json":{"title":"R\u00e9seau Mesure Express 29 avril 2021 - R\u00e9seau Mesure","description":"R\u00e9seau Mesure Express 29 avril 2021 Le programme du mois de mai pour les adh\u00e9rents du R\u00e9seau Mesure. Un nouveau partenariat avec l'Alg\u00e9rie.","robots":{"index":"index","follow":"follow","max-snippet":"max-snippet:-1","max-image-preview":"max-image-preview:large","max-video-preview":"max-video-preview:-1"},"canonical":"https:\/\/www.reseau-mesure.com\/de\/reseau-mesure-express-29-avril-2021\/","og_locale":"de_DE","og_type":"article","og_title":"R\u00e9seau Mesure Express 29 avril 2021 - R\u00e9seau Mesure","og_description":"R\u00e9seau Mesure Express 29 avril 2021 Le programme du mois de mai pour les adh\u00e9rents du R\u00e9seau Mesure. Un nouveau partenariat avec l'Alg\u00e9rie.","og_url":"https:\/\/www.reseau-mesure.com\/de\/reseau-mesure-express-29-avril-2021\/","og_site_name":"R\u00e9seau Mesure","article_publisher":"https:\/\/www.facebook.com\/reseaumesure\/","article_modified_time":"2021-04-28T06:53:28+00:00","og_image":[{"url":"https:\/\/www.reseau-mesure.com\/wp-content\/uploads\/2020\/07\/20ku.jpeg","type":"","width":"","height":""}],"twitter_card":"summary_large_image","twitter_site":"@ReseauMesure","twitter_misc":{"Gesch\u00e4tzte Lesezeit":"6\u00a0Minuten"},"schema":{"@context":"https:\/\/schema.org","@graph":[{"@type":"WebPage","@id":"https:\/\/www.reseau-mesure.com\/de\/reseau-mesure-express-29-avril-2021\/","url":"https:\/\/www.reseau-mesure.com\/de\/reseau-mesure-express-29-avril-2021\/","name":"R\u00e9seau Mesure Express 29 avril 2021 - R\u00e9seau Mesure","isPartOf":{"@id":"https:\/\/www.reseau-mesure.com\/#website"},"primaryImageOfPage":{"@id":"https:\/\/www.reseau-mesure.com\/de\/reseau-mesure-express-29-avril-2021\/#primaryimage"},"image":{"@id":"https:\/\/www.reseau-mesure.com\/de\/reseau-mesure-express-29-avril-2021\/#primaryimage"},"thumbnailUrl":"https:\/\/www.reseau-mesure.com\/wp-content\/uploads\/2020\/07\/20ku.jpeg","datePublished":"2021-04-27T14:19:21+00:00","dateModified":"2021-04-28T06:53:28+00:00","description":"R\u00e9seau Mesure Express 29 avril 2021 Le programme du mois de mai pour les adh\u00e9rents du R\u00e9seau Mesure. Un nouveau partenariat avec l'Alg\u00e9rie.","breadcrumb":{"@id":"https:\/\/www.reseau-mesure.com\/de\/reseau-mesure-express-29-avril-2021\/#breadcrumb"},"inLanguage":"de","potentialAction":[{"@type":"ReadAction","target":["https:\/\/www.reseau-mesure.com\/de\/reseau-mesure-express-29-avril-2021\/"]}]},{"@type":"ImageObject","inLanguage":"de","@id":"https:\/\/www.reseau-mesure.com\/de\/reseau-mesure-express-29-avril-2021\/#primaryimage","url":"https:\/\/www.reseau-mesure.com\/wp-content\/uploads\/2020\/07\/20ku.jpeg","contentUrl":"https:\/\/www.reseau-mesure.com\/wp-content\/uploads\/2020\/07\/20ku.jpeg"},{"@type":"BreadcrumbList","@id":"https:\/\/www.reseau-mesure.com\/de\/reseau-mesure-express-29-avril-2021\/#breadcrumb","itemListElement":[{"@type":"ListItem","position":1,"name":"Accueil","item":"https:\/\/www.reseau-mesure.com\/"},{"@type":"ListItem","position":2,"name":"R\u00e9seau Mesure Express-20210429"}]},{"@type":"WebSite","@id":"https:\/\/www.reseau-mesure.com\/#website","url":"https:\/\/www.reseau-mesure.com\/","name":"Netzwerk-Messung","description":"Netzwerkma\u00dfnahme","publisher":{"@id":"https:\/\/www.reseau-mesure.com\/#organization"},"potentialAction":[{"@type":"SearchAction","target":{"@type":"EntryPoint","urlTemplate":"https:\/\/www.reseau-mesure.com\/?s={search_term_string}"},"query-input":{"@type":"PropertyValueSpecification","valueRequired":true,"valueName":"search_term_string"}}],"inLanguage":"de"},{"@type":"Organization","@id":"https:\/\/www.reseau-mesure.com\/#organization","name":"Netzwerk-Messung","url":"https:\/\/www.reseau-mesure.com\/","logo":{"@type":"ImageObject","inLanguage":"de","@id":"https:\/\/www.reseau-mesure.com\/#\/schema\/logo\/image\/","url":"https:\/\/www.reseau-mesure.com\/wp-content\/uploads\/2018\/02\/logo-max.png","contentUrl":"https:\/\/www.reseau-mesure.com\/wp-content\/uploads\/2018\/02\/logo-max.png","width":545,"height":285,"caption":"R\u00e9seau-Mesure"},"image":{"@id":"https:\/\/www.reseau-mesure.com\/#\/schema\/logo\/image\/"},"sameAs":["https:\/\/www.facebook.com\/reseaumesure\/","https:\/\/x.com\/ReseauMesure","https:\/\/www.linkedin.com\/company\/reseau-mesure\/"]}]}},"_links":{"self":[{"href":"https:\/\/www.reseau-mesure.com\/de\/wp-json\/wp\/v2\/pages\/13749","targetHints":{"allow":["GET"]}}],"collection":[{"href":"https:\/\/www.reseau-mesure.com\/de\/wp-json\/wp\/v2\/pages"}],"about":[{"href":"https:\/\/www.reseau-mesure.com\/de\/wp-json\/wp\/v2\/types\/page"}],"author":[{"embeddable":true,"href":"https:\/\/www.reseau-mesure.com\/de\/wp-json\/wp\/v2\/users\/685"}],"replies":[{"embeddable":true,"href":"https:\/\/www.reseau-mesure.com\/de\/wp-json\/wp\/v2\/comments?post=13749"}],"version-history":[{"count":0,"href":"https:\/\/www.reseau-mesure.com\/de\/wp-json\/wp\/v2\/pages\/13749\/revisions"}],"wp:attachment":[{"href":"https:\/\/www.reseau-mesure.com\/de\/wp-json\/wp\/v2\/media?parent=13749"}],"curies":[{"name":"wp","href":"https:\/\/api.w.org\/{rel}","templated":true}]}}