{"id":13875,"date":"2021-05-10T11:27:14","date_gmt":"2021-05-10T09:27:14","guid":{"rendered":"https:\/\/www.reseau-mesure.com\/?page_id=13875"},"modified":"2021-05-14T11:10:31","modified_gmt":"2021-05-14T09:10:31","slug":"reseau-mesure-express-12-mai-2021","status":"publish","type":"page","link":"https:\/\/www.reseau-mesure.com\/de\/reseau-mesure-express-12-mai-2021\/","title":{"rendered":"Express Measurement Network-20210512"},"content":{"rendered":"<img loading=\"lazy\" decoding=\"async\" src=\"https:\/\/www.reseau-mesure.com\/wp-content\/uploads\/2020\/07\/20ku.jpeg\" alt=\"R\u00e9seau Mesure Express\" itemprop=\"image\" height=\"300\" width=\"970\" title=\"Express Measurement Network Header\" onerror=\"this.style.display='none'\"  \/>\n<h1>\n\t\tR\u00e9seau Mesure Express 12. Mai 2021\n\t<\/h1>\n<h2>\n\t\t<a href=\"https:\/\/www.reseau-mesure.com\/de\/le-reseau-mesure-2\/\" title=\"12.05.2021\" target=\"_blank\" rel=\"noopener\">\n\t\t12.05.2021\n\t\t<\/a>\n\t<\/h2>\n\t<h3><strong>Ein Netzwerk f\u00fcr seine Mitglieder durch seine Mitglieder<\/strong><\/h3>\n\t<p>R\u00e9seau Mesure Express 12 mai 2021 : les adh\u00e9rents peuvent retrouver l&rsquo;actualit\u00e9 de l&rsquo;association dans R\u00e9seau Mesure Express, notamment le programme du mois de mai.<\/p>\n<h2>\n\t\t<a href=\"https:\/\/www.reseau-mesure.com\/de\/la-formation\/\" title=\"Die digitale Kommunikationsstrategie: die Grundlagen, die Schl\u00fcssel zum Erfolg\" target=\"_blank\" rel=\"noopener\">\n\t\tDie digitale Kommunikationsstrategie: die Grundlagen, die Schl\u00fcssel zum Erfolg\n\t\t<\/a>\n\t<\/h2>\n\t<h2><strong>1 Platz f\u00fcr die Schulung am 10. und 11. Juni 2021 verf\u00fcgbar<\/strong><\/h2>\n\t<p>&nbsp;<\/p>\n<p>Zwei halbe Tage interaktives Online-Training f\u00fcr\u00a0<strong>Definieren Sie Ihre digitale Kommunikationsstrategie<\/strong>\u00a0basierend auf Ihren Erwartungen und Bed\u00fcrfnissen.<\/p>\n<ul>\n<li>SEO, Inhaltsanalyse \/ Textoptimierung = Schreiben im Web.<\/li>\n<li>Bezahltes SEO mit AdWords: Warum? wann? Wie? &#039;Oder&#039; Was? (und wie viel ?)<\/li>\n<li>Erstellung und Neugestaltung einer Website (die zu vermeidenden Fallen und die Regeln).<\/li>\n<li>Pr\u00e4senz in sozialen Netzwerken\u2026 oder nicht.<\/li>\n<li>Klassisches Emaillieren und automatisiertes Emaillieren<\/li>\n<li>Inbound-Marketing...<\/li>\n<\/ul>\n\n<p>Die Schulung wird von AcomService, Partner des Measurement Network und Web-Spezialist im industriellen Umfeld, insbesondere im Bereich Instrumentierung und Messtechnik, durchgef\u00fchrt.<\/p>\n<p><strong>Anzahl der Auszubildenden pro Sitzung:<\/strong> Mindestens 2 Unternehmen und maximal 3 Unternehmen (bis zu 2 Personen \/ Unternehmen).<\/p>\n\t\t\t\t<a href=\"https:\/\/www.reseau-mesure.com\/de\/la-formation\/\" target=\"_blank\" rel=\"noopener\" itemprop=\"url\">\n\t\t\t\t<img loading=\"lazy\" decoding=\"async\" src=\"https:\/\/www.reseau-mesure.com\/wp-content\/uploads\/2020\/06\/Formation-Acom_R\u00e9seau-300x297.jpg\" alt=\"formation en ligne\" itemprop=\"image\" height=\"297\" width=\"300\" title=\"Acom_R\u00e9seau Training\" onerror=\"this.style.display='none'\"  \/>\n\t\t\t\t<\/a>\n\t\t\t<a href=\"mailto:eduflot@reseau-mesure.com\" target=\"_blank\" role=\"button\" rel=\"noopener\">\n\t\t\t\t\t\t\tIch bin interessiert)\n\t\t\t\t\t<\/a>\n<h2>\n\t\t<a href=\"https:\/\/www.reseau-mesure.com\/de\/f-initiativas\/\" title=\"Atelier Fi Group - die Bedeutung der Wesentlichkeit f\u00fcr die Finanzierung Ihrer F &amp; E-Projekte\" target=\"_blank\" rel=\"noopener\">\n\t\tAtelier Fi Group &#8211; l&rsquo;importance de la mat\u00e9rialit\u00e9 dans le financement de vos projets de R&#038;D\n\t\t<\/a>\n\t<\/h2>\n\t\t\t\t<a href=\"https:\/\/www.reseau-mesure.com\/de\/f-initiativas\/\" target=\"_blank\" rel=\"noopener\" itemprop=\"url\">\n\t\t\t\t<img loading=\"lazy\" decoding=\"async\" src=\"https:\/\/www.reseau-mesure.com\/wp-content\/uploads\/2021\/05\/Webinar-Reseau-Mesure-Invitation-Reseaux-Sociaux.jpg\" alt=\"Webinar F Iniciativas\" itemprop=\"image\" height=\"512\" width=\"1024\" title=\"Messnetzwerk-Webinar - Einladung zu sozialen Medien\" onerror=\"this.style.display='none'\"  \/>\n\t\t\t\t<\/a>\n\t\t\t<a href=\"mailto:eduflot@reseau-mesure.com\" target=\"_blank\" role=\"button\" rel=\"noopener\">\n\t\t\t\t\t\t\tAnmeldungen\n\t\t\t\t\t<\/a>\n\t<table width=\"568\">\n<tbody>\n<tr>\n<td width=\"536\">&nbsp;\n<p>Die FI Group, seit 20 Jahren f\u00fchrend in der \u00f6ffentlichen Finanzierung von Forschung und Entwicklung, l\u00e4dt Sie ein, in einem Webinar \u00fcber die Bedeutung der Wesentlichkeit f\u00fcr die Finanzierung Ihrer F &amp; E-Projekte zu entschl\u00fcsseln <strong><u>Freitag, 27. Mai 2021 um 14:30 Uhr<\/u><\/strong> durch Eingriffe in die <strong>Netzwerkma\u00dfnahme<\/strong>.<\/p>\n<p>La gestion du Cr\u00e9dit d&rsquo;Imp\u00f4t Recherche est un v\u00e9ritable projet d&rsquo;entreprise qui n\u00e9cessite d&rsquo;anticiper l&rsquo;activation de ce dispositif en s&rsquo;assurant de pouvoir capitaliser l&rsquo;ensemble des \u00e9l\u00e9ments justificatifs n\u00e9cessaires \u00e0 la d\u00e9claration du CIR.<\/p>\n<p>Eine kritische Analyse ihrer F&amp;E-Organisation, Prozesse und Tools ist daher f\u00fcr eine sichere CIR-Erkl\u00e4rung unerl\u00e4sslich.<\/p>\n<p>Daher beabsichtigt die FI Group, die aktuellen Anforderungen der Steuerverwaltung an die Zeitr\u00fcckverfolgbarkeit sowie das intern entwickelte Tool vorzustellen.<\/p>\n\n\n<ul>\n<li>FI-Gruppe: Xavier BONNAUD - Associate Director<\/li>\n<li>FI-Gruppe: Mehdi AINOUCHE - Leiter des Zeit\u00fcberwachungstools<\/li>\n<\/ul>\n<\/td>\n<\/tr>\n<\/tbody>\n<\/table>\n<h2>\n\t\t<a href=\"https:\/\/clusterems.org\/\" title=\"N\u00e4chste Termine und Veranstaltungen des Water Milieu Sols Cluster\" target=\"_blank\" rel=\"noopener\">\n\t\tN\u00e4chste Termine und Veranstaltungen des Water Milieu Sols Cluster\n\t\t<\/a>\n\t<\/h2>\n\t\n\n\n\n\n\n\t\t\t\t<a href=\"https:\/\/clusterems.org\/\" target=\"_blank\" rel=\"noopener\" itemprop=\"url\">\n\t\t\t\t<img loading=\"lazy\" decoding=\"async\" src=\"https:\/\/www.reseau-mesure.com\/wp-content\/uploads\/2021\/05\/eau-milieu-et-sol-300x150.png\" alt=\"Cluster Eau Milieux et Sols\" itemprop=\"image\" height=\"150\" width=\"300\" title=\"mittleres Wasser und Boden\" onerror=\"this.style.display='none'\"  \/>\n\t\t\t\t<\/a>\n\t\t\t<a href=\"https:\/\/www.reseau-mesure.com\/de\/evenements\/\" target=\"_self\" role=\"button\" rel=\"noopener\">\n\t\t\t\t\t\t\tDie komplette Agenda des Messnetzes\n\t\t\t\t\t<\/a>\n\t\t\t\t<a href=\"https:\/\/www.reseau-mesure.com\/de\/evenements\/\" target=\"_blank\" rel=\"noopener\" itemprop=\"url\">\n\t\t\t\t<img loading=\"lazy\" decoding=\"async\" src=\"https:\/\/www.reseau-mesure.com\/wp-content\/uploads\/2020\/08\/Plan-de-travail-3niveau.png\" alt=\"R\u00e9seau Mesure Express Actualites\" itemprop=\"image\" height=\"3665\" width=\"5520\" title=\"Express Measurement Network News\" onerror=\"this.style.display='none'\"  \/>\n\t\t\t\t<\/a>\n\t<h1>Digitale Kommunikation<\/h1>\n\t<h1>Treffen der Gruppe Digitale Kommunikation<\/h1>\n<h2><strong>Donnerstag, 20. Mai 2021<\/strong><\/h2>\n\n\n<ul>\n<li><strong>\u00a0<\/strong>Retour d&rsquo;exp\u00e9rience de TH Industrie &#8211; les syst\u00e8mes de sauvegarde pour les sites internet.<\/li>\n<li>SEO \/ SEA<\/li>\n<\/ul>\n<p>Nat\u00fcrliche Referenzierung \/ bezahlte Referenzierung. Wie kann man in Suchmaschinen besser aussehen?<\/p>\n<ul>\n<li>Gibt es Statistiken zu den Verbindungsgewohnheiten potenzieller Industriekunden?<\/li>\n<\/ul>\n\t<h2>R\u00e9seau Mesure Express: Neuigkeiten zum Aktionsplan des Vereins<\/h2>","protected":false},"excerpt":{"rendered":"<p>R\u00e9seau Mesure Express 12. Mai 2021 12.05.2021 Ein Netzwerk f\u00fcr seine Mitglieder \u00fcber seine Mitglieder R\u00e9seau Mesure Express 12. Mai 2021: Mitglieder finden die Nachrichten des Vereins in R\u00e9seau Mesure Express, insbesondere das Programm f\u00fcr den Monat Mai. Die digitale Kommunikationsstrategie: die Grundlagen, die Schl\u00fcssel zum Erfolg 1 Platz ...<\/p>","protected":false},"author":685,"featured_media":0,"parent":0,"menu_order":0,"comment_status":"closed","ping_status":"closed","template":"","meta":{"_acf_changed":false,"footnotes":""},"class_list":["post-13875","page","type-page","status-publish","hentry"],"acf":[],"yoast_head":"<!-- This site is optimized with the Yoast SEO plugin v27.5 - https:\/\/yoast.com\/product\/yoast-seo-wordpress\/ -->\n<title>R\u00e9seau Mesure Express 12 mai 2021 - R\u00e9seau Mesure<\/title>\n<meta name=\"description\" content=\"R\u00e9seau Mesure Express 12 mai 2021. Une place disponible pour la formation la strat\u00e9gie de communication digitale.\" \/>\n<meta name=\"robots\" content=\"index, follow, max-snippet:-1, max-image-preview:large, max-video-preview:-1\" \/>\n<link rel=\"canonical\" href=\"https:\/\/www.reseau-mesure.com\/de\/reseau-mesure-express-12-mai-2021\/\" \/>\n<meta property=\"og:locale\" content=\"de_DE\" \/>\n<meta property=\"og:type\" content=\"article\" \/>\n<meta property=\"og:title\" content=\"R\u00e9seau Mesure Express 12 mai 2021 - R\u00e9seau Mesure\" \/>\n<meta property=\"og:description\" content=\"R\u00e9seau Mesure Express 12 mai 2021. Une place disponible pour la formation la strat\u00e9gie de communication digitale.\" \/>\n<meta property=\"og:url\" content=\"https:\/\/www.reseau-mesure.com\/de\/reseau-mesure-express-12-mai-2021\/\" \/>\n<meta property=\"og:site_name\" content=\"R\u00e9seau Mesure\" \/>\n<meta property=\"article:publisher\" content=\"https:\/\/www.facebook.com\/reseaumesure\/\" \/>\n<meta property=\"article:modified_time\" content=\"2021-05-14T09:10:31+00:00\" \/>\n<meta property=\"og:image\" content=\"https:\/\/www.reseau-mesure.com\/wp-content\/uploads\/2020\/07\/20ku.jpeg\" \/>\n<meta name=\"twitter:card\" content=\"summary_large_image\" \/>\n<meta name=\"twitter:site\" content=\"@ReseauMesure\" \/>\n<meta name=\"twitter:label1\" content=\"Gesch\u00e4tzte Lesezeit\" \/>\n\t<meta name=\"twitter:data1\" content=\"3\u00a0Minuten\" \/>\n<script type=\"application\/ld+json\" class=\"yoast-schema-graph\">{\"@context\":\"https:\\\/\\\/schema.org\",\"@graph\":[{\"@type\":\"WebPage\",\"@id\":\"https:\\\/\\\/www.reseau-mesure.com\\\/de\\\/reseau-mesure-express-12-mai-2021\\\/\",\"url\":\"https:\\\/\\\/www.reseau-mesure.com\\\/de\\\/reseau-mesure-express-12-mai-2021\\\/\",\"name\":\"R\u00e9seau Mesure Express 12 mai 2021 - R\u00e9seau Mesure\",\"isPartOf\":{\"@id\":\"https:\\\/\\\/www.reseau-mesure.com\\\/#website\"},\"primaryImageOfPage\":{\"@id\":\"https:\\\/\\\/www.reseau-mesure.com\\\/de\\\/reseau-mesure-express-12-mai-2021\\\/#primaryimage\"},\"image\":{\"@id\":\"https:\\\/\\\/www.reseau-mesure.com\\\/de\\\/reseau-mesure-express-12-mai-2021\\\/#primaryimage\"},\"thumbnailUrl\":\"https:\\\/\\\/www.reseau-mesure.com\\\/wp-content\\\/uploads\\\/2020\\\/07\\\/20ku.jpeg\",\"datePublished\":\"2021-05-10T09:27:14+00:00\",\"dateModified\":\"2021-05-14T09:10:31+00:00\",\"description\":\"R\u00e9seau Mesure Express 12 mai 2021. Une place disponible pour la formation la strat\u00e9gie de communication digitale.\",\"breadcrumb\":{\"@id\":\"https:\\\/\\\/www.reseau-mesure.com\\\/de\\\/reseau-mesure-express-12-mai-2021\\\/#breadcrumb\"},\"inLanguage\":\"de\",\"potentialAction\":[{\"@type\":\"ReadAction\",\"target\":[\"https:\\\/\\\/www.reseau-mesure.com\\\/de\\\/reseau-mesure-express-12-mai-2021\\\/\"]}]},{\"@type\":\"ImageObject\",\"inLanguage\":\"de\",\"@id\":\"https:\\\/\\\/www.reseau-mesure.com\\\/de\\\/reseau-mesure-express-12-mai-2021\\\/#primaryimage\",\"url\":\"https:\\\/\\\/www.reseau-mesure.com\\\/wp-content\\\/uploads\\\/2020\\\/07\\\/20ku.jpeg\",\"contentUrl\":\"https:\\\/\\\/www.reseau-mesure.com\\\/wp-content\\\/uploads\\\/2020\\\/07\\\/20ku.jpeg\"},{\"@type\":\"BreadcrumbList\",\"@id\":\"https:\\\/\\\/www.reseau-mesure.com\\\/de\\\/reseau-mesure-express-12-mai-2021\\\/#breadcrumb\",\"itemListElement\":[{\"@type\":\"ListItem\",\"position\":1,\"name\":\"Accueil\",\"item\":\"https:\\\/\\\/www.reseau-mesure.com\\\/\"},{\"@type\":\"ListItem\",\"position\":2,\"name\":\"R\u00e9seau Mesure Express-20210512\"}]},{\"@type\":\"WebSite\",\"@id\":\"https:\\\/\\\/www.reseau-mesure.com\\\/#website\",\"url\":\"https:\\\/\\\/www.reseau-mesure.com\\\/\",\"name\":\"R\u00e9seau-Mesure\",\"description\":\"R\u00e9seau Mesure\",\"publisher\":{\"@id\":\"https:\\\/\\\/www.reseau-mesure.com\\\/#organization\"},\"potentialAction\":[{\"@type\":\"SearchAction\",\"target\":{\"@type\":\"EntryPoint\",\"urlTemplate\":\"https:\\\/\\\/www.reseau-mesure.com\\\/?s={search_term_string}\"},\"query-input\":{\"@type\":\"PropertyValueSpecification\",\"valueRequired\":true,\"valueName\":\"search_term_string\"}}],\"inLanguage\":\"de\"},{\"@type\":\"Organization\",\"@id\":\"https:\\\/\\\/www.reseau-mesure.com\\\/#organization\",\"name\":\"R\u00e9seau-Mesure\",\"url\":\"https:\\\/\\\/www.reseau-mesure.com\\\/\",\"logo\":{\"@type\":\"ImageObject\",\"inLanguage\":\"de\",\"@id\":\"https:\\\/\\\/www.reseau-mesure.com\\\/#\\\/schema\\\/logo\\\/image\\\/\",\"url\":\"https:\\\/\\\/www.reseau-mesure.com\\\/wp-content\\\/uploads\\\/2018\\\/02\\\/logo-max.png\",\"contentUrl\":\"https:\\\/\\\/www.reseau-mesure.com\\\/wp-content\\\/uploads\\\/2018\\\/02\\\/logo-max.png\",\"width\":545,\"height\":285,\"caption\":\"R\u00e9seau-Mesure\"},\"image\":{\"@id\":\"https:\\\/\\\/www.reseau-mesure.com\\\/#\\\/schema\\\/logo\\\/image\\\/\"},\"sameAs\":[\"https:\\\/\\\/www.facebook.com\\\/reseaumesure\\\/\",\"https:\\\/\\\/x.com\\\/ReseauMesure\",\"https:\\\/\\\/www.linkedin.com\\\/company\\\/reseau-mesure\\\/\"]}]}<\/script>\n<!-- \/ Yoast SEO plugin. -->","yoast_head_json":{"title":"R\u00e9seau Mesure Express 12 mai 2021 - R\u00e9seau Mesure","description":"R\u00e9seau Mesure Express 12 mai 2021. Une place disponible pour la formation la strat\u00e9gie de communication digitale.","robots":{"index":"index","follow":"follow","max-snippet":"max-snippet:-1","max-image-preview":"max-image-preview:large","max-video-preview":"max-video-preview:-1"},"canonical":"https:\/\/www.reseau-mesure.com\/de\/reseau-mesure-express-12-mai-2021\/","og_locale":"de_DE","og_type":"article","og_title":"R\u00e9seau Mesure Express 12 mai 2021 - R\u00e9seau Mesure","og_description":"R\u00e9seau Mesure Express 12 mai 2021. Une place disponible pour la formation la strat\u00e9gie de communication digitale.","og_url":"https:\/\/www.reseau-mesure.com\/de\/reseau-mesure-express-12-mai-2021\/","og_site_name":"R\u00e9seau Mesure","article_publisher":"https:\/\/www.facebook.com\/reseaumesure\/","article_modified_time":"2021-05-14T09:10:31+00:00","og_image":[{"url":"https:\/\/www.reseau-mesure.com\/wp-content\/uploads\/2020\/07\/20ku.jpeg","type":"","width":"","height":""}],"twitter_card":"summary_large_image","twitter_site":"@ReseauMesure","twitter_misc":{"Gesch\u00e4tzte Lesezeit":"3\u00a0Minuten"},"schema":{"@context":"https:\/\/schema.org","@graph":[{"@type":"WebPage","@id":"https:\/\/www.reseau-mesure.com\/de\/reseau-mesure-express-12-mai-2021\/","url":"https:\/\/www.reseau-mesure.com\/de\/reseau-mesure-express-12-mai-2021\/","name":"R\u00e9seau Mesure Express 12 mai 2021 - R\u00e9seau Mesure","isPartOf":{"@id":"https:\/\/www.reseau-mesure.com\/#website"},"primaryImageOfPage":{"@id":"https:\/\/www.reseau-mesure.com\/de\/reseau-mesure-express-12-mai-2021\/#primaryimage"},"image":{"@id":"https:\/\/www.reseau-mesure.com\/de\/reseau-mesure-express-12-mai-2021\/#primaryimage"},"thumbnailUrl":"https:\/\/www.reseau-mesure.com\/wp-content\/uploads\/2020\/07\/20ku.jpeg","datePublished":"2021-05-10T09:27:14+00:00","dateModified":"2021-05-14T09:10:31+00:00","description":"R\u00e9seau Mesure Express 12 mai 2021. Une place disponible pour la formation la strat\u00e9gie de communication digitale.","breadcrumb":{"@id":"https:\/\/www.reseau-mesure.com\/de\/reseau-mesure-express-12-mai-2021\/#breadcrumb"},"inLanguage":"de","potentialAction":[{"@type":"ReadAction","target":["https:\/\/www.reseau-mesure.com\/de\/reseau-mesure-express-12-mai-2021\/"]}]},{"@type":"ImageObject","inLanguage":"de","@id":"https:\/\/www.reseau-mesure.com\/de\/reseau-mesure-express-12-mai-2021\/#primaryimage","url":"https:\/\/www.reseau-mesure.com\/wp-content\/uploads\/2020\/07\/20ku.jpeg","contentUrl":"https:\/\/www.reseau-mesure.com\/wp-content\/uploads\/2020\/07\/20ku.jpeg"},{"@type":"BreadcrumbList","@id":"https:\/\/www.reseau-mesure.com\/de\/reseau-mesure-express-12-mai-2021\/#breadcrumb","itemListElement":[{"@type":"ListItem","position":1,"name":"Accueil","item":"https:\/\/www.reseau-mesure.com\/"},{"@type":"ListItem","position":2,"name":"R\u00e9seau Mesure Express-20210512"}]},{"@type":"WebSite","@id":"https:\/\/www.reseau-mesure.com\/#website","url":"https:\/\/www.reseau-mesure.com\/","name":"Netzwerk-Messung","description":"Netzwerkma\u00dfnahme","publisher":{"@id":"https:\/\/www.reseau-mesure.com\/#organization"},"potentialAction":[{"@type":"SearchAction","target":{"@type":"EntryPoint","urlTemplate":"https:\/\/www.reseau-mesure.com\/?s={search_term_string}"},"query-input":{"@type":"PropertyValueSpecification","valueRequired":true,"valueName":"search_term_string"}}],"inLanguage":"de"},{"@type":"Organization","@id":"https:\/\/www.reseau-mesure.com\/#organization","name":"Netzwerk-Messung","url":"https:\/\/www.reseau-mesure.com\/","logo":{"@type":"ImageObject","inLanguage":"de","@id":"https:\/\/www.reseau-mesure.com\/#\/schema\/logo\/image\/","url":"https:\/\/www.reseau-mesure.com\/wp-content\/uploads\/2018\/02\/logo-max.png","contentUrl":"https:\/\/www.reseau-mesure.com\/wp-content\/uploads\/2018\/02\/logo-max.png","width":545,"height":285,"caption":"R\u00e9seau-Mesure"},"image":{"@id":"https:\/\/www.reseau-mesure.com\/#\/schema\/logo\/image\/"},"sameAs":["https:\/\/www.facebook.com\/reseaumesure\/","https:\/\/x.com\/ReseauMesure","https:\/\/www.linkedin.com\/company\/reseau-mesure\/"]}]}},"_links":{"self":[{"href":"https:\/\/www.reseau-mesure.com\/de\/wp-json\/wp\/v2\/pages\/13875","targetHints":{"allow":["GET"]}}],"collection":[{"href":"https:\/\/www.reseau-mesure.com\/de\/wp-json\/wp\/v2\/pages"}],"about":[{"href":"https:\/\/www.reseau-mesure.com\/de\/wp-json\/wp\/v2\/types\/page"}],"author":[{"embeddable":true,"href":"https:\/\/www.reseau-mesure.com\/de\/wp-json\/wp\/v2\/users\/685"}],"replies":[{"embeddable":true,"href":"https:\/\/www.reseau-mesure.com\/de\/wp-json\/wp\/v2\/comments?post=13875"}],"version-history":[{"count":0,"href":"https:\/\/www.reseau-mesure.com\/de\/wp-json\/wp\/v2\/pages\/13875\/revisions"}],"wp:attachment":[{"href":"https:\/\/www.reseau-mesure.com\/de\/wp-json\/wp\/v2\/media?parent=13875"}],"curies":[{"name":"wp","href":"https:\/\/api.w.org\/{rel}","templated":true}]}}