{"id":14184,"date":"2021-06-08T11:30:09","date_gmt":"2021-06-08T09:30:09","guid":{"rendered":"https:\/\/www.reseau-mesure.com\/?page_id=14184"},"modified":"2021-06-08T13:37:27","modified_gmt":"2021-06-08T11:37:27","slug":"reseau-mesure-express-10-juin-2021","status":"publish","type":"page","link":"https:\/\/www.reseau-mesure.com\/de\/reseau-mesure-express-10-juin-2021\/","title":{"rendered":"Express-Messnetzwerk-20210610"},"content":{"rendered":"<img loading=\"lazy\" decoding=\"async\" src=\"https:\/\/www.reseau-mesure.com\/wp-content\/uploads\/2020\/07\/20ku.jpeg\" alt=\"R\u00e9seau Mesure Express\" itemprop=\"image\" height=\"300\" width=\"970\" title=\"Express Measurement Network Header\" onerror=\"this.style.display='none'\"  \/>\n<h1>\n\t\tR\u00e9seau Mesure Express 10. Juni 2021\n\t<\/h1>\n<h2>\n\t\t<a href=\"https:\/\/www.reseau-mesure.com\/de\/le-reseau-mesure-2\/\" title=\"10.06.2021\" target=\"_blank\" rel=\"noopener\">\n\t\t10.06.2021\n\t\t<\/a>\n\t<\/h2>\n\t<h3><strong>Ein Netzwerk f\u00fcr seine Mitglieder durch seine Mitglieder<\/strong><\/h3>\n\t<p>R\u00e9seau Mesure Express 10. Juni 2021: Mitglieder finden im R\u00e9seau Mesure Express Neuigkeiten aus dem Verein, insbesondere das Juni-Programm.<\/p>\n<p>So der Call for Papers f\u00fcr die Industrial Analysis Show im September und das erste Dinner des Jahres f\u00fcr Mitglieder des Measurement Network\u2026.<\/p>\n<h2>\n\t\t<a href=\"https:\/\/www.reseau-mesure.com\/de\/analyse-indsutrielle\/\" title=\"Messe f\u00fcr industrielle Analyse - Call for Papers 2021\" target=\"_blank\" rel=\"noopener\">\n\t\tMesse f\u00fcr industrielle Analyse - Call for Papers 2021\n\t\t<\/a>\n\t<\/h2>\n\t<h2><b>Die Messe f\u00fcr industrielle Analysel\u00f6sungen<\/b><\/h2>\n\t\n\n<p>Zwischen der Ausstellung, den technischen Konferenzen und den Workshops wird diese neue Ausgabe der Industriellen Analyse f\u00fcr die Akteure der Branche (Industrielle, Hersteller und H\u00e4ndler, Integratoren) ein Schauplatz des kommerziellen Austauschs und der Pr\u00e4sentation der neuesten Innovationen sein , Dienstleister usw.)<\/p>\n\n<p>F\u00fcr jede Anfrage:<\/p>\n<p>Guillaume\u00a0<a href=\"mailto:g.courcelle@infoexpo.fr\">COURCELLE<\/a>\u00a0, Showdirektor<\/p>\n<p>Ist sie\u00a0<a href=\"mailto:eduflot@resau-mesure.com\">DUFLOT<\/a>\u00a0, Direktor des Messnetzwerks<\/p>\n<a href=\"http:\/\/www.analyse-industrielle.fr\"><img loading=\"lazy\" decoding=\"async\" title=\"Besucherausweis Messe Industrieanalyse\" src=\"https:\/\/www.reseau-mesure.com\/wp-content\/uploads\/2021\/06\/badge-300x300.png\" sizes=\"auto, (max-width: 400px) 100vw, 400px\" srcset=\"https:\/\/www.reseau-mesure.com\/wp-content\/uploads\/2021\/06\/badge.png 400w, https:\/\/www.reseau-mesure.com\/wp-content\/uploads\/2021\/06\/badge-300x300.png 300w, https:\/\/www.reseau-mesure.com\/wp-content\/uploads\/2021\/06\/badge-150x150.png 150w, https:\/\/www.reseau-mesure.com\/wp-content\/uploads\/2021\/06\/badge-12x12.png 12w\" alt=\"Badge visiteur salon Analyse Industrielle\" width=\"300\" height=\"300\" \/><\/a>\n\t\t\t\t<a href=\"https:\/\/www.reseau-mesure.com\/de\/analyse-indsutrielle\/\" target=\"_blank\" rel=\"noopener\" itemprop=\"url\">\n\t\t\t\t<img loading=\"lazy\" decoding=\"async\" src=\"https:\/\/www.reseau-mesure.com\/wp-content\/uploads\/2018\/01\/analyse-industrielle.png\" alt=\"Analyse Industrielle\" itemprop=\"image\" height=\"78\" width=\"300\" title=\"industrielle Analyse\" onerror=\"this.style.display='none'\"  \/>\n\t\t\t\t<\/a>\n\t\t\t<a href=\"https:\/\/www.reseau-mesure.com\/wp-content\/uploads\/2021\/01\/contrat-analyse-RE%CC%81SEAU-MESURE-2021.pdf\" target=\"_blank\" role=\"button\" rel=\"noopener\">\n\t\t\t\t\t\t\tIch konsultiere die Registrierungsdatei\n\t\t\t\t\t<\/a>\n\t<p>&nbsp;<\/p>\n<h3><strong><em>CALL FOR PAPERS 2021<\/em><\/strong><\/h3>\n\n\n\n\n<ul>\n<li>das\u00a0<strong><u>runde Tische,\u00a0<\/u><\/strong>45-min\u00fctige Vortr\u00e4ge um 1:00 Uhr, die es Anbietern und ihren Kunden erm\u00f6glichen, wichtige Themen mit dem Publikum zu diskutieren (mit Moderator)<\/li>\n<li>Von\u00a0<strong><u>&quot;Wei\u00dfe Karten&quot;,<\/u><\/strong>\u00a030-min\u00fctige Reden zu einem freien, nicht-kommerziellen Thema, das an anderer Stelle in den anderen Konferenzen nicht behandelt wird (ohne Moderator)<\/li>\n<\/ul>\n\n\t\t\t\t<img decoding=\"async\" src=\"https:\/\/www.reseau-mesure.com\/wp-content\/plugins\/bb-plugin\/img\/pixel.png\" alt=\"\" itemprop=\"image\" onerror=\"this.style.display='none'\"  \/>\n<h2>\n\t\t<a href=\"https:\/\/www.reseau-mesure.com\/de\/formation-centaure-securite-routiere\/\" title=\"Zentaur: Verkehrssicherheitstraining\" target=\"_blank\" rel=\"noopener\">\n\t\tZentaur: Verkehrssicherheitstraining\n\t\t<\/a>\n\t<\/h2>\n\t\t\t\t<a href=\"https:\/\/www.reseau-mesure.com\/de\/formation-centaure-securite-routiere\/\" target=\"_blank\" rel=\"noopener\" itemprop=\"url\">\n\t\t\t\t<img loading=\"lazy\" decoding=\"async\" src=\"https:\/\/www.reseau-mesure.com\/wp-content\/uploads\/2021\/06\/formation-Preventis.jpg\" alt=\"formation-Preventis\" itemprop=\"image\" height=\"306\" width=\"920\" title=\"Schulung-Preventis\" onerror=\"this.style.display='none'\"  \/>\n\t\t\t\t<\/a>\n\t<p>&nbsp;<\/p>\n\n<p>Wenn Sie einen Vertriebs- oder Kundendienst haben, ist die Verkehrssicherheit eine wichtige Sicherheitsma\u00dfnahme f\u00fcr die Mitarbeiter Ihres Unternehmens. Centaur-Schulungen richten sich in erster Linie an alle reisenden oder mobilen Bev\u00f6lkerungsgruppen (Verk\u00e4ufer, Techniker, Zusteller, Vorgesetzte, freie Berufe, Gesundheitspersonal usw.).<\/p>\n\n<p>Beherrschung von Fahrern von leichten Fahrzeugen oder leichten Nutzfahrzeugen in ihren\u00a0<strong>Kapazit\u00e4t<\/strong>\u00a0<strong>Analyse<\/strong>\u00a0riskante Situationen,\u00a0<strong>Verst\u00e4ndnis<\/strong>\u00a0die Entstehung einer Unfallsituation und die Kenntnis der durchzuf\u00fchrenden Ma\u00dfnahmen in geeigneter Weise.<\/p>\n<p>Durch dieses Wissen und Know-how ist der Fahrer in\u00a0<strong>F\u00e4higkeit, riskante Situationen zu vermeiden\u00a0<\/strong>im Zusammenhang mit der Stra\u00dfe.<\/p>\n\t<p>&nbsp;<\/p>\n<p>&nbsp;<\/p>\n<h4><strong>\u00a0<\/strong><strong>Einige Zahlen zum besseren Verst\u00e4ndnis<\/strong><\/h4>\n<ul>\n<li>Professionelles Stra\u00dfenrisiko ist das 1<sup>Zeit<\/sup>\u00a0Todesursache bei Arbeitsunf\u00e4llen.<\/li>\n<li>50% der bei der Arbeit Get\u00f6teten sind unterwegs.<\/li>\n<li>70 Tage: durchschnittliche Dauer einer Arbeitsniederlegung mit vor\u00fcbergehender Arbeitsunf\u00e4higkeit nach einem Verkehrsunfall.<\/li>\n<li>Arbeitsniederlegungen nach einem Verkehrsunfall betragen das 1,5-fache der durchschnittlichen Dauer einer Arbeitsunterbrechung.<\/li>\n<li>Die Kosten eines Verkehrsunfalls auf einer Mission sind dreimal h\u00f6her als die durchschnittlichen Kosten eines Arbeitsunfalls.<\/li>\n<li>90% Verkehrsunf\u00e4lle bei der Arbeit sind auf ungeeignetes menschliches Verhalten zur\u00fcckzuf\u00fchren.<\/li>\n<\/ul>\n<h4><strong>\u00a0<\/strong><strong>Welche Konsequenzen f\u00fcr das Unternehmen?<\/strong><\/h4>\n<ul>\n<li>Human: Verlust von Humankapital \/ Verlust von Schl\u00fcsselpersonen \/ Verlust von F\u00e4higkeiten.<\/li>\n<li>Finanziell: Verkehrsunf\u00e4lle verursachen direkte und indirekte Kosten (oft zwei- bis dreimal h\u00f6her).<\/li>\n<li>Recht: Das Stra\u00dfenrisiko f\u00fcr einen entsandten Mitarbeiter ist ein berufliches Risiko. Letztere m\u00fcssen wie alle Berufsrisiken bewertet und in einem einzigen Dokument festgehalten werden (Artikel L4221-1 und R4121-1 des Arbeitsgesetzbuches).<\/li>\n<\/ul>\n\n\t\t\t<a href=\"mailto:confray@reseau-mesure.com\" target=\"_blank\" role=\"button\" rel=\"noopener\">\n\t\t\t\t\t\t\tAnmeldungen\n\t\t\t\t\t<\/a>\n<h2>\n\t\t<a href=\"https:\/\/www.reseau-mesure.com\/de\/measurement-world-2021-lyon\/\" title=\"Measurement World 2021 - Die letzten verf\u00fcgbaren St\u00e4nde\" target=\"_blank\" rel=\"noopener\">\n\t\tMeasurement World 2021 - Die letzten verf\u00fcgbaren St\u00e4nde\n\t\t<\/a>\n\t<\/h2>\n\t<p>Das Hotel liegt im Herzen des 1<sup>Zeit<\/sup>\u00a0Industrieregion Frankreichs und in der N\u00e4he mehrerer europ\u00e4ischer L\u00e4nder ist die Attraktivit\u00e4t der Stadt Lyon gut etabliert. Als historisches Ziel f\u00fcr die Industrie und dann f\u00fcr die globale Industrie ist es seit mehreren Jahren m\u00f6glich, die Entwicklung von Messen zu unterst\u00fctzen und ihnen hervorragende Gesch\u00e4ftsaussichten zu bieten.<\/p>\n<p>Das gleichzeitige Halten von\u00a0<a href=\"https:\/\/www.measurement-world.com\/fr\"><strong>MESSWELT<\/strong><\/a>\u00a0mit dem\u00a0<a href=\"https:\/\/www.cfmetrologie.com\/fr\/evenements\/congres-international-de-la-metrologie-cim\"><strong>Internationaler Kongress f\u00fcr Metrologie (CIM)<\/strong><\/a>\u00a0und von\u00a0<a href=\"https:\/\/global-industrie.com\/fr\"><strong>GLOBALE INDUSTRIE<\/strong>\u00a0<\/a>bietet ein noch repr\u00e4sentativeres Industriepanorama mit einem erweiterten technologischen Angebot, das auf die Industrie der Zukunft ausgerichtet ist. Eine gewinnbringende Synergie, die auch den internationalen Charakter dieses gro\u00dfartigen Treffens unterstreicht und nat\u00fcrlich die Marktkompetenz der Besucher erweitert.<\/p>\n<p>Diese Ausnahmesituation ist eine Chance f\u00fcr MEASUREMENT WORLD &amp; CIM, vom gesamten \u00d6kosystem und den Anwenderm\u00e4rkten der GLOBAL INDUSTRIE zu profitieren und gleichzeitig f\u00fcr eine gr\u00f6\u00dfere Medienberichterstattung \u00fcber die Veranstaltungen zu sorgen.<\/p>\n<p>&nbsp;<\/p>\n\t\t\t\t<a href=\"http:\/\/www.aste.asso.fr\/fr\/pag-1209331-INSCRIPTION-AUX-JOURNEES-DES-ESSAIS-ET-DE-LA-SIMULATION---ASTELAB-2021.html\" target=\"_blank\" rel=\"noopener\" itemprop=\"url\">\n\t\t\t\t<img loading=\"lazy\" decoding=\"async\" src=\"https:\/\/www.reseau-mesure.com\/wp-content\/uploads\/2021\/04\/MW-logo-seul-largeur-300x82.png\" alt=\"Measurement World\" itemprop=\"image\" height=\"82\" width=\"300\" title=\"MW Logo nur Breite\" onerror=\"this.style.display='none'\"  \/>\n\t\t\t\t<\/a>\n\t\t\t<a href=\"https:\/\/www.reseau-mesure.com\/wp-content\/uploads\/2021\/05\/Demande-de-participation-MW-LYON-2021-FR-6-9-sept.pdf\" target=\"_blank\" role=\"button\" rel=\"noopener\">\n\t\t\t\t\t\t\tAnmeldeformular\n\t\t\t\t\t<\/a>\n\t\t\t\t<a href=\"https:\/\/www.reseau-mesure.com\/de\/measurement-world-2021-lyon\/\" target=\"_self\" itemprop=\"url\" rel=\"noopener\">\n\t\t\t\t<img loading=\"lazy\" decoding=\"async\" src=\"https:\/\/www.reseau-mesure.com\/wp-content\/uploads\/2020\/05\/LOGOS-PARTENAIRES.jpg\" alt=\"partenaires Measurement World 2021\" itemprop=\"image\" height=\"288\" width=\"1200\" title=\"MW2021 PARTNERLOGOS\" onerror=\"this.style.display='none'\"  \/>\n\t\t\t\t<\/a>\n\t\n\t\t\t\t<a href=\"https:\/\/www.reseau-mesure.com\/de\/evenements\/\" target=\"_blank\" rel=\"noopener\" itemprop=\"url\">\n\t\t\t\t<img loading=\"lazy\" decoding=\"async\" src=\"https:\/\/www.reseau-mesure.com\/wp-content\/uploads\/2020\/08\/Plan-de-travail-3niveau.png\" alt=\"R\u00e9seau Mesure Express Actualites\" itemprop=\"image\" height=\"3665\" width=\"5520\" title=\"Express Measurement Network News\" onerror=\"this.style.display='none'\"  \/>\n\t\t\t\t<\/a>\n\t<h1>Sommerabendessen<\/h1>\n\tAngesichts der g\u00fcnstigen sanit\u00e4ren Bedingungen laden wir Sie gerne ein, uns kennenzulernen<br \/>\num eine Cocktailparty.\n\n<p>Sie k\u00f6nnen sich bei registrieren <a href=\"\/de\/eduflot@reseau-mesure.com\/\">Estelle DUFLOT<\/a>.<\/p>\n\t\t\t\t<img loading=\"lazy\" decoding=\"async\" src=\"https:\/\/www.reseau-mesure.com\/wp-content\/uploads\/2021\/06\/PHOTOS-1-300x83.jpg\" alt=\"Diner R\u00e9seau Mesure 29 juin 2021\" itemprop=\"image\" height=\"83\" width=\"300\" title=\"Messen Netzwerk Dinner 29. Juni 2021\" onerror=\"this.style.display='none'\"  \/>\n\t\t\t<a href=\"https:\/\/www.reseau-mesure.com\/de\/evenements\/\" target=\"_self\" role=\"button\" rel=\"noopener\">\n\t\t\t\t\t\t\tDie komplette Agenda des Messnetzes\n\t\t\t\t\t<\/a>\n\t<h2>R\u00e9seau Mesure Express: Neuigkeiten zum Aktionsplan des Vereins<\/h2>\n\t\t\t\t<img decoding=\"async\" src=\"https:\/\/www.reseau-mesure.com\/wp-content\/plugins\/bb-plugin\/img\/pixel.png\" alt=\"\" itemprop=\"image\" onerror=\"this.style.display='none'\"  \/>","protected":false},"excerpt":{"rendered":"<p>R\u00e9seau Mesure Express 10. Juni 2021 10. Juni 2021 Ein Netzwerk f\u00fcr seine Mitglieder durch seine Mitglieder R\u00e9seau Mesure Express 10. Juni 2021: Mitglieder k\u00f6nnen die Neuigkeiten des Vereins in R\u00e9seau Mesure Express finden, insbesondere das Juni-Programm. So ist der Call for Papers f\u00fcr die Industrial Analysis Show im September und das erste Dinner des Jahres ...<\/p>","protected":false},"author":685,"featured_media":0,"parent":0,"menu_order":0,"comment_status":"closed","ping_status":"closed","template":"","meta":{"_acf_changed":false,"footnotes":""},"class_list":["post-14184","page","type-page","status-publish","hentry"],"acf":[],"yoast_head":"<!-- This site is optimized with the Yoast SEO plugin v27.4 - https:\/\/yoast.com\/product\/yoast-seo-wordpress\/ -->\n<title>R\u00e9seau Mesure Express 10 juin 2021 - R\u00e9seau Mesure<\/title>\n<meta name=\"description\" content=\"R\u00e9seau Mesure Express 10 juin 2021. Appel \u00e0 communication pour le salon Analyse Industrielle les 22 et 23 septembre 2021.\" \/>\n<meta name=\"robots\" content=\"index, follow, max-snippet:-1, max-image-preview:large, max-video-preview:-1\" \/>\n<link rel=\"canonical\" href=\"https:\/\/www.reseau-mesure.com\/de\/reseau-mesure-express-10-juin-2021\/\" \/>\n<meta property=\"og:locale\" content=\"de_DE\" \/>\n<meta property=\"og:type\" content=\"article\" \/>\n<meta property=\"og:title\" content=\"R\u00e9seau Mesure Express 10 juin 2021 - R\u00e9seau Mesure\" \/>\n<meta property=\"og:description\" content=\"R\u00e9seau Mesure Express 10 juin 2021. Appel \u00e0 communication pour le salon Analyse Industrielle les 22 et 23 septembre 2021.\" \/>\n<meta property=\"og:url\" content=\"https:\/\/www.reseau-mesure.com\/de\/reseau-mesure-express-10-juin-2021\/\" \/>\n<meta property=\"og:site_name\" content=\"R\u00e9seau Mesure\" \/>\n<meta property=\"article:publisher\" content=\"https:\/\/www.facebook.com\/reseaumesure\/\" \/>\n<meta property=\"article:modified_time\" content=\"2021-06-08T11:37:27+00:00\" \/>\n<meta property=\"og:image\" content=\"https:\/\/www.reseau-mesure.com\/wp-content\/uploads\/2020\/07\/20ku.jpeg\" \/>\n<meta name=\"twitter:card\" content=\"summary_large_image\" \/>\n<meta name=\"twitter:site\" content=\"@ReseauMesure\" \/>\n<meta name=\"twitter:label1\" content=\"Gesch\u00e4tzte Lesezeit\" \/>\n\t<meta name=\"twitter:data1\" content=\"6\u00a0Minuten\" \/>\n<script type=\"application\/ld+json\" class=\"yoast-schema-graph\">{\"@context\":\"https:\\\/\\\/schema.org\",\"@graph\":[{\"@type\":\"WebPage\",\"@id\":\"https:\\\/\\\/www.reseau-mesure.com\\\/de\\\/reseau-mesure-express-10-juin-2021\\\/\",\"url\":\"https:\\\/\\\/www.reseau-mesure.com\\\/de\\\/reseau-mesure-express-10-juin-2021\\\/\",\"name\":\"R\u00e9seau Mesure Express 10 juin 2021 - R\u00e9seau Mesure\",\"isPartOf\":{\"@id\":\"https:\\\/\\\/www.reseau-mesure.com\\\/#website\"},\"primaryImageOfPage\":{\"@id\":\"https:\\\/\\\/www.reseau-mesure.com\\\/de\\\/reseau-mesure-express-10-juin-2021\\\/#primaryimage\"},\"image\":{\"@id\":\"https:\\\/\\\/www.reseau-mesure.com\\\/de\\\/reseau-mesure-express-10-juin-2021\\\/#primaryimage\"},\"thumbnailUrl\":\"https:\\\/\\\/www.reseau-mesure.com\\\/wp-content\\\/uploads\\\/2020\\\/07\\\/20ku.jpeg\",\"datePublished\":\"2021-06-08T09:30:09+00:00\",\"dateModified\":\"2021-06-08T11:37:27+00:00\",\"description\":\"R\u00e9seau Mesure Express 10 juin 2021. Appel \u00e0 communication pour le salon Analyse Industrielle les 22 et 23 septembre 2021.\",\"breadcrumb\":{\"@id\":\"https:\\\/\\\/www.reseau-mesure.com\\\/de\\\/reseau-mesure-express-10-juin-2021\\\/#breadcrumb\"},\"inLanguage\":\"de\",\"potentialAction\":[{\"@type\":\"ReadAction\",\"target\":[\"https:\\\/\\\/www.reseau-mesure.com\\\/de\\\/reseau-mesure-express-10-juin-2021\\\/\"]}]},{\"@type\":\"ImageObject\",\"inLanguage\":\"de\",\"@id\":\"https:\\\/\\\/www.reseau-mesure.com\\\/de\\\/reseau-mesure-express-10-juin-2021\\\/#primaryimage\",\"url\":\"https:\\\/\\\/www.reseau-mesure.com\\\/wp-content\\\/uploads\\\/2020\\\/07\\\/20ku.jpeg\",\"contentUrl\":\"https:\\\/\\\/www.reseau-mesure.com\\\/wp-content\\\/uploads\\\/2020\\\/07\\\/20ku.jpeg\"},{\"@type\":\"BreadcrumbList\",\"@id\":\"https:\\\/\\\/www.reseau-mesure.com\\\/de\\\/reseau-mesure-express-10-juin-2021\\\/#breadcrumb\",\"itemListElement\":[{\"@type\":\"ListItem\",\"position\":1,\"name\":\"Accueil\",\"item\":\"https:\\\/\\\/www.reseau-mesure.com\\\/\"},{\"@type\":\"ListItem\",\"position\":2,\"name\":\"R\u00e9seau Mesure Express-20210610\"}]},{\"@type\":\"WebSite\",\"@id\":\"https:\\\/\\\/www.reseau-mesure.com\\\/#website\",\"url\":\"https:\\\/\\\/www.reseau-mesure.com\\\/\",\"name\":\"R\u00e9seau-Mesure\",\"description\":\"R\u00e9seau Mesure\",\"publisher\":{\"@id\":\"https:\\\/\\\/www.reseau-mesure.com\\\/#organization\"},\"potentialAction\":[{\"@type\":\"SearchAction\",\"target\":{\"@type\":\"EntryPoint\",\"urlTemplate\":\"https:\\\/\\\/www.reseau-mesure.com\\\/?s={search_term_string}\"},\"query-input\":{\"@type\":\"PropertyValueSpecification\",\"valueRequired\":true,\"valueName\":\"search_term_string\"}}],\"inLanguage\":\"de\"},{\"@type\":\"Organization\",\"@id\":\"https:\\\/\\\/www.reseau-mesure.com\\\/#organization\",\"name\":\"R\u00e9seau-Mesure\",\"url\":\"https:\\\/\\\/www.reseau-mesure.com\\\/\",\"logo\":{\"@type\":\"ImageObject\",\"inLanguage\":\"de\",\"@id\":\"https:\\\/\\\/www.reseau-mesure.com\\\/#\\\/schema\\\/logo\\\/image\\\/\",\"url\":\"https:\\\/\\\/www.reseau-mesure.com\\\/wp-content\\\/uploads\\\/2018\\\/02\\\/logo-max.png\",\"contentUrl\":\"https:\\\/\\\/www.reseau-mesure.com\\\/wp-content\\\/uploads\\\/2018\\\/02\\\/logo-max.png\",\"width\":545,\"height\":285,\"caption\":\"R\u00e9seau-Mesure\"},\"image\":{\"@id\":\"https:\\\/\\\/www.reseau-mesure.com\\\/#\\\/schema\\\/logo\\\/image\\\/\"},\"sameAs\":[\"https:\\\/\\\/www.facebook.com\\\/reseaumesure\\\/\",\"https:\\\/\\\/x.com\\\/ReseauMesure\",\"https:\\\/\\\/www.linkedin.com\\\/company\\\/reseau-mesure\\\/\"]}]}<\/script>\n<!-- \/ Yoast SEO plugin. -->","yoast_head_json":{"title":"R\u00e9seau Mesure Express 10 juin 2021 - R\u00e9seau Mesure","description":"R\u00e9seau Mesure Express 10 juin 2021. Appel \u00e0 communication pour le salon Analyse Industrielle les 22 et 23 septembre 2021.","robots":{"index":"index","follow":"follow","max-snippet":"max-snippet:-1","max-image-preview":"max-image-preview:large","max-video-preview":"max-video-preview:-1"},"canonical":"https:\/\/www.reseau-mesure.com\/de\/reseau-mesure-express-10-juin-2021\/","og_locale":"de_DE","og_type":"article","og_title":"R\u00e9seau Mesure Express 10 juin 2021 - R\u00e9seau Mesure","og_description":"R\u00e9seau Mesure Express 10 juin 2021. Appel \u00e0 communication pour le salon Analyse Industrielle les 22 et 23 septembre 2021.","og_url":"https:\/\/www.reseau-mesure.com\/de\/reseau-mesure-express-10-juin-2021\/","og_site_name":"R\u00e9seau Mesure","article_publisher":"https:\/\/www.facebook.com\/reseaumesure\/","article_modified_time":"2021-06-08T11:37:27+00:00","og_image":[{"url":"https:\/\/www.reseau-mesure.com\/wp-content\/uploads\/2020\/07\/20ku.jpeg","type":"","width":"","height":""}],"twitter_card":"summary_large_image","twitter_site":"@ReseauMesure","twitter_misc":{"Gesch\u00e4tzte Lesezeit":"6\u00a0Minuten"},"schema":{"@context":"https:\/\/schema.org","@graph":[{"@type":"WebPage","@id":"https:\/\/www.reseau-mesure.com\/de\/reseau-mesure-express-10-juin-2021\/","url":"https:\/\/www.reseau-mesure.com\/de\/reseau-mesure-express-10-juin-2021\/","name":"R\u00e9seau Mesure Express 10 juin 2021 - R\u00e9seau Mesure","isPartOf":{"@id":"https:\/\/www.reseau-mesure.com\/#website"},"primaryImageOfPage":{"@id":"https:\/\/www.reseau-mesure.com\/de\/reseau-mesure-express-10-juin-2021\/#primaryimage"},"image":{"@id":"https:\/\/www.reseau-mesure.com\/de\/reseau-mesure-express-10-juin-2021\/#primaryimage"},"thumbnailUrl":"https:\/\/www.reseau-mesure.com\/wp-content\/uploads\/2020\/07\/20ku.jpeg","datePublished":"2021-06-08T09:30:09+00:00","dateModified":"2021-06-08T11:37:27+00:00","description":"R\u00e9seau Mesure Express 10 juin 2021. Appel \u00e0 communication pour le salon Analyse Industrielle les 22 et 23 septembre 2021.","breadcrumb":{"@id":"https:\/\/www.reseau-mesure.com\/de\/reseau-mesure-express-10-juin-2021\/#breadcrumb"},"inLanguage":"de","potentialAction":[{"@type":"ReadAction","target":["https:\/\/www.reseau-mesure.com\/de\/reseau-mesure-express-10-juin-2021\/"]}]},{"@type":"ImageObject","inLanguage":"de","@id":"https:\/\/www.reseau-mesure.com\/de\/reseau-mesure-express-10-juin-2021\/#primaryimage","url":"https:\/\/www.reseau-mesure.com\/wp-content\/uploads\/2020\/07\/20ku.jpeg","contentUrl":"https:\/\/www.reseau-mesure.com\/wp-content\/uploads\/2020\/07\/20ku.jpeg"},{"@type":"BreadcrumbList","@id":"https:\/\/www.reseau-mesure.com\/de\/reseau-mesure-express-10-juin-2021\/#breadcrumb","itemListElement":[{"@type":"ListItem","position":1,"name":"Accueil","item":"https:\/\/www.reseau-mesure.com\/"},{"@type":"ListItem","position":2,"name":"R\u00e9seau Mesure Express-20210610"}]},{"@type":"WebSite","@id":"https:\/\/www.reseau-mesure.com\/#website","url":"https:\/\/www.reseau-mesure.com\/","name":"Netzwerk-Messung","description":"Netzwerkma\u00dfnahme","publisher":{"@id":"https:\/\/www.reseau-mesure.com\/#organization"},"potentialAction":[{"@type":"SearchAction","target":{"@type":"EntryPoint","urlTemplate":"https:\/\/www.reseau-mesure.com\/?s={search_term_string}"},"query-input":{"@type":"PropertyValueSpecification","valueRequired":true,"valueName":"search_term_string"}}],"inLanguage":"de"},{"@type":"Organization","@id":"https:\/\/www.reseau-mesure.com\/#organization","name":"Netzwerk-Messung","url":"https:\/\/www.reseau-mesure.com\/","logo":{"@type":"ImageObject","inLanguage":"de","@id":"https:\/\/www.reseau-mesure.com\/#\/schema\/logo\/image\/","url":"https:\/\/www.reseau-mesure.com\/wp-content\/uploads\/2018\/02\/logo-max.png","contentUrl":"https:\/\/www.reseau-mesure.com\/wp-content\/uploads\/2018\/02\/logo-max.png","width":545,"height":285,"caption":"R\u00e9seau-Mesure"},"image":{"@id":"https:\/\/www.reseau-mesure.com\/#\/schema\/logo\/image\/"},"sameAs":["https:\/\/www.facebook.com\/reseaumesure\/","https:\/\/x.com\/ReseauMesure","https:\/\/www.linkedin.com\/company\/reseau-mesure\/"]}]}},"_links":{"self":[{"href":"https:\/\/www.reseau-mesure.com\/de\/wp-json\/wp\/v2\/pages\/14184","targetHints":{"allow":["GET"]}}],"collection":[{"href":"https:\/\/www.reseau-mesure.com\/de\/wp-json\/wp\/v2\/pages"}],"about":[{"href":"https:\/\/www.reseau-mesure.com\/de\/wp-json\/wp\/v2\/types\/page"}],"author":[{"embeddable":true,"href":"https:\/\/www.reseau-mesure.com\/de\/wp-json\/wp\/v2\/users\/685"}],"replies":[{"embeddable":true,"href":"https:\/\/www.reseau-mesure.com\/de\/wp-json\/wp\/v2\/comments?post=14184"}],"version-history":[{"count":0,"href":"https:\/\/www.reseau-mesure.com\/de\/wp-json\/wp\/v2\/pages\/14184\/revisions"}],"wp:attachment":[{"href":"https:\/\/www.reseau-mesure.com\/de\/wp-json\/wp\/v2\/media?parent=14184"}],"curies":[{"name":"wp","href":"https:\/\/api.w.org\/{rel}","templated":true}]}}