{"id":14350,"date":"2021-06-23T09:33:48","date_gmt":"2021-06-23T07:33:48","guid":{"rendered":"https:\/\/www.reseau-mesure.com\/?page_id=14350"},"modified":"2021-06-23T15:56:01","modified_gmt":"2021-06-23T13:56:01","slug":"reseau-mesure-express-24-juin-2021","status":"publish","type":"page","link":"https:\/\/www.reseau-mesure.com\/de\/reseau-mesure-express-24-juin-2021\/","title":{"rendered":"Express-Messnetzwerk-20210624"},"content":{"rendered":"<img loading=\"lazy\" decoding=\"async\" src=\"https:\/\/www.reseau-mesure.com\/wp-content\/uploads\/2020\/07\/20ku.jpeg\" alt=\"R\u00e9seau Mesure Express\" itemprop=\"image\" height=\"300\" width=\"970\" title=\"Express Measurement Network Header\" onerror=\"this.style.display='none'\">\n<h1>\n\t\tR\u00e9seau Mesure Express 24. Juni 2021\n\t<\/h1>\n<h2>\n\t\t<a href=\"https:\/\/www.reseau-mesure.com\/de\/le-reseau-mesure-2\/\" title=\"24.06.2021\" target=\"_blank\" rel=\"noopener\">\n\t\t24.06.2021\n\t\t<\/a>\n\t<\/h2>\n\t<h3><strong>Ein Netzwerk f\u00fcr seine Mitglieder durch seine Mitglieder<\/strong><\/h3>\n\t<p>R\u00e9seau Mesure Express 24 juin 2021 : les adh\u00e9rents peuvent retrouver l&rsquo;actualit\u00e9 de l&rsquo;association dans R\u00e9seau Mesure Express.<\/p>\n<p>Nos partenaires presse et web s&rsquo;adressent \u00e0 vous.<\/p>\n<h2>\n\t\t<a href=\"https:\/\/www.reseau-mesure.com\/de\/communication\/\" title=\"2001 - 2021: Axes Industries feiert 20-j\u00e4hriges Bestehen\" target=\"_blank\" rel=\"noopener\">\n\t\t2001 &#8211; 2021 : Axes Industries f\u00eate ses 20 ans\n\t\t<\/a>\n\t<\/h2>\n\t<h2>AXES INDUSTRIES propose une nouvelle formule plus riche sur le contenu \u00ab\u00a0Nouveaut\u00e9s Produits\u00a0\u00bb<\/h2>\n\t<strong>&gt;&gt; September 2021: <\/strong><strong>Starten <\/strong>des <strong>neue Version des Webportals<\/strong>&nbsp;<br>\ndedizierte Mechatronik, neu gestaltet, intuitiver und reaktionsschneller.<br>\n<strong>Troesten<\/strong> Ihr SEO bei Google und <strong>Erfassung <\/strong>die Forschung von<br>\nIhre Benutzer\n<strong>&gt;&gt; Mai 2021:<\/strong> <strong>Bereicherung &amp; Aktualisierung <\/strong>von seinem <strong>Industrielle Datenbank<\/strong><br>\nDas sind jetzt <strong>70.000 pers\u00f6nliche E-Mail-Kontakte<\/strong> sehr selektiv:<br>\n<strong>BE, Instandhaltung, Produktion, Industrialisierung \/ Prozess, Einkauf<\/strong> que Axe Industries met&nbsp;\u00e0 votre disposition pour des campagnes eMailings\nLe second semestre peut venir conforter votre activit\u00e9.<br>\nIl est donc opportun d&rsquo;\u00eatre pr\u00e9sent et de g\u00e9n\u00e9rer de nouveaux leads sur septembre et Octobre.<br>\n\n\n<strong>Fragen Sie Axes Industries<\/strong>&nbsp;f\u00fcr eine personalisierte Aktion zum besten Preis<br>\n&gt; Envoi d&rsquo;une campagne eMailing<br>\n&gt; Banner und Referenzierung auf unserem speziellen Portal<br>\n<br>\nFinden Sie hier unsere <strong><a href=\"http:\/\/mb-01-mail.net\/t.htm?u=\/e\/3\/54753\/250\/20436\/r16fvayevsfviymhbgjzyipjgjpauphajmo\/r.aspx\" target=\"_blank\" rel=\"noopener\">Medienpaket 2021<\/a><\/strong>\n<p>&nbsp;<\/p>\n\t\t\t\t<a href=\"mailto:eduflot@reseau-mesure.com\" target=\"_blank\" rel=\"noopener\" itemprop=\"url\">\n\t\t\t\t<img loading=\"lazy\" decoding=\"async\" src=\"https:\/\/www.reseau-mesure.com\/wp-content\/uploads\/2018\/01\/Axes-Industries.png\" alt=\"Axe Industries\" itemprop=\"image\" height=\"245\" width=\"921\" title=\"Axes Industries\" onerror=\"this.style.display='none'\">\n\t\t\t\t<\/a>\n\t\n<ul>\n<li>R\u00e9f\u00e9rencement site web et visibilit\u00e9 (banner&#8230;) <strong>mit Rabatt auf den Tarif von 30%<\/strong><\/li>\n<li>Solo-E-Mail-Angebot basierend auf AXES INDUSTRIES-E-Mails<strong> mit Rabatt auf den Tarif von 15% <\/strong>und die technischen Kosten f\u00fcr die Erstellung des Bildmaterials.<\/li>\n<\/ul>\n\nProchaines date des remises de nouveaut\u00e9s pour pr\u00e9sentation dans l&rsquo;une des newsletters :<br>\n06\/04\/2021 &#8211;&nbsp; 01\/09\/2021 &#8211;&nbsp; 02\/11\/2021\n\t\t\t<a href=\"https:\/\/www.reseau-mesure.com\/wp-content\/uploads\/2021\/06\/PLAN-MEDIA-2021-RESEAU-MESURE-1.pdf\" target=\"_blank\" role=\"button\" rel=\"noopener\">\n\t\t\t\t\t\t\tIch entdecke den f\u00fcr Mitglieder reservierten Mediaplan neu\n\t\t\t\t\t<\/a>\n<h2>\n\t\t<a href=\"mailto:eduflot@reseau-mesure.com\" title=\"MAG LIQUIDS: Vorbereitung der Sonderausgabe TRANSPORT und TRANSFER OF FLUIDS\" target=\"_blank\" rel=\"noopener\">\n\t\tMAG LIQUIDS: Vorbereitung der Sonderausgabe TRANSPORT und TRANSFER OF FLUIDS\n\t\t<\/a>\n\t<\/h2>\n\t\t\t\t<a href=\"https:\/\/www.reseau-mesure.com\/wp-content\/uploads\/2021\/06\/PLAN-MEDIA-2021-RESEAU-MESURE-1.pdf\" target=\"_blank\" rel=\"noopener\" itemprop=\"url\">\n\t\t\t\t<img loading=\"lazy\" decoding=\"async\" src=\"https:\/\/www.reseau-mesure.com\/wp-content\/uploads\/2020\/02\/LIQUIDES.png\" alt=\"LOGO LIQUIDES MAGAZINE\" itemprop=\"image\" height=\"142\" width=\"354\" title=\"Fl\u00fcssigkeitsmagazin\" onerror=\"this.style.display='none'\">\n\t\t\t\t<\/a>\n\t\t\t<a href=\"mailto:audemoutarlier@hotmail.com\" target=\"_blank\" role=\"button\" rel=\"noopener\">\n\t\t\t\t\t\t\tKontakt Liquids Magazin\n\t\t\t\t\t<\/a>\n\t<p>Et si vous souhaitez accompagner votre article d&rsquo;une publicit\u00e9, vous pouvez contacter St\u00e9phanie Pinoteau&nbsp;:&nbsp;<a href=\"mailto:stephanie@rpi.fr\">stephanie@rpi.fr<\/a> \/&nbsp;06 09 25 39 22<\/p>\n\t<p>&nbsp;<\/p>\n<p>Das Dossier der n\u00e4chsten Ausgabe des Liquides Magazins widmet sich&nbsp;<strong>TRANSPORT&nbsp;<\/strong>und bei&nbsp;<strong>FL\u00dcSSIGKEITSTRANSFER<\/strong>.<\/p>\n<p>N&rsquo;h\u00e9sitez pas \u00e0 faire parvenir <strong><u>vor dem 30. Juni 2021<\/u><\/strong> Ihre Informationen zu diesem Thema zusammen mit Bildern in hoher Aufl\u00f6sung, um sie auf den Produkt- \/ Materialseiten einf\u00fcgen zu k\u00f6nnen.<\/p>\n<p>N&rsquo;h\u00e9sitez pas \u00e9galement \u00e0 faire parvenir \u00e0 <a href=\"\/de\/audemoutarlier@hotmail.com\/\">Aude Moutarlier<\/a> toutes autres informations susceptibles d&rsquo;int\u00e9resser les autres rubriques du magazine, \u00e0 savoir :<\/p>\n<ul>\n<li>ACTUALITES&nbsp;;<\/li>\n<li>MANUTENTION&nbsp;;<\/li>\n<li>TRAITEMENT&nbsp;;<\/li>\n<li>STOCKAGE&nbsp;;<\/li>\n<\/ul>\n<p><strong>Diese Anfrage ist kostenlos<\/strong>.&nbsp;<\/p>\n<p>Aude Moutarlier&nbsp; &#8211;&nbsp;R\u00e9dactrice en chef&nbsp; Liquides&nbsp;Magazine&nbsp;&nbsp;T\u00e9l : +33 (0)6 60 99 98 23<\/p>\n<p>&nbsp;<\/p>\n<h2>\n\t\t<a href=\"https:\/\/www.controles-essais-mesures.fr\/mesures\/0014598-controles-essais-mesures-numero-special-mse\/\" title=\"&nbsp;Kontrollen Tests Messungen, Sonderausgabe MSE\" target=\"_blank\" rel=\"noopener\">\n\t\t&nbsp;Kontrollen Tests Messungen, Sonderausgabe MSE\n\t\t<\/a>\n\t<\/h2>\n\t<p>Das <strong>Messnetzwerk und \u00dcberpr\u00fcfung Kontrollen Tests Ma\u00dfnahmen<\/strong> se sont associ\u00e9s pour r\u00e9aliser un num\u00e9ro sp\u00e9cial consacr\u00e9 au salon MSE (Mesures Solution Expo) qui n&rsquo;a pu se tenir en octobre dernier.<\/p>\n<p>Dans ce num\u00e9ro d\u00e9di\u00e9 aux enjeux de la mesure de demain : des avis d&rsquo;experts en lien avec les conf\u00e9rences de MSE et les \u00ab\u00a0rendez-vous de 9h30\u00a0\u00bb qui \u00e9taient initialement programm\u00e9s, ainsi que des articles mettant en avant les nouveaut\u00e9s des adh\u00e9rents du R\u00e9seau Mesure.<\/p>\n\n\t\t\t<a href=\"https:\/\/www.reseau-mesure.com\/wp-content\/uploads\/2021\/06\/PLAN-MEDIA-2021-RESEAU-MESURE-1.pdf\" target=\"_blank\" role=\"button\" rel=\"noopener\">\n\t\t\t\t\t\t\tIch entdecke den f\u00fcr Mitglieder reservierten Mediaplan neu\n\t\t\t\t\t<\/a>\n\t\t\t\t<a href=\"https:\/\/www.controles-essais-mesures.fr\/mesures\/0014598-controles-essais-mesures-numero-special-mse\/\" target=\"_blank\" rel=\"noopener\" itemprop=\"url\">\n\t\t\t\t<img loading=\"lazy\" decoding=\"async\" src=\"https:\/\/www.reseau-mesure.com\/wp-content\/uploads\/2021\/06\/couvmse-212x300.jpg\" alt=\"couverture num\u00e9ro sp\u00e9cial MSE CEM\" itemprop=\"image\" height=\"300\" width=\"212\" title=\"Cover Sonderausgabe MSE CEM\" onerror=\"this.style.display='none'\">\n\t\t\t\t<\/a>\n\t\t\t<a href=\"https:\/\/www.reseau-mesure.com\/de\/evenements\/\" target=\"_self\" role=\"button\" rel=\"noopener\">\n\t\t\t\t\t\t\tDie komplette Agenda des Messnetzes\n\t\t\t\t\t<\/a>\n\t\t\t\t<a href=\"https:\/\/www.reseau-mesure.com\/de\/evenements\/\" target=\"_blank\" rel=\"noopener\" itemprop=\"url\">\n\t\t\t\t<img loading=\"lazy\" decoding=\"async\" src=\"https:\/\/www.reseau-mesure.com\/wp-content\/uploads\/2020\/08\/Plan-de-travail-3niveau.png\" alt=\"R\u00e9seau Mesure Express Actualites\" itemprop=\"image\" height=\"3665\" width=\"5520\" title=\"Express Measurement Network News\" onerror=\"this.style.display='none'\">\n\t\t\t\t<\/a>\n\t<h1>Generalversammlung<\/h1>\n\t<p>Pour rappel l&rsquo;Assembl\u00e9e G\u00e9n\u00e9rale mixte du R\u00e9seau Mesure se tiendra <strong>Dienstag, 29. Juni, 16:00 Uhr<\/strong>.<\/p>\n\n\n<ol>\n<li>\u00c4nderung von Artikel 9 der Statuten<\/li>\n<\/ol>\n\n<ol>\n<li>T\u00e4tigkeitsbericht 2020\n<ol>\n<li>Moralbericht 2020<\/li>\n<li>Finanzbericht 2020<\/li>\n<li>Stimmen Sie \u00fcber Resolutionen ab<\/li>\n<\/ol>\n<\/li>\n<li>Erneuerung des Vorstandes<\/li>\n<li>Pr\u00e4sentation der Roadmap 2021-2022<\/li>\n<li>Aktionsplan 2021<br>\nVorl\u00e4ufiger Haushalt 2021<\/li>\n<li>Diverse Fragen<\/li>\n<\/ol>\n<p>Sie k\u00f6nnen sich bei registrieren <a href=\"\/de\/eduflot@reseau-mesure.com\/\">Estelle DUFLOT<\/a>.<\/p>\n\t<h2>R\u00e9seau Mesure Express: Neuigkeiten zum Aktionsplan des Vereins<\/h2>","protected":false},"excerpt":{"rendered":"<p>R\u00e9seau Mesure Express 24 juin 2021 24.06.2021 Un r\u00e9seau pour ses adh\u00e9rents, par ses adh\u00e9rents R\u00e9seau Mesure Express 24 juin 2021 : les adh\u00e9rents peuvent retrouver l&rsquo;actualit\u00e9 de l&rsquo;association dans R\u00e9seau Mesure Express. Nos partenaires presse et web s&rsquo;adressent \u00e0 vous. 2001 &#8211; 2021 : Axes Industries f\u00eate ses 20 ans AXES INDUSTRIES propose une&hellip;<\/p>","protected":false},"author":685,"featured_media":0,"parent":0,"menu_order":0,"comment_status":"closed","ping_status":"closed","template":"","meta":{"_acf_changed":false,"footnotes":""},"class_list":["post-14350","page","type-page","status-publish","hentry"],"acf":[],"yoast_head":"<!-- This site is optimized with the Yoast SEO plugin v27.5 - https:\/\/yoast.com\/product\/yoast-seo-wordpress\/ -->\n<title>R\u00e9seau Mesure Express 24 juin 2021 - R\u00e9seau Mesure<\/title>\n<meta name=\"description\" content=\"R\u00e9seau Mesure Express 24 juin 2021. Nos partenaires presse et Web s&#039;adressent \u00e0 vous, adh\u00e9rents du R\u00e9seau Mesure.\" \/>\n<meta name=\"robots\" content=\"index, follow, max-snippet:-1, max-image-preview:large, max-video-preview:-1\" \/>\n<link rel=\"canonical\" href=\"https:\/\/www.reseau-mesure.com\/de\/reseau-mesure-express-24-juin-2021\/\" \/>\n<meta property=\"og:locale\" content=\"de_DE\" \/>\n<meta property=\"og:type\" content=\"article\" \/>\n<meta property=\"og:title\" content=\"R\u00e9seau Mesure Express 24 juin 2021 - R\u00e9seau Mesure\" \/>\n<meta property=\"og:description\" content=\"R\u00e9seau Mesure Express 24 juin 2021. Nos partenaires presse et Web s&#039;adressent \u00e0 vous, adh\u00e9rents du R\u00e9seau Mesure.\" \/>\n<meta property=\"og:url\" content=\"https:\/\/www.reseau-mesure.com\/de\/reseau-mesure-express-24-juin-2021\/\" \/>\n<meta property=\"og:site_name\" content=\"R\u00e9seau Mesure\" \/>\n<meta property=\"article:publisher\" content=\"https:\/\/www.facebook.com\/reseaumesure\/\" \/>\n<meta property=\"article:modified_time\" content=\"2021-06-23T13:56:01+00:00\" \/>\n<meta property=\"og:image\" content=\"https:\/\/www.reseau-mesure.com\/wp-content\/uploads\/2020\/07\/20ku.jpeg\" \/>\n<meta name=\"twitter:card\" content=\"summary_large_image\" \/>\n<meta name=\"twitter:site\" content=\"@ReseauMesure\" \/>\n<meta name=\"twitter:label1\" content=\"Gesch\u00e4tzte Lesezeit\" \/>\n\t<meta name=\"twitter:data1\" content=\"4\u00a0Minuten\" \/>\n<script type=\"application\/ld+json\" class=\"yoast-schema-graph\">{\"@context\":\"https:\\\/\\\/schema.org\",\"@graph\":[{\"@type\":\"WebPage\",\"@id\":\"https:\\\/\\\/www.reseau-mesure.com\\\/de\\\/reseau-mesure-express-24-juin-2021\\\/\",\"url\":\"https:\\\/\\\/www.reseau-mesure.com\\\/de\\\/reseau-mesure-express-24-juin-2021\\\/\",\"name\":\"R\u00e9seau Mesure Express 24 juin 2021 - R\u00e9seau Mesure\",\"isPartOf\":{\"@id\":\"https:\\\/\\\/www.reseau-mesure.com\\\/#website\"},\"primaryImageOfPage\":{\"@id\":\"https:\\\/\\\/www.reseau-mesure.com\\\/de\\\/reseau-mesure-express-24-juin-2021\\\/#primaryimage\"},\"image\":{\"@id\":\"https:\\\/\\\/www.reseau-mesure.com\\\/de\\\/reseau-mesure-express-24-juin-2021\\\/#primaryimage\"},\"thumbnailUrl\":\"https:\\\/\\\/www.reseau-mesure.com\\\/wp-content\\\/uploads\\\/2020\\\/07\\\/20ku.jpeg\",\"datePublished\":\"2021-06-23T07:33:48+00:00\",\"dateModified\":\"2021-06-23T13:56:01+00:00\",\"description\":\"R\u00e9seau Mesure Express 24 juin 2021. Nos partenaires presse et Web s'adressent \u00e0 vous, adh\u00e9rents du R\u00e9seau Mesure.\",\"breadcrumb\":{\"@id\":\"https:\\\/\\\/www.reseau-mesure.com\\\/de\\\/reseau-mesure-express-24-juin-2021\\\/#breadcrumb\"},\"inLanguage\":\"de\",\"potentialAction\":[{\"@type\":\"ReadAction\",\"target\":[\"https:\\\/\\\/www.reseau-mesure.com\\\/de\\\/reseau-mesure-express-24-juin-2021\\\/\"]}]},{\"@type\":\"ImageObject\",\"inLanguage\":\"de\",\"@id\":\"https:\\\/\\\/www.reseau-mesure.com\\\/de\\\/reseau-mesure-express-24-juin-2021\\\/#primaryimage\",\"url\":\"https:\\\/\\\/www.reseau-mesure.com\\\/wp-content\\\/uploads\\\/2020\\\/07\\\/20ku.jpeg\",\"contentUrl\":\"https:\\\/\\\/www.reseau-mesure.com\\\/wp-content\\\/uploads\\\/2020\\\/07\\\/20ku.jpeg\"},{\"@type\":\"BreadcrumbList\",\"@id\":\"https:\\\/\\\/www.reseau-mesure.com\\\/de\\\/reseau-mesure-express-24-juin-2021\\\/#breadcrumb\",\"itemListElement\":[{\"@type\":\"ListItem\",\"position\":1,\"name\":\"Accueil\",\"item\":\"https:\\\/\\\/www.reseau-mesure.com\\\/\"},{\"@type\":\"ListItem\",\"position\":2,\"name\":\"R\u00e9seau Mesure Express-20210624\"}]},{\"@type\":\"WebSite\",\"@id\":\"https:\\\/\\\/www.reseau-mesure.com\\\/#website\",\"url\":\"https:\\\/\\\/www.reseau-mesure.com\\\/\",\"name\":\"R\u00e9seau-Mesure\",\"description\":\"R\u00e9seau Mesure\",\"publisher\":{\"@id\":\"https:\\\/\\\/www.reseau-mesure.com\\\/#organization\"},\"potentialAction\":[{\"@type\":\"SearchAction\",\"target\":{\"@type\":\"EntryPoint\",\"urlTemplate\":\"https:\\\/\\\/www.reseau-mesure.com\\\/?s={search_term_string}\"},\"query-input\":{\"@type\":\"PropertyValueSpecification\",\"valueRequired\":true,\"valueName\":\"search_term_string\"}}],\"inLanguage\":\"de\"},{\"@type\":\"Organization\",\"@id\":\"https:\\\/\\\/www.reseau-mesure.com\\\/#organization\",\"name\":\"R\u00e9seau-Mesure\",\"url\":\"https:\\\/\\\/www.reseau-mesure.com\\\/\",\"logo\":{\"@type\":\"ImageObject\",\"inLanguage\":\"de\",\"@id\":\"https:\\\/\\\/www.reseau-mesure.com\\\/#\\\/schema\\\/logo\\\/image\\\/\",\"url\":\"https:\\\/\\\/www.reseau-mesure.com\\\/wp-content\\\/uploads\\\/2018\\\/02\\\/logo-max.png\",\"contentUrl\":\"https:\\\/\\\/www.reseau-mesure.com\\\/wp-content\\\/uploads\\\/2018\\\/02\\\/logo-max.png\",\"width\":545,\"height\":285,\"caption\":\"R\u00e9seau-Mesure\"},\"image\":{\"@id\":\"https:\\\/\\\/www.reseau-mesure.com\\\/#\\\/schema\\\/logo\\\/image\\\/\"},\"sameAs\":[\"https:\\\/\\\/www.facebook.com\\\/reseaumesure\\\/\",\"https:\\\/\\\/x.com\\\/ReseauMesure\",\"https:\\\/\\\/www.linkedin.com\\\/company\\\/reseau-mesure\\\/\"]}]}<\/script>\n<!-- \/ Yoast SEO plugin. -->","yoast_head_json":{"title":"R\u00e9seau Mesure Express 24 juin 2021 - R\u00e9seau Mesure","description":"R\u00e9seau Mesure Express 24 juin 2021. Nos partenaires presse et Web s'adressent \u00e0 vous, adh\u00e9rents du R\u00e9seau Mesure.","robots":{"index":"index","follow":"follow","max-snippet":"max-snippet:-1","max-image-preview":"max-image-preview:large","max-video-preview":"max-video-preview:-1"},"canonical":"https:\/\/www.reseau-mesure.com\/de\/reseau-mesure-express-24-juin-2021\/","og_locale":"de_DE","og_type":"article","og_title":"R\u00e9seau Mesure Express 24 juin 2021 - R\u00e9seau Mesure","og_description":"R\u00e9seau Mesure Express 24 juin 2021. Nos partenaires presse et Web s'adressent \u00e0 vous, adh\u00e9rents du R\u00e9seau Mesure.","og_url":"https:\/\/www.reseau-mesure.com\/de\/reseau-mesure-express-24-juin-2021\/","og_site_name":"R\u00e9seau Mesure","article_publisher":"https:\/\/www.facebook.com\/reseaumesure\/","article_modified_time":"2021-06-23T13:56:01+00:00","og_image":[{"url":"https:\/\/www.reseau-mesure.com\/wp-content\/uploads\/2020\/07\/20ku.jpeg","type":"","width":"","height":""}],"twitter_card":"summary_large_image","twitter_site":"@ReseauMesure","twitter_misc":{"Gesch\u00e4tzte Lesezeit":"4\u00a0Minuten"},"schema":{"@context":"https:\/\/schema.org","@graph":[{"@type":"WebPage","@id":"https:\/\/www.reseau-mesure.com\/de\/reseau-mesure-express-24-juin-2021\/","url":"https:\/\/www.reseau-mesure.com\/de\/reseau-mesure-express-24-juin-2021\/","name":"R\u00e9seau Mesure Express 24 juin 2021 - R\u00e9seau Mesure","isPartOf":{"@id":"https:\/\/www.reseau-mesure.com\/#website"},"primaryImageOfPage":{"@id":"https:\/\/www.reseau-mesure.com\/de\/reseau-mesure-express-24-juin-2021\/#primaryimage"},"image":{"@id":"https:\/\/www.reseau-mesure.com\/de\/reseau-mesure-express-24-juin-2021\/#primaryimage"},"thumbnailUrl":"https:\/\/www.reseau-mesure.com\/wp-content\/uploads\/2020\/07\/20ku.jpeg","datePublished":"2021-06-23T07:33:48+00:00","dateModified":"2021-06-23T13:56:01+00:00","description":"R\u00e9seau Mesure Express 24 juin 2021. Nos partenaires presse et Web s'adressent \u00e0 vous, adh\u00e9rents du R\u00e9seau Mesure.","breadcrumb":{"@id":"https:\/\/www.reseau-mesure.com\/de\/reseau-mesure-express-24-juin-2021\/#breadcrumb"},"inLanguage":"de","potentialAction":[{"@type":"ReadAction","target":["https:\/\/www.reseau-mesure.com\/de\/reseau-mesure-express-24-juin-2021\/"]}]},{"@type":"ImageObject","inLanguage":"de","@id":"https:\/\/www.reseau-mesure.com\/de\/reseau-mesure-express-24-juin-2021\/#primaryimage","url":"https:\/\/www.reseau-mesure.com\/wp-content\/uploads\/2020\/07\/20ku.jpeg","contentUrl":"https:\/\/www.reseau-mesure.com\/wp-content\/uploads\/2020\/07\/20ku.jpeg"},{"@type":"BreadcrumbList","@id":"https:\/\/www.reseau-mesure.com\/de\/reseau-mesure-express-24-juin-2021\/#breadcrumb","itemListElement":[{"@type":"ListItem","position":1,"name":"Accueil","item":"https:\/\/www.reseau-mesure.com\/"},{"@type":"ListItem","position":2,"name":"R\u00e9seau Mesure Express-20210624"}]},{"@type":"WebSite","@id":"https:\/\/www.reseau-mesure.com\/#website","url":"https:\/\/www.reseau-mesure.com\/","name":"Netzwerk-Messung","description":"Netzwerkma\u00dfnahme","publisher":{"@id":"https:\/\/www.reseau-mesure.com\/#organization"},"potentialAction":[{"@type":"SearchAction","target":{"@type":"EntryPoint","urlTemplate":"https:\/\/www.reseau-mesure.com\/?s={search_term_string}"},"query-input":{"@type":"PropertyValueSpecification","valueRequired":true,"valueName":"search_term_string"}}],"inLanguage":"de"},{"@type":"Organization","@id":"https:\/\/www.reseau-mesure.com\/#organization","name":"Netzwerk-Messung","url":"https:\/\/www.reseau-mesure.com\/","logo":{"@type":"ImageObject","inLanguage":"de","@id":"https:\/\/www.reseau-mesure.com\/#\/schema\/logo\/image\/","url":"https:\/\/www.reseau-mesure.com\/wp-content\/uploads\/2018\/02\/logo-max.png","contentUrl":"https:\/\/www.reseau-mesure.com\/wp-content\/uploads\/2018\/02\/logo-max.png","width":545,"height":285,"caption":"R\u00e9seau-Mesure"},"image":{"@id":"https:\/\/www.reseau-mesure.com\/#\/schema\/logo\/image\/"},"sameAs":["https:\/\/www.facebook.com\/reseaumesure\/","https:\/\/x.com\/ReseauMesure","https:\/\/www.linkedin.com\/company\/reseau-mesure\/"]}]}},"_links":{"self":[{"href":"https:\/\/www.reseau-mesure.com\/de\/wp-json\/wp\/v2\/pages\/14350","targetHints":{"allow":["GET"]}}],"collection":[{"href":"https:\/\/www.reseau-mesure.com\/de\/wp-json\/wp\/v2\/pages"}],"about":[{"href":"https:\/\/www.reseau-mesure.com\/de\/wp-json\/wp\/v2\/types\/page"}],"author":[{"embeddable":true,"href":"https:\/\/www.reseau-mesure.com\/de\/wp-json\/wp\/v2\/users\/685"}],"replies":[{"embeddable":true,"href":"https:\/\/www.reseau-mesure.com\/de\/wp-json\/wp\/v2\/comments?post=14350"}],"version-history":[{"count":0,"href":"https:\/\/www.reseau-mesure.com\/de\/wp-json\/wp\/v2\/pages\/14350\/revisions"}],"wp:attachment":[{"href":"https:\/\/www.reseau-mesure.com\/de\/wp-json\/wp\/v2\/media?parent=14350"}],"curies":[{"name":"wp","href":"https:\/\/api.w.org\/{rel}","templated":true}]}}