{"id":14497,"date":"2021-07-05T15:25:07","date_gmt":"2021-07-05T13:25:07","guid":{"rendered":"https:\/\/www.reseau-mesure.com\/?page_id=14497"},"modified":"2021-07-05T17:16:54","modified_gmt":"2021-07-05T15:16:54","slug":"reseau-mesure-express-8-juillet-2021","status":"publish","type":"page","link":"https:\/\/www.reseau-mesure.com\/de\/reseau-mesure-express-8-juillet-2021\/","title":{"rendered":"Express-Messnetzwerk-20210708"},"content":{"rendered":"<img loading=\"lazy\" decoding=\"async\" src=\"https:\/\/www.reseau-mesure.com\/wp-content\/uploads\/2020\/07\/20ku.jpeg\" alt=\"R\u00e9seau Mesure Express\" itemprop=\"image\" height=\"300\" width=\"970\" title=\"Express Measurement Network Header\" onerror=\"this.style.display='none'\"  \/>\n<h1>\n\t\tR\u00e9seau Mesure Express 8. Juli 2021\n\t<\/h1>\n<h2>\n\t\t<a href=\"https:\/\/www.reseau-mesure.com\/de\/le-reseau-mesure-2\/\" title=\"08.07.2021\" target=\"_blank\" rel=\"noopener\">\n\t\t08.07.2021\n\t\t<\/a>\n\t<\/h2>\n\t<h3><strong>Ein Netzwerk f\u00fcr seine Mitglieder durch seine Mitglieder<\/strong><\/h3>\n\t<p>R\u00e9seau Mesure Express 8. Juli 2021: Mitglieder k\u00f6nnen die Neuigkeiten des Vereins in R\u00e9seau Mesure Express finden.<\/p>\n<p>Der Zeitplan f\u00fcr Juli<\/p>\n<h2>\n\t\t<a href=\"https:\/\/www.reseau-mesure.com\/de\/\" title=\"Ein neuer Pr\u00e4sident f\u00fcr das Messnetzwerk\" target=\"_blank\" rel=\"noopener\">\n\t\tEin neuer Pr\u00e4sident f\u00fcr das Messnetzwerk\n\t\t<\/a>\n\t<\/h2>\n\t<h2>Claudel Massi\u00e8s zum Pr\u00e4sidenten gew\u00e4hlt<\/h2>\n\t<p>Die Generalversammlung des Messnetzes fand am 29. Juni in Cergy statt. 19 Direktoren bilden nun den Vorstand und das neue Pr\u00e4sidium des Vereins, der Claudel Massi\u00e8s als Vertreter des Unternehmens zum Pr\u00e4sidenten ernannt hat <a href=\"https:\/\/www.reseau-mesure.com\/de\/adherent\/wika-instruments\/\">WIKA<\/a>. Er wird von drei Vizepr\u00e4sidenten umgeben sein, Martine Failly, Vertreterin von\u00a0<a href=\"https:\/\/www.blet-mesure.fr\/contact-blet\/B17\/2011\/01\/17\/demande-d-information_001487.html\">Blet-Messgruppe<\/a>, Marc-Robert Henrard Vorsitzender der\u00a0<a href=\"https:\/\/www.navimet.fr\/\">Navimet<\/a>\u00a0und Patrick Robert, Pr\u00e4sident von\u00a0<a href=\"https:\/\/www.syrtem.com\/home\/\">System<\/a>, sowie Jacques Marineau als Schatzmeister und Christophe Bracon, Sekret\u00e4r, die die Unternehmen jeweils vertreten\u00a0<a href=\"https:\/\/www.kobold.com\/\">Kobold<\/a>\u00a0und\u00a0<a href=\"https:\/\/www.wimesure.fr\/cbx\/index.htm\">Wimesure<\/a>.<\/p>\n<p>Claunel Massi\u00e8s, 53 Jahre alt, nach einer Erstausbildung in Mechanik und Industrieautomation, Absolvent des MG der ESSEC Business School,<\/p>\n<p>Claunel Massi\u00e8s kam 2010 als Gesch\u00e4ftsf\u00fchrer von WIKA Instruments zur WIKA-Gruppe. Anschlie\u00dfend wurde er zum Pr\u00e4sidenten der verschiedenen Akquisitionen der Gruppe in Frankreich ernannt, mit dem gleichen Ziel, die betriebliche Effizienz zu b\u00fcndeln und zu optimieren, einschlie\u00dflich der Gesch\u00e4ftsentwicklung in Frankreich und in den franz\u00f6sischsprachigen L\u00e4ndern Afrikas.<\/p>\n<p>Anfang 2021 verantwortete Clunel Massi\u00e8s als Vice President of EMEA \/ India Distribution die Distributionspolitik der WIKA-Gruppe.<\/p>\n<p>Vor dem Beitritt\u00a0<a href=\"https:\/\/www.wika.fr\/?utm_source=google&amp;utm_medium=cpc&amp;utm_term=wika&amp;utm_content=AD_wika_homepage&amp;utm_campaign=WIKA&amp;gclid=Cj0KCQjw24qHBhCnARIsAPbdtlLYbUhndf81ssbtgR71Yts-GLLG9IfbfFYv_Xm9NSH4vfraor28E-IaArrQEALw_wcB\">WIKA<\/a>, war Claunel Massi\u00e8s der Ursprung der Gr\u00fcndung der SMC Pneumatique-Gruppe in Frankreich, wo er fast 20 Jahre lang t\u00e4tig war und verschiedene Positionen im Vertriebsmanagement bekleidete.<\/p>\n<p>Ziel des Messnetzes ist es, seinen Mitgliedern eine\u00a0<a href=\"https:\/\/www.reseau-mesure.com\/de\/actions\/\">gezielter gemeinsamer Aktionsplan<\/a>, pragmatisch und effektiv f\u00fcr alle und unterst\u00fctzt sie so in ihrer Entwicklung.<\/p>\n<p>Das Messnetz muss ein operativer Akteur des Berufsstandes sein, insbesondere durch Kommunikationsma\u00dfnahmen, F\u00f6rderung von Know-how, gemeinsame Eink\u00e4ufe, kommerzielle Entwicklung oder Information und Sensibilisierung.<\/p>\n<p>Die Priorit\u00e4ten des Messnetzwerks bleiben unver\u00e4ndert und Claunel Massi\u00e8s m\u00f6chte eine enge Beziehung zu den Mitgliedern pflegen, um ihnen die Umsetzung eines Aktionsplans gem\u00e4\u00df den ge\u00e4u\u00dferten Bed\u00fcrfnissen zu garantieren.<\/p>\n<p>Die Qualit\u00e4t des Austauschs mit den Verbundpartnern ist daher wesentlich f\u00fcr die Nutzung effektiver Kooperationssynergien.<\/p>\n<p>&nbsp;<\/p>\n\t\t\t\t<a href=\"mailto:eduflot@reseau-mesure.com\" target=\"_blank\" rel=\"noopener\" itemprop=\"url\">\n\t\t\t\t<img loading=\"lazy\" decoding=\"async\" src=\"https:\/\/www.reseau-mesure.com\/wp-content\/uploads\/2021\/07\/2021-portrait.jpg\" alt=\"Claunel Massies\" itemprop=\"image\" height=\"411\" width=\"371\" title=\"Claudel Massies 2021 Portr\u00e4t\" onerror=\"this.style.display='none'\"  \/>\n\t\t\t\t<\/a>\n\t\t\t\t<a href=\"https:\/\/www.reseau-mesure.com\/de\/adherent\/wika-instruments\/\" target=\"_blank\" rel=\"noopener\" itemprop=\"url\">\n\t\t\t\t<img loading=\"lazy\" decoding=\"async\" src=\"https:\/\/www.reseau-mesure.com\/wp-content\/uploads\/2019\/05\/2000px-WIKA_Logo.svg_-300x104.png\" alt=\"WIKA\" itemprop=\"image\" height=\"104\" width=\"300\" title=\"2000px-WIKA_Logo.svg_.png\" onerror=\"this.style.display='none'\"  \/>\n\t\t\t\t<\/a>\n<h2>\n\t\t<a href=\"https:\/\/www.reseau-mesure.com\/de\/la-formation\/\" title=\"CIFL \u00fcberbetrieblicher Ausbildungsplan\" target=\"_blank\" rel=\"noopener\">\n\t\tCIFL \u00fcberbetrieblicher Ausbildungsplan\n\t\t<\/a>\n\t<\/h2>\n\t\t\t\t<a href=\"https:\/\/www.reseau-mesure.com\/wp-content\/uploads\/2021\/06\/PLAN-MEDIA-2021-RESEAU-MESURE-1.pdf\" target=\"_blank\" rel=\"noopener\" itemprop=\"url\">\n\t\t\t\t<img loading=\"lazy\" decoding=\"async\" src=\"https:\/\/www.reseau-mesure.com\/wp-content\/uploads\/2020\/12\/vendre.jpg\" alt=\"formation vendre et manager en distanciel\" itemprop=\"image\" height=\"1357\" width=\"1920\" title=\"Verkauf\" onerror=\"this.style.display='none'\"  \/>\n\t\t\t\t<\/a>\n\t<p><strong>F\u00fcr jede Schulung sind 2 Pl\u00e4tze f\u00fcr Mitglieder des Messnetzwerks reserviert<\/strong>,<\/p>\n<p>Warum also nicht genie\u00dfen?<\/p>\n\t<p>&nbsp;<\/p>\n<h3><strong>Entdecken Sie unser Trainingsprogramm f\u00fcr das zweite Halbjahr 2021\u2026<\/strong><\/h3>\n<p>Das <strong><em><a href=\"https:\/\/eye.newscifl.fr\/c?p=wAbNAnnDxBA90I5-ENCW90tL0L7n0LLQyFhoRWTEEAhbE1fQq9DcSynQoffQkxVKPNC8-NlBaHR0cHM6Ly9jaWZsLmNvbS9tZWRpYS9tZWRpYS9DYWxlbmRyaWVyRm9ybWF0aW9uc0NJRkwyMDIxMjAyMi5wZGa4NWFjYjU1ZDZiODViNTMyYmNhMTQ4OWUztnpLVzlzR1FWUzU2bzY4NTRoWlFNM3fAtkJ5OElQcmw2UWRTVWFjME1GUTU3Y1GvZXllLm5ld3NjaWZsLmZyxBQfM37QmDHmQEJtMHgk4tCa0Nw2NtDX0MhJ\" data-link-id=\"CFsTV6vcSymh95MVSjy8-A\">Verkaufstrainingskalender<\/a><\/em><\/strong> moderiert von QWANTIQ f\u00fcr die CIFL wird f\u00fcr die zweite H\u00e4lfte des Jahres 2021 und Anfang 2022 eingerichtet.<\/p>\n\n<p>Im Programm :<\/p>\n\n<p>\u2013 Im Labor verkaufen und handeln<\/p>\n<p>\u2013 Bereitstellung und Verkauf des Dienstes<\/p>\n\n\n<p>\u2013 Prospektion und Terminvereinbarung<\/p>\n<p>\u2013 Erfolgreich im Telesales<\/p>\n<p>\u2013 Remote-Manager<\/p>\n<p>\u2013 Aus der Ferne verkaufen<\/p>\n<p>\u2013 Verteidigen Sie seine Preise<\/p>\n<p>\u2013 Management von Handelsaktionen<\/p>\n\n<h2>\n\t\t<a href=\"https:\/\/www.reseau-mesure.com\/de\/f-initiativas\/\" title=\"Sanierungsplan: Ein neues Anmeldedatum wurde gerade am 7. September 2021 bekannt gegeben\" target=\"_blank\" rel=\"noopener\">\n\t\tSanierungsplan: Ein neues Anmeldedatum wurde gerade am 7. September 2021 bekannt gegeben\n\t\t<\/a>\n\t<\/h2>\n\t<p>Mit France Relance engagiert sich die Regierung f\u00fcr die Industrie. Der Konjunkturplan mobilisiert im Zeitraum 2020-2022 insgesamt fast 35 Milliarden Euro zugunsten der Industrie, um 4 Achsen herum: Dekarbonisierung, (Re-) Lokalisierung, Modernisierung und Innovation.<\/p>\n<p>In diesem Zusammenhang wurden im Sommer 2020 F\u00f6rderprogramme gestartet, insbesondere Projektausschreibungen zur Unterst\u00fctzung strategischer Investitionen in Schl\u00fcsselsektoren:<\/p>\n<ul>\n<li><b><strong>Investitionsf\u00f6rderung und F\u00f6rderfonds zur Beschleunigung der Diversifizierung, Modernisierung und \u00f6kologischen Transformation der Luftfahrt- und Automobilbranche<\/strong><\/b>. Bisher wurden bereits 588 Siegerprojekte unterst\u00fctzt. Sie stellen bundesweit eine produktive Investition von knapp 1.300 Millionen Euro dar und werden mit knapp 510 Millionen Euro staatlich gef\u00f6rdert.<\/li>\n<li><b><strong>Der Fonds zur Unterst\u00fctzung der Investitionen im Nuklearsektor<\/strong><\/b>. Sie umfasst insbesondere den Aufruf zur Einreichung von Projekten zur Unterst\u00fctzung der industriellen Modernisierung von Unternehmen der Branche und Innovation zur Entwicklung von L\u00f6sungen f\u00fcr \u201eFabriken der Zukunft\u201c sowie den Aufruf zur Einreichung von Projekten zur St\u00e4rkung der Kompetenzen der Branche. Derzeit wurden 20 Siegerprojekte bekannt gegeben, die Industrieinvestitionen in H\u00f6he von fast 114 Millionen Euro darstellen und vom Staat mit fast 32 Millionen Euro unterst\u00fctzt werden.<\/li>\n<li><b><strong>Der (Re)lokalisierungsaufruf zur Einreichung von Projekten, der darauf abzielt, Investitionen in f\u00fcnf kritischen Sektoren zu unterst\u00fctzen<\/strong><\/b>\u00a0: Gesundheit, Agrarlebensmittel, Elektronik, Grundlegende Industrieinputs (Chemikalien, Materialien, Rohstoffe usw.) und industrielle Anwendungen von 5G. Derzeit wurden bereits 309 Gewinner ausgew\u00e4hlt, die mehr als 2,1 Milliarden Euro an Industrieinvestitionen repr\u00e4sentieren, die mit fast 538 Millionen Euro vom Staat unterst\u00fctzt werden.<\/li>\n<\/ul>\n\n<p>F\u00fcr Letzteres k\u00f6nnen sich Unternehmen bereits im Rahmen dieser Projektausschreibungen bewerben. Projekte k\u00f6nnen beim eingereicht werden\u00a0<a href=\"https:\/\/www.bpifrance.fr\/A-la-une\/Appels-a-projets-concours\/Appel-a-projets-Plan-de-relance-pour-l-industrie-Secteurs-strategiques-volet-national-50697\">Plattform<\/a>\u00a0Bpifrance gewidmet, bis zum 7. September 2021 um 12.00 Uhr. Bewerbungsverfahren und Spezifikationen sind unter folgender Adresse erh\u00e4ltlich:\u00a0<\/p>\n\n\t\t\t\t<a href=\"https:\/\/www.reseau-mesure.com\/de\/f-initiativas\/\" target=\"_blank\" rel=\"noopener\" itemprop=\"url\">\n\t\t\t\t<img loading=\"lazy\" decoding=\"async\" src=\"https:\/\/www.reseau-mesure.com\/wp-content\/uploads\/2021\/07\/f.iniciativas.jpg\" alt=\"f.iniciativas\" itemprop=\"image\" height=\"105\" width=\"146\" title=\"f.initiativas\" onerror=\"this.style.display='none'\"  \/>\n\t\t\t\t<\/a>\n\t<p>Mitglieder des Measurement Network k\u00f6nnen von unserem Partner unterst\u00fctzt werden <a href=\"https:\/\/www.reseau-mesure.com\/de\/f-initiativas\/\">F Iniciativas<\/a> in ihren Bem\u00fchungen.<\/p>\n<p>Zwei weitere Ger\u00e4te k\u00f6nnten Sie auch interessieren:<\/p>\n<ul>\n<li><strong><u>Dekarbonisierung <\/u><\/strong><\/li>\n<\/ul>\n\n<p>Zielgruppe: KMU, ETI, Gro\u00dfkonzern<\/p>\n<p>Ausschreibung f\u00fcr Projekte *: ASP D\u00e9karbonation<\/p>\n<p>Zielbudget: \u00fcber 200K<\/p>\n<p>Art der Ausgaben: Investition<\/p>\n<p>N\u00e4chste Schicht: durchgehend (bis 31.12.2022)<\/p>\n<p>Zweck: Jedes industrielle Investitionsprojekt, das zu erheblichen Energieeinsparungen f\u00fchrt.<\/p>\n<p>&nbsp;<\/p>\n<ul>\n<li><strong><u>Innovation<\/u><\/strong><\/li>\n<\/ul>\n\n\n\n<p>Zielbudget: \u00fcber 200K<\/p>\n<p>Art der Ausgaben: Innovation \/ Investition<\/p>\n<p>N\u00e4chste Nachfolge: fortlaufend (bis 2022)<\/p>\n<p>Zweck: Projekt zur Machbarkeit und Entwicklung von Innovationen<\/p>\n\t\t\t<a href=\"https:\/\/www.reseau-mesure.com\/de\/evenements\/\" target=\"_self\" role=\"button\" rel=\"noopener\">\n\t\t\t\t\t\t\tDie komplette Agenda des Messnetzes\n\t\t\t\t\t<\/a>\n\t\t\t\t<a href=\"https:\/\/www.reseau-mesure.com\/de\/evenements\/\" target=\"_blank\" rel=\"noopener\" itemprop=\"url\">\n\t\t\t\t<img loading=\"lazy\" decoding=\"async\" src=\"https:\/\/www.reseau-mesure.com\/wp-content\/uploads\/2020\/08\/Plan-de-travail-3niveau.png\" alt=\"R\u00e9seau Mesure Express Actualites\" itemprop=\"image\" height=\"3665\" width=\"5520\" title=\"Express Measurement Network News\" onerror=\"this.style.display='none'\"  \/>\n\t\t\t\t<\/a>\n\t<h1>Haxoneo-Webinar: Elektro- oder Thermofahrzeuge, was sind die tats\u00e4chlichen Kosten f\u00fcr Ihr Unternehmen?<\/h1>\n\t\n<p>&nbsp;<\/p>\n\n<p>&nbsp;<\/p>\n<p>Zwischen dem Fahrzeugpreis, dem Kraftstoff, den Umwandlungspr\u00e4mien, den Steuern, der Autonomie des Fahrzeugs usw. ist die Berechnung nicht so offensichtlich. Mit diesem Webinar bieten wir Ihnen an, klarer zu sehen.<\/p>\n\n\n<ul>\n<li>Der TCO-Ansatz <strong>(Eigentumsgesamtkosten),<\/strong><\/li>\n<li>Beispiele und Vergleiche von <strong>elektrische Fahrzeuge<\/strong> (gesamt oder hybrid) oder <strong>Thermal-<\/strong> <strong>erworben in LLD (Long Term Rental),<\/strong><\/li>\n<\/ul>\n<p>Ihre <strong>Fragen<\/strong> Zu diesem Thema<\/p>\n\t<h2>R\u00e9seau Mesure Express: Neuigkeiten zum Aktionsplan des Vereins<\/h2>","protected":false},"excerpt":{"rendered":"<p>R\u00e9seau Mesure Express 8. Juli 2021 08.07.2021 Ein Netzwerk f\u00fcr seine Mitglieder, von seinen Mitgliedern R\u00e9seau Mesure Express 8. Juli 2021: Mitglieder k\u00f6nnen Neuigkeiten \u00fcber den Verein in R\u00e9seau Mesure Express finden. Die Agenda f\u00fcr Juli Ein neuer Pr\u00e4sident des Messnetzwerks Claunel Massi\u00e8s zum Pr\u00e4sidenten gew\u00e4hlt Die Generalversammlung des Messnetzwerks fand\u2026<\/p>","protected":false},"author":720,"featured_media":0,"parent":0,"menu_order":0,"comment_status":"closed","ping_status":"closed","template":"","meta":{"_acf_changed":false,"footnotes":""},"class_list":["post-14497","page","type-page","status-publish","hentry"],"acf":[],"yoast_head":"<!-- This site is optimized with the Yoast SEO plugin v27.5 - https:\/\/yoast.com\/product\/yoast-seo-wordpress\/ -->\n<title>R\u00e9seau Mesure Express 8 juillet 2021 - R\u00e9seau Mesure<\/title>\n<meta name=\"description\" content=\"R\u00e9seau Mesure Express 8 juillet 2021. Les rendez-vous de juillet : \u00e0 vos agendas ! Un r\u00e9seau par les adh\u00e9rents pour les adh\u00e9rents.\" \/>\n<meta name=\"robots\" content=\"index, follow, max-snippet:-1, max-image-preview:large, max-video-preview:-1\" \/>\n<link rel=\"canonical\" href=\"https:\/\/www.reseau-mesure.com\/de\/reseau-mesure-express-8-juillet-2021\/\" \/>\n<meta property=\"og:locale\" content=\"de_DE\" \/>\n<meta property=\"og:type\" content=\"article\" \/>\n<meta property=\"og:title\" content=\"R\u00e9seau Mesure Express 8 juillet 2021 - R\u00e9seau Mesure\" \/>\n<meta property=\"og:description\" content=\"R\u00e9seau Mesure Express 8 juillet 2021. Les rendez-vous de juillet : \u00e0 vos agendas ! Un r\u00e9seau par les adh\u00e9rents pour les adh\u00e9rents.\" \/>\n<meta property=\"og:url\" content=\"https:\/\/www.reseau-mesure.com\/de\/reseau-mesure-express-8-juillet-2021\/\" \/>\n<meta property=\"og:site_name\" content=\"R\u00e9seau Mesure\" \/>\n<meta property=\"article:publisher\" content=\"https:\/\/www.facebook.com\/reseaumesure\/\" \/>\n<meta property=\"article:modified_time\" content=\"2021-07-05T15:16:54+00:00\" \/>\n<meta property=\"og:image\" content=\"https:\/\/www.reseau-mesure.com\/wp-content\/uploads\/2020\/07\/20ku.jpeg\" \/>\n<meta name=\"twitter:card\" content=\"summary_large_image\" \/>\n<meta name=\"twitter:site\" content=\"@ReseauMesure\" \/>\n<meta name=\"twitter:label1\" content=\"Gesch\u00e4tzte Lesezeit\" \/>\n\t<meta name=\"twitter:data1\" content=\"6\u00a0Minuten\" \/>\n<script type=\"application\/ld+json\" class=\"yoast-schema-graph\">{\"@context\":\"https:\\\/\\\/schema.org\",\"@graph\":[{\"@type\":\"WebPage\",\"@id\":\"https:\\\/\\\/www.reseau-mesure.com\\\/de\\\/reseau-mesure-express-8-juillet-2021\\\/\",\"url\":\"https:\\\/\\\/www.reseau-mesure.com\\\/de\\\/reseau-mesure-express-8-juillet-2021\\\/\",\"name\":\"R\u00e9seau Mesure Express 8 juillet 2021 - R\u00e9seau Mesure\",\"isPartOf\":{\"@id\":\"https:\\\/\\\/www.reseau-mesure.com\\\/#website\"},\"primaryImageOfPage\":{\"@id\":\"https:\\\/\\\/www.reseau-mesure.com\\\/de\\\/reseau-mesure-express-8-juillet-2021\\\/#primaryimage\"},\"image\":{\"@id\":\"https:\\\/\\\/www.reseau-mesure.com\\\/de\\\/reseau-mesure-express-8-juillet-2021\\\/#primaryimage\"},\"thumbnailUrl\":\"https:\\\/\\\/www.reseau-mesure.com\\\/wp-content\\\/uploads\\\/2020\\\/07\\\/20ku.jpeg\",\"datePublished\":\"2021-07-05T13:25:07+00:00\",\"dateModified\":\"2021-07-05T15:16:54+00:00\",\"description\":\"R\u00e9seau Mesure Express 8 juillet 2021. Les rendez-vous de juillet : \u00e0 vos agendas ! Un r\u00e9seau par les adh\u00e9rents pour les adh\u00e9rents.\",\"breadcrumb\":{\"@id\":\"https:\\\/\\\/www.reseau-mesure.com\\\/de\\\/reseau-mesure-express-8-juillet-2021\\\/#breadcrumb\"},\"inLanguage\":\"de\",\"potentialAction\":[{\"@type\":\"ReadAction\",\"target\":[\"https:\\\/\\\/www.reseau-mesure.com\\\/de\\\/reseau-mesure-express-8-juillet-2021\\\/\"]}]},{\"@type\":\"ImageObject\",\"inLanguage\":\"de\",\"@id\":\"https:\\\/\\\/www.reseau-mesure.com\\\/de\\\/reseau-mesure-express-8-juillet-2021\\\/#primaryimage\",\"url\":\"https:\\\/\\\/www.reseau-mesure.com\\\/wp-content\\\/uploads\\\/2020\\\/07\\\/20ku.jpeg\",\"contentUrl\":\"https:\\\/\\\/www.reseau-mesure.com\\\/wp-content\\\/uploads\\\/2020\\\/07\\\/20ku.jpeg\"},{\"@type\":\"BreadcrumbList\",\"@id\":\"https:\\\/\\\/www.reseau-mesure.com\\\/de\\\/reseau-mesure-express-8-juillet-2021\\\/#breadcrumb\",\"itemListElement\":[{\"@type\":\"ListItem\",\"position\":1,\"name\":\"Accueil\",\"item\":\"https:\\\/\\\/www.reseau-mesure.com\\\/\"},{\"@type\":\"ListItem\",\"position\":2,\"name\":\"R\u00e9seau Mesure Express-20210708\"}]},{\"@type\":\"WebSite\",\"@id\":\"https:\\\/\\\/www.reseau-mesure.com\\\/#website\",\"url\":\"https:\\\/\\\/www.reseau-mesure.com\\\/\",\"name\":\"R\u00e9seau-Mesure\",\"description\":\"R\u00e9seau Mesure\",\"publisher\":{\"@id\":\"https:\\\/\\\/www.reseau-mesure.com\\\/#organization\"},\"potentialAction\":[{\"@type\":\"SearchAction\",\"target\":{\"@type\":\"EntryPoint\",\"urlTemplate\":\"https:\\\/\\\/www.reseau-mesure.com\\\/?s={search_term_string}\"},\"query-input\":{\"@type\":\"PropertyValueSpecification\",\"valueRequired\":true,\"valueName\":\"search_term_string\"}}],\"inLanguage\":\"de\"},{\"@type\":\"Organization\",\"@id\":\"https:\\\/\\\/www.reseau-mesure.com\\\/#organization\",\"name\":\"R\u00e9seau-Mesure\",\"url\":\"https:\\\/\\\/www.reseau-mesure.com\\\/\",\"logo\":{\"@type\":\"ImageObject\",\"inLanguage\":\"de\",\"@id\":\"https:\\\/\\\/www.reseau-mesure.com\\\/#\\\/schema\\\/logo\\\/image\\\/\",\"url\":\"https:\\\/\\\/www.reseau-mesure.com\\\/wp-content\\\/uploads\\\/2018\\\/02\\\/logo-max.png\",\"contentUrl\":\"https:\\\/\\\/www.reseau-mesure.com\\\/wp-content\\\/uploads\\\/2018\\\/02\\\/logo-max.png\",\"width\":545,\"height\":285,\"caption\":\"R\u00e9seau-Mesure\"},\"image\":{\"@id\":\"https:\\\/\\\/www.reseau-mesure.com\\\/#\\\/schema\\\/logo\\\/image\\\/\"},\"sameAs\":[\"https:\\\/\\\/www.facebook.com\\\/reseaumesure\\\/\",\"https:\\\/\\\/x.com\\\/ReseauMesure\",\"https:\\\/\\\/www.linkedin.com\\\/company\\\/reseau-mesure\\\/\"]}]}<\/script>\n<!-- \/ Yoast SEO plugin. -->","yoast_head_json":{"title":"R\u00e9seau Mesure Express 8 juillet 2021 - R\u00e9seau Mesure","description":"R\u00e9seau Mesure Express 8 juillet 2021. Les rendez-vous de juillet : \u00e0 vos agendas ! Un r\u00e9seau par les adh\u00e9rents pour les adh\u00e9rents.","robots":{"index":"index","follow":"follow","max-snippet":"max-snippet:-1","max-image-preview":"max-image-preview:large","max-video-preview":"max-video-preview:-1"},"canonical":"https:\/\/www.reseau-mesure.com\/de\/reseau-mesure-express-8-juillet-2021\/","og_locale":"de_DE","og_type":"article","og_title":"R\u00e9seau Mesure Express 8 juillet 2021 - R\u00e9seau Mesure","og_description":"R\u00e9seau Mesure Express 8 juillet 2021. Les rendez-vous de juillet : \u00e0 vos agendas ! Un r\u00e9seau par les adh\u00e9rents pour les adh\u00e9rents.","og_url":"https:\/\/www.reseau-mesure.com\/de\/reseau-mesure-express-8-juillet-2021\/","og_site_name":"R\u00e9seau Mesure","article_publisher":"https:\/\/www.facebook.com\/reseaumesure\/","article_modified_time":"2021-07-05T15:16:54+00:00","og_image":[{"url":"https:\/\/www.reseau-mesure.com\/wp-content\/uploads\/2020\/07\/20ku.jpeg","type":"","width":"","height":""}],"twitter_card":"summary_large_image","twitter_site":"@ReseauMesure","twitter_misc":{"Gesch\u00e4tzte Lesezeit":"6\u00a0Minuten"},"schema":{"@context":"https:\/\/schema.org","@graph":[{"@type":"WebPage","@id":"https:\/\/www.reseau-mesure.com\/de\/reseau-mesure-express-8-juillet-2021\/","url":"https:\/\/www.reseau-mesure.com\/de\/reseau-mesure-express-8-juillet-2021\/","name":"R\u00e9seau Mesure Express 8 juillet 2021 - R\u00e9seau Mesure","isPartOf":{"@id":"https:\/\/www.reseau-mesure.com\/#website"},"primaryImageOfPage":{"@id":"https:\/\/www.reseau-mesure.com\/de\/reseau-mesure-express-8-juillet-2021\/#primaryimage"},"image":{"@id":"https:\/\/www.reseau-mesure.com\/de\/reseau-mesure-express-8-juillet-2021\/#primaryimage"},"thumbnailUrl":"https:\/\/www.reseau-mesure.com\/wp-content\/uploads\/2020\/07\/20ku.jpeg","datePublished":"2021-07-05T13:25:07+00:00","dateModified":"2021-07-05T15:16:54+00:00","description":"R\u00e9seau Mesure Express 8 juillet 2021. Les rendez-vous de juillet : \u00e0 vos agendas ! Un r\u00e9seau par les adh\u00e9rents pour les adh\u00e9rents.","breadcrumb":{"@id":"https:\/\/www.reseau-mesure.com\/de\/reseau-mesure-express-8-juillet-2021\/#breadcrumb"},"inLanguage":"de","potentialAction":[{"@type":"ReadAction","target":["https:\/\/www.reseau-mesure.com\/de\/reseau-mesure-express-8-juillet-2021\/"]}]},{"@type":"ImageObject","inLanguage":"de","@id":"https:\/\/www.reseau-mesure.com\/de\/reseau-mesure-express-8-juillet-2021\/#primaryimage","url":"https:\/\/www.reseau-mesure.com\/wp-content\/uploads\/2020\/07\/20ku.jpeg","contentUrl":"https:\/\/www.reseau-mesure.com\/wp-content\/uploads\/2020\/07\/20ku.jpeg"},{"@type":"BreadcrumbList","@id":"https:\/\/www.reseau-mesure.com\/de\/reseau-mesure-express-8-juillet-2021\/#breadcrumb","itemListElement":[{"@type":"ListItem","position":1,"name":"Accueil","item":"https:\/\/www.reseau-mesure.com\/"},{"@type":"ListItem","position":2,"name":"R\u00e9seau Mesure Express-20210708"}]},{"@type":"WebSite","@id":"https:\/\/www.reseau-mesure.com\/#website","url":"https:\/\/www.reseau-mesure.com\/","name":"Netzwerk-Messung","description":"Netzwerkma\u00dfnahme","publisher":{"@id":"https:\/\/www.reseau-mesure.com\/#organization"},"potentialAction":[{"@type":"SearchAction","target":{"@type":"EntryPoint","urlTemplate":"https:\/\/www.reseau-mesure.com\/?s={search_term_string}"},"query-input":{"@type":"PropertyValueSpecification","valueRequired":true,"valueName":"search_term_string"}}],"inLanguage":"de"},{"@type":"Organization","@id":"https:\/\/www.reseau-mesure.com\/#organization","name":"Netzwerk-Messung","url":"https:\/\/www.reseau-mesure.com\/","logo":{"@type":"ImageObject","inLanguage":"de","@id":"https:\/\/www.reseau-mesure.com\/#\/schema\/logo\/image\/","url":"https:\/\/www.reseau-mesure.com\/wp-content\/uploads\/2018\/02\/logo-max.png","contentUrl":"https:\/\/www.reseau-mesure.com\/wp-content\/uploads\/2018\/02\/logo-max.png","width":545,"height":285,"caption":"R\u00e9seau-Mesure"},"image":{"@id":"https:\/\/www.reseau-mesure.com\/#\/schema\/logo\/image\/"},"sameAs":["https:\/\/www.facebook.com\/reseaumesure\/","https:\/\/x.com\/ReseauMesure","https:\/\/www.linkedin.com\/company\/reseau-mesure\/"]}]}},"_links":{"self":[{"href":"https:\/\/www.reseau-mesure.com\/de\/wp-json\/wp\/v2\/pages\/14497","targetHints":{"allow":["GET"]}}],"collection":[{"href":"https:\/\/www.reseau-mesure.com\/de\/wp-json\/wp\/v2\/pages"}],"about":[{"href":"https:\/\/www.reseau-mesure.com\/de\/wp-json\/wp\/v2\/types\/page"}],"author":[{"embeddable":true,"href":"https:\/\/www.reseau-mesure.com\/de\/wp-json\/wp\/v2\/users\/720"}],"replies":[{"embeddable":true,"href":"https:\/\/www.reseau-mesure.com\/de\/wp-json\/wp\/v2\/comments?post=14497"}],"version-history":[{"count":0,"href":"https:\/\/www.reseau-mesure.com\/de\/wp-json\/wp\/v2\/pages\/14497\/revisions"}],"wp:attachment":[{"href":"https:\/\/www.reseau-mesure.com\/de\/wp-json\/wp\/v2\/media?parent=14497"}],"curies":[{"name":"wp","href":"https:\/\/api.w.org\/{rel}","templated":true}]}}