{"id":14759,"date":"2021-08-23T10:19:27","date_gmt":"2021-08-23T08:19:27","guid":{"rendered":"https:\/\/www.reseau-mesure.com\/?page_id=14759"},"modified":"2021-08-31T15:08:57","modified_gmt":"2021-08-31T13:08:57","slug":"reseau-mesure-express-2-septembre-2021","status":"publish","type":"page","link":"https:\/\/www.reseau-mesure.com\/de\/reseau-mesure-express-2-septembre-2021\/","title":{"rendered":"Express-Messnetzwerk-20210902"},"content":{"rendered":"<img loading=\"lazy\" decoding=\"async\" src=\"https:\/\/www.reseau-mesure.com\/wp-content\/uploads\/2020\/07\/20ku.jpeg\" alt=\"R\u00e9seau Mesure Express\" itemprop=\"image\" height=\"300\" width=\"970\" title=\"Express Measurement Network Header\" onerror=\"this.style.display='none'\"  \/>\n<h1>\n\t\tExpress Measurement Network 2. September 2021\n\t<\/h1>\n<h2>\n\t\t<a href=\"https:\/\/www.reseau-mesure.com\/de\/le-reseau-mesure-2\/\" title=\"02.09.2021\" target=\"_blank\" rel=\"noopener\">\n\t\t02.09.2021\n\t\t<\/a>\n\t<\/h2>\n\t<h3><strong>Ein Netzwerk f\u00fcr seine Mitglieder durch seine Mitglieder<\/strong><\/h3>\n\t<p>R\u00e9seau Mesure Express 2. September 2021: Mitglieder k\u00f6nnen die Neuigkeiten des Vereins in R\u00e9seau Mesure Express finden.<\/p>\n<p>Ein Wort des Pr\u00e4sidenten: eine aktive R\u00fcckkehr zur Schule<\/p>\n<h2>\n\t\t<a href=\"https:\/\/www.reseau-mesure.com\/de\/\" title=\"Das Wort des Pr\u00e4sidenten\" target=\"_blank\" rel=\"noopener\">\n\t\tDas Wort des Pr\u00e4sidenten\n\t\t<\/a>\n\t<\/h2>\n\t<p>Liebe Mitglieder, liebe Mitglieder,<\/p>\n<p>Ich freue mich sehr, Sie wieder f\u00fcr einen aktiven und vielversprechenden Schulanfang zu haben. Nach der gerade durchlebten schwierigen Zeit lassen viele Anzeichen vermuten, dass eine neue Dynamik in Gang gesetzt wird. Gerade w\u00e4hrend der vielen Messen, auf denen wir ab Anfang September pr\u00e4sent sein werden, haben wir die M\u00f6glichkeit, uns wieder in gelassenerer Weise zu begegnen und uns wieder pers\u00f6nlich auszutauschen.<\/p>\n<p>Diese Gesundheitskrise hat uns alle destabilisiert, uns aber auch erm\u00f6glicht, einen neuen Wandel zu verstehen, insbesondere durch digitale Kommunikation. Die Herausforderung besteht nun darin, das Beste zu halten und weiterzuentwickeln und gleichzeitig die Schl\u00fcssel zu den erzielten Erfolgen zu bewahren.<\/p>\n<p>Wie ich w\u00e4hrend unserer letzten Generalversammlung vorgeschlagen habe, arbeiten das Pr\u00e4sidium und der Vorstand daran, die Strategie und den Aktionsplan der Vereinigung zu bereichern. Jeder von uns ist ein wesentlicher Akteur f\u00fcr das Funktionieren des Messnetzes, unabh\u00e4ngig von seiner T\u00e4tigkeit. Sie waren in den letzten Monaten sehr aktiv in den verschiedenen Workshops und Arbeitsgruppen und ich hoffe, dass wir auch weiterhin dem Prinzip eines Netzwerks von Messspezialisten gerecht werden. F\u00fcr seine Mitglieder, von seinen Mitgliedern. Wir wollen die Grundlagen des Messnetzwerks beibehalten und gleichzeitig unsere Vision weiterentwickeln: ein dynamisches Netzwerk, das es erm\u00f6glicht, die Wettbewerbsf\u00e4higkeit von Messunternehmen in einem freundlichen Rahmen zu steigern.<\/p>\n<p>Es gilt, die finanzielle Tragf\u00e4higkeit des Vereins sicherzustellen und am Puls der Zeit zu sein.<\/p>\n<p>Es gibt viele Herausforderungen: die Wiederbelebung von Messen, die Entwicklung unserer Partnerschaften gem\u00e4\u00df den Bed\u00fcrfnissen und Einschr\u00e4nkungen, die Kombination von digital und pers\u00f6nlich\u2026..<\/p>\n<p>&nbsp;<\/p>\n<p>Ich hoffe, dass wir mit Freude als Team zusammenarbeiten und stehe Ihnen gerne zur Verf\u00fcgung, um Ihre Entwicklungsherausforderungen bestm\u00f6glich zu meistern.<\/p>\n<p>Ich w\u00fcnsche Ihnen ein frohes neues Jahr,<\/p>\n<p>&nbsp;<\/p>\n<p>Sch\u00f6n f\u00fcr dich,<\/p>\n<p>&nbsp;<\/p>\n<p>Claunel Massies \u2013 WIKA Instruments<\/p>\n<p>Pr\u00e4sident des Messnetzes<\/p>\n\t\t\t\t<a href=\"https:\/\/www.linkedin.com\/in\/claunelmassies\/\" target=\"_blank\" rel=\"noopener\" itemprop=\"url\">\n\t\t\t\t<img loading=\"lazy\" decoding=\"async\" src=\"https:\/\/www.reseau-mesure.com\/wp-content\/uploads\/2021\/07\/2021-portrait.jpg\" alt=\"Claunel Massies\" itemprop=\"image\" height=\"411\" width=\"371\" title=\"Claudel Massies 2021 Portr\u00e4t\" onerror=\"this.style.display='none'\"  \/>\n\t\t\t\t<\/a>\n\t\t\t\t<a href=\"https:\/\/www.reseau-mesure.com\/de\/adherent\/wika-instruments\/\" target=\"_blank\" rel=\"noopener\" itemprop=\"url\">\n\t\t\t\t<img loading=\"lazy\" decoding=\"async\" src=\"https:\/\/www.reseau-mesure.com\/wp-content\/uploads\/2019\/05\/2000px-WIKA_Logo.svg_-300x104.png\" alt=\"WIKA\" itemprop=\"image\" height=\"104\" width=\"300\" title=\"2000px-WIKA_Logo.svg_.png\" onerror=\"this.style.display='none'\"  \/>\n\t\t\t\t<\/a>\n\t\t\t<a href=\"https:\/\/www.reseau-mesure.com\/de\/evenements\/\" target=\"_blank\" role=\"button\" rel=\"noopener\">\n\t\t\t\t\t\t\tDie komplette Agenda des Messnetzes\n\t\t\t\t\t<\/a>\n\t<h2>R\u00e9seau Mesure Express: Neuigkeiten zum Aktionsplan des Vereins<\/h2>","protected":false},"excerpt":{"rendered":"<p>R\u00e9seau Mesure Express 2. September 2021 09.02.2021 Ein Netzwerk f\u00fcr seine Mitglieder, durch seine Mitglieder R\u00e9seau Mesure Express 2. September 2021: Mitglieder k\u00f6nnen Neuigkeiten aus dem Verein im R\u00e9seau Mesure Express erfahren. Ein Wort des Pr\u00e4sidenten: Eine aktive R\u00fcckkehr in die Schule Ein Wort des Pr\u00e4sidenten Liebe Mitglieder, ich freue mich sehr, Sie kennenzulernen ...<\/p>","protected":false},"author":720,"featured_media":0,"parent":0,"menu_order":0,"comment_status":"closed","ping_status":"closed","template":"","meta":{"_acf_changed":false,"footnotes":""},"class_list":["post-14759","page","type-page","status-publish","hentry"],"acf":[],"yoast_head":"<!-- This site is optimized with the Yoast SEO plugin v27.5 - https:\/\/yoast.com\/product\/yoast-seo-wordpress\/ -->\n<title>R\u00e9seau Express 2 septembre 2021 - R\u00e9seau Mesure<\/title>\n<meta name=\"description\" content=\"R\u00e9seau Mesure Express 2 septembre 2021. Le mot de rentr\u00e9e du Pr\u00e9sident ! Un r\u00e9seau par les adh\u00e9rents pour les adh\u00e9rents. Une rentr\u00e9e active.\" \/>\n<meta name=\"robots\" content=\"index, follow, max-snippet:-1, max-image-preview:large, max-video-preview:-1\" \/>\n<link rel=\"canonical\" href=\"https:\/\/www.reseau-mesure.com\/de\/reseau-mesure-express-2-septembre-2021\/\" \/>\n<meta property=\"og:locale\" content=\"de_DE\" \/>\n<meta property=\"og:type\" content=\"article\" \/>\n<meta property=\"og:title\" content=\"R\u00e9seau Express 2 septembre 2021 - R\u00e9seau Mesure\" \/>\n<meta property=\"og:description\" content=\"R\u00e9seau Mesure Express 2 septembre 2021. Le mot de rentr\u00e9e du Pr\u00e9sident ! Un r\u00e9seau par les adh\u00e9rents pour les adh\u00e9rents. Une rentr\u00e9e active.\" \/>\n<meta property=\"og:url\" content=\"https:\/\/www.reseau-mesure.com\/de\/reseau-mesure-express-2-septembre-2021\/\" \/>\n<meta property=\"og:site_name\" content=\"R\u00e9seau Mesure\" \/>\n<meta property=\"article:publisher\" content=\"https:\/\/www.facebook.com\/reseaumesure\/\" \/>\n<meta property=\"article:modified_time\" content=\"2021-08-31T13:08:57+00:00\" \/>\n<meta property=\"og:image\" content=\"https:\/\/www.reseau-mesure.com\/wp-content\/uploads\/2020\/07\/20ku.jpeg\" \/>\n<meta name=\"twitter:card\" content=\"summary_large_image\" \/>\n<meta name=\"twitter:site\" content=\"@ReseauMesure\" \/>\n<meta name=\"twitter:label1\" content=\"Gesch\u00e4tzte Lesezeit\" \/>\n\t<meta name=\"twitter:data1\" content=\"3\u00a0Minuten\" \/>\n<script type=\"application\/ld+json\" class=\"yoast-schema-graph\">{\"@context\":\"https:\\\/\\\/schema.org\",\"@graph\":[{\"@type\":\"WebPage\",\"@id\":\"https:\\\/\\\/www.reseau-mesure.com\\\/de\\\/reseau-mesure-express-2-septembre-2021\\\/\",\"url\":\"https:\\\/\\\/www.reseau-mesure.com\\\/de\\\/reseau-mesure-express-2-septembre-2021\\\/\",\"name\":\"R\u00e9seau Express 2 septembre 2021 - R\u00e9seau Mesure\",\"isPartOf\":{\"@id\":\"https:\\\/\\\/www.reseau-mesure.com\\\/#website\"},\"primaryImageOfPage\":{\"@id\":\"https:\\\/\\\/www.reseau-mesure.com\\\/de\\\/reseau-mesure-express-2-septembre-2021\\\/#primaryimage\"},\"image\":{\"@id\":\"https:\\\/\\\/www.reseau-mesure.com\\\/de\\\/reseau-mesure-express-2-septembre-2021\\\/#primaryimage\"},\"thumbnailUrl\":\"https:\\\/\\\/www.reseau-mesure.com\\\/wp-content\\\/uploads\\\/2020\\\/07\\\/20ku.jpeg\",\"datePublished\":\"2021-08-23T08:19:27+00:00\",\"dateModified\":\"2021-08-31T13:08:57+00:00\",\"description\":\"R\u00e9seau Mesure Express 2 septembre 2021. Le mot de rentr\u00e9e du Pr\u00e9sident ! Un r\u00e9seau par les adh\u00e9rents pour les adh\u00e9rents. Une rentr\u00e9e active.\",\"breadcrumb\":{\"@id\":\"https:\\\/\\\/www.reseau-mesure.com\\\/de\\\/reseau-mesure-express-2-septembre-2021\\\/#breadcrumb\"},\"inLanguage\":\"de\",\"potentialAction\":[{\"@type\":\"ReadAction\",\"target\":[\"https:\\\/\\\/www.reseau-mesure.com\\\/de\\\/reseau-mesure-express-2-septembre-2021\\\/\"]}]},{\"@type\":\"ImageObject\",\"inLanguage\":\"de\",\"@id\":\"https:\\\/\\\/www.reseau-mesure.com\\\/de\\\/reseau-mesure-express-2-septembre-2021\\\/#primaryimage\",\"url\":\"https:\\\/\\\/www.reseau-mesure.com\\\/wp-content\\\/uploads\\\/2020\\\/07\\\/20ku.jpeg\",\"contentUrl\":\"https:\\\/\\\/www.reseau-mesure.com\\\/wp-content\\\/uploads\\\/2020\\\/07\\\/20ku.jpeg\"},{\"@type\":\"BreadcrumbList\",\"@id\":\"https:\\\/\\\/www.reseau-mesure.com\\\/de\\\/reseau-mesure-express-2-septembre-2021\\\/#breadcrumb\",\"itemListElement\":[{\"@type\":\"ListItem\",\"position\":1,\"name\":\"Accueil\",\"item\":\"https:\\\/\\\/www.reseau-mesure.com\\\/\"},{\"@type\":\"ListItem\",\"position\":2,\"name\":\"R\u00e9seau Mesure Express-20210902\"}]},{\"@type\":\"WebSite\",\"@id\":\"https:\\\/\\\/www.reseau-mesure.com\\\/#website\",\"url\":\"https:\\\/\\\/www.reseau-mesure.com\\\/\",\"name\":\"R\u00e9seau-Mesure\",\"description\":\"R\u00e9seau Mesure\",\"publisher\":{\"@id\":\"https:\\\/\\\/www.reseau-mesure.com\\\/#organization\"},\"potentialAction\":[{\"@type\":\"SearchAction\",\"target\":{\"@type\":\"EntryPoint\",\"urlTemplate\":\"https:\\\/\\\/www.reseau-mesure.com\\\/?s={search_term_string}\"},\"query-input\":{\"@type\":\"PropertyValueSpecification\",\"valueRequired\":true,\"valueName\":\"search_term_string\"}}],\"inLanguage\":\"de\"},{\"@type\":\"Organization\",\"@id\":\"https:\\\/\\\/www.reseau-mesure.com\\\/#organization\",\"name\":\"R\u00e9seau-Mesure\",\"url\":\"https:\\\/\\\/www.reseau-mesure.com\\\/\",\"logo\":{\"@type\":\"ImageObject\",\"inLanguage\":\"de\",\"@id\":\"https:\\\/\\\/www.reseau-mesure.com\\\/#\\\/schema\\\/logo\\\/image\\\/\",\"url\":\"https:\\\/\\\/www.reseau-mesure.com\\\/wp-content\\\/uploads\\\/2018\\\/02\\\/logo-max.png\",\"contentUrl\":\"https:\\\/\\\/www.reseau-mesure.com\\\/wp-content\\\/uploads\\\/2018\\\/02\\\/logo-max.png\",\"width\":545,\"height\":285,\"caption\":\"R\u00e9seau-Mesure\"},\"image\":{\"@id\":\"https:\\\/\\\/www.reseau-mesure.com\\\/#\\\/schema\\\/logo\\\/image\\\/\"},\"sameAs\":[\"https:\\\/\\\/www.facebook.com\\\/reseaumesure\\\/\",\"https:\\\/\\\/x.com\\\/ReseauMesure\",\"https:\\\/\\\/www.linkedin.com\\\/company\\\/reseau-mesure\\\/\"]}]}<\/script>\n<!-- \/ Yoast SEO plugin. -->","yoast_head_json":{"title":"R\u00e9seau Express 2 septembre 2021 - R\u00e9seau Mesure","description":"R\u00e9seau Mesure Express 2 septembre 2021. Le mot de rentr\u00e9e du Pr\u00e9sident ! Un r\u00e9seau par les adh\u00e9rents pour les adh\u00e9rents. Une rentr\u00e9e active.","robots":{"index":"index","follow":"follow","max-snippet":"max-snippet:-1","max-image-preview":"max-image-preview:large","max-video-preview":"max-video-preview:-1"},"canonical":"https:\/\/www.reseau-mesure.com\/de\/reseau-mesure-express-2-septembre-2021\/","og_locale":"de_DE","og_type":"article","og_title":"R\u00e9seau Express 2 septembre 2021 - R\u00e9seau Mesure","og_description":"R\u00e9seau Mesure Express 2 septembre 2021. Le mot de rentr\u00e9e du Pr\u00e9sident ! Un r\u00e9seau par les adh\u00e9rents pour les adh\u00e9rents. Une rentr\u00e9e active.","og_url":"https:\/\/www.reseau-mesure.com\/de\/reseau-mesure-express-2-septembre-2021\/","og_site_name":"R\u00e9seau Mesure","article_publisher":"https:\/\/www.facebook.com\/reseaumesure\/","article_modified_time":"2021-08-31T13:08:57+00:00","og_image":[{"url":"https:\/\/www.reseau-mesure.com\/wp-content\/uploads\/2020\/07\/20ku.jpeg","type":"","width":"","height":""}],"twitter_card":"summary_large_image","twitter_site":"@ReseauMesure","twitter_misc":{"Gesch\u00e4tzte Lesezeit":"3\u00a0Minuten"},"schema":{"@context":"https:\/\/schema.org","@graph":[{"@type":"WebPage","@id":"https:\/\/www.reseau-mesure.com\/de\/reseau-mesure-express-2-septembre-2021\/","url":"https:\/\/www.reseau-mesure.com\/de\/reseau-mesure-express-2-septembre-2021\/","name":"R\u00e9seau Express 2 septembre 2021 - R\u00e9seau Mesure","isPartOf":{"@id":"https:\/\/www.reseau-mesure.com\/#website"},"primaryImageOfPage":{"@id":"https:\/\/www.reseau-mesure.com\/de\/reseau-mesure-express-2-septembre-2021\/#primaryimage"},"image":{"@id":"https:\/\/www.reseau-mesure.com\/de\/reseau-mesure-express-2-septembre-2021\/#primaryimage"},"thumbnailUrl":"https:\/\/www.reseau-mesure.com\/wp-content\/uploads\/2020\/07\/20ku.jpeg","datePublished":"2021-08-23T08:19:27+00:00","dateModified":"2021-08-31T13:08:57+00:00","description":"R\u00e9seau Mesure Express 2 septembre 2021. Le mot de rentr\u00e9e du Pr\u00e9sident ! Un r\u00e9seau par les adh\u00e9rents pour les adh\u00e9rents. Une rentr\u00e9e active.","breadcrumb":{"@id":"https:\/\/www.reseau-mesure.com\/de\/reseau-mesure-express-2-septembre-2021\/#breadcrumb"},"inLanguage":"de","potentialAction":[{"@type":"ReadAction","target":["https:\/\/www.reseau-mesure.com\/de\/reseau-mesure-express-2-septembre-2021\/"]}]},{"@type":"ImageObject","inLanguage":"de","@id":"https:\/\/www.reseau-mesure.com\/de\/reseau-mesure-express-2-septembre-2021\/#primaryimage","url":"https:\/\/www.reseau-mesure.com\/wp-content\/uploads\/2020\/07\/20ku.jpeg","contentUrl":"https:\/\/www.reseau-mesure.com\/wp-content\/uploads\/2020\/07\/20ku.jpeg"},{"@type":"BreadcrumbList","@id":"https:\/\/www.reseau-mesure.com\/de\/reseau-mesure-express-2-septembre-2021\/#breadcrumb","itemListElement":[{"@type":"ListItem","position":1,"name":"Accueil","item":"https:\/\/www.reseau-mesure.com\/"},{"@type":"ListItem","position":2,"name":"R\u00e9seau Mesure Express-20210902"}]},{"@type":"WebSite","@id":"https:\/\/www.reseau-mesure.com\/#website","url":"https:\/\/www.reseau-mesure.com\/","name":"Netzwerk-Messung","description":"Netzwerkma\u00dfnahme","publisher":{"@id":"https:\/\/www.reseau-mesure.com\/#organization"},"potentialAction":[{"@type":"SearchAction","target":{"@type":"EntryPoint","urlTemplate":"https:\/\/www.reseau-mesure.com\/?s={search_term_string}"},"query-input":{"@type":"PropertyValueSpecification","valueRequired":true,"valueName":"search_term_string"}}],"inLanguage":"de"},{"@type":"Organization","@id":"https:\/\/www.reseau-mesure.com\/#organization","name":"Netzwerk-Messung","url":"https:\/\/www.reseau-mesure.com\/","logo":{"@type":"ImageObject","inLanguage":"de","@id":"https:\/\/www.reseau-mesure.com\/#\/schema\/logo\/image\/","url":"https:\/\/www.reseau-mesure.com\/wp-content\/uploads\/2018\/02\/logo-max.png","contentUrl":"https:\/\/www.reseau-mesure.com\/wp-content\/uploads\/2018\/02\/logo-max.png","width":545,"height":285,"caption":"R\u00e9seau-Mesure"},"image":{"@id":"https:\/\/www.reseau-mesure.com\/#\/schema\/logo\/image\/"},"sameAs":["https:\/\/www.facebook.com\/reseaumesure\/","https:\/\/x.com\/ReseauMesure","https:\/\/www.linkedin.com\/company\/reseau-mesure\/"]}]}},"_links":{"self":[{"href":"https:\/\/www.reseau-mesure.com\/de\/wp-json\/wp\/v2\/pages\/14759","targetHints":{"allow":["GET"]}}],"collection":[{"href":"https:\/\/www.reseau-mesure.com\/de\/wp-json\/wp\/v2\/pages"}],"about":[{"href":"https:\/\/www.reseau-mesure.com\/de\/wp-json\/wp\/v2\/types\/page"}],"author":[{"embeddable":true,"href":"https:\/\/www.reseau-mesure.com\/de\/wp-json\/wp\/v2\/users\/720"}],"replies":[{"embeddable":true,"href":"https:\/\/www.reseau-mesure.com\/de\/wp-json\/wp\/v2\/comments?post=14759"}],"version-history":[{"count":0,"href":"https:\/\/www.reseau-mesure.com\/de\/wp-json\/wp\/v2\/pages\/14759\/revisions"}],"wp:attachment":[{"href":"https:\/\/www.reseau-mesure.com\/de\/wp-json\/wp\/v2\/media?parent=14759"}],"curies":[{"name":"wp","href":"https:\/\/api.w.org\/{rel}","templated":true}]}}