{"id":15021,"date":"2021-09-29T11:46:18","date_gmt":"2021-09-29T09:46:18","guid":{"rendered":"https:\/\/www.reseau-mesure.com\/?page_id=15021"},"modified":"2021-10-12T10:47:28","modified_gmt":"2021-10-12T08:47:28","slug":"reseau-mesure-express-30-septembre-2021-2","status":"publish","type":"page","link":"https:\/\/www.reseau-mesure.com\/de\/reseau-mesure-express-30-septembre-2021-2\/","title":{"rendered":"Express-Messnetzwerk-20210930"},"content":{"rendered":"<img loading=\"lazy\" decoding=\"async\" src=\"https:\/\/www.reseau-mesure.com\/wp-content\/uploads\/2020\/07\/20ku.jpeg\" alt=\"R\u00e9seau Mesure Express\" itemprop=\"image\" height=\"300\" width=\"970\" title=\"Express Measurement Network Header\" onerror=\"this.style.display='none'\">\n<h1>\n\t\tExpress Measurement Network 30. September 2021\n\t<\/h1>\n<h2>\n\t\t<a href=\"https:\/\/www.reseau-mesure.com\/de\/le-reseau-mesure-2\/\" title=\"30.09.2021\" target=\"_blank\" rel=\"noopener\">\n\t\t30.09.2021\n\t\t<\/a>\n\t<\/h2>\n\t<h3><strong>Ein Netzwerk f\u00fcr seine Mitglieder durch seine Mitglieder<\/strong><\/h3>\n\t<p>R\u00e9seau Mesure Express 30 septembre 2021 : les adh\u00e9rents peuvent retrouver l&rsquo;actualit\u00e9 de l&rsquo;association dans R\u00e9seau Mesure Express.<\/p>\n<p>Les actions phares de la premi\u00e8re quinzaine d&rsquo;octobre.<\/p>\n<h2>\n\t\t<a href=\"https:\/\/www.axesindustries.com\/\" title=\"2001 - 2021: Axes Industries feiert sein 20-j\u00e4hriges Bestehen\" target=\"_blank\" rel=\"noopener\">\n\t\t2001 &#8211; 2021 :  Axes Industries f\u00eate ses 20 ans\n\t\t<\/a>\n\t<\/h2>\n\t<h2>Entdecken Sie die Entwicklungen unseres Partners Axes Industries<\/h2>\n\t<p>A l&rsquo;occasion de ses 20 ans, Axes Industries renouvelle et am\u00e9liore son offre en mati\u00e8re de Communication digitale sur les th\u00e9matiques li\u00e9es aux Composants et solutions pour les Process Machines.<\/p>\n\n<p>Pour r\u00e9pondre aux comportements de recherche sur mobiles, le site est d\u00e9sormais en responsive, plus intuitif, plus efficace avec un maillage interne optimis\u00e9, il vise la performance et obtient un R\u00e9f\u00e9rencement naturel en 1\u00e8re page&nbsp; sur Google sur de nombreuses requ\u00eates li\u00e9es \u00e0 vos familles de produits :<\/p>\n\n\n<p>Avec d\u00e9sormais 70.000 contacts ultra qualifi\u00e9s sur les fonctions BE, Process, Industrialisation, Production, Maintenance et Achat dans toute l&rsquo;industrie fran\u00e7aise :<\/p>\n\n<p>Le second semestre est sans doute pour vous l&rsquo;occasion d&rsquo;\u00e9tudier les meilleures actions \u00e0 mener pour accompagner le d\u00e9veloppement de vos ventes et g\u00e9n\u00e9rer de nouveaux leads.<\/p>\n<p>Axes Industries im Dienste Ihrer digitalen Kommunikation<\/p>\n<blockquote>\n<ul>\n<li><strong>Push-Traffic-Aktionen, die zus\u00e4tzliche Besuche auf Ihrer Website oder Ihrem eShop generieren<\/strong><\/li>\n<li><strong>E-Mail-Aktionen, die Leads\/Anfragen generieren, die mit Enriched Form identifiziert wurden<\/strong><\/li>\n<li><strong>Web-Event-Aktionen, um Fachleute \u00fcber Ihre Telefonkonferenzen\/Webinare oder Messen zu informieren<\/strong><\/li>\n<\/ul>\n<\/blockquote>\n<p>&nbsp;<\/p>\n<p><strong>Mehrere Kan\u00e4le, mehrere Servicelevel, mehrere Tarife:&nbsp;<\/strong>33 (0)2 32 29 66 17 &#8211; contact@axesindustries.com<\/p>\n<p>&nbsp;<\/p>\n\t\t\t\t<a href=\"https:\/\/www.axesindustries.com\/\" target=\"_blank\" rel=\"noopener\" itemprop=\"url\">\n\t\t\t\t<img loading=\"lazy\" decoding=\"async\" src=\"https:\/\/www.reseau-mesure.com\/wp-content\/uploads\/2021\/09\/Com-Site.jpg\" alt=\"AXE INDUSTRIES\" itemprop=\"image\" height=\"720\" width=\"629\" title=\"Com-Site\" onerror=\"this.style.display='none'\">\n\t\t\t\t<\/a>\n\t\t\t<a href=\"https:\/\/www.reseau-mesure.com\/wp-content\/uploads\/2021\/09\/AXES-INDUSTRIES-KIT-MEDIA-2022-1.pdf\" target=\"_blank\" role=\"button\" rel=\"noopener\">\n\t\t\t\t\t\t\tMedienkit 2022\n\t\t\t\t\t<\/a>\n<h2>\n\t\t<a href=\"https:\/\/www.reseau-mesure.com\/de\/simpel\/\" title=\"Ein neuer Partner zur Entwicklung Ihrer langfristigen Miet- und Abonnementangebote\" target=\"_blank\" rel=\"noopener\">\n\t\tUn nouveau partenaire pour d\u00e9velopper vos offres de location longue dur\u00e9e et d&rsquo;abonnement\n\t\t<\/a>\n\t<\/h2>\n\t\t\t\t<a href=\"https:\/\/www.reseau-mesure.com\/de\/simpel\/\" target=\"_blank\" rel=\"noopener\" itemprop=\"url\">\n\t\t\t\t<img loading=\"lazy\" decoding=\"async\" src=\"https:\/\/www.reseau-mesure.com\/wp-content\/uploads\/2021\/09\/Solution-Simpel.jpg\" alt=\"Solution-Simpel.jpg\" itemprop=\"image\" height=\"688\" width=\"919\" title=\"Einfache-L\u00f6sung.jpg\" onerror=\"this.style.display='none'\">\n\t\t\t\t<\/a>\n\t\t\t\t<a href=\"https:\/\/www.reseau-mesure.com\/de\/simpel\/\" target=\"_blank\" rel=\"noopener\" itemprop=\"url\">\n\t\t\t\t<img loading=\"lazy\" decoding=\"async\" src=\"https:\/\/www.reseau-mesure.com\/wp-content\/uploads\/2021\/09\/Allier-croissance-et-preference-de-marque.png\" alt=\"Allier croissance et preference de marque\" itemprop=\"image\" height=\"336\" width=\"1009\" title=\"Kombinieren Sie Wachstum und Markenpr\u00e4ferenz\" onerror=\"this.style.display='none'\">\n\t\t\t\t<\/a>\n\t<p>Ziel ist es, Mitgliedsunternehmen bei der Transformation ihres Modells zu unterst\u00fctzen; vom transaktionalen Verkauf zu einer Dienstleistungs\u00f6konomie zu wechseln und damit neue Markterwartungen zu erf\u00fcllen.<\/p>\n<h2>Bieten Sie Ihren Kunden neue Dienstleistungen an, indem Sie Ihre langfristigen Miet- und Abonnementangebote entwickeln.<\/h2>\n<h2>SIMPEL BEGLEITET SIE: FINANZIERUNG UND VERWALTUNG VON 100% DES NUTZUNGSANGEBOT<\/h2>\n<ol>\n<li>SIMPEL entwickelt mit Ihnen ma\u00dfgeschneiderte Angebote, die auf das Gesch\u00e4ft Ihrer Kunden zugeschnitten sind.<\/li>\n<li>Sie kassieren beim Verkauf von Produkten und Dienstleistungen.<\/li>\n<li>SIMPEL verwaltet Vertr\u00e4ge direkt.<\/li>\n<li>Das finanzielle Risiko tr\u00e4gt SIMPEL.<\/li>\n<\/ol>\n<p>&nbsp;<\/p>\n<h3>Vermietung, eine Achse der Entwicklung Ihres Umsatzes<\/h3>\n\n<h2>INNOVEZ ET COMMERCIALISEZ&nbsp;VOS PRODUITS EN LOCATION !<\/h2>\n<h2>\n\t\t<a href=\"https:\/\/www.haxoneo.com\/\" title=\"Webinar - Wie reagiert man auf steigende Strompreise?\" target=\"_blank\" rel=\"noopener\">\n\t\tW\u00e9binaire &#8211; Comment r\u00e9agir face \u00e0 la hausse des prix de l&rsquo;\u00e9lectricit\u00e9 ?\n\t\t<\/a>\n\t<\/h2>\n\t<h2><strong>Der Strom lodert und steigt weiter! <\/strong><\/h2>\n<h2><strong>Handeln Sie jetzt, um die Auswirkungen auf Ihr Budget zu begrenzen.<\/strong><\/h2>\n<p>&nbsp;<\/p>\n<p>Wir bieten Ihnen ein Webinar an <strong><u>Freitag, 8. Oktober um 14 Uhr<\/u><\/strong>, wir kommen dazu:<\/p>\n<ul>\n<li>Das&nbsp;<strong>Gute Praktiken <\/strong>beim Stromeinkauf: Beobachtung, Hebel, Strategien<\/li>\n<li><strong>Ausgabe 2022<\/strong>&nbsp;: Marktaktualisierung und Dringlichkeit<\/li>\n<\/ul>\n<p>&nbsp;<\/p>\n\n\t\t\t<a href=\"https:\/\/us06web.zoom.us\/webinar\/register\/WN_qQRp8jkqSCGEhzJHJ-upAw\" target=\"_blank\" role=\"button\" rel=\"noopener\">\n\t\t\t\t\t\t\tAnmeldungen\n\t\t\t\t\t<\/a>\n\t\t\t\t<a href=\"https:\/\/www.reseau-mesure.com\/de\/haxoneo\/\" target=\"_blank\" rel=\"noopener\" itemprop=\"url\">\n\t\t\t\t<img loading=\"lazy\" decoding=\"async\" src=\"https:\/\/www.reseau-mesure.com\/wp-content\/uploads\/2018\/01\/haxoneo.png\" alt=\"HAXONEO\" itemprop=\"image\" height=\"84\" width=\"296\" title=\"haxoneo\" onerror=\"this.style.display='none'\">\n\t\t\t\t<\/a>\n\t\t\t\t<a href=\"https:\/\/www.reseau-mesure.com\/de\/haxoneo\/\" target=\"_blank\" rel=\"noopener\" itemprop=\"url\">\n\t\t\t\t<img loading=\"lazy\" decoding=\"async\" src=\"https:\/\/www.reseau-mesure.com\/wp-content\/uploads\/2021\/09\/WEBINAIRE-8-OCTOBRE-2.jpg\" alt=\"WEBINAIRE 8 OCTOBRE\" itemprop=\"image\" height=\"129\" width=\"546\" title=\"WEBINAR 8. OKTOBER (2)\" onerror=\"this.style.display='none'\">\n\t\t\t\t<\/a>\n\t<h1>Comment r\u00e9agir face \u00e0 la hausse des prix de l&rsquo;\u00e9lectricit\u00e9 ?<\/h1>\nDer Strom lodert und steigt weiter!<br>\nR\u00e9agissez maintenant pour limiter l&rsquo;impact sur votre budget.\nDans ce webinaire :<br>\n\u2022&nbsp;Les bonnes pratiques en achat d&rsquo;\u00e9lectricit\u00e9 : constat, leviers, strat\u00e9gies<br>\n\u2022&nbsp;Probl\u00e9matique 2022 : point sur le march\u00e9 et urgence\nIntervenants :<br>\n\u2022 Maxime, Energieexperte, Haxoneo<br>\n\u2022 Thierry, Energieexperte\n\t\t\t<a href=\"https:\/\/www.reseau-mesure.com\/de\/evenements\/\" target=\"_self\" role=\"button\" rel=\"noopener\">\n\t\t\t\t\t\t\tDie komplette Agenda des Messnetzes\n\t\t\t\t\t<\/a>\n\t\t\t\t<a href=\"https:\/\/www.reseau-mesure.com\/de\/evenements\/\" target=\"_blank\" rel=\"noopener\" itemprop=\"url\">\n\t\t\t\t<img loading=\"lazy\" decoding=\"async\" src=\"https:\/\/www.reseau-mesure.com\/wp-content\/uploads\/2020\/08\/Plan-de-travail-3niveau.png\" alt=\"R\u00e9seau Mesure Express Actualites\" itemprop=\"image\" height=\"3665\" width=\"5520\" title=\"Express Measurement Network News\" onerror=\"this.style.display='none'\">\n\t\t\t\t<\/a>\n\t<h1>La CACP vous propose deux rendez-vous&nbsp; le 12 octobre :<\/h1>\n\t<h3><strong>Tech&rsquo;Days | Logistique &#8211; Mardi 12 octobre 2021 de 8h \u00e0 10h30<\/strong><\/h3>\n<p>Veranstaltung in La Turbine mit Live-\u00dcbertragung in sozialen Netzwerken<\/p>\n\n\n<h3><strong>&nbsp;Rencontres \u00ab\u00a0R\u00e9ussir sa transition \u00e9nerg\u00e9tique, conseils et financements\u00a0\u00bb- 12 octobre apr\u00e8s-midi de 13h30 \u00e0 18h<\/strong><\/h3>\n<blockquote>\n\n<\/blockquote>\n<p>&nbsp;<\/p>\n\n\t<h2>R\u00e9seau Mesure Express: Neuigkeiten zum Aktionsplan des Vereins<\/h2>","protected":false},"excerpt":{"rendered":"<p>R\u00e9seau Mesure Express 30. September 2021 30. September 2021 Ein Netzwerk f\u00fcr seine Mitglieder durch seine Mitglieder R\u00e9seau Mesure Express 30. September 2021: Mitglieder k\u00f6nnen Neuigkeiten aus dem Verein im R\u00e9seau Mesure Express erfahren. Die Flaggschiff-Aktionen der ersten Oktoberh\u00e4lfte. 2001 - 2021: Axes Industries feiert sein 20-j\u00e4hriges Bestehen Entdecken Sie die Entwicklungen von\u2026<\/p>","protected":false},"author":720,"featured_media":0,"parent":0,"menu_order":0,"comment_status":"closed","ping_status":"closed","template":"","meta":{"_acf_changed":false,"footnotes":""},"class_list":["post-15021","page","type-page","status-publish","hentry"],"acf":[],"yoast_head":"<!-- This site is optimized with the Yoast SEO plugin v27.5 - https:\/\/yoast.com\/product\/yoast-seo-wordpress\/ -->\n<title>R\u00e9seau Mesure Express 30 septembre 2021 - R\u00e9seau Mesure<\/title>\n<meta name=\"description\" content=\"R\u00e9seau Mesure Express 30 septembre 2021. Les rendez-vous d&#039;octobre. Un r\u00e9seau par les adh\u00e9rents pour les adh\u00e9rents.\" \/>\n<meta name=\"robots\" content=\"index, follow, max-snippet:-1, max-image-preview:large, max-video-preview:-1\" \/>\n<link rel=\"canonical\" href=\"https:\/\/www.reseau-mesure.com\/de\/reseau-mesure-express-30-septembre-2021-2\/\" \/>\n<meta property=\"og:locale\" content=\"de_DE\" \/>\n<meta property=\"og:type\" content=\"article\" \/>\n<meta property=\"og:title\" content=\"R\u00e9seau Mesure Express 30 septembre 2021 - R\u00e9seau Mesure\" \/>\n<meta property=\"og:description\" content=\"R\u00e9seau Mesure Express 30 septembre 2021. Les rendez-vous d&#039;octobre. Un r\u00e9seau par les adh\u00e9rents pour les adh\u00e9rents.\" \/>\n<meta property=\"og:url\" content=\"https:\/\/www.reseau-mesure.com\/de\/reseau-mesure-express-30-septembre-2021-2\/\" \/>\n<meta property=\"og:site_name\" content=\"R\u00e9seau Mesure\" \/>\n<meta property=\"article:publisher\" content=\"https:\/\/www.facebook.com\/reseaumesure\/\" \/>\n<meta property=\"article:modified_time\" content=\"2021-10-12T08:47:28+00:00\" \/>\n<meta property=\"og:image\" content=\"https:\/\/www.reseau-mesure.com\/wp-content\/uploads\/2020\/07\/20ku.jpeg\" \/>\n<meta name=\"twitter:card\" content=\"summary_large_image\" \/>\n<meta name=\"twitter:site\" content=\"@ReseauMesure\" \/>\n<meta name=\"twitter:label1\" content=\"Gesch\u00e4tzte Lesezeit\" \/>\n\t<meta name=\"twitter:data1\" content=\"4\u00a0Minuten\" \/>\n<script type=\"application\/ld+json\" class=\"yoast-schema-graph\">{\"@context\":\"https:\\\/\\\/schema.org\",\"@graph\":[{\"@type\":\"WebPage\",\"@id\":\"https:\\\/\\\/www.reseau-mesure.com\\\/de\\\/reseau-mesure-express-30-septembre-2021-2\\\/\",\"url\":\"https:\\\/\\\/www.reseau-mesure.com\\\/de\\\/reseau-mesure-express-30-septembre-2021-2\\\/\",\"name\":\"R\u00e9seau Mesure Express 30 septembre 2021 - R\u00e9seau Mesure\",\"isPartOf\":{\"@id\":\"https:\\\/\\\/www.reseau-mesure.com\\\/#website\"},\"primaryImageOfPage\":{\"@id\":\"https:\\\/\\\/www.reseau-mesure.com\\\/de\\\/reseau-mesure-express-30-septembre-2021-2\\\/#primaryimage\"},\"image\":{\"@id\":\"https:\\\/\\\/www.reseau-mesure.com\\\/de\\\/reseau-mesure-express-30-septembre-2021-2\\\/#primaryimage\"},\"thumbnailUrl\":\"https:\\\/\\\/www.reseau-mesure.com\\\/wp-content\\\/uploads\\\/2020\\\/07\\\/20ku.jpeg\",\"datePublished\":\"2021-09-29T09:46:18+00:00\",\"dateModified\":\"2021-10-12T08:47:28+00:00\",\"description\":\"R\u00e9seau Mesure Express 30 septembre 2021. Les rendez-vous d'octobre. Un r\u00e9seau par les adh\u00e9rents pour les adh\u00e9rents.\",\"breadcrumb\":{\"@id\":\"https:\\\/\\\/www.reseau-mesure.com\\\/de\\\/reseau-mesure-express-30-septembre-2021-2\\\/#breadcrumb\"},\"inLanguage\":\"de\",\"potentialAction\":[{\"@type\":\"ReadAction\",\"target\":[\"https:\\\/\\\/www.reseau-mesure.com\\\/de\\\/reseau-mesure-express-30-septembre-2021-2\\\/\"]}]},{\"@type\":\"ImageObject\",\"inLanguage\":\"de\",\"@id\":\"https:\\\/\\\/www.reseau-mesure.com\\\/de\\\/reseau-mesure-express-30-septembre-2021-2\\\/#primaryimage\",\"url\":\"https:\\\/\\\/www.reseau-mesure.com\\\/wp-content\\\/uploads\\\/2020\\\/07\\\/20ku.jpeg\",\"contentUrl\":\"https:\\\/\\\/www.reseau-mesure.com\\\/wp-content\\\/uploads\\\/2020\\\/07\\\/20ku.jpeg\"},{\"@type\":\"BreadcrumbList\",\"@id\":\"https:\\\/\\\/www.reseau-mesure.com\\\/de\\\/reseau-mesure-express-30-septembre-2021-2\\\/#breadcrumb\",\"itemListElement\":[{\"@type\":\"ListItem\",\"position\":1,\"name\":\"Accueil\",\"item\":\"https:\\\/\\\/www.reseau-mesure.com\\\/\"},{\"@type\":\"ListItem\",\"position\":2,\"name\":\"R\u00e9seau Mesure Express-20210930\"}]},{\"@type\":\"WebSite\",\"@id\":\"https:\\\/\\\/www.reseau-mesure.com\\\/#website\",\"url\":\"https:\\\/\\\/www.reseau-mesure.com\\\/\",\"name\":\"R\u00e9seau-Mesure\",\"description\":\"R\u00e9seau Mesure\",\"publisher\":{\"@id\":\"https:\\\/\\\/www.reseau-mesure.com\\\/#organization\"},\"potentialAction\":[{\"@type\":\"SearchAction\",\"target\":{\"@type\":\"EntryPoint\",\"urlTemplate\":\"https:\\\/\\\/www.reseau-mesure.com\\\/?s={search_term_string}\"},\"query-input\":{\"@type\":\"PropertyValueSpecification\",\"valueRequired\":true,\"valueName\":\"search_term_string\"}}],\"inLanguage\":\"de\"},{\"@type\":\"Organization\",\"@id\":\"https:\\\/\\\/www.reseau-mesure.com\\\/#organization\",\"name\":\"R\u00e9seau-Mesure\",\"url\":\"https:\\\/\\\/www.reseau-mesure.com\\\/\",\"logo\":{\"@type\":\"ImageObject\",\"inLanguage\":\"de\",\"@id\":\"https:\\\/\\\/www.reseau-mesure.com\\\/#\\\/schema\\\/logo\\\/image\\\/\",\"url\":\"https:\\\/\\\/www.reseau-mesure.com\\\/wp-content\\\/uploads\\\/2018\\\/02\\\/logo-max.png\",\"contentUrl\":\"https:\\\/\\\/www.reseau-mesure.com\\\/wp-content\\\/uploads\\\/2018\\\/02\\\/logo-max.png\",\"width\":545,\"height\":285,\"caption\":\"R\u00e9seau-Mesure\"},\"image\":{\"@id\":\"https:\\\/\\\/www.reseau-mesure.com\\\/#\\\/schema\\\/logo\\\/image\\\/\"},\"sameAs\":[\"https:\\\/\\\/www.facebook.com\\\/reseaumesure\\\/\",\"https:\\\/\\\/x.com\\\/ReseauMesure\",\"https:\\\/\\\/www.linkedin.com\\\/company\\\/reseau-mesure\\\/\"]}]}<\/script>\n<!-- \/ Yoast SEO plugin. -->","yoast_head_json":{"title":"R\u00e9seau Mesure Express 30 septembre 2021 - R\u00e9seau Mesure","description":"R\u00e9seau Mesure Express 30 septembre 2021. Les rendez-vous d'octobre. Un r\u00e9seau par les adh\u00e9rents pour les adh\u00e9rents.","robots":{"index":"index","follow":"follow","max-snippet":"max-snippet:-1","max-image-preview":"max-image-preview:large","max-video-preview":"max-video-preview:-1"},"canonical":"https:\/\/www.reseau-mesure.com\/de\/reseau-mesure-express-30-septembre-2021-2\/","og_locale":"de_DE","og_type":"article","og_title":"R\u00e9seau Mesure Express 30 septembre 2021 - R\u00e9seau Mesure","og_description":"R\u00e9seau Mesure Express 30 septembre 2021. Les rendez-vous d'octobre. Un r\u00e9seau par les adh\u00e9rents pour les adh\u00e9rents.","og_url":"https:\/\/www.reseau-mesure.com\/de\/reseau-mesure-express-30-septembre-2021-2\/","og_site_name":"R\u00e9seau Mesure","article_publisher":"https:\/\/www.facebook.com\/reseaumesure\/","article_modified_time":"2021-10-12T08:47:28+00:00","og_image":[{"url":"https:\/\/www.reseau-mesure.com\/wp-content\/uploads\/2020\/07\/20ku.jpeg","type":"","width":"","height":""}],"twitter_card":"summary_large_image","twitter_site":"@ReseauMesure","twitter_misc":{"Gesch\u00e4tzte Lesezeit":"4\u00a0Minuten"},"schema":{"@context":"https:\/\/schema.org","@graph":[{"@type":"WebPage","@id":"https:\/\/www.reseau-mesure.com\/de\/reseau-mesure-express-30-septembre-2021-2\/","url":"https:\/\/www.reseau-mesure.com\/de\/reseau-mesure-express-30-septembre-2021-2\/","name":"R\u00e9seau Mesure Express 30 septembre 2021 - R\u00e9seau Mesure","isPartOf":{"@id":"https:\/\/www.reseau-mesure.com\/#website"},"primaryImageOfPage":{"@id":"https:\/\/www.reseau-mesure.com\/de\/reseau-mesure-express-30-septembre-2021-2\/#primaryimage"},"image":{"@id":"https:\/\/www.reseau-mesure.com\/de\/reseau-mesure-express-30-septembre-2021-2\/#primaryimage"},"thumbnailUrl":"https:\/\/www.reseau-mesure.com\/wp-content\/uploads\/2020\/07\/20ku.jpeg","datePublished":"2021-09-29T09:46:18+00:00","dateModified":"2021-10-12T08:47:28+00:00","description":"R\u00e9seau Mesure Express 30 septembre 2021. Les rendez-vous d'octobre. Un r\u00e9seau par les adh\u00e9rents pour les adh\u00e9rents.","breadcrumb":{"@id":"https:\/\/www.reseau-mesure.com\/de\/reseau-mesure-express-30-septembre-2021-2\/#breadcrumb"},"inLanguage":"de","potentialAction":[{"@type":"ReadAction","target":["https:\/\/www.reseau-mesure.com\/de\/reseau-mesure-express-30-septembre-2021-2\/"]}]},{"@type":"ImageObject","inLanguage":"de","@id":"https:\/\/www.reseau-mesure.com\/de\/reseau-mesure-express-30-septembre-2021-2\/#primaryimage","url":"https:\/\/www.reseau-mesure.com\/wp-content\/uploads\/2020\/07\/20ku.jpeg","contentUrl":"https:\/\/www.reseau-mesure.com\/wp-content\/uploads\/2020\/07\/20ku.jpeg"},{"@type":"BreadcrumbList","@id":"https:\/\/www.reseau-mesure.com\/de\/reseau-mesure-express-30-septembre-2021-2\/#breadcrumb","itemListElement":[{"@type":"ListItem","position":1,"name":"Accueil","item":"https:\/\/www.reseau-mesure.com\/"},{"@type":"ListItem","position":2,"name":"R\u00e9seau Mesure Express-20210930"}]},{"@type":"WebSite","@id":"https:\/\/www.reseau-mesure.com\/#website","url":"https:\/\/www.reseau-mesure.com\/","name":"Netzwerk-Messung","description":"Netzwerkma\u00dfnahme","publisher":{"@id":"https:\/\/www.reseau-mesure.com\/#organization"},"potentialAction":[{"@type":"SearchAction","target":{"@type":"EntryPoint","urlTemplate":"https:\/\/www.reseau-mesure.com\/?s={search_term_string}"},"query-input":{"@type":"PropertyValueSpecification","valueRequired":true,"valueName":"search_term_string"}}],"inLanguage":"de"},{"@type":"Organization","@id":"https:\/\/www.reseau-mesure.com\/#organization","name":"Netzwerk-Messung","url":"https:\/\/www.reseau-mesure.com\/","logo":{"@type":"ImageObject","inLanguage":"de","@id":"https:\/\/www.reseau-mesure.com\/#\/schema\/logo\/image\/","url":"https:\/\/www.reseau-mesure.com\/wp-content\/uploads\/2018\/02\/logo-max.png","contentUrl":"https:\/\/www.reseau-mesure.com\/wp-content\/uploads\/2018\/02\/logo-max.png","width":545,"height":285,"caption":"R\u00e9seau-Mesure"},"image":{"@id":"https:\/\/www.reseau-mesure.com\/#\/schema\/logo\/image\/"},"sameAs":["https:\/\/www.facebook.com\/reseaumesure\/","https:\/\/x.com\/ReseauMesure","https:\/\/www.linkedin.com\/company\/reseau-mesure\/"]}]}},"_links":{"self":[{"href":"https:\/\/www.reseau-mesure.com\/de\/wp-json\/wp\/v2\/pages\/15021","targetHints":{"allow":["GET"]}}],"collection":[{"href":"https:\/\/www.reseau-mesure.com\/de\/wp-json\/wp\/v2\/pages"}],"about":[{"href":"https:\/\/www.reseau-mesure.com\/de\/wp-json\/wp\/v2\/types\/page"}],"author":[{"embeddable":true,"href":"https:\/\/www.reseau-mesure.com\/de\/wp-json\/wp\/v2\/users\/720"}],"replies":[{"embeddable":true,"href":"https:\/\/www.reseau-mesure.com\/de\/wp-json\/wp\/v2\/comments?post=15021"}],"version-history":[{"count":0,"href":"https:\/\/www.reseau-mesure.com\/de\/wp-json\/wp\/v2\/pages\/15021\/revisions"}],"wp:attachment":[{"href":"https:\/\/www.reseau-mesure.com\/de\/wp-json\/wp\/v2\/media?parent=15021"}],"curies":[{"name":"wp","href":"https:\/\/api.w.org\/{rel}","templated":true}]}}