{"id":15121,"date":"2021-10-12T11:54:59","date_gmt":"2021-10-12T09:54:59","guid":{"rendered":"https:\/\/www.reseau-mesure.com\/?page_id=15121"},"modified":"2021-10-13T14:46:46","modified_gmt":"2021-10-13T12:46:46","slug":"reseau-mesure-express-14-octobre-2021","status":"publish","type":"page","link":"https:\/\/www.reseau-mesure.com\/de\/reseau-mesure-express-14-octobre-2021\/","title":{"rendered":"Express-Messnetzwerk-20211014"},"content":{"rendered":"<img loading=\"lazy\" decoding=\"async\" src=\"https:\/\/www.reseau-mesure.com\/wp-content\/uploads\/2020\/07\/20ku.jpeg\" alt=\"R\u00e9seau Mesure Express\" itemprop=\"image\" height=\"300\" width=\"970\" title=\"Express Measurement Network Header\" onerror=\"this.style.display='none'\"  \/>\n<h1>\n\t\tExpress Measurement Network 14. Oktober 2021\n\t<\/h1>\n<h2>\n\t\t<a href=\"https:\/\/www.reseau-mesure.com\/de\/le-reseau-mesure-2\/\" title=\"14.10.2021\" target=\"_blank\" rel=\"noopener\">\n\t\t14.10.2021\n\t\t<\/a>\n\t<\/h2>\n\t<h3><strong>Ein Netzwerk f\u00fcr seine Mitglieder durch seine Mitglieder<\/strong><\/h3>\n\t<p>R\u00e9seau Mesure Express 14 octobre2021 : les adh\u00e9rents peuvent retrouver l&rsquo;actualit\u00e9 de l&rsquo;association dans R\u00e9seau Mesure Express.<\/p>\n<p>Les actions phares de la seconde quinzaine d&rsquo;octobre.<\/p>\n\t<h1>Measurement Network: ein Nischensektor, der in Rudeln jagt<\/h1>\n<p>Retrouvez l&rsquo;interview de Claunel Massies, Pr\u00e9sident du R\u00e9seau Mesure, qui d\u00e9taille l&rsquo;int\u00e9r\u00eat de se regrouper au sein d&rsquo;une association pour aborder ensemble les enjeux de la digitalisation de l&rsquo;industrie manufacturi\u00e8re.<\/p>\n\t\t\t\t<a href=\"https:\/\/www.manufacturing.fr\/reseau-mesure-une-filiere-de-niche-qui-chasse-en-meute\/\" target=\"_blank\" rel=\"noopener\" itemprop=\"url\">\n\t\t\t\t<img loading=\"lazy\" decoding=\"async\" src=\"https:\/\/www.reseau-mesure.com\/wp-content\/uploads\/2021\/10\/manufacturing-logo-2.png\" alt=\"Manufacturing.fr\" itemprop=\"image\" height=\"57\" width=\"262\" title=\"herstellungslogo-2\" onerror=\"this.style.display='none'\"  \/>\n\t\t\t\t<\/a>\n<h2>\n\t\t<a href=\"https:\/\/www.reseau-mesure.com\/de\/evenements\/\" title=\"Recruitment-Workshop: Definieren Sie die Assets Ihres Unternehmens, kommunizieren und erwecken Sie Ihre Arbeitgebermarke zum Leben.\" target=\"_blank\" rel=\"noopener\">\n\t\tRecruitment-Workshop: Definieren Sie die Assets Ihres Unternehmens, kommunizieren und erwecken Sie Ihre Arbeitgebermarke zum Leben.\n\t\t<\/a>\n\t<\/h2>\n\t<h1>Die Arbeitgebermarke<\/h1>\n\tDans un contexte de hausse des recrutements au second semestre 2021 ? recruter les bonnes personnes rev\u00eat une importance strat\u00e9gique quelle que soit la taille de l&rsquo;entreprise. Mais pour les TP\/PME, qui doivent faire face \u00e0 la concurrence des grandes entreprises, attirer et convaincre les candidats peut se r\u00e9v\u00e9ler difficile.<br \/>\nPour autant, les petites entreprises pr\u00e9sentent des avantages concurrentiels int\u00e9ressants, qu&rsquo;il s&rsquo;agit de bien identifier et d&rsquo;exploiter dans votre communication.\n\n\n<ul>\n<li>Pourquoi est-il important d&rsquo;avoir une marque employeur ? Les attentes des candidats et les modalit\u00e9s de recrutement \u00e9voluent.<\/li>\n<li>La Marque Employeur c&rsquo;est quoi au juste\u00a0?<\/li>\n<li>Comment mettre en place une marque employeur pour d\u00e9velopper votre visibilit\u00e9, l&rsquo;attractivit\u00e9 de votre secteur et des m\u00e9tiers techniques\u00a0?<\/li>\n<li>Illustration mit konkreten Beispielen.<\/li>\n<\/ul>\n<p>&nbsp;<\/p>\n<p>&nbsp;<\/p>\n\t\t\t\t<a href=\"https:\/\/www.reseau-mesure.com\/de\/evenements\/\" target=\"_blank\" rel=\"noopener\" itemprop=\"url\">\n\t\t\t\t<img loading=\"lazy\" decoding=\"async\" src=\"https:\/\/www.reseau-mesure.com\/wp-content\/uploads\/2021\/02\/apec-logo.png\" alt=\"Apec\" itemprop=\"image\" height=\"129\" width=\"389\" title=\"Apec-Logo\" onerror=\"this.style.display='none'\"  \/>\n\t\t\t\t<\/a>\n\t<p>&nbsp;<\/p>\n\n\n\n\t\t\t<a href=\"mailto:eduflot@reseau-mesure.com\" target=\"_blank\" role=\"button\" rel=\"noopener\">\n\t\t\t\t\t\t\tAnmeldungen\n\t\t\t\t\t<\/a>\n<h2>\n\t\t<a href=\"https:\/\/www.reseau-mesure.com\/de\/evenements\/ibs-2021-le-salon\/\" title=\"Treffen Sie die Mitglieder des Messnetzwerks auf der IBS-Messe\" target=\"_blank\" rel=\"noopener\">\n\t\tTreffen Sie die Mitglieder des Messnetzwerks auf der IBS-Messe\n\t\t<\/a>\n\t<\/h2>\n\t\t\t\t<a href=\"https:\/\/www.ibs-event.com\/\" target=\"_blank\" rel=\"noopener\" itemprop=\"url\">\n\t\t\t\t<img loading=\"lazy\" decoding=\"async\" src=\"https:\/\/www.reseau-mesure.com\/wp-content\/uploads\/2019\/02\/new-logo-IBS-FR-IBS18-baseline-003.png\" alt=\"ibs logo\" itemprop=\"image\" height=\"338\" width=\"383\" title=\"neues Logo IBS FR IBS18 Baseline (003)\" onerror=\"this.style.display='none'\"  \/>\n\t\t\t\t<\/a>\n\t<p>&nbsp;<\/p>\n\n<p>Impact\u00e9 par la crise sanitaire, le march\u00e9 du b\u00e2timent et de sa connectivit\u00e9 va conna\u00eetre une nouvelle dynamique li\u00e9e, d&rsquo;une part aux nouvelles r\u00e9glementations comme les d\u00e9crets BACS et tertiaire ainsi que la RE2020, aux objectifs de performances \u00e9nerg\u00e9tiques ambitieux, pr\u00e9vue pour une mise en application d\u00e9but 2022 et, d&rsquo;autre part, un plan de relance fran\u00e7ais et euro\u00adp\u00e9en qui privil\u00e9gie la r\u00e9novation \u00e9nerg\u00e9tique des b\u00e2timents, une des sources majeures d&rsquo;\u00e9mission de gaz \u00e0 effet de serre. Dans ce contexte de transition \u00e9cologique avec un objectif 0 carbone \u00e0 l&rsquo;horizon 2050, la fili\u00e8re des m\u00e9tiers de la r\u00e9gulation (GTB, GTC, CVC, &#8230;) se positionne clairement comme une solution de premier ordre. La p\u00e9riode post Covid s&rsquo;annonce \u00e9galement riche en bouleversements des usages du b\u00e2timent et des attentes des occupants en mati\u00e8re de confort, de s\u00e9curit\u00e9 et de services.<\/p>\n<p>La 11\u00e8me Edition 2021 d&rsquo;IBS sera clairement orient\u00e9e sur ces promesses d&rsquo;un monde du b\u00e2timent d\u00e9carbon\u00e9, s\u00fbr et avec une nouvelle approche des espaces li\u00e9s au bien-\u00eatre des occupants.<\/p>\n\t\t\t<a href=\"https:\/\/www.ibs-event.com\/visiter.php\" target=\"_blank\" role=\"button\" rel=\"noopener\">\n\t\t\t\t\t\t\tBearbeiten Sie Ihr Besuchsabzeichen\n\t\t\t\t\t<\/a>\n<h2>\n\t\t<a href=\"https:\/\/clusterems.org\/valorisation-des-eaux-urbaines-16-septembre-2021\/\" title=\"St\u00e4dtischer Wasserbewertungsworkshop, Becken und Schwimmb\u00e4der, Bodeninfiltration und -r\u00fcckhaltung\" target=\"_blank\" rel=\"noopener\">\n\t\tSt\u00e4dtischer Wasserbewertungsworkshop, Becken und Schwimmb\u00e4der, Bodeninfiltration und -r\u00fcckhaltung\n\t\t<\/a>\n\t<\/h2>\n\t\n\u00c9v\u00e9nement en pr\u00e9sentiel &#8211; Amphi B du campus Mail des M\u00e8ches (IAE, Rue Po\u00ebte et Sellier, Cr\u00e9teil, 94000)\n\nDans la continuit\u00e9 des ateliers propos\u00e9s par le Cluster EMS IDF depuis 2018 sur le sujet de l&rsquo;eau, et \u00e0 l&rsquo;\u00e9vocation de nombreux besoins par nos membres, nous vous proposons un nouvel \u00e9v\u00e9nement portant sur la valorisation des eaux urbaines : eau pluviale, eau d&rsquo;exhaure, ou encore de bassin, pour construire la ville r\u00e9siliente de demain. Il s&rsquo;agira de pouvoir \u00e9voquer ensemble des retours d&rsquo;exp\u00e9rience innovants dans le domaine, et les besoins des acteurs publics et priv\u00e9s.\n\n\u2022 Quels sont, aujourd&rsquo;hui, les besoins de la fili\u00e8re des eaux urbaines (hors eaux us\u00e9es) ? Peut-on les quantifier ?\n\u2022 Comment int\u00e9grer les objectifs de r\u00e9silience urbaine dans la gestion de ces eaux ? Quelles sont les freins et leviers rencontr\u00e9s dans les divers projets ?\n\u2022 Quelles sont les solutions et innovations qui pourraient-\u00eatre propos\u00e9es pour r\u00e9pondre aux besoins exprim\u00e9s ?\n\u2022 Quelles sont les pistes de r\u00e9flexions \u00e0 approfondir pour cr\u00e9er un sch\u00e9ma urbain permettant la r\u00e9silience et l&rsquo;adaptation au changement climatique ?\n<p>&nbsp;<\/p>\n\n\u2022 Croiser les regards des acteurs scientifiques et op\u00e9rationnels sur l&rsquo;innovation dans les projets de gestion et de la valorisation de l&rsquo;eau urbaine\n\u2022 Identifier les besoins d&rsquo;innovation dans le domaine de la valorisation de l&rsquo;eau urbaine pour r\u00e9pondre aux enjeux actuels de changement climatique et de r\u00e9silience urbaine\n\u2022 \u00c9changer sur des retours d&rsquo;exp\u00e9riences de projets territoriaux et d&rsquo;am\u00e9nagement urbain, des contraintes, leviers et points de vigilance : techniques, organisationnels, \u00e9conomiques, sanitaires, environnementales, r\u00e8glementaires pour l&rsquo;int\u00e9gration de l&rsquo;innovation et l&rsquo;exp\u00e9rimentation pour la valorisation des eaux urbaines dans les projets urbains\n\t\t\t<a href=\"https:\/\/www.weezevent.com\/valorisation-eaux-urbaines-bassins-et-piscines-infiltration-sols-retension\" target=\"_blank\" role=\"button\" rel=\"noopener\">\n\t\t\t\t\t\t\tAnmeldungen\n\t\t\t\t\t<\/a>\n\t\t\t\t<a href=\"https:\/\/www.weezevent.com\/valorisation-eaux-urbaines-bassins-et-piscines-infiltration-sols-retension\" target=\"_blank\" rel=\"noopener\" itemprop=\"url\">\n\t\t\t\t<img loading=\"lazy\" decoding=\"async\" src=\"https:\/\/www.reseau-mesure.com\/wp-content\/uploads\/2021\/10\/affiche_680388.thumb53700.1631180555.jpg\" alt=\"Atelier valorisation des eaux urbaines, bassins et piscines, infiltration des sols et r\u00e9tention\" itemprop=\"image\" height=\"302\" width=\"537\" title=\"St\u00e4dtischer Wasserbewertungsworkshop, Becken und Schwimmb\u00e4der, Bodeninfiltration und -r\u00fcckhaltung\" onerror=\"this.style.display='none'\"  \/>\n\t\t\t\t<\/a>\n\t\n\n\n\npour une vision globale et m\u00e9tropolitaine des \u00a0flux , des fili\u00e8res de valorisation et de la cartographie des solutions\n\n\n\nT\u00e9moignages et retours d&rsquo;exp\u00e9rience des territoires, et des entreprises publiques et priv\u00e9es concernant l&rsquo;int\u00e9gration des alternatives innovantes et exp\u00e9rimentales pour la valorisation des eaux urbaines pour contribuer \u00e0 la ville r\u00e9siliente et au renforcement de la nature en ville .\nRetours des participants sur des solutions alternatives \u00a0pour chaque projet pr\u00e9sent\u00e9\n\n\t\t\t<a href=\"https:\/\/www.reseau-mesure.com\/de\/evenements\/\" target=\"_self\" role=\"button\" rel=\"noopener\">\n\t\t\t\t\t\t\tDie komplette Agenda des Messnetzes\n\t\t\t\t\t<\/a>\n\t\t\t\t<a href=\"https:\/\/www.reseau-mesure.com\/de\/evenements\/\" target=\"_blank\" rel=\"noopener\" itemprop=\"url\">\n\t\t\t\t<img loading=\"lazy\" decoding=\"async\" src=\"https:\/\/www.reseau-mesure.com\/wp-content\/uploads\/2020\/08\/Plan-de-travail-3niveau.png\" alt=\"R\u00e9seau Mesure Express Actualites\" itemprop=\"image\" height=\"3665\" width=\"5520\" title=\"Express Measurement Network News\" onerror=\"this.style.display='none'\"  \/>\n\t\t\t\t<\/a>\n\t<h1>Beteiligen Sie sich an der HR-Arbeitsgruppe<\/h1>\n\t<h3>N\u00e4chstes Treffen Donnerstag, 28. Oktober, 9:00 Uhr<\/h3>\n<p>&nbsp;<\/p>\n<p>A l&rsquo;occasion d&rsquo;un \u00ab\u00a0caf\u00e9-visio\u00a0\u00bb les adh\u00e9rents \u00e9changent sur l&rsquo;actualit\u00e9 des questions RH.<\/p>\n\n\t<h2>R\u00e9seau Mesure Express: Neuigkeiten zum Aktionsplan des Vereins<\/h2>\n<h1>\n\t\tExpress Measurement Network 14. Oktober 2021\n\t<\/h1>","protected":false},"excerpt":{"rendered":"<p>R\u00e9seau Mesure Express 14.10.2021 14.10.2021 Ein Netzwerk f\u00fcr seine Mitglieder durch seine Mitglieder R\u00e9seau Mesure Express 14.10.2021: Mitglieder k\u00f6nnen Neuigkeiten aus dem Verein im R\u00e9seau Mesure Express erfahren. Die Flaggschiff-Aktionen der zweiten Oktoberh\u00e4lfte. Measurement Network: ein Nischensektor, der in Rudeln jagt Das Claudel-Interview finden ...<\/p>","protected":false},"author":720,"featured_media":0,"parent":0,"menu_order":0,"comment_status":"closed","ping_status":"closed","template":"","meta":{"_acf_changed":false,"footnotes":""},"class_list":["post-15121","page","type-page","status-publish","hentry"],"acf":[],"yoast_head":"<!-- This site is optimized with the Yoast SEO plugin v27.5 - https:\/\/yoast.com\/product\/yoast-seo-wordpress\/ -->\n<title>R\u00e9seau Mesure Express 14 octobre 2021 - R\u00e9seau Mesure<\/title>\n<meta name=\"description\" content=\"R\u00e9seau Mesure Express 14 octobre septembre 2021. Les rendez-vous des adh\u00e9rents pour la seconde quinzaine d&#039;octobre.\" \/>\n<meta name=\"robots\" content=\"index, follow, max-snippet:-1, max-image-preview:large, max-video-preview:-1\" \/>\n<link rel=\"canonical\" href=\"https:\/\/www.reseau-mesure.com\/de\/reseau-mesure-express-14-octobre-2021\/\" \/>\n<meta property=\"og:locale\" content=\"de_DE\" \/>\n<meta property=\"og:type\" content=\"article\" \/>\n<meta property=\"og:title\" content=\"R\u00e9seau Mesure Express 14 octobre 2021 - R\u00e9seau Mesure\" \/>\n<meta property=\"og:description\" content=\"R\u00e9seau Mesure Express 14 octobre septembre 2021. Les rendez-vous des adh\u00e9rents pour la seconde quinzaine d&#039;octobre.\" \/>\n<meta property=\"og:url\" content=\"https:\/\/www.reseau-mesure.com\/de\/reseau-mesure-express-14-octobre-2021\/\" \/>\n<meta property=\"og:site_name\" content=\"R\u00e9seau Mesure\" \/>\n<meta property=\"article:publisher\" content=\"https:\/\/www.facebook.com\/reseaumesure\/\" \/>\n<meta property=\"article:modified_time\" content=\"2021-10-13T12:46:46+00:00\" \/>\n<meta property=\"og:image\" content=\"https:\/\/www.reseau-mesure.com\/wp-content\/uploads\/2020\/07\/20ku.jpeg\" \/>\n<meta name=\"twitter:card\" content=\"summary_large_image\" \/>\n<meta name=\"twitter:site\" content=\"@ReseauMesure\" \/>\n<meta name=\"twitter:label1\" content=\"Gesch\u00e4tzte Lesezeit\" \/>\n\t<meta name=\"twitter:data1\" content=\"5\u00a0Minuten\" \/>\n<script type=\"application\/ld+json\" class=\"yoast-schema-graph\">{\"@context\":\"https:\\\/\\\/schema.org\",\"@graph\":[{\"@type\":\"WebPage\",\"@id\":\"https:\\\/\\\/www.reseau-mesure.com\\\/de\\\/reseau-mesure-express-14-octobre-2021\\\/\",\"url\":\"https:\\\/\\\/www.reseau-mesure.com\\\/de\\\/reseau-mesure-express-14-octobre-2021\\\/\",\"name\":\"R\u00e9seau Mesure Express 14 octobre 2021 - R\u00e9seau Mesure\",\"isPartOf\":{\"@id\":\"https:\\\/\\\/www.reseau-mesure.com\\\/#website\"},\"primaryImageOfPage\":{\"@id\":\"https:\\\/\\\/www.reseau-mesure.com\\\/de\\\/reseau-mesure-express-14-octobre-2021\\\/#primaryimage\"},\"image\":{\"@id\":\"https:\\\/\\\/www.reseau-mesure.com\\\/de\\\/reseau-mesure-express-14-octobre-2021\\\/#primaryimage\"},\"thumbnailUrl\":\"https:\\\/\\\/www.reseau-mesure.com\\\/wp-content\\\/uploads\\\/2020\\\/07\\\/20ku.jpeg\",\"datePublished\":\"2021-10-12T09:54:59+00:00\",\"dateModified\":\"2021-10-13T12:46:46+00:00\",\"description\":\"R\u00e9seau Mesure Express 14 octobre septembre 2021. Les rendez-vous des adh\u00e9rents pour la seconde quinzaine d'octobre.\",\"breadcrumb\":{\"@id\":\"https:\\\/\\\/www.reseau-mesure.com\\\/de\\\/reseau-mesure-express-14-octobre-2021\\\/#breadcrumb\"},\"inLanguage\":\"de\",\"potentialAction\":[{\"@type\":\"ReadAction\",\"target\":[\"https:\\\/\\\/www.reseau-mesure.com\\\/de\\\/reseau-mesure-express-14-octobre-2021\\\/\"]}]},{\"@type\":\"ImageObject\",\"inLanguage\":\"de\",\"@id\":\"https:\\\/\\\/www.reseau-mesure.com\\\/de\\\/reseau-mesure-express-14-octobre-2021\\\/#primaryimage\",\"url\":\"https:\\\/\\\/www.reseau-mesure.com\\\/wp-content\\\/uploads\\\/2020\\\/07\\\/20ku.jpeg\",\"contentUrl\":\"https:\\\/\\\/www.reseau-mesure.com\\\/wp-content\\\/uploads\\\/2020\\\/07\\\/20ku.jpeg\"},{\"@type\":\"BreadcrumbList\",\"@id\":\"https:\\\/\\\/www.reseau-mesure.com\\\/de\\\/reseau-mesure-express-14-octobre-2021\\\/#breadcrumb\",\"itemListElement\":[{\"@type\":\"ListItem\",\"position\":1,\"name\":\"Accueil\",\"item\":\"https:\\\/\\\/www.reseau-mesure.com\\\/\"},{\"@type\":\"ListItem\",\"position\":2,\"name\":\"R\u00e9seau Mesure Express-20211014\"}]},{\"@type\":\"WebSite\",\"@id\":\"https:\\\/\\\/www.reseau-mesure.com\\\/#website\",\"url\":\"https:\\\/\\\/www.reseau-mesure.com\\\/\",\"name\":\"R\u00e9seau-Mesure\",\"description\":\"R\u00e9seau Mesure\",\"publisher\":{\"@id\":\"https:\\\/\\\/www.reseau-mesure.com\\\/#organization\"},\"potentialAction\":[{\"@type\":\"SearchAction\",\"target\":{\"@type\":\"EntryPoint\",\"urlTemplate\":\"https:\\\/\\\/www.reseau-mesure.com\\\/?s={search_term_string}\"},\"query-input\":{\"@type\":\"PropertyValueSpecification\",\"valueRequired\":true,\"valueName\":\"search_term_string\"}}],\"inLanguage\":\"de\"},{\"@type\":\"Organization\",\"@id\":\"https:\\\/\\\/www.reseau-mesure.com\\\/#organization\",\"name\":\"R\u00e9seau-Mesure\",\"url\":\"https:\\\/\\\/www.reseau-mesure.com\\\/\",\"logo\":{\"@type\":\"ImageObject\",\"inLanguage\":\"de\",\"@id\":\"https:\\\/\\\/www.reseau-mesure.com\\\/#\\\/schema\\\/logo\\\/image\\\/\",\"url\":\"https:\\\/\\\/www.reseau-mesure.com\\\/wp-content\\\/uploads\\\/2018\\\/02\\\/logo-max.png\",\"contentUrl\":\"https:\\\/\\\/www.reseau-mesure.com\\\/wp-content\\\/uploads\\\/2018\\\/02\\\/logo-max.png\",\"width\":545,\"height\":285,\"caption\":\"R\u00e9seau-Mesure\"},\"image\":{\"@id\":\"https:\\\/\\\/www.reseau-mesure.com\\\/#\\\/schema\\\/logo\\\/image\\\/\"},\"sameAs\":[\"https:\\\/\\\/www.facebook.com\\\/reseaumesure\\\/\",\"https:\\\/\\\/x.com\\\/ReseauMesure\",\"https:\\\/\\\/www.linkedin.com\\\/company\\\/reseau-mesure\\\/\"]}]}<\/script>\n<!-- \/ Yoast SEO plugin. -->","yoast_head_json":{"title":"R\u00e9seau Mesure Express 14 octobre 2021 - R\u00e9seau Mesure","description":"R\u00e9seau Mesure Express 14 octobre septembre 2021. Les rendez-vous des adh\u00e9rents pour la seconde quinzaine d'octobre.","robots":{"index":"index","follow":"follow","max-snippet":"max-snippet:-1","max-image-preview":"max-image-preview:large","max-video-preview":"max-video-preview:-1"},"canonical":"https:\/\/www.reseau-mesure.com\/de\/reseau-mesure-express-14-octobre-2021\/","og_locale":"de_DE","og_type":"article","og_title":"R\u00e9seau Mesure Express 14 octobre 2021 - R\u00e9seau Mesure","og_description":"R\u00e9seau Mesure Express 14 octobre septembre 2021. Les rendez-vous des adh\u00e9rents pour la seconde quinzaine d'octobre.","og_url":"https:\/\/www.reseau-mesure.com\/de\/reseau-mesure-express-14-octobre-2021\/","og_site_name":"R\u00e9seau Mesure","article_publisher":"https:\/\/www.facebook.com\/reseaumesure\/","article_modified_time":"2021-10-13T12:46:46+00:00","og_image":[{"url":"https:\/\/www.reseau-mesure.com\/wp-content\/uploads\/2020\/07\/20ku.jpeg","type":"","width":"","height":""}],"twitter_card":"summary_large_image","twitter_site":"@ReseauMesure","twitter_misc":{"Gesch\u00e4tzte Lesezeit":"5\u00a0Minuten"},"schema":{"@context":"https:\/\/schema.org","@graph":[{"@type":"WebPage","@id":"https:\/\/www.reseau-mesure.com\/de\/reseau-mesure-express-14-octobre-2021\/","url":"https:\/\/www.reseau-mesure.com\/de\/reseau-mesure-express-14-octobre-2021\/","name":"R\u00e9seau Mesure Express 14 octobre 2021 - R\u00e9seau Mesure","isPartOf":{"@id":"https:\/\/www.reseau-mesure.com\/#website"},"primaryImageOfPage":{"@id":"https:\/\/www.reseau-mesure.com\/de\/reseau-mesure-express-14-octobre-2021\/#primaryimage"},"image":{"@id":"https:\/\/www.reseau-mesure.com\/de\/reseau-mesure-express-14-octobre-2021\/#primaryimage"},"thumbnailUrl":"https:\/\/www.reseau-mesure.com\/wp-content\/uploads\/2020\/07\/20ku.jpeg","datePublished":"2021-10-12T09:54:59+00:00","dateModified":"2021-10-13T12:46:46+00:00","description":"R\u00e9seau Mesure Express 14 octobre septembre 2021. Les rendez-vous des adh\u00e9rents pour la seconde quinzaine d'octobre.","breadcrumb":{"@id":"https:\/\/www.reseau-mesure.com\/de\/reseau-mesure-express-14-octobre-2021\/#breadcrumb"},"inLanguage":"de","potentialAction":[{"@type":"ReadAction","target":["https:\/\/www.reseau-mesure.com\/de\/reseau-mesure-express-14-octobre-2021\/"]}]},{"@type":"ImageObject","inLanguage":"de","@id":"https:\/\/www.reseau-mesure.com\/de\/reseau-mesure-express-14-octobre-2021\/#primaryimage","url":"https:\/\/www.reseau-mesure.com\/wp-content\/uploads\/2020\/07\/20ku.jpeg","contentUrl":"https:\/\/www.reseau-mesure.com\/wp-content\/uploads\/2020\/07\/20ku.jpeg"},{"@type":"BreadcrumbList","@id":"https:\/\/www.reseau-mesure.com\/de\/reseau-mesure-express-14-octobre-2021\/#breadcrumb","itemListElement":[{"@type":"ListItem","position":1,"name":"Accueil","item":"https:\/\/www.reseau-mesure.com\/"},{"@type":"ListItem","position":2,"name":"R\u00e9seau Mesure Express-20211014"}]},{"@type":"WebSite","@id":"https:\/\/www.reseau-mesure.com\/#website","url":"https:\/\/www.reseau-mesure.com\/","name":"Netzwerk-Messung","description":"Netzwerkma\u00dfnahme","publisher":{"@id":"https:\/\/www.reseau-mesure.com\/#organization"},"potentialAction":[{"@type":"SearchAction","target":{"@type":"EntryPoint","urlTemplate":"https:\/\/www.reseau-mesure.com\/?s={search_term_string}"},"query-input":{"@type":"PropertyValueSpecification","valueRequired":true,"valueName":"search_term_string"}}],"inLanguage":"de"},{"@type":"Organization","@id":"https:\/\/www.reseau-mesure.com\/#organization","name":"Netzwerk-Messung","url":"https:\/\/www.reseau-mesure.com\/","logo":{"@type":"ImageObject","inLanguage":"de","@id":"https:\/\/www.reseau-mesure.com\/#\/schema\/logo\/image\/","url":"https:\/\/www.reseau-mesure.com\/wp-content\/uploads\/2018\/02\/logo-max.png","contentUrl":"https:\/\/www.reseau-mesure.com\/wp-content\/uploads\/2018\/02\/logo-max.png","width":545,"height":285,"caption":"R\u00e9seau-Mesure"},"image":{"@id":"https:\/\/www.reseau-mesure.com\/#\/schema\/logo\/image\/"},"sameAs":["https:\/\/www.facebook.com\/reseaumesure\/","https:\/\/x.com\/ReseauMesure","https:\/\/www.linkedin.com\/company\/reseau-mesure\/"]}]}},"_links":{"self":[{"href":"https:\/\/www.reseau-mesure.com\/de\/wp-json\/wp\/v2\/pages\/15121","targetHints":{"allow":["GET"]}}],"collection":[{"href":"https:\/\/www.reseau-mesure.com\/de\/wp-json\/wp\/v2\/pages"}],"about":[{"href":"https:\/\/www.reseau-mesure.com\/de\/wp-json\/wp\/v2\/types\/page"}],"author":[{"embeddable":true,"href":"https:\/\/www.reseau-mesure.com\/de\/wp-json\/wp\/v2\/users\/720"}],"replies":[{"embeddable":true,"href":"https:\/\/www.reseau-mesure.com\/de\/wp-json\/wp\/v2\/comments?post=15121"}],"version-history":[{"count":0,"href":"https:\/\/www.reseau-mesure.com\/de\/wp-json\/wp\/v2\/pages\/15121\/revisions"}],"wp:attachment":[{"href":"https:\/\/www.reseau-mesure.com\/de\/wp-json\/wp\/v2\/media?parent=15121"}],"curies":[{"name":"wp","href":"https:\/\/api.w.org\/{rel}","templated":true}]}}