{"id":15385,"date":"2021-12-01T18:35:06","date_gmt":"2021-12-01T17:35:06","guid":{"rendered":"https:\/\/www.reseau-mesure.com\/?page_id=15385"},"modified":"2021-12-01T21:50:05","modified_gmt":"2021-12-01T20:50:05","slug":"reseau-mesure-express-2-decembre-2021","status":"publish","type":"page","link":"https:\/\/www.reseau-mesure.com\/de\/reseau-mesure-express-2-decembre-2021\/","title":{"rendered":"Express-Messnetzwerk-20211202"},"content":{"rendered":"<img loading=\"lazy\" decoding=\"async\" src=\"https:\/\/www.reseau-mesure.com\/wp-content\/uploads\/2020\/07\/20ku.jpeg\" alt=\"R\u00e9seau Mesure Express\" itemprop=\"image\" height=\"300\" width=\"970\" title=\"Express Measurement Network Header\" onerror=\"this.style.display='none'\"  \/>\n<h1>\n\t\tExpress Measurement Network 2. Dezember 2021\n\t<\/h1>\n<h2>\n\t\t<a href=\"https:\/\/www.reseau-mesure.com\/de\/le-reseau-mesure-2\/\" title=\"02.12.2021\" target=\"_blank\" rel=\"noopener\">\n\t\t02.12.2021\n\t\t<\/a>\n\t<\/h2>\n\t<h3><strong>Ein Netzwerk f\u00fcr seine Mitglieder durch seine Mitglieder<\/strong><\/h3>\n\t<p>R\u00e9seau Mesure Express 2 d\u00e9cembre 2021 : les adh\u00e9rents peuvent retrouver l&rsquo;actualit\u00e9 de l&rsquo;association dans R\u00e9seau Mesure Express.<\/p>\n<p>Was sind Ihre Erwartungen f\u00fcr 2022?<\/p>\n<h2>\n\t\tWas sind Ihre Erwartungen f\u00fcr 2022?\n\t<\/h2>\n\t<h1>Das Messnetzwerk F\u00fcr seine Mitglieder Von seinen Mitgliedern<\/h1>\n\t<p>&nbsp;<\/p>\n<p>Tout au long de l&rsquo;ann\u00e9e, vous avez contribu\u00e9 \u00e0 d\u00e9velopper le plan d&rsquo;actions de l&rsquo;association, nous vous en remercions.<\/p>\n<p>Es ist wichtig, Ihnen Ma\u00dfnahmen anzubieten, die Ihren Bed\u00fcrfnissen entsprechen und Ihnen erm\u00f6glichen, Ihre Entwicklung durch Einsparungen, gesteigerte administrative, logistische und kaufm\u00e4nnische Leistung sowie M\u00f6glichkeiten f\u00fcr Begegnungen und effektive Synergien voranzutreiben.<\/p>\n<p>Que vous soyez impliqu\u00e9 dans un groupe de travail ou non, n&rsquo;h\u00e9sitez pas \u00e0 nous faire part de vos remarques, id\u00e9es, suggestions !<\/p>\n<p>Formations, salons, rencontres, communication digitale &#8230; nous sommes \u00e0 votre \u00e9coute !<\/p>\n<p>Vous pouvez retrouver l&rsquo;ensemble du plan d&rsquo;actions via le lien suivant <a href=\"https:\/\/www.reseau-mesure.com\/de\/actions\/\">https:\/\/www.reseau-mesure.com\/actions\/<\/a> und kontaktieren Sie uns unter 09 54 64 45 56 f\u00fcr einen Umtausch.<\/p>\n\n\t\t\t\t<a href=\"https:\/\/www.reseau-mesure.com\/de\/\" target=\"_blank\" rel=\"noopener\" itemprop=\"url\">\n\t\t\t\t<img loading=\"lazy\" decoding=\"async\" src=\"https:\/\/www.reseau-mesure.com\/wp-content\/uploads\/2019\/02\/verrou.png\" alt=\"Engrenage R\u00e9seau Mesure\" itemprop=\"image\" height=\"754\" width=\"1595\" title=\"MESSNETZ AUSR\u00dcSTUNG\" onerror=\"this.style.display='none'\"  \/>\n\t\t\t\t<\/a>\n\t\t\t<a href=\"mailto:eduflot@reseau-mesure.com\" target=\"_blank\" role=\"button\" rel=\"noopener\">\n\t\t\t\t\t\t\tKontaktiere uns!\n\t\t\t\t\t<\/a>\n<h2>\n\t\t<a href=\"https:\/\/www.reseau-mesure.com\/de\/international\/\" title=\"Treffen mit dem stellvertretenden Direktor der IHK Alg\u00e9ro Fran\u00e7aise\" target=\"_blank\" rel=\"noopener\">\n\t\tTreffen mit dem stellvertretenden Direktor der IHK Alg\u00e9ro Fran\u00e7aise\n\t\t<\/a>\n\t<\/h2>\n\t\t\t\t<a href=\"https:\/\/www.reseau-mesure.com\/de\/international\/\" target=\"_blank\" rel=\"noopener\" itemprop=\"url\">\n\t\t\t\t<img loading=\"lazy\" decoding=\"async\" src=\"https:\/\/www.reseau-mesure.com\/wp-content\/uploads\/2021\/02\/VISUEL.jpg\" alt=\"R\u00e9seau Mesure Express CCI ALGER\" itemprop=\"image\" height=\"788\" width=\"940\" title=\"CCI ALGIERS\" onerror=\"this.style.display='none'\"  \/>\n\t\t\t\t<\/a>\n\t<p>&nbsp;<\/p>\nAvec le retour de l&rsquo;\u00e9quilibre financier en 2021 contrairement aux exercices pr\u00e9c\u00e9dents,<strong>\u00a0<a href=\"https:\/\/www.cciaf.org\/\">l&rsquo;Alg\u00e9rie<\/a> eine Reihe von rechtlichen Ma\u00dfnahmen und Gesetzesentw\u00fcrfen eingeleitet\u00a0<\/strong>um zu\u00a0<strong>beleben den Industriesektor, alle Sektoren zusammen.<\/strong>\n<p><strong>Algerien\u00a0<\/strong>souhaite\u00a0encourager les investissements productifs locaux ou \u00e9trangers conjugu\u00e9s \u00e0 l&rsquo;encadrement des importations et la promotion des exportations hors hydrocarbures pr\u00e9vues dans la loi de Finances 2022.<\/p>\n\nIl vous dressera un panorama \u00e9conomique complet de la situation actuelle, et abordera le volet des \u00e9changes commerciaux sous son aspect r\u00e8glementaire ( nouvelles r\u00e8gles, paiement, d\u00e9douanement&#8230;).\n<strong>Im Anschluss an das Treffen findet RDV B to B (begrenzte Pl\u00e4tze) statt, um Ihre aktuellen und zuk\u00fcnftigen Projekte in Algerien vorstellen zu k\u00f6nnen.<\/strong>\n<strong>Mittwoch, 15. Dezember 2021 um 10:00 Uhr im CERGY und per Video<\/strong>\n\t\t\t<a href=\"mailto:confray@reseau-mesure.com\" target=\"_blank\" role=\"button\" rel=\"noopener\">\n\t\t\t\t\t\t\tAnmeldungen\n\t\t\t\t\t<\/a>\n<h2>\n\t\t<a href=\"https:\/\/www.reseau-mesure.com\/de\/la-formation-2022\/\" title=\"Video-Workshop \u2013 Hybridverkauf besser meistern?\" target=\"_blank\" rel=\"noopener\">\n\t\tAtelier visio &#8211; comment mieux maitriser la vente hybride ?\n\t\t<\/a>\n\t<\/h2>\n\t\n\nDie Gesundheitskrise hat kommerzielle Unternehmen gezwungen, L\u00f6sungen zur \u00dcberwachung und Entwicklung ihrer Kunden aus der Ferne anzupassen und zu entwickeln.<br \/>\nNeue Arbeitsweisen haben sich entwickelt und eine Reihe von Verk\u00e4ufern aus den unterschiedlichsten Branchen verwenden Visio nun regelm\u00e4\u00dfig.<br \/>\n&#8230;parfois pour prospecter<br \/>\n&#8230;parfois pour faire du suivi de client\u00e8le classique<br \/>\n&#8230;parfois pour r\u00e9aliser des d\u00e9monstrations produits&#8230;<br \/>\n&#8230;parfois pour pr\u00e9senter des offres commerciales&#8230;\n<p>W\u00e4hrend einige Schwierigkeiten haben, haben andere diese Dynamik genutzt, um ihre Vertriebsproduktivit\u00e4t zu steigern. Lernen Sie w\u00e4hrend dieser Intervention anhand konkreter Beispiele, wie Sie hybride Verk\u00e4ufe nutzen k\u00f6nnen.<\/p>\n<strong>Hybrider Vertrieb oder wie man Face-to-Face- und Fernabsatz sinnvoll kombiniert, um die Produktivit\u00e4t zu steigern.<br \/>\n<\/strong>\n<strong><em>Die Sitzung findet per Videokonferenz statt<br \/>\nMontag, 13. Dezember um 11 Uhr<\/em><\/strong>\n<p>&nbsp;<\/p>\n\t\t\t\t<a href=\"https:\/\/www.reseau-mesure.com\/de\/la-formation-2022\/\" target=\"_blank\" rel=\"noopener\" itemprop=\"url\">\n\t\t\t\t<img loading=\"lazy\" decoding=\"async\" src=\"https:\/\/www.reseau-mesure.com\/wp-content\/uploads\/2021\/12\/6033b71513c7d775da47c0ec.jpg\" alt=\"vente hybride\" itemprop=\"image\" height=\"859\" width=\"1920\" title=\"Hybridverkauf\" onerror=\"this.style.display='none'\"  \/>\n\t\t\t\t<\/a>\n\t\t\t<a href=\"mailto:eduflot@reseau-mesure.com\" target=\"_blank\" role=\"button\" rel=\"noopener\">\n\t\t\t\t\t\t\tAnmeldungen\n\t\t\t\t\t<\/a>\n\t\t\t<a href=\"https:\/\/www.reseau-mesure.com\/de\/evenements\/\" target=\"_self\" role=\"button\" rel=\"noopener\">\n\t\t\t\t\t\t\tDie komplette Agenda des Messnetzes\n\t\t\t\t\t<\/a>\n\t\t\t\t<a href=\"https:\/\/www.reseau-mesure.com\/de\/evenements\/\" target=\"_blank\" rel=\"noopener\" itemprop=\"url\">\n\t\t\t\t<img loading=\"lazy\" decoding=\"async\" src=\"https:\/\/www.reseau-mesure.com\/wp-content\/uploads\/2020\/08\/Plan-de-travail-3niveau.png\" alt=\"R\u00e9seau Mesure Express Actualites\" itemprop=\"image\" height=\"3665\" width=\"5520\" title=\"Express Measurement Network News\" onerror=\"this.style.display='none'\"  \/>\n\t\t\t\t<\/a>\n\t<h2>Les Tech&rsquo;Days 2021<\/h2>\n\t<p>&nbsp;<\/p>\n<p>&nbsp;<\/p>\n<h1>Sch\u00fctzen Sie Ihre Innovation - Dienstag, 7. Dezember 2021, 8:00 Uhr<\/h1>\n<h2>Les Tech&rsquo;Days 2021 &#8211; Vos rendez-vous avec l&rsquo;innovation les mardis de 8h \u00e0 10h30<\/h2>\n<p>Eine Veranstaltung, die von der Agglomerationsgemeinschaft Cergy-Pontoise, der CY Cergy-Paris University und der CESE95 vorgeschlagen wurde.<\/p>\n<h3>Tech &#039;Days &quot;Protecting your innovation&quot; Dienstag, 7. Dezember 2021 um 8:00 Uhr<\/h3>\n<h4><em>Programm und\u00a0 <\/em><a href=\"https:\/\/www.eventbrite.fr\/e\/billets-techdays-proteger-son-innovation-140248879173\">Anmeldung<\/a><\/h4>\n\t<h2>R\u00e9seau Mesure Express: Neuigkeiten zum Aktionsplan des Vereins<\/h2>\n<h1>\n\t\tExpress Measurement Network 2. Dezember 2021\n\t<\/h1>","protected":false},"excerpt":{"rendered":"<p>R\u00e9seau Mesure Express 2. Dezember 2021 12.02.2021 Ein Netzwerk f\u00fcr seine Mitglieder durch seine Mitglieder R\u00e9seau Mesure Express 2. Dezember 2021: Mitglieder k\u00f6nnen Neuigkeiten aus dem Verein in R\u00e9seau Mesure Express finden. Was sind Ihre Erwartungen f\u00fcr 2022? Was sind Ihre Erwartungen f\u00fcr 2022? Das Messnetz F\u00fcr seine Mitglieder Durch seine\u2026<\/p>","protected":false},"author":720,"featured_media":0,"parent":0,"menu_order":0,"comment_status":"closed","ping_status":"closed","template":"","meta":{"_acf_changed":false,"footnotes":""},"class_list":["post-15385","page","type-page","status-publish","hentry"],"acf":[],"yoast_head":"<!-- This site is optimized with the Yoast SEO plugin v27.5 - https:\/\/yoast.com\/product\/yoast-seo-wordpress\/ -->\n<title>R\u00e9seau Mesure Express 2 d\u00e9cembre 2021 - R\u00e9seau Mesure<\/title>\n<meta name=\"description\" content=\"R\u00e9seau Mesure Express 2 d\u00e9cembre novembre 2021. Quelles sont vos attentes pour 2022 : rencontres, formations, salons ....\" \/>\n<meta name=\"robots\" content=\"index, follow, max-snippet:-1, max-image-preview:large, max-video-preview:-1\" \/>\n<link rel=\"canonical\" href=\"https:\/\/www.reseau-mesure.com\/de\/reseau-mesure-express-2-decembre-2021\/\" \/>\n<meta property=\"og:locale\" content=\"de_DE\" \/>\n<meta property=\"og:type\" content=\"article\" \/>\n<meta property=\"og:title\" content=\"R\u00e9seau Mesure Express 2 d\u00e9cembre 2021 - R\u00e9seau Mesure\" \/>\n<meta property=\"og:description\" content=\"R\u00e9seau Mesure Express 2 d\u00e9cembre novembre 2021. Quelles sont vos attentes pour 2022 : rencontres, formations, salons ....\" \/>\n<meta property=\"og:url\" content=\"https:\/\/www.reseau-mesure.com\/de\/reseau-mesure-express-2-decembre-2021\/\" \/>\n<meta property=\"og:site_name\" content=\"R\u00e9seau Mesure\" \/>\n<meta property=\"article:publisher\" content=\"https:\/\/www.facebook.com\/reseaumesure\/\" \/>\n<meta property=\"article:modified_time\" content=\"2021-12-01T20:50:05+00:00\" \/>\n<meta property=\"og:image\" content=\"https:\/\/www.reseau-mesure.com\/wp-content\/uploads\/2020\/07\/20ku.jpeg\" \/>\n<meta name=\"twitter:card\" content=\"summary_large_image\" \/>\n<meta name=\"twitter:site\" content=\"@ReseauMesure\" \/>\n<meta name=\"twitter:label1\" content=\"Gesch\u00e4tzte Lesezeit\" \/>\n\t<meta name=\"twitter:data1\" content=\"4\u00a0Minuten\" \/>\n<script type=\"application\/ld+json\" class=\"yoast-schema-graph\">{\"@context\":\"https:\\\/\\\/schema.org\",\"@graph\":[{\"@type\":\"WebPage\",\"@id\":\"https:\\\/\\\/www.reseau-mesure.com\\\/reseau-mesure-express-2-decembre-2021\\\/\",\"url\":\"https:\\\/\\\/www.reseau-mesure.com\\\/reseau-mesure-express-2-decembre-2021\\\/\",\"name\":\"R\u00e9seau Mesure Express 2 d\u00e9cembre 2021 - R\u00e9seau Mesure\",\"isPartOf\":{\"@id\":\"https:\\\/\\\/www.reseau-mesure.com\\\/#website\"},\"primaryImageOfPage\":{\"@id\":\"https:\\\/\\\/www.reseau-mesure.com\\\/reseau-mesure-express-2-decembre-2021\\\/#primaryimage\"},\"image\":{\"@id\":\"https:\\\/\\\/www.reseau-mesure.com\\\/reseau-mesure-express-2-decembre-2021\\\/#primaryimage\"},\"thumbnailUrl\":\"https:\\\/\\\/www.reseau-mesure.com\\\/wp-content\\\/uploads\\\/2020\\\/07\\\/20ku.jpeg\",\"datePublished\":\"2021-12-01T17:35:06+00:00\",\"dateModified\":\"2021-12-01T20:50:05+00:00\",\"description\":\"R\u00e9seau Mesure Express 2 d\u00e9cembre novembre 2021. Quelles sont vos attentes pour 2022 : rencontres, formations, salons ....\",\"breadcrumb\":{\"@id\":\"https:\\\/\\\/www.reseau-mesure.com\\\/reseau-mesure-express-2-decembre-2021\\\/#breadcrumb\"},\"inLanguage\":\"de\",\"potentialAction\":[{\"@type\":\"ReadAction\",\"target\":[\"https:\\\/\\\/www.reseau-mesure.com\\\/reseau-mesure-express-2-decembre-2021\\\/\"]}]},{\"@type\":\"ImageObject\",\"inLanguage\":\"de\",\"@id\":\"https:\\\/\\\/www.reseau-mesure.com\\\/reseau-mesure-express-2-decembre-2021\\\/#primaryimage\",\"url\":\"https:\\\/\\\/www.reseau-mesure.com\\\/wp-content\\\/uploads\\\/2020\\\/07\\\/20ku.jpeg\",\"contentUrl\":\"https:\\\/\\\/www.reseau-mesure.com\\\/wp-content\\\/uploads\\\/2020\\\/07\\\/20ku.jpeg\"},{\"@type\":\"BreadcrumbList\",\"@id\":\"https:\\\/\\\/www.reseau-mesure.com\\\/reseau-mesure-express-2-decembre-2021\\\/#breadcrumb\",\"itemListElement\":[{\"@type\":\"ListItem\",\"position\":1,\"name\":\"Accueil\",\"item\":\"https:\\\/\\\/www.reseau-mesure.com\\\/\"},{\"@type\":\"ListItem\",\"position\":2,\"name\":\"R\u00e9seau Mesure Express-20211202\"}]},{\"@type\":\"WebSite\",\"@id\":\"https:\\\/\\\/www.reseau-mesure.com\\\/#website\",\"url\":\"https:\\\/\\\/www.reseau-mesure.com\\\/\",\"name\":\"R\u00e9seau-Mesure\",\"description\":\"R\u00e9seau Mesure\",\"publisher\":{\"@id\":\"https:\\\/\\\/www.reseau-mesure.com\\\/#organization\"},\"potentialAction\":[{\"@type\":\"SearchAction\",\"target\":{\"@type\":\"EntryPoint\",\"urlTemplate\":\"https:\\\/\\\/www.reseau-mesure.com\\\/?s={search_term_string}\"},\"query-input\":{\"@type\":\"PropertyValueSpecification\",\"valueRequired\":true,\"valueName\":\"search_term_string\"}}],\"inLanguage\":\"de\"},{\"@type\":\"Organization\",\"@id\":\"https:\\\/\\\/www.reseau-mesure.com\\\/#organization\",\"name\":\"R\u00e9seau-Mesure\",\"url\":\"https:\\\/\\\/www.reseau-mesure.com\\\/\",\"logo\":{\"@type\":\"ImageObject\",\"inLanguage\":\"de\",\"@id\":\"https:\\\/\\\/www.reseau-mesure.com\\\/#\\\/schema\\\/logo\\\/image\\\/\",\"url\":\"https:\\\/\\\/www.reseau-mesure.com\\\/wp-content\\\/uploads\\\/2018\\\/02\\\/logo-max.png\",\"contentUrl\":\"https:\\\/\\\/www.reseau-mesure.com\\\/wp-content\\\/uploads\\\/2018\\\/02\\\/logo-max.png\",\"width\":545,\"height\":285,\"caption\":\"R\u00e9seau-Mesure\"},\"image\":{\"@id\":\"https:\\\/\\\/www.reseau-mesure.com\\\/#\\\/schema\\\/logo\\\/image\\\/\"},\"sameAs\":[\"https:\\\/\\\/www.facebook.com\\\/reseaumesure\\\/\",\"https:\\\/\\\/x.com\\\/ReseauMesure\",\"https:\\\/\\\/www.linkedin.com\\\/company\\\/reseau-mesure\\\/\"]}]}<\/script>\n<!-- \/ Yoast SEO plugin. -->","yoast_head_json":{"title":"R\u00e9seau Mesure Express 2 d\u00e9cembre 2021 - R\u00e9seau Mesure","description":"R\u00e9seau Mesure Express 2 d\u00e9cembre novembre 2021. Quelles sont vos attentes pour 2022 : rencontres, formations, salons ....","robots":{"index":"index","follow":"follow","max-snippet":"max-snippet:-1","max-image-preview":"max-image-preview:large","max-video-preview":"max-video-preview:-1"},"canonical":"https:\/\/www.reseau-mesure.com\/de\/reseau-mesure-express-2-decembre-2021\/","og_locale":"de_DE","og_type":"article","og_title":"R\u00e9seau Mesure Express 2 d\u00e9cembre 2021 - R\u00e9seau Mesure","og_description":"R\u00e9seau Mesure Express 2 d\u00e9cembre novembre 2021. Quelles sont vos attentes pour 2022 : rencontres, formations, salons ....","og_url":"https:\/\/www.reseau-mesure.com\/de\/reseau-mesure-express-2-decembre-2021\/","og_site_name":"R\u00e9seau Mesure","article_publisher":"https:\/\/www.facebook.com\/reseaumesure\/","article_modified_time":"2021-12-01T20:50:05+00:00","og_image":[{"url":"https:\/\/www.reseau-mesure.com\/wp-content\/uploads\/2020\/07\/20ku.jpeg","type":"","width":"","height":""}],"twitter_card":"summary_large_image","twitter_site":"@ReseauMesure","twitter_misc":{"Gesch\u00e4tzte Lesezeit":"4\u00a0Minuten"},"schema":{"@context":"https:\/\/schema.org","@graph":[{"@type":"WebPage","@id":"https:\/\/www.reseau-mesure.com\/reseau-mesure-express-2-decembre-2021\/","url":"https:\/\/www.reseau-mesure.com\/reseau-mesure-express-2-decembre-2021\/","name":"R\u00e9seau Mesure Express 2 d\u00e9cembre 2021 - R\u00e9seau Mesure","isPartOf":{"@id":"https:\/\/www.reseau-mesure.com\/#website"},"primaryImageOfPage":{"@id":"https:\/\/www.reseau-mesure.com\/reseau-mesure-express-2-decembre-2021\/#primaryimage"},"image":{"@id":"https:\/\/www.reseau-mesure.com\/reseau-mesure-express-2-decembre-2021\/#primaryimage"},"thumbnailUrl":"https:\/\/www.reseau-mesure.com\/wp-content\/uploads\/2020\/07\/20ku.jpeg","datePublished":"2021-12-01T17:35:06+00:00","dateModified":"2021-12-01T20:50:05+00:00","description":"R\u00e9seau Mesure Express 2 d\u00e9cembre novembre 2021. Quelles sont vos attentes pour 2022 : rencontres, formations, salons ....","breadcrumb":{"@id":"https:\/\/www.reseau-mesure.com\/reseau-mesure-express-2-decembre-2021\/#breadcrumb"},"inLanguage":"de","potentialAction":[{"@type":"ReadAction","target":["https:\/\/www.reseau-mesure.com\/reseau-mesure-express-2-decembre-2021\/"]}]},{"@type":"ImageObject","inLanguage":"de","@id":"https:\/\/www.reseau-mesure.com\/reseau-mesure-express-2-decembre-2021\/#primaryimage","url":"https:\/\/www.reseau-mesure.com\/wp-content\/uploads\/2020\/07\/20ku.jpeg","contentUrl":"https:\/\/www.reseau-mesure.com\/wp-content\/uploads\/2020\/07\/20ku.jpeg"},{"@type":"BreadcrumbList","@id":"https:\/\/www.reseau-mesure.com\/reseau-mesure-express-2-decembre-2021\/#breadcrumb","itemListElement":[{"@type":"ListItem","position":1,"name":"Accueil","item":"https:\/\/www.reseau-mesure.com\/"},{"@type":"ListItem","position":2,"name":"R\u00e9seau Mesure Express-20211202"}]},{"@type":"WebSite","@id":"https:\/\/www.reseau-mesure.com\/#website","url":"https:\/\/www.reseau-mesure.com\/","name":"Netzwerk-Messung","description":"Netzwerkma\u00dfnahme","publisher":{"@id":"https:\/\/www.reseau-mesure.com\/#organization"},"potentialAction":[{"@type":"SearchAction","target":{"@type":"EntryPoint","urlTemplate":"https:\/\/www.reseau-mesure.com\/?s={search_term_string}"},"query-input":{"@type":"PropertyValueSpecification","valueRequired":true,"valueName":"search_term_string"}}],"inLanguage":"de"},{"@type":"Organization","@id":"https:\/\/www.reseau-mesure.com\/#organization","name":"Netzwerk-Messung","url":"https:\/\/www.reseau-mesure.com\/","logo":{"@type":"ImageObject","inLanguage":"de","@id":"https:\/\/www.reseau-mesure.com\/#\/schema\/logo\/image\/","url":"https:\/\/www.reseau-mesure.com\/wp-content\/uploads\/2018\/02\/logo-max.png","contentUrl":"https:\/\/www.reseau-mesure.com\/wp-content\/uploads\/2018\/02\/logo-max.png","width":545,"height":285,"caption":"R\u00e9seau-Mesure"},"image":{"@id":"https:\/\/www.reseau-mesure.com\/#\/schema\/logo\/image\/"},"sameAs":["https:\/\/www.facebook.com\/reseaumesure\/","https:\/\/x.com\/ReseauMesure","https:\/\/www.linkedin.com\/company\/reseau-mesure\/"]}]}},"_links":{"self":[{"href":"https:\/\/www.reseau-mesure.com\/de\/wp-json\/wp\/v2\/pages\/15385","targetHints":{"allow":["GET"]}}],"collection":[{"href":"https:\/\/www.reseau-mesure.com\/de\/wp-json\/wp\/v2\/pages"}],"about":[{"href":"https:\/\/www.reseau-mesure.com\/de\/wp-json\/wp\/v2\/types\/page"}],"author":[{"embeddable":true,"href":"https:\/\/www.reseau-mesure.com\/de\/wp-json\/wp\/v2\/users\/720"}],"replies":[{"embeddable":true,"href":"https:\/\/www.reseau-mesure.com\/de\/wp-json\/wp\/v2\/comments?post=15385"}],"version-history":[{"count":0,"href":"https:\/\/www.reseau-mesure.com\/de\/wp-json\/wp\/v2\/pages\/15385\/revisions"}],"wp:attachment":[{"href":"https:\/\/www.reseau-mesure.com\/de\/wp-json\/wp\/v2\/media?parent=15385"}],"curies":[{"name":"wp","href":"https:\/\/api.w.org\/{rel}","templated":true}]}}