{"id":15686,"date":"2022-01-10T14:39:27","date_gmt":"2022-01-10T13:39:27","guid":{"rendered":"https:\/\/www.reseau-mesure.com\/?page_id=15686"},"modified":"2022-01-10T16:23:27","modified_gmt":"2022-01-10T15:23:27","slug":"essais-en-vibrations-theorie-et-pratique","status":"publish","type":"page","link":"https:\/\/www.reseau-mesure.com\/de\/essais-en-vibrations-theorie-et-pratique\/","title":{"rendered":"Schwingungspr\u00fcfungen - Theorie und Praxis -"},"content":{"rendered":"<a href=\"https:\/\/spectraldynamics.eu\/\" target=\"_blank\" rel=\"noopener\" itemprop=\"url\">\n\t\t\t\t<img loading=\"lazy\" decoding=\"async\" src=\"https:\/\/www.reseau-mesure.com\/wp-content\/uploads\/2022\/01\/Spectral-Dynamics-1024x351.png\" alt=\"Spectral Dynamics\" itemprop=\"image\" height=\"351\" width=\"1024\" title=\"Spektrale Dynamik\" onerror=\"this.style.display='none'\"  \/>\n\t\t\t\t<\/a>\n\t<h1><strong>Vibrationstests \u2013 Theorie und Praxis \u2013<\/strong><\/h1>\n\t<p>&nbsp;<\/p>\n<p>&nbsp;<\/p>\n<table width=\"100%\">\n<tbody>\n<tr>\n<td><strong>Diese Schulung richtet sich an alle Personen, die im Unternehmen f\u00fcr die Durchf\u00fchrung oder Analyse von Schwingungspr\u00fcfungen verantwortlich sind.<\/strong>\n<p>Die Schulung wird von Spectral Dynamics durchgef\u00fchrt, einem weltweit f\u00fchrenden Anbieter von Systemen und Software f\u00fcr Vibrationstests, dynamische Analyse von Strukturen und akustische Analyse.<\/p>\n<p><b>R\u00e9seau Mesure wird als QUALIOPI-zertifiziertes Schulungszentrum bezeichnet, das die Unterst\u00fctzung durch Ihren OPCO erm\u00f6glicht.<\/b><\/p>\n<p><strong>Anzahl der Auszubildenden pro Sitzung:<\/strong> Schulung exklusiv f\u00fcr ein Unternehmen.<\/p>\n<p><strong>Die Schulungstermine sind mit dem Trainer der Firma Spectral Dynamics festzulegen.\u00a0<\/strong><\/p>\n<strong>Das Programm kann an die Bed\u00fcrfnisse des Unternehmens angepasst werden.<\/strong><\/td>\n<\/tr>\n<tr>\n\n<\/tr>\n<\/tbody>\n<\/table>\n\t\t\t<a href=\"https:\/\/www.reseau-mesure.com\/wp-content\/uploads\/2022\/01\/presentation-SD-v1.pdf\" target=\"_blank\" role=\"button\" rel=\"noopener\">\n\t\t\t\t\t\t\tPr\u00e4sentation\n\t\t\t\t\t<\/a>\n\t\t\t<a href=\"https:\/\/www.reseau-mesure.com\/wp-content\/uploads\/2022\/01\/programme-SD-Essais-en-vibrations.pdf\" target=\"_blank\" role=\"button\" rel=\"noopener\">\n\t\t\t\t\t\t\tProgrammtyp\n\t\t\t\t\t<\/a>\n\t\t\t<a href=\"mailto:gourgaud@spectraldynamics.fr\" target=\"_blank\" role=\"button\" rel=\"noopener\">\n\t\t\t\t\t\t\tAbonnementanfrage\n\t\t\t\t\t<\/a>","protected":false},"excerpt":{"rendered":"<p>Vibrationspr\u00fcfungen \u2013 Theorie und Praxis \u2013 Diese Schulung richtet sich an alle, die im Unternehmen f\u00fcr die Durchf\u00fchrung oder Analyse von Vibrationspr\u00fcfungen verantwortlich sind. Die Schulung wird von Spectral Dynamics durchgef\u00fchrt, einem weltweit f\u00fchrenden Anbieter von Systemen und Software f\u00fcr Vibrationstests, dynamische Analyse von Strukturen und akustische Analyse.\u2026<\/p>","protected":false},"author":349,"featured_media":0,"parent":0,"menu_order":0,"comment_status":"closed","ping_status":"closed","template":"","meta":{"_acf_changed":false,"footnotes":""},"class_list":["post-15686","page","type-page","status-publish","hentry"],"acf":[],"yoast_head":"<!-- This site is optimized with the Yoast SEO plugin v27.5 - https:\/\/yoast.com\/product\/yoast-seo-wordpress\/ -->\n<title>Formation - Essais en vibrations - Th\u00e9orie et pratique - R\u00e9seau Mesure<\/title>\n<meta name=\"description\" content=\"L\u2019enjeu de cette formation Essais en vibrations - Th\u00e9orie et pratique est de se former aux essais en vibrations et \u00e0 leur contexte th\u00e9orique.\" \/>\n<meta name=\"robots\" content=\"index, follow, max-snippet:-1, max-image-preview:large, max-video-preview:-1\" \/>\n<link rel=\"canonical\" href=\"https:\/\/www.reseau-mesure.com\/de\/essais-en-vibrations-theorie-et-pratique\/\" \/>\n<meta property=\"og:locale\" content=\"de_DE\" \/>\n<meta property=\"og:type\" content=\"article\" \/>\n<meta property=\"og:title\" content=\"Formation - Essais en vibrations - Th\u00e9orie et pratique - R\u00e9seau Mesure\" \/>\n<meta property=\"og:description\" content=\"L\u2019enjeu de cette formation Essais en vibrations - Th\u00e9orie et pratique est de se former aux essais en vibrations et \u00e0 leur contexte th\u00e9orique.\" \/>\n<meta property=\"og:url\" content=\"https:\/\/www.reseau-mesure.com\/de\/essais-en-vibrations-theorie-et-pratique\/\" \/>\n<meta property=\"og:site_name\" content=\"R\u00e9seau Mesure\" \/>\n<meta property=\"article:publisher\" content=\"https:\/\/www.facebook.com\/reseaumesure\/\" \/>\n<meta property=\"article:modified_time\" content=\"2022-01-10T15:23:27+00:00\" \/>\n<meta property=\"og:image\" content=\"https:\/\/www.reseau-mesure.com\/wp-content\/uploads\/2022\/01\/Spectral-Dynamics-1024x351.png\" \/>\n<meta name=\"twitter:card\" content=\"summary_large_image\" \/>\n<meta name=\"twitter:site\" content=\"@ReseauMesure\" \/>\n<meta name=\"twitter:label1\" content=\"Gesch\u00e4tzte Lesezeit\" \/>\n\t<meta name=\"twitter:data1\" content=\"1\u00a0Minute\" \/>\n<script type=\"application\/ld+json\" class=\"yoast-schema-graph\">{\"@context\":\"https:\\\/\\\/schema.org\",\"@graph\":[{\"@type\":\"WebPage\",\"@id\":\"https:\\\/\\\/www.reseau-mesure.com\\\/essais-en-vibrations-theorie-et-pratique\\\/\",\"url\":\"https:\\\/\\\/www.reseau-mesure.com\\\/essais-en-vibrations-theorie-et-pratique\\\/\",\"name\":\"Formation - Essais en vibrations - Th\u00e9orie et pratique - R\u00e9seau Mesure\",\"isPartOf\":{\"@id\":\"https:\\\/\\\/www.reseau-mesure.com\\\/#website\"},\"primaryImageOfPage\":{\"@id\":\"https:\\\/\\\/www.reseau-mesure.com\\\/essais-en-vibrations-theorie-et-pratique\\\/#primaryimage\"},\"image\":{\"@id\":\"https:\\\/\\\/www.reseau-mesure.com\\\/essais-en-vibrations-theorie-et-pratique\\\/#primaryimage\"},\"thumbnailUrl\":\"https:\\\/\\\/www.reseau-mesure.com\\\/wp-content\\\/uploads\\\/2022\\\/01\\\/Spectral-Dynamics-1024x351.png\",\"datePublished\":\"2022-01-10T13:39:27+00:00\",\"dateModified\":\"2022-01-10T15:23:27+00:00\",\"description\":\"L\u2019enjeu de cette formation Essais en vibrations - Th\u00e9orie et pratique est de se former aux essais en vibrations et \u00e0 leur contexte th\u00e9orique.\",\"breadcrumb\":{\"@id\":\"https:\\\/\\\/www.reseau-mesure.com\\\/essais-en-vibrations-theorie-et-pratique\\\/#breadcrumb\"},\"inLanguage\":\"de\",\"potentialAction\":[{\"@type\":\"ReadAction\",\"target\":[\"https:\\\/\\\/www.reseau-mesure.com\\\/essais-en-vibrations-theorie-et-pratique\\\/\"]}]},{\"@type\":\"ImageObject\",\"inLanguage\":\"de\",\"@id\":\"https:\\\/\\\/www.reseau-mesure.com\\\/essais-en-vibrations-theorie-et-pratique\\\/#primaryimage\",\"url\":\"https:\\\/\\\/www.reseau-mesure.com\\\/wp-content\\\/uploads\\\/2022\\\/01\\\/Spectral-Dynamics-1024x351.png\",\"contentUrl\":\"https:\\\/\\\/www.reseau-mesure.com\\\/wp-content\\\/uploads\\\/2022\\\/01\\\/Spectral-Dynamics-1024x351.png\"},{\"@type\":\"BreadcrumbList\",\"@id\":\"https:\\\/\\\/www.reseau-mesure.com\\\/essais-en-vibrations-theorie-et-pratique\\\/#breadcrumb\",\"itemListElement\":[{\"@type\":\"ListItem\",\"position\":1,\"name\":\"Accueil\",\"item\":\"https:\\\/\\\/www.reseau-mesure.com\\\/\"},{\"@type\":\"ListItem\",\"position\":2,\"name\":\"Essais en vibrations &#8211; Th\u00e9orie et pratique &#8211;\"}]},{\"@type\":\"WebSite\",\"@id\":\"https:\\\/\\\/www.reseau-mesure.com\\\/#website\",\"url\":\"https:\\\/\\\/www.reseau-mesure.com\\\/\",\"name\":\"R\u00e9seau-Mesure\",\"description\":\"R\u00e9seau Mesure\",\"publisher\":{\"@id\":\"https:\\\/\\\/www.reseau-mesure.com\\\/#organization\"},\"potentialAction\":[{\"@type\":\"SearchAction\",\"target\":{\"@type\":\"EntryPoint\",\"urlTemplate\":\"https:\\\/\\\/www.reseau-mesure.com\\\/?s={search_term_string}\"},\"query-input\":{\"@type\":\"PropertyValueSpecification\",\"valueRequired\":true,\"valueName\":\"search_term_string\"}}],\"inLanguage\":\"de\"},{\"@type\":\"Organization\",\"@id\":\"https:\\\/\\\/www.reseau-mesure.com\\\/#organization\",\"name\":\"R\u00e9seau-Mesure\",\"url\":\"https:\\\/\\\/www.reseau-mesure.com\\\/\",\"logo\":{\"@type\":\"ImageObject\",\"inLanguage\":\"de\",\"@id\":\"https:\\\/\\\/www.reseau-mesure.com\\\/#\\\/schema\\\/logo\\\/image\\\/\",\"url\":\"https:\\\/\\\/www.reseau-mesure.com\\\/wp-content\\\/uploads\\\/2018\\\/02\\\/logo-max.png\",\"contentUrl\":\"https:\\\/\\\/www.reseau-mesure.com\\\/wp-content\\\/uploads\\\/2018\\\/02\\\/logo-max.png\",\"width\":545,\"height\":285,\"caption\":\"R\u00e9seau-Mesure\"},\"image\":{\"@id\":\"https:\\\/\\\/www.reseau-mesure.com\\\/#\\\/schema\\\/logo\\\/image\\\/\"},\"sameAs\":[\"https:\\\/\\\/www.facebook.com\\\/reseaumesure\\\/\",\"https:\\\/\\\/x.com\\\/ReseauMesure\",\"https:\\\/\\\/www.linkedin.com\\\/company\\\/reseau-mesure\\\/\"]}]}<\/script>\n<!-- \/ Yoast SEO plugin. -->","yoast_head_json":{"title":"Formation - Essais en vibrations - Th\u00e9orie et pratique - R\u00e9seau Mesure","description":"L\u2019enjeu de cette formation Essais en vibrations - Th\u00e9orie et pratique est de se former aux essais en vibrations et \u00e0 leur contexte th\u00e9orique.","robots":{"index":"index","follow":"follow","max-snippet":"max-snippet:-1","max-image-preview":"max-image-preview:large","max-video-preview":"max-video-preview:-1"},"canonical":"https:\/\/www.reseau-mesure.com\/de\/essais-en-vibrations-theorie-et-pratique\/","og_locale":"de_DE","og_type":"article","og_title":"Formation - Essais en vibrations - Th\u00e9orie et pratique - R\u00e9seau Mesure","og_description":"L\u2019enjeu de cette formation Essais en vibrations - Th\u00e9orie et pratique est de se former aux essais en vibrations et \u00e0 leur contexte th\u00e9orique.","og_url":"https:\/\/www.reseau-mesure.com\/de\/essais-en-vibrations-theorie-et-pratique\/","og_site_name":"R\u00e9seau Mesure","article_publisher":"https:\/\/www.facebook.com\/reseaumesure\/","article_modified_time":"2022-01-10T15:23:27+00:00","og_image":[{"url":"https:\/\/www.reseau-mesure.com\/wp-content\/uploads\/2022\/01\/Spectral-Dynamics-1024x351.png","type":"","width":"","height":""}],"twitter_card":"summary_large_image","twitter_site":"@ReseauMesure","twitter_misc":{"Gesch\u00e4tzte Lesezeit":"1\u00a0Minute"},"schema":{"@context":"https:\/\/schema.org","@graph":[{"@type":"WebPage","@id":"https:\/\/www.reseau-mesure.com\/essais-en-vibrations-theorie-et-pratique\/","url":"https:\/\/www.reseau-mesure.com\/essais-en-vibrations-theorie-et-pratique\/","name":"Formation - Essais en vibrations - Th\u00e9orie et pratique - R\u00e9seau Mesure","isPartOf":{"@id":"https:\/\/www.reseau-mesure.com\/#website"},"primaryImageOfPage":{"@id":"https:\/\/www.reseau-mesure.com\/essais-en-vibrations-theorie-et-pratique\/#primaryimage"},"image":{"@id":"https:\/\/www.reseau-mesure.com\/essais-en-vibrations-theorie-et-pratique\/#primaryimage"},"thumbnailUrl":"https:\/\/www.reseau-mesure.com\/wp-content\/uploads\/2022\/01\/Spectral-Dynamics-1024x351.png","datePublished":"2022-01-10T13:39:27+00:00","dateModified":"2022-01-10T15:23:27+00:00","description":"L\u2019enjeu de cette formation Essais en vibrations - Th\u00e9orie et pratique est de se former aux essais en vibrations et \u00e0 leur contexte th\u00e9orique.","breadcrumb":{"@id":"https:\/\/www.reseau-mesure.com\/essais-en-vibrations-theorie-et-pratique\/#breadcrumb"},"inLanguage":"de","potentialAction":[{"@type":"ReadAction","target":["https:\/\/www.reseau-mesure.com\/essais-en-vibrations-theorie-et-pratique\/"]}]},{"@type":"ImageObject","inLanguage":"de","@id":"https:\/\/www.reseau-mesure.com\/essais-en-vibrations-theorie-et-pratique\/#primaryimage","url":"https:\/\/www.reseau-mesure.com\/wp-content\/uploads\/2022\/01\/Spectral-Dynamics-1024x351.png","contentUrl":"https:\/\/www.reseau-mesure.com\/wp-content\/uploads\/2022\/01\/Spectral-Dynamics-1024x351.png"},{"@type":"BreadcrumbList","@id":"https:\/\/www.reseau-mesure.com\/essais-en-vibrations-theorie-et-pratique\/#breadcrumb","itemListElement":[{"@type":"ListItem","position":1,"name":"Accueil","item":"https:\/\/www.reseau-mesure.com\/"},{"@type":"ListItem","position":2,"name":"Essais en vibrations &#8211; Th\u00e9orie et pratique &#8211;"}]},{"@type":"WebSite","@id":"https:\/\/www.reseau-mesure.com\/#website","url":"https:\/\/www.reseau-mesure.com\/","name":"Netzwerk-Messung","description":"Netzwerkma\u00dfnahme","publisher":{"@id":"https:\/\/www.reseau-mesure.com\/#organization"},"potentialAction":[{"@type":"SearchAction","target":{"@type":"EntryPoint","urlTemplate":"https:\/\/www.reseau-mesure.com\/?s={search_term_string}"},"query-input":{"@type":"PropertyValueSpecification","valueRequired":true,"valueName":"search_term_string"}}],"inLanguage":"de"},{"@type":"Organization","@id":"https:\/\/www.reseau-mesure.com\/#organization","name":"Netzwerk-Messung","url":"https:\/\/www.reseau-mesure.com\/","logo":{"@type":"ImageObject","inLanguage":"de","@id":"https:\/\/www.reseau-mesure.com\/#\/schema\/logo\/image\/","url":"https:\/\/www.reseau-mesure.com\/wp-content\/uploads\/2018\/02\/logo-max.png","contentUrl":"https:\/\/www.reseau-mesure.com\/wp-content\/uploads\/2018\/02\/logo-max.png","width":545,"height":285,"caption":"R\u00e9seau-Mesure"},"image":{"@id":"https:\/\/www.reseau-mesure.com\/#\/schema\/logo\/image\/"},"sameAs":["https:\/\/www.facebook.com\/reseaumesure\/","https:\/\/x.com\/ReseauMesure","https:\/\/www.linkedin.com\/company\/reseau-mesure\/"]}]}},"_links":{"self":[{"href":"https:\/\/www.reseau-mesure.com\/de\/wp-json\/wp\/v2\/pages\/15686","targetHints":{"allow":["GET"]}}],"collection":[{"href":"https:\/\/www.reseau-mesure.com\/de\/wp-json\/wp\/v2\/pages"}],"about":[{"href":"https:\/\/www.reseau-mesure.com\/de\/wp-json\/wp\/v2\/types\/page"}],"author":[{"embeddable":true,"href":"https:\/\/www.reseau-mesure.com\/de\/wp-json\/wp\/v2\/users\/349"}],"replies":[{"embeddable":true,"href":"https:\/\/www.reseau-mesure.com\/de\/wp-json\/wp\/v2\/comments?post=15686"}],"version-history":[{"count":0,"href":"https:\/\/www.reseau-mesure.com\/de\/wp-json\/wp\/v2\/pages\/15686\/revisions"}],"wp:attachment":[{"href":"https:\/\/www.reseau-mesure.com\/de\/wp-json\/wp\/v2\/media?parent=15686"}],"curies":[{"name":"wp","href":"https:\/\/api.w.org\/{rel}","templated":true}]}}