{"id":15848,"date":"2022-01-19T10:57:11","date_gmt":"2022-01-19T09:57:11","guid":{"rendered":"https:\/\/www.reseau-mesure.com\/?page_id=15848"},"modified":"2022-02-08T14:38:32","modified_gmt":"2022-02-08T13:38:32","slug":"reseau-mesure-express-21-janvier-2022","status":"publish","type":"page","link":"https:\/\/www.reseau-mesure.com\/de\/reseau-mesure-express-21-janvier-2022\/","title":{"rendered":"Network Measurement Express-20220121"},"content":{"rendered":"<img loading=\"lazy\" decoding=\"async\" src=\"https:\/\/www.reseau-mesure.com\/wp-content\/uploads\/2020\/07\/20ku.jpeg\" alt=\"R\u00e9seau Mesure Express\" itemprop=\"image\" height=\"300\" width=\"970\" title=\"Express Measurement Network Header\" onerror=\"this.style.display='none'\">\n<h1>\n\t\tExpress Measurement Network 21. Januar 2022\n\t<\/h1>\n<h2>\n\t\t<a href=\"https:\/\/www.reseau-mesure.com\/de\/le-reseau-mesure-2\/\" title=\"21.01.2022\" target=\"_blank\" rel=\"noopener\">\n\t\t21.01.2022\n\t\t<\/a>\n\t<\/h2>\n\t<h3><strong>Ein Netzwerk f\u00fcr seine Mitglieder durch seine Mitglieder<\/strong><\/h3>\n\t<p>R\u00e9seau Mesure Express 21 janvier 2022 : les adh\u00e9rents peuvent retrouver l&rsquo;actualit\u00e9 de l&rsquo;association dans R\u00e9seau Mesure Express.<\/p>\n<p>Markieren Sie Ihre Kalender f\u00fcr 2022!<\/p>\n<h2>\n\t\t<a href=\"https:\/\/www.reseau-mesure.com\/wp-content\/uploads\/2021\/06\/PLAN-MEDIA-2022-RESEAU-MESURE.pdf\" title=\"Ein neuer Medienplan f\u00fcr 2022\" target=\"_blank\" rel=\"noopener\">\n\t\tEin neuer Medienplan f\u00fcr 2022\n\t\t<\/a>\n\t<\/h2>\n\t<h2>Das Measurement Network erm\u00f6glicht es Ihnen, von Vorzugspreisen und privilegierten Kommunikationsm\u00f6glichkeiten mit unseren 19 Partnern zu profitieren.<\/h2>\n\t<p>&nbsp;<\/p>\n<h2><b>Verst\u00e4rken Sie die Kommunikation mit kontrollierten Budgets.<\/b><\/h2>\n<h3><b>Eine eigene Arbeitsgruppe<\/b><\/h3>\n<ul>\n<li>Entwicklung eines Trainingsplans f\u00fcr Mitglieder<\/li>\n<li>Ein Erfahrungsaustausch<\/li>\n<li>Interventionen mit Spezialisten zur Entwicklung Ihres digitalen Aktionsplans<\/li>\n<\/ul>\n<h3><b>Kommunikation f\u00fcr Mitglieder auf der Website des Measurement Network und auf LinkedIn<\/b><\/h3>\n<ul>\n<li>Erweitern Sie Ihre SEO<\/li>\n<li>Entwickeln Sie Ihr Image<\/li>\n<\/ul>\n<h3><b>Verst\u00e4rkte digitale Kommunikation dank des Mediaplans des Messnetzwerks<\/b><\/h3>\n\t\t\t\t<a href=\"https:\/\/www.reseau-mesure.com\/de\/communication\/\" target=\"_blank\" rel=\"noopener\" itemprop=\"url\">\n\t\t\t\t<img loading=\"lazy\" decoding=\"async\" src=\"https:\/\/www.reseau-mesure.com\/wp-content\/uploads\/2022\/01\/2022-PARTENAIRES-PRESSE.png\" alt=\"Partenaires presse 2022\" itemprop=\"image\" height=\"563\" width=\"828\" title=\"2022 PRESSEPARTNER\" onerror=\"this.style.display='none'\">\n\t\t\t\t<\/a>\n\t\t\t<a href=\"https:\/\/www.reseau-mesure.com\/wp-content\/uploads\/2021\/06\/PLAN-MEDIA-2022-RESEAU-MESURE.pdf\" target=\"_blank\" role=\"button\" rel=\"noopener\">\n\t\t\t\t\t\t\tLaden Sie den Medienplan 2022 herunter\n\t\t\t\t\t<\/a>\n\t<p>&nbsp;<\/p>\n<p><strong>N&rsquo;h\u00e9sitez pas \u00e0 nous transmettre la communication que vous souhaitez que nous relayons sur le site du R\u00e9seau Mesure et sur LinkedIn.<\/strong><\/p>\n<h2>\n\t\t<a href=\"https:\/\/www.reseau-mesure.com\/de\/communication\/\" title=\"La Gazette du LABORATOIRE, professionelles Medium im Dienste der Akteure in der Welt des Labors und der Wissenschaft seit 1995\" target=\"_blank\" rel=\"noopener\">\n\t\tLa Gazette du LABORATOIRE, professionelles Medium im Dienste der Akteure in der Welt des Labors und der Wissenschaft seit 1995\n\t\t<\/a>\n\t<\/h2>\n\t\t\t\t<a href=\"https:\/\/www.reseau-mesure.com\/de\/communication\/\" target=\"_blank\" rel=\"noopener\" itemprop=\"url\">\n\t\t\t\t<img loading=\"lazy\" decoding=\"async\" src=\"https:\/\/www.reseau-mesure.com\/wp-content\/uploads\/2018\/01\/LOGO-la-gazette-du-labratoire.png\" alt=\"la Gazette du Laboratoire\" itemprop=\"image\" height=\"285\" width=\"871\" title=\"LOGO das Laborblatt\" onerror=\"this.style.display='none'\">\n\t\t\t\t<\/a>\n\t<p>&nbsp;<\/p>\n<p>&nbsp;<\/p>\n<p>La Gazette du LABORATOIRE, une \u00e9quipe \u00e0 taille humaine, \u00e0 votre \u00e9coute&nbsp;&#8211; pour toute question contactez Sandra par mail sandra.bouillard@gazettelabo.fr<\/p>\n<p>oder telefonisch unter +33(0)4 77 72 09 65<\/p>\n\t\t\t<a href=\"https:\/\/www.gazettelabo.fr\/gazette\/kitmedia.php\" target=\"_blank\" role=\"button\" rel=\"noopener\">\n\t\t\t\t\t\t\tFragen Sie nach dem Mediakit\n\t\t\t\t\t<\/a>\n\t<p>&nbsp;<\/p>\n<p>Das <strong>LABOR Gazette<\/strong> est un point de rencontre et d&rsquo;\u00e9change, accessible \u00e0 l&rsquo;ensemble des acteurs du monde du Laboratoire et des Sciences. &nbsp;Cr\u00e9\u00e9e par un scientifique pour les scientifiques, La Gazette du LABORATOIRE accompagne&nbsp;depuis 1995, la vie des laboratoires francophones de Recherche, D\u00e9veloppement, Analyse et Contr\u00f4le.<\/p>\n<p>Im zu entdecken <a href=\"https:\/\/www.gazettelabo.fr\/titres\/index.php\"><strong>l&rsquo;\u00e9dition France<\/strong><\/a>, l&rsquo;<a href=\"https:\/\/www.gazettelabo.fr\/titresAF\/index.php\"><strong>Ausgabe Afrika<\/strong><\/a>, und auf den Webseiten&nbsp; <a href=\"https:\/\/www.gazettelabo.fr\/index.php\"><strong>www.gazettelabo.fr<\/strong><\/a> und <a href=\"https:\/\/www.laboratoire.com\/\"><strong>www.LABOR.com<\/strong><\/a><\/p>\n&#8211; des&nbsp;articles&nbsp;et des&nbsp;contenus sp\u00e9cifiques<br>\n&#8211; des&nbsp;ressources&nbsp;pour votre travail au quotidien<br>\n&#8211; des conseils&nbsp;pratiques et techniques<br>\n&#8211; des&nbsp;t\u00e9moignages&nbsp;m\u00e9tiers, des formations, des&nbsp;annonces&nbsp;d&#8217;emploi<br>\n&#8211; des informations sur les&nbsp;\u00e9v\u00e9nements&nbsp;li\u00e9s au domaine du laboratoire et des sciences<br>\n&#8211;&nbsp;des&nbsp;outils&nbsp;pour communiquer sur votre actualit\u00e9, vos projets et augmenter votre notori\u00e9t\u00e9\n<p>&#8211; un moteur de recherche d\u00e9di\u00e9 aux services et mat\u00e9riels du domaine des laboratoires et des sciences<\/p>\n<h2>\n\t\t<a href=\"https:\/\/www.reseau-mesure.com\/wp-content\/uploads\/2022\/01\/APPEL-A-COMMUNICATIONS-ASTELAB-2022.pdf\" title=\"ASTELAB\u00ae 2022 Test- und Simulationstage\" target=\"_blank\" rel=\"noopener\">\n\t\tASTELAB\u00ae 2022 Test- und Simulationstage\n\t\t<\/a>\n\t<\/h2>\n\t<strong>\u00e0 EDF Lab (Palaiseau &#8211; 91), du 27 au 29 juin 2022<\/strong>\n<p><strong>Aufruf f\u00fcr Papiere<\/strong><\/p>\n<p>L&rsquo;ASTE \u00ab Association pour le d\u00e9veloppement des Sciences et Techniques de l&rsquo;Environnement \u00bb organise du 27 au 29 juin 2022 en partenariat avec EDF R&amp;D et NAFEMS et sur le site d&rsquo;EDF Lab \u00e0 Palaiseau (91) un colloque sur le th\u00e8me \u00ab Essais et Simulation \u00bb.<\/p>\n<p><strong>Themen des Symposiums: <\/strong><\/p>\n<p>Les th\u00e8mes principaux list\u00e9s ci-apr\u00e8s doivent \u00eatre en rapport avec la prise en compte de l&rsquo;environnement m\u00e9canique :<\/p>\n\u2022 Applications des nouvelles m\u00e9thodes issues de NF X 50-144-3 ; CEI 60068-2-64:2019 ; MIL STD 810 H&#8230;<br>\n\u2022 Kontaktlose Sensoren, multiphysikalische Sensoren, virtuelle Sensoren,<br>\n\u2022 Pr\u00e9paration d&rsquo;essais, traitement de donn\u00e9es, stockage de r\u00e9sultats, \u00e9changes de donn\u00e9es,<br>\n\u2022 Simulationen, \u201eSimulation Data Life Management\u201c, Multiphysik-Simulationen,<br>\n\u2022 Nouveaux moyens d&rsquo;essais, essais combin\u00e9s,<br>\n\u2022 Testrechnungsvergleich, Modellnachjustierung, Test-\/Berechnungsdialog.<br>\n\u2022 Virtuelles Testen,<br>\n\u2022 Mesures par cam\u00e9ra : st\u00e9r\u00e9o-corr\u00e9lation&#8230;<br>\n\u2022 Particularit\u00e9s des essais d&rsquo;environnement m\u00e9canique sur les batteries \u00e9lectriques (aspects \u00ab s\u00e9curit\u00e9 \u00bb sous-jacents, piles \u00e0 hydrog\u00e8ne\u2026),<br>\n\u2022 SHM (Structural Health Monitoring)<br>\n\u2022 Mesures 3D, analyses 3D, vibrations multi-axes (MIMO&#8230;).\n\t\t\t\t<a href=\"https:\/\/www.reseau-mesure.com\/wp-content\/uploads\/2022\/01\/APPEL-A-COMMUNICATIONS-ASTELAB-2022.pdf\" target=\"_blank\" rel=\"noopener\" itemprop=\"url\">\n\t\t\t\t<img loading=\"lazy\" decoding=\"async\" src=\"https:\/\/www.reseau-mesure.com\/wp-content\/uploads\/2022\/01\/photo-APPEL-A-COMMUNICATIONS-ASTELAB-2022.jpg\" alt=\"photo APPEL A COMMUNICATIONS ASTELAB 2022\" itemprop=\"image\" height=\"340\" width=\"654\" title=\"Foto CALL FOR PAPERS ASTELAB 2022\" onerror=\"this.style.display='none'\">\n\t\t\t\t<\/a>\n\t\t\t<a href=\"https:\/\/www.reseau-mesure.com\/wp-content\/uploads\/2022\/01\/APPEL-A-COMMUNICATIONS-ASTELAB-2022.pdf\" target=\"_blank\" role=\"button\" rel=\"noopener\">\n\t\t\t\t\t\t\tEinreichung und Zeitplan\n\t\t\t\t\t<\/a>\n\t<p>&nbsp;<\/p>\n<p>&nbsp;<\/p>\n<p>Un salon \u00e0 acc\u00e8s libre, r\u00e9unissant les fabricants de capteurs et de moyens d&rsquo;essais ainsi que les d\u00e9veloppeurs de solutions, est organis\u00e9 parall\u00e8lement au colloque.<\/p>\n<p>&nbsp;<\/p>\n\t\t\t<a href=\"https:\/\/www.reseau-mesure.com\/de\/evenements\/\" target=\"_self\" role=\"button\" rel=\"noopener\">\n\t\t\t\t\t\t\tDie komplette Agenda des Messnetzes\n\t\t\t\t\t<\/a>\n\t\t\t\t<a href=\"https:\/\/www.reseau-mesure.com\/de\/evenements\/\" target=\"_blank\" rel=\"noopener\" itemprop=\"url\">\n\t\t\t\t<img loading=\"lazy\" decoding=\"async\" src=\"https:\/\/www.reseau-mesure.com\/wp-content\/uploads\/2020\/08\/Plan-de-travail-3niveau.png\" alt=\"R\u00e9seau Mesure Express Actualites\" itemprop=\"image\" height=\"3665\" width=\"5520\" title=\"Express Measurement Network News\" onerror=\"this.style.display='none'\">\n\t\t\t\t<\/a>\n\t<h2><strong>Webinaire &#8211; 3 f\u00e9vrier 2022 \u00e0 11h<\/strong><\/h2>\n\t<p>&nbsp;<\/p>\n<h1>Infrastructures et r\u00e9seaux ferroviaires en Allemagne&nbsp;: vendre aux donneurs d&rsquo;ordres publics \/ priv\u00e9s<\/h1>\nDans un contexte d&rsquo;investissements massifs (86 Md\u20ac sur 10 ans) confirm\u00e9s sur 2021 et de renforcement de la politique de mobilit\u00e9 verte, l&rsquo;Allemagne confirme sa place de leader europ\u00e9en sur le march\u00e9 ferroviaire.<br>\nChancen f\u00fcr franz\u00f6sische Unternehmen, deren technisches Know-how anerkannt ist.\n<p>Participez \u00e0 notre webinaire pour d\u00e9couvrir le potentiel du march\u00e9 allemand&nbsp;!<\/p>\n<h4><a href=\"http:\/\/ftp.ccfa.de\/Infra_ferro_20220203_preview1.html\">Programme et&nbsp; Inscription<\/a><\/h4>\n\t<h2>R\u00e9seau Mesure Express: Neuigkeiten zum Aktionsplan des Vereins<\/h2>\n<h1>\n\t\tExpress Measurement Network 21. Januar 2022\n\t<\/h1>","protected":false},"excerpt":{"rendered":"<p>R\u00e9seau Mesure Express 21. Januar 2022 21.01.2022 Ein Netzwerk f\u00fcr seine Mitglieder, von seinen Mitgliedern R\u00e9seau Mesure Express 21. Januar 2022: Mitglieder k\u00f6nnen Neuigkeiten \u00fcber den Verein in R\u00e9seau Mesure Express finden. Markieren Sie Ihre Kalender f\u00fcr 2022! Ein neuer Mediaplan f\u00fcr 2022 The Measurement Network erm\u00f6glicht es Ihnen, von Vorzugspreisen zu profitieren\u2026<\/p>","protected":false},"author":720,"featured_media":0,"parent":0,"menu_order":0,"comment_status":"closed","ping_status":"closed","template":"","meta":{"_acf_changed":false,"footnotes":""},"class_list":["post-15848","page","type-page","status-publish","hentry"],"acf":[],"yoast_head":"<!-- This site is optimized with the Yoast SEO plugin v27.5 - https:\/\/yoast.com\/product\/yoast-seo-wordpress\/ -->\n<title>R\u00e9seau Mesure Express 21 janvier 2022 - R\u00e9seau Mesure<\/title>\n<meta name=\"description\" content=\"R\u00e9seau Mesure Express 21 janvier 2022. A vos agendas pour 2022 ! Plan m\u00e9dia, formation, w\u00e9binaires et grille de cotisation 2022\" \/>\n<meta name=\"robots\" content=\"index, follow, max-snippet:-1, max-image-preview:large, max-video-preview:-1\" \/>\n<link rel=\"canonical\" href=\"https:\/\/www.reseau-mesure.com\/de\/reseau-mesure-express-21-janvier-2022\/\" \/>\n<meta property=\"og:locale\" content=\"de_DE\" \/>\n<meta property=\"og:type\" content=\"article\" \/>\n<meta property=\"og:title\" content=\"R\u00e9seau Mesure Express 21 janvier 2022 - R\u00e9seau Mesure\" \/>\n<meta property=\"og:description\" content=\"R\u00e9seau Mesure Express 21 janvier 2022. A vos agendas pour 2022 ! Plan m\u00e9dia, formation, w\u00e9binaires et grille de cotisation 2022\" \/>\n<meta property=\"og:url\" content=\"https:\/\/www.reseau-mesure.com\/de\/reseau-mesure-express-21-janvier-2022\/\" \/>\n<meta property=\"og:site_name\" content=\"R\u00e9seau Mesure\" \/>\n<meta property=\"article:publisher\" content=\"https:\/\/www.facebook.com\/reseaumesure\/\" \/>\n<meta property=\"article:modified_time\" content=\"2022-02-08T13:38:32+00:00\" \/>\n<meta property=\"og:image\" content=\"https:\/\/www.reseau-mesure.com\/wp-content\/uploads\/2020\/07\/20ku.jpeg\" \/>\n<meta name=\"twitter:card\" content=\"summary_large_image\" \/>\n<meta name=\"twitter:site\" content=\"@ReseauMesure\" \/>\n<meta name=\"twitter:label1\" content=\"Gesch\u00e4tzte Lesezeit\" \/>\n\t<meta name=\"twitter:data1\" content=\"4\u00a0Minuten\" \/>\n<script type=\"application\/ld+json\" class=\"yoast-schema-graph\">{\"@context\":\"https:\\\/\\\/schema.org\",\"@graph\":[{\"@type\":\"WebPage\",\"@id\":\"https:\\\/\\\/www.reseau-mesure.com\\\/reseau-mesure-express-21-janvier-2022\\\/\",\"url\":\"https:\\\/\\\/www.reseau-mesure.com\\\/reseau-mesure-express-21-janvier-2022\\\/\",\"name\":\"R\u00e9seau Mesure Express 21 janvier 2022 - R\u00e9seau Mesure\",\"isPartOf\":{\"@id\":\"https:\\\/\\\/www.reseau-mesure.com\\\/#website\"},\"primaryImageOfPage\":{\"@id\":\"https:\\\/\\\/www.reseau-mesure.com\\\/reseau-mesure-express-21-janvier-2022\\\/#primaryimage\"},\"image\":{\"@id\":\"https:\\\/\\\/www.reseau-mesure.com\\\/reseau-mesure-express-21-janvier-2022\\\/#primaryimage\"},\"thumbnailUrl\":\"https:\\\/\\\/www.reseau-mesure.com\\\/wp-content\\\/uploads\\\/2020\\\/07\\\/20ku.jpeg\",\"datePublished\":\"2022-01-19T09:57:11+00:00\",\"dateModified\":\"2022-02-08T13:38:32+00:00\",\"description\":\"R\u00e9seau Mesure Express 21 janvier 2022. A vos agendas pour 2022 ! Plan m\u00e9dia, formation, w\u00e9binaires et grille de cotisation 2022\",\"breadcrumb\":{\"@id\":\"https:\\\/\\\/www.reseau-mesure.com\\\/reseau-mesure-express-21-janvier-2022\\\/#breadcrumb\"},\"inLanguage\":\"de\",\"potentialAction\":[{\"@type\":\"ReadAction\",\"target\":[\"https:\\\/\\\/www.reseau-mesure.com\\\/reseau-mesure-express-21-janvier-2022\\\/\"]}]},{\"@type\":\"ImageObject\",\"inLanguage\":\"de\",\"@id\":\"https:\\\/\\\/www.reseau-mesure.com\\\/reseau-mesure-express-21-janvier-2022\\\/#primaryimage\",\"url\":\"https:\\\/\\\/www.reseau-mesure.com\\\/wp-content\\\/uploads\\\/2020\\\/07\\\/20ku.jpeg\",\"contentUrl\":\"https:\\\/\\\/www.reseau-mesure.com\\\/wp-content\\\/uploads\\\/2020\\\/07\\\/20ku.jpeg\"},{\"@type\":\"BreadcrumbList\",\"@id\":\"https:\\\/\\\/www.reseau-mesure.com\\\/reseau-mesure-express-21-janvier-2022\\\/#breadcrumb\",\"itemListElement\":[{\"@type\":\"ListItem\",\"position\":1,\"name\":\"Accueil\",\"item\":\"https:\\\/\\\/www.reseau-mesure.com\\\/\"},{\"@type\":\"ListItem\",\"position\":2,\"name\":\"R\u00e9seau Mesure Express-20220121\"}]},{\"@type\":\"WebSite\",\"@id\":\"https:\\\/\\\/www.reseau-mesure.com\\\/#website\",\"url\":\"https:\\\/\\\/www.reseau-mesure.com\\\/\",\"name\":\"R\u00e9seau-Mesure\",\"description\":\"R\u00e9seau Mesure\",\"publisher\":{\"@id\":\"https:\\\/\\\/www.reseau-mesure.com\\\/#organization\"},\"potentialAction\":[{\"@type\":\"SearchAction\",\"target\":{\"@type\":\"EntryPoint\",\"urlTemplate\":\"https:\\\/\\\/www.reseau-mesure.com\\\/?s={search_term_string}\"},\"query-input\":{\"@type\":\"PropertyValueSpecification\",\"valueRequired\":true,\"valueName\":\"search_term_string\"}}],\"inLanguage\":\"de\"},{\"@type\":\"Organization\",\"@id\":\"https:\\\/\\\/www.reseau-mesure.com\\\/#organization\",\"name\":\"R\u00e9seau-Mesure\",\"url\":\"https:\\\/\\\/www.reseau-mesure.com\\\/\",\"logo\":{\"@type\":\"ImageObject\",\"inLanguage\":\"de\",\"@id\":\"https:\\\/\\\/www.reseau-mesure.com\\\/#\\\/schema\\\/logo\\\/image\\\/\",\"url\":\"https:\\\/\\\/www.reseau-mesure.com\\\/wp-content\\\/uploads\\\/2018\\\/02\\\/logo-max.png\",\"contentUrl\":\"https:\\\/\\\/www.reseau-mesure.com\\\/wp-content\\\/uploads\\\/2018\\\/02\\\/logo-max.png\",\"width\":545,\"height\":285,\"caption\":\"R\u00e9seau-Mesure\"},\"image\":{\"@id\":\"https:\\\/\\\/www.reseau-mesure.com\\\/#\\\/schema\\\/logo\\\/image\\\/\"},\"sameAs\":[\"https:\\\/\\\/www.facebook.com\\\/reseaumesure\\\/\",\"https:\\\/\\\/x.com\\\/ReseauMesure\",\"https:\\\/\\\/www.linkedin.com\\\/company\\\/reseau-mesure\\\/\"]}]}<\/script>\n<!-- \/ Yoast SEO plugin. -->","yoast_head_json":{"title":"R\u00e9seau Mesure Express 21 janvier 2022 - R\u00e9seau Mesure","description":"R\u00e9seau Mesure Express 21 janvier 2022. A vos agendas pour 2022 ! Plan m\u00e9dia, formation, w\u00e9binaires et grille de cotisation 2022","robots":{"index":"index","follow":"follow","max-snippet":"max-snippet:-1","max-image-preview":"max-image-preview:large","max-video-preview":"max-video-preview:-1"},"canonical":"https:\/\/www.reseau-mesure.com\/de\/reseau-mesure-express-21-janvier-2022\/","og_locale":"de_DE","og_type":"article","og_title":"R\u00e9seau Mesure Express 21 janvier 2022 - R\u00e9seau Mesure","og_description":"R\u00e9seau Mesure Express 21 janvier 2022. A vos agendas pour 2022 ! Plan m\u00e9dia, formation, w\u00e9binaires et grille de cotisation 2022","og_url":"https:\/\/www.reseau-mesure.com\/de\/reseau-mesure-express-21-janvier-2022\/","og_site_name":"R\u00e9seau Mesure","article_publisher":"https:\/\/www.facebook.com\/reseaumesure\/","article_modified_time":"2022-02-08T13:38:32+00:00","og_image":[{"url":"https:\/\/www.reseau-mesure.com\/wp-content\/uploads\/2020\/07\/20ku.jpeg","type":"","width":"","height":""}],"twitter_card":"summary_large_image","twitter_site":"@ReseauMesure","twitter_misc":{"Gesch\u00e4tzte Lesezeit":"4\u00a0Minuten"},"schema":{"@context":"https:\/\/schema.org","@graph":[{"@type":"WebPage","@id":"https:\/\/www.reseau-mesure.com\/reseau-mesure-express-21-janvier-2022\/","url":"https:\/\/www.reseau-mesure.com\/reseau-mesure-express-21-janvier-2022\/","name":"R\u00e9seau Mesure Express 21 janvier 2022 - R\u00e9seau Mesure","isPartOf":{"@id":"https:\/\/www.reseau-mesure.com\/#website"},"primaryImageOfPage":{"@id":"https:\/\/www.reseau-mesure.com\/reseau-mesure-express-21-janvier-2022\/#primaryimage"},"image":{"@id":"https:\/\/www.reseau-mesure.com\/reseau-mesure-express-21-janvier-2022\/#primaryimage"},"thumbnailUrl":"https:\/\/www.reseau-mesure.com\/wp-content\/uploads\/2020\/07\/20ku.jpeg","datePublished":"2022-01-19T09:57:11+00:00","dateModified":"2022-02-08T13:38:32+00:00","description":"R\u00e9seau Mesure Express 21 janvier 2022. A vos agendas pour 2022 ! Plan m\u00e9dia, formation, w\u00e9binaires et grille de cotisation 2022","breadcrumb":{"@id":"https:\/\/www.reseau-mesure.com\/reseau-mesure-express-21-janvier-2022\/#breadcrumb"},"inLanguage":"de","potentialAction":[{"@type":"ReadAction","target":["https:\/\/www.reseau-mesure.com\/reseau-mesure-express-21-janvier-2022\/"]}]},{"@type":"ImageObject","inLanguage":"de","@id":"https:\/\/www.reseau-mesure.com\/reseau-mesure-express-21-janvier-2022\/#primaryimage","url":"https:\/\/www.reseau-mesure.com\/wp-content\/uploads\/2020\/07\/20ku.jpeg","contentUrl":"https:\/\/www.reseau-mesure.com\/wp-content\/uploads\/2020\/07\/20ku.jpeg"},{"@type":"BreadcrumbList","@id":"https:\/\/www.reseau-mesure.com\/reseau-mesure-express-21-janvier-2022\/#breadcrumb","itemListElement":[{"@type":"ListItem","position":1,"name":"Accueil","item":"https:\/\/www.reseau-mesure.com\/"},{"@type":"ListItem","position":2,"name":"R\u00e9seau Mesure Express-20220121"}]},{"@type":"WebSite","@id":"https:\/\/www.reseau-mesure.com\/#website","url":"https:\/\/www.reseau-mesure.com\/","name":"Netzwerk-Messung","description":"Netzwerkma\u00dfnahme","publisher":{"@id":"https:\/\/www.reseau-mesure.com\/#organization"},"potentialAction":[{"@type":"SearchAction","target":{"@type":"EntryPoint","urlTemplate":"https:\/\/www.reseau-mesure.com\/?s={search_term_string}"},"query-input":{"@type":"PropertyValueSpecification","valueRequired":true,"valueName":"search_term_string"}}],"inLanguage":"de"},{"@type":"Organization","@id":"https:\/\/www.reseau-mesure.com\/#organization","name":"Netzwerk-Messung","url":"https:\/\/www.reseau-mesure.com\/","logo":{"@type":"ImageObject","inLanguage":"de","@id":"https:\/\/www.reseau-mesure.com\/#\/schema\/logo\/image\/","url":"https:\/\/www.reseau-mesure.com\/wp-content\/uploads\/2018\/02\/logo-max.png","contentUrl":"https:\/\/www.reseau-mesure.com\/wp-content\/uploads\/2018\/02\/logo-max.png","width":545,"height":285,"caption":"R\u00e9seau-Mesure"},"image":{"@id":"https:\/\/www.reseau-mesure.com\/#\/schema\/logo\/image\/"},"sameAs":["https:\/\/www.facebook.com\/reseaumesure\/","https:\/\/x.com\/ReseauMesure","https:\/\/www.linkedin.com\/company\/reseau-mesure\/"]}]}},"_links":{"self":[{"href":"https:\/\/www.reseau-mesure.com\/de\/wp-json\/wp\/v2\/pages\/15848","targetHints":{"allow":["GET"]}}],"collection":[{"href":"https:\/\/www.reseau-mesure.com\/de\/wp-json\/wp\/v2\/pages"}],"about":[{"href":"https:\/\/www.reseau-mesure.com\/de\/wp-json\/wp\/v2\/types\/page"}],"author":[{"embeddable":true,"href":"https:\/\/www.reseau-mesure.com\/de\/wp-json\/wp\/v2\/users\/720"}],"replies":[{"embeddable":true,"href":"https:\/\/www.reseau-mesure.com\/de\/wp-json\/wp\/v2\/comments?post=15848"}],"version-history":[{"count":0,"href":"https:\/\/www.reseau-mesure.com\/de\/wp-json\/wp\/v2\/pages\/15848\/revisions"}],"wp:attachment":[{"href":"https:\/\/www.reseau-mesure.com\/de\/wp-json\/wp\/v2\/media?parent=15848"}],"curies":[{"name":"wp","href":"https:\/\/api.w.org\/{rel}","templated":true}]}}