{"id":16065,"date":"2022-02-07T12:25:00","date_gmt":"2022-02-07T11:25:00","guid":{"rendered":"https:\/\/www.reseau-mesure.com\/?page_id=16065"},"modified":"2022-02-08T14:39:09","modified_gmt":"2022-02-08T13:39:09","slug":"reseau-mesure-express-10-fevrier-2022","status":"publish","type":"page","link":"https:\/\/www.reseau-mesure.com\/de\/reseau-mesure-express-10-fevrier-2022\/","title":{"rendered":"Network Measurement Express-20220210"},"content":{"rendered":"<img loading=\"lazy\" decoding=\"async\" src=\"https:\/\/www.reseau-mesure.com\/wp-content\/uploads\/2020\/07\/20ku.jpeg\" alt=\"R\u00e9seau Mesure Express\" itemprop=\"image\" height=\"300\" width=\"970\" title=\"Express Measurement Network Header\" onerror=\"this.style.display='none'\">\n<h1>\n\t\tExpress Measurement Network 10. Februar 2022\n\t<\/h1>\n<h2>\n\t\t<a href=\"https:\/\/www.reseau-mesure.com\/de\/le-reseau-mesure-2\/\" title=\"10.02.2022\" target=\"_blank\" rel=\"noopener\">\n\t\t10.02.2022\n\t\t<\/a>\n\t<\/h2>\n\t<h3><strong>Ein Netzwerk f\u00fcr seine Mitglieder durch seine Mitglieder<\/strong><\/h3>\n\t<p>R\u00e9seau Mesure Express 10 f\u00e9vrier 2022 : les adh\u00e9rents peuvent retrouver l&rsquo;actualit\u00e9 de l&rsquo;association dans R\u00e9seau Mesure Express.<\/p>\n<p>Ausstellungen zum Messen im Jahr 2022.<\/p>\n<h2>\n\t\t<a href=\"https:\/\/www.reseau-mesure.com\/wp-content\/uploads\/2021\/06\/PLAN-MEDIA-2022-RESEAU-MESURE.pdf\" title=\"Ein erweiterter Fr\u00fchbuchertarif f\u00fcr Mitglieder des Messnetzwerks\" target=\"_blank\" rel=\"noopener\">\n\t\tEin erweiterter Fr\u00fchbuchertarif f\u00fcr Mitglieder des Messnetzwerks\n\t\t<\/a>\n\t<\/h2>\n\t<h2>Global Industrie entwickelt sein Messuniversum durch die Integration von Measurement World 2022<\/h2>\n\t<p>&nbsp;<\/p>\n<h2>Vom 17. bis 20. Mai 2022, Paris Nord-Villepinte<\/h2>\n<p>2022, <strong>Messwelt<\/strong>, rendez-vous international des acteurs de la mesure (analyse \/ contr\u00f4le \/optique \/ process \/ vision), vient renforcer l&rsquo;univers de la mesure historiquement pr\u00e9sent sur <a href=\"https:\/\/global-industrie.com\/fr\">Globale Industrie<\/a>. Zus\u00e4tzlich zu diesem spezialisierten Angebot werden exklusive Inhalte angeboten, die <a href=\"https:\/\/www.gasanalysisevent.com\/\">Internationales GAS Analysis Symposium 2022.<\/a><\/p>\n<p><strong>Ein Marktumfeld, das neue Chancen schafft<\/strong><\/p>\n<p>2022, <strong>Measurement World s&rsquo;imbrique enti\u00e8rement dans Global Industrie \u00e0 Paris<\/strong>. Cet univers \u00e9largi r\u00e9unit utilisateurs industriels, experts, universitaires, fabricants, prestataires, laboratoires internationaux et institutionnels , et valorise les savoir-faire technologiques fran\u00e7ais et europ\u00e9ens en particulier ceux li\u00e9s \u00e0 l&rsquo;instrumentation, \u00e0 la m\u00e9trologie et \u00e0 l&rsquo;analyse. \u00c9galement tremplin de lancement des innovations et outil de veille, c&rsquo;est une occasion unique de voir, toucher et comprendre l&rsquo;\u00e9tendue des solutions technologiques et tous les apports de la mesure (contr\u00f4le, optimisation, productivit\u00e9, qualit\u00e9, fiabilit\u00e9, valorisation des donn\u00e9es&#8230;), \u00e0 destination de tous les secteurs industriels.<\/p>\n<p><strong>Place d&rsquo;\u00e9changes et de rencontres entre l&rsquo;industrie et la recherche.<\/strong><\/p>\nF\u00fcr diese Ausgabe ist die <strong>CFM (French College of Metrology) organisiert das Internationale Symposium GAS Analysis 2022<\/strong>, auquel assisteront 300 participants, issus des laboratoires de recherche en m\u00e9trologie et des utilisateurs grands comptes du secteur de l&rsquo;analyse des gaz.<br>\nPer\u00e7u comme le meilleur forum d&rsquo;\u00e9change sur les derni\u00e8res avanc\u00e9es de pointe et applications dans l&rsquo;industrie, GAS Analysis attire experts, d\u00e9cideurs r\u00e8glementaires, responsables techniques,<br>\nlaboratoires de recherche, fabricants et utilisateurs industriels. Le symposium sera orchestr\u00e9 sous 3 axes d&rsquo;applications principaux : Environnement, \u00c9nergie\/BioGaz et Sant\u00e9.<br>\nDas Programm besteht aus Konferenzen, Tutorials, einem Ausstellungsbereich innerhalb der Messe und Social-Networking-Veranstaltungen und wird eine Bestandsaufnahme der neuesten Fortschritte in den Bereichen Gasmetrologie, Energiewende, industrielle Innovation und Luftqualit\u00e4t machen.<br>\nParallel dazu wird w\u00e4hrend 4 Tagen ein Programm von technischen Konferenzen mit freiem Zugang von EMVA (European Machine Vision Association), dem LCIE BUREAU VERITAS und dem CFM (Franz\u00f6sische Hochschule f\u00fcr Metrologie) animiert.\n<p>&nbsp;<\/p>\n<p>&nbsp;<\/p>\n\t\t\t\t<a href=\"https:\/\/www.reseau-mesure.com\/de\/measurement-world-2022\/\" target=\"_blank\" rel=\"noopener\" itemprop=\"url\">\n\t\t\t\t<img loading=\"lazy\" decoding=\"async\" src=\"https:\/\/www.reseau-mesure.com\/wp-content\/uploads\/2022\/02\/photo-du-dossier-inscription-209x300.png\" alt=\"Measurement World - Global Industrie\" itemprop=\"image\" height=\"300\" width=\"209\" title=\"Measurement World - Globale Industrie\" onerror=\"this.style.display='none'\">\n\t\t\t\t<\/a>\n\t\t\t<a href=\"https:\/\/www.reseau-mesure.com\/wp-content\/uploads\/2022\/02\/DOSSIER-INSCRIPTION-MW-ADHTS-RM-2022.pdf\" target=\"_blank\" role=\"button\" rel=\"noopener\">\n\t\t\t\t\t\t\tT\u00e9l\u00e9chargez le dossier d&rsquo;inscription\n\t\t\t\t\t<\/a>\n\t<p>&nbsp;<\/p>\n<p><strong>Les adh\u00e9rents du R\u00e9seau Mesure b\u00e9n\u00e9ficient d&rsquo;un tarif early bird (-6%) jusqu&rsquo;au 31 mars 2022 pour toute inscription sur Measurement World 2022 au sein de Global Industrie.<\/strong><\/p>\n<h2>\n\t\t<a href=\"https:\/\/mesures-solutions-expo.fr\/\" title=\"Sie haben Ihren Platz auf der Mesures Solutions EXPO 2022 noch nicht reserviert?\" target=\"_blank\" rel=\"noopener\">\n\t\tVous n&rsquo;avez pas encore r\u00e9serv\u00e9 votre emplacement sur Mesures Solutions EXPO 2022 ?\n\t\t<\/a>\n\t<\/h2>\n\t\t\t\t<a href=\"https:\/\/mesures-solutions-expo.fr\/\" target=\"_blank\" rel=\"noopener\" itemprop=\"url\">\n\t\t\t\t<img loading=\"lazy\" decoding=\"async\" src=\"https:\/\/www.reseau-mesure.com\/wp-content\/uploads\/2021\/10\/logo-mse-2022-v.cso_.jpg\" alt=\"Mesures Solutions EXPO 2022\" itemprop=\"image\" height=\"563\" width=\"1046\" title=\"mse 2022-Logo\" onerror=\"this.style.display='none'\">\n\t\t\t\t<\/a>\n\t<p>&nbsp;<\/p>\n<p>&nbsp;<\/p>\n<p><strong>Letzte St\u00e4nde verf\u00fcgbar\u2026. <\/strong><strong>W\u00e4hle deinen Standort<\/strong><\/p>\n\t\t\t<a href=\"https:\/\/mesures-solutions-expo.fr\/inscription\/\" target=\"_blank\" role=\"button\" rel=\"noopener\">\n\t\t\t\t\t\t\tAnmeldungen\n\t\t\t\t\t<\/a>\n\t<p>&nbsp;<\/p>\n<p>&nbsp;<\/p>\n<p>Bringen Sie alle Akteure der betroffenen technischen Prozesse zusammen <strong>gute industrielle Messpraktiken<\/strong>, de l&rsquo;ing\u00e9nieur au technicien, de la qualit\u00e9 au process, en passant par le contr\u00f4le et la maintenance, tel est le leitmotiv du R\u00e9seau Mesure pour cette nouvelle \u00e9dition lyonnaise, et tout sera mis en \u0153uvre pour faire de cette troisi\u00e8me \u00e9dition un large succ\u00e8s&nbsp;:<\/p>\n<ul>\n<li><strong>Effektive Pressearbeit, informierte Journalisten!<\/strong><\/li>\n<li><strong>Eine gezielte und intensive Kommunikationskampagne.<\/strong><\/li>\n<li><strong>Zahlreiche Direkt-, Print- und Online-Marketing-Aktionen.<\/strong><\/li>\n<li><strong>Eine starke und st\u00e4ndig erneuerte Webpr\u00e4senz<\/strong><strong>.<\/strong><\/li>\n<li><strong>Konferenzen und Aussteller-Workshops w\u00e4hrend der 2 Tage. <\/strong><\/li>\n<li><strong>Besucherdatei vorhanden.<\/strong><\/li>\n<li><strong>Beispiellose Freundlichkeit, verw\u00f6hnte Besucher.<\/strong><\/li>\n<li><strong>Ein Ausstellerkatalog, der als Vorschau in der Fachpresse verteilt wird.<\/strong><\/li>\n<\/ul>\n<p>&nbsp;<\/p>\n<strong>&nbsp;<\/strong><strong>Profitieren Sie von den Aktionen von<\/strong> <strong>EXPO2022 L\u00f6sungen Ma\u00dfnahmen<br>\npour d\u00e9velopper vos partenariats commerciaux&nbsp;!<\/strong>\n<h2>\n\t\t<a href=\"https:\/\/www.reseau-mesure.com\/de\/la-formation-2022\/\" title=\"Einf\u00fchrungstraining zu k\u00fcnstlicher Intelligenz\" target=\"_blank\" rel=\"noopener\">\n\t\tEinf\u00fchrungstraining zu k\u00fcnstlicher Intelligenz\n\t\t<\/a>\n\t<\/h2>\n\t<p><b>Das Training zu K\u00fcnstlicher Intelligenz zielt darauf ab, Messakteuren zu erm\u00f6glichen, von einem ersten Wissensstand zu profitieren, der erforderlich ist, um sich Werkzeugen und Konzepten eingehender zu n\u00e4hern.<\/b><\/p>\n<p>Das vorgeschlagene Programm:<\/p>\n<ul>\n<li>\n<ul>\n<li>\n<ul>\n<li>\n<ul>\n<li>Die Geschichte von KI und Data Science.<\/li>\n<li>KI und Data Science: Unterschiede und Synergien.<\/li>\n<li>Die Grundkonzepte der KI und warum dar\u00fcber heute so viel geredet wird.<\/li>\n<li>M\u00f6gliche Anwendungen im Bereich Wirtschaft und Messtechnik (Veranschaulichung durch Beispiele).<\/li>\n<li>Die Vorteile\/Nachteile\/Einschr\u00e4nkungen der Verwendung von KI.<\/li>\n<li>Die Akteure und ein kurzer \u00dcberblick \u00fcber die Tools.<\/li>\n<\/ul>\n<\/li>\n<\/ul>\n<\/li>\n<\/ul>\n<\/li>\n<\/ul>\n<p>Die Schulung wird von Herrn Rosa, Partner des Messnetzwerks und KI-Experte mit Spezialisierung auf Messen und Pr\u00fcfen, durchgef\u00fchrt.<\/p>\n<p><b>R\u00e9seau Mesure ist ein Qualiopi-zertifiziertes Schulungszentrum, das Unterst\u00fctzung durch Ihr OPCO erm\u00f6glicht.<\/b><\/p>\n<p><strong>Anzahl der Auszubildenden pro Sitzung:<\/strong>&nbsp; Mini 4 Pers. \/ max. 6 Pers.<\/p>\n<p><strong>N\u00e4chste Sitzung&nbsp;<\/strong>:&nbsp;<strong>Dienstag, 15. Februar 2022 - remote - 2 Pl\u00e4tze frei<\/strong><\/p>\n\t\t\t\t<a href=\"https:\/\/www.reseau-mesure.com\/de\/formation-lintelligence-artificielle\/\" target=\"_blank\" rel=\"noopener\" itemprop=\"url\">\n\t\t\t\t<img loading=\"lazy\" decoding=\"async\" src=\"https:\/\/www.reseau-mesure.com\/wp-content\/uploads\/2021\/11\/artificial-intelligence-g5c06de65c_1920-300x200.jpg\" alt=\"formation intelligence artificielle\" itemprop=\"image\" height=\"200\" width=\"300\" title=\"k\u00fcnstliche-intelligenz-g5c06de65c_1920\" onerror=\"this.style.display='none'\">\n\t\t\t\t<\/a>\n\t\t\t<a href=\"mailto:confray@reseau-mesure.com\" target=\"_blank\" role=\"button\" rel=\"noopener\">\n\t\t\t\t\t\t\tAnmeldungen\n\t\t\t\t\t<\/a>\n\t<p>&nbsp;<\/p>\n<p>&nbsp;<\/p>\n<p><b>Das i<\/b><b>Intelligenz<\/b><b>&nbsp;Artificielle &#8211;&nbsp;(module 1) initiation&nbsp;<\/b><\/p>\n<p>&nbsp;<\/p>\n\t\t\t<a href=\"https:\/\/www.reseau-mesure.com\/de\/evenements\/\" target=\"_self\" role=\"button\" rel=\"noopener\">\n\t\t\t\t\t\t\tDie komplette Agenda des Messnetzes\n\t\t\t\t\t<\/a>\n\t\t\t\t<a href=\"https:\/\/www.reseau-mesure.com\/de\/evenements\/\" target=\"_blank\" rel=\"noopener\" itemprop=\"url\">\n\t\t\t\t<img loading=\"lazy\" decoding=\"async\" src=\"https:\/\/www.reseau-mesure.com\/wp-content\/uploads\/2020\/08\/Plan-de-travail-3niveau.png\" alt=\"R\u00e9seau Mesure Express Actualites\" itemprop=\"image\" height=\"3665\" width=\"5520\" title=\"Express Measurement Network News\" onerror=\"this.style.display='none'\">\n\t\t\t\t<\/a>\n\t<h2><strong>Kommunikation f\u00fcr Mitglieder<\/strong><\/h2>\n\t<p>&nbsp;<\/p>\n<h1>Verwenden Sie die Website des Measurement Network, um Ihre SEO zu verbessern<\/h1>\n<ul>\n<li>N&rsquo;h\u00e9sitez pas \u00e0 nous transmettre <strong>deine Neuigkeiten<\/strong>, wir werden es weitergeben <strong>auf der <a href=\"https:\/\/www.reseau-mesure.com\/de\/\">erste Seite der Website des Messnetzes<\/a> und auf L<a href=\"https:\/\/www.linkedin.com\/company\/reseau-mesure\/\">eingef\u00e4rbt<\/a>.<\/strong><\/li>\n<li>Denken Sie daran, Ihre zu setzen<strong> <a href=\"https:\/\/www.reseau-mesure.com\/de\/annuaire\/\">Verzeichnisblatt<\/a><\/strong> \u00e0 jour, l&rsquo;annuaire est l&rsquo;espace le plus consult\u00e9 sur le site du R\u00e9seau Mesure.<\/li>\n<li>M\u00f6chten Sie wissen, dass Sie Mitglied des Messnetzwerks sind? Verwenden Sie die<strong><a href=\"https:\/\/www.reseau-mesure.com\/wp-content\/uploads\/2022\/02\/LOGIadherents2.jpg\"> eigenes Logo<\/a> in Ihrer Kommunikation oder auf Ihrer Website<\/strong> !<\/li>\n<\/ul>\n\t<h2>R\u00e9seau Mesure Express: Neuigkeiten zum Aktionsplan des Vereins<\/h2>\n<h1>\n\t\t<a href=\"https:\/\/www.reseau-mesure.com\/de\/\" title=\"Express Measurement Network 10. Februar 2022\" target=\"_blank\" rel=\"noopener\">\n\t\tExpress Measurement Network 10. Februar 2022\n\t\t<\/a>\n\t<\/h1>","protected":false},"excerpt":{"rendered":"<p>R\u00e9seau Mesure Express 10. Februar 2022 10.02.2022 Ein Netzwerk f\u00fcr seine Mitglieder, von seinen Mitgliedern R\u00e9seau Mesure Express 10. Februar 2022: Mitglieder finden die Neuigkeiten des Vereins in R\u00e9seau Mesure Express. Ausstellungen zum Thema Messen im Jahr 2022. Ein erweiterter Fr\u00fchbuchertarif f\u00fcr Mitglieder des R\u00e9seau Mesure Global Industrie entwickelt sich\u2026<\/p>","protected":false},"author":720,"featured_media":0,"parent":0,"menu_order":0,"comment_status":"closed","ping_status":"closed","template":"","meta":{"_acf_changed":false,"footnotes":""},"class_list":["post-16065","page","type-page","status-publish","hentry"],"acf":[],"yoast_head":"<!-- This site is optimized with the Yoast SEO plugin v27.5 - https:\/\/yoast.com\/product\/yoast-seo-wordpress\/ -->\n<title>R\u00e9seau Mesure Express 10 f\u00e9vrier 2022 - R\u00e9seau Mesure<\/title>\n<meta name=\"description\" content=\"R\u00e9seau Mesure Express 10 f\u00e9vrier 2022. A vos agendas pour 2022 ! Les salons d\u00e9di\u00e9s \u00e0 la mesure sont programm\u00e9s.\" \/>\n<meta name=\"robots\" content=\"index, follow, max-snippet:-1, max-image-preview:large, max-video-preview:-1\" \/>\n<link rel=\"canonical\" href=\"https:\/\/www.reseau-mesure.com\/de\/reseau-mesure-express-10-fevrier-2022\/\" \/>\n<meta property=\"og:locale\" content=\"de_DE\" \/>\n<meta property=\"og:type\" content=\"article\" \/>\n<meta property=\"og:title\" content=\"R\u00e9seau Mesure Express 10 f\u00e9vrier 2022 - R\u00e9seau Mesure\" \/>\n<meta property=\"og:description\" content=\"R\u00e9seau Mesure Express 10 f\u00e9vrier 2022. A vos agendas pour 2022 ! Les salons d\u00e9di\u00e9s \u00e0 la mesure sont programm\u00e9s.\" \/>\n<meta property=\"og:url\" content=\"https:\/\/www.reseau-mesure.com\/de\/reseau-mesure-express-10-fevrier-2022\/\" \/>\n<meta property=\"og:site_name\" content=\"R\u00e9seau Mesure\" \/>\n<meta property=\"article:publisher\" content=\"https:\/\/www.facebook.com\/reseaumesure\/\" \/>\n<meta property=\"article:modified_time\" content=\"2022-02-08T13:39:09+00:00\" \/>\n<meta property=\"og:image\" content=\"https:\/\/www.reseau-mesure.com\/wp-content\/uploads\/2020\/07\/20ku.jpeg\" \/>\n<meta name=\"twitter:card\" content=\"summary_large_image\" \/>\n<meta name=\"twitter:site\" content=\"@ReseauMesure\" \/>\n<meta name=\"twitter:label1\" content=\"Gesch\u00e4tzte Lesezeit\" \/>\n\t<meta name=\"twitter:data1\" content=\"5\u00a0Minuten\" \/>\n<script type=\"application\/ld+json\" class=\"yoast-schema-graph\">{\"@context\":\"https:\\\/\\\/schema.org\",\"@graph\":[{\"@type\":\"WebPage\",\"@id\":\"https:\\\/\\\/www.reseau-mesure.com\\\/reseau-mesure-express-10-fevrier-2022\\\/\",\"url\":\"https:\\\/\\\/www.reseau-mesure.com\\\/reseau-mesure-express-10-fevrier-2022\\\/\",\"name\":\"R\u00e9seau Mesure Express 10 f\u00e9vrier 2022 - R\u00e9seau Mesure\",\"isPartOf\":{\"@id\":\"https:\\\/\\\/www.reseau-mesure.com\\\/#website\"},\"primaryImageOfPage\":{\"@id\":\"https:\\\/\\\/www.reseau-mesure.com\\\/reseau-mesure-express-10-fevrier-2022\\\/#primaryimage\"},\"image\":{\"@id\":\"https:\\\/\\\/www.reseau-mesure.com\\\/reseau-mesure-express-10-fevrier-2022\\\/#primaryimage\"},\"thumbnailUrl\":\"https:\\\/\\\/www.reseau-mesure.com\\\/wp-content\\\/uploads\\\/2020\\\/07\\\/20ku.jpeg\",\"datePublished\":\"2022-02-07T11:25:00+00:00\",\"dateModified\":\"2022-02-08T13:39:09+00:00\",\"description\":\"R\u00e9seau Mesure Express 10 f\u00e9vrier 2022. A vos agendas pour 2022 ! Les salons d\u00e9di\u00e9s \u00e0 la mesure sont programm\u00e9s.\",\"breadcrumb\":{\"@id\":\"https:\\\/\\\/www.reseau-mesure.com\\\/reseau-mesure-express-10-fevrier-2022\\\/#breadcrumb\"},\"inLanguage\":\"de\",\"potentialAction\":[{\"@type\":\"ReadAction\",\"target\":[\"https:\\\/\\\/www.reseau-mesure.com\\\/reseau-mesure-express-10-fevrier-2022\\\/\"]}]},{\"@type\":\"ImageObject\",\"inLanguage\":\"de\",\"@id\":\"https:\\\/\\\/www.reseau-mesure.com\\\/reseau-mesure-express-10-fevrier-2022\\\/#primaryimage\",\"url\":\"https:\\\/\\\/www.reseau-mesure.com\\\/wp-content\\\/uploads\\\/2020\\\/07\\\/20ku.jpeg\",\"contentUrl\":\"https:\\\/\\\/www.reseau-mesure.com\\\/wp-content\\\/uploads\\\/2020\\\/07\\\/20ku.jpeg\"},{\"@type\":\"BreadcrumbList\",\"@id\":\"https:\\\/\\\/www.reseau-mesure.com\\\/reseau-mesure-express-10-fevrier-2022\\\/#breadcrumb\",\"itemListElement\":[{\"@type\":\"ListItem\",\"position\":1,\"name\":\"Accueil\",\"item\":\"https:\\\/\\\/www.reseau-mesure.com\\\/\"},{\"@type\":\"ListItem\",\"position\":2,\"name\":\"R\u00e9seau Mesure Express-20220210\"}]},{\"@type\":\"WebSite\",\"@id\":\"https:\\\/\\\/www.reseau-mesure.com\\\/#website\",\"url\":\"https:\\\/\\\/www.reseau-mesure.com\\\/\",\"name\":\"R\u00e9seau-Mesure\",\"description\":\"R\u00e9seau Mesure\",\"publisher\":{\"@id\":\"https:\\\/\\\/www.reseau-mesure.com\\\/#organization\"},\"potentialAction\":[{\"@type\":\"SearchAction\",\"target\":{\"@type\":\"EntryPoint\",\"urlTemplate\":\"https:\\\/\\\/www.reseau-mesure.com\\\/?s={search_term_string}\"},\"query-input\":{\"@type\":\"PropertyValueSpecification\",\"valueRequired\":true,\"valueName\":\"search_term_string\"}}],\"inLanguage\":\"de\"},{\"@type\":\"Organization\",\"@id\":\"https:\\\/\\\/www.reseau-mesure.com\\\/#organization\",\"name\":\"R\u00e9seau-Mesure\",\"url\":\"https:\\\/\\\/www.reseau-mesure.com\\\/\",\"logo\":{\"@type\":\"ImageObject\",\"inLanguage\":\"de\",\"@id\":\"https:\\\/\\\/www.reseau-mesure.com\\\/#\\\/schema\\\/logo\\\/image\\\/\",\"url\":\"https:\\\/\\\/www.reseau-mesure.com\\\/wp-content\\\/uploads\\\/2018\\\/02\\\/logo-max.png\",\"contentUrl\":\"https:\\\/\\\/www.reseau-mesure.com\\\/wp-content\\\/uploads\\\/2018\\\/02\\\/logo-max.png\",\"width\":545,\"height\":285,\"caption\":\"R\u00e9seau-Mesure\"},\"image\":{\"@id\":\"https:\\\/\\\/www.reseau-mesure.com\\\/#\\\/schema\\\/logo\\\/image\\\/\"},\"sameAs\":[\"https:\\\/\\\/www.facebook.com\\\/reseaumesure\\\/\",\"https:\\\/\\\/x.com\\\/ReseauMesure\",\"https:\\\/\\\/www.linkedin.com\\\/company\\\/reseau-mesure\\\/\"]}]}<\/script>\n<!-- \/ Yoast SEO plugin. -->","yoast_head_json":{"title":"R\u00e9seau Mesure Express 10 f\u00e9vrier 2022 - R\u00e9seau Mesure","description":"R\u00e9seau Mesure Express 10 f\u00e9vrier 2022. A vos agendas pour 2022 ! Les salons d\u00e9di\u00e9s \u00e0 la mesure sont programm\u00e9s.","robots":{"index":"index","follow":"follow","max-snippet":"max-snippet:-1","max-image-preview":"max-image-preview:large","max-video-preview":"max-video-preview:-1"},"canonical":"https:\/\/www.reseau-mesure.com\/de\/reseau-mesure-express-10-fevrier-2022\/","og_locale":"de_DE","og_type":"article","og_title":"R\u00e9seau Mesure Express 10 f\u00e9vrier 2022 - R\u00e9seau Mesure","og_description":"R\u00e9seau Mesure Express 10 f\u00e9vrier 2022. A vos agendas pour 2022 ! Les salons d\u00e9di\u00e9s \u00e0 la mesure sont programm\u00e9s.","og_url":"https:\/\/www.reseau-mesure.com\/de\/reseau-mesure-express-10-fevrier-2022\/","og_site_name":"R\u00e9seau Mesure","article_publisher":"https:\/\/www.facebook.com\/reseaumesure\/","article_modified_time":"2022-02-08T13:39:09+00:00","og_image":[{"url":"https:\/\/www.reseau-mesure.com\/wp-content\/uploads\/2020\/07\/20ku.jpeg","type":"","width":"","height":""}],"twitter_card":"summary_large_image","twitter_site":"@ReseauMesure","twitter_misc":{"Gesch\u00e4tzte Lesezeit":"5\u00a0Minuten"},"schema":{"@context":"https:\/\/schema.org","@graph":[{"@type":"WebPage","@id":"https:\/\/www.reseau-mesure.com\/reseau-mesure-express-10-fevrier-2022\/","url":"https:\/\/www.reseau-mesure.com\/reseau-mesure-express-10-fevrier-2022\/","name":"R\u00e9seau Mesure Express 10 f\u00e9vrier 2022 - R\u00e9seau Mesure","isPartOf":{"@id":"https:\/\/www.reseau-mesure.com\/#website"},"primaryImageOfPage":{"@id":"https:\/\/www.reseau-mesure.com\/reseau-mesure-express-10-fevrier-2022\/#primaryimage"},"image":{"@id":"https:\/\/www.reseau-mesure.com\/reseau-mesure-express-10-fevrier-2022\/#primaryimage"},"thumbnailUrl":"https:\/\/www.reseau-mesure.com\/wp-content\/uploads\/2020\/07\/20ku.jpeg","datePublished":"2022-02-07T11:25:00+00:00","dateModified":"2022-02-08T13:39:09+00:00","description":"R\u00e9seau Mesure Express 10 f\u00e9vrier 2022. A vos agendas pour 2022 ! Les salons d\u00e9di\u00e9s \u00e0 la mesure sont programm\u00e9s.","breadcrumb":{"@id":"https:\/\/www.reseau-mesure.com\/reseau-mesure-express-10-fevrier-2022\/#breadcrumb"},"inLanguage":"de","potentialAction":[{"@type":"ReadAction","target":["https:\/\/www.reseau-mesure.com\/reseau-mesure-express-10-fevrier-2022\/"]}]},{"@type":"ImageObject","inLanguage":"de","@id":"https:\/\/www.reseau-mesure.com\/reseau-mesure-express-10-fevrier-2022\/#primaryimage","url":"https:\/\/www.reseau-mesure.com\/wp-content\/uploads\/2020\/07\/20ku.jpeg","contentUrl":"https:\/\/www.reseau-mesure.com\/wp-content\/uploads\/2020\/07\/20ku.jpeg"},{"@type":"BreadcrumbList","@id":"https:\/\/www.reseau-mesure.com\/reseau-mesure-express-10-fevrier-2022\/#breadcrumb","itemListElement":[{"@type":"ListItem","position":1,"name":"Accueil","item":"https:\/\/www.reseau-mesure.com\/"},{"@type":"ListItem","position":2,"name":"R\u00e9seau Mesure Express-20220210"}]},{"@type":"WebSite","@id":"https:\/\/www.reseau-mesure.com\/#website","url":"https:\/\/www.reseau-mesure.com\/","name":"Netzwerk-Messung","description":"Netzwerkma\u00dfnahme","publisher":{"@id":"https:\/\/www.reseau-mesure.com\/#organization"},"potentialAction":[{"@type":"SearchAction","target":{"@type":"EntryPoint","urlTemplate":"https:\/\/www.reseau-mesure.com\/?s={search_term_string}"},"query-input":{"@type":"PropertyValueSpecification","valueRequired":true,"valueName":"search_term_string"}}],"inLanguage":"de"},{"@type":"Organization","@id":"https:\/\/www.reseau-mesure.com\/#organization","name":"Netzwerk-Messung","url":"https:\/\/www.reseau-mesure.com\/","logo":{"@type":"ImageObject","inLanguage":"de","@id":"https:\/\/www.reseau-mesure.com\/#\/schema\/logo\/image\/","url":"https:\/\/www.reseau-mesure.com\/wp-content\/uploads\/2018\/02\/logo-max.png","contentUrl":"https:\/\/www.reseau-mesure.com\/wp-content\/uploads\/2018\/02\/logo-max.png","width":545,"height":285,"caption":"R\u00e9seau-Mesure"},"image":{"@id":"https:\/\/www.reseau-mesure.com\/#\/schema\/logo\/image\/"},"sameAs":["https:\/\/www.facebook.com\/reseaumesure\/","https:\/\/x.com\/ReseauMesure","https:\/\/www.linkedin.com\/company\/reseau-mesure\/"]}]}},"_links":{"self":[{"href":"https:\/\/www.reseau-mesure.com\/de\/wp-json\/wp\/v2\/pages\/16065","targetHints":{"allow":["GET"]}}],"collection":[{"href":"https:\/\/www.reseau-mesure.com\/de\/wp-json\/wp\/v2\/pages"}],"about":[{"href":"https:\/\/www.reseau-mesure.com\/de\/wp-json\/wp\/v2\/types\/page"}],"author":[{"embeddable":true,"href":"https:\/\/www.reseau-mesure.com\/de\/wp-json\/wp\/v2\/users\/720"}],"replies":[{"embeddable":true,"href":"https:\/\/www.reseau-mesure.com\/de\/wp-json\/wp\/v2\/comments?post=16065"}],"version-history":[{"count":0,"href":"https:\/\/www.reseau-mesure.com\/de\/wp-json\/wp\/v2\/pages\/16065\/revisions"}],"wp:attachment":[{"href":"https:\/\/www.reseau-mesure.com\/de\/wp-json\/wp\/v2\/media?parent=16065"}],"curies":[{"name":"wp","href":"https:\/\/api.w.org\/{rel}","templated":true}]}}