{"id":16486,"date":"2022-03-24T09:56:22","date_gmt":"2022-03-24T08:56:22","guid":{"rendered":"https:\/\/www.reseau-mesure.com\/?page_id=16486"},"modified":"2022-03-24T10:57:22","modified_gmt":"2022-03-24T09:57:22","slug":"reseau-mesure-express-24-mars-2022","status":"publish","type":"page","link":"https:\/\/www.reseau-mesure.com\/de\/reseau-mesure-express-24-mars-2022\/","title":{"rendered":"Network Measurement Express-20220324"},"content":{"rendered":"<img loading=\"lazy\" decoding=\"async\" src=\"https:\/\/www.reseau-mesure.com\/wp-content\/uploads\/2020\/07\/20ku.jpeg\" alt=\"R\u00e9seau Mesure Express\" itemprop=\"image\" height=\"300\" width=\"970\" title=\"Express Measurement Network Header\" onerror=\"this.style.display='none'\">\n<h1>\n\t\tExpress Measurement Network 24. M\u00e4rz 2022\n\t<\/h1>\n<h2>\n\t\t<a href=\"https:\/\/www.reseau-mesure.com\/de\/le-reseau-mesure-2\/\" title=\"24.03.2022\" target=\"_blank\" rel=\"noopener\">\n\t\t24.03.2022\n\t\t<\/a>\n\t<\/h2>\n\t<h3><strong>Ein Netzwerk f\u00fcr seine Mitglieder durch seine Mitglieder<\/strong><\/h3>\n\t<p>R\u00e9seau Mesure Express 24 mars 2022 : les adh\u00e9rents peuvent retrouver l&rsquo;actualit\u00e9 de l&rsquo;association dans R\u00e9seau Mesure Express.<\/p>\n<p>Die n\u00e4chsten thematischen Workshops.<\/p>\n<h2>\n\t\t<a href=\"https:\/\/www.reseau-mesure.com\/de\/achats-mutualises\/\" title=\"Entdeckungsworkshop Haxon\u00e9o und Ort der Mitarbeiter\" target=\"_blank\" rel=\"noopener\">\n\t\tEntdeckungsworkshop Haxon\u00e9o und Ort der Mitarbeiter\n\t\t<\/a>\n\t<\/h2>\n\t<h2>Zwei Services f\u00fcr nachhaltige Einsparungen<\/h2>\n<p>&nbsp;<\/p>\n<ul>\n<li><strong>So sparen Sie Betriebskosten f\u00fcr Ihr Unternehmen<\/strong> mit Haxoneo<\/li>\n<li><strong>Ziehen Sie neue Talente an<\/strong> mit der Personalvorsorgeplattform Place des Salari\u00e9s<\/li>\n<\/ul>\n<p><strong>DATUM :<\/strong><strong> Donnerstag, 07. April 2022<\/strong><\/p>\n<p><strong>STUNDE :<\/strong><strong> 14:30-15:30 Uhr<\/strong><\/p>\n<p><strong>LIEU : Sur Teams<\/strong><\/p>\n<p><strong>W\u00e4hrend dieses Workshops werden Sie sehen:<\/strong><\/p>\n<p><strong>Haxoneo, r\u00e9alisez en moyenne 19% d&rsquo;\u00e9conomies sur vos achats indirects :&nbsp;<\/strong><\/p>\n<ul>\n<li>Konzentrieren Sie sich auf unsere Partner f\u00fcr Verpackungslieferanten<\/li>\n<li>Bilan d&rsquo;\u00e9conomies r\u00e9alis\u00e9es en 2021 par les adh\u00e9rents du r\u00e9seau<\/li>\n<\/ul>\n<p><strong>Place des Salari\u00e9s, bieten Sie Ihren Mitarbeitern mehr Kaufkraft, um neue Talente anzuziehen und Ihre Mitarbeiter zu halten:<\/strong><\/p>\n<ul>\n<li>Qu&rsquo;est-ce qu&rsquo;une plateforme CSE d&rsquo;avantages salari\u00e9s : des r\u00e9ductions, bons d&rsquo;achats, offres promotionnelles ou autres<\/li>\n<li>Quels sont les outils pour augmenter le pouvoir d&rsquo;achats de vos salari\u00e9s, tout en \u00e9tant exon\u00e9r\u00e9 de charges sociales : subventions, participation employeur, carte cadeaux&#8230;<\/li>\n<\/ul>\n<p>&nbsp;<\/p>\n<p>L&rsquo;atelier est r\u00e9alis\u00e9 conjointement avec les adh\u00e9rents du CIFL.<\/p>\n\t\t\t\t<a href=\"https:\/\/www.reseau-mesure.com\/de\/achats-mutualises\/\" target=\"_blank\" rel=\"noopener\" itemprop=\"url\">\n\t\t\t\t<img loading=\"lazy\" decoding=\"async\" src=\"https:\/\/www.reseau-mesure.com\/wp-content\/uploads\/2022\/03\/Atelier-du-7-04-2022.jpg\" alt=\"Atelier du 7 04 2022\" itemprop=\"image\" height=\"458\" width=\"1063\" title=\"Workshop vom 7. 04. 2022\" onerror=\"this.style.display='none'\">\n\t\t\t\t<\/a>\n\t\t\t\t<a href=\"https:\/\/www.reseau-mesure.com\/de\/haxoneo\/\" target=\"_blank\" rel=\"noopener\" itemprop=\"url\">\n\t\t\t\t<img loading=\"lazy\" decoding=\"async\" src=\"https:\/\/www.reseau-mesure.com\/wp-content\/uploads\/2018\/01\/haxoneo.png\" alt=\"HAXONEO\" itemprop=\"image\" height=\"84\" width=\"296\" title=\"haxoneo\" onerror=\"this.style.display='none'\">\n\t\t\t\t<\/a>\n\t\t\t\t<a href=\"https:\/\/www.reseau-mesure.com\/de\/place-des-salaries\/\" target=\"_blank\" rel=\"noopener\" itemprop=\"url\">\n\t\t\t\t<img loading=\"lazy\" decoding=\"async\" src=\"https:\/\/www.reseau-mesure.com\/wp-content\/uploads\/2018\/07\/logo_pds-1-300x83.jpg\" alt=\"logo_pds-1.jpg\" itemprop=\"image\" height=\"83\" width=\"300\" title=\"logo_pds-1.jpg\" onerror=\"this.style.display='none'\">\n\t\t\t\t<\/a>\n<h2>\n\t\tTreffen zur Sensibilisierung f\u00fcr wirtschaftliche Sicherheit\n\t<\/h2>\n\t\t\t\t<a href=\"https:\/\/www.reseau-mesure.com\/de\/evenements\/\" target=\"_blank\" rel=\"noopener\" itemprop=\"url\">\n\t\t\t\t<img loading=\"lazy\" decoding=\"async\" src=\"https:\/\/www.reseau-mesure.com\/wp-content\/uploads\/2018\/11\/AdobeStock_153484570.jpeg\" alt=\"La Cybers\u00e9curit\u00e9\" itemprop=\"image\" height=\"4000\" width=\"6000\" title=\"Onlinesicherheit\" onerror=\"this.style.display='none'\">\n\t\t\t\t<\/a>\n\t<p>&nbsp;<\/p>\n<p><strong>Freitag, 22. April von 11:00 bis 12:30 Uhr \u2013 Cergy<\/strong><\/p>\n<p>Im Rahmen einer Wirtschaftssicherheitsmission schl\u00e4gt ein Sprecher einer Fachabteilung des Innenministeriums vor <strong>une r\u00e9union de&nbsp; sensibilisation<\/strong>, Dauer 1h30, <strong>um zu erkl\u00e4ren, wie sensible oder strategische Informationen kontrolliert und gesch\u00fctzt werden k\u00f6nnen<\/strong>, indem wir auf den angestrebten Zielen, den \u00f6ffentlichen oder privaten Akteuren, die am Informationserbe unserer Unternehmen interessiert sind, und ihren Methoden (mit Schwerpunkt auf sozialen Netzwerken und mobilen digitalen Tools, einschlie\u00dflich Smartphones und vernetzten Objekten) bestehen um Gegenma\u00dfnahmen auf der Grundlage der R\u00fcckmeldungen anzubieten, die uns von den Stellen \u00fcbermittelt werden, mit denen das Innenministerium in regelm\u00e4\u00dfigem Kontakt steht.<\/p>\n<p><strong>Diese Sensibilisierungen zielen auf das schwache Glied in der Sicherheitskette ab<\/strong>, also der Mensch, dessen Verhalten, Unwissenheit, Leichtsinn oder Fahrl\u00e4ssigkeit, ja sogar B\u00f6swilligkeit oder Rachegel\u00fcste f\u00fcr den Gro\u00dfteil der Gewinnung strategischer Informationen verantwortlich sind. Auch Besuchern und Auszubildenden, Messen, Nomadentum und Auslandsreisen sind Entwicklungen gewidmet.<\/p>\n<p><em><strong>Aus Gr\u00fcnden der vom Innenministerium geforderten Vertraulichkeit findet das Treffen nur von Angesicht zu Angesicht in Cergy statt und kann nicht aufgezeichnet werden. Au\u00dferhalb dieses Workshops sind keine Dokumente verf\u00fcgbar.<\/strong><\/em><\/p>\n<p>&nbsp;<\/p>\n<h2>\n\t\t<a href=\"https:\/\/www.reseau-mesure.com\/de\/international\/\" title=\"Alg\u00e9rie - Maroc -Tunisie : tout ce qu'il faut savoir sur la pratique des affaires\" target=\"_blank\" rel=\"noopener\">\n\t\tAlg\u00e9rie &#8211; Maroc -Tunisie : tout ce qu&rsquo;il faut savoir sur la pratique des affaires\n\t\t<\/a>\n\t<\/h2>\n\t\t\t\t<img loading=\"lazy\" decoding=\"async\" src=\"https:\/\/www.reseau-mesure.com\/wp-content\/uploads\/2022\/03\/ALGERIE.png\" alt=\"ALGERIE\" itemprop=\"image\" height=\"150\" width=\"225\" title=\"ALGERIEN\" onerror=\"this.style.display='none'\">\n\t\t\t\t<img loading=\"lazy\" decoding=\"async\" src=\"https:\/\/www.reseau-mesure.com\/wp-content\/uploads\/2022\/03\/Maroc.png\" alt=\"Maroc\" itemprop=\"image\" height=\"150\" width=\"225\" title=\"Marokko\" onerror=\"this.style.display='none'\">\n\t\t\t\t<img loading=\"lazy\" decoding=\"async\" src=\"https:\/\/www.reseau-mesure.com\/wp-content\/uploads\/2022\/03\/Tunisie.png\" alt=\"Tunisie\" itemprop=\"image\" height=\"150\" width=\"225\" title=\"Tunesien\" onerror=\"this.style.display='none'\">\n<p>Der Maghreb bietet mehr denn je eine Chance f\u00fcr die wirtschaftliche Entwicklung. Die Kultur und Besonderheiten dieser L\u00e4nder in Bezug auf Vertriebsnetze, Verwaltungsverfahren und Bezahlung behindern die Mitglieder jedoch manchmal in ihrer Entwicklungsstrategie.<\/p>\n<p>Dieser Workshop erm\u00f6glicht es Ihnen, die Besonderheiten und potenziellen Entwicklungssektoren dieser drei L\u00e4nder zu verstehen.<\/p>\n<p><strong>Dies wird durch die Beteiligung des Managements erm\u00f6glicht <\/strong><strong>des Chambres de Commerce et d&rsquo;Industrie de l&rsquo;Alg\u00e9rie, du Maroc et de la Tunisie<\/strong><\/p>\n<p><strong>Mittwoch, 27. April ab <\/strong><strong>11h00 \u00e0 12h30 &#8211; en visio<\/strong><\/p>\n<p>Jeder Vertreter wird vorschlagen, die folgenden Themen zu er\u00f6rtern:<\/p>\n<ul>\n<li><strong>Makro\u00f6konomische Darstellung<\/strong><\/li>\n<li><strong>Das Gesch\u00e4ftsklima<\/strong><\/li>\n<li><strong>Branchenchancen<\/strong><\/li>\n<li><strong>Besonderheiten in Bezug auf die Exportmethoden (Verwaltungs- und Finanzmethoden)<\/strong><strong>&nbsp; &nbsp; &nbsp; &nbsp; &nbsp; &nbsp; &nbsp; &nbsp; &nbsp; &nbsp;&nbsp;<\/strong><\/li>\n<\/ul>\n<p>Anmeldung bei Estelle Duflot&nbsp; <a href=\"mailto:eduflot@reseau-mesure.com\">eduflot@reseau-mesure.com<\/a>&nbsp;06 51 05 08 80<\/p>\n\t<p>&nbsp;<\/p>\n<p><strong>Sprecher:<\/strong><\/p>\n<p><strong><em>Chambre de Commerce et d&rsquo;Industrie Alg\u00e9ro-Fran\u00e7aise :<\/em><\/strong><\/p>\n<ul>\n<li>Halim Ammar Khodja &#8211; Directeur Adjoint<\/li>\n<li>Akram HAMOUDA Regulatorischer Wachmanager<\/li>\n<li>Karim OSMANI Pole Manager des Industriesektors.<\/li>\n<\/ul>\n<p><em><strong>Chambre Fran\u00e7aise de Commerce et d&rsquo;Industrie du Maroc :<\/strong><\/em><\/p>\n<ul>\n<li>Faiza HACHKAR &#8211; Responsable du Bureau CFCIM \u00e0 Paris<\/li>\n<li>Afraa SAMID &#8211; Charg\u00e9e de la fili\u00e8re Industries &amp; Infrastructures<\/li>\n<li>Meriem FARIS &#8211; Charg\u00e9e de la fili\u00e8re Cleantech<\/li>\n<\/ul>\n<p><em><strong>Chambre Tuniso-Fran\u00e7aise de Commerce et d&rsquo;Industrie :<\/strong><\/em><\/p>\n<ul>\n<li>Habib Gaida: CEO CTFCI<\/li>\n<li>Amel BEN FARHAT CEO von CETIME<br>\n(Technikum f\u00fcr Maschinen- und Elektroindustrie)<\/li>\n<\/ul>\n\t\t\t<a href=\"https:\/\/www.reseau-mesure.com\/de\/evenements\/\" target=\"_self\" role=\"button\" rel=\"noopener\">\n\t\t\t\t\t\t\tDie komplette Agenda des Messnetzes\n\t\t\t\t\t<\/a>\n\t\t\t\t<a href=\"https:\/\/www.reseau-mesure.com\/de\/evenements\/\" target=\"_blank\" rel=\"noopener\" itemprop=\"url\">\n\t\t\t\t<img loading=\"lazy\" decoding=\"async\" src=\"https:\/\/www.reseau-mesure.com\/wp-content\/uploads\/2020\/08\/Plan-de-travail-3niveau.png\" alt=\"R\u00e9seau Mesure Express Actualites\" itemprop=\"image\" height=\"3665\" width=\"5520\" title=\"Express Measurement Network News\" onerror=\"this.style.display='none'\">\n\t\t\t\t<\/a>\n\t<h1><strong>EMS Paris IDF Cluster WATER Forum<\/strong><\/h1>\n\t<h1><strong>EMS Paris IDF Cluster WATER Forum 21. April 2022 \/ 13:30 \u2013 19:00<\/strong><\/h1>\n<h1><strong>Pers\u00f6nlicher Workshop, 55 Avenue du President Wilson 94230 Cachan<\/strong><\/h1>\n<p>Der EMS-Cluster l\u00e4dt Sie zur 3. Ausgabe des Forum Eau Paris Ile-de-France 2022 ein, wo wir \u00fcber das Management des Kurzzyklus, des nat\u00fcrlichen Zyklus und der Frischeinseln sprechen werden.<\/p>\n<p><strong>Teilnahmebedingungen:&nbsp;<\/strong><\/p>\n<em>Assister \u00e0 l&rsquo;\u00e9v\u00e9nement : <\/em>Kostenlos und offen f\u00fcr alle bei der Registrierung\n<em>Intervenir \u00e0 l&rsquo;\u00e9v\u00e9nement :&nbsp;<\/em>\n<ul>\n<li>Kostenlos f\u00fcr EMS-Cluster-Mitglieder<\/li>\n<li>50% f\u00fcr Mitglieder des France Water Teams \/ CapDigital \/ Measurement Network \/ Graie \/ Adivet \/ Arceau \/ MateriauP\u00f4le \/ ASTEE \/ Measurement Network<\/li>\n<li>Preis f\u00fcr die Pr\u00e4sentation Ihrer L\u00f6sung au\u00dferhalb der Mitgliedschaft: 500 Euro inkl. MwSt.<\/li>\n<\/ul>\n<p>Vollst\u00e4ndiges Programm und Anmeldung mit <a href=\"mailto:clara.mombellet@clusterems.org\">viviane.massacrier@clusterems.org<\/a> und&nbsp;<a href=\"mailto:laurent.dechesne@clusterems.org\">&nbsp;laurent.dechesne@clusterems.org<\/a><\/p>\n\t<h2>R\u00e9seau Mesure Express: Neuigkeiten zum Aktionsplan des Vereins<\/h2>\n<h1>\n\t\t<a href=\"https:\/\/www.reseau-mesure.com\/de\/\" title=\"Express Measurement Network 24. M\u00e4rz 2022\" target=\"_blank\" rel=\"noopener\">\n\t\tExpress Measurement Network 24. M\u00e4rz 2022\n\t\t<\/a>\n\t<\/h1>","protected":false},"excerpt":{"rendered":"<p>R\u00e9seau Mesure Express 24. M\u00e4rz 2022 24.03.2022 Ein Netzwerk f\u00fcr seine Mitglieder, von seinen Mitgliedern R\u00e9seau Mesure Express 24. M\u00e4rz 2022: Mitglieder k\u00f6nnen Neuigkeiten \u00fcber den Verein in R\u00e9seau Mesure Express finden. Die n\u00e4chsten thematischen Workshops. Haxon\u00e9o Entdeckerwerkstatt und Mitarbeiterplatz Zwei Services, um nachhaltig zu sparen So machen Sie\u2026<\/p>","protected":false},"author":720,"featured_media":0,"parent":0,"menu_order":0,"comment_status":"closed","ping_status":"closed","template":"","meta":{"_acf_changed":false,"footnotes":""},"class_list":["post-16486","page","type-page","status-publish","hentry"],"acf":[],"yoast_head":"<!-- This site is optimized with the Yoast SEO plugin v27.5 - https:\/\/yoast.com\/product\/yoast-seo-wordpress\/ -->\n<title>R\u00e9seau Mesure Express 24 mars 2022 - R\u00e9seau Mesure<\/title>\n<meta name=\"description\" content=\"R\u00e9seau Mesure Express 24 mars 2022. Les prochains ateliers th\u00e9matiques r\u00e9serv\u00e9s aux adh\u00e9rents du R\u00e9seau Mesure.\" \/>\n<meta name=\"robots\" content=\"index, follow, max-snippet:-1, max-image-preview:large, max-video-preview:-1\" \/>\n<link rel=\"canonical\" href=\"https:\/\/www.reseau-mesure.com\/de\/reseau-mesure-express-24-mars-2022\/\" \/>\n<meta property=\"og:locale\" content=\"de_DE\" \/>\n<meta property=\"og:type\" content=\"article\" \/>\n<meta property=\"og:title\" content=\"R\u00e9seau Mesure Express 24 mars 2022 - R\u00e9seau Mesure\" \/>\n<meta property=\"og:description\" content=\"R\u00e9seau Mesure Express 24 mars 2022. Les prochains ateliers th\u00e9matiques r\u00e9serv\u00e9s aux adh\u00e9rents du R\u00e9seau Mesure.\" \/>\n<meta property=\"og:url\" content=\"https:\/\/www.reseau-mesure.com\/de\/reseau-mesure-express-24-mars-2022\/\" \/>\n<meta property=\"og:site_name\" content=\"R\u00e9seau Mesure\" \/>\n<meta property=\"article:publisher\" content=\"https:\/\/www.facebook.com\/reseaumesure\/\" \/>\n<meta property=\"article:modified_time\" content=\"2022-03-24T09:57:22+00:00\" \/>\n<meta property=\"og:image\" content=\"https:\/\/www.reseau-mesure.com\/wp-content\/uploads\/2020\/07\/20ku.jpeg\" \/>\n<meta name=\"twitter:card\" content=\"summary_large_image\" \/>\n<meta name=\"twitter:site\" content=\"@ReseauMesure\" \/>\n<meta name=\"twitter:label1\" content=\"Gesch\u00e4tzte Lesezeit\" \/>\n\t<meta name=\"twitter:data1\" content=\"6\u00a0Minuten\" \/>\n<script type=\"application\/ld+json\" class=\"yoast-schema-graph\">{\"@context\":\"https:\\\/\\\/schema.org\",\"@graph\":[{\"@type\":\"WebPage\",\"@id\":\"https:\\\/\\\/www.reseau-mesure.com\\\/reseau-mesure-express-24-mars-2022\\\/\",\"url\":\"https:\\\/\\\/www.reseau-mesure.com\\\/reseau-mesure-express-24-mars-2022\\\/\",\"name\":\"R\u00e9seau Mesure Express 24 mars 2022 - R\u00e9seau Mesure\",\"isPartOf\":{\"@id\":\"https:\\\/\\\/www.reseau-mesure.com\\\/#website\"},\"primaryImageOfPage\":{\"@id\":\"https:\\\/\\\/www.reseau-mesure.com\\\/reseau-mesure-express-24-mars-2022\\\/#primaryimage\"},\"image\":{\"@id\":\"https:\\\/\\\/www.reseau-mesure.com\\\/reseau-mesure-express-24-mars-2022\\\/#primaryimage\"},\"thumbnailUrl\":\"https:\\\/\\\/www.reseau-mesure.com\\\/wp-content\\\/uploads\\\/2020\\\/07\\\/20ku.jpeg\",\"datePublished\":\"2022-03-24T08:56:22+00:00\",\"dateModified\":\"2022-03-24T09:57:22+00:00\",\"description\":\"R\u00e9seau Mesure Express 24 mars 2022. Les prochains ateliers th\u00e9matiques r\u00e9serv\u00e9s aux adh\u00e9rents du R\u00e9seau Mesure.\",\"breadcrumb\":{\"@id\":\"https:\\\/\\\/www.reseau-mesure.com\\\/reseau-mesure-express-24-mars-2022\\\/#breadcrumb\"},\"inLanguage\":\"de\",\"potentialAction\":[{\"@type\":\"ReadAction\",\"target\":[\"https:\\\/\\\/www.reseau-mesure.com\\\/reseau-mesure-express-24-mars-2022\\\/\"]}]},{\"@type\":\"ImageObject\",\"inLanguage\":\"de\",\"@id\":\"https:\\\/\\\/www.reseau-mesure.com\\\/reseau-mesure-express-24-mars-2022\\\/#primaryimage\",\"url\":\"https:\\\/\\\/www.reseau-mesure.com\\\/wp-content\\\/uploads\\\/2020\\\/07\\\/20ku.jpeg\",\"contentUrl\":\"https:\\\/\\\/www.reseau-mesure.com\\\/wp-content\\\/uploads\\\/2020\\\/07\\\/20ku.jpeg\"},{\"@type\":\"BreadcrumbList\",\"@id\":\"https:\\\/\\\/www.reseau-mesure.com\\\/reseau-mesure-express-24-mars-2022\\\/#breadcrumb\",\"itemListElement\":[{\"@type\":\"ListItem\",\"position\":1,\"name\":\"Accueil\",\"item\":\"https:\\\/\\\/www.reseau-mesure.com\\\/\"},{\"@type\":\"ListItem\",\"position\":2,\"name\":\"R\u00e9seau Mesure Express-20220324\"}]},{\"@type\":\"WebSite\",\"@id\":\"https:\\\/\\\/www.reseau-mesure.com\\\/#website\",\"url\":\"https:\\\/\\\/www.reseau-mesure.com\\\/\",\"name\":\"R\u00e9seau-Mesure\",\"description\":\"R\u00e9seau Mesure\",\"publisher\":{\"@id\":\"https:\\\/\\\/www.reseau-mesure.com\\\/#organization\"},\"potentialAction\":[{\"@type\":\"SearchAction\",\"target\":{\"@type\":\"EntryPoint\",\"urlTemplate\":\"https:\\\/\\\/www.reseau-mesure.com\\\/?s={search_term_string}\"},\"query-input\":{\"@type\":\"PropertyValueSpecification\",\"valueRequired\":true,\"valueName\":\"search_term_string\"}}],\"inLanguage\":\"de\"},{\"@type\":\"Organization\",\"@id\":\"https:\\\/\\\/www.reseau-mesure.com\\\/#organization\",\"name\":\"R\u00e9seau-Mesure\",\"url\":\"https:\\\/\\\/www.reseau-mesure.com\\\/\",\"logo\":{\"@type\":\"ImageObject\",\"inLanguage\":\"de\",\"@id\":\"https:\\\/\\\/www.reseau-mesure.com\\\/#\\\/schema\\\/logo\\\/image\\\/\",\"url\":\"https:\\\/\\\/www.reseau-mesure.com\\\/wp-content\\\/uploads\\\/2018\\\/02\\\/logo-max.png\",\"contentUrl\":\"https:\\\/\\\/www.reseau-mesure.com\\\/wp-content\\\/uploads\\\/2018\\\/02\\\/logo-max.png\",\"width\":545,\"height\":285,\"caption\":\"R\u00e9seau-Mesure\"},\"image\":{\"@id\":\"https:\\\/\\\/www.reseau-mesure.com\\\/#\\\/schema\\\/logo\\\/image\\\/\"},\"sameAs\":[\"https:\\\/\\\/www.facebook.com\\\/reseaumesure\\\/\",\"https:\\\/\\\/x.com\\\/ReseauMesure\",\"https:\\\/\\\/www.linkedin.com\\\/company\\\/reseau-mesure\\\/\"]}]}<\/script>\n<!-- \/ Yoast SEO plugin. -->","yoast_head_json":{"title":"R\u00e9seau Mesure Express 24 mars 2022 - R\u00e9seau Mesure","description":"R\u00e9seau Mesure Express 24 mars 2022. Les prochains ateliers th\u00e9matiques r\u00e9serv\u00e9s aux adh\u00e9rents du R\u00e9seau Mesure.","robots":{"index":"index","follow":"follow","max-snippet":"max-snippet:-1","max-image-preview":"max-image-preview:large","max-video-preview":"max-video-preview:-1"},"canonical":"https:\/\/www.reseau-mesure.com\/de\/reseau-mesure-express-24-mars-2022\/","og_locale":"de_DE","og_type":"article","og_title":"R\u00e9seau Mesure Express 24 mars 2022 - R\u00e9seau Mesure","og_description":"R\u00e9seau Mesure Express 24 mars 2022. Les prochains ateliers th\u00e9matiques r\u00e9serv\u00e9s aux adh\u00e9rents du R\u00e9seau Mesure.","og_url":"https:\/\/www.reseau-mesure.com\/de\/reseau-mesure-express-24-mars-2022\/","og_site_name":"R\u00e9seau Mesure","article_publisher":"https:\/\/www.facebook.com\/reseaumesure\/","article_modified_time":"2022-03-24T09:57:22+00:00","og_image":[{"url":"https:\/\/www.reseau-mesure.com\/wp-content\/uploads\/2020\/07\/20ku.jpeg","type":"","width":"","height":""}],"twitter_card":"summary_large_image","twitter_site":"@ReseauMesure","twitter_misc":{"Gesch\u00e4tzte Lesezeit":"6\u00a0Minuten"},"schema":{"@context":"https:\/\/schema.org","@graph":[{"@type":"WebPage","@id":"https:\/\/www.reseau-mesure.com\/reseau-mesure-express-24-mars-2022\/","url":"https:\/\/www.reseau-mesure.com\/reseau-mesure-express-24-mars-2022\/","name":"R\u00e9seau Mesure Express 24 mars 2022 - R\u00e9seau Mesure","isPartOf":{"@id":"https:\/\/www.reseau-mesure.com\/#website"},"primaryImageOfPage":{"@id":"https:\/\/www.reseau-mesure.com\/reseau-mesure-express-24-mars-2022\/#primaryimage"},"image":{"@id":"https:\/\/www.reseau-mesure.com\/reseau-mesure-express-24-mars-2022\/#primaryimage"},"thumbnailUrl":"https:\/\/www.reseau-mesure.com\/wp-content\/uploads\/2020\/07\/20ku.jpeg","datePublished":"2022-03-24T08:56:22+00:00","dateModified":"2022-03-24T09:57:22+00:00","description":"R\u00e9seau Mesure Express 24 mars 2022. Les prochains ateliers th\u00e9matiques r\u00e9serv\u00e9s aux adh\u00e9rents du R\u00e9seau Mesure.","breadcrumb":{"@id":"https:\/\/www.reseau-mesure.com\/reseau-mesure-express-24-mars-2022\/#breadcrumb"},"inLanguage":"de","potentialAction":[{"@type":"ReadAction","target":["https:\/\/www.reseau-mesure.com\/reseau-mesure-express-24-mars-2022\/"]}]},{"@type":"ImageObject","inLanguage":"de","@id":"https:\/\/www.reseau-mesure.com\/reseau-mesure-express-24-mars-2022\/#primaryimage","url":"https:\/\/www.reseau-mesure.com\/wp-content\/uploads\/2020\/07\/20ku.jpeg","contentUrl":"https:\/\/www.reseau-mesure.com\/wp-content\/uploads\/2020\/07\/20ku.jpeg"},{"@type":"BreadcrumbList","@id":"https:\/\/www.reseau-mesure.com\/reseau-mesure-express-24-mars-2022\/#breadcrumb","itemListElement":[{"@type":"ListItem","position":1,"name":"Accueil","item":"https:\/\/www.reseau-mesure.com\/"},{"@type":"ListItem","position":2,"name":"R\u00e9seau Mesure Express-20220324"}]},{"@type":"WebSite","@id":"https:\/\/www.reseau-mesure.com\/#website","url":"https:\/\/www.reseau-mesure.com\/","name":"Netzwerk-Messung","description":"Netzwerkma\u00dfnahme","publisher":{"@id":"https:\/\/www.reseau-mesure.com\/#organization"},"potentialAction":[{"@type":"SearchAction","target":{"@type":"EntryPoint","urlTemplate":"https:\/\/www.reseau-mesure.com\/?s={search_term_string}"},"query-input":{"@type":"PropertyValueSpecification","valueRequired":true,"valueName":"search_term_string"}}],"inLanguage":"de"},{"@type":"Organization","@id":"https:\/\/www.reseau-mesure.com\/#organization","name":"Netzwerk-Messung","url":"https:\/\/www.reseau-mesure.com\/","logo":{"@type":"ImageObject","inLanguage":"de","@id":"https:\/\/www.reseau-mesure.com\/#\/schema\/logo\/image\/","url":"https:\/\/www.reseau-mesure.com\/wp-content\/uploads\/2018\/02\/logo-max.png","contentUrl":"https:\/\/www.reseau-mesure.com\/wp-content\/uploads\/2018\/02\/logo-max.png","width":545,"height":285,"caption":"R\u00e9seau-Mesure"},"image":{"@id":"https:\/\/www.reseau-mesure.com\/#\/schema\/logo\/image\/"},"sameAs":["https:\/\/www.facebook.com\/reseaumesure\/","https:\/\/x.com\/ReseauMesure","https:\/\/www.linkedin.com\/company\/reseau-mesure\/"]}]}},"_links":{"self":[{"href":"https:\/\/www.reseau-mesure.com\/de\/wp-json\/wp\/v2\/pages\/16486","targetHints":{"allow":["GET"]}}],"collection":[{"href":"https:\/\/www.reseau-mesure.com\/de\/wp-json\/wp\/v2\/pages"}],"about":[{"href":"https:\/\/www.reseau-mesure.com\/de\/wp-json\/wp\/v2\/types\/page"}],"author":[{"embeddable":true,"href":"https:\/\/www.reseau-mesure.com\/de\/wp-json\/wp\/v2\/users\/720"}],"replies":[{"embeddable":true,"href":"https:\/\/www.reseau-mesure.com\/de\/wp-json\/wp\/v2\/comments?post=16486"}],"version-history":[{"count":0,"href":"https:\/\/www.reseau-mesure.com\/de\/wp-json\/wp\/v2\/pages\/16486\/revisions"}],"wp:attachment":[{"href":"https:\/\/www.reseau-mesure.com\/de\/wp-json\/wp\/v2\/media?parent=16486"}],"curies":[{"name":"wp","href":"https:\/\/api.w.org\/{rel}","templated":true}]}}