{"id":17846,"date":"2022-12-07T11:08:52","date_gmt":"2022-12-07T10:08:52","guid":{"rendered":"https:\/\/www.reseau-mesure.com\/?page_id=17846"},"modified":"2022-12-12T10:44:28","modified_gmt":"2022-12-12T09:44:28","slug":"effervescence-2023","status":"publish","type":"page","link":"https:\/\/www.reseau-mesure.com\/de\/effervescence-2023\/","title":{"rendered":"GLANZ 2023"},"content":{"rendered":"<img loading=\"lazy\" decoding=\"async\" src=\"https:\/\/www.reseau-mesure.com\/wp-content\/uploads\/2022\/12\/Bandeau-1024x687.jpg\" alt=\"Salon effervescence 2023\" itemprop=\"image\" height=\"687\" width=\"1024\" title=\"Sprudelmesse 2023\" onerror=\"this.style.display='none'\"  \/>\n\t<p><b>1 Tag Ausstellung<\/b><\/p>\n\t<p><strong>28. M\u00e4rz<\/strong><\/p>\n<p><strong>2023<\/strong><\/p>\n\t<p><strong>Pierre-de-Coubertin-Gymnasium <\/strong><\/p>\n<p>16 Stationssackgasse<\/p>\n<p>95190 Goussainville<\/p>\n\n\t\t\t<a href=\"https:\/\/www.saloneffervescence.fr\/95\/mon-inscription.htm\" target=\"_blank\" role=\"button\" rel=\"noopener\">\n\t\t\t\t\t\t\tAUSSTELLERregistrierung\n\t\t\t\t\t<\/a>\n\t<p><b>Treffen f\u00fcr die Wirtschaft des Val d&#039;Oise<\/b><\/p>\n\t<p><strong>TROPH\u00c4E F\u00dcR UNTERNEHMENSKREATION<\/strong><\/p>\n<p><strong>INNOVATIONSTROPH\u00c4E<\/strong><\/p>\n<p><strong>#MADE IN 95 TROPHY<\/strong><\/p>\n\t<h2>Salon Efferveszenz 2023. Die Know-how-Messe im Westen von Paris!<\/h2>\n<p>Mit dem Salon Effervescence k\u00f6nnen Sie KMU \/ KMU aus Val d&#039;Oise, Industrie- und Unternehmensdienstleistungen treffen, die ihre Spezialit\u00e4ten repr\u00e4sentieren.<\/p>\n<p>2023, der 10<sup>th<\/sup>\u00a0Ausgabe des Salon Effervescence\u00a0<strong>findet am Dienstag, 28. M\u00e4rz 2023 statt<\/strong><\/p>\n<p><strong>Adresse :<\/strong><strong>\u00a0<\/strong>Gymnasium Pierre de Coubertin \u2013 16 Impasse de la Gare 95190 Goussainville<\/p>\n<p><strong>Zeitplan :<\/strong><\/p>\n<ul>\n<li><strong>von 11 bis 14:30 Uhr:<\/strong>\u00a0Zeitraum f\u00fcr Aussteller, die die volle Freiheit haben, Informationen auszutauschen und Projekte zu erstellen. Den Ausstellern wird gegen 12:00 Uhr ein Buffet serviert<\/li>\n<li><strong>von 14:30 bis 18:30 Uhr:<\/strong>\u00a0Er\u00f6ffnung der Show f\u00fcr externe Besucher<\/li>\n<\/ul>\n<p>Im Jahr 2022 werden mehr als 200 Unternehmen des Val d&#039;Oise (KMU, Gro\u00dfkunden), haupts\u00e4chlich Hersteller und Industriedienstleistungsunternehmen, ihre Besonderheiten und ihr Know-how hervorheben. Seit der Ausgabe 2017 hat sich die Messe Efferveszenz mit neuen Wirtschaftspartnern umgeben, die uns unterst\u00fctzen.<\/p>\n<p><strong><a href=\"https:\/\/www.saloneffervescence.fr\/95\/mon-inscription.htm\">Anmeldungen\u00a0<\/a><\/strong><\/p>\n<p>Profitieren Sie bis zum 31. Dezember von einem erm\u00e4\u00dfigten Tarif von 250 \u20ac statt 300 \u20ac.<\/p>\n\n<h2>Die Ziele der Show:<\/h2>\n<p>Der Zweck der Ausstellung EFFERVESCENCE besteht darin, Industriellen und Industriedienstleistungsunternehmen im Val d&#039;Oise ein Treffen in einer freundlichen Atmosph\u00e4re zu erm\u00f6glichen und den Handel zwischen geografisch nahen Unternehmen zu f\u00f6rdern. Es wird nicht zwischen VSEs-KMU und gr\u00f6\u00dferen Unternehmen unterschieden.<\/p>\n<ul>\n<li>Besprechen und f\u00f6rdern Sie Ihren Beruf und seine Spezialit\u00e4ten<\/li>\n<li>Entwickeln Sie Ihr Netzwerk professioneller Kontakte<\/li>\n<li>Treffen Sie F\u00fchrungskr\u00e4fte<\/li>\n<\/ul>\n\t<p>&nbsp;<\/p>\n<h1><a href=\"https:\/\/www.saloneffervescence.fr\/95\/concours.htm\">BEWERBEN SIE SICH F\u00dcR DIE TROPH\u00c4EN<\/a><\/h1>\n<p>&nbsp;<\/p>\n\t\t\t<a href=\"https:\/\/www.saloneffervescence.fr\/95\/\" target=\"_self\" role=\"button\" rel=\"noopener\">\n\t\t\t\t\t\tFINDEN SIE ALLE INFORMATIONEN \u00dcBER DIE SHOW\n\t\t\t\t\t<\/a>","protected":false},"excerpt":{"rendered":"<p>1 Messetag 28. M\u00e4rz 2023 Pierre de Coubertin Gymnasium 16 Impasse de la Gare 95190 Goussainville Anmeldung AUSSTELLER Val d&#039;Oise Wirtschaftstreffen TROPH\u00c4E F\u00dcR UNTERNEHMENSGR\u00dcNDUNG TROPH\u00c4E F\u00dcR INNOVATION TROPH\u00c4E #MADE IN 95 Salon Effervescence 2023. Die westliche Pariser Know-how-Messe! Der Salon Effervescence erm\u00f6glicht Ihnen\u2026<\/p>","protected":false},"author":349,"featured_media":0,"parent":0,"menu_order":0,"comment_status":"closed","ping_status":"closed","template":"","meta":{"_acf_changed":false,"footnotes":""},"class_list":["post-17846","page","type-page","status-publish","hentry"],"acf":[],"yoast_head":"<!-- This site is optimized with the Yoast SEO plugin v27.5 - https:\/\/yoast.com\/product\/yoast-seo-wordpress\/ -->\n<title>EFFERVESCENCE 2023 - R\u00e9seau Mesure<\/title>\n<meta name=\"description\" content=\"Le Salon Effervescence permet de rencontrer des PME\/PMI du Val d&#039;Oise, de l&#039;industrie et des services aux entreprises qui repr\u00e9sentent leurs sp\u00e9cialit\u00e9s. Les adh\u00e9rents du R\u00e9seau Mesure seront pr\u00e9sent. Informations et renseignements.\" \/>\n<meta name=\"robots\" content=\"index, follow, max-snippet:-1, max-image-preview:large, max-video-preview:-1\" \/>\n<link rel=\"canonical\" href=\"https:\/\/www.reseau-mesure.com\/de\/effervescence-2023\/\" \/>\n<meta property=\"og:locale\" content=\"de_DE\" \/>\n<meta property=\"og:type\" content=\"article\" \/>\n<meta property=\"og:title\" content=\"EFFERVESCENCE 2023 - R\u00e9seau Mesure\" \/>\n<meta property=\"og:description\" content=\"Le Salon Effervescence permet de rencontrer des PME\/PMI du Val d&#039;Oise, de l&#039;industrie et des services aux entreprises qui repr\u00e9sentent leurs sp\u00e9cialit\u00e9s. Les adh\u00e9rents du R\u00e9seau Mesure seront pr\u00e9sent. Informations et renseignements.\" \/>\n<meta property=\"og:url\" content=\"https:\/\/www.reseau-mesure.com\/de\/effervescence-2023\/\" \/>\n<meta property=\"og:site_name\" content=\"R\u00e9seau Mesure\" \/>\n<meta property=\"article:publisher\" content=\"https:\/\/www.facebook.com\/reseaumesure\/\" \/>\n<meta property=\"article:modified_time\" content=\"2022-12-12T09:44:28+00:00\" \/>\n<meta property=\"og:image\" content=\"https:\/\/www.reseau-mesure.com\/wp-content\/uploads\/2022\/12\/Bandeau-1024x687.jpg\" \/>\n<meta name=\"twitter:card\" content=\"summary_large_image\" \/>\n<meta name=\"twitter:site\" content=\"@ReseauMesure\" \/>\n<meta name=\"twitter:label1\" content=\"Gesch\u00e4tzte Lesezeit\" \/>\n\t<meta name=\"twitter:data1\" content=\"2\u00a0Minuten\" \/>\n<script type=\"application\/ld+json\" class=\"yoast-schema-graph\">{\"@context\":\"https:\\\/\\\/schema.org\",\"@graph\":[{\"@type\":\"WebPage\",\"@id\":\"https:\\\/\\\/www.reseau-mesure.com\\\/effervescence-2023\\\/\",\"url\":\"https:\\\/\\\/www.reseau-mesure.com\\\/effervescence-2023\\\/\",\"name\":\"EFFERVESCENCE 2023 - R\u00e9seau Mesure\",\"isPartOf\":{\"@id\":\"https:\\\/\\\/www.reseau-mesure.com\\\/#website\"},\"primaryImageOfPage\":{\"@id\":\"https:\\\/\\\/www.reseau-mesure.com\\\/effervescence-2023\\\/#primaryimage\"},\"image\":{\"@id\":\"https:\\\/\\\/www.reseau-mesure.com\\\/effervescence-2023\\\/#primaryimage\"},\"thumbnailUrl\":\"https:\\\/\\\/www.reseau-mesure.com\\\/wp-content\\\/uploads\\\/2022\\\/12\\\/Bandeau-1024x687.jpg\",\"datePublished\":\"2022-12-07T10:08:52+00:00\",\"dateModified\":\"2022-12-12T09:44:28+00:00\",\"description\":\"Le Salon Effervescence permet de rencontrer des PME\\\/PMI du Val d'Oise, de l'industrie et des services aux entreprises qui repr\u00e9sentent leurs sp\u00e9cialit\u00e9s. Les adh\u00e9rents du R\u00e9seau Mesure seront pr\u00e9sent. Informations et renseignements.\",\"breadcrumb\":{\"@id\":\"https:\\\/\\\/www.reseau-mesure.com\\\/effervescence-2023\\\/#breadcrumb\"},\"inLanguage\":\"de\",\"potentialAction\":[{\"@type\":\"ReadAction\",\"target\":[\"https:\\\/\\\/www.reseau-mesure.com\\\/effervescence-2023\\\/\"]}]},{\"@type\":\"ImageObject\",\"inLanguage\":\"de\",\"@id\":\"https:\\\/\\\/www.reseau-mesure.com\\\/effervescence-2023\\\/#primaryimage\",\"url\":\"https:\\\/\\\/www.reseau-mesure.com\\\/wp-content\\\/uploads\\\/2022\\\/12\\\/Bandeau-1024x687.jpg\",\"contentUrl\":\"https:\\\/\\\/www.reseau-mesure.com\\\/wp-content\\\/uploads\\\/2022\\\/12\\\/Bandeau-1024x687.jpg\"},{\"@type\":\"BreadcrumbList\",\"@id\":\"https:\\\/\\\/www.reseau-mesure.com\\\/effervescence-2023\\\/#breadcrumb\",\"itemListElement\":[{\"@type\":\"ListItem\",\"position\":1,\"name\":\"Accueil\",\"item\":\"https:\\\/\\\/www.reseau-mesure.com\\\/\"},{\"@type\":\"ListItem\",\"position\":2,\"name\":\"EFFERVESCENCE 2023\"}]},{\"@type\":\"WebSite\",\"@id\":\"https:\\\/\\\/www.reseau-mesure.com\\\/#website\",\"url\":\"https:\\\/\\\/www.reseau-mesure.com\\\/\",\"name\":\"R\u00e9seau-Mesure\",\"description\":\"R\u00e9seau Mesure\",\"publisher\":{\"@id\":\"https:\\\/\\\/www.reseau-mesure.com\\\/#organization\"},\"potentialAction\":[{\"@type\":\"SearchAction\",\"target\":{\"@type\":\"EntryPoint\",\"urlTemplate\":\"https:\\\/\\\/www.reseau-mesure.com\\\/?s={search_term_string}\"},\"query-input\":{\"@type\":\"PropertyValueSpecification\",\"valueRequired\":true,\"valueName\":\"search_term_string\"}}],\"inLanguage\":\"de\"},{\"@type\":\"Organization\",\"@id\":\"https:\\\/\\\/www.reseau-mesure.com\\\/#organization\",\"name\":\"R\u00e9seau-Mesure\",\"url\":\"https:\\\/\\\/www.reseau-mesure.com\\\/\",\"logo\":{\"@type\":\"ImageObject\",\"inLanguage\":\"de\",\"@id\":\"https:\\\/\\\/www.reseau-mesure.com\\\/#\\\/schema\\\/logo\\\/image\\\/\",\"url\":\"https:\\\/\\\/www.reseau-mesure.com\\\/wp-content\\\/uploads\\\/2018\\\/02\\\/logo-max.png\",\"contentUrl\":\"https:\\\/\\\/www.reseau-mesure.com\\\/wp-content\\\/uploads\\\/2018\\\/02\\\/logo-max.png\",\"width\":545,\"height\":285,\"caption\":\"R\u00e9seau-Mesure\"},\"image\":{\"@id\":\"https:\\\/\\\/www.reseau-mesure.com\\\/#\\\/schema\\\/logo\\\/image\\\/\"},\"sameAs\":[\"https:\\\/\\\/www.facebook.com\\\/reseaumesure\\\/\",\"https:\\\/\\\/x.com\\\/ReseauMesure\",\"https:\\\/\\\/www.linkedin.com\\\/company\\\/reseau-mesure\\\/\"]}]}<\/script>\n<!-- \/ Yoast SEO plugin. -->","yoast_head_json":{"title":"EFFERVESCENCE 2023 - R\u00e9seau Mesure","description":"Le Salon Effervescence permet de rencontrer des PME\/PMI du Val d'Oise, de l'industrie et des services aux entreprises qui repr\u00e9sentent leurs sp\u00e9cialit\u00e9s. Les adh\u00e9rents du R\u00e9seau Mesure seront pr\u00e9sent. Informations et renseignements.","robots":{"index":"index","follow":"follow","max-snippet":"max-snippet:-1","max-image-preview":"max-image-preview:large","max-video-preview":"max-video-preview:-1"},"canonical":"https:\/\/www.reseau-mesure.com\/de\/effervescence-2023\/","og_locale":"de_DE","og_type":"article","og_title":"EFFERVESCENCE 2023 - R\u00e9seau Mesure","og_description":"Le Salon Effervescence permet de rencontrer des PME\/PMI du Val d'Oise, de l'industrie et des services aux entreprises qui repr\u00e9sentent leurs sp\u00e9cialit\u00e9s. Les adh\u00e9rents du R\u00e9seau Mesure seront pr\u00e9sent. Informations et renseignements.","og_url":"https:\/\/www.reseau-mesure.com\/de\/effervescence-2023\/","og_site_name":"R\u00e9seau Mesure","article_publisher":"https:\/\/www.facebook.com\/reseaumesure\/","article_modified_time":"2022-12-12T09:44:28+00:00","og_image":[{"url":"https:\/\/www.reseau-mesure.com\/wp-content\/uploads\/2022\/12\/Bandeau-1024x687.jpg","type":"","width":"","height":""}],"twitter_card":"summary_large_image","twitter_site":"@ReseauMesure","twitter_misc":{"Gesch\u00e4tzte Lesezeit":"2\u00a0Minuten"},"schema":{"@context":"https:\/\/schema.org","@graph":[{"@type":"WebPage","@id":"https:\/\/www.reseau-mesure.com\/effervescence-2023\/","url":"https:\/\/www.reseau-mesure.com\/effervescence-2023\/","name":"EFFERVESCENCE 2023 - R\u00e9seau Mesure","isPartOf":{"@id":"https:\/\/www.reseau-mesure.com\/#website"},"primaryImageOfPage":{"@id":"https:\/\/www.reseau-mesure.com\/effervescence-2023\/#primaryimage"},"image":{"@id":"https:\/\/www.reseau-mesure.com\/effervescence-2023\/#primaryimage"},"thumbnailUrl":"https:\/\/www.reseau-mesure.com\/wp-content\/uploads\/2022\/12\/Bandeau-1024x687.jpg","datePublished":"2022-12-07T10:08:52+00:00","dateModified":"2022-12-12T09:44:28+00:00","description":"Le Salon Effervescence permet de rencontrer des PME\/PMI du Val d'Oise, de l'industrie et des services aux entreprises qui repr\u00e9sentent leurs sp\u00e9cialit\u00e9s. Les adh\u00e9rents du R\u00e9seau Mesure seront pr\u00e9sent. Informations et renseignements.","breadcrumb":{"@id":"https:\/\/www.reseau-mesure.com\/effervescence-2023\/#breadcrumb"},"inLanguage":"de","potentialAction":[{"@type":"ReadAction","target":["https:\/\/www.reseau-mesure.com\/effervescence-2023\/"]}]},{"@type":"ImageObject","inLanguage":"de","@id":"https:\/\/www.reseau-mesure.com\/effervescence-2023\/#primaryimage","url":"https:\/\/www.reseau-mesure.com\/wp-content\/uploads\/2022\/12\/Bandeau-1024x687.jpg","contentUrl":"https:\/\/www.reseau-mesure.com\/wp-content\/uploads\/2022\/12\/Bandeau-1024x687.jpg"},{"@type":"BreadcrumbList","@id":"https:\/\/www.reseau-mesure.com\/effervescence-2023\/#breadcrumb","itemListElement":[{"@type":"ListItem","position":1,"name":"Accueil","item":"https:\/\/www.reseau-mesure.com\/"},{"@type":"ListItem","position":2,"name":"EFFERVESCENCE 2023"}]},{"@type":"WebSite","@id":"https:\/\/www.reseau-mesure.com\/#website","url":"https:\/\/www.reseau-mesure.com\/","name":"Netzwerk-Messung","description":"Netzwerkma\u00dfnahme","publisher":{"@id":"https:\/\/www.reseau-mesure.com\/#organization"},"potentialAction":[{"@type":"SearchAction","target":{"@type":"EntryPoint","urlTemplate":"https:\/\/www.reseau-mesure.com\/?s={search_term_string}"},"query-input":{"@type":"PropertyValueSpecification","valueRequired":true,"valueName":"search_term_string"}}],"inLanguage":"de"},{"@type":"Organization","@id":"https:\/\/www.reseau-mesure.com\/#organization","name":"Netzwerk-Messung","url":"https:\/\/www.reseau-mesure.com\/","logo":{"@type":"ImageObject","inLanguage":"de","@id":"https:\/\/www.reseau-mesure.com\/#\/schema\/logo\/image\/","url":"https:\/\/www.reseau-mesure.com\/wp-content\/uploads\/2018\/02\/logo-max.png","contentUrl":"https:\/\/www.reseau-mesure.com\/wp-content\/uploads\/2018\/02\/logo-max.png","width":545,"height":285,"caption":"R\u00e9seau-Mesure"},"image":{"@id":"https:\/\/www.reseau-mesure.com\/#\/schema\/logo\/image\/"},"sameAs":["https:\/\/www.facebook.com\/reseaumesure\/","https:\/\/x.com\/ReseauMesure","https:\/\/www.linkedin.com\/company\/reseau-mesure\/"]}]}},"_links":{"self":[{"href":"https:\/\/www.reseau-mesure.com\/de\/wp-json\/wp\/v2\/pages\/17846","targetHints":{"allow":["GET"]}}],"collection":[{"href":"https:\/\/www.reseau-mesure.com\/de\/wp-json\/wp\/v2\/pages"}],"about":[{"href":"https:\/\/www.reseau-mesure.com\/de\/wp-json\/wp\/v2\/types\/page"}],"author":[{"embeddable":true,"href":"https:\/\/www.reseau-mesure.com\/de\/wp-json\/wp\/v2\/users\/349"}],"replies":[{"embeddable":true,"href":"https:\/\/www.reseau-mesure.com\/de\/wp-json\/wp\/v2\/comments?post=17846"}],"version-history":[{"count":0,"href":"https:\/\/www.reseau-mesure.com\/de\/wp-json\/wp\/v2\/pages\/17846\/revisions"}],"wp:attachment":[{"href":"https:\/\/www.reseau-mesure.com\/de\/wp-json\/wp\/v2\/media?parent=17846"}],"curies":[{"name":"wp","href":"https:\/\/api.w.org\/{rel}","templated":true}]}}