{"id":19017,"date":"2023-02-15T19:02:40","date_gmt":"2023-02-15T18:02:40","guid":{"rendered":"https:\/\/www.reseau-mesure.com\/?page_id=19017"},"modified":"2024-11-27T10:45:56","modified_gmt":"2024-11-27T09:45:56","slug":"20-ans-5","status":"publish","type":"page","link":"https:\/\/www.reseau-mesure.com\/de\/20-ans-5\/","title":{"rendered":"Das Messnetz feiert sein 20-j\u00e4hriges Bestehen"},"content":{"rendered":"<h2>\n\t\tDas Messnetz feiert sein 20-j\u00e4hriges Bestehen\n\t<\/h2>\n\t\t\t\t<img loading=\"lazy\" decoding=\"async\" src=\"https:\/\/www.reseau-mesure.com\/wp-content\/uploads\/2023\/02\/logo-20-ans-300x212.jpg\" alt=\"20 ANS DU RM\" itemprop=\"image\" height=\"212\" width=\"300\" title=\"20 Jahre Logo\" onerror=\"this.style.display='none'\"  \/>\n\t\t\t<a href=\"https:\/\/youtu.be\/x9arnOMU8cM\" target=\"_self\" rel=\"noopener\">\n\t\t\t\t\t\tEntdecken Sie den Film des Abends\n\t\t\t\t\t<\/a>\n\t<p>&nbsp;<\/p>\n<p>&nbsp;<\/p>\n<p>Quel plaisir de s&rsquo;\u00eatre r\u00e9unis pour f\u00eater les 20 ans de l&rsquo;association \ud83c\udf87<\/p>\n\u00ab\u00a0On ne peut pas am\u00e9liorer ce que l&rsquo;on ne sait pas mesurer.<br \/>\nOn ne peut pas g\u00e9rer ce que l&rsquo;on ne sait pas mesurer.\u00a0\u00bb<br \/>\nW. Edwards Deming\n<p>\ud83d\udc4fMerci \u00e0 chacun d&rsquo;entre vous pour votre pr\u00e9sence et nous sommes tr\u00e8s fiers d&rsquo;avoir accueilli <a href=\"https:\/\/www.linkedin.com\/in\/ACoAABM1Iw8BXQbDwl3frjYQkfESiU-JcyFpHM4\" data-attribute-index=\"0\" data-entity-hovercard-id=\"urn:li:fs_miniProfile:ACoAABM1Iw8BXQbDwl3frjYQkfESiU-JcyFpHM4\" data-entity-type=\"MINI_PROFILE\">Thierry Coorevits<\/a>, Oberst Christophe Lambert und <a href=\"https:\/\/www.linkedin.com\/in\/ACoAAAGKKOUBWHQhUWsuzCT3i7DzXz6pU2lbZNo\" data-attribute-index=\"2\" data-entity-hovercard-id=\"urn:li:fs_miniProfile:ACoAAAGKKOUBWHQhUWsuzCT3i7DzXz6pU2lbZNo\" data-entity-type=\"MINI_PROFILE\">Jean Loup Chr\u00e9tien<\/a>\u00a0die spannende Konferenzen gegeben haben!<\/p>\n<p>\ud83d\udc4f Danke an unsere Gebietspartner, die\u00a0<a href=\"https:\/\/www.linkedin.com\/company\/cci-paris-idf\/\" data-attribute-index=\"4\" data-entity-hovercard-id=\"urn:li:fs_miniCompany:162934\" data-entity-type=\"MINI_COMPANY\">Chambre de commerce et d&rsquo;industrie de r\u00e9gion Paris Ile-de-France<\/a>\u00a0(<a href=\"https:\/\/www.linkedin.com\/in\/ACoAAAJdMeIBv8cQ1_sNHDiVjDSxn0lMKdcTUA8\" data-attribute-index=\"6\" data-entity-hovercard-id=\"urn:li:fs_miniProfile:ACoAAAJdMeIBv8cQ1_sNHDiVjDSxn0lMKdcTUA8\" data-entity-type=\"MINI_PROFILE\">Pierre KUCHLY<\/a>) und das\u00a0<a href=\"https:\/\/www.linkedin.com\/company\/communaut-d'agglom-ration-de-cergy-pontoise\/\" data-attribute-index=\"8\" data-entity-hovercard-id=\"urn:li:fs_miniCompany:1150604\" data-entity-type=\"MINI_COMPANY\">Communaut\u00e9 d&rsquo;agglom\u00e9ration de Cergy Pontoise<\/a>\u00a0(<a href=\"https:\/\/www.linkedin.com\/in\/ACoAAA7ePh8BVkirR7KgwfmWBLBLY_cPvTlxoG4\" data-attribute-index=\"10\" data-entity-hovercard-id=\"urn:li:fs_miniProfile:ACoAAA7ePh8BVkirR7KgwfmWBLBLY_cPvTlxoG4\" data-entity-type=\"MINI_PROFILE\">Le Cam Gilles<\/a>) pour leur soutien depuis la cr\u00e9ation de l&rsquo;association.<\/p>\n<p>\ud83d\udc4fMerci \u00e0 l&rsquo;<a href=\"https:\/\/www.linkedin.com\/company\/essec-business-school\/\" data-attribute-index=\"12\" data-entity-hovercard-id=\"urn:li:fs_miniCompany:11415\" data-entity-type=\"MINI_COMPANY\">ESSEC Business School<\/a>\u00a0de nous avoir accueilli dans son magnifique d\u00f4me et aux \u00e9l\u00e8ve de l&rsquo;\u00e9cole Ferrandi de Saint Gratien.<\/p>\n<p>\ud83d\udc4fMerci \u00e0 nos adh\u00e9rents et nos partenaires qui nous ont aid\u00e9 \u00e0 l&rsquo;organisation de cette soir\u00e9e.<\/p>\n<p>\ud83d\udc4f Danke an\u00a0<a href=\"https:\/\/www.linkedin.com\/company\/zedrimtim\/\" data-attribute-index=\"14\" data-entity-hovercard-id=\"urn:li:fs_miniCompany:1780473\" data-entity-type=\"MINI_COMPANY\">ZEDRIMTIM<\/a>\u00a0pour son professionnalisme, sa cr\u00e9ativit\u00e9 et sa capacit\u00e9 d&rsquo;adaptation !<\/p>\n<p>\ud83c\udf87 Was f\u00fcr ein magischer gemeinsamer Abend! Ma\u00df und Exzess!<\/p>\n<p>Das\u00a0<a href=\"https:\/\/www.linkedin.com\/company\/reseau-mesure\/\" data-attribute-index=\"16\" data-entity-hovercard-id=\"urn:li:fs_miniCompany:11088302\" data-entity-type=\"MINI_COMPANY\">Netzwerkma\u00dfnahme<\/a>\u00a0: ein Netzwerk von Mitgliedern, f\u00fcr Mitglieder.<\/p>\n\t\t\t\t<img loading=\"lazy\" decoding=\"async\" src=\"https:\/\/www.reseau-mesure.com\/wp-content\/uploads\/2023\/02\/invitation_20ans_Re\u0301seau_Mesure-p3-b.jpg\" alt=\"Programme des 20 ans du R\u00e9seau Mesure\" itemprop=\"image\" height=\"1880\" width=\"1894\" title=\"invitation_20ans_R\u00e9seau_Mesure-p3 b\" onerror=\"this.style.display='none'\"  \/>\n\t\t\t\t<img decoding=\"async\" src=\"https:\/\/www.reseau-mesure.com\/wp-content\/plugins\/bb-plugin\/img\/pixel.png\" alt=\"\" itemprop=\"image\" onerror=\"this.style.display='none'\"  \/>\n\t\t\t\t<img loading=\"lazy\" decoding=\"async\" src=\"https:\/\/www.reseau-mesure.com\/wp-content\/uploads\/2023\/02\/invitation_20ans_Re\u0301seau_Mesure-p4-b.jpg\" alt=\"Jean Loup Chr\u00e9tien\" itemprop=\"image\" height=\"1880\" width=\"1894\" title=\"invitation_20ans_R\u00e9seau_Mesure-p4 b\" onerror=\"this.style.display='none'\"  \/>","protected":false},"excerpt":{"rendered":"<p>Le R\u00e9seau Mesure f\u00eate ses 20 ans D\u00e9couvrez le film de la soir\u00e9e &nbsp; &nbsp; Quel plaisir de s&rsquo;\u00eatre r\u00e9unis pour f\u00eater les 20 ans de l&rsquo;association \ud83c\udf87 \u00ab\u00a0On ne peut pas am\u00e9liorer ce que l&rsquo;on ne sait pas mesurer. On ne peut pas g\u00e9rer ce que l&rsquo;on ne sait pas mesurer.\u00a0\u00bb W. Edwards Deming&hellip;<\/p>","protected":false},"author":720,"featured_media":0,"parent":0,"menu_order":0,"comment_status":"closed","ping_status":"closed","template":"","meta":{"_acf_changed":false,"footnotes":""},"class_list":["post-19017","page","type-page","status-publish","hentry"],"acf":[],"yoast_head":"<!-- This site is optimized with the Yoast SEO plugin v27.5 - https:\/\/yoast.com\/product\/yoast-seo-wordpress\/ -->\n<title>Le R\u00e9seau Mesure f\u00eate ses 20 ans - R\u00e9seau Mesure<\/title>\n<meta name=\"description\" content=\"Le R\u00e9seau Mesure a r\u00e9uni ses partenaires et ses adh\u00e9rents pour f\u00eater ses 20 ans lors d&#039;une soir\u00e9e conf\u00e9rences.\" \/>\n<meta name=\"robots\" content=\"index, follow, max-snippet:-1, max-image-preview:large, max-video-preview:-1\" \/>\n<link rel=\"canonical\" href=\"https:\/\/www.reseau-mesure.com\/de\/20-ans-5\/\" \/>\n<meta property=\"og:locale\" content=\"de_DE\" \/>\n<meta property=\"og:type\" content=\"article\" \/>\n<meta property=\"og:title\" content=\"Le R\u00e9seau Mesure f\u00eate ses 20 ans - R\u00e9seau Mesure\" \/>\n<meta property=\"og:description\" content=\"Le R\u00e9seau Mesure a r\u00e9uni ses partenaires et ses adh\u00e9rents pour f\u00eater ses 20 ans lors d&#039;une soir\u00e9e conf\u00e9rences.\" \/>\n<meta property=\"og:url\" content=\"https:\/\/www.reseau-mesure.com\/de\/20-ans-5\/\" \/>\n<meta property=\"og:site_name\" content=\"R\u00e9seau Mesure\" \/>\n<meta property=\"article:publisher\" content=\"https:\/\/www.facebook.com\/reseaumesure\/\" \/>\n<meta property=\"article:modified_time\" content=\"2024-11-27T09:45:56+00:00\" \/>\n<meta property=\"og:image\" content=\"https:\/\/www.reseau-mesure.com\/wp-content\/uploads\/2023\/02\/logo-20-ans-300x212.jpg\" \/>\n<meta name=\"twitter:card\" content=\"summary_large_image\" \/>\n<meta name=\"twitter:site\" content=\"@ReseauMesure\" \/>\n<meta name=\"twitter:label1\" content=\"Gesch\u00e4tzte Lesezeit\" \/>\n\t<meta name=\"twitter:data1\" content=\"2\u00a0Minuten\" \/>\n<script type=\"application\/ld+json\" class=\"yoast-schema-graph\">{\"@context\":\"https:\\\/\\\/schema.org\",\"@graph\":[{\"@type\":\"WebPage\",\"@id\":\"https:\\\/\\\/www.reseau-mesure.com\\\/20-ans-5\\\/\",\"url\":\"https:\\\/\\\/www.reseau-mesure.com\\\/20-ans-5\\\/\",\"name\":\"Le R\u00e9seau Mesure f\u00eate ses 20 ans - R\u00e9seau Mesure\",\"isPartOf\":{\"@id\":\"https:\\\/\\\/www.reseau-mesure.com\\\/#website\"},\"primaryImageOfPage\":{\"@id\":\"https:\\\/\\\/www.reseau-mesure.com\\\/20-ans-5\\\/#primaryimage\"},\"image\":{\"@id\":\"https:\\\/\\\/www.reseau-mesure.com\\\/20-ans-5\\\/#primaryimage\"},\"thumbnailUrl\":\"https:\\\/\\\/www.reseau-mesure.com\\\/wp-content\\\/uploads\\\/2023\\\/02\\\/logo-20-ans-300x212.jpg\",\"datePublished\":\"2023-02-15T18:02:40+00:00\",\"dateModified\":\"2024-11-27T09:45:56+00:00\",\"description\":\"Le R\u00e9seau Mesure a r\u00e9uni ses partenaires et ses adh\u00e9rents pour f\u00eater ses 20 ans lors d'une soir\u00e9e conf\u00e9rences.\",\"breadcrumb\":{\"@id\":\"https:\\\/\\\/www.reseau-mesure.com\\\/20-ans-5\\\/#breadcrumb\"},\"inLanguage\":\"de\",\"potentialAction\":[{\"@type\":\"ReadAction\",\"target\":[\"https:\\\/\\\/www.reseau-mesure.com\\\/20-ans-5\\\/\"]}]},{\"@type\":\"ImageObject\",\"inLanguage\":\"de\",\"@id\":\"https:\\\/\\\/www.reseau-mesure.com\\\/20-ans-5\\\/#primaryimage\",\"url\":\"https:\\\/\\\/www.reseau-mesure.com\\\/wp-content\\\/uploads\\\/2023\\\/02\\\/logo-20-ans-300x212.jpg\",\"contentUrl\":\"https:\\\/\\\/www.reseau-mesure.com\\\/wp-content\\\/uploads\\\/2023\\\/02\\\/logo-20-ans-300x212.jpg\"},{\"@type\":\"BreadcrumbList\",\"@id\":\"https:\\\/\\\/www.reseau-mesure.com\\\/20-ans-5\\\/#breadcrumb\",\"itemListElement\":[{\"@type\":\"ListItem\",\"position\":1,\"name\":\"Accueil\",\"item\":\"https:\\\/\\\/www.reseau-mesure.com\\\/\"},{\"@type\":\"ListItem\",\"position\":2,\"name\":\"Le R\u00e9seau Mesure f\u00eate ses 20 ans\"}]},{\"@type\":\"WebSite\",\"@id\":\"https:\\\/\\\/www.reseau-mesure.com\\\/#website\",\"url\":\"https:\\\/\\\/www.reseau-mesure.com\\\/\",\"name\":\"R\u00e9seau-Mesure\",\"description\":\"R\u00e9seau Mesure\",\"publisher\":{\"@id\":\"https:\\\/\\\/www.reseau-mesure.com\\\/#organization\"},\"potentialAction\":[{\"@type\":\"SearchAction\",\"target\":{\"@type\":\"EntryPoint\",\"urlTemplate\":\"https:\\\/\\\/www.reseau-mesure.com\\\/?s={search_term_string}\"},\"query-input\":{\"@type\":\"PropertyValueSpecification\",\"valueRequired\":true,\"valueName\":\"search_term_string\"}}],\"inLanguage\":\"de\"},{\"@type\":\"Organization\",\"@id\":\"https:\\\/\\\/www.reseau-mesure.com\\\/#organization\",\"name\":\"R\u00e9seau-Mesure\",\"url\":\"https:\\\/\\\/www.reseau-mesure.com\\\/\",\"logo\":{\"@type\":\"ImageObject\",\"inLanguage\":\"de\",\"@id\":\"https:\\\/\\\/www.reseau-mesure.com\\\/#\\\/schema\\\/logo\\\/image\\\/\",\"url\":\"https:\\\/\\\/www.reseau-mesure.com\\\/wp-content\\\/uploads\\\/2018\\\/02\\\/logo-max.png\",\"contentUrl\":\"https:\\\/\\\/www.reseau-mesure.com\\\/wp-content\\\/uploads\\\/2018\\\/02\\\/logo-max.png\",\"width\":545,\"height\":285,\"caption\":\"R\u00e9seau-Mesure\"},\"image\":{\"@id\":\"https:\\\/\\\/www.reseau-mesure.com\\\/#\\\/schema\\\/logo\\\/image\\\/\"},\"sameAs\":[\"https:\\\/\\\/www.facebook.com\\\/reseaumesure\\\/\",\"https:\\\/\\\/x.com\\\/ReseauMesure\",\"https:\\\/\\\/www.linkedin.com\\\/company\\\/reseau-mesure\\\/\"]}]}<\/script>\n<!-- \/ Yoast SEO plugin. -->","yoast_head_json":{"title":"Le R\u00e9seau Mesure f\u00eate ses 20 ans - R\u00e9seau Mesure","description":"Le R\u00e9seau Mesure a r\u00e9uni ses partenaires et ses adh\u00e9rents pour f\u00eater ses 20 ans lors d'une soir\u00e9e conf\u00e9rences.","robots":{"index":"index","follow":"follow","max-snippet":"max-snippet:-1","max-image-preview":"max-image-preview:large","max-video-preview":"max-video-preview:-1"},"canonical":"https:\/\/www.reseau-mesure.com\/de\/20-ans-5\/","og_locale":"de_DE","og_type":"article","og_title":"Le R\u00e9seau Mesure f\u00eate ses 20 ans - R\u00e9seau Mesure","og_description":"Le R\u00e9seau Mesure a r\u00e9uni ses partenaires et ses adh\u00e9rents pour f\u00eater ses 20 ans lors d'une soir\u00e9e conf\u00e9rences.","og_url":"https:\/\/www.reseau-mesure.com\/de\/20-ans-5\/","og_site_name":"R\u00e9seau Mesure","article_publisher":"https:\/\/www.facebook.com\/reseaumesure\/","article_modified_time":"2024-11-27T09:45:56+00:00","og_image":[{"url":"https:\/\/www.reseau-mesure.com\/wp-content\/uploads\/2023\/02\/logo-20-ans-300x212.jpg","type":"","width":"","height":""}],"twitter_card":"summary_large_image","twitter_site":"@ReseauMesure","twitter_misc":{"Gesch\u00e4tzte Lesezeit":"2\u00a0Minuten"},"schema":{"@context":"https:\/\/schema.org","@graph":[{"@type":"WebPage","@id":"https:\/\/www.reseau-mesure.com\/20-ans-5\/","url":"https:\/\/www.reseau-mesure.com\/20-ans-5\/","name":"Le R\u00e9seau Mesure f\u00eate ses 20 ans - R\u00e9seau Mesure","isPartOf":{"@id":"https:\/\/www.reseau-mesure.com\/#website"},"primaryImageOfPage":{"@id":"https:\/\/www.reseau-mesure.com\/20-ans-5\/#primaryimage"},"image":{"@id":"https:\/\/www.reseau-mesure.com\/20-ans-5\/#primaryimage"},"thumbnailUrl":"https:\/\/www.reseau-mesure.com\/wp-content\/uploads\/2023\/02\/logo-20-ans-300x212.jpg","datePublished":"2023-02-15T18:02:40+00:00","dateModified":"2024-11-27T09:45:56+00:00","description":"Le R\u00e9seau Mesure a r\u00e9uni ses partenaires et ses adh\u00e9rents pour f\u00eater ses 20 ans lors d'une soir\u00e9e conf\u00e9rences.","breadcrumb":{"@id":"https:\/\/www.reseau-mesure.com\/20-ans-5\/#breadcrumb"},"inLanguage":"de","potentialAction":[{"@type":"ReadAction","target":["https:\/\/www.reseau-mesure.com\/20-ans-5\/"]}]},{"@type":"ImageObject","inLanguage":"de","@id":"https:\/\/www.reseau-mesure.com\/20-ans-5\/#primaryimage","url":"https:\/\/www.reseau-mesure.com\/wp-content\/uploads\/2023\/02\/logo-20-ans-300x212.jpg","contentUrl":"https:\/\/www.reseau-mesure.com\/wp-content\/uploads\/2023\/02\/logo-20-ans-300x212.jpg"},{"@type":"BreadcrumbList","@id":"https:\/\/www.reseau-mesure.com\/20-ans-5\/#breadcrumb","itemListElement":[{"@type":"ListItem","position":1,"name":"Accueil","item":"https:\/\/www.reseau-mesure.com\/"},{"@type":"ListItem","position":2,"name":"Le R\u00e9seau Mesure f\u00eate ses 20 ans"}]},{"@type":"WebSite","@id":"https:\/\/www.reseau-mesure.com\/#website","url":"https:\/\/www.reseau-mesure.com\/","name":"Netzwerk-Messung","description":"Netzwerkma\u00dfnahme","publisher":{"@id":"https:\/\/www.reseau-mesure.com\/#organization"},"potentialAction":[{"@type":"SearchAction","target":{"@type":"EntryPoint","urlTemplate":"https:\/\/www.reseau-mesure.com\/?s={search_term_string}"},"query-input":{"@type":"PropertyValueSpecification","valueRequired":true,"valueName":"search_term_string"}}],"inLanguage":"de"},{"@type":"Organization","@id":"https:\/\/www.reseau-mesure.com\/#organization","name":"Netzwerk-Messung","url":"https:\/\/www.reseau-mesure.com\/","logo":{"@type":"ImageObject","inLanguage":"de","@id":"https:\/\/www.reseau-mesure.com\/#\/schema\/logo\/image\/","url":"https:\/\/www.reseau-mesure.com\/wp-content\/uploads\/2018\/02\/logo-max.png","contentUrl":"https:\/\/www.reseau-mesure.com\/wp-content\/uploads\/2018\/02\/logo-max.png","width":545,"height":285,"caption":"R\u00e9seau-Mesure"},"image":{"@id":"https:\/\/www.reseau-mesure.com\/#\/schema\/logo\/image\/"},"sameAs":["https:\/\/www.facebook.com\/reseaumesure\/","https:\/\/x.com\/ReseauMesure","https:\/\/www.linkedin.com\/company\/reseau-mesure\/"]}]}},"_links":{"self":[{"href":"https:\/\/www.reseau-mesure.com\/de\/wp-json\/wp\/v2\/pages\/19017","targetHints":{"allow":["GET"]}}],"collection":[{"href":"https:\/\/www.reseau-mesure.com\/de\/wp-json\/wp\/v2\/pages"}],"about":[{"href":"https:\/\/www.reseau-mesure.com\/de\/wp-json\/wp\/v2\/types\/page"}],"author":[{"embeddable":true,"href":"https:\/\/www.reseau-mesure.com\/de\/wp-json\/wp\/v2\/users\/720"}],"replies":[{"embeddable":true,"href":"https:\/\/www.reseau-mesure.com\/de\/wp-json\/wp\/v2\/comments?post=19017"}],"version-history":[{"count":0,"href":"https:\/\/www.reseau-mesure.com\/de\/wp-json\/wp\/v2\/pages\/19017\/revisions"}],"wp:attachment":[{"href":"https:\/\/www.reseau-mesure.com\/de\/wp-json\/wp\/v2\/media?parent=19017"}],"curies":[{"name":"wp","href":"https:\/\/api.w.org\/{rel}","templated":true}]}}