{"id":22937,"date":"2024-08-23T16:37:28","date_gmt":"2024-08-23T14:37:28","guid":{"rendered":"https:\/\/www.reseau-mesure.com\/?page_id=22937"},"modified":"2024-08-23T16:41:49","modified_gmt":"2024-08-23T14:41:49","slug":"comet-2025-rm","status":"publish","type":"page","link":"https:\/\/www.reseau-mesure.com\/de\/comet-2025-rm\/","title":{"rendered":"COMET 2025"},"content":{"rendered":"<a href=\"https:\/\/www.comet-congress.com\/fr\/\" target=\"_self\" itemprop=\"url\" rel=\"noopener\">\n\t\t\t\t<img loading=\"lazy\" decoding=\"async\" src=\"https:\/\/www.reseau-mesure.com\/wp-content\/uploads\/2024\/08\/visuel-COMET-300x166.jpg\" alt=\"COMET 2025\" itemprop=\"image\" height=\"166\" width=\"300\" title=\"visuel COMET\" onerror=\"this.style.display='none'\"  \/>\n\t\t\t\t<\/a>\n\t<p><b>2 jours de congr\u00e8s<\/b><\/p>\n\t<p><strong>22 et 23<\/strong><\/p>\n<p><strong>Janvier<\/strong><\/p>\n<p><strong> 2025<\/strong><\/p>\n\t<p><strong>Universit\u00e9 de Cergy<\/strong><\/p>\n<p><strong>und<\/strong><\/p>\n<p><strong>En Digital<\/strong><\/p>\n\t\t\t<a href=\"mailto:eduflot@reseau-mesure.com\" target=\"_self\" rel=\"noopener\">\n\t\t\t\t\t\t\tAnmeldungen\n\t\t\t\t\t<\/a>\n\t<p><strong>L&rsquo;\u00e9v\u00e9nement scientifique unique d\u00e9di\u00e9 <\/strong><strong>\u00e0 la Mesure &amp; Test Cosm\u00e9tique (COMET)<\/strong><\/p>\n\t<p>Le congr\u00e8s COMET (Cosmetic Measurement &amp; Testing)\u00a0revient pour sa 6\u00e8me \u00e9dition les 22 et 23 janvier 2025, \u00e0 Cergy et en Digital.<\/p>\n<p>&nbsp;<\/p>\n<p>Congr\u00e8s organis\u00e9 par COSMETIC VALLEY et CY Cergy Paris Universit\u00e9, avec le soutien de l&rsquo;Agglom\u00e9ration de Cergy Pontoise, et en partenariat avec le R\u00e9seau Mesure.<\/p>\n<p>&nbsp;<\/p>\n<p>\u2747\ufe0f Il a vocation \u00e0 rassembler les acteurs du secteur parfumerie-cosm\u00e9tique, acad\u00e9miques et industriels, afin de partager et diffuser les derni\u00e8res avanc\u00e9es scientifiques et technologiques du domaine. \u2747\ufe0f<\/p>\n<p>&nbsp;<\/p>\n<p>La compr\u00e9hension des supports biologiques peau-ongle-cheveu, et de leurs interactions avec le produit cosm\u00e9tique est un enjeu majeur pour la fili\u00e8re. Dans un contexte de transition int\u00e9grant une utilisation croissante de compos\u00e9s naturels et une acc\u00e9l\u00e9ration des nouvelles technologies, le secteur des tests et mesures est plus que jamais au c\u0153ur de la recherche et l&rsquo;innovation de la fili\u00e8re parfumerie-cosm\u00e9tique.<\/p>\n<p>&nbsp;<\/p>\n<p>\u27a1\ufe0f Plusieurs formats de participation sont possibles \u00e0 cet \u00e9v\u00e8nement :<\/p>\n<a href=\"https:\/\/www.comet-congress.com\/fr\/registration\/656898db35406e5507fae7ed?force_new_registration=true\">Conf\u00e9rencier<\/a><br \/>\nSoumettez un r\u00e9sum\u00e9 de votre conf\u00e9rence ou poster (\u00ab\u00a0abstract\u00a0\u00bb), dans l&rsquo;un des 8 th\u00e8mes propos\u00e9s. Si vous \u00eates retenu, intervenez ou pr\u00e9sentez un poster lors du congr\u00e8s &gt; soumission des abstracts avant le 4 octobre\u00a02024\n<p>&nbsp;<\/p>\n<a href=\"https:\/\/www.comet-congress.com\/fr\/registration\/656898c135406e5507fae671?force_new_registration=true\">Congressiste<\/a><br \/>\nVenez d\u00e9couvrir les derni\u00e8res innovations en mati\u00e8re de tests et mesures et \u00e9changer avec vos pairs \/\/ Inscription au tarif \u00ab\u00a0Early Booking\u00a0\u00bb (-20%) jusqu&rsquo;au 1er novembre 2024\n<p>Au del\u00e0 du 1er novembre, tarif adh\u00e9rents COSMETIC VALLEY &amp; R\u00e9seau Mesure (-15%)<\/p>\n<p>&nbsp;<\/p>\n<a href=\"https:\/\/www.comet-congress.com\/fr\/exposer\">Exposant<\/a><br \/>\nPr\u00e9sentez votre savoir-faire lors des temps de pause du congr\u00e8s, et \u00e9largissez votre r\u00e9seau parfumerie-cosm\u00e9tique\n<p>&nbsp;<\/p>\n<a href=\"https:\/\/www.comet-congress.com\/fr\/sponsoring\">Sponsor<\/a><br \/>\nSoyez visible, et positionnez vous en tant qu&rsquo;acteur majeur aupr\u00e8s de 200 experts du secteur.\n\t\t\t<a href=\"https:\/\/www.reseau-mesure.com\/wp-content\/uploads\/2024\/08\/MD240904-COSMETIC_VALLEY-COMET-Appelacommunication-A4-WEB-1.pdf\" target=\"_self\" rel=\"noopener\">\n\t\t\t\t\t\t\tLes th\u00e8mes d\u00e9taill\u00e9s de l&rsquo;appel \u00e0 communications \n\t\t\t\t\t<\/a>\n\t\t\t<a href=\"https:\/\/www.reseau-mesure.com\/wp-content\/uploads\/2024\/08\/BD240626-COSMETIC_VALLEY-COMET-Book_sponsoring-stand-1.pdf\" target=\"_self\" rel=\"noopener\">\n\t\t\t\t\t\t\tLe dossier de sponsoring &#038; stands \n\t\t\t\t\t<\/a>","protected":false},"excerpt":{"rendered":"<p>2 jours de congr\u00e8s 22 et 23 Janvier 2025 Universit\u00e9 de Cergy et En Digital Inscriptions L&rsquo;\u00e9v\u00e9nement scientifique unique d\u00e9di\u00e9 \u00e0 la Mesure &amp; Test Cosm\u00e9tique (COMET) Le congr\u00e8s COMET (Cosmetic Measurement &amp; Testing)\u00a0revient pour sa 6\u00e8me \u00e9dition les 22 et 23 janvier 2025, \u00e0 Cergy et en Digital. &nbsp; Congr\u00e8s organis\u00e9 par COSMETIC VALLEY&hellip;<\/p>","protected":false},"author":720,"featured_media":0,"parent":0,"menu_order":0,"comment_status":"closed","ping_status":"closed","template":"","meta":{"_acf_changed":false,"footnotes":""},"class_list":["post-22937","page","type-page","status-publish","hentry"],"acf":[],"yoast_head":"<!-- This site is optimized with the Yoast SEO plugin v27.5 - https:\/\/yoast.com\/product\/yoast-seo-wordpress\/ -->\n<title>COMET 2025 - R\u00e9seau Mesure<\/title>\n<meta name=\"description\" content=\"Le congr\u00e8s COMET (Cosmetic Measurement &amp; Testing) revient pour sa 6\u00e8me \u00e9dition les 22 et 23 janvier 2025, \u00e0 Cergy et en Digital.\" \/>\n<meta name=\"robots\" content=\"index, follow, max-snippet:-1, max-image-preview:large, max-video-preview:-1\" \/>\n<link rel=\"canonical\" href=\"https:\/\/www.reseau-mesure.com\/de\/comet-2025-rm\/\" \/>\n<meta property=\"og:locale\" content=\"de_DE\" \/>\n<meta property=\"og:type\" content=\"article\" \/>\n<meta property=\"og:title\" content=\"COMET 2025 - R\u00e9seau Mesure\" \/>\n<meta property=\"og:description\" content=\"Le congr\u00e8s COMET (Cosmetic Measurement &amp; Testing) revient pour sa 6\u00e8me \u00e9dition les 22 et 23 janvier 2025, \u00e0 Cergy et en Digital.\" \/>\n<meta property=\"og:url\" content=\"https:\/\/www.reseau-mesure.com\/de\/comet-2025-rm\/\" \/>\n<meta property=\"og:site_name\" content=\"R\u00e9seau Mesure\" \/>\n<meta property=\"article:publisher\" content=\"https:\/\/www.facebook.com\/reseaumesure\/\" \/>\n<meta property=\"article:modified_time\" content=\"2024-08-23T14:41:49+00:00\" \/>\n<meta property=\"og:image\" content=\"https:\/\/www.reseau-mesure.com\/wp-content\/uploads\/2024\/08\/visuel-COMET-300x166.jpg\" \/>\n<meta name=\"twitter:card\" content=\"summary_large_image\" \/>\n<meta name=\"twitter:site\" content=\"@ReseauMesure\" \/>\n<meta name=\"twitter:label1\" content=\"Gesch\u00e4tzte Lesezeit\" \/>\n\t<meta name=\"twitter:data1\" content=\"2\u00a0Minuten\" \/>\n<script type=\"application\/ld+json\" class=\"yoast-schema-graph\">{\"@context\":\"https:\\\/\\\/schema.org\",\"@graph\":[{\"@type\":\"WebPage\",\"@id\":\"https:\\\/\\\/www.reseau-mesure.com\\\/comet-2025-rm\\\/\",\"url\":\"https:\\\/\\\/www.reseau-mesure.com\\\/comet-2025-rm\\\/\",\"name\":\"COMET 2025 - R\u00e9seau Mesure\",\"isPartOf\":{\"@id\":\"https:\\\/\\\/www.reseau-mesure.com\\\/#website\"},\"primaryImageOfPage\":{\"@id\":\"https:\\\/\\\/www.reseau-mesure.com\\\/comet-2025-rm\\\/#primaryimage\"},\"image\":{\"@id\":\"https:\\\/\\\/www.reseau-mesure.com\\\/comet-2025-rm\\\/#primaryimage\"},\"thumbnailUrl\":\"https:\\\/\\\/www.reseau-mesure.com\\\/wp-content\\\/uploads\\\/2024\\\/08\\\/visuel-COMET-300x166.jpg\",\"datePublished\":\"2024-08-23T14:37:28+00:00\",\"dateModified\":\"2024-08-23T14:41:49+00:00\",\"description\":\"Le congr\u00e8s COMET (Cosmetic Measurement & Testing) revient pour sa 6\u00e8me \u00e9dition les 22 et 23 janvier 2025, \u00e0 Cergy et en Digital.\",\"breadcrumb\":{\"@id\":\"https:\\\/\\\/www.reseau-mesure.com\\\/comet-2025-rm\\\/#breadcrumb\"},\"inLanguage\":\"de\",\"potentialAction\":[{\"@type\":\"ReadAction\",\"target\":[\"https:\\\/\\\/www.reseau-mesure.com\\\/comet-2025-rm\\\/\"]}]},{\"@type\":\"ImageObject\",\"inLanguage\":\"de\",\"@id\":\"https:\\\/\\\/www.reseau-mesure.com\\\/comet-2025-rm\\\/#primaryimage\",\"url\":\"https:\\\/\\\/www.reseau-mesure.com\\\/wp-content\\\/uploads\\\/2024\\\/08\\\/visuel-COMET-300x166.jpg\",\"contentUrl\":\"https:\\\/\\\/www.reseau-mesure.com\\\/wp-content\\\/uploads\\\/2024\\\/08\\\/visuel-COMET-300x166.jpg\"},{\"@type\":\"BreadcrumbList\",\"@id\":\"https:\\\/\\\/www.reseau-mesure.com\\\/comet-2025-rm\\\/#breadcrumb\",\"itemListElement\":[{\"@type\":\"ListItem\",\"position\":1,\"name\":\"Accueil\",\"item\":\"https:\\\/\\\/www.reseau-mesure.com\\\/\"},{\"@type\":\"ListItem\",\"position\":2,\"name\":\"COMET 2025\"}]},{\"@type\":\"WebSite\",\"@id\":\"https:\\\/\\\/www.reseau-mesure.com\\\/#website\",\"url\":\"https:\\\/\\\/www.reseau-mesure.com\\\/\",\"name\":\"R\u00e9seau-Mesure\",\"description\":\"R\u00e9seau Mesure\",\"publisher\":{\"@id\":\"https:\\\/\\\/www.reseau-mesure.com\\\/#organization\"},\"potentialAction\":[{\"@type\":\"SearchAction\",\"target\":{\"@type\":\"EntryPoint\",\"urlTemplate\":\"https:\\\/\\\/www.reseau-mesure.com\\\/?s={search_term_string}\"},\"query-input\":{\"@type\":\"PropertyValueSpecification\",\"valueRequired\":true,\"valueName\":\"search_term_string\"}}],\"inLanguage\":\"de\"},{\"@type\":\"Organization\",\"@id\":\"https:\\\/\\\/www.reseau-mesure.com\\\/#organization\",\"name\":\"R\u00e9seau-Mesure\",\"url\":\"https:\\\/\\\/www.reseau-mesure.com\\\/\",\"logo\":{\"@type\":\"ImageObject\",\"inLanguage\":\"de\",\"@id\":\"https:\\\/\\\/www.reseau-mesure.com\\\/#\\\/schema\\\/logo\\\/image\\\/\",\"url\":\"https:\\\/\\\/www.reseau-mesure.com\\\/wp-content\\\/uploads\\\/2018\\\/02\\\/logo-max.png\",\"contentUrl\":\"https:\\\/\\\/www.reseau-mesure.com\\\/wp-content\\\/uploads\\\/2018\\\/02\\\/logo-max.png\",\"width\":545,\"height\":285,\"caption\":\"R\u00e9seau-Mesure\"},\"image\":{\"@id\":\"https:\\\/\\\/www.reseau-mesure.com\\\/#\\\/schema\\\/logo\\\/image\\\/\"},\"sameAs\":[\"https:\\\/\\\/www.facebook.com\\\/reseaumesure\\\/\",\"https:\\\/\\\/x.com\\\/ReseauMesure\",\"https:\\\/\\\/www.linkedin.com\\\/company\\\/reseau-mesure\\\/\"]}]}<\/script>\n<!-- \/ Yoast SEO plugin. -->","yoast_head_json":{"title":"COMET 2025 - R\u00e9seau Mesure","description":"Le congr\u00e8s COMET (Cosmetic Measurement & Testing) revient pour sa 6\u00e8me \u00e9dition les 22 et 23 janvier 2025, \u00e0 Cergy et en Digital.","robots":{"index":"index","follow":"follow","max-snippet":"max-snippet:-1","max-image-preview":"max-image-preview:large","max-video-preview":"max-video-preview:-1"},"canonical":"https:\/\/www.reseau-mesure.com\/de\/comet-2025-rm\/","og_locale":"de_DE","og_type":"article","og_title":"COMET 2025 - R\u00e9seau Mesure","og_description":"Le congr\u00e8s COMET (Cosmetic Measurement & Testing) revient pour sa 6\u00e8me \u00e9dition les 22 et 23 janvier 2025, \u00e0 Cergy et en Digital.","og_url":"https:\/\/www.reseau-mesure.com\/de\/comet-2025-rm\/","og_site_name":"R\u00e9seau Mesure","article_publisher":"https:\/\/www.facebook.com\/reseaumesure\/","article_modified_time":"2024-08-23T14:41:49+00:00","og_image":[{"url":"https:\/\/www.reseau-mesure.com\/wp-content\/uploads\/2024\/08\/visuel-COMET-300x166.jpg","type":"","width":"","height":""}],"twitter_card":"summary_large_image","twitter_site":"@ReseauMesure","twitter_misc":{"Gesch\u00e4tzte Lesezeit":"2\u00a0Minuten"},"schema":{"@context":"https:\/\/schema.org","@graph":[{"@type":"WebPage","@id":"https:\/\/www.reseau-mesure.com\/comet-2025-rm\/","url":"https:\/\/www.reseau-mesure.com\/comet-2025-rm\/","name":"COMET 2025 - R\u00e9seau Mesure","isPartOf":{"@id":"https:\/\/www.reseau-mesure.com\/#website"},"primaryImageOfPage":{"@id":"https:\/\/www.reseau-mesure.com\/comet-2025-rm\/#primaryimage"},"image":{"@id":"https:\/\/www.reseau-mesure.com\/comet-2025-rm\/#primaryimage"},"thumbnailUrl":"https:\/\/www.reseau-mesure.com\/wp-content\/uploads\/2024\/08\/visuel-COMET-300x166.jpg","datePublished":"2024-08-23T14:37:28+00:00","dateModified":"2024-08-23T14:41:49+00:00","description":"Le congr\u00e8s COMET (Cosmetic Measurement & Testing) revient pour sa 6\u00e8me \u00e9dition les 22 et 23 janvier 2025, \u00e0 Cergy et en Digital.","breadcrumb":{"@id":"https:\/\/www.reseau-mesure.com\/comet-2025-rm\/#breadcrumb"},"inLanguage":"de","potentialAction":[{"@type":"ReadAction","target":["https:\/\/www.reseau-mesure.com\/comet-2025-rm\/"]}]},{"@type":"ImageObject","inLanguage":"de","@id":"https:\/\/www.reseau-mesure.com\/comet-2025-rm\/#primaryimage","url":"https:\/\/www.reseau-mesure.com\/wp-content\/uploads\/2024\/08\/visuel-COMET-300x166.jpg","contentUrl":"https:\/\/www.reseau-mesure.com\/wp-content\/uploads\/2024\/08\/visuel-COMET-300x166.jpg"},{"@type":"BreadcrumbList","@id":"https:\/\/www.reseau-mesure.com\/comet-2025-rm\/#breadcrumb","itemListElement":[{"@type":"ListItem","position":1,"name":"Accueil","item":"https:\/\/www.reseau-mesure.com\/"},{"@type":"ListItem","position":2,"name":"COMET 2025"}]},{"@type":"WebSite","@id":"https:\/\/www.reseau-mesure.com\/#website","url":"https:\/\/www.reseau-mesure.com\/","name":"Netzwerk-Messung","description":"Netzwerkma\u00dfnahme","publisher":{"@id":"https:\/\/www.reseau-mesure.com\/#organization"},"potentialAction":[{"@type":"SearchAction","target":{"@type":"EntryPoint","urlTemplate":"https:\/\/www.reseau-mesure.com\/?s={search_term_string}"},"query-input":{"@type":"PropertyValueSpecification","valueRequired":true,"valueName":"search_term_string"}}],"inLanguage":"de"},{"@type":"Organization","@id":"https:\/\/www.reseau-mesure.com\/#organization","name":"Netzwerk-Messung","url":"https:\/\/www.reseau-mesure.com\/","logo":{"@type":"ImageObject","inLanguage":"de","@id":"https:\/\/www.reseau-mesure.com\/#\/schema\/logo\/image\/","url":"https:\/\/www.reseau-mesure.com\/wp-content\/uploads\/2018\/02\/logo-max.png","contentUrl":"https:\/\/www.reseau-mesure.com\/wp-content\/uploads\/2018\/02\/logo-max.png","width":545,"height":285,"caption":"R\u00e9seau-Mesure"},"image":{"@id":"https:\/\/www.reseau-mesure.com\/#\/schema\/logo\/image\/"},"sameAs":["https:\/\/www.facebook.com\/reseaumesure\/","https:\/\/x.com\/ReseauMesure","https:\/\/www.linkedin.com\/company\/reseau-mesure\/"]}]}},"_links":{"self":[{"href":"https:\/\/www.reseau-mesure.com\/de\/wp-json\/wp\/v2\/pages\/22937","targetHints":{"allow":["GET"]}}],"collection":[{"href":"https:\/\/www.reseau-mesure.com\/de\/wp-json\/wp\/v2\/pages"}],"about":[{"href":"https:\/\/www.reseau-mesure.com\/de\/wp-json\/wp\/v2\/types\/page"}],"author":[{"embeddable":true,"href":"https:\/\/www.reseau-mesure.com\/de\/wp-json\/wp\/v2\/users\/720"}],"replies":[{"embeddable":true,"href":"https:\/\/www.reseau-mesure.com\/de\/wp-json\/wp\/v2\/comments?post=22937"}],"version-history":[{"count":0,"href":"https:\/\/www.reseau-mesure.com\/de\/wp-json\/wp\/v2\/pages\/22937\/revisions"}],"wp:attachment":[{"href":"https:\/\/www.reseau-mesure.com\/de\/wp-json\/wp\/v2\/media?parent=22937"}],"curies":[{"name":"wp","href":"https:\/\/api.w.org\/{rel}","templated":true}]}}