{"id":28748,"date":"2025-10-28T16:05:54","date_gmt":"2025-10-28T15:05:54","guid":{"rendered":"https:\/\/www.reseau-mesure.com\/?page_id=28748"},"modified":"2025-10-28T16:12:01","modified_gmt":"2025-10-28T15:12:01","slug":"le-reseau-mesure-histoire","status":"publish","type":"page","link":"https:\/\/www.reseau-mesure.com\/de\/le-reseau-mesure-histoire\/","title":{"rendered":"Das Messnetzwerk"},"content":{"rendered":"<p>A l&rsquo;origine du R\u00e9seau Mesure (RMVO initialement), l&rsquo;int\u00e9r\u00eat d&rsquo;une d\u00e9marche mutualis\u00e9e souffl\u00e9e par plusieurs chefs d&rsquo;entreprise et une \u00e9tude r\u00e9alis\u00e9e en 1999 par le Comit\u00e9 d&rsquo;expansion \u00e9conomique du Val-d&rsquo;Oise (CEEVO) et une autre men\u00e9e en 2001 par la CCIV montrent que le secteur de l&rsquo;instrumentation et de la mesure est tr\u00e8s pr\u00e9sent sur le Val-d&rsquo;Oise, avec un potentiel d&rsquo;environ 130 \u00e0 160 entreprises, repr\u00e9sentant entre 4 000 et 5 000 salari\u00e9s. A l&rsquo;initiative de la Chambre de Commerce du Val d&rsquo;Oise, en accord avec le Conseil g\u00e9n\u00e9ral du Val-d&rsquo;Oise via le CEEVO, contact est pris avec ces entreprises afin de d\u00e9terminer si elles sont int\u00e9ress\u00e9es par la cr\u00e9ation d&rsquo;une structure commune et d\u00e9di\u00e9e \u00e0 leur secteur d&rsquo;activit\u00e9.<\/p>\n<p>Quatre r\u00e9unions sont organis\u00e9es tout au long de l&rsquo;ann\u00e9e 2001, qui permettent aux douze premi\u00e8res entreprises mobilis\u00e9es et volontaires de saisir la parent\u00e9 de leurs probl\u00e9matiques et l&rsquo;importance d&rsquo;y travailler ensemble et d&rsquo;\u00e9laborer un programme d&rsquo;actions concentr\u00e9 sur leurs principaux besoins.<\/p>\n<p><strong>Le 10 avril <\/strong><strong>2002, <\/strong><strong>leurs dirigeants d\u00e9cident de se regrouper et d&rsquo;unir leurs forces en cr\u00e9ant leur propre association bas\u00e9e sur le principe du <\/strong><strong>&quot;&quot; <\/strong><strong>Syst\u00e8me Productif Local <\/strong><strong>\u00bb, <\/strong><strong>le R\u00e9seau mesure du Val-d&rsquo;Oise, dot\u00e9 d&rsquo;un statut d&rsquo;association <\/strong><strong>&quot;&quot; <\/strong><strong>Loi <\/strong><strong>1901 <\/strong><strong>&quot;.<\/strong> La CCIV affecte un collaborateur \u00e0 l&rsquo;animation du RMVO.<\/p>\n<p>Gr\u00e2ce \u00e0 la cr\u00e9ation de cette association, ces professionnels de la mesure veulent constituer une v\u00e9ritable force de proposition et donner aux entreprises du secteur la possibilit\u00e9 d&rsquo;acc\u00e9der plus facilement \u00e0 des ressources d&rsquo;informations strat\u00e9giques et op\u00e9rationnelles. Plusieurs champs d&rsquo;intervention sont d\u00e9termin\u00e9s : les ressources humaines et les besoins en formation, la m\u00e9trologie (\u00e9tude des besoins en comp\u00e9tences et en informations), le marquage CE pour le mat\u00e9riel de diagnostic in vitro (cr\u00e9ation d&rsquo;un groupe de travail de huit entreprises avec un expert ext\u00e9rieur pour la mise en place d&rsquo;une d\u00e9marche en entreprise), l&rsquo;export (participation au salon Pittcon aux Etats-Unis) et la valorisation du savoir-faire des membres du r\u00e9seau &#8230;.<\/p>\n<p>Dans leur \u00e9crasante majorit\u00e9, les entreprises regroup\u00e9es au sein du RMVO ne comptent pas plus de 20 \u00e0 30 salari\u00e9s. La plupart du temps, elles ont des moyens limit\u00e9s. Gr\u00e2ce \u00e0 la mutualisation, ces moyens augmentent. A plusieurs, les entreprises peuvent r\u00e9aliser des op\u00e9rations qu&rsquo;une entreprise seule n&rsquo;aurait pu envisager, par exemple, recruter un collaborateur qui g\u00e8re exclusivement la fonction m\u00e9trologie. \u00catre en r\u00e9seau permet d&rsquo;obtenir des financements ou de r\u00e9aliser des gains d&rsquo;\u00e9chelle. Par exemple, la mise en place d&rsquo;une veille technologique ne co\u00fbte que 30 % du co\u00fbt normal aux adh\u00e9rents du RMVO. De m\u00eame, des tarifs pr\u00e9f\u00e9rentiels permettent de participer \u00e0 des salons professionnels gr\u00e2ce \u00e0 l&rsquo;organisation de stands collectifs.<\/p>\n<p>La coop\u00e9ration entre les entreprises du R\u00e9seau Mesure peut prendre des formes vari\u00e9es&nbsp;: d\u00e9veloppement de produits communs, actions communes de mise sur le march\u00e9\u2026 les entreprises peuvent mieux se d\u00e9velopper et le faire plus vite.<\/p>\n<p>L&rsquo;objectif est de renforcer la synergie entre les entreprises du secteur de la mesure dans le Val-d&rsquo;Oise promouvoir leurs savoir-faire, accro\u00eetre leurs performances et d\u00e9velopper des courants d&rsquo;affaires, notamment entre les membres du r\u00e9seau.<\/p>\n<p><strong>D\u00e8s 2004, des membres du r\u00e9seau participent sous pavillon commun \u00e0 deux salons professionnels<\/strong>, Mesurexpo, porte de Versailles, et M\u00e9dica, \u00e0 D\u00fcsseldorf. Cette m\u00eame ann\u00e9e, le r\u00e9seau engage pour ses membres une action de veille technologique, r\u00e9glementaire et commerciale. Il propose dans le m\u00eame temps un diagnostic m\u00e9trologie pour am\u00e9liorer cette fonction dans les entreprises. En parall\u00e8le, pour les ressources humaines, des outils de gestion adapt\u00e9s aux PME sont mis en place pour les aider \u00e0 rechercher des subventions, \u00e0 \u00e9tablir des relations avec les \u00e9tablissements d&rsquo;enseignement sup\u00e9rieur&#8230; Un site Internet est cr\u00e9\u00e9 \u00e0 la rentr\u00e9e de septembre, visant \u00e0 mieux faire conna\u00eetre les savoir-faire des entreprises membres et \u00e0 leur permettre de communiquer entre elles. En plein \u00e9lan, le r\u00e9seau songe \u00e0 s&rsquo;ouvrir aux autres d\u00e9partements. <strong>D\u00e8s 2005, une dizaine d&rsquo;entreprises des Yvelines<\/strong> sautent le pas. Vient s&rsquo;y ajouter une entreprise des Hauts-de-Seine.<\/p>\n<p>Le RMVO compte alors une quarantaine de membres qui se r\u00e9partissent en cinq groupes de travail th\u00e9matiques : export, m\u00e9trologie, veille technologique et r\u00e9glementaire, ressources humaines, communication. Ils sont fabricants, distributeurs, soci\u00e9t\u00e9s d&rsquo;ing\u00e9nierie, bureaux d&rsquo;\u00e9tudes, de g\u00e9nie logiciel&#8230; Ils repr\u00e9sentent 1 400 salari\u00e9s environ et 350 millions d&rsquo;euros de chiffre d&rsquo;affaires. Ce sont eux qui font vivre le r\u00e9seau. Ils proposent des actions que le r\u00e9seau concr\u00e9tise au profit de tous ses membres.<\/p>\n<p><strong>Coop\u00e9ration, valorisation et am\u00e9lioration.<\/strong><\/p>\n<p>Les actions se multiplient en faveur des entreprises membres, que ce soit en mati\u00e8re de prospection commerciale, tel un showroom dans un h\u00f4tel bordelais en mai 2006, de communication marketing par le biais d&rsquo;une agence de presse commune, de groupement d&#8217;employeurs et aussi de veille en partenariat avec l&rsquo;Agence r\u00e9gionale d&rsquo;information strat\u00e9gique et technologique (ARIST) permettant aux entreprises de b\u00e9n\u00e9ficier d&rsquo;informations sp\u00e9cialis\u00e9es sur les brevets, les technologies, les concurrents ext\u00e9rieurs ou encore en mati\u00e8re d&rsquo;export, notamment par l&rsquo;organisation de missions de prospection ou de rencontres BtoB (Alg\u00e9rie, en 2005, Tunisie 2006, Turquie, en 2009, ou Montr\u00e9al et en 2010, et, une mission Emirats Arabes Unis fin 2011). Par ailleurs, le r\u00e9seau favorise une pr\u00e9sence soutenue et r\u00e9p\u00e9t\u00e9e dans les salons professionnels (Mesurexpo, Vision, Pollutec,&#8230; ). <strong>En 2010, le RMVO, avec un pavillon de 270 m2 abritant 24 PME adh\u00e9rentes, pour plupart du Val-d&rsquo;Oise et des Yvelines, repr\u00e9sente la premi\u00e8re organisation professionnelle pr\u00e9sente \u00e0 Mesurexpo<\/strong>. En 2010, il participe pour la premi\u00e8re fois au SEPEM (salon des services \u00e9quipements, process et maintenance) \u00e0 Colmar, et au SIPEC (Salon des industries de la chimie, cosm\u00e9tique, parfumerie, pharmacie).<\/p>\n<p>L&rsquo;association apporte \u00e0 ses membres les contacts que ne pourrait pas avoir une PME isol\u00e9e. Elle leurs donne aussi une vision plus large de l&rsquo;\u00e9volution des march\u00e9s, des technologies en leur apportant des moyens d&rsquo;information et de formation dans des domaines strat\u00e9giques. <strong>Trois annuaires sont r\u00e9alis\u00e9s<\/strong> en r\u00e9ponse \u00e0 cet objectif : le premier pour <strong>faire connaitre \u00e0 l&rsquo;ext\u00e9rieur les entreprises du r\u00e9seau<\/strong>; le deuxi\u00e8me, plus d\u00e9taill\u00e9, est r\u00e9serv\u00e9 \u00e0 ses seuls adh\u00e9rents et davantage destin\u00e9 \u00e0 des relations plus \u00e9troites entre eux; le troisi\u00e8me, pour recenser, d&rsquo;une part, les \u00e9tablissements de formation aptes \u00e0 r\u00e9pondre aux difficult\u00e9s de recrutement des entreprises du secteur, et d&rsquo;autre part, les laboratoires susceptibles de les aider \u00e0 r\u00e9soudre des probl\u00e8mes techniques ou de participer \u00e0 un projet. Trois <strong>visites de laboratoires<\/strong> (Laboratoire national de m\u00e9trologie et d&rsquo;essais (LNE) ; laboratoires de m\u00e9trologie de PSA Peugeot et Centre technique des industries a\u00e9raulique et thermique (CETIAT) en 2010 concr\u00e9tisent cette volont\u00e9 de rapprochement avec les laboratoires de recherche.<\/p>\n<p>Des projets innovants peuvent de cette fa\u00e7on se mettre en place. Ainsi, le RMVO est partenaire avec le LNE sur un projet de sensibilisation des PME aux notions \u00e9l\u00e9mentaires de la m\u00e9trologie via une formation gratuite en e-learning. Les membres du RMVO contribueront \u00e0 la d\u00e9finition du besoin en amont et \u00e0 la validation du module e-learning en aval. Cette implication du r\u00e9seau a un effet d&rsquo;entra\u00eenement, de diffusion et de d\u00e9ploiement des formations au niveau national.<\/p>\n<p>Andernfalls, <strong>quatre entreprises membres du RMVO sont associ\u00e9es \u00e0 un projet R&amp;D visant la cr\u00e9ation d&rsquo;une carte \u00e9lectronique<\/strong>, outil commun destin\u00e9 \u00e0 g\u00e9rer des m\u00e9tiers diff\u00e9rents en mettant en synergie leurs comp\u00e9tences et en r\u00e9duisant les co\u00fbts. Fruit d&rsquo;une strat\u00e9gie gagnante pour chaque partenaire, ce projet entre dans sa <strong>phase de prototypage courant 2011<\/strong>.<\/p>\n<p><strong>Le RMVO labellis\u00e9 Grappe d&rsquo;entreprises.<\/strong><\/p>\n<p><strong>En mai 2010, le RMVO est laur\u00e9at du premier appel \u00e0 projets \u00ab Grappes d&rsquo;entreprises \u00bb lanc\u00e9 par le minist\u00e8re de l&rsquo;espace rural et de l&rsquo;am\u00e9nagement du territoire. <\/strong>Le titre \u00ab Grappe d&rsquo;entreprises \u00bb r\u00e9compense les initiatives exemplaires des r\u00e9seaux d&rsquo;entreprises constitu\u00e9s en grande partie de PME et de TPE, fortement ancr\u00e9es localement et mobilis\u00e9es autour d&rsquo;une strat\u00e9gie commune et de services et actions concrets et mutualis\u00e9s. L&rsquo;appui aux grappes d&rsquo;entreprises permet au r\u00e9seau de soutenir ses projets d&rsquo;animation et ses actions structurantes. Le 26 octobre, le RMVO est officiellement labellis\u00e9 \u00ab Grappe d&rsquo;entreprises \u00bb au minist\u00e8re, parmi les quatre grappes franciliennes s\u00e9lectionn\u00e9es. Apr\u00e8s huit ans d&rsquo;existence, le RMVO voit son travail r\u00e9compens\u00e9 par l&rsquo;obtention de ce<strong> label<\/strong>.<\/p>\n<p>Depuis la cr\u00e9ation du RMVO, de nombreux partenaires rejoignent la CCIV et le CEEVO, renfor\u00e7ant ainsi sa cr\u00e9dibilit\u00e9 et sa repr\u00e9sentativit\u00e9 : la Communaut\u00e9 d&rsquo;agglom\u00e9ration de Cergy-Pontoise, le Conseil g\u00e9n\u00e9ral du Val-d&rsquo;Oise, le Conseil r\u00e9gional d&rsquo;\u00cele- de-France, la Datar, la DIRECCTE&#8230; Initialement sur le Val d&rsquo;Oise, et les Yvelines, <strong>le R\u00e9seau Mesure s&rsquo;\u00e9tend aujourd&rsquo;hui \u00e0 des entreprises de toute la France<\/strong>.<\/p>\n<p><strong>Son ambition est la cr\u00e9ation de richesse gr\u00e2ce aux \u00e9changes, sa force est la mutualisation des moyens, son atout la mise en commun des informations et des comp\u00e9tences qui favorisent l&rsquo;ouverture \u00e0 de nouveaux march\u00e9s.<\/strong><\/p>\n<p><strong>En 2012, le R\u00e9seau Mesure f\u00eate d\u00e9j\u00e0 ses 10 ans.<\/strong><\/p>\n<p>La lab\u00e9lisation \u00ab&nbsp;grappe d&rsquo;entreprise&nbsp;\u00bb permet \u00e0 l&rsquo;association de d\u00e9velopper son plan d&rsquo;actions et de mieux se faire conna\u00eetre.<\/p>\n<p>Les actions de communication partenariales et les participations collectives aux salons professionnels sont amplifi\u00e9es, une cartographie des adh\u00e9rents est r\u00e9alis\u00e9e, une mission est organis\u00e9e au Maroc.<\/p>\n<p>Les axes de mutualisation pour un d\u00e9veloppement des opportunit\u00e9s commerciales au Maghreb se pr\u00e9cisent, avec la volont\u00e9 de cr\u00e9ations de bureaux de liaison Alg\u00e9rie et au Maroc et d&rsquo;amplifier les actions avec l&rsquo;Allemagne.<\/p>\n<p><strong>Le bureau de liaison au Maroc verra le jour en 2013.<\/strong><\/p>\n<p><strong>En 2013, nait \u00e9galement le groupe de travail d\u00e9di\u00e9 aux achats mutualis\u00e9s<\/strong> qui va donner lieu \u00e0 des avantages pour les adh\u00e9rents sur les transports de colis, les assurances, la location de v\u00e9hicules.<\/p>\n<p><strong>En 2014<\/strong> est sign\u00e9 le contrat cadre avec TNT. Il est maintenant \u00e9tendu \u00e0 FEDEX et a g\u00e9n\u00e9r\u00e9 un chiffre d&rsquo;affaires de plus 1 400&nbsp;000 euros 8 ans apr\u00e8s.<\/p>\n<p>Le nombre de salons partenaires se d\u00e9veloppe&nbsp;: SEPEM, SIMTEC, KEYMICA, INDUSTRIE, CFIA \u2026.<\/p>\n<p>Les journ\u00e9es de rencontres th\u00e9matiques et techniques sur diff\u00e9rents sites se multiplient afin d&rsquo;accentuer la connaissance des savoir-faire des adh\u00e9rents de l&rsquo;association.<\/p>\n<p><strong>En 2015<\/strong>, le groupe \u00ab&nbsp;communication digitale&nbsp;\u00bb voit le jour et se d\u00e9veloppe de mani\u00e8re tr\u00e8s importante. Les enjeux de visibilit\u00e9 des adh\u00e9rents sont forts. Le R\u00e9seau Mesure est un levier de communication suppl\u00e9mentaire pour les entreprises de la mesure.<\/p>\n<p>En parall\u00e8le la volont\u00e9 de cr\u00e9er un salon professionnel \u00e0 l&rsquo;image des adh\u00e9rents au plus pr\u00e8s de leurs clients est n\u00e9e. Mesures Solutions EXPO verra le jour en 2016, tout d&rsquo;abord rattach\u00e9 aux Journ\u00e9es de la Mesure port\u00e9es par le Coll\u00e8ge Fran\u00e7ais de M\u00e9trologie \u00e0 Toulouse puis \u00e0 partir de 2017 \u00e0 Lyon.<\/p>\n<p>Les synergies op\u00e9rationnelles sont fortes entre le R\u00e9seau Mesure et le CFM qui n&rsquo;ont pas cess\u00e9 de renforcer leurs collaborations depuis. La compl\u00e9mentarit\u00e9 des plans d&rsquo;actions nourrie et renforce le d\u00e9veloppement des acteurs de la mesure.<\/p>\n<p>Le R\u00e9seau Mesure met \u00e9galement en place en 2017 des actions crois\u00e9es avec l&rsquo;<strong>ACSIEL<\/strong> &#8211; Alliance Electronique et devient membre de son coll\u00e8ge Test et Mesure.<\/p>\n<p>Le R\u00e9seau Mesure a alors continu\u00e9 \u00e0 se d\u00e9velopper avec un nombre d&rsquo;adh\u00e9rents croissant et un plan d&rsquo;actions qui s&rsquo;est enrichi d&rsquo;ann\u00e9es en ann\u00e9es.<\/p>\n<p><strong>Par les adh\u00e9rents, pour les adh\u00e9rents.<\/strong><\/p>\n<p><strong>En 2018 est sign\u00e9e la convention de partenariat avec le CIFL<\/strong> &#8211; association professionnelle regroupant les fournisseurs de produits, services et instrumentations de laboratoire dans les domaines de la recherche, de l&rsquo;analyse et du contr\u00f4le, sur le march\u00e9 fran\u00e7ais.<\/p>\n<p>La m\u00eame ann\u00e9e se tient \u00e9galement <strong>la premi\u00e8re rencontre franco-allemande avec l&rsquo;AMA <\/strong>&#8211; Association for Sensor and Measurement e.V., partenaire gr\u00e2ce auquel les adh\u00e9rents du R\u00e9seau Mesure ont pu commencer \u00e0 exposer sur Sensor+Test \u00e0 Nuremberg de fa\u00e7on mutualis\u00e9e.<\/p>\n<p><strong>En parall\u00e8le, le R\u00e9seau Mesure d\u00e9veloppe un nouveau plan de formation pour ces adh\u00e9rents apr\u00e8s avoir re\u00e7u la labellisation Datadock en 2017.<\/strong><\/p>\n<p>Les enjeux de communication et de formation sont importants pour les adh\u00e9rents qui sont \u00e9galement accompagn\u00e9s par l&rsquo;association dans la mise en \u0153uvre des actions n\u00e9cessaire \u00e0<strong> la mise en conformit\u00e9 RGPD.<\/strong><\/p>\n<p>Le R\u00e9seau Mesure devient une r\u00e9f\u00e9rence et est sollicit\u00e9, en association au CFM pour cr\u00e9er avec GL Events le salon <strong>Messwelt<\/strong> dont la premi\u00e8re \u00e9dition se tiendra \u00e0 <strong>Paris en 2019<\/strong>.<\/p>\n<p>Cependant le COVID va venir bouleverser les diff\u00e9rentes actions de d\u00e9veloppement mises en \u0153uvre.<\/p>\n<p>Le R\u00e9seau Mesure va acc\u00e9l\u00e9rer l&rsquo;organisation de r\u00e9unions digitales et hybrides et devra subir l&rsquo;annulation en derni\u00e8re minute du salon Mesures Solutions EXPO.<\/p>\n<p>Cette p\u00e9riode difficile a mis en exergue la solidarit\u00e9 des adh\u00e9rents et des partenaires de l&rsquo;association.<\/p>\n<p>Puis, 2021 a permis de rebondir et gr\u00e2ce \u00e0 la certification Qualiopi, le R\u00e9seau Mesure a pu offrir aux adh\u00e9rents des formations de qualit\u00e9 mais \u00e9galement d&rsquo;utiliser cette certification pour leurs propres clients.<\/p>\n<p>Le mod\u00e8le \u00e9conomique et le mode de fonctionnement en groupes de travail de l&rsquo;association permet de d\u00e9velopper r\u00e9guli\u00e8rement de nouvelles actions en phase avec les besoins des entreprises de la mesure. 2022 a \u00e9t\u00e9 une ann\u00e9e riche avec une tr\u00e8s belle \u00e9dition de Mesures Solutions EXPO et un plan d&rsquo;actions \u00e9toff\u00e9. L&rsquo;association regroupe d\u00e9sormais plus de 190 adh\u00e9rents r\u00e9partis dans toute la France, qui repr\u00e9sentent 1&nbsp;031&nbsp;242 K\u20ac de Chiffre d&rsquo;affaires et 7&nbsp;500 salari\u00e9s.<\/p>\n\n\n\n<h1><strong>Das Messnetzwerk<\/strong><\/h1>\n<p><strong>\u00a0<\/strong><\/p>\n<p>A l&rsquo;origine du R\u00e9seau Mesure (RMVO initialement), l\u2019int\u00e9r\u00eat d\u2019une d\u00e9marche mutualis\u00e9e souffl\u00e9e par plusieurs chefs d\u2019entreprise et une \u00e9tude r\u00e9alis\u00e9e en 1999 par le Comit\u00e9 d&rsquo;expansion \u00e9conomique du Val-d&rsquo;Oise (CEEVO) et une autre men\u00e9e en 2001 par la CCIV montrent que le secteur de l&rsquo;instrumentation et de la mesure est tr\u00e8s pr\u00e9sent sur le Val-d&rsquo;Oise, avec un potentiel d&rsquo;environ 130 \u00e0 160 entreprises, repr\u00e9sentant entre 4 000 et 5 000 salari\u00e9s. A l&rsquo;initiative de la Chambre de Commerce du Val d\u2019Oise, en accord avec le Conseil g\u00e9n\u00e9ral du Val-d&rsquo;Oise via le CEEVO, contact est pris avec ces entreprises afin de d\u00e9terminer si elles sont int\u00e9ress\u00e9es par la cr\u00e9ation d&rsquo;une structure commune et d\u00e9di\u00e9e \u00e0 leur secteur d&rsquo;activit\u00e9.<\/p>\n<p>\u00a0<\/p>\n<p>Quatre r\u00e9unions sont organis\u00e9es tout au long de l&rsquo;ann\u00e9e 2001, qui permettent aux douze premi\u00e8res entreprises mobilis\u00e9es et volontaires de saisir la parent\u00e9 de leurs probl\u00e9matiques et l&rsquo;importance d&rsquo;y travailler ensemble et d&rsquo;\u00e9laborer un programme d&rsquo;actions concentr\u00e9 sur leurs principaux besoins.<\/p>\n<p><strong>Le 10 avril <\/strong><strong>2002, <\/strong><strong>leurs dirigeants d\u00e9cident de se regrouper et d&rsquo;unir leurs forces en cr\u00e9ant leur propre association bas\u00e9e sur le principe du <\/strong><strong>&quot;&quot; <\/strong><strong>Syst\u00e8me Productif Local <\/strong><strong>\u00bb, <\/strong><strong>le R\u00e9seau mesure du Val-d&rsquo;Oise, dot\u00e9 d&rsquo;un statut d&rsquo;association <\/strong><strong>&quot;&quot; <\/strong><strong>Loi <\/strong><strong>1901 <\/strong><strong>&quot;.<\/strong> La CCIV affecte un collaborateur \u00e0 l&rsquo;animation du RMVO.<\/p>\n<p>\u00a0<\/p>\n<p>Gr\u00e2ce \u00e0 la cr\u00e9ation de cette association, ces professionnels de la mesure veulent constituer une v\u00e9ritable force de proposition et donner aux entreprises du secteur la possibilit\u00e9 d\u2019acc\u00e9der plus facilement \u00e0 des ressources d\u2019informations strat\u00e9giques et op\u00e9rationnelles. Plusieurs champs d&rsquo;intervention sont d\u00e9termin\u00e9s : les ressources humaines et les besoins en formation, la m\u00e9trologie (\u00e9tude des besoins en comp\u00e9tences et en informations), le marquage CE pour le mat\u00e9riel de diagnostic in vitro (cr\u00e9ation d&rsquo;un groupe de travail de huit entreprises avec un expert ext\u00e9rieur pour la mise en place d&rsquo;une d\u00e9marche en entreprise), l&rsquo;export (participation au salon Pittcon aux Etats-Unis) et la valorisation du savoir-faire des membres du r\u00e9seau &#8230;.<\/p>\n<p>\u00a0<\/p>\n<p>Dans leur \u00e9crasante majorit\u00e9, les entreprises regroup\u00e9es au sein du RMVO ne comptent pas plus de 20 \u00e0 30 salari\u00e9s. La plupart du temps, elles ont des moyens limit\u00e9s. Gr\u00e2ce \u00e0 la mutualisation, ces moyens augmentent. A plusieurs, les entreprises peuvent r\u00e9aliser des op\u00e9rations qu&rsquo;une entreprise seule n&rsquo;aurait pu envisager, par exemple, recruter un collaborateur qui g\u00e8re exclusivement la fonction m\u00e9trologie. \u00catre en r\u00e9seau permet d&rsquo;obtenir des financements ou de r\u00e9aliser des gains d&rsquo;\u00e9chelle. Par exemple, la mise en place d&rsquo;une veille technologique ne co\u00fbte que 30 % du co\u00fbt normal aux adh\u00e9rents du RMVO. De m\u00eame, des tarifs pr\u00e9f\u00e9rentiels permettent de participer \u00e0 des salons professionnels gr\u00e2ce \u00e0 l&rsquo;organisation de stands collectifs.<\/p>\n<p>La coop\u00e9ration entre les entreprises du R\u00e9seau Mesure peut prendre des formes vari\u00e9es\u00a0: d\u00e9veloppement de produits communs, actions communes de mise sur le march\u00e9\u2026 les entreprises peuvent mieux se d\u00e9velopper et le faire plus vite.<\/p>\n<p>\u00a0<\/p>\n<p>\u00a0<\/p>\n<p>L\u2019objectif est de renforcer la synergie entre les entreprises du secteur de la mesure dans le Val-d&rsquo;Oise promouvoir leurs savoir-faire, accro\u00eetre leurs performances et d\u00e9velopper des courants d&rsquo;affaires, notamment entre les membres du r\u00e9seau.<\/p>\n<p>\u00a0<\/p>\n<p><strong>D\u00e8s 2004, des membres du r\u00e9seau participent sous pavillon commun \u00e0 deux salons professionnels<\/strong>, Mesurexpo, porte de Versailles, et M\u00e9dica, \u00e0 D\u00fcsseldorf. Cette m\u00eame ann\u00e9e, le r\u00e9seau engage pour ses membres une action de veille technologique, r\u00e9glementaire et commerciale. Il propose dans le m\u00eame temps un diagnostic m\u00e9trologie pour am\u00e9liorer cette fonction dans les entreprises. En parall\u00e8le, pour les ressources humaines, des outils de gestion adapt\u00e9s aux PME sont mis en place pour les aider \u00e0 rechercher des subventions, \u00e0 \u00e9tablir des relations avec les \u00e9tablissements d&rsquo;enseignement sup\u00e9rieur&#8230; Un site Internet est cr\u00e9\u00e9 \u00e0 la rentr\u00e9e de septembre, visant \u00e0 mieux faire conna\u00eetre les savoir-faire des entreprises membres et \u00e0 leur permettre de communiquer entre elles. En plein \u00e9lan, le r\u00e9seau songe \u00e0 s&rsquo;ouvrir aux autres d\u00e9partements. <strong>D\u00e8s 2005, une dizaine d&rsquo;entreprises des Yvelines<\/strong> sautent le pas. Vient s&rsquo;y ajouter une entreprise des Hauts-de-Seine.<\/p>\n<p>Le RMVO compte alors une quarantaine de membres qui se r\u00e9partissent en cinq groupes de travail th\u00e9matiques : export, m\u00e9trologie, veille technologique et r\u00e9glementaire, ressources humaines, communication. Ils sont fabricants, distributeurs, soci\u00e9t\u00e9s d&rsquo;ing\u00e9nierie, bureaux d&rsquo;\u00e9tudes, de g\u00e9nie logiciel&#8230; Ils repr\u00e9sentent 1 400 salari\u00e9s environ et 350 millions d&rsquo;euros de chiffre d&rsquo;affaires. Ce sont eux qui font vivre le r\u00e9seau. Ils proposent des actions que le r\u00e9seau concr\u00e9tise au profit de tous ses membres.<\/p>\n<p>\u00a0<\/p>\n<p><strong>Coop\u00e9ration, valorisation et am\u00e9lioration.<\/strong><\/p>\n<p>Les actions se multiplient en faveur des entreprises membres, que ce soit en mati\u00e8re de prospection commerciale, tel un showroom dans un h\u00f4tel bordelais en mai 2006, de communication marketing par le biais d&rsquo;une agence de presse commune, de groupement d&#8217;employeurs et aussi de veille en partenariat avec l\u2019Agence r\u00e9gionale d\u2019information strat\u00e9gique et technologique (ARIST) permettant aux entreprises de b\u00e9n\u00e9ficier d&rsquo;informations sp\u00e9cialis\u00e9es sur les brevets, les technologies, les concurrents ext\u00e9rieurs ou encore en mati\u00e8re d&rsquo;export, notamment par l&rsquo;organisation de missions de prospection ou de rencontres BtoB (Alg\u00e9rie, en 2005, Tunisie 2006, Turquie, en 2009, ou Montr\u00e9al et en 2010, et, une mission Emirats Arabes Unis fin 2011). Par ailleurs, le r\u00e9seau favorise une pr\u00e9sence soutenue et r\u00e9p\u00e9t\u00e9e dans les salons professionnels (Mesurexpo, Vision, Pollutec,&#8230; ). <strong>En 2010, le RMVO, avec un pavillon de 270 m2 abritant 24 PME adh\u00e9rentes, pour plupart du Val-d&rsquo;Oise et des Yvelines, repr\u00e9sente la premi\u00e8re organisation professionnelle pr\u00e9sente \u00e0 Mesurexpo<\/strong>. En 2010, il participe pour la premi\u00e8re fois au SEPEM (salon des services \u00e9quipements, process et maintenance) \u00e0 Colmar, et au SIPEC (Salon des industries de la chimie, cosm\u00e9tique, parfumerie, pharmacie).<\/p>\n<p>\u00a0<\/p>\n<p>L&rsquo;association apporte \u00e0 ses membres les contacts que ne pourrait pas avoir une PME isol\u00e9e. Elle leurs donne aussi une vision plus large de l&rsquo;\u00e9volution des march\u00e9s, des technologies en leur apportant des moyens d&rsquo;information et de formation dans des domaines strat\u00e9giques. <strong>Trois annuaires sont r\u00e9alis\u00e9s<\/strong> en r\u00e9ponse \u00e0 cet objectif : le premier pour <strong>faire connaitre \u00e0 l&rsquo;ext\u00e9rieur les entreprises du r\u00e9seau<\/strong>; le deuxi\u00e8me, plus d\u00e9taill\u00e9, est r\u00e9serv\u00e9 \u00e0 ses seuls adh\u00e9rents et davantage destin\u00e9 \u00e0 des relations plus \u00e9troites entre eux; le troisi\u00e8me, pour recenser, d&rsquo;une part, les \u00e9tablissements de formation aptes \u00e0 r\u00e9pondre aux difficult\u00e9s de recrutement des entreprises du secteur, et d&rsquo;autre part, les laboratoires susceptibles de les aider \u00e0 r\u00e9soudre des probl\u00e8mes techniques ou de participer \u00e0 un projet. Trois <strong>visites de laboratoires<\/strong> (Laboratoire national de m\u00e9trologie et d&rsquo;essais (LNE) ; laboratoires de m\u00e9trologie de PSA Peugeot et Centre technique des industries a\u00e9raulique et thermique (CETIAT) en 2010 concr\u00e9tisent cette volont\u00e9 de rapprochement avec les laboratoires de recherche.<\/p>\n<p>\u00a0<\/p>\n<p>Des projets innovants peuvent de cette fa\u00e7on se mettre en place. Ainsi, le RMVO est partenaire avec le LNE sur un projet de sensibilisation des PME aux notions \u00e9l\u00e9mentaires de la m\u00e9trologie via une formation gratuite en e-learning. Les membres du RMVO contribueront \u00e0 la d\u00e9finition du besoin en amont et \u00e0 la validation du module e-learning en aval. Cette implication du r\u00e9seau a un effet d&rsquo;entra\u00eenement, de diffusion et de d\u00e9ploiement des formations au niveau national.<\/p>\n<p>\u00a0<\/p>\n<p>Andernfalls, <strong>quatre entreprises membres du RMVO sont associ\u00e9es \u00e0 un projet R&amp;D visant la cr\u00e9ation d&rsquo;une carte \u00e9lectronique<\/strong>, outil commun destin\u00e9 \u00e0 g\u00e9rer des m\u00e9tiers diff\u00e9rents en mettant en synergie leurs comp\u00e9tences et en r\u00e9duisant les co\u00fbts. Fruit d&rsquo;une strat\u00e9gie gagnante pour chaque partenaire, ce projet entre dans sa <strong>phase de prototypage courant 2011<\/strong>.<\/p>\n<p>\u00a0<\/p>\n<p><strong>Le RMVO labellis\u00e9 Grappe d&rsquo;entreprises.<\/strong><\/p>\n<p><strong>En mai 2010, le RMVO est laur\u00e9at du premier appel \u00e0 projets \u00ab Grappes d&rsquo;entreprises \u00bb lanc\u00e9 par le minist\u00e8re de l&rsquo;espace rural et de l&rsquo;am\u00e9nagement du territoire. <\/strong>Le titre \u00ab Grappe d&rsquo;entreprises \u00bb r\u00e9compense les initiatives exemplaires des r\u00e9seaux d&rsquo;entreprises constitu\u00e9s en grande partie de PME et de TPE, fortement ancr\u00e9es localement et mobilis\u00e9es autour d&rsquo;une strat\u00e9gie commune et de services et actions concrets et mutualis\u00e9s. L\u2019appui aux grappes d&rsquo;entreprises permet au r\u00e9seau de soutenir ses projets d&rsquo;animation et ses actions structurantes. Le 26 octobre, le RMVO est officiellement labellis\u00e9 \u00ab Grappe d&rsquo;entreprises \u00bb au minist\u00e8re, parmi les quatre grappes franciliennes s\u00e9lectionn\u00e9es. Apr\u00e8s huit ans d&rsquo;existence, le RMVO voit son travail r\u00e9compens\u00e9 par l&rsquo;obtention de ce<strong> label<\/strong>.<\/p>\n<p>\u00a0<\/p>\n<p>Depuis la cr\u00e9ation du RMVO, de nombreux partenaires rejoignent la CCIV et le CEEVO, renfor\u00e7ant ainsi sa cr\u00e9dibilit\u00e9 et sa repr\u00e9sentativit\u00e9 : la Communaut\u00e9 d&rsquo;agglom\u00e9ration de Cergy-Pontoise, le Conseil g\u00e9n\u00e9ral du Val-d&rsquo;Oise, le Conseil r\u00e9gional d&rsquo;\u00cele- de-France, la Datar, la DIRECCTE&#8230; Initialement sur le Val d\u2019Oise, et les Yvelines, <strong>le R\u00e9seau Mesure s\u2019\u00e9tend aujourd\u2019hui \u00e0 des entreprises de toute la France<\/strong>.<\/p>\n<p><strong>Son ambition est la cr\u00e9ation de richesse gr\u00e2ce aux \u00e9changes, sa force est la mutualisation des moyens, son atout la mise en commun des informations et des comp\u00e9tences qui favorisent l&rsquo;ouverture \u00e0 de nouveaux march\u00e9s.<\/strong><\/p>\n<p><strong>En 2012, le R\u00e9seau Mesure f\u00eate d\u00e9j\u00e0 ses 10 ans.<\/strong><\/p>\n<p>La lab\u00e9lisation \u00ab\u00a0grappe d\u2019entreprise\u00a0\u00bb permet \u00e0 l\u2019association de d\u00e9velopper son plan d\u2019actions et de mieux se faire conna\u00eetre.<\/p>\n<p>Les actions de communication partenariales et les participations collectives aux salons professionnels sont amplifi\u00e9es, une cartographie des adh\u00e9rents est r\u00e9alis\u00e9e, une mission est organis\u00e9e au Maroc.<\/p>\n<p>Les axes de mutualisation pour un d\u00e9veloppement des opportunit\u00e9s commerciales au Maghreb se pr\u00e9cisent, avec la volont\u00e9 de cr\u00e9ations de bureaux de liaison Alg\u00e9rie et au Maroc et d\u2019amplifier les actions avec l\u2019Allemagne.<\/p>\n<p><strong>Le bureau de liaison au Maroc verra le jour en 2013.<\/strong><\/p>\n<p>\u00a0<\/p>\n<p><strong>En 2013, nait \u00e9galement le groupe de travail d\u00e9di\u00e9 aux achats mutualis\u00e9s<\/strong> qui va donner lieu \u00e0 des avantages pour les adh\u00e9rents sur les transports de colis, les assurances, la location de v\u00e9hicules.<\/p>\n<p>\u00a0<\/p>\n<p><strong>En 2014<\/strong> est sign\u00e9 le contrat cadre avec TNT. Il est maintenant \u00e9tendu \u00e0 FEDEX et a g\u00e9n\u00e9r\u00e9 un chiffre d\u2019affaires de plus 1 400\u00a0000 euros 8 ans apr\u00e8s.<\/p>\n<p>Le nombre de salons partenaires se d\u00e9veloppe\u00a0: SEPEM, SIMTEC, KEYMICA, INDUSTRIE, CFIA \u2026.<\/p>\n<p>Les journ\u00e9es de rencontres th\u00e9matiques et techniques sur diff\u00e9rents sites se multiplient afin d\u2019accentuer la connaissance des savoir-faire des adh\u00e9rents de l\u2019association.<\/p>\n<p>\u00a0<\/p>\n<p><strong>En 2015<\/strong>, le groupe \u00ab\u00a0communication digitale\u00a0\u00bb voit le jour et se d\u00e9veloppe de mani\u00e8re tr\u00e8s importante. Les enjeux de visibilit\u00e9 des adh\u00e9rents sont forts. Le R\u00e9seau Mesure est un levier de communication suppl\u00e9mentaire pour les entreprises de la mesure.<\/p>\n<p>\u00a0<\/p>\n<p>En parall\u00e8le la volont\u00e9 de cr\u00e9er un salon professionnel \u00e0 l\u2019image des adh\u00e9rents au plus pr\u00e8s de leurs clients est n\u00e9e. Mesures Solutions EXPO verra le jour en 2016, tout d\u2019abord rattach\u00e9 aux Journ\u00e9es de la Mesure port\u00e9es par le Coll\u00e8ge Fran\u00e7ais de M\u00e9trologie \u00e0 Toulouse puis \u00e0 partir de 2017 \u00e0 Lyon.<\/p>\n<p>\u00a0<\/p>\n<p>Les synergies op\u00e9rationnelles sont fortes entre le R\u00e9seau Mesure et le CFM qui n\u2019ont pas cess\u00e9 de renforcer leurs collaborations depuis. La compl\u00e9mentarit\u00e9 des plans d\u2019actions nourrie et renforce le d\u00e9veloppement des acteurs de la mesure.<\/p>\n<p>\u00a0<\/p>\n<p>Le R\u00e9seau Mesure met \u00e9galement en place en 2017 des actions crois\u00e9es avec l\u2019<strong>ACSIEL<\/strong> \u2013 Alliance Electronique et devient membre de son coll\u00e8ge Test et Mesure.<\/p>\n<p>\u00a0<\/p>\n<p>Le R\u00e9seau Mesure a alors continu\u00e9 \u00e0 se d\u00e9velopper avec un nombre d\u2019adh\u00e9rents croissant et un plan d\u2019actions qui s\u2019est enrichi d\u2019ann\u00e9es en ann\u00e9es.<\/p>\n<p><strong>Par les adh\u00e9rents, pour les adh\u00e9rents.<\/strong><\/p>\n<p><strong>\u00a0<\/strong><\/p>\n<p><strong>En 2018 est sign\u00e9e la convention de partenariat avec le CIFL<\/strong> &#8211; association professionnelle regroupant les fournisseurs de produits, services et instrumentations de laboratoire dans les domaines de la recherche, de l&rsquo;analyse et du contr\u00f4le, sur le march\u00e9 fran\u00e7ais.<\/p>\n<p>La m\u00eame ann\u00e9e se tient \u00e9galement <strong>la premi\u00e8re rencontre franco-allemande avec l\u2019AMA <\/strong>&#8211; Association for Sensor and Measurement e.V., partenaire gr\u00e2ce auquel les adh\u00e9rents du R\u00e9seau Mesure ont pu commencer \u00e0 exposer sur Sensor+Test \u00e0 Nuremberg de fa\u00e7on mutualis\u00e9e.<\/p>\n<p><strong>En parall\u00e8le, le R\u00e9seau Mesure d\u00e9veloppe un nouveau plan de formation pour ces adh\u00e9rents apr\u00e8s avoir re\u00e7u la labellisation Datadock en 2017.<\/strong><\/p>\n<p>\u00a0<\/p>\n<p>Les enjeux de communication et de formation sont importants pour les adh\u00e9rents qui sont \u00e9galement accompagn\u00e9s par l\u2019association dans la mise en \u0153uvre des actions n\u00e9cessaire \u00e0<strong> la mise en conformit\u00e9 RGPD.<\/strong><\/p>\n<p>\u00a0<\/p>\n<p>Le R\u00e9seau Mesure devient une r\u00e9f\u00e9rence et est sollicit\u00e9, en association au CFM pour cr\u00e9er avec GL Events le salon <strong>Messwelt<\/strong> dont la premi\u00e8re \u00e9dition se tiendra \u00e0 <strong>Paris en 2019<\/strong>.<\/p>\n<p>\u00a0<\/p>\n<p>Cependant le COVID va venir bouleverser les diff\u00e9rentes actions de d\u00e9veloppement mises en \u0153uvre.<\/p>\n<p>Le R\u00e9seau Mesure va acc\u00e9l\u00e9rer l\u2019organisation de r\u00e9unions digitales et hybrides et devra subir l\u2019annulation en derni\u00e8re minute du salon Mesures Solutions EXPO.<\/p>\n<p>Cette p\u00e9riode difficile a mis en exergue la solidarit\u00e9 des adh\u00e9rents et des partenaires de l\u2019association.<\/p>\n<p>\u00a0<\/p>\n<p>Puis, 2021 a permis de rebondir et gr\u00e2ce \u00e0 la certification Qualiopi, le R\u00e9seau Mesure a pu offrir aux adh\u00e9rents des formations de qualit\u00e9 mais \u00e9galement d\u2019utiliser cette certification pour leurs propres clients.<\/p>\n<p>\u00a0<\/p>\n<p>Le mod\u00e8le \u00e9conomique et le mode de fonctionnement en groupes de travail de l\u2019association permet de d\u00e9velopper r\u00e9guli\u00e8rement de nouvelles actions en phase avec les besoins des entreprises de la mesure.<\/p>\n<p>2022 a \u00e9t\u00e9 une ann\u00e9e riche avec une tr\u00e8s belle \u00e9dition de Mesures Solutions EXPO et un plan d\u2019actions \u00e9toff\u00e9. L\u2019association regroupe d\u00e9sormais plus de 190 adh\u00e9rents r\u00e9partis dans toute la France, qui repr\u00e9sentent 1\u00a0031\u00a0242 K\u20ac de Chiffre d\u2019affaires et 7\u00a0500 salari\u00e9s.<\/p>","protected":false},"excerpt":{"rendered":"<p>A l&rsquo;origine du R\u00e9seau Mesure (RMVO initialement), l&rsquo;int\u00e9r\u00eat d&rsquo;une d\u00e9marche mutualis\u00e9e souffl\u00e9e par plusieurs chefs d&rsquo;entreprise et une \u00e9tude r\u00e9alis\u00e9e en 1999 par le Comit\u00e9 d&rsquo;expansion \u00e9conomique du Val-d&rsquo;Oise (CEEVO) et une autre men\u00e9e en 2001 par la CCIV montrent que le secteur de l&rsquo;instrumentation et de la mesure est tr\u00e8s pr\u00e9sent sur le Val-d&rsquo;Oise,&hellip;<\/p>","protected":false},"author":349,"featured_media":0,"parent":0,"menu_order":0,"comment_status":"closed","ping_status":"closed","template":"","meta":{"_acf_changed":false,"footnotes":""},"class_list":["post-28748","page","type-page","status-publish","hentry"],"acf":[],"yoast_head":"<!-- This site is optimized with the Yoast SEO plugin v27.4 - https:\/\/yoast.com\/product\/yoast-seo-wordpress\/ -->\n<title>Le R\u00e9seau Mesure - R\u00e9seau Mesure<\/title>\n<meta name=\"description\" content=\"Comment est n\u00e9 et s&#039;est d\u00e9velopp\u00e9 le R\u00e9seau Mesure ? De 2002 \u00e0 aujourd&#039;hui, histoire d&#039;un cluster des acteurs de la mesure.\" \/>\n<meta name=\"robots\" content=\"index, follow, max-snippet:-1, max-image-preview:large, max-video-preview:-1\" \/>\n<link rel=\"canonical\" href=\"https:\/\/www.reseau-mesure.com\/de\/le-reseau-mesure-histoire\/\" \/>\n<meta property=\"og:locale\" content=\"de_DE\" \/>\n<meta property=\"og:type\" content=\"article\" \/>\n<meta property=\"og:title\" content=\"Le R\u00e9seau Mesure - R\u00e9seau Mesure\" \/>\n<meta property=\"og:description\" content=\"Comment est n\u00e9 et s&#039;est d\u00e9velopp\u00e9 le R\u00e9seau Mesure ? De 2002 \u00e0 aujourd&#039;hui, histoire d&#039;un cluster des acteurs de la mesure.\" \/>\n<meta property=\"og:url\" content=\"https:\/\/www.reseau-mesure.com\/de\/le-reseau-mesure-histoire\/\" \/>\n<meta property=\"og:site_name\" content=\"R\u00e9seau Mesure\" \/>\n<meta property=\"article:publisher\" content=\"https:\/\/www.facebook.com\/reseaumesure\/\" \/>\n<meta property=\"article:modified_time\" content=\"2025-10-28T15:12:01+00:00\" \/>\n<meta name=\"twitter:card\" content=\"summary_large_image\" \/>\n<meta name=\"twitter:site\" content=\"@ReseauMesure\" \/>\n<meta name=\"twitter:label1\" content=\"Gesch\u00e4tzte Lesezeit\" \/>\n\t<meta name=\"twitter:data1\" content=\"11\u00a0Minuten\" \/>\n<script type=\"application\/ld+json\" class=\"yoast-schema-graph\">{\"@context\":\"https:\\\/\\\/schema.org\",\"@graph\":[{\"@type\":\"WebPage\",\"@id\":\"https:\\\/\\\/www.reseau-mesure.com\\\/le-reseau-mesure-histoire\\\/\",\"url\":\"https:\\\/\\\/www.reseau-mesure.com\\\/le-reseau-mesure-histoire\\\/\",\"name\":\"Le R\u00e9seau Mesure - R\u00e9seau Mesure\",\"isPartOf\":{\"@id\":\"https:\\\/\\\/www.reseau-mesure.com\\\/#website\"},\"datePublished\":\"2025-10-28T15:05:54+00:00\",\"dateModified\":\"2025-10-28T15:12:01+00:00\",\"description\":\"Comment est n\u00e9 et s'est d\u00e9velopp\u00e9 le R\u00e9seau Mesure ? De 2002 \u00e0 aujourd'hui, histoire d'un cluster des acteurs de la mesure.\",\"breadcrumb\":{\"@id\":\"https:\\\/\\\/www.reseau-mesure.com\\\/le-reseau-mesure-histoire\\\/#breadcrumb\"},\"inLanguage\":\"de\",\"potentialAction\":[{\"@type\":\"ReadAction\",\"target\":[\"https:\\\/\\\/www.reseau-mesure.com\\\/le-reseau-mesure-histoire\\\/\"]}]},{\"@type\":\"BreadcrumbList\",\"@id\":\"https:\\\/\\\/www.reseau-mesure.com\\\/le-reseau-mesure-histoire\\\/#breadcrumb\",\"itemListElement\":[{\"@type\":\"ListItem\",\"position\":1,\"name\":\"Accueil\",\"item\":\"https:\\\/\\\/www.reseau-mesure.com\\\/\"},{\"@type\":\"ListItem\",\"position\":2,\"name\":\"Le R\u00e9seau Mesure\"}]},{\"@type\":\"WebSite\",\"@id\":\"https:\\\/\\\/www.reseau-mesure.com\\\/#website\",\"url\":\"https:\\\/\\\/www.reseau-mesure.com\\\/\",\"name\":\"R\u00e9seau-Mesure\",\"description\":\"R\u00e9seau Mesure\",\"publisher\":{\"@id\":\"https:\\\/\\\/www.reseau-mesure.com\\\/#organization\"},\"potentialAction\":[{\"@type\":\"SearchAction\",\"target\":{\"@type\":\"EntryPoint\",\"urlTemplate\":\"https:\\\/\\\/www.reseau-mesure.com\\\/?s={search_term_string}\"},\"query-input\":{\"@type\":\"PropertyValueSpecification\",\"valueRequired\":true,\"valueName\":\"search_term_string\"}}],\"inLanguage\":\"de\"},{\"@type\":\"Organization\",\"@id\":\"https:\\\/\\\/www.reseau-mesure.com\\\/#organization\",\"name\":\"R\u00e9seau-Mesure\",\"url\":\"https:\\\/\\\/www.reseau-mesure.com\\\/\",\"logo\":{\"@type\":\"ImageObject\",\"inLanguage\":\"de\",\"@id\":\"https:\\\/\\\/www.reseau-mesure.com\\\/#\\\/schema\\\/logo\\\/image\\\/\",\"url\":\"https:\\\/\\\/www.reseau-mesure.com\\\/wp-content\\\/uploads\\\/2018\\\/02\\\/logo-max.png\",\"contentUrl\":\"https:\\\/\\\/www.reseau-mesure.com\\\/wp-content\\\/uploads\\\/2018\\\/02\\\/logo-max.png\",\"width\":545,\"height\":285,\"caption\":\"R\u00e9seau-Mesure\"},\"image\":{\"@id\":\"https:\\\/\\\/www.reseau-mesure.com\\\/#\\\/schema\\\/logo\\\/image\\\/\"},\"sameAs\":[\"https:\\\/\\\/www.facebook.com\\\/reseaumesure\\\/\",\"https:\\\/\\\/x.com\\\/ReseauMesure\",\"https:\\\/\\\/www.linkedin.com\\\/company\\\/reseau-mesure\\\/\"]}]}<\/script>\n<!-- \/ Yoast SEO plugin. -->","yoast_head_json":{"title":"Le R\u00e9seau Mesure - R\u00e9seau Mesure","description":"Comment est n\u00e9 et s'est d\u00e9velopp\u00e9 le R\u00e9seau Mesure ? De 2002 \u00e0 aujourd'hui, histoire d'un cluster des acteurs de la mesure.","robots":{"index":"index","follow":"follow","max-snippet":"max-snippet:-1","max-image-preview":"max-image-preview:large","max-video-preview":"max-video-preview:-1"},"canonical":"https:\/\/www.reseau-mesure.com\/de\/le-reseau-mesure-histoire\/","og_locale":"de_DE","og_type":"article","og_title":"Le R\u00e9seau Mesure - R\u00e9seau Mesure","og_description":"Comment est n\u00e9 et s'est d\u00e9velopp\u00e9 le R\u00e9seau Mesure ? De 2002 \u00e0 aujourd'hui, histoire d'un cluster des acteurs de la mesure.","og_url":"https:\/\/www.reseau-mesure.com\/de\/le-reseau-mesure-histoire\/","og_site_name":"R\u00e9seau Mesure","article_publisher":"https:\/\/www.facebook.com\/reseaumesure\/","article_modified_time":"2025-10-28T15:12:01+00:00","twitter_card":"summary_large_image","twitter_site":"@ReseauMesure","twitter_misc":{"Gesch\u00e4tzte Lesezeit":"11\u00a0Minuten"},"schema":{"@context":"https:\/\/schema.org","@graph":[{"@type":"WebPage","@id":"https:\/\/www.reseau-mesure.com\/le-reseau-mesure-histoire\/","url":"https:\/\/www.reseau-mesure.com\/le-reseau-mesure-histoire\/","name":"Le R\u00e9seau Mesure - R\u00e9seau Mesure","isPartOf":{"@id":"https:\/\/www.reseau-mesure.com\/#website"},"datePublished":"2025-10-28T15:05:54+00:00","dateModified":"2025-10-28T15:12:01+00:00","description":"Comment est n\u00e9 et s'est d\u00e9velopp\u00e9 le R\u00e9seau Mesure ? De 2002 \u00e0 aujourd'hui, histoire d'un cluster des acteurs de la mesure.","breadcrumb":{"@id":"https:\/\/www.reseau-mesure.com\/le-reseau-mesure-histoire\/#breadcrumb"},"inLanguage":"de","potentialAction":[{"@type":"ReadAction","target":["https:\/\/www.reseau-mesure.com\/le-reseau-mesure-histoire\/"]}]},{"@type":"BreadcrumbList","@id":"https:\/\/www.reseau-mesure.com\/le-reseau-mesure-histoire\/#breadcrumb","itemListElement":[{"@type":"ListItem","position":1,"name":"Accueil","item":"https:\/\/www.reseau-mesure.com\/"},{"@type":"ListItem","position":2,"name":"Le R\u00e9seau Mesure"}]},{"@type":"WebSite","@id":"https:\/\/www.reseau-mesure.com\/#website","url":"https:\/\/www.reseau-mesure.com\/","name":"Netzwerk-Messung","description":"Netzwerkma\u00dfnahme","publisher":{"@id":"https:\/\/www.reseau-mesure.com\/#organization"},"potentialAction":[{"@type":"SearchAction","target":{"@type":"EntryPoint","urlTemplate":"https:\/\/www.reseau-mesure.com\/?s={search_term_string}"},"query-input":{"@type":"PropertyValueSpecification","valueRequired":true,"valueName":"search_term_string"}}],"inLanguage":"de"},{"@type":"Organization","@id":"https:\/\/www.reseau-mesure.com\/#organization","name":"Netzwerk-Messung","url":"https:\/\/www.reseau-mesure.com\/","logo":{"@type":"ImageObject","inLanguage":"de","@id":"https:\/\/www.reseau-mesure.com\/#\/schema\/logo\/image\/","url":"https:\/\/www.reseau-mesure.com\/wp-content\/uploads\/2018\/02\/logo-max.png","contentUrl":"https:\/\/www.reseau-mesure.com\/wp-content\/uploads\/2018\/02\/logo-max.png","width":545,"height":285,"caption":"R\u00e9seau-Mesure"},"image":{"@id":"https:\/\/www.reseau-mesure.com\/#\/schema\/logo\/image\/"},"sameAs":["https:\/\/www.facebook.com\/reseaumesure\/","https:\/\/x.com\/ReseauMesure","https:\/\/www.linkedin.com\/company\/reseau-mesure\/"]}]}},"_links":{"self":[{"href":"https:\/\/www.reseau-mesure.com\/de\/wp-json\/wp\/v2\/pages\/28748","targetHints":{"allow":["GET"]}}],"collection":[{"href":"https:\/\/www.reseau-mesure.com\/de\/wp-json\/wp\/v2\/pages"}],"about":[{"href":"https:\/\/www.reseau-mesure.com\/de\/wp-json\/wp\/v2\/types\/page"}],"author":[{"embeddable":true,"href":"https:\/\/www.reseau-mesure.com\/de\/wp-json\/wp\/v2\/users\/349"}],"replies":[{"embeddable":true,"href":"https:\/\/www.reseau-mesure.com\/de\/wp-json\/wp\/v2\/comments?post=28748"}],"version-history":[{"count":0,"href":"https:\/\/www.reseau-mesure.com\/de\/wp-json\/wp\/v2\/pages\/28748\/revisions"}],"wp:attachment":[{"href":"https:\/\/www.reseau-mesure.com\/de\/wp-json\/wp\/v2\/media?parent=28748"}],"curies":[{"name":"wp","href":"https:\/\/api.w.org\/{rel}","templated":true}]}}