{"id":493,"date":"2018-01-02T22:09:23","date_gmt":"2018-01-02T21:09:23","guid":{"rendered":"http:\/\/reseau-mesure.fr\/?page_id=493"},"modified":"2026-03-23T18:40:42","modified_gmt":"2026-03-23T17:40:42","slug":"opportunites-marches-et-entreprises","status":"publish","type":"page","link":"https:\/\/www.reseau-mesure.com\/de\/opportunites-marches-et-entreprises\/","title":{"rendered":"Markt- und Gesch\u00e4ftsm\u00f6glichkeiten"},"content":{"rendered":"<h2>\n\t\t\t\tMarkt- und Gesch\u00e4ftsm\u00f6glichkeiten ENTWICKLUNG\n\t\t<\/h2>\n\t<h2><strong>Das Messnetzwerk bietet seinen Mitgliedern verschiedene Entwicklungsm\u00f6glichkeiten.<\/strong><\/h2>\n<ul>\n<li><a href=\"#comptes\">Des rencontres \u00ab\u00a0grands comptes\u00a0\u00bb<\/a><\/li>\n<li><a href=\"#echanges\">Des r\u00e9unions d&rsquo;\u00e9change d&rsquo;exp\u00e9riences<\/a><\/li>\n<li><a href=\"#outils\">Des outils d&rsquo;optimisation de gestion interne<\/a><\/li>\n<li><a href=\"#thematique\">Des r\u00e9unions th\u00e9matiques<\/a><\/li>\n<li><a href=\"#environnement\">Ein g\u00fcnstiges Umfeld f\u00fcr den Verkauf \/ die \u00dcbernahme eines Unternehmens<\/a><\/li>\n<li><a href=\"#offre\">Ein Platz f\u00fcr Stellenangebote und die Einreichung von Lebensl\u00e4ufen<\/a><\/li>\n<\/ul>\n<p>&nbsp;<\/p>\n\t<p><strong>Key Accounts Meetings wie z<\/strong><strong>\u00a0als \u2026<\/strong><\/p>\n\t<h2><b>Besuch des Seismic Mechanics Studies Laboratory <\/b><\/h2>\n<h2><b>CEA SACLAY <\/b><\/h2>\n<ul>\n<li><i>Von der Forschung zur Industrie<\/i><\/li>\n<\/ul>\n<h2><b>SNCF-Tag<\/b><\/h2>\n<ul>\n<li><i>Eisenbahnpr\u00fcfstelle - Vitry (94) <\/i><\/li>\n<\/ul>\n<p><i>Besuch des Sachverst\u00e4ndigenlabors Industrielle Dichtheitskontrolle<\/i><\/p>\n<h2><b>Besuch des RATP Boissy Saint L\u00e9ger Labors<\/b><\/h2>\n<ul>\n<li><i>RATP-Pr\u00e4sentation \/ Besuch der Installationen<\/i><\/li>\n<\/ul>\n<h2><b>SOPEMEA<\/b><\/h2>\n<ul>\n<li><i>Mechanische Messungen<\/i><\/li>\n<li><i>W\u00e4rmemessungen<\/i><\/li>\n<li><i>Elektrische Messungen<\/i><\/li>\n<\/ul>\n<h2><strong>LNE\u00a0<\/strong><\/h2>\n<ul>\n<li><em>Besuch von CEM-Labors<\/em><\/li>\n<li><em>Besuch der Transportpr\u00fcfst\u00e4nde<\/em><\/li>\n<li><em>Besuch der CARMEN-Plattform: Die messtechnische Charakterisierungsplattform f\u00fcr Nanomaterialien<\/em><\/li>\n<li><em>Pr\u00e4sentation der AI- und Robotik-Bewertungsaktivit\u00e4ten<\/em><\/li>\n<\/ul>\n<p><strong>RENAULT SPORT RACING\u00a0 <\/strong><\/p>\n<ul>\n<li><em>Besuch der Testeinrichtungen\u00a0<\/em><\/li>\n<li><em>Pr\u00e4sentation von Aktivit\u00e4ten und Interaktionen mit Mitgliedern des Messnetzwerks<\/em><\/li>\n<\/ul>\n<p><strong>Drohnenspannung\u00a0\u00a0<\/strong><\/p>\n<ul>\n<li><em>Besuch der Drohnen-Design-Einrichtungen<\/em><\/li>\n<li><em>Pr\u00e4sentation von Aktivit\u00e4ten und Interaktionen mit Mitgliedern des Messnetzwerks<\/em><\/li>\n<\/ul>\n<figure itemscope itemtype=\"https:\/\/schema.org\/ImageObject\">\n\t\t\t\t<img decoding=\"async\" src=\"https:\/\/www.reseau-mesure.com\/wp-content\/uploads\/2018\/01\/LNE-2.jpg\" alt=\"LNE\" height=\"711\" width=\"1445\" title=\"LNE (2)\" onerror=\"this.style.display='none'\" loading=\"lazy\" \/>\n\t<\/figure>\n<figure itemscope itemtype=\"https:\/\/schema.org\/ImageObject\">\n\t\t\t\t<img decoding=\"async\" src=\"https:\/\/www.reseau-mesure.com\/wp-content\/uploads\/2018\/01\/PHOTO-SITE.jpg\" alt=\"LNE SITE DE TRAPPES\" height=\"187\" width=\"280\" title=\"WEBSITE FOTO\" onerror=\"this.style.display='none'\" loading=\"lazy\" \/>\n\t<\/figure>\n<figure itemscope itemtype=\"https:\/\/schema.org\/ImageObject\">\n\t\t\t\t<img decoding=\"async\" src=\"https:\/\/www.reseau-mesure.com\/wp-content\/uploads\/2018\/01\/sncf-640x448.jpg\" alt=\"SCNCF\" height=\"448\" width=\"640\" title=\"sncf-640x448\" onerror=\"this.style.display='none'\" loading=\"lazy\" \/>\n\t<\/figure>\n<figure itemscope itemtype=\"https:\/\/schema.org\/ImageObject\">\n\t\t\t\t<img decoding=\"async\" src=\"https:\/\/www.reseau-mesure.com\/wp-content\/uploads\/2018\/01\/IMG_0082.jpg\" alt=\"Rencontre SNCF\" height=\"2448\" width=\"3264\" title=\"IMG_0082\" onerror=\"this.style.display='none'\" loading=\"lazy\" \/>\n\t<\/figure>\n<figure itemscope itemtype=\"https:\/\/schema.org\/ImageObject\">\n\t\t\t\t<img decoding=\"async\" src=\"https:\/\/www.reseau-mesure.com\/wp-content\/uploads\/2018\/01\/RATP-LOGO.png\" alt=\"RATP\" height=\"217\" width=\"180\" title=\"RATP LOGO\" onerror=\"this.style.display='none'\" loading=\"lazy\" \/>\n\t<\/figure>\n<figure itemscope itemtype=\"https:\/\/schema.org\/ImageObject\">\n\t\t\t\t<img decoding=\"async\" src=\"https:\/\/www.reseau-mesure.com\/wp-content\/uploads\/2018\/01\/PHOTO-RATP.jpg\" alt=\"RATP\" height=\"225\" width=\"300\" title=\"RATP FOTO\" onerror=\"this.style.display='none'\" loading=\"lazy\" \/>\n\t<\/figure>\n<figure itemscope itemtype=\"https:\/\/schema.org\/ImageObject\">\n\t\t\t\t<img decoding=\"async\" src=\"https:\/\/www.reseau-mesure.com\/wp-content\/uploads\/2019\/10\/Renault-F1-Team-DuPont-1.jpg\" alt=\"Renault-F1-Team-DuPont-1\" height=\"675\" width=\"1200\" title=\"Renault-F1-Team-DuPont-1\" onerror=\"this.style.display='none'\" loading=\"lazy\" \/>\n\t<\/figure>\n\t\t\t<a href=\"mailto:eduflot@reseau-mesure.com\"  target=\"_self\">\n\t\t\t\t\t\t\tIch m\u00f6chte das n\u00e4chste Treffen wissen\n\t\t\t\t\t<\/a>\n<figure itemscope itemtype=\"https:\/\/schema.org\/ImageObject\">\n\t\t\t\t<img decoding=\"async\" src=\"https:\/\/www.reseau-mesure.com\/wp-content\/uploads\/2018\/01\/Cetiat_baseline.jpg\" alt=\"Cetiat\" height=\"280\" width=\"945\" title=\"Cetiat\" onerror=\"this.style.display='none'\" loading=\"lazy\" \/>\n\t<\/figure>\n<figure itemscope itemtype=\"https:\/\/schema.org\/ImageObject\">\n\t\t\t\t<img decoding=\"async\" src=\"https:\/\/www.reseau-mesure.com\/wp-content\/uploads\/2018\/01\/CAP_4126.jpg\" alt=\"LABORATOIRE CETIAT\" height=\"4912\" width=\"7360\" title=\"CAP_4126\" onerror=\"this.style.display='none'\" loading=\"lazy\" \/>\n\t<\/figure>\n<figure itemscope itemtype=\"https:\/\/schema.org\/ImageObject\">\n\t\t\t\t<img decoding=\"async\" src=\"https:\/\/www.reseau-mesure.com\/wp-content\/uploads\/2018\/01\/logo-sopemea.jpg\" alt=\"sopemea\" height=\"270\" width=\"559\" title=\"Sopemea-Logo\" onerror=\"this.style.display='none'\" loading=\"lazy\" \/>\n\t<\/figure>\n<figure itemscope itemtype=\"https:\/\/schema.org\/ImageObject\">\n\t\t\t\t<img decoding=\"async\" src=\"https:\/\/www.reseau-mesure.com\/wp-content\/uploads\/2018\/01\/IMG_8496.jpg\" alt=\"Rencontre SOPEMEA\" height=\"2448\" width=\"3264\" title=\"IMG_8496\" onerror=\"this.style.display='none'\" loading=\"lazy\" \/>\n\t<\/figure>\n<figure itemscope itemtype=\"https:\/\/schema.org\/ImageObject\">\n\t\t\t\t<img decoding=\"async\" src=\"https:\/\/www.reseau-mesure.com\/wp-content\/uploads\/2019\/10\/DroneVolt.jpg\" alt=\"DroneVolt\" height=\"494\" width=\"1014\" title=\"DroneVolt\" onerror=\"this.style.display='none'\" loading=\"lazy\" \/>\n\t<\/figure>\n<figure itemscope itemtype=\"https:\/\/schema.org\/ImageObject\">\n\t\t\t\t<img decoding=\"async\" src=\"https:\/\/www.reseau-mesure.com\/wp-content\/uploads\/2019\/10\/IMG_0980.jpg\" alt=\"Visite DRONE VOLT 2019 10 08\" height=\"2448\" width=\"3264\" title=\"DRONE VOLT 2019 10 08\" onerror=\"this.style.display='none'\" loading=\"lazy\" \/>\n\t<\/figure>\n\t<p><b>Des R\u00e9unions <\/b><b>Austausch<\/b><b>\u00a0von Erfahrungen ...<\/b><\/p>\n\t<p>Ziel dieser Treffen ist es, den Mitgliedern die M\u00f6glichkeit zu geben, verschiedene Themen zu diskutieren, z.<\/p>\n<p>- Internet-Sicherheit<\/p>\n<p>\u2013 Fernverwaltung<\/p>\n<p>\u2013 Videoverkauf<\/p>\n<p>\u2013 F&amp;E-F\u00f6rderung<\/p>\n<p>- Professionelle Interviews und j\u00e4hrliche Interviews: der Unterschied<\/p>\n<p>\u2013 Qualiopi<\/p>\n<p>\u2013 Gute Rekrutierungspraktiken verstehen<\/p>\n<p>\u2013 Entwickeln Sie Ihre Arbeitgebermarke<\/p>\n<p>- Abfallwirtschaft \u2026.<\/p>\n<p><strong>Diese Treffen k\u00f6nnen dann zur Bildung dedizierter Arbeitsgruppen f\u00fchren.<\/strong><\/p>\n<figure itemscope itemtype=\"https:\/\/schema.org\/ImageObject\">\n\t\t\t\t<img decoding=\"async\" src=\"https:\/\/www.reseau-mesure.com\/wp-content\/uploads\/2018\/01\/groupes-echanges-tribu-564x272.jpg\" alt=\"opportunit\u00e9s march\u00e9s\" height=\"272\" width=\"564\" title=\"Austauschgruppen\" onerror=\"this.style.display='none'\" loading=\"lazy\" \/>\n\t<\/figure>\n\t\t\t<a href=\"mailto:eduflot@reseau-mesure.com\"  target=\"_self\">\n\t\t\t\t\t\t\tIch m\u00f6chte das n\u00e4chste Treffen wissen\n\t\t\t\t\t<\/a>\n\t<p><b>Tools zur Optimierung des internen Managements<\/b><b>\u00a0&#8230;<\/b><\/p>\n<p>&nbsp;<\/p>\n\t<p><b>VERKAUFSBEDINGUNGEN<\/b><\/p>\n<p><strong>M\u00fcssen Sie Ihre allgemeinen Verkaufsbedingungen erstellen, \u00fcberarbeiten oder anpassen?<\/strong><\/p>\n<p><strong>Le R\u00e9seau Mesure vous propose une solution optimis\u00e9e \u00e0 co\u00fbts ma\u00eetris\u00e9s<\/strong><\/p>\n<p>Dans le cadre des travaux men\u00e9s par le groupe \u00ab\u00a0Conditions G\u00e9n\u00e9rales de vente\u00a0\u00bb, un partenariat a \u00e9t\u00e9 \u00e9tabli avec un cabinet d&rsquo;avocats afin de vous proposer la formalisation de 3 mod\u00e8les de CGV adapt\u00e9es aux activit\u00e9s des adh\u00e9rents du R\u00e9seau Mesure :<\/p>\n<p><strong><img decoding=\"async\" role=\"img\" draggable=\"false\" src=\"https:\/\/s.w.org\/images\/core\/emoji\/17.0.2\/svg\/27a1.svg\" alt=\"\u27a1\ufe0f\" \/>Prestations de services &#8211; France &#8211; \u00e0 destination de professionnels<\/strong><\/p>\n<p><strong><img decoding=\"async\" role=\"img\" draggable=\"false\" src=\"https:\/\/s.w.org\/images\/core\/emoji\/17.0.2\/svg\/27a1.svg\" alt=\"\u27a1\ufe0f\" \/>Logiciels &#8211; France &#8211; \u00e0 destination de professionnels<\/strong><\/p>\n<p><strong><img decoding=\"async\" role=\"img\" draggable=\"false\" src=\"https:\/\/s.w.org\/images\/core\/emoji\/17.0.2\/svg\/27a1.svg\" alt=\"\u27a1\ufe0f\" \/>Vente de biens &#8211; France &#8211; \u00e0 destination de professionnels<\/strong><\/p>\n<p>&nbsp;<\/p>\n<p>Les CGV sont un outil strat\u00e9gique pour se d\u00e9marquer en affirmant sa <strong>transparence<\/strong> und sein <strong>professionnalisme<\/strong>, et en renfor\u00e7ant :<\/p>\n<p>\u2705 La protection juridique<\/p>\n<p>\u2705 La confiance du client<\/p>\n<p>\u2705 La s\u00e9curit\u00e9 des transactions<\/p>\n<p>\u2705 La pr\u00e9vention des litiges<\/p>\n<strong><br \/>\n\u2666 Prestation suppl\u00e9mentaire sur demande \u2666 <\/strong>\n<p>Es ist auch m\u00f6glich, davon zu profitieren <strong>d&rsquo;un accompagnement compl\u00e9mentaire individuel<\/strong>,\u00a0incluant l&rsquo;adaptation des conditions g\u00e9n\u00e9rales de vente types aux sp\u00e9cificit\u00e9s de l&rsquo;activit\u00e9 d&rsquo;un adh\u00e9rent (sans mise \u00e0 jour p\u00e9riodique).<\/p>\n<figure itemscope itemtype=\"https:\/\/schema.org\/ImageObject\">\n\t\t\t\t<img decoding=\"async\" src=\"https:\/\/www.reseau-mesure.com\/wp-content\/uploads\/2026\/03\/CGV.jpg\" alt=\"Conditions G\u00e9n\u00e9rales de Vente\" height=\"922\" width=\"1200\" title=\"CGV\" onerror=\"this.style.display='none'\" loading=\"lazy\" \/>\n\t<\/figure>\n\t\t\t<a href=\"https:\/\/www.reseau-mesure.com\/wp-content\/uploads\/2026\/03\/Protocole-accord-adherents-CGV-2026.pdf\"  target=\"_blank\" rel=\"noopener\">\n\t\t\t\t\t\t\tLaden Sie das CGV-Protokoll herunter\n\t\t\t\t\t<\/a>\n\t<p><b>Tools zur Optimierung des internen Managements<\/b><b>\u00a0&#8230;<\/b><\/p>\n<figure itemscope itemtype=\"https:\/\/schema.org\/ImageObject\">\n\t\t\t\t<a href=\"https:\/\/www.xerfi.com\/\"  target=\"_self\" itemprop=\"url\">\n\t\t\t\t<img decoding=\"async\" src=\"https:\/\/www.reseau-mesure.com\/wp-content\/uploads\/2018\/01\/xerfi.png\" alt=\"Logo XERFI\" height=\"132\" width=\"293\" title=\"xerfi\" onerror=\"this.style.display='none'\" loading=\"lazy\" \/>\n\t\t\t\t<\/a>\n\t\t\t\t\t\t<figcaption>XERFI-Logo<\/figcaption>\n\t<\/figure>\n\t<p><strong>XERFI 7000<\/strong><\/p>\n<p>Als Teil des Aktionsplans des Messnetzwerks erm\u00f6glicht Ihnen eine neue Aktion, die von der Gruppe &quot;M\u00e4rkte und Gesch\u00e4ftsm\u00f6glichkeiten&quot; vorgeschlagen wurde <strong>profitieren Sie von privilegiertem Zugriff auf die Xerfi 7000-Datenbank<\/strong>.<\/p>\n<p>Xerfi ist ein unabh\u00e4ngiger Verlag f\u00fcr sektorale Wirtschaftsstudien.<\/p>\n<p>Du hast ein vollst\u00e4ndiges und aktuelles Studium:<\/p>\n<ul>\n<li>Mit exklusiven Portalen k\u00f6nnen Sie den Sektoren Ihrer Wahl folgen<\/li>\n<li>Tools zum Wissensaustausch, Videos, Flashs usw.<\/li>\n<li>Informationen flie\u00dfen das ganze Jahr \u00fcber. Monatliche Aktualisierung der Finanzkennzahlen.<\/li>\n<\/ul>\n<ul>\n<li><strong>Ein kontinuierlicher Informationsdienst, der Ihnen Zugriff auf die neuesten Kennzahlen und Finanzprognosen von Unternehmen bietet.<\/strong><\/li>\n<\/ul>\n<ul>\n<li><strong>700 Studien zur Beherrschung franz\u00f6sischer und internationaler Sektoren und Unternehmen.<\/strong><\/li>\n<\/ul>\n<p>&nbsp;<\/p>\n<figure itemscope itemtype=\"https:\/\/schema.org\/ImageObject\">\n\t\t\t\t<img decoding=\"async\" src=\"https:\/\/www.reseau-mesure.com\/wp-content\/plugins\/bb-plugin\/img\/pixel.png\" alt=\"\" onerror=\"this.style.display='none'\" loading=\"lazy\" \/>\n\t<\/figure>\n\t<p>&nbsp;<\/p>\n<p>Sie k\u00f6nnen den allgemeinen Katalog konsultieren, der den ebenfalls auf der Website verf\u00fcgbaren Studien beigef\u00fcgt ist <a href=\"http:\/\/www.xerfi.com\">www.xerfi.com<\/a>.<\/p>\n\n\t\t\t<a href=\"https:\/\/www.reseau-mesure.com\/wp-content\/uploads\/2026\/03\/XERFI_CATALOGUE_FEVRIER_2026.pdf\"  target=\"_self\">\n\t\t\t\t\t\t\tXERFI-Studienkatalog\n\t\t\t\t\t<\/a>\n\t<p><b>Tools zur Optimierung des internen Managements<\/b><b>\u00a0&#8230;<\/b><\/p>\n\t<p><strong>HAXONEO - PLACEDESSALARIES.COM<\/strong><\/p>\n<p><strong>\u00dcber das Messnetzwerk k\u00f6nnen Sie zu ausgehandelten Preisen vom Zugang zu diesen zentralen Einkaufsb\u00fcros profitieren<\/strong><\/p>\n<p>\u00a0<\/p>\n\t\t\t<a href=\"https:\/\/www.reseau-mesure.com\/wp-content\/uploads\/2026\/01\/Protocole-Reseau-Mesure-2026.pdf\"  target=\"_blank\" rel=\"noopener\">\n\t\t\t\t\t\t\tLaden Sie das Protokoll Haxoneo-Placedessalaries.com herunter\n\t\t\t\t\t<\/a>\n<figure itemscope itemtype=\"https:\/\/schema.org\/ImageObject\">\n\t\t\t\t<img decoding=\"async\" src=\"https:\/\/www.reseau-mesure.com\/wp-content\/plugins\/bb-plugin\/img\/pixel.png\" alt=\"\" onerror=\"this.style.display='none'\" loading=\"lazy\" \/>\n\t<\/figure>\n<figure itemscope itemtype=\"https:\/\/schema.org\/ImageObject\">\n\t\t\t\t<img decoding=\"async\" src=\"https:\/\/www.reseau-mesure.com\/wp-content\/uploads\/2018\/01\/haxoneo-image.png\" alt=\"HAXONEO\" height=\"1357\" width=\"1012\" title=\"haxoneo Bild\" onerror=\"this.style.display='none'\" loading=\"lazy\" \/>\n\t<\/figure>\n<figure itemscope itemtype=\"https:\/\/schema.org\/ImageObject\">\n\t\t\t\t<a href=\"http:\/\/www.placedessalaries.com\/\"  target=\"_self\" itemprop=\"url\">\n\t\t\t\t<img decoding=\"async\" src=\"https:\/\/www.reseau-mesure.com\/wp-content\/uploads\/2018\/01\/place-des-salaries-photo.png\" alt=\"http:\/\/www.placedessalaries.com\/\" height=\"1366\" width=\"1016\" title=\"Ort des Mitarbeiterfotos\" onerror=\"this.style.display='none'\" loading=\"lazy\" \/>\n\t\t\t\t<\/a>\n\t\t\t\t\t\t<figcaption>http:\/\/www.placedessalaries.com\/<\/figcaption>\n\t<\/figure>\n\t<p><b>Tools zur Optimierung des internen Managements<\/b><b>\u00a0&#8230;<\/b><\/p>\n<figure itemscope itemtype=\"https:\/\/schema.org\/ImageObject\">\n\t\t\t\t<img decoding=\"async\" src=\"https:\/\/www.reseau-mesure.com\/wp-content\/plugins\/bb-plugin\/img\/pixel.png\" alt=\"\" onerror=\"this.style.display='none'\" loading=\"lazy\" \/>\n\t<\/figure>\n<figure itemscope itemtype=\"https:\/\/schema.org\/ImageObject\">\n\t\t\t\t<img decoding=\"async\" src=\"https:\/\/www.reseau-mesure.com\/wp-content\/plugins\/bb-plugin\/img\/pixel.png\" alt=\"\" onerror=\"this.style.display='none'\" loading=\"lazy\" \/>\n\t<\/figure>\n\t<p><b>CHARTER F\u00dcR STRASSENSICHERHEIT UND VERMEIDUNG VON STRASSENRISIKEN\u00a0<\/b><\/p>\n<p>Der Berufsstand der Laborlieferanten und Messtechniker hat etwa 50 TP1T Wanderarbeiter, insbesondere im Handels- oder Kundendienst. Verkehrssicherheit ist daher eine wichtige Sicherheitsma\u00dfnahme f\u00fcr die Mitarbeiter in unserem T\u00e4tigkeitsbereich.<\/p>\n<p>Der Interprofessionelle Ausschuss der Laborlieferanten und das Messnetzwerk haben daher diese Charta f\u00fcr Sicherheit und Vermeidung von Verkehrsrisiken erstellt, um alle Unternehmen und ihre Mitarbeiter f\u00fcr gute Stra\u00dfenverkehrspraktiken und umweltfreundliche Fahrweise zu sensibilisieren.\u00a0\u00a0<\/p>\n<p>\u00a0<\/p>\n\t\t\t<a href=\"mailto:eduflot@reseau-mesure.com\"  target=\"_self\">\n\t\t\t\t\t\t\tFordern Sie die Verkehrssicherheitscharta des Messnetzes an\n\t\t\t\t\t<\/a>\n\t<p><b>Ein g\u00fcnstiger Raum f\u00fcr den Verkauf \/ die \u00dcbernahme von Unternehmen<\/b><\/p>\n<p>Der Arbeitskreis \u201eMarkt- und Gesch\u00e4ftschancen\u201c besch\u00e4ftigt sich seit mehreren Monaten mit dem Thema \u201eVerk\u00e4ufe\/Gesch\u00e4fts\u00fcbernahmen\u201c und bietet Ihnen einen Workshop-Zyklus zu diesem Thema an.<\/p>\n<p>Das Messnetzwerk m\u00f6chte auch weiterhin Synergien zwischen den verschiedenen an Transfer-\/\u00dcbernahmeprojekten beteiligten Akteuren f\u00f6rdern und die Mitglieder des Vereins bei diesem Thema unterst\u00fctzen.<\/p>\n<p><strong>Wir laden Sie daher ein, wenn Sie m\u00f6chten, Estelle Duflot zu kontaktieren \u2013 <a href=\"mailto:eduflot@reseau-mesure.com\">eduflot@reseau-mesure.com<\/a> \u2013 09 54 64 45 56 \u2013 f\u00fcr jede Frage oder Reflexion zu diesem Thema, egal ob Sie in der Position eines potenziellen K\u00e4ufers oder Verk\u00e4ufers sind oder sich einfach in der Reflexionsphase bez\u00fcglich einer m\u00f6glichen Ansprache befinden.<\/strong><\/p>\n<p>Alle Austauschvorg\u00e4nge k\u00f6nnen gem\u00e4\u00df Ihrer Anfrage der Vertraulichkeit unterliegen.<\/p>\n\t<p><b>Ein Platz f\u00fcr Stellenangebote und die Einreichung von Lebensl\u00e4ufen<\/b><\/p>\n<p>Suchen Sie nach neuen Mitarbeitern?<\/p>\n<p>Nutzen Sie das Netzwerk!<\/p>\n\t\t\t<a href=\"https:\/\/www.reseau-mesure.com\/de\/proposer-offre-demploi\/\"  target=\"_self\">\n\t\t\t\t\t\t\tEin Stellenangebot einreichen\n\t\t\t\t\t<\/a>\n\t\t\t<a href=\"mailto:eduflot@reseau-mesure.com\"  target=\"_self\">\n\t\t\t\t\t\t\tM\u00f6chten Sie einer Arbeitsgruppe beitreten?\n\t\t\t\t\t<\/a>","protected":false},"excerpt":{"rendered":"<p>Opportunit\u00e9s march\u00e9s et entreprises DEVELOPPEMENT Le R\u00e9seau Mesure propose \u00e0 ses adh\u00e9rents diff\u00e9rentes opportunit\u00e9s de d\u00e9veloppement. Des rencontres \u00ab\u00a0grands comptes\u00a0\u00bb Des r\u00e9unions d&rsquo;\u00e9change d&rsquo;exp\u00e9riences Des outils d&rsquo;optimisation de gestion interne Des r\u00e9unions th\u00e9matiques Un environnement favorable \u00e0 la cession\/reprise d&rsquo;entreprise Un espace d&rsquo;offres d&#8217;emploi et de d\u00e9p\u00f4t de CV &nbsp; Des rencontres Grands Comptes telles\u00a0que&hellip;<\/p>","protected":false},"author":685,"featured_media":0,"parent":0,"menu_order":0,"comment_status":"closed","ping_status":"closed","template":"","meta":{"_acf_changed":false,"footnotes":""},"class_list":["post-493","page","type-page","status-publish","hentry"],"acf":[],"yoast_head":"<!-- This site is optimized with the Yoast SEO plugin v27.5 - https:\/\/yoast.com\/product\/yoast-seo-wordpress\/ -->\n<title>Opportunit\u00e9s march\u00e9s et entreprises - R\u00e9seau Mesure<\/title>\n<meta name=\"description\" content=\"Le groupe opportunit\u00e9s march\u00e9s et entreprise est un groupe important pour le developpement de votre activit\u00e9 et de vos affaires.\" \/>\n<meta name=\"robots\" content=\"index, follow, max-snippet:-1, max-image-preview:large, max-video-preview:-1\" \/>\n<link rel=\"canonical\" href=\"https:\/\/www.reseau-mesure.com\/de\/opportunites-marches-et-entreprises\/\" \/>\n<meta property=\"og:locale\" content=\"de_DE\" \/>\n<meta property=\"og:type\" content=\"article\" \/>\n<meta property=\"og:title\" content=\"Opportunit\u00e9s march\u00e9s et entreprises - R\u00e9seau Mesure\" \/>\n<meta property=\"og:description\" content=\"Le groupe opportunit\u00e9s march\u00e9s et entreprise est un groupe important pour le developpement de votre activit\u00e9 et de vos affaires.\" \/>\n<meta property=\"og:url\" content=\"https:\/\/www.reseau-mesure.com\/de\/opportunites-marches-et-entreprises\/\" \/>\n<meta property=\"og:site_name\" content=\"R\u00e9seau Mesure\" \/>\n<meta property=\"article:publisher\" content=\"https:\/\/www.facebook.com\/reseaumesure\/\" \/>\n<meta property=\"article:modified_time\" content=\"2026-03-23T17:40:42+00:00\" \/>\n<meta property=\"og:image\" content=\"https:\/\/www.reseau-mesure.com\/wp-content\/uploads\/2018\/01\/LNE-2.jpg\" \/>\n<meta name=\"twitter:card\" content=\"summary_large_image\" \/>\n<meta name=\"twitter:site\" content=\"@ReseauMesure\" \/>\n<meta name=\"twitter:label1\" content=\"Gesch\u00e4tzte Lesezeit\" \/>\n\t<meta name=\"twitter:data1\" content=\"10\u00a0Minuten\" \/>\n<script type=\"application\/ld+json\" class=\"yoast-schema-graph\">{\"@context\":\"https:\\\/\\\/schema.org\",\"@graph\":[{\"@type\":\"WebPage\",\"@id\":\"https:\\\/\\\/www.reseau-mesure.com\\\/opportunites-marches-et-entreprises\\\/\",\"url\":\"https:\\\/\\\/www.reseau-mesure.com\\\/opportunites-marches-et-entreprises\\\/\",\"name\":\"Opportunit\u00e9s march\u00e9s et entreprises - R\u00e9seau Mesure\",\"isPartOf\":{\"@id\":\"https:\\\/\\\/www.reseau-mesure.com\\\/#website\"},\"primaryImageOfPage\":{\"@id\":\"https:\\\/\\\/www.reseau-mesure.com\\\/opportunites-marches-et-entreprises\\\/#primaryimage\"},\"image\":{\"@id\":\"https:\\\/\\\/www.reseau-mesure.com\\\/opportunites-marches-et-entreprises\\\/#primaryimage\"},\"thumbnailUrl\":\"https:\\\/\\\/www.reseau-mesure.com\\\/wp-content\\\/uploads\\\/2018\\\/01\\\/LNE-2.jpg\",\"datePublished\":\"2018-01-02T21:09:23+00:00\",\"dateModified\":\"2026-03-23T17:40:42+00:00\",\"description\":\"Le groupe opportunit\u00e9s march\u00e9s et entreprise est un groupe important pour le developpement de votre activit\u00e9 et de vos affaires.\",\"breadcrumb\":{\"@id\":\"https:\\\/\\\/www.reseau-mesure.com\\\/opportunites-marches-et-entreprises\\\/#breadcrumb\"},\"inLanguage\":\"de\",\"potentialAction\":[{\"@type\":\"ReadAction\",\"target\":[\"https:\\\/\\\/www.reseau-mesure.com\\\/opportunites-marches-et-entreprises\\\/\"]}]},{\"@type\":\"ImageObject\",\"inLanguage\":\"de\",\"@id\":\"https:\\\/\\\/www.reseau-mesure.com\\\/opportunites-marches-et-entreprises\\\/#primaryimage\",\"url\":\"https:\\\/\\\/www.reseau-mesure.com\\\/wp-content\\\/uploads\\\/2018\\\/01\\\/LNE-2.jpg\",\"contentUrl\":\"https:\\\/\\\/www.reseau-mesure.com\\\/wp-content\\\/uploads\\\/2018\\\/01\\\/LNE-2.jpg\"},{\"@type\":\"BreadcrumbList\",\"@id\":\"https:\\\/\\\/www.reseau-mesure.com\\\/opportunites-marches-et-entreprises\\\/#breadcrumb\",\"itemListElement\":[{\"@type\":\"ListItem\",\"position\":1,\"name\":\"Accueil\",\"item\":\"https:\\\/\\\/www.reseau-mesure.com\\\/\"},{\"@type\":\"ListItem\",\"position\":2,\"name\":\"Opportunit\u00e9s march\u00e9s et entreprises\"}]},{\"@type\":\"WebSite\",\"@id\":\"https:\\\/\\\/www.reseau-mesure.com\\\/#website\",\"url\":\"https:\\\/\\\/www.reseau-mesure.com\\\/\",\"name\":\"R\u00e9seau-Mesure\",\"description\":\"R\u00e9seau Mesure\",\"publisher\":{\"@id\":\"https:\\\/\\\/www.reseau-mesure.com\\\/#organization\"},\"potentialAction\":[{\"@type\":\"SearchAction\",\"target\":{\"@type\":\"EntryPoint\",\"urlTemplate\":\"https:\\\/\\\/www.reseau-mesure.com\\\/?s={search_term_string}\"},\"query-input\":{\"@type\":\"PropertyValueSpecification\",\"valueRequired\":true,\"valueName\":\"search_term_string\"}}],\"inLanguage\":\"de\"},{\"@type\":\"Organization\",\"@id\":\"https:\\\/\\\/www.reseau-mesure.com\\\/#organization\",\"name\":\"R\u00e9seau-Mesure\",\"url\":\"https:\\\/\\\/www.reseau-mesure.com\\\/\",\"logo\":{\"@type\":\"ImageObject\",\"inLanguage\":\"de\",\"@id\":\"https:\\\/\\\/www.reseau-mesure.com\\\/#\\\/schema\\\/logo\\\/image\\\/\",\"url\":\"https:\\\/\\\/www.reseau-mesure.com\\\/wp-content\\\/uploads\\\/2018\\\/02\\\/logo-max.png\",\"contentUrl\":\"https:\\\/\\\/www.reseau-mesure.com\\\/wp-content\\\/uploads\\\/2018\\\/02\\\/logo-max.png\",\"width\":545,\"height\":285,\"caption\":\"R\u00e9seau-Mesure\"},\"image\":{\"@id\":\"https:\\\/\\\/www.reseau-mesure.com\\\/#\\\/schema\\\/logo\\\/image\\\/\"},\"sameAs\":[\"https:\\\/\\\/www.facebook.com\\\/reseaumesure\\\/\",\"https:\\\/\\\/x.com\\\/ReseauMesure\",\"https:\\\/\\\/www.linkedin.com\\\/company\\\/reseau-mesure\\\/\"]}]}<\/script>\n<!-- \/ Yoast SEO plugin. -->","yoast_head_json":{"title":"Opportunit\u00e9s march\u00e9s et entreprises - R\u00e9seau Mesure","description":"Le groupe opportunit\u00e9s march\u00e9s et entreprise est un groupe important pour le developpement de votre activit\u00e9 et de vos affaires.","robots":{"index":"index","follow":"follow","max-snippet":"max-snippet:-1","max-image-preview":"max-image-preview:large","max-video-preview":"max-video-preview:-1"},"canonical":"https:\/\/www.reseau-mesure.com\/de\/opportunites-marches-et-entreprises\/","og_locale":"de_DE","og_type":"article","og_title":"Opportunit\u00e9s march\u00e9s et entreprises - R\u00e9seau Mesure","og_description":"Le groupe opportunit\u00e9s march\u00e9s et entreprise est un groupe important pour le developpement de votre activit\u00e9 et de vos affaires.","og_url":"https:\/\/www.reseau-mesure.com\/de\/opportunites-marches-et-entreprises\/","og_site_name":"R\u00e9seau Mesure","article_publisher":"https:\/\/www.facebook.com\/reseaumesure\/","article_modified_time":"2026-03-23T17:40:42+00:00","og_image":[{"url":"https:\/\/www.reseau-mesure.com\/wp-content\/uploads\/2018\/01\/LNE-2.jpg","type":"","width":"","height":""}],"twitter_card":"summary_large_image","twitter_site":"@ReseauMesure","twitter_misc":{"Gesch\u00e4tzte Lesezeit":"10\u00a0Minuten"},"schema":{"@context":"https:\/\/schema.org","@graph":[{"@type":"WebPage","@id":"https:\/\/www.reseau-mesure.com\/opportunites-marches-et-entreprises\/","url":"https:\/\/www.reseau-mesure.com\/opportunites-marches-et-entreprises\/","name":"Opportunit\u00e9s march\u00e9s et entreprises - R\u00e9seau Mesure","isPartOf":{"@id":"https:\/\/www.reseau-mesure.com\/#website"},"primaryImageOfPage":{"@id":"https:\/\/www.reseau-mesure.com\/opportunites-marches-et-entreprises\/#primaryimage"},"image":{"@id":"https:\/\/www.reseau-mesure.com\/opportunites-marches-et-entreprises\/#primaryimage"},"thumbnailUrl":"https:\/\/www.reseau-mesure.com\/wp-content\/uploads\/2018\/01\/LNE-2.jpg","datePublished":"2018-01-02T21:09:23+00:00","dateModified":"2026-03-23T17:40:42+00:00","description":"Le groupe opportunit\u00e9s march\u00e9s et entreprise est un groupe important pour le developpement de votre activit\u00e9 et de vos affaires.","breadcrumb":{"@id":"https:\/\/www.reseau-mesure.com\/opportunites-marches-et-entreprises\/#breadcrumb"},"inLanguage":"de","potentialAction":[{"@type":"ReadAction","target":["https:\/\/www.reseau-mesure.com\/opportunites-marches-et-entreprises\/"]}]},{"@type":"ImageObject","inLanguage":"de","@id":"https:\/\/www.reseau-mesure.com\/opportunites-marches-et-entreprises\/#primaryimage","url":"https:\/\/www.reseau-mesure.com\/wp-content\/uploads\/2018\/01\/LNE-2.jpg","contentUrl":"https:\/\/www.reseau-mesure.com\/wp-content\/uploads\/2018\/01\/LNE-2.jpg"},{"@type":"BreadcrumbList","@id":"https:\/\/www.reseau-mesure.com\/opportunites-marches-et-entreprises\/#breadcrumb","itemListElement":[{"@type":"ListItem","position":1,"name":"Accueil","item":"https:\/\/www.reseau-mesure.com\/"},{"@type":"ListItem","position":2,"name":"Opportunit\u00e9s march\u00e9s et entreprises"}]},{"@type":"WebSite","@id":"https:\/\/www.reseau-mesure.com\/#website","url":"https:\/\/www.reseau-mesure.com\/","name":"Netzwerk-Messung","description":"Netzwerkma\u00dfnahme","publisher":{"@id":"https:\/\/www.reseau-mesure.com\/#organization"},"potentialAction":[{"@type":"SearchAction","target":{"@type":"EntryPoint","urlTemplate":"https:\/\/www.reseau-mesure.com\/?s={search_term_string}"},"query-input":{"@type":"PropertyValueSpecification","valueRequired":true,"valueName":"search_term_string"}}],"inLanguage":"de"},{"@type":"Organization","@id":"https:\/\/www.reseau-mesure.com\/#organization","name":"Netzwerk-Messung","url":"https:\/\/www.reseau-mesure.com\/","logo":{"@type":"ImageObject","inLanguage":"de","@id":"https:\/\/www.reseau-mesure.com\/#\/schema\/logo\/image\/","url":"https:\/\/www.reseau-mesure.com\/wp-content\/uploads\/2018\/02\/logo-max.png","contentUrl":"https:\/\/www.reseau-mesure.com\/wp-content\/uploads\/2018\/02\/logo-max.png","width":545,"height":285,"caption":"R\u00e9seau-Mesure"},"image":{"@id":"https:\/\/www.reseau-mesure.com\/#\/schema\/logo\/image\/"},"sameAs":["https:\/\/www.facebook.com\/reseaumesure\/","https:\/\/x.com\/ReseauMesure","https:\/\/www.linkedin.com\/company\/reseau-mesure\/"]}]}},"_links":{"self":[{"href":"https:\/\/www.reseau-mesure.com\/de\/wp-json\/wp\/v2\/pages\/493","targetHints":{"allow":["GET"]}}],"collection":[{"href":"https:\/\/www.reseau-mesure.com\/de\/wp-json\/wp\/v2\/pages"}],"about":[{"href":"https:\/\/www.reseau-mesure.com\/de\/wp-json\/wp\/v2\/types\/page"}],"author":[{"embeddable":true,"href":"https:\/\/www.reseau-mesure.com\/de\/wp-json\/wp\/v2\/users\/685"}],"replies":[{"embeddable":true,"href":"https:\/\/www.reseau-mesure.com\/de\/wp-json\/wp\/v2\/comments?post=493"}],"version-history":[{"count":25,"href":"https:\/\/www.reseau-mesure.com\/de\/wp-json\/wp\/v2\/pages\/493\/revisions"}],"predecessor-version":[{"id":30392,"href":"https:\/\/www.reseau-mesure.com\/de\/wp-json\/wp\/v2\/pages\/493\/revisions\/30392"}],"wp:attachment":[{"href":"https:\/\/www.reseau-mesure.com\/de\/wp-json\/wp\/v2\/media?parent=493"}],"curies":[{"name":"wp","href":"https:\/\/api.w.org\/{rel}","templated":true}]}}