{"id":50,"date":"2017-10-30T18:36:19","date_gmt":"2017-10-30T17:36:19","guid":{"rendered":"http:\/\/reseau-mesure.fr\/?page_id=50"},"modified":"2018-11-03T10:38:59","modified_gmt":"2018-11-03T09:38:59","slug":"plan-du-site","status":"publish","type":"page","link":"https:\/\/www.reseau-mesure.com\/de\/plan-du-site\/","title":{"rendered":"Seitenverzeichnis"},"content":{"rendered":"<p>\t\t\t\t<img loading=\"lazy\" decoding=\"async\" src=\"https:\/\/www.reseau-mesure.com\/wp-content\/uploads\/2018\/11\/shutterstock_200804189-300x225.jpg\" alt=\"Plan du site\" itemprop=\"image\" height=\"225\" width=\"300\" title=\"Seitenverzeichnis\"  \/><\/p>\n<h1 >\n\t\t\tSeitenverzeichnis<br \/>\n\t\t<\/h1>\n<h2>Entdecken Sie die Sitemap unten:<\/h2>\n<div class=\"wsp-container\"><h2 class=\"wsp-pages-title\">Seiten<\/h2>\n<ul class=\"wsp-pages-list\">\n<li class=\"page_item page-item-13866\"><a href=\"https:\/\/www.reseau-mesure.com\/de\/13866-2\/\">#13866 (kein Titel)<\/a><\/li>\n<li class=\"page_item page-item-9820\"><a href=\"https:\/\/www.reseau-mesure.com\/de\/entretien-professionnel\/\">&quot;Professionelles Treffen&quot;<\/a><\/li>\n<li class=\"page_item page-item-2976\"><a href=\"https:\/\/www.reseau-mesure.com\/de\/ressources-documentaires-accompagnement-dirigeant-2\/\">Manager-Support - Ressourcen<\/a><\/li>\n<li class=\"page_item page-item-18\"><a href=\"https:\/\/www.reseau-mesure.com\/de\/acceuil\/\">Messung des Heimnetzwerks<\/a><\/li>\n<li class=\"page_item page-item-8299\"><a href=\"https:\/\/www.reseau-mesure.com\/de\/acceuil-2\/\">Heimnetzwerk Ma\u00dfnahme - alt<\/a><\/li>\n<li class=\"page_item page-item-383\"><a href=\"https:\/\/www.reseau-mesure.com\/de\/achats-mutualises\/\">Zusammengeschlossener Einkauf Eink\u00e4ufergruppe<\/a><\/li>\n<li class=\"page_item page-item-16423\"><a href=\"https:\/\/www.reseau-mesure.com\/de\/acquisition-enregistrement-apico\/\">Datenerfassung und Aufzeichnung \u2013 APICO<\/a><\/li>\n<li class=\"page_item page-item-1094\"><a href=\"https:\/\/www.reseau-mesure.com\/de\/dossier-travail-action-cgv\/\">Aktion Allgemeine Verkaufsbedingungen<\/a><\/li>\n<li class=\"page_item page-item-13409\"><a href=\"https:\/\/www.reseau-mesure.com\/de\/actions\/\">Aktionen | das Messnetzwerk<\/a><\/li>\n<li class=\"page_item page-item-13361\"><a href=\"https:\/\/www.reseau-mesure.com\/de\/actualites\/\">Nachrichten<\/a><\/li>\n<li class=\"page_item page-item-79\"><a href=\"https:\/\/www.reseau-mesure.com\/de\/adherentrm\/\">Mitglied<\/a><\/li>\n<li class=\"page_item page-item-666\"><a href=\"https:\/\/www.reseau-mesure.com\/de\/pourquoi-adherer\/\">Warum dem Messnetzwerk beitreten?<\/a><\/li>\n<li class=\"page_item page-item-1496\"><a href=\"https:\/\/www.reseau-mesure.com\/de\/ajouter-une-bonne-adresse\/\">F\u00fcgen Sie eine gute Adresse hinzu<\/a><\/li>\n<li class=\"page_item page-item-16337\"><a href=\"https:\/\/www.reseau-mesure.com\/de\/analyse-de-donnees-multivariees\/\">Multivariate Datenanalyse<\/a><\/li>\n<li class=\"page_item page-item-16512\"><a href=\"https:\/\/www.reseau-mesure.com\/de\/analyse-de-donnees-spectroscopiques\/\">Spektroskopische Datenanalyse<\/a><\/li>\n<li class=\"page_item page-item-9347\"><a href=\"https:\/\/www.reseau-mesure.com\/de\/analyse-indsutrielle\/\">INDUSTRIELLE ANALYSE<\/a><\/li>\n<li class=\"page_item page-item-8957\"><a href=\"https:\/\/www.reseau-mesure.com\/de\/analytica\/\">ANALYTICA<\/a><\/li>\n<li class=\"page_item page-item-21470\"><a href=\"https:\/\/www.reseau-mesure.com\/de\/animer-une-reunion\/\">Erm\u00f6glichen Sie ein Treffen<\/a><\/li>\n<li class=\"page_item page-item-22\"><a href=\"https:\/\/www.reseau-mesure.com\/de\/annuaire\/\">Telefonbuch<\/a><\/li>\n<li class=\"page_item page-item-29124\"><a href=\"https:\/\/www.reseau-mesure.com\/de\/ia-pratique-professionnelle\/\">Apprendre \u00e0 utiliser l&rsquo;Intelligence Artificielle dans sa pratique professionnelle<\/a><\/li>\n<li class=\"page_item page-item-6980\"><a href=\"https:\/\/www.reseau-mesure.com\/de\/arp\/\">ARP<\/a><\/li>\n<li class=\"page_item page-item-2305\"><a href=\"https:\/\/www.reseau-mesure.com\/de\/assemblee-generale-mixte-du-7-juin-2018\/\">Kombinierte Hauptversammlung vom 7. Juni 2018<\/a><\/li>\n<li class=\"page_item page-item-6415\"><a href=\"https:\/\/www.reseau-mesure.com\/de\/aucun-acces\/\">Kein Zugang<\/a><\/li>\n<li class=\"page_item page-item-23103\"><a href=\"https:\/\/www.reseau-mesure.com\/de\/balbar-renishaw-formation\/\">BALBAR -RENISHAW<\/a><\/li>\n<li class=\"page_item page-item-11572\"><a href=\"https:\/\/www.reseau-mesure.com\/de\/bnp-paribas\/\">BNP Paribas<\/a><\/li>\n<li class=\"page_item page-item-6229\"><a href=\"https:\/\/www.reseau-mesure.com\/de\/bureau\/\">B\u00fcro des Messnetzwerks<\/a><\/li>\n<li class=\"page_item page-item-16451\"><a href=\"https:\/\/www.reseau-mesure.com\/de\/calypso-eurotek\/\">CALYPSO \u2013 Eurotek<\/a><\/li>\n<li class=\"page_item page-item-109\"><a href=\"https:\/\/www.reseau-mesure.com\/de\/candidat\/\">Anwendung<\/a><\/li>\n<li class=\"page_item page-item-17151\"><a href=\"https:\/\/www.reseau-mesure.com\/de\/caracterisation-des-enceintes-thermostatiques-et-climatiques-waranet\/\">Charakterisierung von Thermostat- und Klimakammern \u2013 Waranet<\/a><\/li>\n<li class=\"page_item page-item-6733\"><a href=\"https:\/\/www.reseau-mesure.com\/de\/carprassur\/\">CARPRASSUR<\/a><\/li>\n<li class=\"page_item page-item-11929\"><a href=\"https:\/\/www.reseau-mesure.com\/de\/formation-centaure-securite-routiere\/\">Zentaur: Verkehrssicherheit<\/a><\/li>\n<li class=\"page_item page-item-12926\"><a href=\"https:\/\/www.reseau-mesure.com\/de\/certification-qualiopi\/\">Qualiopi-Zertifizierung<\/a><\/li>\n<li class=\"page_item page-item-337\"><a href=\"https:\/\/www.reseau-mesure.com\/de\/charte-reseau-mesure\/\">Charta zur Nutzung der Website des Messnetzwerks<\/a><\/li>\n<li class=\"page_item page-item-30021\"><a href=\"https:\/\/www.reseau-mesure.com\/de\/comparaison-interlaboratoires\/\">Choisir et interpr\u00e9ter une comparaison interlaboratoires (LNE R\u00e9f. AQ73)<\/a><\/li>\n<li class=\"page_item page-item-13762\"><a href=\"https:\/\/www.reseau-mesure.com\/de\/cim-2021-lyon\/\">CIM 2021<\/a><\/li>\n<li class=\"page_item page-item-14953\"><a href=\"https:\/\/www.reseau-mesure.com\/de\/simpel\/\">CLEODIS SIMPEL<\/a><\/li>\n<li class=\"page_item page-item-16263\"><a href=\"https:\/\/www.reseau-mesure.com\/de\/colorimetrie-de-surface-et-spectrophotometre\/\">Oberfl\u00e4chenkolorimetrie und Spektrophotometer<\/a><\/li>\n<li class=\"page_item page-item-15787\"><a href=\"https:\/\/www.reseau-mesure.com\/de\/colorimetrie-et-colibris-qc\/\">Kolorimetrie und Colibri QC<\/a><\/li>\n<li class=\"page_item page-item-17330\"><a href=\"https:\/\/www.reseau-mesure.com\/de\/colorimetrie-spectrocolorimetre-et-logiciel-qc\/\">Kolorimetrie, Spektrokolorimeter und QC-Software<\/a><\/li>\n<li class=\"page_item page-item-22937\"><a href=\"https:\/\/www.reseau-mesure.com\/de\/comet-2025-rm\/\">COMET 2025<\/a><\/li>\n<li class=\"page_item page-item-390\"><a href=\"https:\/\/www.reseau-mesure.com\/de\/communication\/\">Kommunikation<\/a><\/li>\n<li class=\"page_item page-item-17423\"><a href=\"https:\/\/www.reseau-mesure.com\/de\/config-et-programmation-de-systeme-de-mesure-mtron-t-jumo\/\">Konfiguration und Programmierung des Messsystems mTRON T-JUMO<\/a><\/li>\n<li class=\"page_item page-item-95\"><a href=\"https:\/\/www.reseau-mesure.com\/de\/connexion\/\">Anmeldung<\/a><\/li>\n<li class=\"page_item page-item-5971\"><a href=\"https:\/\/www.reseau-mesure.com\/de\/groupes-de-travail-en-photos-2-2-2-2\/\">Verwaltungsrat vom 06. 12. 2018<\/a><\/li>\n<li class=\"page_item page-item-6211\"><a href=\"https:\/\/www.reseau-mesure.com\/de\/conseil-administration\/\">Verwaltungsrat des Messnetzwerks<\/a><\/li>\n<li class=\"page_item page-item-48\"><a href=\"https:\/\/www.reseau-mesure.com\/de\/contact\/\">Kontakt<\/a><\/li>\n<li class=\"page_item page-item-5251\"><a href=\"https:\/\/www.reseau-mesure.com\/de\/contenu-reserve\/\">Reservierter Inhalt<\/a><\/li>\n<li class=\"page_item page-item-211\"><a href=\"https:\/\/www.reseau-mesure.com\/de\/contenu-reserve-membre\/\">Inhalt f\u00fcr Mitglieder reserviert<\/a><\/li>\n<li class=\"page_item page-item-23282\"><a href=\"https:\/\/www.reseau-mesure.com\/de\/ressources-documentaires-juridique-copy\/\">Copie de Juridique &#8211; Ressources documentaires<\/a><\/li>\n<li class=\"page_item page-item-30011\"><a href=\"https:\/\/www.reseau-mesure.com\/de\/decouvrir-les-bases-de-la-metrologie-electrique\/\">D\u00e9couvrir les bases de la m\u00e9trologie \u00e9lectrique (LNE R\u00e9f. ME80)<\/a><\/li>\n<li class=\"page_item page-item-934\"><a href=\"https:\/\/www.reseau-mesure.com\/de\/des-groupes-de-travail\/\">Arbeitsgruppen<\/a><\/li>\n<li class=\"page_item page-item-24\"><a href=\"https:\/\/www.reseau-mesure.com\/de\/comment-adherer\/\">Mitglied werden | Wie man beitritt<\/a><\/li>\n<li class=\"page_item page-item-12039\"><a href=\"https:\/\/www.reseau-mesure.com\/de\/diagnostic-de-performance-commerciale\/\">Diagnose der Gesch\u00e4ftsleistung<\/a><\/li>\n<li class=\"page_item page-item-5974\"><a href=\"https:\/\/www.reseau-mesure.com\/de\/groupes-de-travail-en-photos-2-2-2-2-2\/\">Thematisches Abendessen Netzwerk Ma\u00dfnahme - CIFL 06 12 2018<\/a><\/li>\n<li class=\"page_item page-item-10703\"><a href=\"https:\/\/www.reseau-mesure.com\/de\/apres-covid-19\/\">Technische und fachliche Dokumentation zu Fahrgefahren<\/a><\/li>\n<li class=\"page_item page-item-12160\"><a href=\"https:\/\/www.reseau-mesure.com\/de\/ecrire-sur-le-web\/\">Schreiben Sie im Web<\/a><\/li>\n<li class=\"page_item page-item-8960\"><a href=\"https:\/\/www.reseau-mesure.com\/de\/effervescence-2\/\">EFFERVESZENZ<\/a><\/li>\n<li class=\"page_item page-item-17846\"><a href=\"https:\/\/www.reseau-mesure.com\/de\/effervescence-2023\/\">GLANZ 2023<\/a><\/li>\n<li class=\"page_item page-item-857\"><a href=\"https:\/\/www.reseau-mesure.com\/de\/cr-reunions-achats\/\">Alle Einkaufsbesprechungen CRs<\/a><\/li>\n<li class=\"page_item page-item-815\"><a href=\"https:\/\/www.reseau-mesure.com\/de\/cr-reunions-cd\/\">Alle CRs von Digital Communication-Meetings<\/a><\/li>\n<li class=\"page_item page-item-918\"><a href=\"https:\/\/www.reseau-mesure.com\/de\/cr-export\/\">Alle CR of Export-Meetings<\/a><\/li>\n<li class=\"page_item page-item-14429\"><a href=\"https:\/\/www.reseau-mesure.com\/de\/cr-reunions-export\/\">Alle CR of Export-Meetings<\/a><\/li>\n<li class=\"page_item page-item-16288\"><a href=\"https:\/\/www.reseau-mesure.com\/de\/cr-reunions-formation\/\">Alle Protokolle von Schulungssitzungen<\/a><\/li>\n<li class=\"page_item page-item-903\"><a href=\"https:\/\/www.reseau-mesure.com\/de\/cr-la-route-et-lentreprise\/\">Alle CRs der Sitzungen La Route et l&#039;Entreprise<\/a><\/li>\n<li class=\"page_item page-item-786\"><a href=\"https:\/\/www.reseau-mesure.com\/de\/cr-reunions-ome\/\">Alle Treffen CRs Markt- und Gesch\u00e4ftsm\u00f6glichkeiten<\/a><\/li>\n<li class=\"page_item page-item-12922\"><a href=\"https:\/\/www.reseau-mesure.com\/de\/cr-reunions-qualiopi\/\">Alle Qualiopi treffen CRs<\/a><\/li>\n<li class=\"page_item page-item-891\"><a href=\"https:\/\/www.reseau-mesure.com\/de\/cr-reunions-salons\/\">Alle Tagungsr\u00e4ume treffen auf CRs<\/a><\/li>\n<li class=\"page_item page-item-30\"><a href=\"https:\/\/www.reseau-mesure.com\/de\/espace-adherent\/\">Mitgliederbereich<\/a><\/li>\n<li class=\"page_item page-item-4858\"><a href=\"https:\/\/www.reseau-mesure.com\/de\/ess-industry-day-cea-08-06-2018\/\">ESS INDUSTRY DAY - CEA 08 06 2018<\/a><\/li>\n<li class=\"page_item page-item-15686\"><a href=\"https:\/\/www.reseau-mesure.com\/de\/essais-en-vibrations-theorie-et-pratique\/\">Schwingungspr\u00fcfungen - Theorie und Praxis -<\/a><\/li>\n<li class=\"page_item page-item-19638\"><a href=\"https:\/\/www.reseau-mesure.com\/de\/etre-tuteur-maitre-de-stage\/\">Tutor\/Praktikumsbetreuer sein<\/a><\/li>\n<li class=\"page_item page-item-29076\"><a href=\"https:\/\/www.reseau-mesure.com\/de\/evaluation-de-lincertitude-de-mesure\/\">Evaluation de l\u2019incertitude de mesure : pratique guid\u00e9e et simplifi\u00e9e du GUM (LNE)<\/a><\/li>\n<li class=\"page_item page-item-2949\"><a href=\"https:\/\/www.reseau-mesure.com\/de\/ressources-documentaires-evenements-salons\/\">Veranstaltungen \/ Ausstellungen - Dokumentationsressourcen<\/a><\/li>\n<li class=\"page_item page-item-504\"><a href=\"https:\/\/www.reseau-mesure.com\/de\/evolution-du-reseau\/\">Entwicklung des Netzwerks<\/a><\/li>\n<li class=\"page_item page-item-10717\"><a href=\"https:\/\/www.reseau-mesure.com\/de\/ressources-documentaires-accompagnement-reprise-suite-covid-19-juridique\/\">Rechtliche - legislative - normative Entwicklungen ...<\/a><\/li>\n<li class=\"page_item page-item-21662\"><a href=\"https:\/\/www.reseau-mesure.com\/de\/extensometrie\/\">EXTENSOMETRIE<\/a><\/li>\n<li class=\"page_item page-item-6695\"><a href=\"https:\/\/www.reseau-mesure.com\/de\/f-iniciativas\/\">F. Iniciativas<\/a><\/li>\n<li class=\"page_item page-item-16119\"><a href=\"https:\/\/www.reseau-mesure.com\/de\/fischerscope-x-ray-fischer-instrumentation\/\">Fischerscope X Ray - Fischer-Instrumentierung<\/a><\/li>\n<li class=\"page_item page-item-16894\"><a href=\"https:\/\/www.reseau-mesure.com\/de\/formation-opus-ident\/\">OPUS Ident-Bruker Softwareschulung<\/a><\/li>\n<li class=\"page_item page-item-23979\"><a href=\"https:\/\/www.reseau-mesure.com\/de\/formation-commerciale-prospection-entretien\/\">Formation commerciale : prospection et entretien de vente<\/a><\/li>\n<li class=\"page_item page-item-5960\"><a href=\"https:\/\/www.reseau-mesure.com\/de\/groupes-de-travail-en-photos-2-2\/\">Training f\u00fcr digitale Kommunikation vom 13. 12. 2018<\/a><\/li>\n<li class=\"page_item page-item-16100\"><a href=\"https:\/\/www.reseau-mesure.com\/de\/formation-couplage-irtf-atg-bruker\/\">Schulung IRTF-ATG-KOPPLUNG \u2013 Bruker<\/a><\/li>\n<li class=\"page_item page-item-23312\"><a href=\"https:\/\/www.reseau-mesure.com\/de\/formation-interpetation-spectrale-bruker\/\">Formation Interpr\u00e9tation spectrale &#8211; Bruker<\/a><\/li>\n<li class=\"page_item page-item-22093\"><a href=\"https:\/\/www.reseau-mesure.com\/de\/formation-iso-17025-mesuria\/\">Formation ISO 17025 &#8211; MESURIA<\/a><\/li>\n<li class=\"page_item page-item-28986\"><a href=\"https:\/\/www.reseau-mesure.com\/de\/formation-moyen-infrarouge-et-proche-infrarouge\/\">Formation Moyen Infrarouge et proche infrarouge<\/a><\/li>\n<li class=\"page_item page-item-15961\"><a href=\"https:\/\/www.reseau-mesure.com\/de\/formation-quant-bruker\/\">QUANT-Training \u2013 Bruker<\/a><\/li>\n<li class=\"page_item page-item-25102\"><a href=\"https:\/\/www.reseau-mesure.com\/de\/formation-sur-sharepoint-teams-onedrive-et-onenote\/\">Formation SharePoint<\/a><\/li>\n<li class=\"page_item page-item-17285\"><a href=\"https:\/\/www.reseau-mesure.com\/de\/formation-spectroscopie-irtf-et-logiciel-opus-bruker\/\">FTIR-Spektroskopie-Training und OPUS-Software \u2013 Bruker<\/a><\/li>\n<li class=\"page_item page-item-16674\"><a href=\"https:\/\/www.reseau-mesure.com\/de\/formation-opus-quant-ident-macro\/\">Schulung Nahinfrarotspektroskopie, OPUS, QUANT, IDENT, Einf\u00fchrung in Makrobefehle - Bruker<\/a><\/li>\n<li class=\"page_item page-item-10461\"><a href=\"https:\/\/www.reseau-mesure.com\/de\/formation-strategie-communication-digitale-en-ligne\/\">Online-Schulung zur Strategie f\u00fcr digitale Kommunikation<\/a><\/li>\n<li class=\"page_item page-item-22233\"><a href=\"https:\/\/www.reseau-mesure.com\/de\/formation-sur-la-gestion-du-temps\/\">Formation sur la Gestion du temps<\/a><\/li>\n<li class=\"page_item page-item-14478\"><a href=\"https:\/\/www.reseau-mesure.com\/de\/fctm-esope\/\">FTCM-ESOPE<\/a><\/li>\n<li class=\"page_item page-item-16239\"><a href=\"https:\/\/www.reseau-mesure.com\/de\/geomagic-design-x-eurotek\/\">GEOMAGIC Design X \u2013 Eurotek<\/a><\/li>\n<li class=\"page_item page-item-11937\"><a href=\"https:\/\/www.reseau-mesure.com\/de\/formation-google-adwords\/\">Google Werbung<\/a><\/li>\n<li class=\"page_item page-item-591\"><a href=\"https:\/\/www.reseau-mesure.com\/de\/groupesdetravail\/\">Arbeitsgruppen<\/a><\/li>\n<li class=\"page_item page-item-4906\"><a href=\"https:\/\/www.reseau-mesure.com\/de\/groupes-de-travail-en-photos\/\">Arbeitsgruppen in Fotos<\/a><\/li>\n<li class=\"page_item page-item-6912\"><a href=\"https:\/\/www.reseau-mesure.com\/de\/haxoneo-2\/\">HAXONEO<\/a><\/li>\n<li class=\"page_item page-item-11432\"><a href=\"https:\/\/www.reseau-mesure.com\/de\/haxoneo\/\">HAXONEO<\/a><\/li>\n<li class=\"page_item page-item-11470\"><a href=\"https:\/\/www.reseau-mesure.com\/de\/11470-2\/\">HAXONEO 28 10 2020<\/a><\/li>\n<li class=\"page_item page-item-5698\"><a href=\"https:\/\/www.reseau-mesure.com\/de\/groupes-de-travail-en-photos-2\/\">WIKA-Einweihung<\/a><\/li>\n<li class=\"page_item page-item-16084\"><a href=\"https:\/\/www.reseau-mesure.com\/de\/inca-3d-eurotek\/\">INCA 3D \u2013 Eurotek<\/a><\/li>\n<li class=\"page_item page-item-20824\"><a href=\"https:\/\/www.reseau-mesure.com\/de\/inca-3d-inspect-3d\/\">INCA 3D \u2013 INSPIZIEREN 3D<\/a><\/li>\n<li class=\"page_item page-item-10595\"><a href=\"https:\/\/www.reseau-mesure.com\/de\/innovations-anael\/\">ANAEL INNOVATIONEN<\/a><\/li>\n<li class=\"page_item page-item-10794\"><a href=\"https:\/\/www.reseau-mesure.com\/de\/innovations-anael-2\/\">BEAMEX INNOVATIONEN<\/a><\/li>\n<li class=\"page_item page-item-10932\"><a href=\"https:\/\/www.reseau-mesure.com\/de\/innovations-evomesure\/\">EVOMESURE INNOVATIONEN<\/a><\/li>\n<li class=\"page_item page-item-11049\"><a href=\"https:\/\/www.reseau-mesure.com\/de\/innovations-nerys\/\">NERYS INNOVATIONEN<\/a><\/li>\n<li class=\"page_item page-item-387\"><a href=\"https:\/\/www.reseau-mesure.com\/de\/international\/\">International<\/a><\/li>\n<li class=\"page_item page-item-17160\"><a href=\"https:\/\/www.reseau-mesure.com\/de\/formation-interpretation-spectrale-bruker-optics\/\">Spektrale Interpretation - Bruker Optics<\/a><\/li>\n<li class=\"page_item page-item-29991\"><a href=\"https:\/\/www.reseau-mesure.com\/de\/introduction-aux-incertitudes-de-mesure-lne-ref-me66\/\">Introduction aux incertitudes de mesure (LNE R\u00e9f. ME66)<\/a><\/li>\n<li class=\"page_item page-item-2980\"><a href=\"https:\/\/www.reseau-mesure.com\/de\/ressources-documentaires-juridique\/\">Legal - Dokumentationsressourcen<\/a><\/li>\n<li class=\"page_item page-item-15479\"><a href=\"https:\/\/www.reseau-mesure.com\/de\/formation-lintelligence-artificielle\/\">K\u00fcnstliche Intelligenz<\/a><\/li>\n<li class=\"page_item page-item-6678\"><a href=\"https:\/\/www.reseau-mesure.com\/de\/lactualite-des-drones\/\">Drohnen-News<\/a><\/li>\n<li class=\"page_item page-item-13544\"><a href=\"https:\/\/www.reseau-mesure.com\/de\/formation-cartographie-denceinte-visulog\/\">Geh\u00e4usezuordnung mit FD5 und Visulog<\/a><\/li>\n<li class=\"page_item page-item-5509\"><a href=\"https:\/\/www.reseau-mesure.com\/de\/cybersecurite\/\">Onlinesicherheit<\/a><\/li>\n<li class=\"page_item page-item-11878\"><a href=\"https:\/\/www.reseau-mesure.com\/de\/la-formation\/\">Ausbildung<\/a><\/li>\n<li class=\"page_item page-item-23177\"><a href=\"https:\/\/www.reseau-mesure.com\/de\/la-formation-realiser-le-duerp\/\">La formation d&rsquo;ETALONAIR<\/a><\/li>\n<li class=\"page_item page-item-22501\"><a href=\"https:\/\/www.reseau-mesure.com\/de\/la-formation-de-ferrocampus\/\">La formation de Ferrocampus<\/a><\/li>\n<li class=\"page_item page-item-15233\"><a href=\"https:\/\/www.reseau-mesure.com\/de\/la-formation-rm\/\">Training f\u00fcr Messnetzwerke<\/a><\/li>\n<li class=\"page_item page-item-2884\"><a href=\"https:\/\/www.reseau-mesure.com\/de\/la-mesure\/\">Messung<\/a><\/li>\n<li class=\"page_item page-item-2867\"><a href=\"https:\/\/www.reseau-mesure.com\/de\/la-mesure-et-la-precision\/\">Messung und Pr\u00e4zision<\/a><\/li>\n<li class=\"page_item page-item-11917\"><a href=\"https:\/\/www.reseau-mesure.com\/de\/formation-strategie-communication-digitale\/\">Die digitale Kommunikationsstrategie: Die Grundlagen, Schl\u00fcssel zum Erfolg<\/a><\/li>\n<li class=\"page_item page-item-5504\"><a href=\"https:\/\/www.reseau-mesure.com\/de\/brexit\/\">Brexit, eine in Europa angek\u00fcndigte \u00c4nderung<\/a><\/li>\n<li class=\"page_item page-item-8058\"><a href=\"https:\/\/www.reseau-mesure.com\/de\/le-droit-a-limage\/\">Bildrechte<\/a><\/li>\n<li class=\"page_item page-item-29966\"><a href=\"https:\/\/www.reseau-mesure.com\/de\/le-metier-de-metrologue\/\">Le m\u00e9tier de m\u00e9trologue (LNE)<\/a><\/li>\n<li class=\"page_item page-item-11132\"><a href=\"https:\/\/www.reseau-mesure.com\/de\/le-reseau-mesure-face-au-covid-port-du-masque-en-entreprise\/\">Tragen einer Maske im Gesch\u00e4ft<\/a><\/li>\n<li class=\"page_item page-item-2875\"><a href=\"https:\/\/www.reseau-mesure.com\/de\/le-reseau-mesure\/\">Das Messnetzwerk<\/a><\/li>\n<li class=\"page_item page-item-28748\"><a href=\"https:\/\/www.reseau-mesure.com\/de\/le-reseau-mesure-histoire\/\">Das Messnetzwerk<\/a><\/li>\n<li class=\"page_item page-item-20\"><a href=\"https:\/\/www.reseau-mesure.com\/de\/le-reseau-mesure-2\/\">Das Messnetzwerk: Wer sind wir?<\/a><\/li>\n<li class=\"page_item page-item-19017\"><a href=\"https:\/\/www.reseau-mesure.com\/de\/20-ans-5\/\">Das Messnetz feiert sein 20-j\u00e4hriges Bestehen<\/a><\/li>\n<li class=\"page_item page-item-10874\"><a href=\"https:\/\/www.reseau-mesure.com\/de\/le-reseau-mesure-face-au-covid\/\">Das Messnetzwerk angesichts von Covid 19<\/a><\/li>\n<li class=\"page_item page-item-10955\"><a href=\"https:\/\/www.reseau-mesure.com\/de\/le-reseau-mesure-face-au-covid-claunel-massies\/\">Das Messnetzwerk angesichts von Covid 19: Gemeinsam handeln<\/a><\/li>\n<li class=\"page_item page-item-10770\"><a href=\"https:\/\/www.reseau-mesure.com\/de\/ressources-documentaires-accompagnement-reprise-suite-covid-19-teletravail\/\">Telearbeit<\/a><\/li>\n<li class=\"page_item page-item-2493\"><a href=\"https:\/\/www.reseau-mesure.com\/de\/leasecom\/\">Leasing &amp; Finanzierung durch Leasecom<\/a><\/li>\n<li class=\"page_item page-item-8246\"><a href=\"https:\/\/www.reseau-mesure.com\/de\/assemblee-generale-proces-verbaux\/\">Generalversammlungen des Vereins<\/a><\/li>\n<li class=\"page_item page-item-13546\"><a href=\"https:\/\/www.reseau-mesure.com\/de\/la-formation-technique-sur-mesure\/\">Ma\u00dfgeschneidertes Training<\/a><\/li>\n<li class=\"page_item page-item-21657\"><a href=\"https:\/\/www.reseau-mesure.com\/de\/les-formations-de-doerler-mesures\/\">DOERLER MEASURES Schulungen<\/a><\/li>\n<li class=\"page_item page-item-8102\"><a href=\"https:\/\/www.reseau-mesure.com\/de\/les-nouveautes-presentees-sur-measurement-world-2019\/\">Neue Produkte | Auf der Measurement World 2019 vorgestellt<\/a><\/li>\n<li class=\"page_item page-item-11634\"><a href=\"https:\/\/www.reseau-mesure.com\/de\/les-rediffusions-des-visio-conferences-des-rdv-de-9h30-de-la-mesure\/\">Wiederholungen von Videokonferenzen des RDV de la Mesure um 9:30 Uhr<\/a><\/li>\n<li class=\"page_item page-item-10714\"><a href=\"https:\/\/www.reseau-mesure.com\/de\/https-www-reseau-mesure-com-ressources-documentaires-accompagnement-reprise-suite-covid-19-rh\/\">Personal: Teammanagement, Stressmanagement, Telearbeitsmanagement, Workload-Management usw.<\/a><\/li>\n<li class=\"page_item page-item-2898\"><a href=\"https:\/\/www.reseau-mesure.com\/de\/salons-professionnels\/\">Fachmessen<\/a><\/li>\n<li class=\"page_item page-item-8922\"><a href=\"https:\/\/www.reseau-mesure.com\/de\/livre-les-savoir-faire-du-reseau-mesure-volume-1\/\">das Know-how des Volumenmessnetzwerks 1<\/a><\/li>\n<li class=\"page_item page-item-11891\"><a href=\"https:\/\/www.reseau-mesure.com\/de\/formation-linkedin\/\">Linkedin: kommunizieren - prospektieren - entwickeln - behalten<\/a><\/li>\n<li class=\"page_item page-item-16580\"><a href=\"https:\/\/www.reseau-mesure.com\/de\/linkedin-gerer-les-profils\/\">LinkedIn: Profile verwalten.<\/a><\/li>\n<li class=\"page_item page-item-15244\"><a href=\"https:\/\/www.reseau-mesure.com\/de\/formation-linkedin-la-prospection\/\">LinkedIn: PROSPEKTIEREN<\/a><\/li>\n<li class=\"page_item page-item-15253\"><a href=\"https:\/\/www.reseau-mesure.com\/de\/formation-linkedin-la-publicite-payante\/\">LinkedIn: BEZAHLTE WERBUNG<\/a><\/li>\n<li class=\"page_item page-item-15246\"><a href=\"https:\/\/www.reseau-mesure.com\/de\/formation-linkedin-le-recrutement\/\">LinkedIn: EINSTELLUNG<\/a><\/li>\n<li class=\"page_item page-item-19219\"><a href=\"https:\/\/www.reseau-mesure.com\/de\/linkedin-optimiser-son-profil-bien-publier\/\">LinkedIn: Optimieren Sie Ihr Profil + ver\u00f6ffentlichen Sie gut und organisieren Sie Ihr Monitoring<\/a><\/li>\n<li class=\"page_item page-item-19211\"><a href=\"https:\/\/www.reseau-mesure.com\/de\/linkedin-optimiser-son-profil-la-prospection\/\">LinkedIn: OPTIMIEREN SIE IHR PROFIL + PROSPEKTION<\/a><\/li>\n<li class=\"page_item page-item-16557\"><a href=\"https:\/\/www.reseau-mesure.com\/de\/linkedin-organiser-sa-veille-et-bien-publier\/\">LinkedIn: Organisieren Sie Ihre Uhr und ver\u00f6ffentlichen Sie gut.<\/a><\/li>\n<li class=\"page_item page-item-18287\"><a href=\"https:\/\/www.reseau-mesure.com\/de\/formation-linkedin-linkedin-sales-navigator\/\">LinkedIn: SALES NAVIGATOR<\/a><\/li>\n<li class=\"page_item page-item-10828\"><a href=\"https:\/\/www.reseau-mesure.com\/de\/livre-blanc\/\">Wei\u00dfbuch<\/a><\/li>\n<li class=\"page_item page-item-5516\"><a href=\"https:\/\/www.reseau-mesure.com\/de\/management-et-teambuilding\/\">Management und Teambuilding<\/a><\/li>\n<li class=\"page_item page-item-19361\"><a href=\"https:\/\/www.reseau-mesure.com\/de\/formation-manager-un-projet\/\">Verwalten Sie ein Projekt<\/a><\/li>\n<li class=\"page_item page-item-19383\"><a href=\"https:\/\/www.reseau-mesure.com\/de\/formation-manager-une-equipe\/\">F\u00fchrung eines Teams<\/a><\/li>\n<li class=\"page_item page-item-2805\"><a href=\"https:\/\/www.reseau-mesure.com\/de\/measurement-world-2019-2\/\">MESSWELT 2019<\/a><\/li>\n<li class=\"page_item page-item-10418\"><a href=\"https:\/\/www.reseau-mesure.com\/de\/measurement-world-2021-lyon\/\">Messwelt 2021<\/a><\/li>\n<li class=\"page_item page-item-7985\"><a href=\"https:\/\/www.reseau-mesure.com\/de\/measurement-world-2022\/\">MESSWELT 2022<\/a><\/li>\n<li class=\"page_item page-item-52\"><a href=\"https:\/\/www.reseau-mesure.com\/de\/mentions-legales\/\">Impressum<\/a><\/li>\n<li class=\"page_item page-item-30015\"><a href=\"https:\/\/www.reseau-mesure.com\/de\/mesurer-la-temperature\/\">Mesurer la temp\u00e9rature (LNE R\u00e9f. ME10)<\/a><\/li>\n<li class=\"page_item page-item-9948\"><a href=\"https:\/\/www.reseau-mesure.com\/de\/ressources-documentaires-accompagnement-covid-19\/\">Au\u00dfergew\u00f6hnliche Ma\u00dfnahmen im Zusammenhang mit COVID 19<\/a><\/li>\n<li class=\"page_item page-item-8943\"><a href=\"https:\/\/www.reseau-mesure.com\/de\/mesures-solutions-expo\/\">EXPO Solutions Ma\u00dfnahmen<\/a><\/li>\n<li class=\"page_item page-item-11413\"><a href=\"https:\/\/www.reseau-mesure.com\/de\/mesures-solutions-expo-informations-visio-conferences\/\">Ma\u00dfnahmen EXPO Solutions \/\/ Ausstellerinformationen und Konferenzen<\/a><\/li>\n<li class=\"page_item page-item-8532\"><a href=\"https:\/\/www.reseau-mesure.com\/de\/mesures-solutions-formation\/\">Ma\u00dfnahmen L\u00f6sungen AUSBILDUNG<\/a><\/li>\n<li class=\"page_item page-item-19402\"><a href=\"https:\/\/www.reseau-mesure.com\/de\/metiers-et-formations-de-la-mesure\/\">Messberufe und Ausbildung<\/a><\/li>\n<li class=\"page_item page-item-16157\"><a href=\"https:\/\/www.reseau-mesure.com\/de\/metrolog-x4-eurotek\/\">METROLOG  X4 &#8211; Eurotek<\/a><\/li>\n<li class=\"page_item page-item-19765\"><a href=\"https:\/\/www.reseau-mesure.com\/de\/metrolog-x4-opus\/\">METROLOG X4 \u2013 Opus<\/a><\/li>\n<li class=\"page_item page-item-16410\"><a href=\"https:\/\/www.reseau-mesure.com\/de\/metrolog-x4-module\/\">Metrolog X4 Punktwolkenmodul \u2013 Eurotek<\/a><\/li>\n<li class=\"page_item page-item-16246\"><a href=\"https:\/\/www.reseau-mesure.com\/de\/metrolog-xg-eurotek\/\">Metrolog XG \u2013 Eurotek<\/a><\/li>\n<li class=\"page_item page-item-29998\"><a href=\"https:\/\/www.reseau-mesure.com\/de\/metrologie-des-pressions\/\">M\u00e9trologie des pressions : identifier les processus de mesure et estimer l&rsquo;incertitude de manom\u00e8tres \u00e9lectrom\u00e9caniques (LNE R\u00e9f. ME08-01)<\/a><\/li>\n<li class=\"page_item page-item-17457\"><a href=\"https:\/\/www.reseau-mesure.com\/de\/microscopie-infrarouge-bruker-optics\/\">Infrarotmikroskopie - Bruker Optics<\/a><\/li>\n<li class=\"page_item page-item-16741\"><a href=\"https:\/\/www.reseau-mesure.com\/de\/mieux-se-connaitre-pour-mieux-communiquer-talena\/\">Lernen Sie sich besser kennen, um besser zu kommunizieren - Talena<\/a><\/li>\n<li class=\"page_item page-item-2475\"><a href=\"https:\/\/www.reseau-mesure.com\/de\/rgpd\/\">GDPR-Mission - Einhaltung der Vorschriften<\/a><\/li>\n<li class=\"page_item page-item-8978\"><a href=\"https:\/\/www.reseau-mesure.com\/de\/modeles-de-documents-pour-une-formation-datadock\/\">Dokumentmodelle f\u00fcr das DATADOCK-Training<\/a><\/li>\n<li class=\"page_item page-item-25932\"><a href=\"https:\/\/www.reseau-mesure.com\/de\/modus-eurotek\/\">MODUS- Eurotek<\/a><\/li>\n<li class=\"page_item page-item-7317\"><a href=\"https:\/\/www.reseau-mesure.com\/de\/mon-projet\/\">Mein Projekt<\/a><\/li>\n<li class=\"page_item page-item-1829\"><a href=\"https:\/\/www.reseau-mesure.com\/de\/newsletter\/\">Newsletter<\/a><\/li>\n<li class=\"page_item page-item-11067\"><a href=\"https:\/\/www.reseau-mesure.com\/de\/newsletter-20200903\/\">Newsletter-20200903<\/a><\/li>\n<li class=\"page_item page-item-11172\"><a href=\"https:\/\/www.reseau-mesure.com\/de\/newsletter-20200917\/\">Newsletter-20200917<\/a><\/li>\n<li class=\"page_item page-item-11222\"><a href=\"https:\/\/www.reseau-mesure.com\/de\/newsletter-20201001\/\">Newsletter-20201001<\/a><\/li>\n<li class=\"page_item page-item-11282\"><a href=\"https:\/\/www.reseau-mesure.com\/de\/newsletter-20201014\/\">Newsletter-20201014<\/a><\/li>\n<li class=\"page_item page-item-11381\"><a href=\"https:\/\/www.reseau-mesure.com\/de\/newsletter-20201029\/\">Newsletter-20201029<\/a><\/li>\n<li class=\"page_item page-item-11492\"><a href=\"https:\/\/www.reseau-mesure.com\/de\/newsletter-20201112\/\">Newsletter-20201112<\/a><\/li>\n<li class=\"page_item page-item-11580\"><a href=\"https:\/\/www.reseau-mesure.com\/de\/newsletter-20201126\/\">Newsletter-20201126<\/a><\/li>\n<li class=\"page_item page-item-11831\"><a href=\"https:\/\/www.reseau-mesure.com\/de\/newsletter-20201210\/\">Newsletter-20201210<\/a><\/li>\n<li class=\"page_item page-item-12445\"><a href=\"https:\/\/www.reseau-mesure.com\/de\/newsletter-20210121\/\">Newsletter-20210121<\/a><\/li>\n<li class=\"page_item page-item-12660\"><a href=\"https:\/\/www.reseau-mesure.com\/de\/newsletter-20211102\/\">Newsletter-20211102<\/a><\/li>\n<li class=\"page_item page-item-13168\"><a href=\"https:\/\/www.reseau-mesure.com\/de\/numero-special-cem-mai-2021\/\">spezielle nummer misst l\u00f6sungen expo<\/a><\/li>\n<li class=\"page_item page-item-351\"><a href=\"https:\/\/www.reseau-mesure.com\/de\/proposer-offre-demploi\/\">Stellenangebot online einreichen, um sich zu entwickeln<\/a><\/li>\n<li class=\"page_item page-item-7012\"><a href=\"https:\/\/www.reseau-mesure.com\/de\/offre-speciale-la-gazette-du-laboratoire-cim-2019-measurement-world-2019\/\">Sonderangebot La Gazette du Laboratoire - CIM 2019 - Measurement World 2019<\/a><\/li>\n<li class=\"page_item page-item-12831\"><a href=\"https:\/\/www.reseau-mesure.com\/de\/mesure-debit-poussiere\/\">Staubchrommessung f\u00fcr Gesch\u00e4ftsm\u00f6glichkeiten<\/a><\/li>\n<li class=\"page_item page-item-493\"><a href=\"https:\/\/www.reseau-mesure.com\/de\/opportunites-marches-et-entreprises\/\">Markt- und Gesch\u00e4ftsm\u00f6glichkeiten<\/a><\/li>\n<li class=\"page_item page-item-17758\"><a href=\"https:\/\/www.reseau-mesure.com\/de\/formation-optimiser-votre-base-de-donnees\/\">Optimieren Sie Ihre Datenbank.<\/a><\/li>\n<li class=\"page_item page-item-6965\"><a href=\"https:\/\/www.reseau-mesure.com\/de\/origaly-3\/\">ORIGINAL<\/a><\/li>\n<li class=\"page_item page-item-13340\"><a href=\"https:\/\/www.reseau-mesure.com\/de\/\">Startseite<\/a><\/li>\n<li class=\"page_item page-item-2258\"><a href=\"https:\/\/www.reseau-mesure.com\/de\/partenaire\/\">Partner<\/a><\/li>\n<li class=\"page_item page-item-2229\"><a href=\"https:\/\/www.reseau-mesure.com\/de\/partenaires\/\">Partner und Unterst\u00fctzung des Messnetzwerks<\/a><\/li>\n<li class=\"page_item page-item-13691\"><a href=\"https:\/\/www.reseau-mesure.com\/de\/partenariat-avec-lalgerie\/\">Partnerschaft mit Algerien<\/a><\/li>\n<li class=\"page_item page-item-5642\"><a href=\"https:\/\/www.reseau-mesure.com\/de\/ressources-documentaires-accompagnement-dirigeant\/\">PARTNERSCHAFT DES MESSNETZWERKS - AMA<\/a><\/li>\n<li class=\"page_item page-item-30004\"><a href=\"https:\/\/www.reseau-mesure.com\/de\/peser-au-plus-juste\/\">Peser au plus juste : m\u00e9thodes, moyens, raccordement, incertitudes \u00a0(LNE R\u00e9f. ME15)<\/a><\/li>\n<li class=\"page_item page-item-18166\"><a href=\"https:\/\/www.reseau-mesure.com\/de\/photogrammetrie-v-stars\/\">V STERNE Photogrammetrie<\/a><\/li>\n<li class=\"page_item page-item-2726\"><a href=\"https:\/\/www.reseau-mesure.com\/de\/photos-de-lassemblee-generale-du-7-juin-2018\/\">Fotos der Hauptversammlung vom 7. Juni 2018<\/a><\/li>\n<li class=\"page_item page-item-3502\"><a href=\"https:\/\/www.reseau-mesure.com\/de\/photos-de-mesures-solutions-expo-lyon-2017\/\">Fotos der Measures Solutions Expo Lyon 2017<\/a><\/li>\n<li class=\"page_item page-item-2137\"><a href=\"https:\/\/www.reseau-mesure.com\/de\/photos-2\/\">Fotos Diner Network Ma\u00dfnahme 2018<\/a><\/li>\n<li class=\"page_item page-item-1846\"><a href=\"https:\/\/www.reseau-mesure.com\/de\/photos\/\">Fotos Ma\u00dfnahmen L\u00f6sungen Expo 2018<\/a><\/li>\n<li class=\"page_item page-item-23764\"><a href=\"https:\/\/www.reseau-mesure.com\/de\/ressources-documentaires-phototheque-2020\/\">Phototh\u00e8que &#8211; 2020<\/a><\/li>\n<li class=\"page_item page-item-23760\"><a href=\"https:\/\/www.reseau-mesure.com\/de\/ressources-documentaires-phototheque-2021\/\">Phototh\u00e8que &#8211; 2021<\/a><\/li>\n<li class=\"page_item page-item-23754\"><a href=\"https:\/\/www.reseau-mesure.com\/de\/ressources-documentaires-phototheque-2022\/\">Phototh\u00e8que &#8211; 2022<\/a><\/li>\n<li class=\"page_item page-item-23745\"><a href=\"https:\/\/www.reseau-mesure.com\/de\/ressources-documentaires-phototheque-2023\/\">Phototh\u00e8que &#8211; 2023<\/a><\/li>\n<li class=\"page_item page-item-23567\"><a href=\"https:\/\/www.reseau-mesure.com\/de\/ressources-documentaires-phototheque-2024\/\">Phototh\u00e8que &#8211; 2024<\/a><\/li>\n<li class=\"page_item page-item-26816\"><a href=\"https:\/\/www.reseau-mesure.com\/de\/ressources-documentaires-phototheque-2025\/\">Phototh\u00e8que &#8211; 2025<\/a><\/li>\n<li class=\"page_item page-item-2968\"><a href=\"https:\/\/www.reseau-mesure.com\/de\/ressources-documentaires-phototheque\/\">Fotobibliothek - Dokumentationsressourcen<\/a><\/li>\n<li class=\"page_item page-item-10366\"><a href=\"https:\/\/www.reseau-mesure.com\/de\/ressources-documentaires-phototheque-2017\/\">Fotobibliothek - Dokumentationsressourcen - 2017<\/a><\/li>\n<li class=\"page_item page-item-10368\"><a href=\"https:\/\/www.reseau-mesure.com\/de\/ressources-documentaires-phototheque-2018\/\">Fotobibliothek - Dokumentationsressourcen - 2018<\/a><\/li>\n<li class=\"page_item page-item-10361\"><a href=\"https:\/\/www.reseau-mesure.com\/de\/ressources-documentaires-phototheque-2019\/\">Fotobibliothek - Dokumentationsressourcen - 2019<\/a><\/li>\n<li class=\"page_item page-item-6839\"><a href=\"https:\/\/www.reseau-mesure.com\/de\/place-des-salaries\/\">MITARBEITERPLATZ<\/a><\/li>\n<li class=\"page_item page-item-50\"><a href=\"https:\/\/www.reseau-mesure.com\/de\/plan-du-site\/\">Seitenverzeichnis<\/a><\/li>\n<li class=\"page_item page-item-20118\"><a href=\"https:\/\/www.reseau-mesure.com\/de\/politique-cookie\/\">Cookie-Richtlinie<\/a><\/li>\n<li class=\"page_item page-item-9805\"><a href=\"https:\/\/www.reseau-mesure.com\/de\/politique-de-confidentialite\/\">Datenschutz-Bestimmungen<\/a><\/li>\n<li class=\"page_item page-item-9369\"><a href=\"https:\/\/www.reseau-mesure.com\/de\/pollutec-2023-du-10-au-13-octobre-2023\/\">POLLUTEC<\/a><\/li>\n<li class=\"page_item page-item-29875\"><a href=\"https:\/\/www.reseau-mesure.com\/de\/polyworks-inspector-probing-api\/\">Polyworks Inspector probing &#8211; API<\/a><\/li>\n<li class=\"page_item page-item-29980\"><a href=\"https:\/\/www.reseau-mesure.com\/de\/pratiques-de-base-en-metrologie\/\">Pratiques de base en m\u00e9trologie (LNE R\u00e9f. ME54)<\/a><\/li>\n<li class=\"page_item page-item-14045\"><a href=\"https:\/\/www.reseau-mesure.com\/de\/prevenir-les-tms-au-travail\/\">Verhindern Sie MSDs bei der Arbeit<\/a><\/li>\n<li class=\"page_item page-item-2960\"><a href=\"https:\/\/www.reseau-mesure.com\/de\/ressources-documentaires-procedures-administratives\/\">Verwaltungsverfahren - Dokumentationsressourcen<\/a><\/li>\n<li class=\"page_item page-item-84\"><a href=\"https:\/\/www.reseau-mesure.com\/de\/profil\/\">Profil<\/a><\/li>\n<li class=\"page_item page-item-6604\"><a href=\"https:\/\/www.reseau-mesure.com\/de\/promotion-par-la-video\/\">Videowerbung<\/a><\/li>\n<li class=\"page_item page-item-6596\"><a href=\"https:\/\/www.reseau-mesure.com\/de\/ressources-documentaires-promotion-par-la-video\/\">VIDEO PROMOTION - Ressourcen<\/a><\/li>\n<li class=\"page_item page-item-6598\"><a href=\"https:\/\/www.reseau-mesure.com\/de\/ressources-documentaires-promotion-par-la-video-2\/\">Videowerbung - Ressourcen<\/a><\/li>\n<li class=\"page_item page-item-20739\"><a href=\"https:\/\/www.reseau-mesure.com\/de\/quality-by-design\/\">Qualit\u00e4t durch Design<\/a><\/li>\n<li class=\"page_item page-item-10719\"><a href=\"https:\/\/www.reseau-mesure.com\/de\/ressources-documentaires-accompagnement-reprise-suite-covid-19-relances-commerciales\/\">Gesch\u00e4ftsimpulse, wirtschaftliche Entwicklung<\/a><\/li>\n<li class=\"page_item page-item-5964\"><a href=\"https:\/\/www.reseau-mesure.com\/de\/groupes-de-travail-en-photos-2-2-2\/\">Treffen mit WADA-Mitgliedern - Stra\u00dfburg - 11 12 2018<\/a><\/li>\n<li class=\"page_item page-item-4865\"><a href=\"https:\/\/www.reseau-mesure.com\/de\/rencontre-esiee-31-01-2018\/\">ESIEE-Sitzung 31 01 2018<\/a><\/li>\n<li class=\"page_item page-item-12758\"><a href=\"https:\/\/www.reseau-mesure.com\/de\/reseau-mesure-express-20210225\/\">Express Measurement Network-20210225<\/a><\/li>\n<li class=\"page_item page-item-13103\"><a href=\"https:\/\/www.reseau-mesure.com\/de\/reseau-mesure-express-20210311\/\">Express Measurement Network-20210311<\/a><\/li>\n<li class=\"page_item page-item-13292\"><a href=\"https:\/\/www.reseau-mesure.com\/de\/reseau-mesure-express-20210325\/\">Express Measurement Network-20210325<\/a><\/li>\n<li class=\"page_item page-item-13500\"><a href=\"https:\/\/www.reseau-mesure.com\/de\/reseau-mesure-express-15-avril-2021\/\">Express Measurement Network-20210415<\/a><\/li>\n<li class=\"page_item page-item-13749\"><a href=\"https:\/\/www.reseau-mesure.com\/de\/reseau-mesure-express-29-avril-2021\/\">Express Measurement Network-20210429<\/a><\/li>\n<li class=\"page_item page-item-13875\"><a href=\"https:\/\/www.reseau-mesure.com\/de\/reseau-mesure-express-12-mai-2021\/\">Express Measurement Network-20210512<\/a><\/li>\n<li class=\"page_item page-item-13996\"><a href=\"https:\/\/www.reseau-mesure.com\/de\/reseau-mesure-express-27-mai-2021\/\">Express Measurement Network-20210527<\/a><\/li>\n<li class=\"page_item page-item-14184\"><a href=\"https:\/\/www.reseau-mesure.com\/de\/reseau-mesure-express-10-juin-2021\/\">Express-Messnetzwerk-20210610<\/a><\/li>\n<li class=\"page_item page-item-14350\"><a href=\"https:\/\/www.reseau-mesure.com\/de\/reseau-mesure-express-24-juin-2021\/\">Express-Messnetzwerk-20210624<\/a><\/li>\n<li class=\"page_item page-item-14497\"><a href=\"https:\/\/www.reseau-mesure.com\/de\/reseau-mesure-express-8-juillet-2021\/\">Express-Messnetzwerk-20210708<\/a><\/li>\n<li class=\"page_item page-item-14759\"><a href=\"https:\/\/www.reseau-mesure.com\/de\/reseau-mesure-express-2-septembre-2021\/\">Express-Messnetzwerk-20210902<\/a><\/li>\n<li class=\"page_item page-item-14906\"><a href=\"https:\/\/www.reseau-mesure.com\/de\/reseau-mesure-express-16-septembre-2021\/\">Express-Messnetzwerk-20210916<\/a><\/li>\n<li class=\"page_item page-item-15021\"><a href=\"https:\/\/www.reseau-mesure.com\/de\/reseau-mesure-express-30-septembre-2021-2\/\">Express-Messnetzwerk-20210930<\/a><\/li>\n<li class=\"page_item page-item-15121\"><a href=\"https:\/\/www.reseau-mesure.com\/de\/reseau-mesure-express-14-octobre-2021\/\">Express-Messnetzwerk-20211014<\/a><\/li>\n<li class=\"page_item page-item-15174\"><a href=\"https:\/\/www.reseau-mesure.com\/de\/reseau-mesure-express-28-octobre-2021\/\">Express-Messnetzwerk-20211028<\/a><\/li>\n<li class=\"page_item page-item-15276\"><a href=\"https:\/\/www.reseau-mesure.com\/de\/reseau-mesure-express-18-novembre-2021\/\">Express-Messnetzwerk-2021118<\/a><\/li>\n<li class=\"page_item page-item-15385\"><a href=\"https:\/\/www.reseau-mesure.com\/de\/reseau-mesure-express-2-decembre-2021\/\">Express-Messnetzwerk-20211202<\/a><\/li>\n<li class=\"page_item page-item-15501\"><a href=\"https:\/\/www.reseau-mesure.com\/de\/reseau-mesure-express-16-decembre-2021\/\">Express-Messnetzwerk-20211216<\/a><\/li>\n<li class=\"page_item page-item-15848\"><a href=\"https:\/\/www.reseau-mesure.com\/de\/reseau-mesure-express-21-janvier-2022\/\">Network Measurement Express-20220121<\/a><\/li>\n<li class=\"page_item page-item-16065\"><a href=\"https:\/\/www.reseau-mesure.com\/de\/reseau-mesure-express-10-fevrier-2022\/\">Network Measurement Express-20220210<\/a><\/li>\n<li class=\"page_item page-item-16206\"><a href=\"https:\/\/www.reseau-mesure.com\/de\/reseau-mesure-express-24-fevrier-2022\/\">Network Measurement Express-20220224<\/a><\/li>\n<li class=\"page_item page-item-16370\"><a href=\"https:\/\/www.reseau-mesure.com\/de\/reseau-mesure-express-10-mars-2022\/\">Network Measurement Express-20220310<\/a><\/li>\n<li class=\"page_item page-item-16486\"><a href=\"https:\/\/www.reseau-mesure.com\/de\/reseau-mesure-express-24-mars-2022\/\">Network Measurement Express-20220324<\/a><\/li>\n<li class=\"page_item page-item-2983\"><a href=\"https:\/\/www.reseau-mesure.com\/de\/ressources-documentaires-diverses-2\/\">Verschiedene Ressourcen - Dokumentarische Ressourcen<\/a><\/li>\n<li class=\"page_item page-item-2829\"><a href=\"https:\/\/www.reseau-mesure.com\/de\/ressources-documentaires\/\">Dokumentationsressourcen: Informieren Sie sich bei uns<\/a><\/li>\n<li class=\"page_item page-item-1560\"><a href=\"https:\/\/www.reseau-mesure.com\/de\/contenu-reserve-membre-2\/\">DATADOCK-Sitzung vom 05. M\u00c4RZ 2018 - Inhalt f\u00fcr Mitglieder reserviert<\/a><\/li>\n<li class=\"page_item page-item-2904\"><a href=\"https:\/\/www.reseau-mesure.com\/de\/rgpd-4\/\">DSGVO, Zusammenfassung der Vorschriften<\/a><\/li>\n<li class=\"page_item page-item-17225\"><a href=\"https:\/\/www.reseau-mesure.com\/de\/s2-puma-analyse-quantitative-et-semi-quantitative-bruker-axs\/\">S2 PUMA Quantitative und Semiquantitative Analyse - Bruker AXS<\/a><\/li>\n<li class=\"page_item page-item-17210\"><a href=\"https:\/\/www.reseau-mesure.com\/de\/s2-puma-analyse-quantitative-bruker-axs\/\">S2 PUMA Quantitative Analyse - Bruker AXS<\/a><\/li>\n<li class=\"page_item page-item-17219\"><a href=\"https:\/\/www.reseau-mesure.com\/de\/s2-puma-analyse-semi-quantitative-bruker-axs\/\">S2 halbquantitative PUMA-Analyse - Bruker AXS<\/a><\/li>\n<li class=\"page_item page-item-16621\"><a href=\"https:\/\/www.reseau-mesure.com\/de\/s8-tiger-analyse-quantitative-et-semiquantitative\/\">S8 TIGER Quantitative und semiquantitative Analyse \u2013 Bruker AXS<\/a><\/li>\n<li class=\"page_item page-item-16627\"><a href=\"https:\/\/www.reseau-mesure.com\/de\/s8-tiger-maintenance-1er-niveau-bruker-axs\/\">S8 TIGER 1st Level Wartung - Bruker AXS<\/a><\/li>\n<li class=\"page_item page-item-8932\"><a href=\"https:\/\/www.reseau-mesure.com\/de\/salons\/\">Fachmessen<\/a><\/li>\n<li class=\"page_item page-item-379\"><a href=\"https:\/\/www.reseau-mesure.com\/de\/salons-2\/\">Messen - Vorteile f\u00fcr Mitglieder<\/a><\/li>\n<li class=\"page_item page-item-381\"><a href=\"https:\/\/www.reseau-mesure.com\/de\/securite-routiere-et-eco-conduite\/\">Verkehrssicherheit und umweltfreundliches Fahren<\/a><\/li>\n<li class=\"page_item page-item-13954\"><a href=\"https:\/\/www.reseau-mesure.com\/de\/sensibilisation-au-handicap-ressources-documentaires\/\">Disability Awareness - Dokumentationsressourcen<\/a><\/li>\n<li class=\"page_item page-item-9343\"><a href=\"https:\/\/www.reseau-mesure.com\/de\/sensor-test\/\">Sensor + Test<\/a><\/li>\n<li class=\"page_item page-item-5982\"><a href=\"https:\/\/www.reseau-mesure.com\/de\/groupes-de-travail-en-photos-2-2-2-2-2-2\/\">Unterzeichnung der Vereinbarung mit dem CIFL 17 09 2018<\/a><\/li>\n<li class=\"page_item page-item-16776\"><a href=\"https:\/\/www.reseau-mesure.com\/de\/silma-x4-eurotek\/\">SILMA X4 - Eurotek<\/a><\/li>\n<li class=\"page_item page-item-10722\"><a href=\"https:\/\/www.reseau-mesure.com\/de\/ressources-documentaires-accompagnement-reprise-suite-covid-19-financement\/\">Finanzierungsl\u00f6sungen: \u00f6ffentliche Hilfe, Factoring usw.<\/a><\/li>\n<li class=\"page_item page-item-15314\"><a href=\"https:\/\/www.reseau-mesure.com\/de\/la-cartographie-denceinte-avec-fd5-et-visulogsysteme-danalyse-de-controle-vibratoire\/\">Schwingungsanalysesystem<\/a><\/li>\n<li class=\"page_item page-item-29115\"><a href=\"https:\/\/www.reseau-mesure.com\/de\/disc4colors-mieux-se-connaitre-construire-ensemble\/\">Test DISC 4 COLORS-Mieux se conna\u00eetre et conna\u00eetre les autres pour construire ensemble<\/a><\/li>\n<li class=\"page_item page-item-29109\"><a href=\"https:\/\/www.reseau-mesure.com\/de\/disc4colors-mieux-se-connaitre-collaborer\/\">Test DISC 4 COLORS-Mieux se conna\u00eetre et conna\u00eetre les autres pour mieux collaborer<\/a><\/li>\n<li class=\"page_item page-item-29015\"><a href=\"https:\/\/www.reseau-mesure.com\/de\/disc4colors-mieux-se-connaitre\/\">Test DISC 4 COLORS-Mieux se conna\u00eetre pour mieux communiquer<\/a><\/li>\n<li class=\"page_item page-item-6141\"><a href=\"https:\/\/www.reseau-mesure.com\/de\/test1-membre-bureau\/\">test1 B\u00fcromitglied<\/a><\/li>\n<li class=\"page_item page-item-16919\"><a href=\"https:\/\/www.reseau-mesure.com\/de\/thermographie-infrarouge-pour-lindustrie-les-bases-et-bonnes-pratiques\/\">Infrarot-Thermografie f\u00fcr die Industrie: Stufe 1<\/a><\/li>\n<li class=\"page_item page-item-20685\"><a href=\"https:\/\/www.reseau-mesure.com\/de\/thermographie-infrarouge-pour-lindustrie-niveau-2\/\">Infrarot-Thermografie f\u00fcr die Industrie: Stufe 2<\/a><\/li>\n<li class=\"page_item page-item-20691\"><a href=\"https:\/\/www.reseau-mesure.com\/de\/thermographie-infrarouge-pour-lindustrie-niveau-3\/\">Infrarot-Thermografie f\u00fcr die Industrie: Stufe 3<\/a><\/li>\n<li class=\"page_item page-item-6931\"><a href=\"https:\/\/www.reseau-mesure.com\/de\/tnt\/\">TNT<\/a><\/li>\n<li class=\"page_item page-item-14061\"><a href=\"https:\/\/www.reseau-mesure.com\/de\/tnt-2\/\">TNT<\/a><\/li>\n<li class=\"page_item page-item-15921\"><a href=\"https:\/\/www.reseau-mesure.com\/de\/tolerancement-geometrique-eurotek\/\">Tol\u00e9rancement g\u00e9om\u00e9trique &#8211; Eurotek<\/a><\/li>\n<li class=\"page_item page-item-16418\"><a href=\"https:\/\/www.reseau-mesure.com\/de\/toutes-les-formations-de-apico\/\">Alle APICO-Schulungen<\/a><\/li>\n<li class=\"page_item page-item-16080\"><a href=\"https:\/\/www.reseau-mesure.com\/de\/toutes-les-formations-d-eurotek\/\">Alle EUROTEK-Schulungen<\/a><\/li>\n<li class=\"page_item page-item-15967\"><a href=\"https:\/\/www.reseau-mesure.com\/de\/toutes-les-formations-de-bruker\/\">Alle BRUKER Schulungen<\/a><\/li>\n<li class=\"page_item page-item-16617\"><a href=\"https:\/\/www.reseau-mesure.com\/de\/toutes-les-formations-de-bruker-axs\/\">Alle BRUKER AXS Schulungen<\/a><\/li>\n<li class=\"page_item page-item-18161\"><a href=\"https:\/\/www.reseau-mesure.com\/de\/toutes-les-formations-de-geodesie-maintenance\/\">Alle GEODESY MAINTENANCE Schulungen<\/a><\/li>\n<li class=\"page_item page-item-17418\"><a href=\"https:\/\/www.reseau-mesure.com\/de\/toutes-les-formations-de-jumo\/\">Alle JUMO-Schulungen<\/a><\/li>\n<li class=\"page_item page-item-15777\"><a href=\"https:\/\/www.reseau-mesure.com\/de\/toutes-les-formations-de-konica-minolta\/\">Alle KONICA MINOLTA-Schulungen<\/a><\/li>\n<li class=\"page_item page-item-16342\"><a href=\"https:\/\/www.reseau-mesure.com\/de\/toutes-les-formations-de-nir-industry\/\">Alle Schulungen von NIR INDUSTRY<\/a><\/li>\n<li class=\"page_item page-item-16735\"><a href=\"https:\/\/www.reseau-mesure.com\/de\/toutes-les-formations-de-talena\/\">Alle Talena-Schulungen<\/a><\/li>\n<li class=\"page_item page-item-16914\"><a href=\"https:\/\/www.reseau-mesure.com\/de\/toutes-les-formations-de-thermokrasia\/\">Alle Thermokrasia-Kurse<\/a><\/li>\n<li class=\"page_item page-item-17147\"><a href=\"https:\/\/www.reseau-mesure.com\/de\/toutes-les-formations-de-waranet\/\">Alle WARANET-Schulungen<\/a><\/li>\n<li class=\"page_item page-item-15541\"><a href=\"https:\/\/www.reseau-mesure.com\/de\/toutes-les-formations-de-werth-france\/\">Alle Werth France Schulungen<\/a><\/li>\n<li class=\"page_item page-item-2892\"><a href=\"https:\/\/www.reseau-mesure.com\/de\/comite-dentreprise\/\">Ein Betriebsrat f\u00fcr alle<\/a><\/li>\n<li class=\"page_item page-item-28611\"><a href=\"https:\/\/www.reseau-mesure.com\/de\/variateurs-danfoss-fc-302-automation-drive\/\">Variateurs Danfoss FC 302 &#8211; Automation drive &#8211;<\/a><\/li>\n<li class=\"page_item page-item-4902\"><a href=\"https:\/\/www.reseau-mesure.com\/de\/visite-lne-25-01-2018\/\">Besuchen Sie LNE 25 01 2018<\/a><\/li>\n<li class=\"page_item page-item-10906\"><a href=\"https:\/\/www.reseau-mesure.com\/de\/webinar-cem\/\">Webinar mit CEM<\/a><\/li>\n<li class=\"page_item page-item-15527\"><a href=\"https:\/\/www.reseau-mesure.com\/de\/winwerth-analyse-d-image\/\">WinWerth Bildanalyse<\/a><\/li>\n<li class=\"page_item page-item-15555\"><a href=\"https:\/\/www.reseau-mesure.com\/de\/winwerth-ct-sensors-formation\/\">WinWerth CT Sensoren - Basisschulung<\/a><\/li>\n<li class=\"page_item page-item-15546\"><a href=\"https:\/\/www.reseau-mesure.com\/de\/winwerth-langage-dmis-formation\/\">WinWerth DMIS-Sprache<\/a><\/li>\n<li class=\"page_item page-item-15566\"><a href=\"https:\/\/www.reseau-mesure.com\/de\/winwerth-palpage-mecanique\/\">WinWerth Mechanische Sondierung<\/a><\/li>\n<li class=\"page_item page-item-15575\"><a href=\"https:\/\/www.reseau-mesure.com\/de\/winwerth-tomographie\/\">WinWerth-Tomographie<\/a><\/li>\n<li class=\"page_item page-item-7056\"><a href=\"https:\/\/www.reseau-mesure.com\/de\/xerfi\/\">XERFI<\/a><\/li>\n<\/ul>\n<h2 class=\"wsp-posts-title\">Beitr\u00e4ge nach Kategorie<\/h2>\n<ul class=\"wsp-posts-list\">\n\t<li><strong class=\"wsp-category-title\">Kategorie: <a href=\"https:\/\/www.reseau-mesure.com\/de\/category\/defaut\/\">Standard<\/a><\/strong>\n<ul class=\"wsp-posts-list\">\t\t<li class=\"wsp-post\"><a href=\"https:\/\/www.reseau-mesure.com\/de\/%f0%9d%97%a1ouvelle-session-de-formation-avec-coda\/\">\ud83e\udd16 \ud835\udde1ouvelle session de formation avec CODA Syst\u00e8mes &#8211; D\u00e9mystifiez les concepts cl\u00e9s de l\u2019IA pour distinguer les opportunit\u00e9s r\u00e9elles des effets de mode !<\/a><\/li>\n\t\t<li class=\"wsp-post\"><a href=\"https:\/\/www.reseau-mesure.com\/de\/du-biogaz-au-carburant-propre-nissen-energy-optimise-le-controle-des-signaux-grace-a-pr-electronics\/\">Du biogaz au carburant propre : NISSEN energy optimise le contr\u00f4le des signaux gr\u00e2ce \u00e0 PR electronics<\/a><\/li>\n\t\t<li class=\"wsp-post\"><a href=\"https:\/\/www.reseau-mesure.com\/de\/axitest\/\">Axitest fait \u00e9voluer son positionnement et son site pour structurer les d\u00e9cisions d\u2019\u00e9quipement en test et mesure<\/a><\/li>\n\t\t<li class=\"wsp-post\"><a href=\"https:\/\/www.reseau-mesure.com\/de\/mce-metrology-accelere-le-controle-dimensionnel-en-2026\/\">MCE METROLOGY acc\u00e9l\u00e8re le contr\u00f4le dimensionnel en 2026 avec des solutions adapt\u00e9es aux r\u00e9alit\u00e9s terrain<\/a><\/li>\n\t\t<li class=\"wsp-post\"><a href=\"https:\/\/www.reseau-mesure.com\/de\/nouveau-logo\/\">Le R\u00e9seau Mesure renouvelle son identit\u00e9 visuelle avec un nouveau logo<\/a><\/li>\n\t\t<li class=\"wsp-post\"><a href=\"https:\/\/www.reseau-mesure.com\/de\/appel-a-communications-astelab-2026-2\/\">Tech\u2019Day ASTE \u2013 Liebherr-Aerospace Toulouse le 31 mars 2026<\/a><\/li>\n\t\t<li class=\"wsp-post\"><a href=\"https:\/\/www.reseau-mesure.com\/de\/lexpert-logger-enregistreur-de-donnees-avec-intelligence-embarquee\/\">L\u2019Expert Logger &#8211; Enregistreur de donn\u00e9es avec intelligence embarqu\u00e9e<\/a><\/li>\n\t\t<li class=\"wsp-post\"><a href=\"https:\/\/www.reseau-mesure.com\/de\/appel-a-communications-astelab-2026\/\">Appel \u00e0 communications &#8211; ASTELAB 2026<\/a><\/li>\n\t\t<li class=\"wsp-post\"><a href=\"https:\/\/www.reseau-mesure.com\/de\/success-story-texys-alstom\/\">Success story TEXYS\/ALSTOM<\/a><\/li>\n\t\t<li class=\"wsp-post\"><a href=\"https:\/\/www.reseau-mesure.com\/de\/gemesis\/\">GEMESIS et EXOSENS s&rsquo;associent pour industrialiser l&rsquo;imagerie neutronique<\/a><\/li>\n\t\t<li class=\"wsp-post\"><a href=\"https:\/\/www.reseau-mesure.com\/de\/advantech-etend-sa-gamme-idaq-avec-le-nouveau-chassis-ethernet-idaq-974\/\">Advantech \u00e9tend sa gamme iDAQ avec le nouveau ch\u00e2ssis Ethernet iDAQ-974<\/a><\/li>\n\t\t<li class=\"wsp-post\"><a href=\"https:\/\/www.reseau-mesure.com\/de\/journee-de-linnovation-avec-creaform-ph-metrologie\/\">Journ\u00e9e de l&rsquo;Innovation avec Creaform &amp; PH M\u00e9trologie<\/a><\/li>\n\t\t<li class=\"wsp-post\"><a href=\"https:\/\/www.reseau-mesure.com\/de\/systeme-de-mesure-2\/\">FOXPROFIL, LE NOUVEAU LOGICIEL DE FOX METROLOGY,MESURE L\u2019ETAT DE SURFACE DES PIECES INDUSTRIELLES<\/a><\/li>\n\t\t<li class=\"wsp-post\"><a href=\"https:\/\/www.reseau-mesure.com\/de\/systeme-de-mesure\/\">Syst\u00e8me de mesure pr\u00e9cis \u00e0 courants de Foucault pour temp\u00e9ratures ambiantes \u00e9lev\u00e9es<\/a><\/li>\n\t\t<li class=\"wsp-post\"><a href=\"https:\/\/www.reseau-mesure.com\/de\/miroirs-inclinables-pour-un-guidage-dynamique-des-faisceaux\/\">Miroirs inclinables pour un guidage dynamique des faisceaux<\/a><\/li>\n\t\t<li class=\"wsp-post\"><a href=\"https:\/\/www.reseau-mesure.com\/de\/nouvelle-structure-europeenne-centralisee-pour-muller-bbm-vas\/\">Nouvelle structure europ\u00e9enne centralis\u00e9e pour M\u00fcller-BBM VAS<\/a><\/li>\n\t\t<li class=\"wsp-post\"><a href=\"https:\/\/www.reseau-mesure.com\/de\/optimisez-vos-applications-industrielles-avec-la-nouvelle-generation-de-pc-fanless-sans-ventilateur\/\">Optimisez vos applications industrielles avec la nouvelle g\u00e9n\u00e9ration de PC Fanless sans ventilateur<\/a><\/li>\n\t\t<li class=\"wsp-post\"><a href=\"https:\/\/www.reseau-mesure.com\/de\/asgard-renforce-ses-activites-de-service-et-de-negoce\/\">ASGARD renforce ses activit\u00e9s de Service et de N\u00e9goce<\/a><\/li>\n\t\t<li class=\"wsp-post\"><a href=\"https:\/\/www.reseau-mesure.com\/de\/bea-metrologie-a-fete-ses-40-ans\/\">BEA Metrology feiert sein 40-j\u00e4hriges Jubil\u00e4um!<\/a><\/li>\n\t\t<li class=\"wsp-post\"><a href=\"https:\/\/www.reseau-mesure.com\/de\/evenement-innovation-day-ametek-creaform\/\">INNOVATIONSTAG-VERANSTALTUNG \u2013 AMETEK CREAFORM<\/a><\/li>\n\t\t<li class=\"wsp-post\"><a href=\"https:\/\/www.reseau-mesure.com\/de\/capteur-de-distance-laser-optoncdt-ilr1040-2\/\">MCE Metrology, seit \u00fcber 30 Jahren Spezialist f\u00fcr dimensionelle Messtechnik, setzt seine Entwicklung fort und k\u00fcndigt die Er\u00f6ffnung einer neuen Niederlassung in Toulouse (Pibrac) an.<\/a><\/li>\n\t\t<li class=\"wsp-post\"><a href=\"https:\/\/www.reseau-mesure.com\/de\/capteur-de-distance-laser-optoncdt-ilr1040\/\">Kompakter Laser-Distanzsensor mit IO-Link<\/a><\/li>\n\t\t<li class=\"wsp-post\"><a href=\"https:\/\/www.reseau-mesure.com\/de\/reseau-mesure\/\">Das Messnetzwerk best\u00e4tigt seine Dynamik und sein nationales Engagement<\/a><\/li>\n\t\t<li class=\"wsp-post\"><a href=\"https:\/\/www.reseau-mesure.com\/de\/xalis-une-nouvelle-ergonomie-pensee-pour-le-terrain-jm-concept\/\">XALIS : une nouvelle ergonomie pens\u00e9e pour le terrain \/\/ JM CONCEPT<\/a><\/li>\n\t\t<li class=\"wsp-post\"><a href=\"https:\/\/www.reseau-mesure.com\/de\/endresshauser-acquiert-codewrights-aupres-de-pepperlfuchs\/\">Endress+Hauser acquiert CodeWrights aupr\u00e8s de Pepperl+Fuchs<\/a><\/li>\n\t\t<li class=\"wsp-post\"><a href=\"https:\/\/www.reseau-mesure.com\/de\/wika-krohne\/\">WIKA et KROHNE renforcent leur partenariat strat\u00e9gique<\/a><\/li>\n\t\t<li class=\"wsp-post\"><a href=\"https:\/\/www.reseau-mesure.com\/de\/controleurs-embarques-cpu-intel-proposes-par-acquisys\/\">Contr\u00f4leurs embarqu\u00e9s CPU Intel propos\u00e9s par Acquisys<\/a><\/li>\n\t\t<li class=\"wsp-post\"><a href=\"https:\/\/www.reseau-mesure.com\/de\/la-mesure-et-lia\/\">La Mesure et l\u2019IA<\/a><\/li>\n\t\t<li class=\"wsp-post\"><a href=\"https:\/\/www.reseau-mesure.com\/de\/olivier-romain\/\">R\u00e9-\u00e9coutez le podacst de l&rsquo;interview d&rsquo;Olivier Romain<\/a><\/li>\n\t\t<li class=\"wsp-post\"><a href=\"https:\/\/www.reseau-mesure.com\/de\/brouillon-auto\/\">ecom et CETEMCO signent un partenariat<\/a><\/li>\n\t\t<li class=\"wsp-post\"><a href=\"https:\/\/www.reseau-mesure.com\/de\/le-reseau-mesure-partenaire-du-pui-cy-transfer\/\">Le R\u00e9seau Mesure, partenaire du\u00a0PUI CY TRANSFER<\/a><\/li>\n\t\t<li class=\"wsp-post\"><a href=\"https:\/\/www.reseau-mesure.com\/de\/les-certificats-iso-9001-et-iso-45001-de-trescal-sont-renouveles\/\">Les certificats ISO 9001 et ISO 45001 de TRESCAL sont renouvel\u00e9s<\/a><\/li>\n\t\t<li class=\"wsp-post\"><a href=\"https:\/\/www.reseau-mesure.com\/de\/numeriseur-multifonction-pxi-express\/\">Num\u00e9riseur Multifonction PXI Express<\/a><\/li>\n\t\t<li class=\"wsp-post\"><a href=\"https:\/\/www.reseau-mesure.com\/de\/instrument-de-mesure-de-precision\/\">\ud83d\udea9 Instrument de mesure de pr\u00e9cision<\/a><\/li>\n\t\t<li class=\"wsp-post\"><a href=\"https:\/\/www.reseau-mesure.com\/de\/les-rencontres-de-la-mesure-optique\/\">Les Rencontres de la Mesure Optique : Infrarouge, Fibre et Hyperspectral<\/a><\/li>\n\t\t<li class=\"wsp-post\"><a href=\"https:\/\/www.reseau-mesure.com\/de\/gw-instek-devoile-le-gvm-9102-un-voltmetre-de-table-6-%c2%bd-jusqua-2-kv\/\">GW Instek d\u00e9voile le GVM-9102 \u2013 Un Voltm\u00e8tre de table 6 \u00bd jusqu\u2019\u00e0 2 kV<\/a><\/li>\n\t\t<li class=\"wsp-post\"><a href=\"https:\/\/www.reseau-mesure.com\/de\/advantech-enrichit-sa-gamme-idaq-avec-un-nouveau-chassis-8-emplacements-et-de-nouveaux-modulesdacquisition\/\">Advantech enrichit sa gamme iDAQ avec un nouveau ch\u00e2ssis 8 emplacements et de nouveaux modulesd&rsquo;acquisition.<\/a><\/li>\n\t\t<li class=\"wsp-post\"><a href=\"https:\/\/www.reseau-mesure.com\/de\/thermoconcept-2025\/\">THERMOCONCEPT 2025 Journ\u00e9es techniques<\/a><\/li>\n\t\t<li class=\"wsp-post\"><a href=\"https:\/\/www.reseau-mesure.com\/de\/vitivisio-le-reseau-mesure-accueille-son-225eme-adherent\/\">VITIVISIO : le R\u00e9seau Mesure accueille son 225\u00e8me adh\u00e9rent<\/a><\/li>\n\t\t<li class=\"wsp-post\"><a href=\"https:\/\/www.reseau-mesure.com\/de\/ameliorez-vos-controles-qualites-et-maitrisez-la-metrologie-de-surface\/\">\ud83c\udfaf Am\u00e9liorez vos contr\u00f4les qualit\u00e9s et ma\u00eetrisez la m\u00e9trologie de surface : 2 webinaires pr\u00e9sent\u00e9s pour vous par Polytec les 23 et 24 avril<\/a><\/li>\n\t\t<li class=\"wsp-post\"><a href=\"https:\/\/www.reseau-mesure.com\/de\/determiner-lepaisseur-du-film-avec-un-systeme-de-mesure-capacitif\/\">D\u00e9terminer l\u2019\u00e9paisseur du film avec un syst\u00e8me de mesure capacitif<\/a><\/li>\n\t\t<li class=\"wsp-post\"><a href=\"https:\/\/www.reseau-mesure.com\/de\/webinaires-polytec-explorez-les-dernieres-solutions-innovantes\/\">\ud83c\udfaf Webinaires Polytec : Explorez les Derni\u00e8res solutions innovantes ! La caract\u00e9risation vibratoire et v\u00e9locim\u00e9trie avec Polytec.<\/a><\/li>\n\t\t<li class=\"wsp-post\"><a href=\"https:\/\/www.reseau-mesure.com\/de\/transformation-alimentaire\/\">Transformation alimentaire<\/a><\/li>\n\t\t<li class=\"wsp-post\"><a href=\"https:\/\/www.reseau-mesure.com\/de\/retour-en-images-sur-cem-connect\/\">Retour en images sur CEM Connect<\/a><\/li>\n\t\t<li class=\"wsp-post\"><a href=\"https:\/\/www.reseau-mesure.com\/de\/trescal-realise-un-record-dacquisitions\/\">TRESCAL REALISE UN RECORD D\u2019ACQUISITIONS<\/a><\/li>\n\t\t<li class=\"wsp-post\"><a href=\"https:\/\/www.reseau-mesure.com\/de\/les-capteurs-laser-optoncdt-1900-desormais-encore-plus-robustes-pour-les-environnements-industriels\/\">Les capteurs laser optoNCDT 1900 d\u00e9sormais encore plus robustes pour les environnements industriels<\/a><\/li>\n\t\t<li class=\"wsp-post\"><a href=\"https:\/\/www.reseau-mesure.com\/de\/trescal-cml-metrologie\/\">TRESCAL ACQUIERT CML M\u00c9TROLOGIE<\/a><\/li>\n\t\t<li class=\"wsp-post\"><a href=\"https:\/\/www.reseau-mesure.com\/de\/le-planning-des-formations-2025-est-disponible\/\">Le planning des formations 2025 est disponible !<\/a><\/li>\n\t\t<li class=\"wsp-post\"><a href=\"https:\/\/www.reseau-mesure.com\/de\/journee-technique-aste-cea-list-jumeau-numerique-et-instrumentation-numerique-le-14-novembre-2024-a-paris-saclay-91\/\">Journ\u00e9e technique ASTE &#8211; CEA LIST | Jumeau num\u00e9rique et instrumentation num\u00e9rique | le 14 novembre 2024 \u00e0 Paris-Saclay (91)<\/a><\/li>\n\t\t<li class=\"wsp-post\"><a href=\"https:\/\/www.reseau-mesure.com\/de\/nouvelle-collaboration-signee-entre-polytec-france-et-emberion-oy\/\">NOUVELLE COLLABORATION SIGNEE ENTRE POLYTEC FRANCE ET EMBERION OY<\/a><\/li>\n\t\t<li class=\"wsp-post\"><a href=\"https:\/\/www.reseau-mesure.com\/de\/trescal-institute-decouvrez-les-formations-du-dernier-semestre-2024-2\/\">Invitation au TH-Tour \u00e0 Nantes &#8211; 24 octobre 2024<\/a><\/li>\n\t\t<li class=\"wsp-post\"><a href=\"https:\/\/www.reseau-mesure.com\/de\/trescal-institute-decouvrez-les-formations-du-dernier-semestre-2024\/\">TRESCAL INSTITUTE : DECOUVREZ LES FORMATIONS DU DERNIER SEMESTRE 2024 !<\/a><\/li>\n\t\t<li class=\"wsp-post\"><a href=\"https:\/\/www.reseau-mesure.com\/de\/asgard-renforce-son-offre-iot-2\/\">Opus ST lance Metrofix<\/a><\/li>\n\t\t<li class=\"wsp-post\"><a href=\"https:\/\/www.reseau-mesure.com\/de\/asgard-renforce-son-offre-iot\/\">ASGARD renforce son offre IoT pour le suivi des proc\u00e9d\u00e9s et la tra\u00e7abilit\u00e9<\/a><\/li>\n\t\t<li class=\"wsp-post\"><a href=\"https:\/\/www.reseau-mesure.com\/de\/bea-trescal\/\">BEA M\u00e9trologie et Trescal renouvellent leur partenariat pour former les techniciens de demain !<\/a><\/li>\n\t\t<li class=\"wsp-post\"><a href=\"https:\/\/www.reseau-mesure.com\/de\/securite-routiere-adoptez-les-bons-reflexes-meme-en-ete-2\/\">Le 19 Septembre 2024 ACQUISYS organise une journ\u00e9e de conf\u00e9rences et de pr\u00e9sentations des solutions propos\u00e9es par VTI Instruments et UEI (United Electronic Industries).<\/a><\/li>\n\t\t<li class=\"wsp-post\"><a href=\"https:\/\/www.reseau-mesure.com\/de\/securite-routiere-adoptez-les-bons-reflexes-meme-en-ete\/\">S\u00e9curit\u00e9 Routi\u00e8re : Adoptez les Bons R\u00e9flexes m\u00eame en \u00e9t\u00e9<\/a><\/li>\n\t\t<li class=\"wsp-post\"><a href=\"https:\/\/www.reseau-mesure.com\/de\/creaform\/\">Le 27 Juin, Creaform vous d\u00e9voilera ses derni\u00e8res innovations.<\/a><\/li>\n\t\t<li class=\"wsp-post\"><a href=\"https:\/\/www.reseau-mesure.com\/de\/un-tour-dhorizon-des-principes-de-lia\/\">Ein \u00dcberblick \u00fcber KI-Prinzipien<\/a><\/li>\n\t\t<li class=\"wsp-post\"><a href=\"https:\/\/www.reseau-mesure.com\/de\/un-nouvel-essor-pour-oros-avec-digigram\/\">Ein neuer Boom f\u00fcr OROS mit Digigram!<\/a><\/li>\n\t\t<li class=\"wsp-post\"><a href=\"https:\/\/www.reseau-mesure.com\/de\/ausyris-est-fier-dannoncer-son-partenariat-avec-vention\/\">AUSYRIS est fier d&rsquo;annoncer\u00a0son partenariat avec Vention,\u00a0une entreprise renomm\u00e9e dans le secteur de l&rsquo;automatisation.<\/a><\/li>\n\t\t<li class=\"wsp-post\"><a href=\"https:\/\/www.reseau-mesure.com\/de\/%f0%9d%90%a2%f0%9d%90%ac%f0%9d%90%a8%f0%9d%90%a5%f0%9d%90%9a%f0%9d%90%ad%f0%9d%90%a2%f0%9d%90%a8%f0%9d%90%a7-%f0%9d%90%a0%f0%9d%90%9a%f0%9d%90%a5%f0%9d%90%af%f0%9d%90%9a%f0%9d%90%a7%f0%9d%90%a2-2\/\">Texys Group est fier de pr\u00e9senter le tout nouveau couplem\u00e8tre OF-C2T<\/a><\/li>\n\t\t<li class=\"wsp-post\"><a href=\"https:\/\/www.reseau-mesure.com\/de\/demo-live-dimajerl-logiciel-de-traitement-danalyse-dimagerie-simple-hyper-intuitif-il-saura-faire-parler-vos-images-hyperspectrales\/\">D\u00e9mo Live d&rsquo;ImaJerl, logiciel de traitement &amp; d&rsquo;analyse d&rsquo;imagerie. Simple &amp; hyper intuitif, il saura faire parler vos images hyperspectrales !<\/a><\/li>\n\t\t<li class=\"wsp-post\"><a href=\"https:\/\/www.reseau-mesure.com\/de\/%f0%9d%90%a2%f0%9d%90%ac%f0%9d%90%a8%f0%9d%90%a5%f0%9d%90%9a%f0%9d%90%ad%f0%9d%90%a2%f0%9d%90%a8%f0%9d%90%a7-%f0%9d%90%a0%f0%9d%90%9a%f0%9d%90%a5%f0%9d%90%af%f0%9d%90%9a%f0%9d%90%a7%f0%9d%90%a2\/\">Isolation galvanique<\/a><\/li>\n\t\t<li class=\"wsp-post\"><a href=\"https:\/\/www.reseau-mesure.com\/de\/ils-nous-ont-rejoints-cette-annee\/\">Ils ont rejoints le R\u00e9seau Mesure cette ann\u00e9e !<\/a><\/li>\n\t\t<li class=\"wsp-post\"><a href=\"https:\/\/www.reseau-mesure.com\/de\/journee-technique-organisee-par-creaform-polyworks-europa\/\">Techniktag: Expertenkonferenzen, Kundenstimmen, Praxisworkshops \u2013 organisiert von Creaform und Polyworks am 8. Februar<\/a><\/li>\n\t\t<li class=\"wsp-post\"><a href=\"https:\/\/www.reseau-mesure.com\/de\/trescal-fusionne-avec-le-laboratoire-tunisien-mediterraneenne-dexpertises-et-mesures\/\">TRESCAL fusioniert mit dem tunesischen Mittelmeerlabor f\u00fcr Fachwissen und Messungen,<\/a><\/li>\n\t\t<li class=\"wsp-post\"><a href=\"https:\/\/www.reseau-mesure.com\/de\/entretien-de-claunel-massies-president-du-reseau-mesure\/\">Interview mit Claudel Massi\u00e8s, Pr\u00e4sident des R\u00e9seau Mesure: \u201eWir m\u00fcssen kommunizierende \u00d6kosysteme schaffen.\u201c<\/a><\/li>\n\t\t<li class=\"wsp-post\"><a href=\"https:\/\/www.reseau-mesure.com\/de\/acquisys-nouvelle-serie-de-chassis\/\">ACQUISYS vertreibt die neue Serie von PXI-Express-Chassis mit au\u00dfergew\u00f6hnlichen Eigenschaften.<\/a><\/li>\n\t\t<li class=\"wsp-post\"><a href=\"https:\/\/www.reseau-mesure.com\/de\/metrofactory\/\">MetroFactory von Opus ST<\/a><\/li>\n\t\t<li class=\"wsp-post\"><a href=\"https:\/\/www.reseau-mesure.com\/de\/nke-group-annonce-le-rachat-daquaread\/\">NKE GROUP K\u00dcNDIGT DEN KAUF VON AQUAREAD (UK) AN<\/a><\/li>\n\t\t<li class=\"wsp-post\"><a href=\"https:\/\/www.reseau-mesure.com\/de\/creaform-et-metrologic-group-organisent-en-partenariat-avec-limtd\/\">Creaform und Metrologic Group organisieren in Zusammenarbeit mit dem IMTD (Institute of Sustainable Mobility and Transport) am 16. November 2023 ein Innovationstreffen<\/a><\/li>\n\t\t<li class=\"wsp-post\"><a href=\"https:\/\/www.reseau-mesure.com\/de\/fischer-intrumentation-portes-ouvertes\/\">Fisher \u00f6ffnet zum 70. Jubil\u00e4um seine T\u00fcren f\u00fcr Mitglieder des R\u00e9seau Mesure \u2026<\/a><\/li>\n\t\t<li class=\"wsp-post\"><a href=\"https:\/\/www.reseau-mesure.com\/de\/vega-capteurs-prevision-des-crues\/\">VEGA entwickelt eine sichere Wolken- und Radar-F\u00fcllstandsensorl\u00f6sung f\u00fcr die Hochwasservorhersage.<\/a><\/li>\n\t\t<li class=\"wsp-post\"><a href=\"https:\/\/www.reseau-mesure.com\/de\/salon-pollutec-les-etudiants-de-liut-du-creusot-coaches-par-des-professionnels-du-reseau-mesure\/\">Pollutec-Ausstellung: Studenten der IUT du Creusot unter Anleitung von Fachleuten des R\u00e9seau Mesure<\/a><\/li>\n\t\t<li class=\"wsp-post\"><a href=\"https:\/\/www.reseau-mesure.com\/de\/bouees-instrumentees-de-sondes-nke-instrumentation\/\">Das CRC der Bretagne Nord erwirbt 10 Bojen, die mit NKE-Instrumentierungssonden ausgestattet sind.<\/a><\/li>\n\t\t<li class=\"wsp-post\"><a href=\"https:\/\/www.reseau-mesure.com\/de\/journee-technique-les-defis-de-la-numerisation-3d-le-11-octobre-2023-a-rodez\/\">Technischer Tag: Die Herausforderungen der 3D-Digitalisierung, 11. Oktober 2023 bei RODEZ.<\/a><\/li>\n\t\t<li class=\"wsp-post\"><a href=\"https:\/\/www.reseau-mesure.com\/de\/pak%c2%b7day-le-19-septembre-2023-a-paris\/\">PAK DAY am 19. September 2023 in Paris<\/a><\/li>\n\t\t<li class=\"wsp-post\"><a href=\"https:\/\/www.reseau-mesure.com\/de\/carte-dacquisition-de-donnees-distribuee-par-acquisys\/\">PCI-Express-Datenerfassungskarte, eine Neuheit, die von Acquisys vertrieben wird<\/a><\/li>\n\t\t<li class=\"wsp-post\"><a href=\"https:\/\/www.reseau-mesure.com\/de\/polytec-sassocie-au-fabriquant-declairages-industriels-dcm\/\">Polytec kooperiert mit Industriebeleuchtungshersteller DCM<\/a><\/li>\n\t\t<li class=\"wsp-post\"><a href=\"https:\/\/www.reseau-mesure.com\/de\/th-tour\/\">TH-Industrie startet die TH-Tour!<\/a><\/li>\n\t\t<li class=\"wsp-post\"><a href=\"https:\/\/www.reseau-mesure.com\/de\/les-defis-de-la-numerisation-3d-une-journee-organisee-par-creaform-le-15-juin\/\">Die Herausforderungen der 3D-Digitalisierung, ein von CREAFORM am 15. Juni organisierter Tag.<\/a><\/li>\n\t\t<li class=\"wsp-post\"><a href=\"https:\/\/www.reseau-mesure.com\/de\/invitation\/\">Einladung: Druck-, Schock- und Kalibrierungstreffen<\/a><\/li>\n\t\t<li class=\"wsp-post\"><a href=\"https:\/\/www.reseau-mesure.com\/de\/pcb-piezotronics\/\">PCB PIEZOTRONICS organisiert eine Tour durch die Regionen in mehreren St\u00e4dten in Frankreich<\/a><\/li>\n\t\t<li class=\"wsp-post\"><a href=\"https:\/\/www.reseau-mesure.com\/de\/nouveaute-chez-jm-concept\/\">Neu bei JM Concept f\u00fcr Gauge Bridge- oder Wheatstone-Eintr\u00e4ge auf dem Markt f\u00fcr Industriehebetechnik<\/a><\/li>\n\t\t<li class=\"wsp-post\"><a href=\"https:\/\/www.reseau-mesure.com\/de\/numeriseurs-avec-interface-thunderbolt\/\">Digitizer mit Thunderbolt\u2122-Schnittstelle<\/a><\/li>\n\t\t<li class=\"wsp-post\"><a href=\"https:\/\/www.reseau-mesure.com\/de\/mesure-de-pression-contraintes-environnementales\/\">EINE ZUVERL\u00c4SSIGE DRUCKMESSUNG trotz UMWELTEINSCHR\u00c4NKUNGEN?<\/a><\/li>\n\t\t<li class=\"wsp-post\"><a href=\"https:\/\/www.reseau-mesure.com\/de\/promesures\/\">Die drei besten L\u00f6sungen f\u00fcr Ihre Druckkalibrierungen<\/a><\/li>\n\t\t<li class=\"wsp-post\"><a href=\"https:\/\/www.reseau-mesure.com\/de\/asgard-renforce-son-offre\/\">ASGARD st\u00e4rkt sein Angebot<\/a><\/li>\n\t\t<li class=\"wsp-post\"><a href=\"https:\/\/www.reseau-mesure.com\/de\/precitec-investie-dans-enovasense\/\">Precitec erwirbt eine Mehrheitsbeteiligung an Enovasense<\/a><\/li>\n\t\t<li class=\"wsp-post\"><a href=\"https:\/\/www.reseau-mesure.com\/de\/les-debitmetres-clamp-on-de-katronic-elisent-domicile-en-france\/\">KATRONIC Clamp-On-Durchflussmesser halten Einzug in Frankreich<\/a><\/li>\n\t\t<li class=\"wsp-post\"><a href=\"https:\/\/www.reseau-mesure.com\/de\/asgard-renforce-ses-activites-de-services-dans-le-domaine-de-la-mesure-dans-le-secteur-medical\/\">ASGARD verst\u00e4rkt seine Dienstleistungsaktivit\u00e4ten im Bereich Messtechnik im medizinischen Bereich<\/a><\/li>\n\t\t<li class=\"wsp-post\"><a href=\"https:\/\/www.reseau-mesure.com\/de\/nouveau-microscope\/\">Ein neues konfokales Mikroskop auf der M&amp;A-Plattform!<\/a><\/li>\n\t\t<li class=\"wsp-post\"><a href=\"https:\/\/www.reseau-mesure.com\/de\/les-adherents-du-reseau-mesure-au-salon-analyse-industrielle-instrumentation\/\">Mitglieder des Measurement Network auf der Industrial Analysis &amp; Instrumentation Exhibition<\/a><\/li>\n\t\t<li class=\"wsp-post\"><a href=\"https:\/\/www.reseau-mesure.com\/de\/airsafe-pm-et-mir-9000p\/\">Airsafe PM und MIR 9000P<\/a><\/li>\n\t\t<li class=\"wsp-post\"><a href=\"https:\/\/www.reseau-mesure.com\/de\/webinaire-creaform-polyworks-europa-controle-dimensionnel-3d-performant-de-pieces-de-grandes-dimensions\/\">Webinar Creaform &amp; PolyWorks Europa<\/a><\/li>\n\t\t<li class=\"wsp-post\"><a href=\"https:\/\/www.reseau-mesure.com\/de\/nouveau-capteur-de-vitesse-optique-152-g7-e\/\">NEU 152 G7-E Optischer Geschwindigkeitssensor<\/a><\/li>\n\t\t<li class=\"wsp-post\"><a href=\"https:\/\/www.reseau-mesure.com\/de\/journee-portes-ouvertes-db-vib-groupe\/\">Tag der offenen T\u00fcr dB Vib GRUPPE<\/a><\/li>\n\t\t<li class=\"wsp-post\"><a href=\"https:\/\/www.reseau-mesure.com\/de\/tei-capteurs-et-bancs-dessais-a-rejoint-le-reseau-mesure\/\">TEI: Sensoren und Pr\u00fcfst\u00e4nde ist dem Messnetzwerk beigetreten!<\/a><\/li>\n\t\t<li class=\"wsp-post\"><a href=\"https:\/\/www.reseau-mesure.com\/de\/thuel\/\">Mit THUEL verst\u00e4rkt ASGARD seine Dienstleistungsaktivit\u00e4ten im Bereich der physikalischen Messtechnik<\/a><\/li>\n\t\t<li class=\"wsp-post\"><a href=\"https:\/\/www.reseau-mesure.com\/de\/pcb-piezotronics-distribue-les-produits-heim-de-safran-data-systems\/\">PCB Piezotronics vertreibt Heim-Produkte von Safran Data Systems<\/a><\/li>\n\t\t<li class=\"wsp-post\"><a href=\"https:\/\/www.reseau-mesure.com\/de\/prochaine-%e2%80%8bpresentation-du-logiciel-vasco-jeudi-21-avril-a-10-heures-en-distanciel\/\">N\u00e4chste Pr\u00e4sentation der Vasco-Software \u2013 Donnerstag, 21. April um 10 Uhr remote\u00a0<\/a><\/li>\n\t\t<li class=\"wsp-post\"><a href=\"https:\/\/www.reseau-mesure.com\/de\/beamex-et-siemens-collaborent\/\">Beamex und Siemens arbeiten zusammen, um die Digitalisierung von Arbeitsabl\u00e4ufen in der Messtechnik zu erleichtern<\/a><\/li>\n\t\t<li class=\"wsp-post\"><a href=\"https:\/\/www.reseau-mesure.com\/de\/ccc-acquisys\/\">CCC hat gerade eine neue Akquisitionskarte im XMC-Format eingef\u00fchrt<\/a><\/li>\n\t\t<li class=\"wsp-post\"><a href=\"https:\/\/www.reseau-mesure.com\/de\/un-quart-de-siecle-de-debitmetre-clamp-on\/\">Ein Vierteljahrhundert Clamp-On-Durchflussmesser<\/a><\/li>\n\t\t<li class=\"wsp-post\"><a href=\"https:\/\/www.reseau-mesure.com\/de\/asgard-renforce-son-offre-produits-et-services\/\">ASGARD st\u00e4rkt sein Produkt- und Dienstleistungsangebot<\/a><\/li>\n\t\t<li class=\"wsp-post\"><a href=\"https:\/\/www.reseau-mesure.com\/de\/les-accelerometres-piezoresistifs\/\">HIGH-LEVEL-SCHOCK-MEMS<\/a><\/li>\n\t\t<li class=\"wsp-post\"><a href=\"https:\/\/www.reseau-mesure.com\/de\/numeriseurs-pci-express-hautes-performances\/\">Hochleistungs-PCI-Express-Scanner<\/a><\/li>\n\t\t<li class=\"wsp-post\"><a href=\"https:\/\/www.reseau-mesure.com\/de\/un-nouveau-chassis-pxi-acquisys\/\">Acquisys stellt neues PXI-Express-Chassis mit integrierter Verbindungsschnittstelle vor, das PXES-2305<\/a><\/li>\n\t\t<li class=\"wsp-post\"><a href=\"https:\/\/www.reseau-mesure.com\/de\/nouveautes-d-acquisys\/\">Acquisys pr\u00e4sentiert neue Controller ...<\/a><\/li>\n\t\t<li class=\"wsp-post\"><a href=\"https:\/\/www.reseau-mesure.com\/de\/evolutia-france-rejoint-amrikart-group\/\">Evolutia France tritt der Amrikart-Gruppe bei<\/a><\/li>\n\t\t<li class=\"wsp-post\"><a href=\"https:\/\/www.reseau-mesure.com\/de\/nir-industry-distributeur-officiel-france-partenaire-daspentech\/\">NIR-INDUSTRY, OFFIZIELLER FRANKREICH-DISTRIBUTOR, PARTNER VON ASPENTECH<\/a><\/li>\n\t\t<li class=\"wsp-post\"><a href=\"https:\/\/www.reseau-mesure.com\/de\/le-nouveau-thermometre-de-reference-deux-voies-adt282-dadditel-offre-les-meilleures-precisions-et-fonctionnalites-possibles-au-creux-de-votre-main\/\">Das neue ADT282 TWO-WAY Referenzthermometer von Additel bietet die bestm\u00f6gliche Pr\u00e4zision und Funktionalit\u00e4t in Ihrer Handfl\u00e4che!<\/a><\/li>\n\t\t<li class=\"wsp-post\"><a href=\"https:\/\/www.reseau-mesure.com\/de\/le-cetiat-propose-un-banc-dessai-et-detalonnage-en-niveaumetrie-de-liquide-2\/\">CETIAT: eine neue dynamische Kalibriermethode, die repr\u00e4sentativer f\u00fcr die Verwendung f\u00fcr Durchflussmesser und Wasserz\u00e4hler ist.<\/a><\/li>\n\t\t<li class=\"wsp-post\"><a href=\"https:\/\/www.reseau-mesure.com\/de\/dispositifs-de-conditionnement-de-signaux\/\">JM CONCEPT pr\u00e4sentiert seine Signalkonditionierungsger\u00e4te auf der Measurement World<\/a><\/li>\n\t\t<li class=\"wsp-post\"><a href=\"https:\/\/www.reseau-mesure.com\/de\/a-decouvrir-sur-measurement-world-magtrol-presente-sa-deuxieme-generation-de-cts-cogging-test-system-2\/\">Neu in der Measurement World: PSD - Portables Display f\u00fcr DMS-Sensoren.<\/a><\/li>\n\t\t<li class=\"wsp-post\"><a href=\"https:\/\/www.reseau-mesure.com\/de\/nouveau-module-opperet-pour-le-logiciel-deca\/\">Pr\u00fcf- und Kalibrierintervalle<\/a><\/li>\n\t\t<li class=\"wsp-post\"><a href=\"https:\/\/www.reseau-mesure.com\/de\/le-cetiat-propose-un-banc-dessai-et-detalonnage-en-niveaumetrie-de-liquide\/\">CETIAT hat einen Pr\u00fcf- und Kalibrierstand f\u00fcr die F\u00fcllstandsmessung entwickelt.<\/a><\/li>\n\t\t<li class=\"wsp-post\"><a href=\"https:\/\/www.reseau-mesure.com\/de\/a-decouvrir-sur-measurement-world-magtrol-presente-sa-deuxieme-generation-de-cts-cogging-test-system\/\">Magtrol pr\u00e4sentiert auf der Measurement World sein CTS (Cogging Test System) der zweiten Generation.<\/a><\/li>\n\t\t<li class=\"wsp-post\"><a href=\"https:\/\/www.reseau-mesure.com\/de\/des-convertisseurs-connectes-pour-des-transmissions-fiables-a-decouvrir-sur-measurement-world\/\">Cloud-verbundene Konverter f\u00fcr zuverl\u00e4ssige \u00dcbertragungen zu entdecken auf Measurement World<\/a><\/li>\n\t\t<li class=\"wsp-post\"><a href=\"https:\/\/www.reseau-mesure.com\/de\/la-gamme-des-capteurs\/\">Das Angebot an Drehmomentsensoren der TS-Serie w\u00e4chst!<\/a><\/li>\n\t\t<li class=\"wsp-post\"><a href=\"https:\/\/www.reseau-mesure.com\/de\/zephyr-iii-50-a-decouvrir-sur-measurement-world\/\">Zephyr III 50: zu entdecken auf Measurement World<\/a><\/li>\n\t\t<li class=\"wsp-post\"><a href=\"https:\/\/www.reseau-mesure.com\/de\/le-nouveau-bras-de-mesure-ace-de-kreon-sur-measurement-world-2021\/\">Ace+ von KREON, der neue Messarm auf der Measurement World 2021<\/a><\/li>\n\t\t<li class=\"wsp-post\"><a href=\"https:\/\/www.reseau-mesure.com\/de\/claunel-massies\/\">Ein neuer Pr\u00e4sident f\u00fcr das Messnetzwerk<\/a><\/li>\n\t\t<li class=\"wsp-post\"><a href=\"https:\/\/www.reseau-mesure.com\/de\/meatest-et-acalime\/\">Meatest und ACALIME pr\u00e4sentieren einen neuen 9010 35 ppm Multifunktions-Laborkalibrator<\/a><\/li>\n\t\t<li class=\"wsp-post\"><a href=\"https:\/\/www.reseau-mesure.com\/de\/wika-laboratoire-detalonnage\/\">WIKA st\u00e4rkt mit seinem Kalibrierlabor den Ausbau seines Serviceangebots<\/a><\/li>\n\t\t<li class=\"wsp-post\"><a href=\"https:\/\/www.reseau-mesure.com\/de\/wika-instrument-portable-multifonction-pour-letalonnage-sur-site\/\">WIKA - Tragbares Multifunktionsger\u00e4t zur Vor-Ort-Kalibrierung, zu entdecken auf der Measurement World 2021<\/a><\/li>\n\t\t<li class=\"wsp-post\"><a href=\"https:\/\/www.reseau-mesure.com\/de\/accelerometre-triaxial-pcb-piezotronics\/\">Piezotronics PCB - Miniatur-ICP\u00ae-Triaxial-Beschleunigungsmesser mit sehr praktischem Stecker, zu entdecken auf der Measurement World 2021<\/a><\/li>\n\t\t<li class=\"wsp-post\"><a href=\"https:\/\/www.reseau-mesure.com\/de\/manometres-digitaux-type-man-sc\/\">KOBOLD - Digitale Manometer, auf der Measurement World 2021<\/a><\/li>\n\t\t<li class=\"wsp-post\"><a href=\"https:\/\/www.reseau-mesure.com\/de\/debitmetre-electromagnetique-mim\/\">KOBOLD - Magnetisch-induktiver Durchflussmesser MIM auf der Measurement World 2021<\/a><\/li>\n\t\t<li class=\"wsp-post\"><a href=\"https:\/\/www.reseau-mesure.com\/de\/transat-jacques-vabre-2021\/\">Transat Jacques Vabre 2021<\/a><\/li>\n\t\t<li class=\"wsp-post\"><a href=\"https:\/\/www.reseau-mesure.com\/de\/vega-developpe-de-nouveaux-capteurs-autonomes\/\">VEGA entwickelt neue autonome Sensoren<\/a><\/li>\n\t\t<li class=\"wsp-post\"><a href=\"https:\/\/www.reseau-mesure.com\/de\/societe-wika-75-ans\/\">Wika feiert 75 Jahre<\/a><\/li>\n\t\t<li class=\"wsp-post\"><a href=\"https:\/\/www.reseau-mesure.com\/de\/journal-des-fluides-article-reseau-mesure-innovation\/\">Messnetzwerk: ein st\u00e4ndiger Innovationsprozess<\/a><\/li>\n\t\t<li class=\"wsp-post\"><a href=\"https:\/\/www.reseau-mesure.com\/de\/creaform-connect-le-salon-virtuel-des-solutions-de-mesure-3d\/\">Creaform Connect: Die virtuelle Messe f\u00fcr 3D-Messl\u00f6sungen<\/a><\/li>\n\t\t<li class=\"wsp-post\"><a href=\"https:\/\/www.reseau-mesure.com\/de\/decouvrez-le-le-nouveau-scanner-3d-portable-metrascan-black\/\">Entdecken Sie den neuen tragbaren 3D-Scanner MetraSCAN BLACK<\/a><\/li>\n\t\t<li class=\"wsp-post\"><a href=\"https:\/\/www.reseau-mesure.com\/de\/consultez-gratuitement-controles-essais-mesures\/\">Wenden Sie sich kostenlos an Checks Tests Measures<\/a><\/li>\n\t\t<li class=\"wsp-post\"><a href=\"https:\/\/www.reseau-mesure.com\/de\/optel-thevon-et-texys-international\/\">Optel-Thevon und Texys International freuen sich, ihre Fusion offiziell bekannt zu geben<\/a><\/li>\n\t\t<li class=\"wsp-post\"><a href=\"https:\/\/www.reseau-mesure.com\/de\/la-societe-adel-instrumentation-est-fiere-de-vous-presenter-sa-nouvelle-gamme-dafficheurs-numeriques-a-percage-rond-22-mm\/\">ADEL Instrumentation ist stolz darauf, seine neue Reihe von 22-mm-Rundbohr-Digitalanzeigen vorstellen zu k\u00f6nnen!<\/a><\/li>\n\t\t<li class=\"wsp-post\"><a href=\"https:\/\/www.reseau-mesure.com\/de\/job-meeting-metiers-de-l-industrie-cergy-95\/\">Job Meeting - Branchenberufe - Cergy 95<\/a><\/li>\n\t\t<li class=\"wsp-post\"><a href=\"https:\/\/www.reseau-mesure.com\/de\/mesure-de-couple-de-moteur-electrique-a-tres-haute-vitesse-optel-thevon\/\">Drehmomentmessung f\u00fcr Elektromotoren mit sehr hoher Geschwindigkeit mit OPTEL THEVON\u2026<\/a><\/li>\n\t\t<li class=\"wsp-post\"><a href=\"https:\/\/www.reseau-mesure.com\/de\/lancement-des-inscriptions-pour-mesures-solutions-expo-2020\/\">Start der Registrierungen f\u00fcr Measures Solutions EXPO 2020<\/a><\/li>\n\t\t<li class=\"wsp-post\"><a href=\"https:\/\/www.reseau-mesure.com\/de\/les-etudiants-equipent-la-societe-stil\/\">Studenten r\u00fcsten die Firma STIL aus<\/a><\/li>\n\t\t<li class=\"wsp-post\"><a href=\"https:\/\/www.reseau-mesure.com\/de\/lancement-de-la-plateforme-innovante-de-services-pat-experts-par-nir-industry\/\">Einf\u00fchrung der innovativen Serviceplattform PAT-EXPERTS von NIR INDUSTRY<\/a><\/li>\n\t\t<li class=\"wsp-post\"><a href=\"https:\/\/www.reseau-mesure.com\/de\/soiree-des-laureats-2019-reseau-entreprendre-val-d-oise\/\">Abend der Gewinner des R\u00e9seau Entreprendre Val d&#039;Oise 2019<\/a><\/li>\n\t\t<li class=\"wsp-post\"><a href=\"https:\/\/www.reseau-mesure.com\/de\/des-solutions-intelligentes-pour-la-metrologie-industrielle\/\">INTELLIGENTE L\u00d6SUNGEN F\u00dcR DIE INDUSTRIELLE METROLOGIE<\/a><\/li>\n\t\t<li class=\"wsp-post\"><a href=\"https:\/\/www.reseau-mesure.com\/de\/trophee-de-l-innovation-salon-effervescence-2019\/\">Innovation Trophy<\/a><\/li>\n\t\t<li class=\"wsp-post\"><a href=\"https:\/\/www.reseau-mesure.com\/de\/seminaire-light-display-dedie-a-lautomobile-ouvert-aussi-pour-transport-aeronautique-nautique-le-21-mars-2019-a-paris\/\">Light &amp; Display-Seminar zum Thema Automobil (auch ge\u00f6ffnet f\u00fcr: Transport, Luftfahrt, Nautik) am 21. M\u00e4rz 2019 in Paris.<\/a><\/li>\n\t\t<li class=\"wsp-post\"><a href=\"https:\/\/www.reseau-mesure.com\/de\/les-principaux-clusters-et-poles-de-competitivite-en-france-avec-des-chiffres-sur-lemploi-dans-chaque-zone\/\">Die Hauptcluster und Wettbewerbsf\u00e4higkeitscluster in Frankreich mit Besch\u00e4ftigungszahlen in jeder Zone<\/a><\/li>\n\t\t<li class=\"wsp-post\"><a href=\"https:\/\/www.reseau-mesure.com\/de\/alimentations-dc-francaises-au-meilleur-prix-de-notre-marche\/\">Franz\u00f6sische Gleichstromversorgungen zum besten Preis auf unserem Markt<\/a><\/li>\n\t\t<li class=\"wsp-post\"><a href=\"https:\/\/www.reseau-mesure.com\/de\/signature-de-la-convention-entre-le-reseau-mesure-et-le-cifl\/\">Unterzeichnung der Vereinbarung zwischen dem Messnetz und CIFL<\/a><\/li>\n\t\t<li class=\"wsp-post\"><a href=\"https:\/\/www.reseau-mesure.com\/de\/3-adherents-du-reseau-mesure-recompenses-au-palmares-mesures\/\">3 Mitglieder des Measure Network bei den MESURES Palmares ausgezeichnet<\/a><\/li>\n\t\t<li class=\"wsp-post\"><a href=\"https:\/\/www.reseau-mesure.com\/de\/gagnant-du-concours-mesures-solutions-2018\/\">Gewinner des Wettbewerbs Measures Solutions EXPO 2018<\/a><\/li>\n\t\t<li class=\"wsp-post\"><a href=\"https:\/\/www.reseau-mesure.com\/de\/c-bolt-by-cathelain-un-concept-de-boulon-connecte-qui-a-pour-but-de-mesurer-a-distance-dinfimes-variations-de-longueur-precision-de-0-5-%c2%b5m-permettant-ainsi-de-detecter-un-desserrage-intempe\/\">C-BOLZEN VON CATHELAIN: Ein Konzept f\u00fcr verbundene Schrauben, mit dem winzige L\u00e4ngenunterschiede (Genauigkeit von 0,5 \u00b5m) aus der Ferne gemessen werden k\u00f6nnen, um ein vorzeitiges L\u00f6sen zu erkennen, das die Integrit\u00e4t der Installation gef\u00e4hrden k\u00f6nnte.<\/a><\/li>\n\t\t<li class=\"wsp-post\"><a href=\"https:\/\/www.reseau-mesure.com\/de\/rgpd-que-faut-il-faire-pour-le-25-mai-2018\/\">DSGVO - Was ist seit dem 25. Mai 2018 zu tun?<\/a><\/li>\n\t\t<li class=\"wsp-post\"><a href=\"https:\/\/www.reseau-mesure.com\/de\/les-adherents-ont-elu-leur-nouveau-president-marc-robert-henrard-societe-jri\/\">Die Mitglieder haben ihren neuen Vorsitzenden gew\u00e4hlt: Marc-Robert Henrard - JRI Company<\/a><\/li>\n\t\t<li class=\"wsp-post\"><a href=\"https:\/\/www.reseau-mesure.com\/de\/retrouvez-les-adherents-du-reseau-mesure-sur-sensor-test\/\">Finden Sie die Mitglieder des Messnetzwerks auf Sensor + Test<\/a><\/li>\n\t\t<li class=\"wsp-post\"><a href=\"https:\/\/www.reseau-mesure.com\/de\/prelevement-a-la-source-de-limpot-sur-le-revenu\/\">Einkommensteuerabzug an der Quelle<\/a><\/li>\n\t\t<li class=\"wsp-post\"><a href=\"https:\/\/www.reseau-mesure.com\/de\/nir-industry-annonce-conclu-partenariat-sgs-france\/\">NIR-INDUSTRY gibt bekannt, dass es eine Partnerschaft mit SGS France eingegangen ist<\/a><\/li>\n\t\t<li class=\"wsp-post\"><a href=\"https:\/\/www.reseau-mesure.com\/de\/reunion-dechange-dexperiences-datadock\/\">DATADOCK Erfahrungsaustausch<\/a><\/li>\n\t\t<li class=\"wsp-post\"><a href=\"https:\/\/www.reseau-mesure.com\/de\/mesures-solutions-expo-lyon-2018\/\">Measures Solutions Expo Lyon 2018<\/a><\/li>\n\t\t<li class=\"wsp-post\"><a href=\"https:\/\/www.reseau-mesure.com\/de\/684-2\/\">MEDIENPLAN 2018<\/a><\/li>\n\t\t<li class=\"wsp-post\"><a href=\"https:\/\/www.reseau-mesure.com\/de\/bonjour-tout-le-monde\/\">Hallo, alle miteinander !<\/a><\/li>\n\t<li><strong class=\"wsp-category-title\">Kategorie: <a href=\"https:\/\/www.reseau-mesure.com\/de\/category\/defaut\/com\/\">Kommunikation<\/a><\/strong>\n<ul class=\"wsp-posts-list\">\t\t<li class=\"wsp-post\"><a href=\"https:\/\/www.reseau-mesure.com\/de\/le-reseau-mesure-et-wika-interviewes-sur-radio-enghien\/\">Das Messnetzwerk und WIKA interviewten Radio Enghien<\/a><\/li>\n<\/ul><\/li>\n<\/ul><\/li>\n<\/ul>\n<h2 class=\"wsp-adherents-title\">Mitgliedschaftsprofile<\/h2>\n<ul class=\"wsp-adherents-list\">\n<li><a href=\"https:\/\/www.reseau-mesure.com\/de\/adherent\/mtsr-3d\/\">MTSR 3D<\/a><\/li>\n<li><a href=\"https:\/\/www.reseau-mesure.com\/de\/adherent\/improveheat\/\">Improveheat<\/a><\/li>\n<li><a href=\"https:\/\/www.reseau-mesure.com\/de\/adherent\/adt\/\">ADT<\/a><\/li>\n<li><a href=\"https:\/\/www.reseau-mesure.com\/de\/adherent\/bt-electronics\/\">BT ELECTRONICS<\/a><\/li>\n<li><a href=\"https:\/\/www.reseau-mesure.com\/de\/adherent\/poly-dispensing-systems\/\">POLY DISPENSING SYSTEMS<\/a><\/li>\n<li><a href=\"https:\/\/www.reseau-mesure.com\/de\/adherent\/rheonova\/\">Rheonova<\/a><\/li>\n<li><a href=\"https:\/\/www.reseau-mesure.com\/de\/adherent\/jd-mesure\/\">JD MESURE<\/a><\/li>\n<li><a href=\"https:\/\/www.reseau-mesure.com\/de\/adherent\/texys-international\/\">TEXYS INTERNATIONAL<\/a><\/li>\n<li><a href=\"https:\/\/www.reseau-mesure.com\/de\/adherent\/lk-metrology\/\">LK METROLOGY<\/a><\/li>\n<li><a href=\"https:\/\/www.reseau-mesure.com\/de\/adherent\/andragogie\/\">ANDRAGOGIE<\/a><\/li>\n<li><a href=\"https:\/\/www.reseau-mesure.com\/de\/adherent\/chromatotec\/\">CHROMATOTEC<\/a><\/li>\n<li><a href=\"https:\/\/www.reseau-mesure.com\/de\/adherent\/pyrocapt\/\">PYROCAPT<\/a><\/li>\n<li><a href=\"https:\/\/www.reseau-mesure.com\/de\/adherent\/a5j\/\">A5J<\/a><\/li>\n<li><a href=\"https:\/\/www.reseau-mesure.com\/de\/adherent\/andig\/\">ANDIG<\/a><\/li>\n<li><a href=\"https:\/\/www.reseau-mesure.com\/de\/adherent\/idosens\/\">IDOSENS<\/a><\/li>\n<li><a href=\"https:\/\/www.reseau-mesure.com\/de\/adherent\/senseor\/\">SENSEOR<\/a><\/li>\n<li><a href=\"https:\/\/www.reseau-mesure.com\/de\/adherent\/nikon-metrology\/\">Nikon Metrology<\/a><\/li>\n<li><a href=\"https:\/\/www.reseau-mesure.com\/de\/adherent\/automated-precision-europe-gmbh-api-metrology\/\">Automated pr\u00e9cision Europe GmbH (API Metrology)<\/a><\/li>\n<li><a href=\"https:\/\/www.reseau-mesure.com\/de\/adherent\/db-vib-cote-divoire\/\">dB Vib C\u00f4te d'Ivoire<\/a><\/li>\n<li><a href=\"https:\/\/www.reseau-mesure.com\/de\/adherent\/db-vib-e-lab\/\">dB Vib E-Lab<\/a><\/li>\n<li><a href=\"https:\/\/www.reseau-mesure.com\/de\/adherent\/db-vib-instrumentation\/\">dB Vib Instrumentation<\/a><\/li>\n<li><a href=\"https:\/\/www.reseau-mesure.com\/de\/adherent\/amg-solution\/\">AMG Solution<\/a><\/li>\n<li><a href=\"https:\/\/www.reseau-mesure.com\/de\/adherent\/gold-standard-diagnostics-calibration\/\">Gold Standard Diagnostics Calibration<\/a><\/li>\n<li><a href=\"https:\/\/www.reseau-mesure.com\/de\/adherent\/gemesis\/\">GEMESIS<\/a><\/li>\n<li><a href=\"https:\/\/www.reseau-mesure.com\/de\/adherent\/bustec-production-ltd\/\">Bustec Production Ltd<\/a><\/li>\n<li><a href=\"https:\/\/www.reseau-mesure.com\/de\/adherent\/db-vib-consulting\/\">dB Vib Consulting<\/a><\/li>\n<li><a href=\"https:\/\/www.reseau-mesure.com\/de\/adherent\/db-vib-ingenierie\/\">dB Vib Ing\u00e9nierie<\/a><\/li>\n<li><a href=\"https:\/\/www.reseau-mesure.com\/de\/adherent\/federation-de-lelectronique-francaise\/\">F\u00e9d\u00e9ration de l\u2019\u00c9lectronique Fran\u00e7aise<\/a><\/li>\n<li><a href=\"https:\/\/www.reseau-mesure.com\/de\/adherent\/corema\/\">COREMA<\/a><\/li>\n<li><a href=\"https:\/\/www.reseau-mesure.com\/de\/adherent\/xl-techniques\/\">XL TECHNIQUES<\/a><\/li>\n<li><a href=\"https:\/\/www.reseau-mesure.com\/de\/adherent\/metra\/\">METRA<\/a><\/li>\n<li><a href=\"https:\/\/www.reseau-mesure.com\/de\/adherent\/fps\/\">FPS<\/a><\/li>\n<li><a href=\"https:\/\/www.reseau-mesure.com\/de\/adherent\/mestrole\/\">MESTROLE<\/a><\/li>\n<li><a href=\"https:\/\/www.reseau-mesure.com\/de\/adherent\/ereti\/\">ERETI<\/a><\/li>\n<li><a href=\"https:\/\/www.reseau-mesure.com\/de\/adherent\/mesure-process\/\">MESURE PROCESS<\/a><\/li>\n<li><a href=\"https:\/\/www.reseau-mesure.com\/de\/adherent\/mph-group\/\">SYNQO<\/a><\/li>\n<li><a href=\"https:\/\/www.reseau-mesure.com\/de\/adherent\/techlab\/\">TECHLAB<\/a><\/li>\n<li><a href=\"https:\/\/www.reseau-mesure.com\/de\/adherent\/kryomatech\/\">KRYOMATECH<\/a><\/li>\n<li><a href=\"https:\/\/www.reseau-mesure.com\/de\/adherent\/europe-qualite-france\/\">Europe Qualit\u00e9 France<\/a><\/li>\n<li><a href=\"https:\/\/www.reseau-mesure.com\/de\/adherent\/althen\/\">ALTHEN<\/a><\/li>\n<li><a href=\"https:\/\/www.reseau-mesure.com\/de\/adherent\/cap-instrumentation\/\">CAP INSTRUMENTATION<\/a><\/li>\n<li><a href=\"https:\/\/www.reseau-mesure.com\/de\/adherent\/seurizz-analyse\/\">SEURIZZ ANALYSE<\/a><\/li>\n<li><a href=\"https:\/\/www.reseau-mesure.com\/de\/adherent\/prescamex\/\">PRESCAMEX<\/a><\/li>\n<li><a href=\"https:\/\/www.reseau-mesure.com\/de\/adherent\/phimesure\/\">PHIMESURE<\/a><\/li>\n<li><a href=\"https:\/\/www.reseau-mesure.com\/de\/adherent\/sesames-acoustics\/\">Sesames Acoustics<\/a><\/li>\n<li><a href=\"https:\/\/www.reseau-mesure.com\/de\/adherent\/bamo-mesures\/\">BAMO MESURES<\/a><\/li>\n<li><a href=\"https:\/\/www.reseau-mesure.com\/de\/adherent\/krohne\/\">KROHNE<\/a><\/li>\n<li><a href=\"https:\/\/www.reseau-mesure.com\/de\/adherent\/lc-instru\/\">LC-Instru<\/a><\/li>\n<li><a href=\"https:\/\/www.reseau-mesure.com\/de\/adherent\/erichsen\/\">ERICHSEN<\/a><\/li>\n<li><a href=\"https:\/\/www.reseau-mesure.com\/de\/adherent\/lab-solutions\/\">LAB SOLUTIONS<\/a><\/li>\n<li><a href=\"https:\/\/www.reseau-mesure.com\/de\/adherent\/sps-electronic-sas\/\">SPS electronic<\/a><\/li>\n<li><a href=\"https:\/\/www.reseau-mesure.com\/de\/adherent\/phalanx\/\">PHALANX<\/a><\/li>\n<li><a href=\"https:\/\/www.reseau-mesure.com\/de\/adherent\/cira\/\">CIRA<\/a><\/li>\n<li><a href=\"https:\/\/www.reseau-mesure.com\/de\/adherent\/mesulog\/\">MESULOG<\/a><\/li>\n<li><a href=\"https:\/\/www.reseau-mesure.com\/de\/adherent\/vitivisio\/\">VITIVISIO<\/a><\/li>\n<li><a href=\"https:\/\/www.reseau-mesure.com\/de\/adherent\/mc-techgroup-sales-services\/\">M&amp;C TECHGROUP<\/a><\/li>\n<li><a href=\"https:\/\/www.reseau-mesure.com\/de\/adherent\/damac\/\">DAMAC<\/a><\/li>\n<li><a href=\"https:\/\/www.reseau-mesure.com\/de\/adherent\/backridex\/\">BACKRIDEX<\/a><\/li>\n<li><a href=\"https:\/\/www.reseau-mesure.com\/de\/adherent\/impulsion-acoustique\/\">Impulsion Acoustique<\/a><\/li>\n<li><a href=\"https:\/\/www.reseau-mesure.com\/de\/adherent\/menova\/\">MENOVA<\/a><\/li>\n<li><a href=\"https:\/\/www.reseau-mesure.com\/de\/adherent\/fox-metrology\/\">FOX METROLOGY<\/a><\/li>\n<li><a href=\"https:\/\/www.reseau-mesure.com\/de\/adherent\/edit-process-control\/\">EDIT PROCESS CONTROL<\/a><\/li>\n<li><a href=\"https:\/\/www.reseau-mesure.com\/de\/adherent\/mesurex\/\">MESUREX<\/a><\/li>\n<li><a href=\"https:\/\/www.reseau-mesure.com\/de\/adherent\/soclema\/\">SOCLEMA<\/a><\/li>\n<li><a href=\"https:\/\/www.reseau-mesure.com\/de\/adherent\/crt-morlaix-metrologie\/\">CRT MORLAIX METROLOGIE<\/a><\/li>\n<li><a href=\"https:\/\/www.reseau-mesure.com\/de\/adherent\/azimut-control\/\">AZIMUT CONTROL<\/a><\/li>\n<li><a href=\"https:\/\/www.reseau-mesure.com\/de\/adherent\/coda-systemes\/\">CODA SYSTEMES<\/a><\/li>\n<li><a href=\"https:\/\/www.reseau-mesure.com\/de\/adherent\/ses-automation\/\">SES AUTOMATION<\/a><\/li>\n<li><a href=\"https:\/\/www.reseau-mesure.com\/de\/adherent\/lab-services\/\">LAB SERVICES<\/a><\/li>\n<li><a href=\"https:\/\/www.reseau-mesure.com\/de\/adherent\/vtronics\/\">VTRONICS<\/a><\/li>\n<li><a href=\"https:\/\/www.reseau-mesure.com\/de\/adherent\/pce-intruments-france\/\">PCE INSTRUMENTS France<\/a><\/li>\n<li><a href=\"https:\/\/www.reseau-mesure.com\/de\/adherent\/indatech\/\">Indatech<\/a><\/li>\n<li><a href=\"https:\/\/www.reseau-mesure.com\/de\/adherent\/ca-energy\/\">CA Energy<\/a><\/li>\n<li><a href=\"https:\/\/www.reseau-mesure.com\/de\/adherent\/pyrocontrole\/\">PYROCONTROLE<\/a><\/li>\n<li><a href=\"https:\/\/www.reseau-mesure.com\/de\/adherent\/solution-maintenance\/\">Solution Maintenance<\/a><\/li>\n<li><a href=\"https:\/\/www.reseau-mesure.com\/de\/adherent\/serem\/\">SEREM<\/a><\/li>\n<li><a href=\"https:\/\/www.reseau-mesure.com\/de\/adherent\/engineering-mesures-precision\/\">Engineering Mesures Precision<\/a><\/li>\n<li><a href=\"https:\/\/www.reseau-mesure.com\/de\/adherent\/netzsch\/\">NETZSCH<\/a><\/li>\n<li><a href=\"https:\/\/www.reseau-mesure.com\/de\/adherent\/mecanium\/\">MECANIUM<\/a><\/li>\n<li><a href=\"https:\/\/www.reseau-mesure.com\/de\/adherent\/pool-technologie\/\">POOL TECHNOLOGIE<\/a><\/li>\n<li><a href=\"https:\/\/www.reseau-mesure.com\/de\/adherent\/siemens\/\">SIEMENS<\/a><\/li>\n<li><a href=\"https:\/\/www.reseau-mesure.com\/de\/adherent\/chemlys\/\">CHEMLYS<\/a><\/li>\n<li><a href=\"https:\/\/www.reseau-mesure.com\/de\/adherent\/armatan\/\">ARMATAN<\/a><\/li>\n<li><a href=\"https:\/\/www.reseau-mesure.com\/de\/adherent\/lmc-electronic\/\">LMC Electronic<\/a><\/li>\n<li><a href=\"https:\/\/www.reseau-mesure.com\/de\/adherent\/huba-control\/\">HUBA-KONTROLLE<\/a><\/li>\n<li><a href=\"https:\/\/www.reseau-mesure.com\/de\/adherent\/euromedex\/\">EUROMEDEX<\/a><\/li>\n<li><a href=\"https:\/\/www.reseau-mesure.com\/de\/adherent\/analytics\/\">ANALYTIK<\/a><\/li>\n<li><a href=\"https:\/\/www.reseau-mesure.com\/de\/adherent\/cif\/\">CIF<\/a><\/li>\n<li><a href=\"https:\/\/www.reseau-mesure.com\/de\/adherent\/ozyme\/\">OZYM<\/a><\/li>\n<li><a href=\"https:\/\/www.reseau-mesure.com\/de\/adherent\/interscience\/\">INTERWISSENSCHAFT<\/a><\/li>\n<li><a href=\"https:\/\/www.reseau-mesure.com\/de\/adherent\/euralam\/\">EURALAM<\/a><\/li>\n<li><a href=\"https:\/\/www.reseau-mesure.com\/de\/adherent\/cluzeau-info-labo\/\">CLUZEAU INFO LABOR<\/a><\/li>\n<li><a href=\"https:\/\/www.reseau-mesure.com\/de\/adherent\/chromoptic\/\">CHROMOPTIK<\/a><\/li>\n<li><a href=\"https:\/\/www.reseau-mesure.com\/de\/adherent\/buchi-sarl\/\">B\u00dcCHI SARL<\/a><\/li>\n<li><a href=\"https:\/\/www.reseau-mesure.com\/de\/adherent\/action-europe\/\">Aktion Europa<\/a><\/li>\n<li><a href=\"https:\/\/www.reseau-mesure.com\/de\/adherent\/ophelia-instruments\/\">Ophelia-Instrumente<\/a><\/li>\n<li><a href=\"https:\/\/www.reseau-mesure.com\/de\/adherent\/reseau-mesure\/\">Netzwerkma\u00dfnahme<\/a><\/li>\n<li><a href=\"https:\/\/www.reseau-mesure.com\/de\/adherent\/examesure\/\">Pr\u00fcfung<\/a><\/li>\n<li><a href=\"https:\/\/www.reseau-mesure.com\/de\/adherent\/quad-service\/\">Quad-Service<\/a><\/li>\n<li><a href=\"https:\/\/www.reseau-mesure.com\/de\/adherent\/seribase\/\">SERIBASE<\/a><\/li>\n<li><a href=\"https:\/\/www.reseau-mesure.com\/de\/adherent\/stahlwille-france\/\">STAHLWILLE Frankreich<\/a><\/li>\n<li><a href=\"https:\/\/www.reseau-mesure.com\/de\/adherent\/gnr-france-metal-instruments\/\">GNR France Metallinstrumente<\/a><\/li>\n<li><a href=\"https:\/\/www.reseau-mesure.com\/de\/adherent\/deltamu\/\">DELTAMU<\/a><\/li>\n<li><a href=\"https:\/\/www.reseau-mesure.com\/de\/adherent\/vector\/\">Vektor<\/a><\/li>\n<li><a href=\"https:\/\/www.reseau-mesure.com\/de\/adherent\/tera-sensor\/\">TERA-Sensor<\/a><\/li>\n<li><a href=\"https:\/\/www.reseau-mesure.com\/de\/adherent\/sauermann-industrie\/\">SAUERMANN INDUSTRIE<\/a><\/li>\n<li><a href=\"https:\/\/www.reseau-mesure.com\/de\/adherent\/inspect-3d\/\">3D-PR\u00dcFUNG<\/a><\/li>\n<li><a href=\"https:\/\/www.reseau-mesure.com\/de\/adherent\/sphi-consulting\/\">SPHI-BERATUNG<\/a><\/li>\n<li><a href=\"https:\/\/www.reseau-mesure.com\/de\/adherent\/dronoxy-96t\/\">DRONOXY (96T)<\/a><\/li>\n<li><a href=\"https:\/\/www.reseau-mesure.com\/de\/adherent\/thermoconcept\/\">Thermokonzept<\/a><\/li>\n<li><a href=\"https:\/\/www.reseau-mesure.com\/de\/adherent\/solex-metrology\/\">SOLEX-METROLOGIE<\/a><\/li>\n<li><a href=\"https:\/\/www.reseau-mesure.com\/de\/adherent\/sofimae-2\/\">SOFIMAE<\/a><\/li>\n<li><a href=\"https:\/\/www.reseau-mesure.com\/de\/adherent\/q-interline-2\/\">Q-INTERLINE<\/a><\/li>\n<li><a href=\"https:\/\/www.reseau-mesure.com\/de\/adherent\/pts-mesures\/\">PTS-Messungen<\/a><\/li>\n<li><a href=\"https:\/\/www.reseau-mesure.com\/de\/adherent\/mydis\/\">MYDIS<\/a><\/li>\n<li><a href=\"https:\/\/www.reseau-mesure.com\/de\/adherent\/mpq-electronique-2\/\">MPQ-Elektronik<\/a><\/li>\n<li><a href=\"https:\/\/www.reseau-mesure.com\/de\/adherent\/hvs-system-2\/\">HVS-SYSTEM<\/a><\/li>\n<li><a href=\"https:\/\/www.reseau-mesure.com\/de\/adherent\/georgin-2\/\">GEORGIN<\/a><\/li>\n<li><a href=\"https:\/\/www.reseau-mesure.com\/de\/adherent\/emd2i-2\/\">EMD2I<\/a><\/li>\n<li><a href=\"https:\/\/www.reseau-mesure.com\/de\/adherent\/equilabo-2\/\">EQUILABO<\/a><\/li>\n<li><a href=\"https:\/\/www.reseau-mesure.com\/de\/adherent\/acsiel\/\">ACSIEL Electronic Alliance<\/a><\/li>\n<li><a href=\"https:\/\/www.reseau-mesure.com\/de\/adherent\/radwag-france\/\">RADWAG Frankreich<\/a><\/li>\n<li><a href=\"https:\/\/www.reseau-mesure.com\/de\/adherent\/ablatom\/\">ABLATOM<\/a><\/li>\n<li><a href=\"https:\/\/www.reseau-mesure.com\/de\/adherent\/mape-mesure-analyse-process-environnement\/\">MAPE (Measurement Analysis Process Environment)<\/a><\/li>\n<li><a href=\"https:\/\/www.reseau-mesure.com\/de\/adherent\/axitest\/\">Axitest<\/a><\/li>\n<li><a href=\"https:\/\/www.reseau-mesure.com\/de\/adherent\/hbk\/\">HBK<\/a><\/li>\n<li><a href=\"https:\/\/www.reseau-mesure.com\/de\/adherent\/wormsensing\/\">Wurmwahrnehmung<\/a><\/li>\n<li><a href=\"https:\/\/www.reseau-mesure.com\/de\/adherent\/mesuria\/\">MESURIA<\/a><\/li>\n<li><a href=\"https:\/\/www.reseau-mesure.com\/de\/adherent\/equilabo\/\">EQUILABO<\/a><\/li>\n<li><a href=\"https:\/\/www.reseau-mesure.com\/de\/adherent\/college-francais-de-metrologie\/\">Franz\u00f6sisches College f\u00fcr Metrologie<\/a><\/li>\n<li><a href=\"https:\/\/www.reseau-mesure.com\/de\/adherent\/ausyris\/\">AUSYRIS<\/a><\/li>\n<li><a href=\"https:\/\/www.reseau-mesure.com\/de\/adherent\/cyberlabo\/\">CYBERLABO<\/a><\/li>\n<li><a href=\"https:\/\/www.reseau-mesure.com\/de\/adherent\/emissure\/\">EMISSURE TECHNOLOGY<\/a><\/li>\n<li><a href=\"https:\/\/www.reseau-mesure.com\/de\/adherent\/sematec\/\">SEMATEC<\/a><\/li>\n<li><a href=\"https:\/\/www.reseau-mesure.com\/de\/adherent\/ama-verband-fur-sensorik-und-messtechnik-e-v\/\">AMA Verband f\u00fcr Sensorik und Messtechnik eV<\/a><\/li>\n<li><a href=\"https:\/\/www.reseau-mesure.com\/de\/adherent\/dimelco-division-vibration\/\">DIMELCO \u201eSchwingungsabteilung\u201c<\/a><\/li>\n<li><a href=\"https:\/\/www.reseau-mesure.com\/de\/adherent\/actrion-metrologie\/\">AKTION METROLOGIE<\/a><\/li>\n<li><a href=\"https:\/\/www.reseau-mesure.com\/de\/adherent\/koerber\/\">KOERBER Technologies Instrumente<\/a><\/li>\n<li><a href=\"https:\/\/www.reseau-mesure.com\/de\/adherent\/opus-solutions-techniques\/\">OPUS TECHNISCHE L\u00d6SUNGEN<\/a><\/li>\n<li><a href=\"https:\/\/www.reseau-mesure.com\/de\/adherent\/atff-mesures\/\">ATFF-Ma\u00dfnahmen<\/a><\/li>\n<li><a href=\"https:\/\/www.reseau-mesure.com\/de\/adherent\/manumesure\/\">Manik\u00fcre<\/a><\/li>\n<li><a href=\"https:\/\/www.reseau-mesure.com\/de\/adherent\/andilog\/\">ANDILOG<\/a><\/li>\n<li><a href=\"https:\/\/www.reseau-mesure.com\/de\/adherent\/labomasse\/\">Labormasse<\/a><\/li>\n<li><a href=\"https:\/\/www.reseau-mesure.com\/de\/adherent\/djb-instruments\/\">DJB-Instrumente<\/a><\/li>\n<li><a href=\"https:\/\/www.reseau-mesure.com\/de\/adherent\/hexagon-metrology\/\">Hexagon-Metrologie<\/a><\/li>\n<li><a href=\"https:\/\/www.reseau-mesure.com\/de\/adherent\/renishaw\/\">RENISHAW<\/a><\/li>\n<li><a href=\"https:\/\/www.reseau-mesure.com\/de\/adherent\/essor-francais-electronique\/\">Franz\u00f6sische elektronische Entwicklung<\/a><\/li>\n<li><a href=\"https:\/\/www.reseau-mesure.com\/de\/adherent\/influtherm\/\">Einflusstherm<\/a><\/li>\n<li><a href=\"https:\/\/www.reseau-mesure.com\/de\/adherent\/cy-transfer\/\">CY-\u00dcBERTRAGUNG<\/a><\/li>\n<li><a href=\"https:\/\/www.reseau-mesure.com\/de\/adherent\/q-interline\/\">Q-Interline<\/a><\/li>\n<li><a href=\"https:\/\/www.reseau-mesure.com\/de\/adherent\/clean-air-europe\/\">Saubere Luft Europa<\/a><\/li>\n<li><a href=\"https:\/\/www.reseau-mesure.com\/de\/adherent\/gaz-lab\/\">GAZ-LAB<\/a><\/li>\n<li><a href=\"https:\/\/www.reseau-mesure.com\/de\/adherent\/vipress-mesure\/\">VIPress-Ma\u00dfnahmen<\/a><\/li>\n<li><a href=\"https:\/\/www.reseau-mesure.com\/de\/adherent\/traitements-et-materiaux\/\">BEHANDLUNGEN UND MATERIALIEN<\/a><\/li>\n<li><a href=\"https:\/\/www.reseau-mesure.com\/de\/adherent\/eureka\/\">EUREKA<\/a><\/li>\n<li><a href=\"https:\/\/www.reseau-mesure.com\/de\/adherent\/texense\/\">TEXENSE<\/a><\/li>\n<li><a href=\"https:\/\/www.reseau-mesure.com\/de\/adherent\/instrumentys\/\">INSTRUMENTE<\/a><\/li>\n<li><a href=\"https:\/\/www.reseau-mesure.com\/de\/adherent\/jasco\/\">JASCO<\/a><\/li>\n<li><a href=\"https:\/\/www.reseau-mesure.com\/de\/adherent\/upi\/\">IPU<\/a><\/li>\n<li><a href=\"https:\/\/www.reseau-mesure.com\/de\/adherent\/thermokrasia\/\">Thermokrasie<\/a><\/li>\n<li><a href=\"https:\/\/www.reseau-mesure.com\/de\/adherent\/2is-instrumentation-industrielle-services\/\">2IS Industrial Instrumentation Services<\/a><\/li>\n<li><a href=\"https:\/\/www.reseau-mesure.com\/de\/adherent\/bruker-axs\/\">Bruker AXS<\/a><\/li>\n<li><a href=\"https:\/\/www.reseau-mesure.com\/de\/adherent\/bruker-optics\/\">BRUKER Optik<\/a><\/li>\n<li><a href=\"https:\/\/www.reseau-mesure.com\/de\/adherent\/tei\/\">TEI<\/a><\/li>\n<li><a href=\"https:\/\/www.reseau-mesure.com\/de\/adherent\/alla-france\/\">ALLA Frankreich<\/a><\/li>\n<li><a href=\"https:\/\/www.reseau-mesure.com\/de\/adherent\/baxir\/\">BAXIR<\/a><\/li>\n<li><a href=\"https:\/\/www.reseau-mesure.com\/de\/adherent\/cimax\/\">CIMAX<\/a><\/li>\n<li><a href=\"https:\/\/www.reseau-mesure.com\/de\/adherent\/apico\/\">APICO<\/a><\/li>\n<li><a href=\"https:\/\/www.reseau-mesure.com\/de\/adherent\/etalonair\/\">STANDARD<\/a><\/li>\n<li><a href=\"https:\/\/www.reseau-mesure.com\/de\/adherent\/franck-durand-eirl\/\">Franck Durand EIRL<\/a><\/li>\n<li><a href=\"https:\/\/www.reseau-mesure.com\/de\/adherent\/gometrologie\/\">Gometrologie<\/a><\/li>\n<li><a href=\"https:\/\/www.reseau-mesure.com\/de\/adherent\/aequo-ltd\/\">Aequo Ltd<\/a><\/li>\n<li><a href=\"https:\/\/www.reseau-mesure.com\/de\/adherent\/lettel\/\">LETTEL<\/a><\/li>\n<li><a href=\"https:\/\/www.reseau-mesure.com\/de\/adherent\/14270\/\">ERREICHUNGEN<\/a><\/li>\n<li><a href=\"https:\/\/www.reseau-mesure.com\/de\/adherent\/kpm-analytics\/\">KPM-ANALYTIK<\/a><\/li>\n<li><a href=\"https:\/\/www.reseau-mesure.com\/de\/adherent\/chopin-technologies\/\">CHOPIN-TECHNOLOGIEN<\/a><\/li>\n<li><a href=\"https:\/\/www.reseau-mesure.com\/de\/adherent\/centaure\/\">ZENTAUR<\/a><\/li>\n<li><a href=\"https:\/\/www.reseau-mesure.com\/de\/adherent\/geodesie-maintenance-services\/\">GEODESIE WARTUNGSDIENSTLEISTUNGEN<\/a><\/li>\n<li><a href=\"https:\/\/www.reseau-mesure.com\/de\/adherent\/izitec\/\">IZITEC<\/a><\/li>\n<li><a href=\"https:\/\/www.reseau-mesure.com\/de\/adherent\/jm-concept\/\">JM-KONZEPT<\/a><\/li>\n<li><a href=\"https:\/\/www.reseau-mesure.com\/de\/adherent\/georgin\/\">GEORGIN<\/a><\/li>\n<li><a href=\"https:\/\/www.reseau-mesure.com\/de\/adherent\/metrohm\/\">METROHM<\/a><\/li>\n<li><a href=\"https:\/\/www.reseau-mesure.com\/de\/adherent\/fischer-connectors-sarl\/\">Fischer-Steckverbinder SARL<\/a><\/li>\n<li><a href=\"https:\/\/www.reseau-mesure.com\/de\/adherent\/felix-informatique\/\">FELIX COMPUTER<\/a><\/li>\n<li><a href=\"https:\/\/www.reseau-mesure.com\/de\/adherent\/endresshauser\/\">ENDRESS + HAUSER<\/a><\/li>\n<li><a href=\"https:\/\/www.reseau-mesure.com\/de\/adherent\/emd2i\/\">EMD2I<\/a><\/li>\n<li><a href=\"https:\/\/www.reseau-mesure.com\/de\/adherent\/edmund-optics\/\">Edmund Optics<\/a><\/li>\n<li><a href=\"https:\/\/www.reseau-mesure.com\/de\/adherent\/dexis-bfc\/\">DEXIS BFC<\/a><\/li>\n<li><a href=\"https:\/\/www.reseau-mesure.com\/de\/adherent\/cuenot-regulation\/\">CUENOT-VERORDNUNG<\/a><\/li>\n<li><a href=\"https:\/\/www.reseau-mesure.com\/de\/adherent\/metrologic-group\/\">Metrologic Group<\/a><\/li>\n<li><a href=\"https:\/\/www.reseau-mesure.com\/de\/adherent\/texys-group\/\">TEXYS Gruppe<\/a><\/li>\n<li><a href=\"https:\/\/www.reseau-mesure.com\/de\/adherent\/ardetem-sfere\/\">ARDETEM SFERE<\/a><\/li>\n<li><a href=\"https:\/\/www.reseau-mesure.com\/de\/adherent\/alto-instruments\/\">ALTO-INSTRUMENTE<\/a><\/li>\n<li><a href=\"https:\/\/www.reseau-mesure.com\/de\/adherent\/societe-evolutia-metrologie\/\">EVOLUTIA<\/a><\/li>\n<li><a href=\"https:\/\/www.reseau-mesure.com\/de\/adherent\/baumer\/\">Baumer<\/a><\/li>\n<li><a href=\"https:\/\/www.reseau-mesure.com\/de\/adherent\/scaime\/\">SCAIME<\/a><\/li>\n<li><a href=\"https:\/\/www.reseau-mesure.com\/de\/adherent\/nerys\/\">NERYS<\/a><\/li>\n<li><a href=\"https:\/\/www.reseau-mesure.com\/de\/adherent\/polytec\/\">Polytec France SAS<\/a><\/li>\n<li><a href=\"https:\/\/www.reseau-mesure.com\/de\/adherent\/mb-electronique\/\">MB Electronics<\/a><\/li>\n<li><a href=\"https:\/\/www.reseau-mesure.com\/de\/adherent\/trioptics\/\">TRIOPTIK<\/a><\/li>\n<li><a href=\"https:\/\/www.reseau-mesure.com\/de\/adherent\/werth-messtechnik-france\/\">WERTH MESSTECHNIK FRANKREICH<\/a><\/li>\n<li><a href=\"https:\/\/www.reseau-mesure.com\/de\/adherent\/visionic\/\">VISIONIC<\/a><\/li>\n<li><a href=\"https:\/\/www.reseau-mesure.com\/de\/adherent\/waranet-solutions-2\/\">Waranet-L\u00f6sungen<\/a><\/li>\n<li><a href=\"https:\/\/www.reseau-mesure.com\/de\/adherent\/bruker-alicona\/\">BRUKER ALICONA<\/a><\/li>\n<li><a href=\"https:\/\/www.reseau-mesure.com\/de\/adherent\/ponant-technologies\/\">PONANTTECHNOLOGIEN<\/a><\/li>\n<li><a href=\"https:\/\/www.reseau-mesure.com\/de\/adherent\/waranet-solutions\/\">Waranet-L\u00f6sungen<\/a><\/li>\n<li><a href=\"https:\/\/www.reseau-mesure.com\/de\/adherent\/ametek-sas-division-creaform\/\">AMETEK SAS Creaform Division<\/a><\/li>\n<li><a href=\"https:\/\/www.reseau-mesure.com\/de\/adherent\/evomesure\/\">EvoMeasure<\/a><\/li>\n<li><a href=\"https:\/\/www.reseau-mesure.com\/de\/adherent\/pastelpowergrids\/\">PASTELPOWERGRIDS<\/a><\/li>\n<li><a href=\"https:\/\/www.reseau-mesure.com\/de\/adherent\/sofimae\/\">SOFIMAE<\/a><\/li>\n<li><a href=\"https:\/\/www.reseau-mesure.com\/de\/adherent\/promesures\/\">VERSPRECHEN<\/a><\/li>\n<li><a href=\"https:\/\/www.reseau-mesure.com\/de\/adherent\/eurecam\/\">EURECAM<\/a><\/li>\n<li><a href=\"https:\/\/www.reseau-mesure.com\/de\/adherent\/thorlabs\/\">THORLABS<\/a><\/li>\n<li><a href=\"https:\/\/www.reseau-mesure.com\/de\/adherent\/maturat-mesure\/\">F\u00e4lligkeitsma\u00dfnahme<\/a><\/li>\n<li><a href=\"https:\/\/www.reseau-mesure.com\/de\/adherent\/hvs-system\/\">HVS-SYSTEM<\/a><\/li>\n<li><a href=\"https:\/\/www.reseau-mesure.com\/de\/adherent\/dynae\/\">DYNAE<\/a><\/li>\n<li><a href=\"https:\/\/www.reseau-mesure.com\/de\/adherent\/nke\/\">NKE<\/a><\/li>\n<li><a href=\"https:\/\/www.reseau-mesure.com\/de\/adherent\/precitec\/\">PRECITEC<\/a><\/li>\n<li><a href=\"https:\/\/www.reseau-mesure.com\/de\/adherent\/ardpi\/\">ARDPI<\/a><\/li>\n<li><a href=\"https:\/\/www.reseau-mesure.com\/de\/adherent\/sistec\/\">SISTEC<\/a><\/li>\n<li><a href=\"https:\/\/www.reseau-mesure.com\/de\/adherent\/magtrol\/\">MAGTROL<\/a><\/li>\n<li><a href=\"https:\/\/www.reseau-mesure.com\/de\/adherent\/hbm\/\">HBM<\/a><\/li>\n<li><a href=\"https:\/\/www.reseau-mesure.com\/de\/adherent\/mc-consulting\/\">MC Beratung<\/a><\/li>\n<li><a href=\"https:\/\/www.reseau-mesure.com\/de\/adherent\/cdf2i\/\">Cdf2i<\/a><\/li>\n<li><a href=\"https:\/\/www.reseau-mesure.com\/de\/adherent\/navimet\/\">NAVIMET<\/a><\/li>\n<li><a href=\"https:\/\/www.reseau-mesure.com\/de\/adherent\/trafag\/\">TRAFAG<\/a><\/li>\n<li><a href=\"https:\/\/www.reseau-mesure.com\/de\/adherent\/test\/\">Pr\u00fcfung<\/a><\/li>\n<li><a href=\"https:\/\/www.reseau-mesure.com\/de\/adherent\/cmi-cleanroom-management-international\/\">CMI - CLEANROOM MANAGEMENT INTERNATIONAL<\/a><\/li>\n<li><a href=\"https:\/\/www.reseau-mesure.com\/de\/adherent\/chauvin-arnoux\/\">CHAUVIN ARNOUX<\/a><\/li>\n<li><a href=\"https:\/\/www.reseau-mesure.com\/de\/adherent\/cetiat\/\">CETIAT<\/a><\/li>\n<li><a href=\"https:\/\/www.reseau-mesure.com\/de\/adherent\/c2ai\/\">C2AI<\/a><\/li>\n<li><a href=\"https:\/\/www.reseau-mesure.com\/de\/adherent\/buhler-technologies\/\">B\u00dcHLER TECHNOLOGIES<\/a><\/li>\n<li><a href=\"https:\/\/www.reseau-mesure.com\/de\/adherent\/bronkhorst\/\">BRONKHORST<\/a><\/li>\n<li><a href=\"https:\/\/www.reseau-mesure.com\/de\/adherent\/bm-tech-metrologie\/\">BM TECH METROLOGY<\/a><\/li>\n<li><a href=\"https:\/\/www.reseau-mesure.com\/de\/adherent\/blet-measurement-group\/\">BLET-MESSGRUPPE<\/a><\/li>\n<li><a href=\"https:\/\/www.reseau-mesure.com\/de\/adherent\/berthold-technologies\/\">BERTHOLD Technologies<\/a><\/li>\n<li><a href=\"https:\/\/www.reseau-mesure.com\/de\/adherent\/berger\/\">SCH\u00c4FER<\/a><\/li>\n<li><a href=\"https:\/\/www.reseau-mesure.com\/de\/adherent\/beamex\/\">BEAMEX<\/a><\/li>\n<li><a href=\"https:\/\/www.reseau-mesure.com\/de\/adherent\/bea-metrologie\/\">BEA METROLOGIE<\/a><\/li>\n<li><a href=\"https:\/\/www.reseau-mesure.com\/de\/adherent\/b-mesure\/\">B MESSUNG<\/a><\/li>\n<li><a href=\"https:\/\/www.reseau-mesure.com\/de\/adherent\/avady-pool\/\">AVADY POOL<\/a><\/li>\n<li><a href=\"https:\/\/www.reseau-mesure.com\/de\/adherent\/atm-vision\/\">ATM-VISION<\/a><\/li>\n<li><a href=\"https:\/\/www.reseau-mesure.com\/de\/adherent\/ateq-controle-fuite-debit\/\">ATEQ FLOW LEAK CONTROL<\/a><\/li>\n<li><a href=\"https:\/\/www.reseau-mesure.com\/de\/adherent\/asc-instrument\/\">ASC-INSTRUMENT<\/a><\/li>\n<li><a href=\"https:\/\/www.reseau-mesure.com\/de\/adherent\/as-schneider\/\">ALS SCHNEIDER<\/a><\/li>\n<li><a href=\"https:\/\/www.reseau-mesure.com\/de\/adherent\/ap2e\/\">AP2E<\/a><\/li>\n<li><a href=\"https:\/\/www.reseau-mesure.com\/de\/adherent\/aoip\/\">AOIP<\/a><\/li>\n<li><a href=\"https:\/\/www.reseau-mesure.com\/de\/adherent\/anael-analyse-en-ligne\/\">ANAEL ONLINE-ANALYSE<\/a><\/li>\n<li><a href=\"https:\/\/www.reseau-mesure.com\/de\/adherent\/ams-alliance\/\">AMS ALLIANCE<\/a><\/li>\n<li><a href=\"https:\/\/www.reseau-mesure.com\/de\/adherent\/alytech\/\">ALYTECH<\/a><\/li>\n<li><a href=\"https:\/\/www.reseau-mesure.com\/de\/adherent\/alliantech\/\">ALLIANTECH<\/a><\/li>\n<li><a href=\"https:\/\/www.reseau-mesure.com\/de\/adherent\/air-control\/\">LUFT KONTROLLE<\/a><\/li>\n<li><a href=\"https:\/\/www.reseau-mesure.com\/de\/adherent\/aerometrologie\/\">AEROMETROLOGIE<\/a><\/li>\n<li><a href=\"https:\/\/www.reseau-mesure.com\/de\/adherent\/adveotec-essais-et-mesures-optoelectroniques\/\">AdvEOTec Optoelektronische Tests und Messungen<\/a><\/li>\n<li><a href=\"https:\/\/www.reseau-mesure.com\/de\/adherent\/ads-laser\/\">ADS LASER<\/a><\/li>\n<li><a href=\"https:\/\/www.reseau-mesure.com\/de\/adherent\/adel-instrumentation\/\">ADEL INSTRUMENTATION<\/a><\/li>\n<li><a href=\"https:\/\/www.reseau-mesure.com\/de\/adherent\/actimesure\/\">AKTIME<\/a><\/li>\n<li><a href=\"https:\/\/www.reseau-mesure.com\/de\/adherent\/acquisys\/\">ACQUISYS<\/a><\/li>\n<li><a href=\"https:\/\/www.reseau-mesure.com\/de\/adherent\/acalime\/\">ACALIME<\/a><\/li>\n<li><a href=\"https:\/\/www.reseau-mesure.com\/de\/adherent\/ermecam\/\">ERMECAM<\/a><\/li>\n<li><a href=\"https:\/\/www.reseau-mesure.com\/de\/adherent\/enovansense\/\">ENOVASENSE<\/a><\/li>\n<li><a href=\"https:\/\/www.reseau-mesure.com\/de\/adherent\/engineering-mesures\/\">ENGINEERING-MASSNAHMEN<\/a><\/li>\n<li><a href=\"https:\/\/www.reseau-mesure.com\/de\/adherent\/ee-elektronik\/\">E + E ELEKTRONIK<\/a><\/li>\n<li><a href=\"https:\/\/www.reseau-mesure.com\/de\/adherent\/ecomesure\/\">ECOMESURE<\/a><\/li>\n<li><a href=\"https:\/\/www.reseau-mesure.com\/de\/adherent\/ecom\/\">ECOM<\/a><\/li>\n<li><a href=\"https:\/\/www.reseau-mesure.com\/de\/adherent\/doerler-mesures\/\">DOERLER MASSNAHMEN<\/a><\/li>\n<li><a href=\"https:\/\/www.reseau-mesure.com\/de\/adherent\/ditel-tec\/\">DITEL TEC<\/a><\/li>\n<li><a href=\"https:\/\/www.reseau-mesure.com\/de\/adherent\/distrilabo\/\">DISTRILABO<\/a><\/li>\n<li><a href=\"https:\/\/www.reseau-mesure.com\/de\/adherent\/dimotec\/\">DIMOTEC<\/a><\/li>\n<li><a href=\"https:\/\/www.reseau-mesure.com\/de\/adherent\/dimelco\/\">DIMELCO<\/a><\/li>\n<li><a href=\"https:\/\/www.reseau-mesure.com\/de\/adherent\/dh-kubler\/\">DH KUBLER<\/a><\/li>\n<li><a href=\"https:\/\/www.reseau-mesure.com\/de\/adherent\/dewetron-france\/\">DEWETRON FRANKREICH<\/a><\/li>\n<li><a href=\"https:\/\/www.reseau-mesure.com\/de\/adherent\/dewesoft-france\/\">DEWESOFT FRANKREICH<\/a><\/li>\n<li><a href=\"https:\/\/www.reseau-mesure.com\/de\/adherent\/db-vib-groupe\/\">dB Vib Groupe<\/a><\/li>\n<li><a href=\"https:\/\/www.reseau-mesure.com\/de\/adherent\/correge-services\/\">CORREGE-DIENSTLEISTUNGEN<\/a><\/li>\n<li><a href=\"https:\/\/www.reseau-mesure.com\/de\/adherent\/correge\/\">KORREKTURIERT<\/a><\/li>\n<li><a href=\"https:\/\/www.reseau-mesure.com\/de\/adherent\/control-mareg\/\">STEUERUNG MAREG<\/a><\/li>\n<li><a href=\"https:\/\/www.reseau-mesure.com\/de\/adherent\/citec-sa\/\">CITEC SA<\/a><\/li>\n<li><a href=\"https:\/\/www.reseau-mesure.com\/de\/adherent\/cifl\/\">CIFL<\/a><\/li>\n<li><a href=\"https:\/\/www.reseau-mesure.com\/de\/adherent\/chronomold-lts-express\/\">CHRONOMOLD \/ LTS Express<\/a><\/li>\n<li><a href=\"https:\/\/www.reseau-mesure.com\/de\/adherent\/gefran-france\/\">GEFRAN FRANKREICH<\/a><\/li>\n<li><a href=\"https:\/\/www.reseau-mesure.com\/de\/adherent\/gazdetect\/\">GAZDETECT<\/a><\/li>\n<li><a href=\"https:\/\/www.reseau-mesure.com\/de\/adherent\/gantner-instruments\/\">GANTNER-INSTRUMENTE<\/a><\/li>\n<li><a href=\"https:\/\/www.reseau-mesure.com\/de\/adherent\/furness-controls\/\">M\u00d6BELKONTROLLEN<\/a><\/li>\n<li><a href=\"https:\/\/www.reseau-mesure.com\/de\/adherent\/ft-mesures\/\">FT MASSNAHMEN<\/a><\/li>\n<li><a href=\"https:\/\/www.reseau-mesure.com\/de\/adherent\/french-power\/\">FRANZ\u00d6SISCHE MACHT<\/a><\/li>\n<li><a href=\"https:\/\/www.reseau-mesure.com\/de\/adherent\/fluides-precision\/\">PR\u00c4ZISIONSFL\u00dcSSIGKEITEN<\/a><\/li>\n<li><a href=\"https:\/\/www.reseau-mesure.com\/de\/adherent\/fixtur-laser\/\">FIXTUR LASER<\/a><\/li>\n<li><a href=\"https:\/\/www.reseau-mesure.com\/de\/adherent\/fischer-instrumentation\/\">FISCHERINSTRUMENTATION<\/a><\/li>\n<li><a href=\"https:\/\/www.reseau-mesure.com\/de\/adherent\/eurotek\/\">EUROTEK<\/a><\/li>\n<li><a href=\"https:\/\/www.reseau-mesure.com\/de\/adherent\/kobold\/\">KOBOLD<\/a><\/li>\n<li><a href=\"https:\/\/www.reseau-mesure.com\/de\/adherent\/kistler\/\">KISTLER<\/a><\/li>\n<li><a href=\"https:\/\/www.reseau-mesure.com\/de\/adherent\/kayme\/\">KAYME<\/a><\/li>\n<li><a href=\"https:\/\/www.reseau-mesure.com\/de\/adherent\/katronic\/\">KATRONISCH<\/a><\/li>\n<li><a href=\"https:\/\/www.reseau-mesure.com\/de\/adherent\/jumo-regulation\/\">JUMO-VERORDNUNG<\/a><\/li>\n<li><a href=\"https:\/\/www.reseau-mesure.com\/de\/adherent\/jri\/\">JRI<\/a><\/li>\n<li><a href=\"https:\/\/www.reseau-mesure.com\/de\/adherent\/jm-investment-fund\/\">JM INVESTMENTFONDS<\/a><\/li>\n<li><a href=\"https:\/\/www.reseau-mesure.com\/de\/adherent\/jb-controls\/\">JB-STEUERUNG<\/a><\/li>\n<li><a href=\"https:\/\/www.reseau-mesure.com\/de\/adherent\/irm\/\">MRT<\/a><\/li>\n<li><a href=\"https:\/\/www.reseau-mesure.com\/de\/adherent\/intertek-france\/\">INTERTEK FRANKREICH<\/a><\/li>\n<li><a href=\"https:\/\/www.reseau-mesure.com\/de\/adherent\/instruments-controls\/\">INSTRUMENTE &amp; BEDIENELEMENTE<\/a><\/li>\n<li><a href=\"https:\/\/www.reseau-mesure.com\/de\/adherent\/insidix-sas\/\">INSIDIX SAS<\/a><\/li>\n<li><a href=\"https:\/\/www.reseau-mesure.com\/de\/adherent\/innovidea-sas\/\">INNOVIDEA SAS<\/a><\/li>\n<li><a href=\"https:\/\/www.reseau-mesure.com\/de\/adherent\/imc-jr\/\">BMI D + R.<\/a><\/li>\n<li><a href=\"https:\/\/www.reseau-mesure.com\/de\/adherent\/ikalogic-sas\/\">IKALOGISCHE SAS<\/a><\/li>\n<li><a href=\"https:\/\/www.reseau-mesure.com\/de\/adherent\/hydrotechnik-france\/\">HYDROTECHNIK FRANKREICH<\/a><\/li>\n<li><a href=\"https:\/\/www.reseau-mesure.com\/de\/adherent\/hitec\/\">HITEC<\/a><\/li>\n<li><a href=\"https:\/\/www.reseau-mesure.com\/de\/adherent\/odu-france\/\">ODU Frankreich<\/a><\/li>\n<li><a href=\"https:\/\/www.reseau-mesure.com\/de\/adherent\/haziel\/\">HAZIEL<\/a><\/li>\n<li><a href=\"https:\/\/www.reseau-mesure.com\/de\/adherent\/mce-metrology\/\">MCE-Metrologie<\/a><\/li>\n<li><a href=\"https:\/\/www.reseau-mesure.com\/de\/adherent\/adherent-2\/\">Mitglied2<\/a><\/li>\n<li><a href=\"https:\/\/www.reseau-mesure.com\/de\/adherent\/aneolia\/\">Aneolia<\/a><\/li>\n<li><a href=\"https:\/\/www.reseau-mesure.com\/de\/adherent\/lne\/\">LNE<\/a><\/li>\n<li><a href=\"https:\/\/www.reseau-mesure.com\/de\/adherent\/lescate\/\">LESCATE<\/a><\/li>\n<li><a href=\"https:\/\/www.reseau-mesure.com\/de\/adherent\/kulite\/\">KULITE<\/a><\/li>\n<li><a href=\"https:\/\/www.reseau-mesure.com\/de\/adherent\/krier-s-a\/\">KRIER SA<\/a><\/li>\n<li><a href=\"https:\/\/www.reseau-mesure.com\/de\/adherent\/kreon-technologies\/\">KREON TECHNOLOGIES<\/a><\/li>\n<li><a href=\"https:\/\/www.reseau-mesure.com\/de\/adherent\/konica-minolta-sensing-europe-b-v\/\">KONICA MINOLTA SENSING EUROPE BV<\/a><\/li>\n<li><a href=\"https:\/\/www.reseau-mesure.com\/de\/adherent\/pst\/\">PST A DWYEROMEGA BRAND<\/a><\/li>\n<li><a href=\"https:\/\/www.reseau-mesure.com\/de\/adherent\/rivelec-plastiform\/\">RIVELEC - PLASTIFORM<\/a><\/li>\n<li><a href=\"https:\/\/www.reseau-mesure.com\/de\/adherent\/rd-vision\/\">F &amp; E-VISION<\/a><\/li>\n<li><a href=\"https:\/\/www.reseau-mesure.com\/de\/adherent\/pyro-systemes\/\">PYRO-SYSTEME<\/a><\/li>\n<li><a href=\"https:\/\/www.reseau-mesure.com\/de\/adherent\/produal\/\">PRODUELL<\/a><\/li>\n<li><a href=\"https:\/\/www.reseau-mesure.com\/de\/adherent\/pr-electronics\/\">PR ELECTRONICS<\/a><\/li>\n<li><a href=\"https:\/\/www.reseau-mesure.com\/de\/adherent\/polyworks-europa\/\">POLYWORKS EUROPA<\/a><\/li>\n<li><a href=\"https:\/\/www.reseau-mesure.com\/de\/adherent\/pm-instrumentation\/\">PM INSTRUMENTATION<\/a><\/li>\n<li><a href=\"https:\/\/www.reseau-mesure.com\/de\/adherent\/phonoptics\/\">PHONOPTIK<\/a><\/li>\n<li><a href=\"https:\/\/www.reseau-mesure.com\/de\/adherent\/pcb-piezotronics\/\">PCB PIEZOTRONICS<\/a><\/li>\n<li><a href=\"https:\/\/www.reseau-mesure.com\/de\/adherent\/oros\/\">OROS<\/a><\/li>\n<li><a href=\"https:\/\/www.reseau-mesure.com\/de\/adherent\/optris-gmbh\/\">OPTRIS GMBH<\/a><\/li>\n<li><a href=\"https:\/\/www.reseau-mesure.com\/de\/adherent\/optel-texys\/\">OPTEL-TEXYS<\/a><\/li>\n<li><a href=\"https:\/\/www.reseau-mesure.com\/de\/adherent\/one-too\/\">AUCH EINS<\/a><\/li>\n<li><a href=\"https:\/\/www.reseau-mesure.com\/de\/adherent\/omicron-technologies\/\">OMICRON-TECHNOLOGIEN<\/a><\/li>\n<li><a href=\"https:\/\/www.reseau-mesure.com\/de\/adherent\/omicron-electronics-france\/\">OMICRON ELECTRONICS Frankreich<\/a><\/li>\n<li><a href=\"https:\/\/www.reseau-mesure.com\/de\/adherent\/ogp-france\/\">OGP Frankreich<\/a><\/li>\n<li><a href=\"https:\/\/www.reseau-mesure.com\/de\/adherent\/novus-automation-france\/\">NOVUS AUTOMATION FRANKREICH<\/a><\/li>\n<li><a href=\"https:\/\/www.reseau-mesure.com\/de\/adherent\/nir-industry\/\">NIR - INDUSTRIE<\/a><\/li>\n<li><a href=\"https:\/\/www.reseau-mesure.com\/de\/adherent\/my-network-diagnostic-solutions\/\">MEINE NETZWERKDIAGNOSEL\u00d6SUNGEN<\/a><\/li>\n<li><a href=\"https:\/\/www.reseau-mesure.com\/de\/adherent\/mp-international\/\">M + P INTERNATIONAL<\/a><\/li>\n<li><a href=\"https:\/\/www.reseau-mesure.com\/de\/adherent\/mitutoyo\/\">MITUTOYO<\/a><\/li>\n<li><a href=\"https:\/\/www.reseau-mesure.com\/de\/adherent\/mirsense\/\">MirSense<\/a><\/li>\n<li><a href=\"https:\/\/www.reseau-mesure.com\/de\/adherent\/micro-epsilon-france-sarl\/\">MIKRO-EPSILON FRANKREICH SARL<\/a><\/li>\n<li><a href=\"https:\/\/www.reseau-mesure.com\/de\/adherent\/mescan\/\">MESCAN<\/a><\/li>\n<li><a href=\"https:\/\/www.reseau-mesure.com\/de\/adherent\/megatron\/\">MEGATRON<\/a><\/li>\n<li><a href=\"https:\/\/www.reseau-mesure.com\/de\/adherent\/media-mesures\/\">MEDIENMASSNAHMEN<\/a><\/li>\n<li><a href=\"https:\/\/www.reseau-mesure.com\/de\/adherent\/mci-materiel-de-controle-industriel\/\">MCI Industrielle Steuerger\u00e4te<\/a><\/li>\n<li><a href=\"https:\/\/www.reseau-mesure.com\/de\/adherent\/sfint\/\">SFINT<\/a><\/li>\n<li><a href=\"https:\/\/www.reseau-mesure.com\/de\/adherent\/qmt-group-saphir-et-qualimatest\/\">qmt<\/a><\/li>\n<li><a href=\"https:\/\/www.reseau-mesure.com\/de\/adherent\/systemes-climatiques-service\/\">CLIMATE SYSTEMS SERVICE<\/a><\/li>\n<li><a href=\"https:\/\/www.reseau-mesure.com\/de\/adherent\/syrtem\/\">SYRTEM<\/a><\/li>\n<li><a href=\"https:\/\/www.reseau-mesure.com\/de\/adherent\/sts-france\/\">STS FRANKREICH<\/a><\/li>\n<li><a href=\"https:\/\/www.reseau-mesure.com\/de\/adherent\/stil-sas\/\">STIL SAS<\/a><\/li>\n<li><a href=\"https:\/\/www.reseau-mesure.com\/de\/adherent\/stil\/\">STIL<\/a><\/li>\n<li><a href=\"https:\/\/www.reseau-mesure.com\/de\/adherent\/spectralys\/\">SPECTRALYS<\/a><\/li>\n<li><a href=\"https:\/\/www.reseau-mesure.com\/de\/adherent\/spectral-dynamics\/\">SPEKTRALE DYNAMIK<\/a><\/li>\n<li><a href=\"https:\/\/www.reseau-mesure.com\/de\/adherent\/setsmart\/\">SETSMART<\/a><\/li>\n<li><a href=\"https:\/\/www.reseau-mesure.com\/de\/adherent\/adherent\/\">Mitglied<\/a><\/li>\n<li><a href=\"https:\/\/www.reseau-mesure.com\/de\/adherent\/sika-france\/\">SIKA FRANKREICH<\/a><\/li>\n<li><a href=\"https:\/\/www.reseau-mesure.com\/de\/adherent\/setnag\/\">SETNAG<\/a><\/li>\n<li><a href=\"https:\/\/www.reseau-mesure.com\/de\/adherent\/semia\/\">SEMIA<\/a><\/li>\n<li><a href=\"https:\/\/www.reseau-mesure.com\/de\/adherent\/seelab\/\">SEELAB<\/a><\/li>\n<li><a href=\"https:\/\/www.reseau-mesure.com\/de\/adherent\/zeiss\/\">ZEISS<\/a><\/li>\n<li><a href=\"https:\/\/www.reseau-mesure.com\/de\/adherent\/wimesure\/\">WIMESURE<\/a><\/li>\n<li><a href=\"https:\/\/www.reseau-mesure.com\/de\/adherent\/wika-tech\/\">WIKA TECH<\/a><\/li>\n<li><a href=\"https:\/\/www.reseau-mesure.com\/de\/adherent\/wika-instruments\/\">WIKA-Instrumente<\/a><\/li>\n<li><a href=\"https:\/\/www.reseau-mesure.com\/de\/adherent\/vicatronic\/\">VICATRONIC<\/a><\/li>\n<li><a href=\"https:\/\/www.reseau-mesure.com\/de\/adherent\/viaxys\/\">VIAXYS<\/a><\/li>\n<li><a href=\"https:\/\/www.reseau-mesure.com\/de\/adherent\/vega\/\">VEGA<\/a><\/li>\n<li><a href=\"https:\/\/www.reseau-mesure.com\/de\/adherent\/vaisala\/\">VAISALA<\/a><\/li>\n<li><a href=\"https:\/\/www.reseau-mesure.com\/de\/adherent\/faure-herman-ultraflux\/\">FAURE HERMAN - ULTRAFLUX<\/a><\/li>\n<li><a href=\"https:\/\/www.reseau-mesure.com\/de\/adherent\/trescal\/\">TRESCAL<\/a><\/li>\n<li><a href=\"https:\/\/www.reseau-mesure.com\/de\/adherent\/th-industrie\/\">TH-INDUSTRIE<\/a><\/li>\n<li><a href=\"https:\/\/www.reseau-mesure.com\/de\/adherent\/tempre-service\/\">BETRIEBSTEMPERATUR<\/a><\/li>\n<li><a href=\"https:\/\/www.reseau-mesure.com\/de\/adherent\/telepilote-sas\/\">TELEPILOTE SAS<\/a><\/li>\n<li><a href=\"https:\/\/www.reseau-mesure.com\/de\/adherent\/tecfluid\/\">TECFLUID<\/a><\/li>\n<\/ul>\n<h2 class=\"wsp-evenementss-title\">Veranstaltung<\/h2>\n<ul class=\"wsp-evenementss-list\">\n<li><a href=\"https:\/\/www.reseau-mesure.com\/de\/evenements\/forum-eau-paris-ile-de-france-2026\/\">Forum EAU Paris Ile-de-France 2026<\/a><\/li>\n<li><a href=\"https:\/\/www.reseau-mesure.com\/de\/evenements\/china-beauty-expo-2026\/\">China Beauty Expo 2026<\/a><\/li>\n<li><a href=\"https:\/\/www.reseau-mesure.com\/de\/evenements\/salon-effervescence-2025-2\/\">Salon Effervescence 2026<\/a><\/li>\n<li><a href=\"https:\/\/www.reseau-mesure.com\/de\/evenements\/salon-dk-ub-global-dunkerque\/\">DK HUB GLOBAL 2026 Ausstellung<\/a><\/li>\n<li><a href=\"https:\/\/www.reseau-mesure.com\/de\/evenements\/la-formation-linkedin-la-prospection-05-2026\/\">\ud83d\udc69\ud83c\udffe\u200d\ud83c\udf93Formation Linkedin - La prospection | 29 mai 2025 | visio<\/a><\/li>\n<li><a href=\"https:\/\/www.reseau-mesure.com\/de\/evenements\/groupe-salons-reunion-du-09-06-2026\/\">R\u00e9union du groupe Salons | 9 juin 2026<\/a><\/li>\n<li><a href=\"https:\/\/www.reseau-mesure.com\/de\/evenements\/formation-ia-pratique-professionnelle-2026-06\/\">\ud83d\udc68\ud83c\udffb\u200d\ud83c\udf93Formation Apprendre \u00e0 utiliser l'IA dans sa pratique professionnelle | 9-10 juin 2026<\/a><\/li>\n<li><a href=\"https:\/\/www.reseau-mesure.com\/de\/evenements\/congres-polepharma-biotesting-2026\/\">Congres Polepharma Biotesting 2026<\/a><\/li>\n<li><a href=\"https:\/\/www.reseau-mesure.com\/de\/evenements\/convention-de-la-sous-traitance-industrielle\/\">Convention de la sous-traitance industrielle || 11 juin 2026 || Parc des Sports de Saint-Ouen-l'Aum\u00f4ne || 13h30 \/ 17h00<\/a><\/li>\n<li><a href=\"https:\/\/www.reseau-mesure.com\/de\/evenements\/eurosatory-2026\/\">Messe Eurosatory 2026<\/a><\/li>\n<li><a href=\"https:\/\/www.reseau-mesure.com\/de\/evenements\/%f0%9f%91%a9%f0%9f%8f%be%f0%9f%8e%93formation-manager-un-projet-06-2026\/\">\ud83d\udc69\ud83c\udffe\u200d\ud83c\udf93Formation Manager un projet | 16-17 juin 2026 |<\/a><\/li>\n<li><a href=\"https:\/\/www.reseau-mesure.com\/de\/evenements\/rencontre-territoriale-grand-ouest-et-reunion-du-groupe-communication-digitale-17-juin\/\">Rencontre territoriale Grand Ouest et r\u00e9union du groupe communication digitale - 17 juin<\/a><\/li>\n<li><a href=\"https:\/\/www.reseau-mesure.com\/de\/evenements\/rencontres-de-lindustrie-au-gabon\/\">Rencontres de l'Industrie au Gabon \u00e0 Libreville du 23 au 26 juin 2026<\/a><\/li>\n<li><a href=\"https:\/\/www.reseau-mesure.com\/de\/evenements\/la-formation-linkedin-organiser-sa-veille-et-bien-publier-06-2026\/\">\ud83d\udc68\ud83c\udffb\u200d\ud83c\udf93Formation Linkedin - Organiser sa veille et bien publier | 29 juin 2026 | visio<\/a><\/li>\n<li><a href=\"https:\/\/www.reseau-mesure.com\/de\/evenements\/formation-linkedin-le-recrutement-juin-2026-visio\/\">\ud83d\udc69\ud83c\udffe\u200d\ud83c\udf93Formation Linkedin - Le recrutement | 30 juin 2026 | visio<\/a><\/li>\n<li><a href=\"https:\/\/www.reseau-mesure.com\/de\/evenements\/astelab-2026\/\">Journ\u00e9es des Essais et de la Simulation \u2013 ASTELAB 2026<\/a><\/li>\n<li><a href=\"https:\/\/www.reseau-mesure.com\/de\/evenements\/conseil-dadministration-20256-04-09-2\/\">Conseil d'administration du R\u00e9seau Mesure | 17 juillet 2026<\/a><\/li>\n<li><a href=\"https:\/\/www.reseau-mesure.com\/de\/evenements\/mesures-solutions-expo-2026\/\">EXPO 2026 L\u00f6sungsma\u00dfnahmen<\/a><\/li>\n<li><a href=\"https:\/\/www.reseau-mesure.com\/de\/evenements\/congres-polepharma-industrie-du-futur\/\">Congres Polepharma Industrie du Futur<\/a><\/li>\n<\/ul>\n<h2 class=\"wsp-adresses-title\">Gute Adresse<\/h2>\n<ul class=\"wsp-adresses-list\">\n<li><a href=\"https:\/\/www.reseau-mesure.com\/de\/adresse\/leclat-de-la-roche\/\">Der Glanz von La Roche<\/a><\/li>\n<li><a href=\"https:\/\/www.reseau-mesure.com\/de\/adresse\/la-quincaillerie\/\">Hardware<\/a><\/li>\n<li><a href=\"https:\/\/www.reseau-mesure.com\/de\/adresse\/le-jardin-de-maubuisson\/\">Der Maubuisson-Garten<\/a><\/li>\n<li><a href=\"https:\/\/www.reseau-mesure.com\/de\/adresse\/le-danton\/\">Der DANTON<\/a><\/li>\n<li><a href=\"https:\/\/www.reseau-mesure.com\/de\/adresse\/le-bistrot-pierre-lambert-a-courbevoie\/\">Der Bistrot Pierre Lambert in Courbevoie<\/a><\/li>\n<li><a href=\"https:\/\/www.reseau-mesure.com\/de\/adresse\/best-western-plus-hotel-spa-de-chassieu\/\">Best Western Plus H\u00f4tel &amp; Spa de Chassieu<\/a><\/li>\n<li><a href=\"https:\/\/www.reseau-mesure.com\/de\/adresse\/962\/\">Die Chablisienne<\/a><\/li>\n<li><a href=\"https:\/\/www.reseau-mesure.com\/de\/adresse\/soda-bar\/\">Soda Bar<\/a><\/li>\n<li><a href=\"https:\/\/www.reseau-mesure.com\/de\/adresse\/poivron-bleu\/\">Blauer Pfeffer<\/a><\/li>\n<\/ul>\n<h2 class=\"wsp-offress-title\">Arbeitspl\u00e4tze<\/h2>\n<ul class=\"wsp-offress-list\">\n<li><a href=\"https:\/\/www.reseau-mesure.com\/de\/offres\/30865\/\">Assistante Administrative<\/a><\/li>\n<li><a href=\"https:\/\/www.reseau-mesure.com\/de\/offres\/30792\/\">Ing\u00e9nieur Technico-Commercial NRBC - H\/F - IDF<\/a><\/li>\n<li><a href=\"https:\/\/www.reseau-mesure.com\/de\/offres\/30790\/\">Technicien(ne) SAV Instrumentation<\/a><\/li>\n<li><a href=\"https:\/\/www.reseau-mesure.com\/de\/offres\/30699\/\">TECHNICIEN SERVICE ET SAV ITINERANT H\/F - INSTRUMENTATIONS PHYSICO-CHIMIQUE<\/a><\/li>\n<li><a href=\"https:\/\/www.reseau-mesure.com\/de\/offres\/30688\/\">INGENIEUR COMMERCIAL H\/F - MACHINES ESSAIS MATERIAUX<\/a><\/li>\n<li><a href=\"https:\/\/www.reseau-mesure.com\/de\/offres\/30685\/\">Ing\u00e9nieur(e) Technico-Commercial - M\u00e9trologie optique<\/a><\/li>\n<li><a href=\"https:\/\/www.reseau-mesure.com\/de\/offres\/30684\/\">Ing\u00e9nieur(e) d\u2019Application - Instrumentation Mesures Optiques<\/a><\/li>\n<li><a href=\"https:\/\/www.reseau-mesure.com\/de\/offres\/30639\/\">Sp\u00e9cialiste Application Clinique | Microscopie Ophtalmologique en itin\u00e9rance sur la r\u00e9gion PACA\/Occitanie F\/H<\/a><\/li>\n<li><a href=\"https:\/\/www.reseau-mesure.com\/de\/offres\/30638\/\">Sp\u00e9cialiste Application Clinique | Microscopie Ophtalmologique en itin\u00e9rance sur la r\u00e9gion PACA\/Occitanie F\/H<\/a><\/li>\n<li><a href=\"https:\/\/www.reseau-mesure.com\/de\/offres\/30637\/\">Sp\u00e9cialiste Application Clinique | Microscopie Chirurgicale en itin\u00e9rance sur la r\u00e9gion Rh\u00f4ne-Alpes\/PACA F\/H<\/a><\/li>\n<li><a href=\"https:\/\/www.reseau-mesure.com\/de\/offres\/30636\/\">Sp\u00e9cialiste en Application Clinique en Implants Intra-Oculaires, Solutions Visco-Elastiques et Biom\u00e9trie (Itin\u00e9rance : R\u00e9gion PACA et Occitanie) F\/H<\/a><\/li>\n<li><a href=\"https:\/\/www.reseau-mesure.com\/de\/offres\/30627\/\">Charg\u00e9\u00b7e d\u2019affaires (H\/F)<\/a><\/li>\n<li><a href=\"https:\/\/www.reseau-mesure.com\/de\/offres\/30623\/\">Responsable technico-commercial itin\u00e9rant (H\/F) sur la r\u00e9gion Rh\u00f4ne \u2013 Centre Auvergne<\/a><\/li>\n<li><a href=\"https:\/\/www.reseau-mesure.com\/de\/offres\/30421\/\">CHARGE POLE MESURE ET CONTROLE<\/a><\/li>\n<li><a href=\"https:\/\/www.reseau-mesure.com\/de\/offres\/30410\/\">Senior Business Manager Instrumentations Chimie \u2013 F\/H<\/a><\/li>\n<li><a href=\"https:\/\/www.reseau-mesure.com\/de\/offres\/30397\/\">agent de montage<\/a><\/li>\n<li><a href=\"https:\/\/www.reseau-mesure.com\/de\/offres\/30383\/\">Technico-Commercial Itin\u00e9rant en Home Office - Ile de France<\/a><\/li>\n<li><a href=\"https:\/\/www.reseau-mesure.com\/de\/offres\/30322\/\">Ing\u00e9nieur Service Senior itin\u00e9rant F\/H - Instrumentations Mesures Physiques et M\u00e9trologie<\/a><\/li>\n<li><a href=\"https:\/\/www.reseau-mesure.com\/de\/offres\/30320\/\">Ing\u00e9nieur\u00b7e technico-commercial\u00b7e Chimie - F\/H<\/a><\/li>\n<li><a href=\"https:\/\/www.reseau-mesure.com\/de\/offres\/30319\/\">Technico-Commercial Chimie \u2013 F\/H - Secteur Ard\u00e8che, Dr\u00f4me, Is\u00e8re, Savoies<\/a><\/li>\n<li><a href=\"https:\/\/www.reseau-mesure.com\/de\/offres\/30317\/\">Technico-Commercial sp\u00e9cialiste Chimie \u2013 Itin\u00e9rance NAQU \u2013 F\/H<\/a><\/li>\n<li><a href=\"https:\/\/www.reseau-mesure.com\/de\/offres\/30316\/\">Ing\u00e9nieur commercial Instrumentations Analytiques Chromatographie F\/H<\/a><\/li>\n<li><a href=\"https:\/\/www.reseau-mesure.com\/de\/offres\/30315\/\">INGENIEUR TECHICO-COMMERCIAL H\/F - MACHINES TESTS ET ESSAIS MATERIAUX<\/a><\/li>\n<li><a href=\"https:\/\/www.reseau-mesure.com\/de\/offres\/30313\/\">Technicien Service itin\u00e9rant F\/H - Instrumentations de Laboratoire<\/a><\/li>\n<li><a href=\"https:\/\/www.reseau-mesure.com\/de\/offres\/30312\/\">Ing\u00e9nieur\u00b7e technico-commercial\u00b7e Chimie Itin\u00e9rant \u2013 F\/H \u2013 Bas\u00e9 AURA<\/a><\/li>\n<li><a href=\"https:\/\/www.reseau-mesure.com\/de\/offres\/30310\/\">Ing\u00e9nieur Senior Formulation H\/F - Expert Mousses Fluor-Free (FFF)<\/a><\/li>\n<li><a href=\"https:\/\/www.reseau-mesure.com\/de\/offres\/30307\/\">Technicien Service Apr\u00e8s-Vente itin\u00e9rant (h\/f\/x) \u2013 Sud-Ouest<\/a><\/li>\n<li><a href=\"https:\/\/www.reseau-mesure.com\/de\/offres\/30161\/\">Technicien.ne Support R\u00e9seau et Audio<\/a><\/li>\n<li><a href=\"https:\/\/www.reseau-mesure.com\/de\/offres\/30090\/\">INGENIEUR TECHICO-COMMERCIAL H\/F   MACHINES TESTS ET ESSAIS MATERIAUX Bas\u00e9(e) Secteur \u00cele-de-France ou Grand Est ou Centre-Val de Loire CDI<\/a><\/li>\n<li><a href=\"https:\/\/www.reseau-mesure.com\/de\/offres\/30089\/\">Ing\u00e9nieur Senior Formulation - Expert Mousses Fluor-Free (FFF) - F\/H<\/a><\/li>\n<li><a href=\"https:\/\/www.reseau-mesure.com\/de\/offres\/30086\/\">Technicien de maintenance itin\u00e9rant r\u00e9gion Sud-Ouest Paris ou Centre-Val de Loire<\/a><\/li>\n<li><a href=\"https:\/\/www.reseau-mesure.com\/de\/offres\/30084\/\">Assistant(e) Gestionnaire ADV &amp; Planning \u2013 Service SAV (H\/F)<\/a><\/li>\n<li><a href=\"https:\/\/www.reseau-mesure.com\/de\/offres\/30037\/\">Business Developer Europe - Digigram Critical<\/a><\/li>\n<li><a href=\"https:\/\/www.reseau-mesure.com\/de\/offres\/29963\/\">Apprenti(e) Ing\u00e9nieur(e) Technico-Commercial  Capteurs industriels<\/a><\/li>\n<li><a href=\"https:\/\/www.reseau-mesure.com\/de\/offres\/29906\/\">Ing\u00e9nieur technico-commercial H\/F - Machines tests &amp; essais mat\u00e9riaux \u2013 IDF ou Grand Est<\/a><\/li>\n<li><a href=\"https:\/\/www.reseau-mesure.com\/de\/offres\/29739\/\">Technico-commercial Itin\u00e9rant<\/a><\/li>\n<li><a href=\"https:\/\/www.reseau-mesure.com\/de\/offres\/29203\/\">Ing\u00e9nieur en Conception Confirm\u00e9 (H\/F) \u2013 CDI \u2013 \ud83d\udccd Allinges (74)<\/a><\/li>\n<li><a href=\"https:\/\/www.reseau-mesure.com\/de\/offres\/29650\/\">Technischer Vertriebsingenieur<\/a><\/li>\n<li><a href=\"https:\/\/www.reseau-mesure.com\/de\/offres\/29508\/\">Technicien(ne) en instrumentation<\/a><\/li>\n<li><a href=\"https:\/\/www.reseau-mesure.com\/de\/offres\/29495\/\">Ing\u00e9nieur(e) Technico-Commercial - Vision Industrielle<\/a><\/li>\n<li><a href=\"https:\/\/www.reseau-mesure.com\/de\/offres\/technico-commercial-capteurs-instruments-de-mesure\/\">Technico-Commercial (capteurs &amp; instruments de mesure)<\/a><\/li>\n<li><a href=\"https:\/\/www.reseau-mesure.com\/de\/offres\/29167\/\">Technico-Commercial (H\/F)<\/a><\/li>\n<li><a href=\"https:\/\/www.reseau-mesure.com\/de\/offres\/29085\/\">RESPONSABLE TECHNICO-COMMERCIAL(E)<\/a><\/li>\n<li><a href=\"https:\/\/www.reseau-mesure.com\/de\/offres\/29004\/\">Sales Manager - Manager Commercial International H\/F<\/a><\/li>\n<li><a href=\"https:\/\/www.reseau-mesure.com\/de\/offres\/28706\/\">Technicien Polyvalent H\/F<\/a><\/li>\n<li><a href=\"https:\/\/www.reseau-mesure.com\/de\/offres\/28596\/\">Technisch-kommerziell<\/a><\/li>\n<li><a href=\"https:\/\/www.reseau-mesure.com\/de\/offres\/28568\/\">Responsable recrutement<\/a><\/li>\n<li><a href=\"https:\/\/www.reseau-mesure.com\/de\/offres\/28566\/\">Responsable recrutement<\/a><\/li>\n<li><a href=\"https:\/\/www.reseau-mesure.com\/de\/offres\/28564\/\">Responsable recrutement<\/a><\/li>\n<li><a href=\"https:\/\/www.reseau-mesure.com\/de\/offres\/28557\/\">Technicien r\u00e9gion de Chartres<\/a><\/li>\n<li><a href=\"https:\/\/www.reseau-mesure.com\/de\/offres\/28223\/\">Technicien mesures physiques instrumentation \u2013 F\/H  CDI \u2013 Ouest Lyonnais (69)<\/a><\/li>\n<li><a href=\"https:\/\/www.reseau-mesure.com\/de\/offres\/28214\/\">Alternance Marketing International<\/a><\/li>\n<li><a href=\"https:\/\/www.reseau-mesure.com\/de\/offres\/27811\/\">Direction technique \u2013 Instrumentation des liquides<\/a><\/li>\n<li><a href=\"https:\/\/www.reseau-mesure.com\/de\/offres\/27450\/\">Commercial.e Europe - Solutions Techniques Innovantes<\/a><\/li>\n<li><a href=\"https:\/\/www.reseau-mesure.com\/de\/offres\/27295\/\">Technico-Commercial Itin\u00e9rant Sud-Est F\/H<\/a><\/li>\n<li><a href=\"https:\/\/www.reseau-mesure.com\/de\/offres\/27187\/\">Technicien analyse (H\/F)<\/a><\/li>\n<li><a href=\"https:\/\/www.reseau-mesure.com\/de\/offres\/25467\/\">Technicien(ne) Polyvalent(e) en Instrumentation S\u00e9dentaire<\/a><\/li>\n<li><a href=\"https:\/\/www.reseau-mesure.com\/de\/offres\/25243\/\">S\u00e9cr\u00e9taire<\/a><\/li>\n<li><a href=\"https:\/\/www.reseau-mesure.com\/de\/offres\/25229\/\">Technicien(ne) Essais Itin\u00e9rant - Vibrations M\u00e9trologie<\/a><\/li>\n<li><a href=\"https:\/\/www.reseau-mesure.com\/de\/offres\/25227\/\">Ing\u00e9nieur(e) d\u2019Application - Instrumentation<\/a><\/li>\n<li><a href=\"https:\/\/www.reseau-mesure.com\/de\/offres\/24975\/\">Technicien(ne) Contr\u00f4les et Essais itin\u00e9rant<\/a><\/li>\n<li><a href=\"https:\/\/www.reseau-mesure.com\/de\/offres\/24723\/\">R\u00e9f\u00e9rent Technique M\u00e9trologue (H\/F)<\/a><\/li>\n<li><a href=\"https:\/\/www.reseau-mesure.com\/de\/offres\/24354\/\">Technico-Commercial(e) S\u00e9dentaire F\/H<\/a><\/li>\n<li><a href=\"https:\/\/www.reseau-mesure.com\/de\/offres\/23809\/\">Apprenti(e) Ing\u00e9nieur(e) Photonics-Vision<\/a><\/li>\n<li><a href=\"https:\/\/www.reseau-mesure.com\/de\/offres\/charge-de-mission-en-appui-aux-activites-dinnovation-au-siaap\/\">Charg\u00e9 de mission en appui aux activit\u00e9s d\u2019innovation<\/a><\/li>\n<li><a href=\"https:\/\/www.reseau-mesure.com\/de\/offres\/23356\/\">Expert en instrumentation \u2013 F\/H<\/a><\/li>\n<li><a href=\"https:\/\/www.reseau-mesure.com\/de\/offres\/23355\/\">Commercial(e) S\u00e9dentaire F\/H<\/a><\/li>\n<li><a href=\"https:\/\/www.reseau-mesure.com\/de\/offres\/23239\/\">Technicien Magasinier - Nucl\u00e9aire<\/a><\/li>\n<li><a href=\"https:\/\/www.reseau-mesure.com\/de\/offres\/23238\/\">Technicien en Laboratoire de M\u00e9trologie Nucl\u00e9aire<\/a><\/li>\n<li><a href=\"https:\/\/www.reseau-mesure.com\/de\/offres\/23237\/\">Commercial Service<\/a><\/li>\n<li><a href=\"https:\/\/www.reseau-mesure.com\/de\/offres\/23225\/\">Technicien(ne) mesures thermiques s\u00e9dentaire (H\/F)<\/a><\/li>\n<li><a href=\"https:\/\/www.reseau-mesure.com\/de\/offres\/23224\/\">Ing\u00e9nieur(e) essais thermiques s\u00e9dentaire (H\/F)<\/a><\/li>\n<li><a href=\"https:\/\/www.reseau-mesure.com\/de\/offres\/23140\/\">Ing\u00e9nieur Technico-Commercial en Instruments de Mesure et Acquisition de Donn\u00e9es ((H\/F)<\/a><\/li>\n<li><a href=\"https:\/\/www.reseau-mesure.com\/de\/offres\/23037\/\">Technisch-kommerziell<\/a><\/li>\n<li><a href=\"https:\/\/www.reseau-mesure.com\/de\/offres\/23010\/\">Wartungstechniker \/ Gasanalyse<\/a><\/li>\n<li><a href=\"https:\/\/www.reseau-mesure.com\/de\/offres\/23007\/\">Assistant(e) Achats et Logistique<\/a><\/li>\n<li><a href=\"https:\/\/www.reseau-mesure.com\/de\/offres\/23005\/\">Technico-Commercial(e) - ALTERNANCE<\/a><\/li>\n<li><a href=\"https:\/\/www.reseau-mesure.com\/de\/offres\/22978\/\">Technischer Kaufmann)<\/a><\/li>\n<li><a href=\"https:\/\/www.reseau-mesure.com\/de\/offres\/22973\/\">Technico-Commercial(e) Qualit\u00e9 de l'Air<\/a><\/li>\n<li><a href=\"https:\/\/www.reseau-mesure.com\/de\/offres\/22847\/\">TECHNICIEN(NE) METROLOGUE ITINERANT H\/F<\/a><\/li>\n<li><a href=\"https:\/\/www.reseau-mesure.com\/de\/offres\/22845\/\">TECHNICIEN(NE) METROLOGUE ITINERANT H\/F<\/a><\/li>\n<li><a href=\"https:\/\/www.reseau-mesure.com\/de\/offres\/22803\/\">Poste en alternance - gestion de la PME - SAM (Support \u00e0 l'Action Manag\u00e9riale)<\/a><\/li>\n<li><a href=\"https:\/\/www.reseau-mesure.com\/de\/offres\/22641\/\">COMMERCIAL(E) ZONE EUROPE<\/a><\/li>\n<li><a href=\"https:\/\/www.reseau-mesure.com\/de\/offres\/22160\/\">ing\u00e9nieur\/technicien SAV<\/a><\/li>\n<li><a href=\"https:\/\/www.reseau-mesure.com\/de\/offres\/22151\/\">ALTERNANT TECHNICO-COMMERCIAL SEDENTAIRE<\/a><\/li>\n<li><a href=\"https:\/\/www.reseau-mesure.com\/de\/offres\/21988\/\">Technico Commercial (e) en Contr\u00f4le non Destructif<\/a><\/li>\n<li><a href=\"https:\/\/www.reseau-mesure.com\/de\/offres\/21866\/\">Technico- commercial s\u00e9dentaire (H\/F) bas\u00e9 \u00e0 Paris 19\u00e8me<\/a><\/li>\n<li><a href=\"https:\/\/www.reseau-mesure.com\/de\/offres\/21858\/\">Ing\u00e9nieur Technico-Commercial en Instruments de Mesure et Acquisition de Donn\u00e9es ((H\/F)<\/a><\/li>\n<li><a href=\"https:\/\/www.reseau-mesure.com\/de\/offres\/21850\/\">Technicien.ne Service 2024 en CDI<\/a><\/li>\n<li><a href=\"https:\/\/www.reseau-mesure.com\/de\/offres\/21812\/\">Ing\u00e9nieur Commercial s\u00e9dentaire<\/a><\/li>\n<li><a href=\"https:\/\/www.reseau-mesure.com\/de\/offres\/21627\/\">Support- und Metrologen-Ingenieur<\/a><\/li>\n<li><a href=\"https:\/\/www.reseau-mesure.com\/de\/offres\/ingenieure-technico-commerciale-en-controle-non-destructif-h-f\/\">Technischer Vertriebsingenieur f\u00fcr zerst\u00f6rungsfreie Pr\u00fcfung (m\/w)<\/a><\/li>\n<li><a href=\"https:\/\/www.reseau-mesure.com\/de\/offres\/21501\/\">Technischer Projektleiter<\/a><\/li>\n<li><a href=\"https:\/\/www.reseau-mesure.com\/de\/offres\/21433\/\">Technischer Projektleiter<\/a><\/li>\n<li><a href=\"https:\/\/www.reseau-mesure.com\/de\/offres\/21431\/\">Technischer Projektleiter<\/a><\/li>\n<li><a href=\"https:\/\/www.reseau-mesure.com\/de\/offres\/21429\/\">Technischer Projektleiter<\/a><\/li>\n<li><a href=\"https:\/\/www.reseau-mesure.com\/de\/offres\/21369\/\">Trainer (M \/ F)<\/a><\/li>\n<li><a href=\"https:\/\/www.reseau-mesure.com\/de\/offres\/21368\/\">Unterwegs Kundendiensttechniker (m\/w)<\/a><\/li>\n<li><a href=\"https:\/\/www.reseau-mesure.com\/de\/offres\/21124\/\">Praktikum als Anwendungsanalytiker<\/a><\/li>\n<li><a href=\"https:\/\/www.reseau-mesure.com\/de\/offres\/20964\/\">Physikalischer Mess- und Pr\u00fcftechniker<\/a><\/li>\n<li><a href=\"https:\/\/www.reseau-mesure.com\/de\/offres\/20919\/\">Au\u00dfendiensttechniker F\/M<\/a><\/li>\n<li><a href=\"https:\/\/www.reseau-mesure.com\/de\/offres\/20879\/\">Techniker-Verk\u00e4ufer Vor-Ort-Instrumentierung und -Prozess<\/a><\/li>\n<li><a href=\"https:\/\/www.reseau-mesure.com\/de\/offres\/20833\/\">VERWALTUNGS- \/ WERTVOLLE \/ GEWERBLICHE ASSISTENTIN M\/W* ZWEISPRACHIG ENGLISCH (CDI, TEILZEIT)<\/a><\/li>\n<li><a href=\"https:\/\/www.reseau-mesure.com\/de\/offres\/20732\/\">Reisender technischer Vertriebsmitarbeiter Westfrankreich<\/a><\/li>\n<li><a href=\"https:\/\/www.reseau-mesure.com\/de\/offres\/20673\/\">Sitzender Verk\u00e4ufer M\/F<\/a><\/li>\n<li><a href=\"https:\/\/www.reseau-mesure.com\/de\/offres\/20657\/\">Reisender technischer Vertriebsingenieur Rh\u00f4ne Alpes<\/a><\/li>\n<li><a href=\"https:\/\/www.reseau-mesure.com\/de\/offres\/20600\/\">Kundendiensttechniker f\u00fcr Metrologieinstrumente<\/a><\/li>\n<li><a href=\"https:\/\/www.reseau-mesure.com\/de\/offres\/20321\/\">SITZENDE\/REISENDE TECHNISCH-GEWERBLICHE<\/a><\/li>\n<li><a href=\"https:\/\/www.reseau-mesure.com\/de\/offres\/20237\/\">Technischer Projektmanager (m\/w\/d)<\/a><\/li>\n<li><a href=\"https:\/\/www.reseau-mesure.com\/de\/offres\/20196\/\">Sitzender technischer Handelsvertreter<\/a><\/li>\n<li><a href=\"https:\/\/www.reseau-mesure.com\/de\/offres\/20195\/\">Techniker f\u00fcr Instrumentenunterst\u00fctzung<\/a><\/li>\n<li><a href=\"https:\/\/www.reseau-mesure.com\/de\/offres\/20032\/\">Vertriebsingenieur RHONE-ALPES AUVERGNE<\/a><\/li>\n<li><a href=\"https:\/\/www.reseau-mesure.com\/de\/offres\/20016\/\">Industrieller Wartungs- und Methodentechniker M\/F<\/a><\/li>\n<li><a href=\"https:\/\/www.reseau-mesure.com\/de\/offres\/20009\/\">Einkaufs- und Beschaffungsmanager F\/M<\/a><\/li>\n<li><a href=\"https:\/\/www.reseau-mesure.com\/de\/offres\/19962\/\">Vertriebsprojektmanager (m\/w\/d)<\/a><\/li>\n<li><a href=\"https:\/\/www.reseau-mesure.com\/de\/offres\/19954\/\">Unterwegs Kundendiensttechniker S\u00fcd-Ost (m\/w\/d)<\/a><\/li>\n<li><a href=\"https:\/\/www.reseau-mesure.com\/de\/offres\/19946\/\">SITZENDE TECHNIK-KOMMERZIELLE<\/a><\/li>\n<li><a href=\"https:\/\/www.reseau-mesure.com\/de\/offres\/19923\/\">Technischer Au\u00dfendienstmitarbeiter (m\/w\/d) \u2013 Sektor S\u00fcd<\/a><\/li>\n<li><a href=\"https:\/\/www.reseau-mesure.com\/de\/offres\/19920\/\">Metrologe (m\/w\/d)<\/a><\/li>\n<li><a href=\"https:\/\/www.reseau-mesure.com\/de\/offres\/19918\/\">Metrologe (m\/w\/d)<\/a><\/li>\n<li><a href=\"https:\/\/www.reseau-mesure.com\/de\/offres\/19915\/\">Metrologe (m\/w\/d)<\/a><\/li>\n<li><a href=\"https:\/\/www.reseau-mesure.com\/de\/offres\/19913\/\">C++-Systementwickler (m\/w\/d)<\/a><\/li>\n<li><a href=\"https:\/\/www.reseau-mesure.com\/de\/offres\/19911\/\">Technischer Au\u00dfendienstmitarbeiter (m\/w\/d) \u2013 Sektor West<\/a><\/li>\n<li><a href=\"https:\/\/www.reseau-mesure.com\/de\/offres\/19909\/\">Metrologe (m\/w\/d)<\/a><\/li>\n<li><a href=\"https:\/\/www.reseau-mesure.com\/de\/offres\/19907\/\">Technischer Au\u00dfendienstmitarbeiter (m\/w\/d) \u2013 Sektor OST<\/a><\/li>\n<li><a href=\"https:\/\/www.reseau-mesure.com\/de\/offres\/19905\/\">Senior Elektroniker (m\/w\/d)<\/a><\/li>\n<li><a href=\"https:\/\/www.reseau-mesure.com\/de\/offres\/19903\/\">Elektroniker (m\/w\/d)<\/a><\/li>\n<li><a href=\"https:\/\/www.reseau-mesure.com\/de\/offres\/19899\/\">Metrologe (m\/w\/d) \u2013 IDF-Region<\/a><\/li>\n<li><a href=\"https:\/\/www.reseau-mesure.com\/de\/offres\/19896\/\">Metrologe (m\/w\/d)<\/a><\/li>\n<li><a href=\"https:\/\/www.reseau-mesure.com\/de\/offres\/19894\/\">Verwaltungs- und kaufm\u00e4nnischer Assistent<\/a><\/li>\n<li><a href=\"https:\/\/www.reseau-mesure.com\/de\/offres\/19785\/\">Qualifizierungstechniker f\u00fcr Messtechnik M\/F<\/a><\/li>\n<li><a href=\"https:\/\/www.reseau-mesure.com\/de\/offres\/19781\/\">Export-Vertriebsmitarbeiter f\u00fcr Ost- und Nordeuropa M\/F<\/a><\/li>\n<li><a href=\"https:\/\/www.reseau-mesure.com\/de\/offres\/19780\/\">Kunden-IT-Supporttechniker Frankreich M\/W<\/a><\/li>\n<li><a href=\"https:\/\/www.reseau-mesure.com\/de\/offres\/19779\/\">Exportkunden-IT-Supporttechniker M\/F<\/a><\/li>\n<li><a href=\"https:\/\/www.reseau-mesure.com\/de\/offres\/19778\/\">Qualit\u00e4tskoordinator m\/w<\/a><\/li>\n<li><a href=\"https:\/\/www.reseau-mesure.com\/de\/offres\/19777\/\">Technischer Koordinator M\/F<\/a><\/li>\n<li><a href=\"https:\/\/www.reseau-mesure.com\/de\/offres\/19717\/\">Experte f\u00fcr Metrologie M\/F<\/a><\/li>\n<li><a href=\"https:\/\/www.reseau-mesure.com\/de\/offres\/19568\/\">Au\u00dfendienstmitarbeiter (m\/w)<\/a><\/li>\n<li><a href=\"https:\/\/www.reseau-mesure.com\/de\/offres\/19544\/\">2 reisende Kundendiensttechniker (m\/w)<\/a><\/li>\n<li><a href=\"https:\/\/www.reseau-mesure.com\/de\/offres\/19543\/\">Vorf\u00fchr-, Anwendungs- und Schulungstechniker M\/W<\/a><\/li>\n<li><a href=\"https:\/\/www.reseau-mesure.com\/de\/offres\/19542\/\">Trainer M \/ F<\/a><\/li>\n<li><a href=\"https:\/\/www.reseau-mesure.com\/de\/offres\/19541\/\">Projektleiter M\/F<\/a><\/li>\n<li><a href=\"https:\/\/www.reseau-mesure.com\/de\/offres\/19540\/\">Technischer Vertrieb - Region S\u00fcdwest (W\/M)<\/a><\/li>\n<li><a href=\"https:\/\/www.reseau-mesure.com\/de\/offres\/19539\/\">Technischer Vertriebsmitarbeiter Distribution - Region S\u00fcd-Ost (W\/M)<\/a><\/li>\n<li><a href=\"https:\/\/www.reseau-mesure.com\/de\/offres\/19538\/\">Technischer Support-Berater (M\/W)<\/a><\/li>\n<li><a href=\"https:\/\/www.reseau-mesure.com\/de\/offres\/19498\/\">SERVICETECHNIKER (M\/W)<\/a><\/li>\n<li><a href=\"https:\/\/www.reseau-mesure.com\/de\/offres\/19369\/\">Technisch-kaufm\u00e4nnischer Ingenieur Nord-Ost<\/a><\/li>\n<li><a href=\"https:\/\/www.reseau-mesure.com\/de\/offres\/19249\/\">Trainer an optischer dreidimensionaler Messmaschine (M\/W)<\/a><\/li>\n<li><a href=\"https:\/\/www.reseau-mesure.com\/de\/offres\/18437\/\">Technischer Verk\u00e4ufer &amp; sesshafter Marketing Process Control\/Industrie<\/a><\/li>\n<li><a href=\"https:\/\/www.reseau-mesure.com\/de\/offres\/18435\/\">Technischer Handelsvertreter &amp; sitzender Marketing Strahlenschutz und Bioanalytik<\/a><\/li>\n<li><a href=\"https:\/\/www.reseau-mesure.com\/de\/offres\/18305\/\">Projektingenieur (m\/w)<\/a><\/li>\n<li><a href=\"https:\/\/www.reseau-mesure.com\/de\/offres\/18284\/\">Technischer Vertriebsingenieur Messger\u00e4te (m\/w)<\/a><\/li>\n<li><a href=\"https:\/\/www.reseau-mesure.com\/de\/offres\/18254\/\">LEITUNGSTREIBER<\/a><\/li>\n<li><a href=\"https:\/\/www.reseau-mesure.com\/de\/offres\/18252\/\">Industrieller Produktionsleiter<\/a><\/li>\n<li><a href=\"https:\/\/www.reseau-mesure.com\/de\/offres\/18243\/\">Sitzender technischer Handelsvertreter<\/a><\/li>\n<li><a href=\"https:\/\/www.reseau-mesure.com\/de\/offres\/18119\/\">Techniker f\u00fcr Instrumentenunterst\u00fctzung<\/a><\/li>\n<li><a href=\"https:\/\/www.reseau-mesure.com\/de\/offres\/18082\/\">Technischer Vertriebsingenieur (M\/W)<\/a><\/li>\n<li><a href=\"https:\/\/www.reseau-mesure.com\/de\/offres\/18015\/\">Vertriebsingenieur Ile de France<\/a><\/li>\n<li><a href=\"https:\/\/www.reseau-mesure.com\/de\/offres\/17891\/\">EINKAUFSASSISTENT<\/a><\/li>\n<li><a href=\"https:\/\/www.reseau-mesure.com\/de\/offres\/17884\/\">Technischer Vertriebsingenieur in der Instrumentierung<\/a><\/li>\n<li><a href=\"https:\/\/www.reseau-mesure.com\/de\/offres\/17882\/\">Technischer Vertriebsingenieur in der Instrumentierung<\/a><\/li>\n<li><a href=\"https:\/\/www.reseau-mesure.com\/de\/offres\/17878\/\">Technischer Kaufmann)<\/a><\/li>\n<li><a href=\"https:\/\/www.reseau-mesure.com\/de\/offres\/17876\/\">Wartungstechniker \/ Gasanalyse<\/a><\/li>\n<li><a href=\"https:\/\/www.reseau-mesure.com\/de\/offres\/17793\/\">METROLOGIST TECHNIKER - CDI 80% - TOULOUSE<\/a><\/li>\n<li><a href=\"https:\/\/www.reseau-mesure.com\/de\/offres\/17687\/\">SALES MANAGER \u2013 ANALYTICS PHOTONICS-VISION (M\/W)<\/a><\/li>\n<li><a href=\"https:\/\/www.reseau-mesure.com\/de\/offres\/17630\/\">BUSINESS DEVELOPER INSTRUMENTATION UND MESSUNG PHYSIKALISCHER MENGEN Automotive, Test &amp; Measurement Markets<\/a><\/li>\n<li><a href=\"https:\/\/www.reseau-mesure.com\/de\/offres\/17629\/\">TECHNISCH-KOMMERZIELLER INGENIEUR Luftfahrt, Verteidigung und erschwerte Umgebungen, Nordwestsektor Frankreichs<\/a><\/li>\n<li><a href=\"https:\/\/www.reseau-mesure.com\/de\/offres\/17570\/\">Trainer M \/ F<\/a><\/li>\n<li><a href=\"https:\/\/www.reseau-mesure.com\/de\/offres\/17569\/\">Sitzender technischer Au\u00dfendienstmitarbeiter (m\/w)<\/a><\/li>\n<li><a href=\"https:\/\/www.reseau-mesure.com\/de\/offres\/17560\/\">Kommunikationsbeauftragter<\/a><\/li>\n<li><a href=\"https:\/\/www.reseau-mesure.com\/de\/offres\/17548\/\">Techniker-Verk\u00e4ufer Vor-Ort-Instrumentierung und -Prozess<\/a><\/li>\n<li><a href=\"https:\/\/www.reseau-mesure.com\/de\/offres\/17547\/\">Technisch-kaufm\u00e4nnischer Ingenieur<\/a><\/li>\n<li><a href=\"https:\/\/www.reseau-mesure.com\/de\/offres\/17485\/\">Produktionsleiter M\/W<\/a><\/li>\n<li><a href=\"https:\/\/www.reseau-mesure.com\/de\/offres\/17483\/\">Kundenbetreuer M\/W<\/a><\/li>\n<li><a href=\"https:\/\/www.reseau-mesure.com\/de\/offres\/17440\/\">Metrologie-Support-Techniker<\/a><\/li>\n<li><a href=\"https:\/\/www.reseau-mesure.com\/de\/offres\/17364\/\">Leiter des Labortestteams<\/a><\/li>\n<li><a href=\"https:\/\/www.reseau-mesure.com\/de\/offres\/17357\/\">Pr\u00fcftechniker f\u00fcr L\u00fcftungs- und Heizungsanlagen (m\/w)<\/a><\/li>\n<li><a href=\"https:\/\/www.reseau-mesure.com\/de\/offres\/17355\/\">Reisender Messtechniker<\/a><\/li>\n<li><a href=\"https:\/\/www.reseau-mesure.com\/de\/offres\/17313\/\">Sitzender technischer Handelsvertreter<\/a><\/li>\n<li><a href=\"https:\/\/www.reseau-mesure.com\/de\/offres\/17201\/\">Wartungstechniker f\u00fcr Vibrationsb\u00e4nke<\/a><\/li>\n<li><a href=\"https:\/\/www.reseau-mesure.com\/de\/offres\/17195\/\">Sitzender technischer Handelsvertreter<\/a><\/li>\n<li><a href=\"https:\/\/www.reseau-mesure.com\/de\/offres\/17083\/\">Metrologie-Support-Techniker<\/a><\/li>\n<li><a href=\"https:\/\/www.reseau-mesure.com\/de\/offres\/17027\/\">Technischer Vertriebsingenieur<\/a><\/li>\n<li><a href=\"https:\/\/www.reseau-mesure.com\/de\/offres\/17000\/\">SOFTWAREENTWICKLUNGSINGENIEUR M\/W<\/a><\/li>\n<li><a href=\"https:\/\/www.reseau-mesure.com\/de\/offres\/16998\/\">JUNIOR FULL STACK ENTWICKLER M\/W<\/a><\/li>\n<li><a href=\"https:\/\/www.reseau-mesure.com\/de\/offres\/16996\/\">SENIOR FULL STACK ENTWICKLER M\/W<\/a><\/li>\n<li><a href=\"https:\/\/www.reseau-mesure.com\/de\/offres\/16967\/\">SERVICE- UND MONTAGETECHNIKER<\/a><\/li>\n<li><a href=\"https:\/\/www.reseau-mesure.com\/de\/offres\/developpeur-h-f-en-contrat-dalternance-en-informatique-industrielle-embarquee\/\">Entwickler (m\/w) im Werkstudentenvertrag im Bereich Embedded Industrial Computing<\/a><\/li>\n<li><a href=\"https:\/\/www.reseau-mesure.com\/de\/offres\/16718\/\">SITZENDER TECHNISCH-KOMMERZIELLER M\/F<\/a><\/li>\n<li><a href=\"https:\/\/www.reseau-mesure.com\/de\/offres\/commercial-waranet-solutions\/\">Ein sitzender Werbespot<\/a><\/li>\n<li><a href=\"https:\/\/www.reseau-mesure.com\/de\/offres\/16395\/\">Junior im Innendienst<\/a><\/li>\n<li><a href=\"https:\/\/www.reseau-mesure.com\/de\/offres\/16362\/\">Sitzender technisch-kaufm\u00e4nnischer Assistent<\/a><\/li>\n<li><a href=\"https:\/\/www.reseau-mesure.com\/de\/offres\/16158\/\">Technischer Vertriebsingenieur (M\/W)<\/a><\/li>\n<li><a href=\"https:\/\/www.reseau-mesure.com\/de\/offres\/16107\/\">Wirtschaftsingenieur B2B M\/W* (Wissenschaft und Industrie)<\/a><\/li>\n<li><a href=\"https:\/\/www.reseau-mesure.com\/de\/offres\/15915\/\">L\u00e4nderverkauf EPC<\/a><\/li>\n<li><a href=\"https:\/\/www.reseau-mesure.com\/de\/offres\/15914\/\">Landesvertriebsleiter OEM<\/a><\/li>\n<li><a href=\"https:\/\/www.reseau-mesure.com\/de\/offres\/15904\/\">Sitzender technischer Handelsvertreter<\/a><\/li>\n<li><a href=\"https:\/\/www.reseau-mesure.com\/de\/offres\/15654\/\">Laborleiter M \/ F<\/a><\/li>\n<li><a href=\"https:\/\/www.reseau-mesure.com\/de\/offres\/15596\/\">Erfahrener Instrumentierungstechniker<\/a><\/li>\n<li><a href=\"https:\/\/www.reseau-mesure.com\/de\/offres\/15583\/\">Projektleiter Energieumwandlung - F\/M<\/a><\/li>\n<li><a href=\"https:\/\/www.reseau-mesure.com\/de\/offres\/technicien-metrologue\/\">Messtechniker<\/a><\/li>\n<li><a href=\"https:\/\/www.reseau-mesure.com\/de\/offres\/15459\/\">Wartungstechniker<\/a><\/li>\n<li><a href=\"https:\/\/www.reseau-mesure.com\/de\/offres\/15446\/\">Physik- und Messtechniker<\/a><\/li>\n<li><a href=\"https:\/\/www.reseau-mesure.com\/de\/offres\/15154\/\">Umherziehender Wartungstechniker (M\/W)<\/a><\/li>\n<li><a href=\"https:\/\/www.reseau-mesure.com\/de\/offres\/15153\/\">Sitzender technisch-kaufm\u00e4nnischer Assistent<\/a><\/li>\n<li><a href=\"https:\/\/www.reseau-mesure.com\/de\/offres\/15094\/\">Prozessanalysatoren Chemiker Techniker (M\/W) in CDI mit Sitz in der 91<\/a><\/li>\n<li><a href=\"https:\/\/www.reseau-mesure.com\/de\/offres\/15092\/\">Trainer M \/ F<\/a><\/li>\n<li><a href=\"https:\/\/www.reseau-mesure.com\/de\/offres\/15091\/\">Demonstrations-, Anwendungs- und Schulungstechniker (M\/W)<\/a><\/li>\n<li><a href=\"https:\/\/www.reseau-mesure.com\/de\/offres\/15090\/\">Umherziehender Kundendiensttechniker (M\/W)<\/a><\/li>\n<li><a href=\"https:\/\/www.reseau-mesure.com\/de\/offres\/15089\/\">Umherziehender Kundendiensttechniker (M\/W)<\/a><\/li>\n<li><a href=\"https:\/\/www.reseau-mesure.com\/de\/offres\/15088\/\">Vorf\u00fchranwendungstechniker und Hotline-Koordinator (M\/W)<\/a><\/li>\n<li><a href=\"https:\/\/www.reseau-mesure.com\/de\/offres\/15087\/\">Technischer Vertriebsmitarbeiter - Region Toulouse (M\/W)<\/a><\/li>\n<li><a href=\"https:\/\/www.reseau-mesure.com\/de\/offres\/15086\/\">Anwendungs-, Vorf\u00fchr- und Schulungstechniker (M\/W)<\/a><\/li>\n<li><a href=\"https:\/\/www.reseau-mesure.com\/de\/offres\/14863\/\">MECHANIKER M \/ F<\/a><\/li>\n<li><a href=\"https:\/\/www.reseau-mesure.com\/de\/offres\/14850\/\">VIE - Wirtschaftsingenieur in der industriellen Instrumentierung - Deutschland<\/a><\/li>\n<li><a href=\"https:\/\/www.reseau-mesure.com\/de\/offres\/14848\/\">TECHNIK-KOMMERZIELLER INSTRUMENTIERER<\/a><\/li>\n<li><a href=\"https:\/\/www.reseau-mesure.com\/de\/offres\/14739\/\">MESSTECHNIKER (M\/W)<\/a><\/li>\n<li><a href=\"https:\/\/www.reseau-mesure.com\/de\/offres\/14692\/\">UMGEHENDER VALIDIERUNGSTECHNIKER (M\/W)<\/a><\/li>\n<li><a href=\"https:\/\/www.reseau-mesure.com\/de\/offres\/14680\/\">Wartungstechniker f\u00fcr Vibrationsb\u00e4nke<\/a><\/li>\n<li><a href=\"https:\/\/www.reseau-mesure.com\/de\/offres\/14656\/\">Senior Validierungstechniker<\/a><\/li>\n<li><a href=\"https:\/\/www.reseau-mesure.com\/de\/offres\/14628\/\">LASERGASSENSOR F&amp;E INGENIEUR<\/a><\/li>\n<li><a href=\"https:\/\/www.reseau-mesure.com\/de\/offres\/technicienne-en-metrologie-h-f\/\">Messtechniker M \/ F.<\/a><\/li>\n<li><a href=\"https:\/\/www.reseau-mesure.com\/de\/offres\/13694\/\">VERKAUFSDIREKTOR M \/ F.<\/a><\/li>\n<li><a href=\"https:\/\/www.reseau-mesure.com\/de\/offres\/13637\/\">Technischer Vertriebsingenieur (M \/ F)<\/a><\/li>\n<li><a href=\"https:\/\/www.reseau-mesure.com\/de\/offres\/technico-commerciale-sedentaire\/\">sitzender technischer Handelsvertreter<\/a><\/li>\n<li><a href=\"https:\/\/www.reseau-mesure.com\/de\/offres\/technicien-metrologie-mesures-physiques-f-h-itinerant\/\">Physikalische Messungen des Messtechnikers (F \/ M) - Reise<\/a><\/li>\n<li><a href=\"https:\/\/www.reseau-mesure.com\/de\/offres\/technicien-controle-qualite-metrologie-3d-h-f\/\">Techniker f\u00fcr 3D-Messtechnik-Qualit\u00e4tskontrolle (M \/ F)<\/a><\/li>\n<li><a href=\"https:\/\/www.reseau-mesure.com\/de\/offres\/responsable-dagence-h-f-2\/\">Agenturleiter (M \/ F)<\/a><\/li>\n<li><a href=\"https:\/\/www.reseau-mesure.com\/de\/offres\/responsable-dagence-h-f\/\">Metrologie und beh\u00f6rdliche Kontrollen des Agency Managers (M \/ F)<\/a><\/li>\n<li><a href=\"https:\/\/www.reseau-mesure.com\/de\/offres\/technico-commercial-h-f-idf-nord\/\">Technisch-kommerzielles (M \/ F) IDF-NORD<\/a><\/li>\n<li><a href=\"https:\/\/www.reseau-mesure.com\/de\/offres\/13441\/\">Instrumentierungstechniker<\/a><\/li>\n<li><a href=\"https:\/\/www.reseau-mesure.com\/de\/offres\/13375\/\">Technisch-kaufm\u00e4nnischer Ingenieur<\/a><\/li>\n<li><a href=\"https:\/\/www.reseau-mesure.com\/de\/offres\/technico-commercial-sedentaire\/\">SEDENTARY TECHNICO-COMMERCIAL (M \/ F)<\/a><\/li>\n<li><a href=\"https:\/\/www.reseau-mesure.com\/de\/offres\/13069\/\">Technischer Vertriebsingenieur<\/a><\/li>\n<li><a href=\"https:\/\/www.reseau-mesure.com\/de\/offres\/13053\/\">Technisch-kaufm\u00e4nnischer Ingenieur oder technisch-kaufm\u00e4nnischer Leiter (M \/ F)<\/a><\/li>\n<li><a href=\"https:\/\/www.reseau-mesure.com\/de\/offres\/ingenieur-technico-commercial\/\">Technischer Vertriebsingenieur M \/ F.<\/a><\/li>\n<li><a href=\"https:\/\/www.reseau-mesure.com\/de\/offres\/responsable-dexploitation-laboratoire-de-metrologie-h-f\/\">Betriebsleiter des Metrologielabors (M \/ F)<\/a><\/li>\n<li><a href=\"https:\/\/www.reseau-mesure.com\/de\/offres\/formateur-cotation-iso-gps-mecanique-h-f\/\">Trainer ISO Mechanische GPS-Bewertung (M \/ F)<\/a><\/li>\n<li><a href=\"https:\/\/www.reseau-mesure.com\/de\/offres\/technico-commercial-prestation-metrologie-h-f-idf-nord\/\">Technisch-kommerzieller Messdienst (M \/ F) IDF-NORD<\/a><\/li>\n<li><a href=\"https:\/\/www.reseau-mesure.com\/de\/offres\/12443\/\">Messtechniker M \/ F.<\/a><\/li>\n<li><a href=\"https:\/\/www.reseau-mesure.com\/de\/offres\/12404\/\">SUPERIOR VALIDATION TECHNICIAN (M \/ F)<\/a><\/li>\n<li><a href=\"https:\/\/www.reseau-mesure.com\/de\/offres\/11821\/\">Optischer Produktionsbetreiber (M \/ F)<\/a><\/li>\n<li><a href=\"https:\/\/www.reseau-mesure.com\/de\/offres\/11820\/\">STORE \/ QUALITY CONTROLLER (M \/ F)<\/a><\/li>\n<li><a href=\"https:\/\/www.reseau-mesure.com\/de\/offres\/11808\/\">Standort- und Labormetrologe<\/a><\/li>\n<li><a href=\"https:\/\/www.reseau-mesure.com\/de\/offres\/11767\/\">CDI-MESSTECHNIKER<\/a><\/li>\n<li><a href=\"https:\/\/www.reseau-mesure.com\/de\/offres\/11532\/\">Messtechniker M \/ F.<\/a><\/li>\n<li><a href=\"https:\/\/www.reseau-mesure.com\/de\/offres\/11406\/\">Wanderverkaufsingenieur M \/ F.<\/a><\/li>\n<li><a href=\"https:\/\/www.reseau-mesure.com\/de\/offres\/11368\/\">Verwaltungssekret\u00e4r Buchhalter Executive Assistant<\/a><\/li>\n<li><a href=\"https:\/\/www.reseau-mesure.com\/de\/offres\/11273\/\">Vertriebsingenieur Paris - Obere Normandie<\/a><\/li>\n<li><a href=\"https:\/\/www.reseau-mesure.com\/de\/offres\/11159\/\">Sitzender technischer Handelsvertreter<\/a><\/li>\n<li><a href=\"https:\/\/www.reseau-mesure.com\/de\/offres\/technico-commercial-debutant\/\">Technischer Vertriebsmitarbeiter f\u00fcr Anf\u00e4nger<\/a><\/li>\n<li><a href=\"https:\/\/www.reseau-mesure.com\/de\/offres\/cdd-ingenieur-post-doctorat-9-mois-au-siaap\/\">CDD - Ingenieur \/ Postdoktorat - 9 Monate<\/a><\/li>\n<li><a href=\"https:\/\/www.reseau-mesure.com\/de\/offres\/9796\/\">Instrumentationstechniker - zustandsbasierte Wartung<\/a><\/li>\n<li><a href=\"https:\/\/www.reseau-mesure.com\/de\/offres\/9795\/\">Vibrationstechniker - zustandsabh\u00e4ngige Wartung<\/a><\/li>\n<li><a href=\"https:\/\/www.reseau-mesure.com\/de\/offres\/9772\/\">Servicetechniker (M \/ F) 100%<\/a><\/li>\n<li><a href=\"https:\/\/www.reseau-mesure.com\/de\/offres\/9692\/\">ZWEI TECHNISCH-KOMMERZIELLE INGENIEURE M \/ F.<\/a><\/li>\n<li><a href=\"https:\/\/www.reseau-mesure.com\/de\/offres\/9690\/\">TECHNICAL-COMMERCIAL ENGINEER M \/ F.<\/a><\/li>\n<li><a href=\"https:\/\/www.reseau-mesure.com\/de\/offres\/9688\/\">TECHNICAL-COMMERCIAL ENGINEER M \/ F.<\/a><\/li>\n<li><a href=\"https:\/\/www.reseau-mesure.com\/de\/offres\/9686\/\">TECHNICAL-COMMERCIAL ENGINEER M \/ F.<\/a><\/li>\n<li><a href=\"https:\/\/www.reseau-mesure.com\/de\/offres\/9684\/\">BEGINNER VALIDATION TECHNICIAN (M \/ F)<\/a><\/li>\n<li><a href=\"https:\/\/www.reseau-mesure.com\/de\/offres\/9682\/\">SUPERIOR VALIDATION TECHNICIAN (M \/ F)<\/a><\/li>\n<li><a href=\"https:\/\/www.reseau-mesure.com\/de\/offres\/deux-ingenieurs-commerciaux-pour-regions-rhone-alpes-paca-et-sud-ouest\/\">Zwei Vertriebsingenieure f\u00fcr die Regionen Rh\u00f4ne Alpes \/ Paca und S\u00fcdwesten<\/a><\/li>\n<li><a href=\"https:\/\/www.reseau-mesure.com\/de\/offres\/9566\/\">Wandertechnischer Verk\u00e4ufer mit unbefristetem Vertrag<\/a><\/li>\n<li><a href=\"https:\/\/www.reseau-mesure.com\/de\/offres\/9476\/\">Technischer Vertriebsingenieur Messungen und Instrumentierung<\/a><\/li>\n<li><a href=\"https:\/\/www.reseau-mesure.com\/de\/offres\/responsable-metrologie-cdd-9-mois-f-h\/\">Metrologie-Manager<\/a><\/li>\n<li><a href=\"https:\/\/www.reseau-mesure.com\/de\/offres\/8603\/\">VERKAUFSENTWICKLUNGSMANAGER M \/ F.<\/a><\/li>\n<li><a href=\"https:\/\/www.reseau-mesure.com\/de\/offres\/ingenieur-commercial-sedentaire\/\">Sitzender Vertriebsingenieur M \/ F.<\/a><\/li>\n<li><a href=\"https:\/\/www.reseau-mesure.com\/de\/offres\/technicien-sav-en-alternance\/\">Work-Study-Servicetechniker<\/a><\/li>\n<li><a href=\"https:\/\/www.reseau-mesure.com\/de\/offres\/8227\/\">Leitender LabVIEW \/ FPGA-Entwickler (M \/ F)<\/a><\/li>\n<li><a href=\"https:\/\/www.reseau-mesure.com\/de\/offres\/8225\/\">LabVIEW-Entwickler (M \/ F)<\/a><\/li>\n<li><a href=\"https:\/\/www.reseau-mesure.com\/de\/offres\/8223\/\">C C ++ - Entwickler<\/a><\/li>\n<li><a href=\"https:\/\/www.reseau-mesure.com\/de\/offres\/8048\/\">Verkaufsleiter, Region \u00cele de France<\/a><\/li>\n<li><a href=\"https:\/\/www.reseau-mesure.com\/de\/offres\/technicien-sav-h-f\/\">Servicetechniker (M \/ F)<\/a><\/li>\n<li><a href=\"https:\/\/www.reseau-mesure.com\/de\/offres\/6692\/\">Sitzender Techniker<\/a><\/li>\n<li><a href=\"https:\/\/www.reseau-mesure.com\/de\/offres\/6688\/\">Technischer Vertriebsingenieur<\/a><\/li>\n<li><a href=\"https:\/\/www.reseau-mesure.com\/de\/offres\/6482\/\">Sitzender technischer Handelsvertreter<\/a><\/li>\n<li><a href=\"https:\/\/www.reseau-mesure.com\/de\/offres\/6371\/\">sitzender technischer Handelsvertreter<\/a><\/li>\n<li><a href=\"https:\/\/www.reseau-mesure.com\/de\/offres\/6327\/\">Technischer Vertriebsmitarbeiter, Vibrationstests, Messungen<\/a><\/li>\n<li><a href=\"https:\/\/www.reseau-mesure.com\/de\/offres\/6127\/\">Business Developer<\/a><\/li>\n<li><a href=\"https:\/\/www.reseau-mesure.com\/de\/offres\/5571\/\">ELEKTRIK- UND AUTOMATISIERUNGSTECHNIKER F \/ M.<\/a><\/li>\n<li><a href=\"https:\/\/www.reseau-mesure.com\/de\/offres\/5570\/\">Software Engineer M \/ F.<\/a><\/li>\n<li><a href=\"https:\/\/www.reseau-mesure.com\/de\/offres\/5550\/\">\u2022 Techniker von Metrologen<\/a><\/li>\n<li><a href=\"https:\/\/www.reseau-mesure.com\/de\/offres\/5536\/\">Vertriebsingenieur f\u00fcr Instrumentierung<\/a><\/li>\n<li><a href=\"https:\/\/www.reseau-mesure.com\/de\/offres\/5399\/\">Exportverk\u00e4ufer<\/a><\/li>\n<li><a href=\"https:\/\/www.reseau-mesure.com\/de\/offres\/5189\/\">Anwendungsingenieur (VIE)<\/a><\/li>\n<li><a href=\"https:\/\/www.reseau-mesure.com\/de\/offres\/3009\/\">Anwendungsingenieur<\/a><\/li>\n<li><a href=\"https:\/\/www.reseau-mesure.com\/de\/offres\/2218\/\">TECHNICO COMMERCIAL - Spezialisiert auf Datenerfassung<\/a><\/li>\n<li><a href=\"https:\/\/www.reseau-mesure.com\/de\/offres\/1842\/\">Sitzender Techniker M \/ F.<\/a><\/li>\n<li><a href=\"https:\/\/www.reseau-mesure.com\/de\/offres\/ingenieur-technico-commerciale-region-grenobloise\/\">Technisch-kaufm\u00e4nnischer Ingenieur (Region Grenobloise)<\/a><\/li>\n<li><a href=\"https:\/\/www.reseau-mesure.com\/de\/offres\/1820\/\">Kalibriertechniker in Thermometrie und Hygrometrie M \/ F.<\/a><\/li>\n<li><a href=\"https:\/\/www.reseau-mesure.com\/de\/offres\/ingenieur-dessais\/\">Testingenieur (M \/ F)<\/a><\/li>\n<li><a href=\"https:\/\/www.reseau-mesure.com\/de\/offres\/responsable-metrologie-h-f\/\">Metrologie-Manager<\/a><\/li>\n<li><a href=\"https:\/\/www.reseau-mesure.com\/de\/offres\/1796\/\">Pr\u00fcftechniker an Geb\u00e4udeklimaanlagen und Heizungsanlagen M \/ F.<\/a><\/li>\n<li><a href=\"https:\/\/www.reseau-mesure.com\/de\/offres\/1536\/\">Trainer (M \/ F) - CDI<\/a><\/li>\n<li><a href=\"https:\/\/www.reseau-mesure.com\/de\/offres\/1535\/\">Wander-Kundendiensttechniker (M \/ F) - CDI<\/a><\/li>\n<li><a href=\"https:\/\/www.reseau-mesure.com\/de\/offres\/1534\/\">Trainer (M \/ F) - ROISSY<\/a><\/li>\n<li><a href=\"https:\/\/www.reseau-mesure.com\/de\/offres\/1533\/\">Logistikassistent (M \/ F) - CDI<\/a><\/li>\n<li><a href=\"https:\/\/www.reseau-mesure.com\/de\/offres\/1430\/\">Mobiler Kundendiensttechniker in Frankreich mit dreidimensionalen Messmitteln<\/a><\/li>\n<li><a href=\"https:\/\/www.reseau-mesure.com\/de\/offres\/assistant-commerciale-h-f-bilingue-anglais-polyvalent\/\">Vielseitiger zweisprachiger Vertriebsassistent in Englisch<\/a><\/li>\n<li><a href=\"https:\/\/www.reseau-mesure.com\/de\/offres\/technico-commercial-h-f\/\">Technischer Vertrieb<\/a><\/li>\n<li><a href=\"https:\/\/www.reseau-mesure.com\/de\/offres\/responsable-de-zone-export\/\">Export Zone Manager<\/a><\/li>\n<\/ul>\n<h2 class=\"wsp-wpdmpros-title\">Downloads<\/h2>\n<ul class=\"wsp-wpdmpros-list\">\n<li><a href=\"https:\/\/www.reseau-mesure.com\/de\/download\/video-du-reseau\/\">Netzwerkvideo<\/a><\/li>\n<\/ul>\n<h2 class=\"wsp-cvs-title\">Lebenslauf<\/h2>\n<ul class=\"wsp-cvs-list\">\n<li><a href=\"https:\/\/www.reseau-mesure.com\/de\/cv\/naomie-viaud-alternance-en-systemes-embarques\/\">Naomie Viaud (alternance en syst\u00e8mes embarqu\u00e9s)<\/a><\/li>\n<li><a href=\"https:\/\/www.reseau-mesure.com\/de\/cv\/alexandre-yve-technico-commercial-itinerant\/\">Alexandre YVE (Technico commercial itinerant)<\/a><\/li>\n<li><a href=\"https:\/\/www.reseau-mesure.com\/de\/cv\/roderic-cravero-ingenieur-dessais-thermique\/\">RODERIC CRAVERO (Ing\u00e9nieur d'essais thermique)<\/a><\/li>\n<li><a href=\"https:\/\/www.reseau-mesure.com\/de\/cv\/abderrahim-chaouch-developpeur-full-stack\/\">ABDERRAHIM CHAOUCH (D\u00e9veloppeur Full stack )<\/a><\/li>\n<li><a href=\"https:\/\/www.reseau-mesure.com\/de\/cv\/reda-lamine-stage-ingenieur-instrumentation\/\">Reda Lamine (Stage ingenieur instrumentation )<\/a><\/li>\n<li><a href=\"https:\/\/www.reseau-mesure.com\/de\/cv\/alexis-recherche-dun-contrat-dapprentissage-sur-3-ans-ingenieur-instrumentiste\/\">Alexis recheche d'un contrat d'apprentissage sur 3 ans  (ing\u00e9nieur instrumentiste )<\/a><\/li>\n<li><a href=\"https:\/\/www.reseau-mesure.com\/de\/cv\/mohamed-elarbi-kheyar-stage-ingenieur-metrologue\/\">Mohamed Elarbi Kheyar (Stage ing\u00e9nieur m\u00e9trologue)<\/a><\/li>\n<li><a href=\"https:\/\/www.reseau-mesure.com\/de\/cv\/louis-verchere-ingenieur-technico-commercial\/\">Louis Verchere (Ing\u00e9nieur technico-commercial )<\/a><\/li>\n<li><a href=\"https:\/\/www.reseau-mesure.com\/de\/cv\/thibault-loison-technicien-dessais-ingenieur-dessais-optique-photonique\/\">Thibault Loison (Technicien d'essais \/ Ing\u00e9nieur d'essais (optique photonique))<\/a><\/li>\n<li><a href=\"https:\/\/www.reseau-mesure.com\/de\/cv\/ilyas-jebrane-stage-ingenieur-rd-instrumentation-metrologie-et-mesure-4-a-6-mois\/\">Ilyas Jebrane (Stage Ing\u00e9nieur R&amp;D Instrumentation, M\u00e9trologie et Mesure (4 \u00e0 6 mois))<\/a><\/li>\n<li><a href=\"https:\/\/www.reseau-mesure.com\/de\/cv\/yassine-berksi-alternant-technicien-metrologie-dessai-controle-qualite\/\">Yassine Berksi (Alternant technicien m\u00e9trologie, d\u2019essai, contr\u00f4le qualit\u00e9)<\/a><\/li>\n<li><a href=\"https:\/\/www.reseau-mesure.com\/de\/cv\/ibtihel-zenkari-technicien-en-mesure-physique\/\">Ibtihel Zenkari (Technicien en mesure physique )<\/a><\/li>\n<li><a href=\"https:\/\/www.reseau-mesure.com\/de\/cv\/alexandre-kombadjian-alternance\/\">Alexandre KOMBADJIAN (Alternance)<\/a><\/li>\n<li><a href=\"https:\/\/www.reseau-mesure.com\/de\/cv\/matteo-snyder-stage-technicien-bts-metiers-de-la-mesure-entre-15-mai-15-aout-2026\/\">Matt\u00e9o SNYDER (Stage technicien BTS M\u00e9tiers de la mesure - entre 15 mai-15 ao\u00fbt 2026)<\/a><\/li>\n<li><a href=\"https:\/\/www.reseau-mesure.com\/de\/cv\/atom-adam\/\">ATOM ADAM (ELECTRICITE,AUTOMATISME,REGULATION)<\/a><\/li>\n<li><a href=\"https:\/\/www.reseau-mesure.com\/de\/cv\/jibril-salhi-stage-metrologie\/\">Jibril SALHI (Stage m\u00e9trologie)<\/a><\/li>\n<li><a href=\"https:\/\/www.reseau-mesure.com\/de\/cv\/claude-henoc-ondo-ondo-ingenieur-instrumentation\/\">claude henoc ONDO ONDO (Ing\u00e9nieur Instrumentation)<\/a><\/li>\n<li><a href=\"https:\/\/www.reseau-mesure.com\/de\/cv\/sana-abdeljalil-stage-en-mesures-physiques\/\">Sana Abdeljalil  (Stage en mesures physiques )<\/a><\/li>\n<li><a href=\"https:\/\/www.reseau-mesure.com\/de\/cv\/bacary-gueye-alternance\/\">Bacary GUEYE (Alternance)<\/a><\/li>\n<li><a href=\"https:\/\/www.reseau-mesure.com\/de\/cv\/francois-regnault-stage-mesure-physique\/\">Fran\u00e7ois Regnault (Stage mesure-physique)<\/a><\/li>\n<li><a href=\"https:\/\/www.reseau-mesure.com\/de\/cv\/deborah-guedj-ingenieure-en-informatique-data-et-ia\/\">D\u00e9borah Guedj (Ingenieure en Informatique Data&amp;IA)<\/a><\/li>\n<li><a href=\"https:\/\/www.reseau-mesure.com\/de\/cv\/judith-lauront-stage-ou-job-dete-en-materiau\/\">JUDITH LAURONT (Stage ou job d'\u00e9t\u00e9 en mat\u00e9riau)<\/a><\/li>\n<li><a href=\"https:\/\/www.reseau-mesure.com\/de\/cv\/serigne-diagne-stage-et-alternance\/\">Serigne  Diagne  (Stage et alternance)<\/a><\/li>\n<li><a href=\"https:\/\/www.reseau-mesure.com\/de\/cv\/milan-ulm-technicien-mesures-physiques\/\">Milan Ulm (Technicien Mesures Physiques)<\/a><\/li>\n<li><a href=\"https:\/\/www.reseau-mesure.com\/de\/cv\/hugo-vong-stage-but-mesures-physiques-ti-instrumentation\/\">Hugo VONG (Stage BUT Mesures Physiques - TI (Instrumentation))<\/a><\/li>\n<li><a href=\"https:\/\/www.reseau-mesure.com\/de\/cv\/nadine-jarrar-bachelor-genie-industriel-et-systemes-numeriques-en-alternance-3-ans\/\">Nadine Jarrar (Bachelor G\u00e9nie Industriel et Syst\u00e8mes Num\u00e9riques en alternance (3 ans))<\/a><\/li>\n<li><a href=\"https:\/\/www.reseau-mesure.com\/de\/cv\/louka-depretto-stage-de-technicien-de-laboratoire\/\">Louka Depretto (stage de technicien de laboratoire)<\/a><\/li>\n<li><a href=\"https:\/\/www.reseau-mesure.com\/de\/cv\/silvio-gaulard-graine-stage\/\">Silvio GAULARD-GRAINE (Stage)<\/a><\/li>\n<li><a href=\"https:\/\/www.reseau-mesure.com\/de\/cv\/alois-baggioni-stagiaire-10-semaines\/\">Alo\u00efs BAGGIONI (Stagiaire (10 semaines))<\/a><\/li>\n<li><a href=\"https:\/\/www.reseau-mesure.com\/de\/cv\/enzo-kouoh-kouoh-stage-2\/\">enzo kouoh kouoh (stage)<\/a><\/li>\n<li><a href=\"https:\/\/www.reseau-mesure.com\/de\/cv\/venisse-henin-technicien-metrologue-ou-technicien-dessai\/\">Venisse Henin  (Technicien m\u00e9trologue ou technicien d\u2019essai)<\/a><\/li>\n<li><a href=\"https:\/\/www.reseau-mesure.com\/de\/cv\/emmanuelle-gadjou-technico-commercial-ingenieure-technico-commerciale-chargee-daffaires-analyste-commerciale\/\">Emmanuelle Gadjou (technico commercial, Ing\u00e9nieure technico commerciale, charg\u00e9e d'affaires, Analyste commerciale)<\/a><\/li>\n<li><a href=\"https:\/\/www.reseau-mesure.com\/de\/cv\/iyead-hazem-elharrabi-stage-de-fin-detude-en-metrologie\/\">Iyead Hazem  Elharrabi  (Stage de fin d'\u00e9tude en m\u00e9trologie )<\/a><\/li>\n<li><a href=\"https:\/\/www.reseau-mesure.com\/de\/cv\/bilel-seba-technicien-de-mesure-physique\/\">Bilel Seba (Technicien de mesure Physique)<\/a><\/li>\n<li><a href=\"https:\/\/www.reseau-mesure.com\/de\/cv\/djallat-mehdi-stagiaire-metiers-de-la-mesure-metrologie\/\">DJALLAT Mehdi (Stagiaire \u2013 M\u00e9tiers de la mesure \/ M\u00e9trologie)<\/a><\/li>\n<li><a href=\"https:\/\/www.reseau-mesure.com\/de\/cv\/jean-christophe-souvestre-ingenieur-essais-responsable-technique\/\">jean christophe souvestre (Ing\u00e9nieur Essais Responsable Technique)<\/a><\/li>\n<li><a href=\"https:\/\/www.reseau-mesure.com\/de\/cv\/lionel-goncalves-ingenieur-commercial\/\">Lionel GONCALVES (Ingenieur commercial)<\/a><\/li>\n<li><a href=\"https:\/\/www.reseau-mesure.com\/de\/cv\/tijani-alaoui-soulimani-stagiaire-en-metrologie-2\/\">Tijani Alaoui Soulimani (Stagiaire en m\u00e9trologie )<\/a><\/li>\n<li><a href=\"https:\/\/www.reseau-mesure.com\/de\/cv\/elouan-labaye-stage-en-metrologie-controle-qualite-2\/\">Elouan LABAYE (Stage en m\u00e9trologie\/contr\u00f4le qualit\u00e9)<\/a><\/li>\n<li><a href=\"https:\/\/www.reseau-mesure.com\/de\/cv\/serine-sadelaoud-stage-en-developpement-technico-commercial-domaine-scientifique\/\">Serine SADELAOUD (stage en  d\u00e9veloppement technico-commercial domaine scientifique )<\/a><\/li>\n<li><a href=\"https:\/\/www.reseau-mesure.com\/de\/cv\/wissem-el-biyani-stage\/\">Wissem El Biyani (Stage )<\/a><\/li>\n<li><a href=\"https:\/\/www.reseau-mesure.com\/de\/cv\/nolan-poumaroux-stage-en-controle-qualite-metrologie\/\">Nolan POUMAROUX (stage en Contr\u00f4le qualit\u00e9, M\u00e9trologie)<\/a><\/li>\n<li><a href=\"https:\/\/www.reseau-mesure.com\/de\/cv\/xavier-stonehouse\/\">Xavier STONEHOUSE (Stage Technicien Mesure Physique)<\/a><\/li>\n<li><a href=\"https:\/\/www.reseau-mesure.com\/de\/cv\/muriele-salvador-assistante-de-direction-polyvalente\/\">Muri\u00e8le  Salvador (Assistante de direction polyvalente)<\/a><\/li>\n<li><a href=\"https:\/\/www.reseau-mesure.com\/de\/cv\/zakaria-azizi-technicien-metrologie\/\">Zakaria Azizi (Technicien m\u00e9trologie )<\/a><\/li>\n<li><a href=\"https:\/\/www.reseau-mesure.com\/de\/cv\/zoe-goncalves-communication\/\">Zo\u00e9 Goncalves (communication)<\/a><\/li>\n<li><a href=\"https:\/\/www.reseau-mesure.com\/de\/cv\/thibault-gerard-stage-electronique-embarque-informatique\/\">Thibault GERARD (Stage Electronique\/Embarqu\u00e9\/Informatique)<\/a><\/li>\n<li><a href=\"https:\/\/www.reseau-mesure.com\/de\/cv\/mokric-dragan-directeur-ou-responsable-qualite\/\">Mokric Dragan (Directeur ou Responsable Qualit\u00e9)<\/a><\/li>\n<li><a href=\"https:\/\/www.reseau-mesure.com\/de\/cv\/ava-baran-assistante-administrative\/\">Ava BARAN (Assistante administrative)<\/a><\/li>\n<li><a href=\"https:\/\/www.reseau-mesure.com\/de\/cv\/tony-gloaguen-responsable-technique-radioprotection-automatisation-industrielle\/\">Tony GLOAGUEN (Responsable technique \/ Radioprotection &amp; automatisation industrielle)<\/a><\/li>\n<li><a href=\"https:\/\/www.reseau-mesure.com\/de\/cv\/florent-pinaud-ingenieur-service-client-en-instrumentation-2\/\">Florent Pinaud (Ing\u00e9nieur Service client en instrumentation)<\/a><\/li>\n<li><a href=\"https:\/\/www.reseau-mesure.com\/de\/cv\/florent-pinaud-ingenieur-service-client-en-instrumentation\/\">Florent Pinaud (Ing\u00e9nieur Service client en instrumentation)<\/a><\/li>\n<li><a href=\"https:\/\/www.reseau-mesure.com\/de\/cv\/tahiry-rakotovelo-chef-de-projet\/\">Tahiry Rakotovelo (Chef de projet)<\/a><\/li>\n<li><a href=\"https:\/\/www.reseau-mesure.com\/de\/cv\/mohammed-boukermouche-stage-ingenieur-en-systemes-embarque\/\">Mohammed BOUKERMOUCHE (Stage Ing\u00e9nieur en syst\u00e8mes embarqu\u00e9)<\/a><\/li>\n<li><a href=\"https:\/\/www.reseau-mesure.com\/de\/cv\/elouan-labaye-stage-en-metrologie-controle-qualite\/\">Elouan LABAYE (Stage en m\u00e9trologie\/contr\u00f4le qualit\u00e9)<\/a><\/li>\n<li><a href=\"https:\/\/www.reseau-mesure.com\/de\/cv\/taous-hamdaoui-ingenieur-electronique-2\/\">Taous HAMDAOUI (ing\u00e9nieur \u00e9lectronique)<\/a><\/li>\n<li><a href=\"https:\/\/www.reseau-mesure.com\/de\/cv\/taous-hamdaoui-ingenieur-electronique\/\">Taous HAMDAOUI (ing\u00e9nieur \u00e9lectronique)<\/a><\/li>\n<li><a href=\"https:\/\/www.reseau-mesure.com\/de\/cv\/hakim-abbas-technicien-metrologie-mesure\/\">hakim ABBAS (Technicien m\u00e9trologie, mesure)<\/a><\/li>\n<li><a href=\"https:\/\/www.reseau-mesure.com\/de\/cv\/anita-megouang-ingenieur-instrumentation-mesure-physique\/\">Anita Megouang (Ing\u00e9nieur instrumentation \/ mesure physique)<\/a><\/li>\n<li><a href=\"https:\/\/www.reseau-mesure.com\/de\/cv\/elyo-chretien-technicien-stagiaire\/\">Elyo  CHRETIEN (Technicien stagiaire)<\/a><\/li>\n<li><a href=\"https:\/\/www.reseau-mesure.com\/de\/cv\/ranim-ghazouani-technico-commercial-en-instrumentation-scientifique\/\">RANIM  GHAZOUANI (Technico Commercial en instrumentatiion scientifique )<\/a><\/li>\n<li><a href=\"https:\/\/www.reseau-mesure.com\/de\/cv\/cedric-martinez-responsable-export\/\">Cedric MARTINEZ (Responsable Export)<\/a><\/li>\n<li><a href=\"https:\/\/www.reseau-mesure.com\/de\/cv\/kevin-di-nicola-direction-direction-commerciale-responsable-commercial\/\">KEVIN DI NICOLA (DIRECTION - DIRECTION COMMERCIALE - RESPONSABLE COMMERCIAL)<\/a><\/li>\n<li><a href=\"https:\/\/www.reseau-mesure.com\/de\/cv\/mohamed-conde-technicien-en-alternance-metrologie-mesures-physiques-systemes-embarques\/\">Mohamed Conde (Technicien en alternance \u2013 M\u00e9trologie \/ Mesures physiques \/ Syst\u00e8mes embarqu\u00e9s)<\/a><\/li>\n<li><a href=\"https:\/\/www.reseau-mesure.com\/de\/cv\/mohamed-abdelkader-hafiene\/\">Mohamed Abdelkader Hafiene (ing\u00e9nieur chimie analytique)<\/a><\/li>\n<li><a href=\"https:\/\/www.reseau-mesure.com\/de\/cv\/achraf-saidani-contrat-dapprentissage-en-2-ans-de-technicien-mesures-physiques-but-mp-iut-orsay\/\">Achraf Saidani (Contrat d\u2019apprentissage en 2 ans de technicien mesures physiques\u00a0; BUT MP IUT ORSAY\u00a0)<\/a><\/li>\n<li><a href=\"https:\/\/www.reseau-mesure.com\/de\/cv\/akram-guenoune-metrologie-et-projet-en-genie-des-procedes\/\">AKRAM GUENOUNE (M\u00e9trologie et projet en g\u00e9nie des proc\u00e9d\u00e9s)<\/a><\/li>\n<li><a href=\"https:\/\/www.reseau-mesure.com\/de\/cv\/iyead-hazem-elharrabi-stage-de-fin-detude\/\">Iyead Hazem Elharrabi (stage de fin d'\u00e9tude)<\/a><\/li>\n<li><a href=\"https:\/\/www.reseau-mesure.com\/de\/cv\/raphael-kassab-responsable-directeur-marketing-et-communication\/\">Raphael Kassab (Responsable\/Directeur Marketing et Communication)<\/a><\/li>\n<li><a href=\"https:\/\/www.reseau-mesure.com\/de\/cv\/sengottian-eswaran-c-systementwickler-m-w-d-hexagon\/\">SENGOTTIAN ESWARAN (C++-Systementwickler (m\/w\/d) HEXAGON)<\/a><\/li>\n<li><a href=\"https:\/\/www.reseau-mesure.com\/de\/cv\/abou-coulibaly-ingenieur-commercial\/\">ABOU COULIBALY (Ing\u00e9nieur commercial )<\/a><\/li>\n<li><a href=\"https:\/\/www.reseau-mesure.com\/de\/cv\/sabrina-benadda-ingenieur-technico-commercial-sedentaire\/\">Sabrina BENADDA (Ing\u00e9nieur technico-commercial s\u00e9dentaire)<\/a><\/li>\n<li><a href=\"https:\/\/www.reseau-mesure.com\/de\/cv\/salome-fournier-alternance-responsable-commerce-international\/\">Salom\u00e9 FOURNIER (Alternance - Responsable Commerce International)<\/a><\/li>\n<li><a href=\"https:\/\/www.reseau-mesure.com\/de\/cv\/saya-ung-contrat-dapprentissage-en-2-ans-de-technicien-ne-mesures-physiques-but-mp-iut-orsay\/\">Saya UNG (\u00a0contrat d\u2019apprentissage en 2 ans de technicien.ne mesures physiques\u00a0; BUT MP IUT ORSAY\u00a0)<\/a><\/li>\n<li><a href=\"https:\/\/www.reseau-mesure.com\/de\/cv\/athia-ansata-diamanka-stage-en-metrologie\/\">Athia Ansata  Diamanka (Stage en M\u00e9trologie)<\/a><\/li>\n<li><a href=\"https:\/\/www.reseau-mesure.com\/de\/cv\/jahid-hossain-stage-bts-mesures-physique-2m\/\">Jahid HOSSAIN (Stage BTS MESURES PHYSIQUE 2M)<\/a><\/li>\n<li><a href=\"https:\/\/www.reseau-mesure.com\/de\/cv\/lynda-rahmani-stage-en-instrumentation-electronique-automatique-et-traitement-de-signal\/\">Lynda RAHMANI ( Stage en  instrumentation, \u00e9lectronique, automatique et traitement de signal)<\/a><\/li>\n<li><a href=\"https:\/\/www.reseau-mesure.com\/de\/cv\/tristan-da-silva-rosa\/\">Tristan Da Silva Rosa ( stage 3 mois en m\u00e9trologie \/ contr\u00f4le qualit\u00e9  )<\/a><\/li>\n<li><a href=\"https:\/\/www.reseau-mesure.com\/de\/cv\/seifeddine-salem-ingenieur-metrologie\/\">Seifeddine Salem (Ing\u00e9nieur M\u00e9trologie )<\/a><\/li>\n<li><a href=\"https:\/\/www.reseau-mesure.com\/de\/cv\/venisse-henin-stage-en-metrologie\/\">Venisse Henin (Stage en m\u00e9trologie )<\/a><\/li>\n<li><a href=\"https:\/\/www.reseau-mesure.com\/de\/cv\/samy-amrouche-sage-dans-le-domaine-de-la-mesure-physique\/\">Samy Amrouche (Stage dans le Domaine de la mesure Physique)<\/a><\/li>\n<li><a href=\"https:\/\/www.reseau-mesure.com\/de\/cv\/axel-rateau-stagiaire-en-metrologie\/\">Axel Rateau (Stagiaire en m\u00e9trologie )<\/a><\/li>\n<li><a href=\"https:\/\/www.reseau-mesure.com\/de\/cv\/nathan-tartarat-alternance-but-gmp\/\">Nathan TARTARAT (Alternance BUT GMP)<\/a><\/li>\n<li><a href=\"https:\/\/www.reseau-mesure.com\/de\/cv\/mahoungou-marc-rajiv-ingenieur-instrumentation-mesure-qualite-essai\/\">MAHOUNGOU MAHOUNGOU (Ing\u00e9nieur Instrumentation, Mesure, Qualit\u00e9, Essai)<\/a><\/li>\n<li><a href=\"https:\/\/www.reseau-mesure.com\/de\/cv\/daniel-richez-technicien-de-maintenance-instrumentiste\/\">DANIEL RICHEZ (technicien de maintenance \/ instrumentiste)<\/a><\/li>\n<li><a href=\"https:\/\/www.reseau-mesure.com\/de\/cv\/thomas-hilaire-technicien-mesures-physique\/\">Thomas Hilaire (Technicien mesures physique)<\/a><\/li>\n<li><a href=\"https:\/\/www.reseau-mesure.com\/de\/cv\/yacine-bah-stage-mesures-physiques\/\">Yacine Bah (stage Mesures Physiques)<\/a><\/li>\n<li><a href=\"https:\/\/www.reseau-mesure.com\/de\/cv\/adam-zaher-stage\/\">Adam Zaher (stage )<\/a><\/li>\n<li><a href=\"https:\/\/www.reseau-mesure.com\/de\/cv\/morane-mouhoub-instrumentiste-alternance-licence-automatisme-mesure\/\">morane mouhoub (Instrumentiste, alternance licence automatisme\/mesure)<\/a><\/li>\n<li><a href=\"https:\/\/www.reseau-mesure.com\/de\/cv\/julien-basselin-stage-bts-cira\/\">Julien BASSELIN (Stage BTS CIRA)<\/a><\/li>\n<li><a href=\"https:\/\/www.reseau-mesure.com\/de\/cv\/sarah-fekrache-stage-bts-cira\/\">SARAH FEKRACHE (Stage BTS CIRA)<\/a><\/li>\n<li><a href=\"https:\/\/www.reseau-mesure.com\/de\/cv\/damir-zurapi-stage\/\">Damir Zurapi (STAGE)<\/a><\/li>\n<li><a href=\"https:\/\/www.reseau-mesure.com\/de\/cv\/mairam-niang-stage-dans-la-regulation-lautomatisation-et-linstrumentalisation\/\">Ma\u00efram Niang (Stage dans la r\u00e9gulation l\u2019automatisation et l\u2019instrumentalisation )<\/a><\/li>\n<li><a href=\"https:\/\/www.reseau-mesure.com\/de\/cv\/reich-bakala-stage-en-controle-industriel-et-regulation-automatique-cira\/\">Reich BAKALA (Stage en Contr\u00f4le Industriel et R\u00e9gulation Automatique (CIRA))<\/a><\/li>\n<li><a href=\"https:\/\/www.reseau-mesure.com\/de\/cv\/isseu-sow-stage-en-control-industriel-ou-en-regulation-automatique\/\">ISSEU sow (Stage en control industriel ou en r\u00e9gulation automatique )<\/a><\/li>\n<li><a href=\"https:\/\/www.reseau-mesure.com\/de\/cv\/clement-pras-stage-mesures-physiques\/\">Cl\u00e9ment PRAS (Stage Mesures Physiques)<\/a><\/li>\n<li><a href=\"https:\/\/www.reseau-mesure.com\/de\/cv\/julien-scalbert-responsable-dagence-responsable-commercial\/\">Julien SCALBERT (Responsable d'agence \/ Responsable commercial)<\/a><\/li>\n<li><a href=\"https:\/\/www.reseau-mesure.com\/de\/cv\/iuliia-lecoin-controleur-qualite-3d\/\">Iuliia  Lecoin (Contr\u00f4leur qualit\u00e9 3D)<\/a><\/li>\n<li><a href=\"https:\/\/www.reseau-mesure.com\/de\/cv\/kamel-salah-eddine-boulkeroua-stage-de-fin-detudes-en-instrumentation-et-systemes-de-controle\/\">Kamel Salah Eddine Boulkeroua (Stage de fin d\u2019\u00e9tudes en Instrumentation et Syst\u00e8mes de Contr\u00f4le)<\/a><\/li>\n<li><a href=\"https:\/\/www.reseau-mesure.com\/de\/cv\/najmeddine-cherif-stage-12-semaines-bts-metiers-de-la-mesure\/\">Najmeddine Cherif (Stage 12 semaines BTS-Metiers de la mesure )<\/a><\/li>\n<li><a href=\"https:\/\/www.reseau-mesure.com\/de\/cv\/leo-laurent-stage-metrologie-12-semaines-bts-metiers-de-la-mesure\/\">L\u00e9o  Laurent (Stage M\u00e9trologie 12 semaines BTS M\u00e9tiers de la mesure)<\/a><\/li>\n<li><a href=\"https:\/\/www.reseau-mesure.com\/de\/cv\/mathis-da-fonte-stage-en-metrologie\/\">Mathis Da Fonte (Stage en M\u00e9trologie)<\/a><\/li>\n<li><a href=\"https:\/\/www.reseau-mesure.com\/de\/cv\/walid-saidani-stage-en-metrologie\/\">Walid Saidani (Stage en Metrologie)<\/a><\/li>\n<li><a href=\"https:\/\/www.reseau-mesure.com\/de\/cv\/ernesto-paiz-technicien\/\">Ernesto Paiz (Technicien )<\/a><\/li>\n<li><a href=\"https:\/\/www.reseau-mesure.com\/de\/cv\/maxime-veron-stage\/\">Maxime VERON (Stage )<\/a><\/li>\n<li><a href=\"https:\/\/www.reseau-mesure.com\/de\/cv\/jaspe-makaya-stagiaire-en-bts-phonique\/\">Jaspe MAKAYA (Stagiaire en BTS phonique)<\/a><\/li>\n<li><a href=\"https:\/\/www.reseau-mesure.com\/de\/cv\/youcef-khaldi-stage\/\">youcef khaldi (stage)<\/a><\/li>\n<li><a href=\"https:\/\/www.reseau-mesure.com\/de\/cv\/marwane-el-assal-technicien-en-automatisme-industrielle-en-alternance\/\">Marwane EL ASSAL (Technicien en Automatisme Industrielle en alternance)<\/a><\/li>\n<li><a href=\"https:\/\/www.reseau-mesure.com\/de\/cv\/david-chauvel-commercial\/\">David Chauvel (Commercial)<\/a><\/li>\n<li><a href=\"https:\/\/www.reseau-mesure.com\/de\/cv\/rafael-marques-stage-dans-la-mesure\/\">Rafael Marques (Stage dans la mesure)<\/a><\/li>\n<li><a href=\"https:\/\/www.reseau-mesure.com\/de\/cv\/sedik-illoul-ingenieur-rd-en-electrochimie-et-materiaux\/\">Sedik Illoul (Ing\u00e9nieur R&amp;D en \u00e9lectrochimie et mat\u00e9riaux)<\/a><\/li>\n<li><a href=\"https:\/\/www.reseau-mesure.com\/de\/cv\/yassine-aissaoui-stage-technicien-but-mesures-physiques\/\">Yassine Aissaoui (Stage Technicien BUT Mesures Physiques)<\/a><\/li>\n<li><a href=\"https:\/\/www.reseau-mesure.com\/de\/cv\/marlene-metral-administration-marketing-communication\/\">MARLENE METRAL (ADMINISTRATION - MARKETING - COMMUNICATION)<\/a><\/li>\n<li><a href=\"https:\/\/www.reseau-mesure.com\/de\/cv\/bruno-guinois-ressources-humaines-relations-sociales-conseil\/\">Bruno GUINOIS (Ressources Humaines \/ Relations Sociales \/ Conseil)<\/a><\/li>\n<li><a href=\"https:\/\/www.reseau-mesure.com\/de\/cv\/hilarion-gbetinsanon-ingenieur-instrumentation-et-metrologie\/\">Hilarion GBETINSANON (Ing\u00e9nieur Instrumentation et M\u00e9trologie)<\/a><\/li>\n<li><a href=\"https:\/\/www.reseau-mesure.com\/de\/cv\/lena-cheblal-ingenieur-en-genies-des-procedes-innovant-et-developpement-durable\/\">Lena Cheblal (Ing\u00e9nieur en g\u00e9nies des proc\u00e9d\u00e9s innovant et d\u00e9veloppement durable)<\/a><\/li>\n<li><a href=\"https:\/\/www.reseau-mesure.com\/de\/cv\/delphine-poutout-secretaire-assistante-adv-commerciale\/\">Delphine POUTOUT (SECRETAIRE ASSISTANTE ADV COMMERCIALE)<\/a><\/li>\n<li><a href=\"https:\/\/www.reseau-mesure.com\/de\/cv\/adam-saoud-stage-non-remunere\/\">Adam  Saoud (Stage non r\u00e9mun\u00e9rer )<\/a><\/li>\n<li><a href=\"https:\/\/www.reseau-mesure.com\/de\/cv\/jacky-gavard-direction-commerciale-et-ou-export\/\">JACKY GAVARD (Direction commerciale et\/ou export )<\/a><\/li>\n<li><a href=\"https:\/\/www.reseau-mesure.com\/de\/cv\/amaury-durey-alternance-ingenieur-metrologie-qualite-imq\/\">Amaury Durey (Alternance Ing\u00e9nieur M\u00e9trologie Qualit\u00e9 (IMQ))<\/a><\/li>\n<li><a href=\"https:\/\/www.reseau-mesure.com\/de\/cv\/noe-ramella-volpet-stage-mesures-physiques\/\">Noe Ramella-Volpet (Stage Mesures Physiques )<\/a><\/li>\n<li><a href=\"https:\/\/www.reseau-mesure.com\/de\/cv\/theodore-brajon\/\">Th\u00e9odore BRAJON (Stage technicien essais, technicien en laboratoire, technicien en R&amp;D)<\/a><\/li>\n<li><a href=\"https:\/\/www.reseau-mesure.com\/de\/cv\/maxime-basset-stage\/\">Maxime Basset (Stage)<\/a><\/li>\n<li><a href=\"https:\/\/www.reseau-mesure.com\/de\/cv\/stage-assistant-ingenieur\/\">Guillaume ARDI (Stage assistant ing\u00e9nieur )<\/a><\/li>\n<li><a href=\"https:\/\/www.reseau-mesure.com\/de\/cv\/recherche-alternance-ingenierie-imq\/\">Amaury Durey (Alternance Ing\u00e9nieur IMQ (Instrumentation, M\u00e9trologie, Qualit\u00e9))<\/a><\/li>\n<li><a href=\"https:\/\/www.reseau-mesure.com\/de\/cv\/hassan-mosarah-business-development-sales-marketing-product-management-alternance-apprenticeship\/\">Hassan MOSARAH (Business Development, Sales, Marketing, Product Management Alternance Apprenticeship )<\/a><\/li>\n<li><a href=\"https:\/\/www.reseau-mesure.com\/de\/cv\/joseph-medawar-ingenieur-mecanique-metrologie-control-non-destructif-radiographie\/\">Joseph Medawar (Ing\u00e9nieur m\u00e9canique\/ m\u00e9trologie\/ control non destructif Radiographie)<\/a><\/li>\n<li><a href=\"https:\/\/www.reseau-mesure.com\/de\/cv\/lynda-atmani-ingenieur-en-instrumentation-mesure-metrologie-technico-commercial\/\">LYNDA ATMANI (Ing\u00e9nieur en instrumentation, mesure, m\u00e9trologie\/ technico-commercial )<\/a><\/li>\n<li><a href=\"https:\/\/www.reseau-mesure.com\/de\/cv\/mathieu-iribarren-technicien-superieur-mesures-physiques-en-alternance-contrat-de-3-ans-but-mp-iut-orsay-paris-saclay\/\">Mathieu Iribarren ( TECHNICIEN SUPERIEUR MESURES PHYSIQUES en alternance - contrat de 3 ANS - BUT MP IUT Orsay - Paris Saclay)<\/a><\/li>\n<li><a href=\"https:\/\/www.reseau-mesure.com\/de\/cv\/salma-slimani-technicien-ne-superieur-e-mesures-physiques-en-alternance-contrat-de-3-ans-but-mp-iut-orsay-paris-saclay\/\">Salma Slimani ( TECHNICIEN.NE SUPERIEUR.E MESURES PHYSIQUES en alternance - contrat de 3 ANS - BUT MP IUT Orsay - Paris Saclay)<\/a><\/li>\n<li><a href=\"https:\/\/www.reseau-mesure.com\/de\/cv\/dania-boukhajou-technicienne-superieure-mesures-physiques-en-alternance-contrat-de-3-ans-but-mp-iut-orsay-paris-saclay\/\">Dania BOUKHAJOU  (TECHNICIENNE SUPERIEURE MESURES PHYSIQUES en alternance - contrat de 3 ANS - BUT MP IUT Orsay - Paris Saclay)<\/a><\/li>\n<li><a href=\"https:\/\/www.reseau-mesure.com\/de\/cv\/regis-ntabou-mbemba-contrat-dapprentissage-ingenieur-automatisme-informatique-industrielle-et-electrotechnique\/\">R\u00e9gis NTABOU MBEMBA (Contrat d'apprentissage ing\u00e9nieur Automatisme, Informatique Industrielle et Electrotechnique)<\/a><\/li>\n<li><a href=\"https:\/\/www.reseau-mesure.com\/de\/cv\/oumelkheir-benkaddour-technico-commercial-en-alternance\/\">Oumelkheir Benkaddour (Technico commercial en alternance )<\/a><\/li>\n<li><a href=\"https:\/\/www.reseau-mesure.com\/de\/cv\/raissa-carelle-dzukoug-technico-commercial\/\">Ra\u00efssa Carelle  DZUKOUG (Technico-commercial)<\/a><\/li>\n<li><a href=\"https:\/\/www.reseau-mesure.com\/de\/cv\/louis-lellouche-ingenieur-en-conception-developpement-instrumental-mesure\/\">louis lellouche (ing\u00e9nieur en Conception, D\u00e9veloppement Instrumental, Mesure)<\/a><\/li>\n<li><a href=\"https:\/\/www.reseau-mesure.com\/de\/cv\/doha-abdaoui-alternance-en-metrologie-controle-qualite\/\">Doha ABDAOUI (Alternance en metrologie \/ controle qualit\u00e9)<\/a><\/li>\n<li><a href=\"https:\/\/www.reseau-mesure.com\/de\/cv\/maxime-livrette-technicien-metrologue\/\">Maxime Livrette (Technicien M\u00e9trologue)<\/a><\/li>\n<li><a href=\"https:\/\/www.reseau-mesure.com\/de\/cv\/anita-megouang-alternante-metrologie-mesures-physiques-instrumentations\/\">Anita Megouang (ALTERNANTE METROLOGIE, MESURES PHYSIQUES, INSTRUMENTATIONS)<\/a><\/li>\n<li><a href=\"https:\/\/www.reseau-mesure.com\/de\/cv\/thibault-prybille-alternance-metrologie-et-instrumentation\/\">Thibault Prybille (Alternance Metrologie et instrumentation)<\/a><\/li>\n<li><a href=\"https:\/\/www.reseau-mesure.com\/de\/cv\/djibril-cisse-alternance-en-maintenance-et-maitrise-des-risques-industriel\/\">Djibril CISSE (Alternance en Maintenance et Maitrise des Risques Industriel)<\/a><\/li>\n<li><a href=\"https:\/\/www.reseau-mesure.com\/de\/cv\/bilel-fallah-alternant-charge-de-mission-qse-hse\/\">BILEL FALLAH (Alternant charg\u00e9 de mission QSE \/ HSE)<\/a><\/li>\n<li><a href=\"https:\/\/www.reseau-mesure.com\/de\/cv\/christopher-kokany-alternance-technicien-dessai-ou-metrologie\/\">Christopher Kokany (Alternance technicien d\u2019essai ou m\u00e9trologie )<\/a><\/li>\n<li><a href=\"https:\/\/www.reseau-mesure.com\/de\/cv\/thibault-prybille-alternance-en-metrologie-instrumentation\/\">Thibault Prybille (alternance en m\u00e9trologie\/ instrumentation)<\/a><\/li>\n<li><a href=\"https:\/\/www.reseau-mesure.com\/de\/cv\/marwan-de-macedo-ingenieur-instrumentation-mesure-et-metrologie\/\">Marwan De Macedo (Ingenieur instrumentation, mesure et m\u00e9trologie)<\/a><\/li>\n<li><a href=\"https:\/\/www.reseau-mesure.com\/de\/cv\/chaima-bousbih-metrologue\/\">Chaima Bousbih (M\u00e9trologue)<\/a><\/li>\n<li><a href=\"https:\/\/www.reseau-mesure.com\/de\/cv\/joseph-medawar-ingenieur-metrologie-mesures-physiques-radio\/\">Joseph medawar (INGENIEUR metrologie ,mesures physiques radio)<\/a><\/li>\n<li><a href=\"https:\/\/www.reseau-mesure.com\/de\/cv\/stephane-roux-technico-commercial-marketing\/\">St\u00e9phane ROUX (Technico commercial \/ Marketing)<\/a><\/li>\n<li><a href=\"https:\/\/www.reseau-mesure.com\/de\/cv\/lynda-atmani-ingenieur-en-instrumentation-ingenieure-technico-commercial\/\">LYNDA ATMANI (ing\u00e9nieur en instrumentation \/ ing\u00e9nieure technico-commercial)<\/a><\/li>\n<li><a href=\"https:\/\/www.reseau-mesure.com\/de\/cv\/enzo-kouoh-kouoh-stage\/\">Enzo KOUOH KOUOH (Stage )<\/a><\/li>\n<li><a href=\"https:\/\/www.reseau-mesure.com\/de\/cv\/armel-plane-technico-commercial-en-appareil-de-mesures\/\">Armel PLANE (Technico Commercial en appareil de mesures)<\/a><\/li>\n<li><a href=\"https:\/\/www.reseau-mesure.com\/de\/cv\/lynda-atmani-ingenieure-en-instrumentation-ingenieure-technico-commercial\/\">LYNDA ATMANI (Ing\u00e9nieure en instrumentation \/ Ing\u00e9nieure technico-commercial )<\/a><\/li>\n<li><a href=\"https:\/\/www.reseau-mesure.com\/de\/cv\/romain-aubinaud-gestionnaire-administration-des-commandes\/\">Romain Aubinaud (Gestionnaire Administration des Commandes)<\/a><\/li>\n<li><a href=\"https:\/\/www.reseau-mesure.com\/de\/cv\/nicolas-pimenta-stage-technicien-metrologue-mesure-physique\/\">Nicolas Pimenta (Stage technicien m\u00e9trologue \/ mesure physique - mesure physique)<\/a><\/li>\n<li><a href=\"https:\/\/www.reseau-mesure.com\/de\/cv\/lech-fortus-benis-mayouma-bayekoula-stage-en-metrologie-ou-controle-qualite\/\">Lech Fortus Benis MAYOUMA BAYEKOULA (STAGE EN METROLOGIE OU CONTROLE QUALITE)<\/a><\/li>\n<li><a href=\"https:\/\/www.reseau-mesure.com\/de\/cv\/remy-barrallon-technicien-charge-daffaires\/\">Remy Barrallon (technicien - charg\u00e9 d'affaires)<\/a><\/li>\n<li><a href=\"https:\/\/www.reseau-mesure.com\/de\/cv\/samih-guler-stage\/\">Samih Guler (stage)<\/a><\/li>\n<li><a href=\"https:\/\/www.reseau-mesure.com\/de\/cv\/meriam-kaddeche-technico-commercial-en-instrumentation-scientifique-metrologie\/\">Meriam KADDECHE (Technico-commercial en instrumentation scientifique\/ M\u00e9trologie )<\/a><\/li>\n<li><a href=\"https:\/\/www.reseau-mesure.com\/de\/cv\/yacine-bendjob-technicien-metrologue\/\">Yacine BENDJOB (Technicien m\u00e9trologue )<\/a><\/li>\n<li><a href=\"https:\/\/www.reseau-mesure.com\/de\/cv\/maxence-vanseveren-stage-de-fin-detude-dingenieur\/\">Maxence VANSEVEREN (Stage de fin d'\u00e9tude d'Ing\u00e9nieur)<\/a><\/li>\n<li><a href=\"https:\/\/www.reseau-mesure.com\/de\/cv\/gregoire-martin-stage-ingenieur-fin-de-cursus\/\">Gr\u00e9goire MARTIN (Stage ing\u00e9nieur fin de cursus)<\/a><\/li>\n<li><a href=\"https:\/\/www.reseau-mesure.com\/de\/cv\/tristan-legrain-stage-de-12-semaines-dans-les-domaines-de-lindustrie-et-des-transports\/\">Tristan Legrain (Stage de 12 semaines dans les domaines de l\u2019industrie et des transports)<\/a><\/li>\n<li><a href=\"https:\/\/www.reseau-mesure.com\/de\/cv\/yassine-aboudrar-technicien-de-laboratoire\/\">Yassine Aboudrar (Labortechnikerin)<\/a><\/li>\n<li><a href=\"https:\/\/www.reseau-mesure.com\/de\/cv\/afdol-fatoumbi-stagiaire-en-developpement-informatique\/\">AFDOL FATOUMBI (Praktikant in der IT-Entwicklung)<\/a><\/li>\n<li><a href=\"https:\/\/www.reseau-mesure.com\/de\/cv\/mahamat-issa-commercial-produits-chimiques\/\">Mahamat ISSA (Verkauf chemischer Produkte)<\/a><\/li>\n<li><a href=\"https:\/\/www.reseau-mesure.com\/de\/cv\/souhail-ait-oummou-alternance-en-cybersecurite\/\">Souhail Ait oummou (Ausbildung im Bereich CYBERSECURITY)<\/a><\/li>\n<li><a href=\"https:\/\/www.reseau-mesure.com\/de\/cv\/remy-barrallon-chef-dequipe-technicien\/\">Remy Barrallon (Teamleiter, Techniker)<\/a><\/li>\n<li><a href=\"https:\/\/www.reseau-mesure.com\/de\/cv\/ayoub-rijal-stage-technicien-mesure\/\">Ayoub Rijal (Messtechniker-Praktikum)<\/a><\/li>\n<li><a href=\"https:\/\/www.reseau-mesure.com\/de\/cv\/ben-salah-hachem-technicien-qualite-metrologie\/\">Ben Salah Hachem (Qualit\u00e4tsmesstechniker)<\/a><\/li>\n<li><a href=\"https:\/\/www.reseau-mesure.com\/de\/cv\/senaa-cheikh-el-mezouar-stage-energie-electrique\/\">Senaa Cheikh El Mezouar (Praktikum \u2013 elektrische Energie)<\/a><\/li>\n<li><a href=\"https:\/\/www.reseau-mesure.com\/de\/cv\/geoffrey-roy-stage-technicien-mesures-physiques-dans-le-cadre-de-mes-etudes-but-mesures-physiques-2ieme-annee\/\">Geoffrey Roy (Praktikum als Physikalischer Messtechniker im Rahmen meines Studiums (ABER Physikalische Messungen 2. Jahr))<\/a><\/li>\n<li><a href=\"https:\/\/www.reseau-mesure.com\/de\/cv\/khadija-jalila-sarah-doumbia-ingenieure-technico-commerciale\/\">Khadija Jalila Sarah Doumbia (technisch-kaufm\u00e4nnische Ingenieurin)<\/a><\/li>\n<li><a href=\"https:\/\/www.reseau-mesure.com\/de\/cv\/deborah-guedj-stage-de-fin-detudes-ingenieur-de-6-mois-disponibilite-des-fevrier\/\">D\u00e9borah Guedj (6-monatiges Abschlusspraktikum im Ingenieurwesen (verf\u00fcgbar ab Februar))<\/a><\/li>\n<li><a href=\"https:\/\/www.reseau-mesure.com\/de\/cv\/geoffrey-roy-stage-technicien-mesures-physiques-dans-le-cadre-de-mes-etudes-but-mesures-physiques-2eme-annee\/\">Geoffrey Roy (Praktikum als Physikalischer Messtechniker im Rahmen meines Studiums (ABER Physikalische Messungen 2. Jahr))<\/a><\/li>\n<li><a href=\"https:\/\/www.reseau-mesure.com\/de\/cv\/lucas-champetier-stage-metrologie-12-semaines\/\">Lucas Champetier (12-w\u00f6chiges Messtechnik-Praktikum)<\/a><\/li>\n<li><a href=\"https:\/\/www.reseau-mesure.com\/de\/cv\/viktor-gervais-technicien-dessai-metrologue\/\">Viktor GERVAIS (Pr\u00fcftechniker\/Messtechniker)<\/a><\/li>\n<li><a href=\"https:\/\/www.reseau-mesure.com\/de\/cv\/orion-godallier-stage-but2-mesures-physiques\/\">Orion GODALLIER (Praktikum BUT2 Physikalische Messungen)<\/a><\/li>\n<li><a href=\"https:\/\/www.reseau-mesure.com\/de\/cv\/quentin-perrier-gustin-dans-le-domaine-de-la-qualite-rd\/\">Quentin Perrier-Gustin (im Bereich Qualit\u00e4t \/ Forschung und Entwicklung)<\/a><\/li>\n<li><a href=\"https:\/\/www.reseau-mesure.com\/de\/cv\/nahdi-ghaith-candidature-pour-un-stage-en-metrologie-ou-en-qualite\/\">nahdi Ghaith (Bewerbung f\u00fcr ein Praktikum im Bereich Messtechnik oder Qualit\u00e4t)<\/a><\/li>\n<li><a href=\"https:\/\/www.reseau-mesure.com\/de\/cv\/gaston-savoie-stage-technicien\/\">Gaston SAVOIE (Techniker-Praktikum)<\/a><\/li>\n<li><a href=\"https:\/\/www.reseau-mesure.com\/de\/cv\/lynda-atmani-stage-de-fin-detudes-en-instrumentation-mesure-metrologie\/\">LYNDA ATMANI (Abschlusspraktikum in Instrumentierung, Messung, Metrologie)<\/a><\/li>\n<li><a href=\"https:\/\/www.reseau-mesure.com\/de\/cv\/nahdi-ghaith-stagiaire\/\">NAHDI GHAITH (Praktikantin)<\/a><\/li>\n<li><a href=\"https:\/\/www.reseau-mesure.com\/de\/cv\/david-chauvel-responsable-commercial\/\">David Chauvel (Verkaufsleiter)<\/a><\/li>\n<li><a href=\"https:\/\/www.reseau-mesure.com\/de\/cv\/lucas-mollet-stage-technicien\/\">Lucas Loupt (Technikerpraktikum)<\/a><\/li>\n<li><a href=\"https:\/\/www.reseau-mesure.com\/de\/cv\/gael-seys-stage-en-entreprise\/\">Ga\u00ebl Seys (Firmenpraktikum)<\/a><\/li>\n<li><a href=\"https:\/\/www.reseau-mesure.com\/de\/cv\/antonin-montesinos-stage-mesures-physiques\/\">Antonin Montesinos (Praktikum in physikalischen Messungen)<\/a><\/li>\n<li><a href=\"https:\/\/www.reseau-mesure.com\/de\/cv\/enzo-azabi-stage-en-metrologie-du-22-avril-au-13juillet-stage-11semaine\/\">Enzo Azabi (Messpraktikum vom 22. April bis 13. Juli, 11-w\u00f6chiges Praktikum)<\/a><\/li>\n<li><a href=\"https:\/\/www.reseau-mesure.com\/de\/cv\/lynda-atmani-stage-dingenieur-en-instrumentation-mesure-et-metrologie\/\">LYNDA ATMANI (Ingenieurpraktikum in Instrumentierung, Messung und Metrologie)<\/a><\/li>\n<li><a href=\"https:\/\/www.reseau-mesure.com\/de\/cv\/mohamed-tarek-bengaraa-stage-en-electronique-et-capteurs\/\">Mohamed Tarek BENGARAA (Praktikum in Elektronik und Sensoren)<\/a><\/li>\n<li><a href=\"https:\/\/www.reseau-mesure.com\/de\/cv\/elias-akroun-alternant-en-mesure-physique\/\">Elias Akroun (Stellvertreter in der physikalischen Messung)<\/a><\/li>\n<li><a href=\"https:\/\/www.reseau-mesure.com\/de\/cv\/philippe-salbert-poste-de-salarie-ou-mission-de-responsable-de-la-metrologie\/\">Philippe SALBERT (Mitarbeiterposition oder Mission des Metrologiemanagers.)<\/a><\/li>\n<li><a href=\"https:\/\/www.reseau-mesure.com\/de\/cv\/quentin-poulmar-technico-commercial-ingenieur-commercial\/\">Quentin Poulmar (TECHNISCH-KOMMERZIELL \/\/ VERKAUFSINGENIEUR)<\/a><\/li>\n<li><a href=\"https:\/\/www.reseau-mesure.com\/de\/cv\/seyedmohammad-golgoun-sav\/\">SeyedMohammad Golgoun (SAV)<\/a><\/li>\n<li><a href=\"https:\/\/www.reseau-mesure.com\/de\/cv\/aghiles-ouanes-stage-electronique-instrumentation\/\">Aghiles Ouanes (Kurs f\u00fcr elektronische Instrumentierung)<\/a><\/li>\n<li><a href=\"https:\/\/www.reseau-mesure.com\/de\/cv\/akram-korichi-stage-de-2-a-3-mois\/\">Akram KORICHI (Praktikum von 2 bis 3 Monaten)<\/a><\/li>\n<li><a href=\"https:\/\/www.reseau-mesure.com\/de\/cv\/safia-haimer-stage-en-ingenieurie-reseau-et-telecom\/\">Safia HAIMER (Praktikum im Bereich Netzwerk- und Telekommunikationstechnik)<\/a><\/li>\n<li><a href=\"https:\/\/www.reseau-mesure.com\/de\/cv\/elodie-pinto-responsable-projet-relation-client-qse\/\">Elodie PINTO (Projektmanagerin \/ Kundenbeziehungen \/ QSE)<\/a><\/li>\n<li><a href=\"https:\/\/www.reseau-mesure.com\/de\/cv\/davidas-adore-abichegaradjou-stage-en-regulation\/\">Davidas ADOR\u00c9 ABICHEGARADJOU (Praktikum im Bereich Regulierung)<\/a><\/li>\n<li><a href=\"https:\/\/www.reseau-mesure.com\/de\/cv\/louis-lellouche-ingenieur-en-mesure-rd-technico-commercial\/\">Louis Lellouche (Messtechniker \/ F&amp;E \/ technischer Vertriebsmitarbeiter)<\/a><\/li>\n<li><a href=\"https:\/\/www.reseau-mesure.com\/de\/cv\/wallace-surgot-stage-de-2-a-3-mois-dans-le-domaine-de-lelectronique-ou-du-traitement-du-signal\/\">Wallace SURGOT (2 bis 3 Monate Praktikum im Bereich Elektronik oder Signalverarbeitung)<\/a><\/li>\n<li><a href=\"https:\/\/www.reseau-mesure.com\/de\/cv\/djawad-madi-stage-en-bts-cira\/\">djawad Madi (Praktikum bei BTS CIRA)<\/a><\/li>\n<li><a href=\"https:\/\/www.reseau-mesure.com\/de\/cv\/amine-fritas-stage-bts-cira\/\">Amine FRITAS (BTS CIRA Praktikum)<\/a><\/li>\n<li><a href=\"https:\/\/www.reseau-mesure.com\/de\/cv\/margaux-le-guillous-chargee-de-communication\/\">Margaux LE GUILLOUS (Kommunikationsbeauftragter)<\/a><\/li>\n<li><a href=\"https:\/\/www.reseau-mesure.com\/de\/cv\/axel-schonberg-stage-de-3-mois\/\">Axel SCH\u00d6NBERG (3-monatiges Praktikum)<\/a><\/li>\n<li><a href=\"https:\/\/www.reseau-mesure.com\/de\/cv\/doha-abdaoui-stage-mesures-physiques\/\">Doha Abdaoui (Kurs f\u00fcr physikalische Messungen)<\/a><\/li>\n<li><a href=\"https:\/\/www.reseau-mesure.com\/de\/cv\/salah-eddine-manassi-stage\/\">Salah-eddine Manassi (Praktikum)<\/a><\/li>\n<li><a href=\"https:\/\/www.reseau-mesure.com\/de\/cv\/mazigh-benhamouche-ingenieur-electronique-instrumentation-et-mesures\/\">Mazigh BENHAMOUCHE (Ingenieur f\u00fcr Elektronik, Instrumentierung und Messung - Spontanbewerbung)<\/a><\/li>\n<li><a href=\"https:\/\/www.reseau-mesure.com\/de\/cv\/maya-oukil-stage\/\">Maya Oukil (Praktikum)<\/a><\/li>\n<li><a href=\"https:\/\/www.reseau-mesure.com\/de\/cv\/elodie-pinto-responsable-grands-comptes\/\">ELODIE PINTO (Key-Account-Managerin)<\/a><\/li>\n<li><a href=\"https:\/\/www.reseau-mesure.com\/de\/cv\/samah-salhi-stage-fin-detudes-en-mesure-metrologie-et-linstrumentation\/\">Samah SALHI (Studienabschlusspraktikum in Measurement, Metrology and Instrumentation)<\/a><\/li>\n<li><a href=\"https:\/\/www.reseau-mesure.com\/de\/cv\/venkata-ramesh-naganaboina-gas-sensor-rd-engineer\/\">Venkata Ramesh Naganaboina (F&amp;E-Ingenieur f\u00fcr Gassensoren)<\/a><\/li>\n<li><a href=\"https:\/\/www.reseau-mesure.com\/de\/cv\/samy-soudani-ingenieur-electronique\/\">SAMY SOUDANI (Elektroniker)<\/a><\/li>\n<li><a href=\"https:\/\/www.reseau-mesure.com\/de\/cv\/meriam-kaddeche-technico-commercial-en-instrumentation-scientifique-et-technique\/\">Meriam KADDECHE (Technisch-kaufm\u00e4nnisch in wissenschaftlicher und technischer Instrumentierung)<\/a><\/li>\n<li><a href=\"https:\/\/www.reseau-mesure.com\/de\/cv\/abdelkader-benomar-stage-en-instrumentation\/\">Abdelkader Benomar (Praktikum Instrumentation)<\/a><\/li>\n<li><a href=\"https:\/\/www.reseau-mesure.com\/de\/cv\/isabelle-buquet-assistante-administrative-polyvalente\/\">isabelle BUQUET (vielseitige Verwaltungsassistentin)<\/a><\/li>\n<li><a href=\"https:\/\/www.reseau-mesure.com\/de\/cv\/mamadou-ndao-stage-de-fin-detude-en-metrologie\/\">mamadou ndao (Studienabschlusspraktikum Messtechnik)<\/a><\/li>\n<li><a href=\"https:\/\/www.reseau-mesure.com\/de\/cv\/francis-alonso-ingenieur-technico-commercial\/\">FRANCIS Alonso (Technisch-kaufm\u00e4nnischer Ingenieur)<\/a><\/li>\n<li><a href=\"https:\/\/www.reseau-mesure.com\/de\/cv\/philippe-janaudy-ingenieur-commercial\/\">Philippe JANAUDY (Verkaufsingenieur)<\/a><\/li>\n<li><a href=\"https:\/\/www.reseau-mesure.com\/de\/cv\/ivan-mikacic-technicien-essai-metrologue-en-alternance\/\">Ivan MIKACIC (Ausbildungstechniker\/Messtechniker)<\/a><\/li>\n<li><a href=\"https:\/\/www.reseau-mesure.com\/de\/cv\/aimeric-guevel-alternance-metrologue\/\">Aimeric Guevel (Ausbildung Metrologe)<\/a><\/li>\n<li><a href=\"https:\/\/www.reseau-mesure.com\/de\/cv\/outman-moumid-alternance-mesure-physique\/\">OUTMAN MOUMID (alternierende physikalische Messung)<\/a><\/li>\n<li><a href=\"https:\/\/www.reseau-mesure.com\/de\/cv\/amir-rami-alternance-ingenieur-en-instrumentation\/\">Amir Rami (Arbeitsstudien-Instrumentierungsingenieur)<\/a><\/li>\n<li><a href=\"https:\/\/www.reseau-mesure.com\/de\/cv\/ali-kassem-ingenieur-technico-commercial-en-alternance\/\">Ali Kassem (Auszubildender Technischer Vertriebsingenieur)<\/a><\/li>\n<li><a href=\"https:\/\/www.reseau-mesure.com\/de\/cv\/frehel-duflot-commercial\/\">Fr\u00e9hel Duflot (Kaufm\u00e4nnischer Werkstudentenvertrag)<\/a><\/li>\n<li><a href=\"https:\/\/www.reseau-mesure.com\/de\/cv\/mourad-sif\/\">Mourad SIF (Initiativbewerbung)<\/a><\/li>\n<li><a href=\"https:\/\/www.reseau-mesure.com\/de\/cv\/adrien-regnault-ingenieur-technico-commercial\/\">Adrien REGNAULT (Technisch-kaufm\u00e4nnischer Ingenieur)<\/a><\/li>\n<li><a href=\"https:\/\/www.reseau-mesure.com\/de\/cv\/luca-pecoriello-ingenieur-recherche\/\">Luca Pecoriello (Forschungsingenieur)<\/a><\/li>\n<li><a href=\"https:\/\/www.reseau-mesure.com\/de\/cv\/dahmane-nassim-ingenieur\/\">Dahmane Nassim (Ingenieur)<\/a><\/li>\n<li><a href=\"https:\/\/www.reseau-mesure.com\/de\/cv\/ayoub-douzi-alternance-bts-metiers-de-la-mesure\/\">Ayoub Douzi (BTS berufsbegleitendes Studium Messtechnik)<\/a><\/li>\n<li><a href=\"https:\/\/www.reseau-mesure.com\/de\/cv\/wihem-jeddi-stage-technicienne\/\">Wihem Jeddi (Technikerpraktikum)<\/a><\/li>\n<li><a href=\"https:\/\/www.reseau-mesure.com\/de\/cv\/nejm-zadmi-stagiaire-licence-isap\/\">Nejm Zadmi (ISAP-Lizenzpraktikant)<\/a><\/li>\n<li><a href=\"https:\/\/www.reseau-mesure.com\/de\/cv\/teva-benoit-emploi-en-mecanique-des-fluides-simulation-numerique\/\">T\u00e9va BENOIT (Job in Str\u00f6mungsmechanik \/ Numerische Simulation)<\/a><\/li>\n<li><a href=\"https:\/\/www.reseau-mesure.com\/de\/cv\/el-hasnaoui-stage-l3-science-pour-lingenieur\/\">Ghizlanhs El Hasnaoui (L3 Wissenschaftspraktikum f\u00fcr Ingenieure)<\/a><\/li>\n<li><a href=\"https:\/\/www.reseau-mesure.com\/de\/cv\/loubna-chkara-analyste-qualite-de-lair-2\/\">Loubna CHKARA (Luftqualit\u00e4tsanalytikerin)<\/a><\/li>\n<li><a href=\"https:\/\/www.reseau-mesure.com\/de\/cv\/dana-shelby-espinosa-gonzalez-technicien-metrologie\/\">Dana Shelby ESPINOSA GONZALEZ (Messtechnikerin)<\/a><\/li>\n<li><a href=\"https:\/\/www.reseau-mesure.com\/de\/cv\/ibrahima-sow-commercial-en-alternance-2\/\">ibrahima Sau (Kaufm\u00e4nnische Ausbildung)<\/a><\/li>\n<li><a href=\"https:\/\/www.reseau-mesure.com\/de\/cv\/ibrahima-sow-commercial-en-alternance\/\">ibrahima Sau (Kaufm\u00e4nnische Ausbildung)<\/a><\/li>\n<li><a href=\"https:\/\/www.reseau-mesure.com\/de\/cv\/achraf-el-manouar-ingenieur-metrologie-et-instrumentation\/\">ACHRAF EL MANOUAR (Ingenieur f\u00fcr Messtechnik und Instrumentierung)<\/a><\/li>\n<li><a href=\"https:\/\/www.reseau-mesure.com\/de\/cv\/ibrahima-sow-commercial\/\">ibrahima Sau (Werbung)<\/a><\/li>\n<li><a href=\"https:\/\/www.reseau-mesure.com\/de\/cv\/hans-dabeesing-directeur-marketing-et-developpement-commercial\/\">HANS DABEESING (Direktor Marketing und Gesch\u00e4ftsentwicklung)<\/a><\/li>\n<li><a href=\"https:\/\/www.reseau-mesure.com\/de\/cv\/mariem-kaddeche-stage-de-pfe-en-metrologie-qualite-2\/\">Mariem KADDECHE (PFE-Praktikum Qualit\u00e4tsmesstechnik)<\/a><\/li>\n<li><a href=\"https:\/\/www.reseau-mesure.com\/de\/cv\/mariem-kaddeche-stage-de-pfe-en-metrologie-qualite\/\">Mariem KADDECHE (PFE-Praktikum Qualit\u00e4tsmesstechnik)<\/a><\/li>\n<li><a href=\"https:\/\/www.reseau-mesure.com\/de\/cv\/pierre-sarget-technicien-dessais\/\">Pierre SARGET (Testtechniker)<\/a><\/li>\n<li><a href=\"https:\/\/www.reseau-mesure.com\/de\/cv\/sofia-mokrane-alternance-en-nanomateriaux-ou-materiaux-avances\/\">SOFIA MOKRANE (Arbeitsstudium in Nanomaterialien oder Advanced Materials)<\/a><\/li>\n<li><a href=\"https:\/\/www.reseau-mesure.com\/de\/cv\/pierre-antoine-wauquiez-technico-commercial\/\">Pierre-Antoine Wauquiez (Technik-Werbung)<\/a><\/li>\n<li><a href=\"https:\/\/www.reseau-mesure.com\/de\/cv\/marcelin-soares-ferreira-alves-technico-commercial-mesures-physiques-sedentaire\/\">Marcelin Soares Ferreira Alves (technischer Handelsvertreter f\u00fcr sitzende k\u00f6rperliche Ma\u00dfnahmen)<\/a><\/li>\n<li><a href=\"https:\/\/www.reseau-mesure.com\/de\/cv\/geoffrey-mallet-charge-daffaire-technico-commercial-chef-de-projet\/\">Geoffrey MALLET (Gesch\u00e4ftsf\u00fchrer, Technischer Vertriebsmitarbeiter, Projektleiter)<\/a><\/li>\n<li><a href=\"https:\/\/www.reseau-mesure.com\/de\/cv\/nacer-benadda-ingenieur-en-metrologie-qualite-instrumentation-3\/\">Nacer Benadda (Ingenieur f\u00fcr Metrologie \/ Qualit\u00e4t \/ Instrumentierung)<\/a><\/li>\n<li><a href=\"https:\/\/www.reseau-mesure.com\/de\/cv\/hugo-fontaine-alternance-technico-commercial\/\">HUGO FONTAINE (technisch-kaufm\u00e4nnische Ausbildung)<\/a><\/li>\n<li><a href=\"https:\/\/www.reseau-mesure.com\/de\/cv\/coulibaly-soukanlo-technico-commercial-commercial\/\">Coulibaly Soukanlo (Technischer Handelsvertreter)<\/a><\/li>\n<li><a href=\"https:\/\/www.reseau-mesure.com\/de\/cv\/louela-couliou-technico-commercial-en-alternance\/\">Louela COULIOU (Technikerin f\u00fcr Arbeitsstudien)<\/a><\/li>\n<li><a href=\"https:\/\/www.reseau-mesure.com\/de\/cv\/allan-maitrot-poste-de-technico-commercial\/\">Allan Maitrot (Technische Verkaufsposition)<\/a><\/li>\n<li><a href=\"https:\/\/www.reseau-mesure.com\/de\/cv\/jovan-ristic-technico-commercial-mecanique\/\">Jovan Ristic (mechanisch-technisch-kommerziell)<\/a><\/li>\n<li><a href=\"https:\/\/www.reseau-mesure.com\/de\/cv\/quentin-passebosc-technico-commercial-en-alternance\/\">Quentin Passebosc (Arbeitsstudientechniker)<\/a><\/li>\n<li><a href=\"https:\/\/www.reseau-mesure.com\/de\/cv\/thomas-chapuis-technico-commercial\/\">Thomas CHAPUIS (technischer Handelsvertreter)<\/a><\/li>\n<li><a href=\"https:\/\/www.reseau-mesure.com\/de\/cv\/labeesan-srimurugathas-technico-commercial-2\/\">Labeesan Srimurugathas (Technischer Handelsvertreter)<\/a><\/li>\n<li><a href=\"https:\/\/www.reseau-mesure.com\/de\/cv\/azza-elarab-ennakhila-technico-commercial-en-alternance\/\">Azza-elarab ENNAKHILA (technischer Vertriebsmitarbeiter)<\/a><\/li>\n<li><a href=\"https:\/\/www.reseau-mesure.com\/de\/cv\/aimeric-guevel-metrologie\/\">Aimeric Guevel (Metrologie)<\/a><\/li>\n<li><a href=\"https:\/\/www.reseau-mesure.com\/de\/cv\/celia-levraud-stage-marketing-communication\/\">CELIA LEVRAUD (Praktikum in Marketingkommunikation)<\/a><\/li>\n<li><a href=\"https:\/\/www.reseau-mesure.com\/de\/cv\/campagne-de-recrutement-des-alternants-en-mesures-physiques-pour-la-rentree-universitaire-2021-2\/\">Aur\u00e9lie Chr\u00e9tien-Tissot (Professionelle Lizenzmaterialien, Metrologie und Instrumentierung (LP2MI), die einen Arbeitsstudienvertrag f\u00fcr einen Zeitraum von 1 Jahr sucht.)<\/a><\/li>\n<li><a href=\"https:\/\/www.reseau-mesure.com\/de\/cv\/campagne-de-recrutement-des-alternants-en-mesures-physiques-pour-la-rentree-universitaire-2021\/\">Aur\u00e9lie Chr\u00e9tien-Tissot (2. Jahr des Arbeitsstudienprogramms DUT Physical Measurements wird einen 1-Jahres-Vertrag anstreben)<\/a><\/li>\n<li><a href=\"https:\/\/www.reseau-mesure.com\/de\/cv\/alaa-chandar-ingenieur-mecatronique-ingenieur-robotique-ingenieur-automatisation-ingenieur-rd\/\">Alaa Chandar (Mechatroniker, Robotikingenieur, Automatisierungsingenieur, F&amp;E-Ingenieur)<\/a><\/li>\n<li><a href=\"https:\/\/www.reseau-mesure.com\/de\/cv\/technicien-metrologue-controle-qualite\/\">Elodie Lopez (Messtechnikerin \/ Metrologin \/ Qualit\u00e4tskontrollassistentin)<\/a><\/li>\n<li><a href=\"https:\/\/www.reseau-mesure.com\/de\/cv\/danial-masset-technicien-de-mesure\/\">DANIAL MASSET (Messtechniker)<\/a><\/li>\n<li><a href=\"https:\/\/www.reseau-mesure.com\/de\/cv\/david-da-silva-fabiao-controleur-metrologue\/\">David Da Silva Fabiao (Controller \/ Metrologe)<\/a><\/li>\n<li><a href=\"https:\/\/www.reseau-mesure.com\/de\/cv\/grace-ongalla-stage-ingenieur-technico-commercial\/\">Grace ONGALLA (Praktikum als technischer Vertriebsingenieur)<\/a><\/li>\n<li><a href=\"https:\/\/www.reseau-mesure.com\/de\/cv\/adrien-blot-saby-ingenieur-instrumentation-metrologie-qualite\/\">Adrien BLOT-SABY (Instrumentierung \/ Metrologie \/ Qualit\u00e4tsingenieur)<\/a><\/li>\n<li><a href=\"https:\/\/www.reseau-mesure.com\/de\/cv\/ombeline-chartrain-apprentie-technicienne-de-mesures-ou-de-maintenance-ingenieure-detudes\/\">Ombeline Chartrain (Lehrling Mess- oder Wartungstechniker \/ Konstrukteur)<\/a><\/li>\n<li><a href=\"https:\/\/www.reseau-mesure.com\/de\/cv\/didier-chene-technico-commercial-btob\/\">Didier CH\u00e9N\u00e9 (TECHNICO COMMERCIAL B bis B)<\/a><\/li>\n<li><a href=\"https:\/\/www.reseau-mesure.com\/de\/cv\/hafsa-bougria-poste-en-alternance\/\">Hafsa Bougria (AUSBILDUNGSPOSITION - DUT k\u00f6rperliche Ma\u00dfnahmen)<\/a><\/li>\n<li><a href=\"https:\/\/www.reseau-mesure.com\/de\/cv\/massiva-djennane-ingenieur-en-capteurs-instrumentation-et-mesures\/\">Massiva DJENNANE (Sensor-, Instrumentierungs- und Messingenieur)<\/a><\/li>\n<li><a href=\"https:\/\/www.reseau-mesure.com\/de\/cv\/valerie-astaix-metrologue-pharmaceutique\/\">valerie ASTAIX (pharmazeutische Metrologin)<\/a><\/li>\n<li><a href=\"https:\/\/www.reseau-mesure.com\/de\/cv\/frederic-ghoris-technico-commercial-nord\/\">Frederic GHORIS (TECHNICO-COMMERCIAL NORD)<\/a><\/li>\n<li><a href=\"https:\/\/www.reseau-mesure.com\/de\/cv\/loic-mouillet-ingenieur-commercial\/\">Loic Mouillet (Vertriebsingenieur)<\/a><\/li>\n<li><a href=\"https:\/\/www.reseau-mesure.com\/de\/cv\/abir-bendada-alternance-en-metrologie-et-instrumentation\/\">Abir BENDADA (Lehre in Metrologie und Instrumentierung)<\/a><\/li>\n<li><a href=\"https:\/\/www.reseau-mesure.com\/de\/cv\/nazanin-jamshid-sales-marketing-des-equipements-medicaux\/\">Nazanin Jamshid (Vertrieb und Marketing f\u00fcr medizinische Ger\u00e4te)<\/a><\/li>\n<li><a href=\"https:\/\/www.reseau-mesure.com\/de\/cv\/leo-delion-alternance\/\">L\u00e9o Delion (Lehre)<\/a><\/li>\n<li><a href=\"https:\/\/www.reseau-mesure.com\/de\/cv\/ruben-dos-santos-alternance-licence-professionnelle-des-metiers-de-linstrumentation-de-la-mesure-et-du-controle-qualite-lpro-mimcq\/\">Ruben Dos Santos (Berufsgenehmigung der Berufe Instrumentierung, Messung und Qualit\u00e4tskontrolle (LPRO MIMCQ))<\/a><\/li>\n<li><a href=\"https:\/\/www.reseau-mesure.com\/de\/cv\/hadjira-debbou-stage-de-4-mois-assistante-adv-import-export\/\">Hadjira DEBBOU (4 Monate Praktikum - Assistentin (e) ADV Import Export)<\/a><\/li>\n<li><a href=\"https:\/\/www.reseau-mesure.com\/de\/cv\/etudiants-lycee-jules-richard-contrat-pro-licence-professionnelle-technicien-metrologue\/\">Studenten Lyc\u00e9e Jules Richard (Berufsvertrag - Berufslizenz Metrologietechniker)<\/a><\/li>\n<li><a href=\"https:\/\/www.reseau-mesure.com\/de\/cv\/antoine-voge-v-i-e-developpement-commercial\/\">Antoine VOGE (VIE Commercial Development)<\/a><\/li>\n<li><a href=\"https:\/\/www.reseau-mesure.com\/de\/cv\/etudiants-universite-lyon-1-stage-analyses-physicochimiques-analyse-industrielle\/\">Studierende Universit\u00e9 Lyon 1 (Praktikum: Physikochemische Analysen \/ Industrielle Analyse)<\/a><\/li>\n<li><a href=\"https:\/\/www.reseau-mesure.com\/de\/cv\/etudiants-universite-lyon-1-stage-electronique-informatique-et-instrumentation\/\">Studenten der Universit\u00e4t Lyon 1 (Praktikum: Elektronik, Informatik und Instrumentierung)<\/a><\/li>\n<li><a href=\"https:\/\/www.reseau-mesure.com\/de\/cv\/etudiants-universite-lyon-1-stages-analyses-physicochimiques-analyse-industrielle\/\">Studierende Universit\u00e9 Lyon 1 (Praktikum Physikochemische Analyse \/ Industrielle Analyse)<\/a><\/li>\n<li><a href=\"https:\/\/www.reseau-mesure.com\/de\/cv\/maxence-grelet-alternance-en-metrologie-technicien-dessai\/\">Maxence Grelet (Lehre in Messtechnik, Pr\u00fcftechniker.)<\/a><\/li>\n<li><a href=\"https:\/\/www.reseau-mesure.com\/de\/cv\/odile-sabrina-aubame-ingenieur-technico-commercial-instrumentation\/\">Odile Sabrina AUBAME (TECHNICO-COMMERCIAL INSTRUMENTATION ENGINEER)<\/a><\/li>\n<li><a href=\"https:\/\/www.reseau-mesure.com\/de\/cv\/sebastien-deldon-commercial\/\">SEBASTIEN DELDON (KOMMERZIAL)<\/a><\/li>\n<li><a href=\"https:\/\/www.reseau-mesure.com\/de\/cv\/kevin-boni-bamba-recherche-alternance-technicien-reseaux-et-telecommunications-dentreprise\/\">Kevin Boni Bamba (Forschungsarbeitsstudium Netzwerktechniker und Unternehmenstelekommunikation)<\/a><\/li>\n<li><a href=\"https:\/\/www.reseau-mesure.com\/de\/cv\/saber-chettouh-alternance-dans-le-domaine-de-la-mesures\/\">Sabre CHETTOUH (Lehre im Messbereich)<\/a><\/li>\n<li><a href=\"https:\/\/www.reseau-mesure.com\/de\/cv\/marc-romaire-edouard-stage\/\">Marc-romaire EDOUARD (Praktikum)<\/a><\/li>\n<li><a href=\"https:\/\/www.reseau-mesure.com\/de\/cv\/nacer-benadda-ingenieur-en-metrologie-qualite-instrumentation-2\/\">Nacer Benadda (Messtechnik- \/ Qualit\u00e4ts- \/ Instrumentierungsingenieur)<\/a><\/li>\n<li><a href=\"https:\/\/www.reseau-mesure.com\/de\/cv\/jeremy-augustine-alternance-en-metrologie\/\">J\u00e9r\u00e9my Augustine (Lehre in Metrologie)<\/a><\/li>\n<li><a href=\"https:\/\/www.reseau-mesure.com\/de\/cv\/nacer-benadda-ingenieur-en-metrologie-qualite-instrumentation\/\">Nacer Benadda (Ingenieur f\u00fcr Metrologie \/ Qualit\u00e4t \/ Instrumentierung)<\/a><\/li>\n<li><a href=\"https:\/\/www.reseau-mesure.com\/de\/cv\/wildrey-nkoma-opissi-alternance-en-instrumentation-ou-metrologie\/\">Wildrey Nkoma Opissi (Lehre in Instrumentierung oder Metrologie)<\/a><\/li>\n<li><a href=\"https:\/\/www.reseau-mesure.com\/de\/cv\/alternance-licence-professionnelle-de-metrologue-dentreprise-va-debuter-en-octobre-prochain-et-les-futurs-etudiants-du-lycee-jules-richard-sont-actuellement-a-la-recherche-de-leurs-entrepri\/\">Jules Richard Lyc\u00e9e (Alternative - Berufslizenz in Unternehmensmetrologie)<\/a><\/li>\n<li><a href=\"https:\/\/www.reseau-mesure.com\/de\/cv\/reda-rtimi-alternance-master-2\/\">Reda Rtimi (ALTERNANCE MASTER 2 &quot;Konzeption, instrumentelle Entwicklung und Messung&quot;)<\/a><\/li>\n<li><a href=\"https:\/\/www.reseau-mesure.com\/de\/cv\/maxence-grelet-alternance-pour-un-dut-mesure-physique\/\">Maxence Grelet (Abwechslung f\u00fcr eine physikalische Ma\u00dfnahme)<\/a><\/li>\n<li><a href=\"https:\/\/www.reseau-mesure.com\/de\/cv\/ayoub-benayad-ingenieur-projet\/\">Ayoub Benayad (Projektingenieur)<\/a><\/li>\n<li><a href=\"https:\/\/www.reseau-mesure.com\/de\/cv\/souad-kouzabidila-stage-de-3-mois-a-partir-de-mai-2020\/\">Souad Kouzabidila (3-monatiges Praktikum ab Mai 2020)<\/a><\/li>\n<li><a href=\"https:\/\/www.reseau-mesure.com\/de\/cv\/fabrice-bernard-responsable-commercial\/\">Fabrice BERNARD (VERKAUFSMANAGER)<\/a><\/li>\n<li><a href=\"https:\/\/www.reseau-mesure.com\/de\/cv\/chargee-de-communication-numerique-proposee-par-le-geyvo\/\">B\u00e9atrice G. GEYVO (Beauftragte f\u00fcr digitale Kommunikation bei Timeshare)<\/a><\/li>\n<li><a href=\"https:\/\/www.reseau-mesure.com\/de\/cv\/estelle-duflot-technique-commercial-communication\/\">ESTELLE DUFLOT (TECHNISCH - KOMMERZIAL - KOMMUNIKATION)<\/a><\/li>\n<li><a href=\"https:\/\/www.reseau-mesure.com\/de\/cv\/mehdi-bounnite-technicien-mesures-physiques-en-alternance\/\">Mehdi Bounnite (Techniker f\u00fcr physikalische Messungen im Arbeitsstudium)<\/a><\/li>\n<li><a href=\"https:\/\/www.reseau-mesure.com\/de\/cv\/jean-grosser-formateur-externe-dequipes-technico-commerciales-directeur-commercial-a-temps-partage-apres-une-carriere-dans-la-commercialisation-de-capteurs-et-dinstrumentation-de-mesure-2\/\">Jean GROSSER (Externer Trainer von technisch-kaufm\u00e4nnischen Teams - Teilzeit-Vertriebsleiter nach einer Karriere in der Vermarktung von Sensoren und Messinstrumenten)<\/a><\/li>\n<li><a href=\"https:\/\/www.reseau-mesure.com\/de\/cv\/christelle-dedeystere-charge-de-communication\/\">Christelle Dedeystere (Kommunikationsbeauftragte)<\/a><\/li>\n<li><a href=\"https:\/\/www.reseau-mesure.com\/de\/cv\/pierre-alain-mosis-metrologie-controle-qualite-des-materiaux\/\">Pierre alain MOSIS (Qualit\u00e4tskontrollmetrologie von Materialien)<\/a><\/li>\n<li><a href=\"https:\/\/www.reseau-mesure.com\/de\/cv\/sukaina-nazeer-ahamed-technicienne-dans-le-domaine-du-genie-electrique-et-ou-informatique-industrielle\/\">Sukaina NAZEER AHAMED (Technikerin auf dem Gebiet der Elektrotechnik und \/ oder Industrie-IT)<\/a><\/li>\n<li><a href=\"https:\/\/www.reseau-mesure.com\/de\/cv\/recrutement-alternants-2019-2\/\">DUT-Diplom f\u00fcr physikalische Messungen in der Lehre - CNAM \/ CFA Val\u00e9rie BONNAMY - Beauftragte f\u00fcr Unternehmensbeziehungen (Lehrvertrag)<\/a><\/li>\n<li><a href=\"https:\/\/www.reseau-mesure.com\/de\/cv\/thomas-henry-technicien-metrologue\/\">Thomas HENRY (Messtechniker)<\/a><\/li>\n<li><a href=\"https:\/\/www.reseau-mesure.com\/de\/cv\/gillles-rhone-ingenieur-technico-commercial-mise-a-jour-de-mon-cv-2\/\">Gillles RHONE (Technischer Vertriebsingenieur)<\/a><\/li>\n<li><a href=\"https:\/\/www.reseau-mesure.com\/de\/cv\/recrutement-alternants-2019\/\">IUT Orsay - Aur\u00e9lie CHRETIEN-TISSOT - Ausbildungsabteilung (Arbeitsstudienvertrag (Pr\u00fcfling oder Berufsgenehmigung))<\/a><\/li>\n<li><a href=\"https:\/\/www.reseau-mesure.com\/de\/cv\/sandrine-huet-responsable-des-achats\/\">SANDRINE HUET (Einkaufsleiterin)<\/a><\/li>\n<li><a href=\"https:\/\/www.reseau-mesure.com\/de\/cv\/hammadi-selmi-responsable-metrologie\/\">Hammadi Selmi (Metrologiemanager)<\/a><\/li>\n<li><a href=\"https:\/\/www.reseau-mesure.com\/de\/cv\/sebastien-mechain-ingenieur-technico-commercial\/\">S\u00e9bastien MECHAIN (TECHNICAL COMMERCIAL ENGINEER)<\/a><\/li>\n<li><a href=\"https:\/\/www.reseau-mesure.com\/de\/cv\/soufiane-barrazzouq-business-developer-responsable-technico-commercial\/\">Soufiane BARRAZZOUQ (Gesch\u00e4ftsentwicklerin \/ Technische Verkaufsleiterin)<\/a><\/li>\n<li><a href=\"https:\/\/www.reseau-mesure.com\/de\/cv\/mohamed-ait-amalik-mission-au-maroc-et-bureau-de-liaison\/\">Mohamed AIT AMALIK (Mission in Marokko)<\/a><\/li>\n<\/ul>\n<h2 class=\"wsp-custom_cat_types-title\">Art des Ortes<\/h2>\n<ul class=\"wsp-custom_cat_types-list\">\n<li><a href=\"https:\/\/www.reseau-mesure.com\/de\/type-lieu\/bar-a-cocktail\/\">Cocktailbar<\/a><\/li>\n<li><a href=\"https:\/\/www.reseau-mesure.com\/de\/type-lieu\/caviste\/\">Weinh\u00e4ndler<\/a><\/li>\n<li><a href=\"https:\/\/www.reseau-mesure.com\/de\/type-lieu\/hotel\/\">Hotel<\/a><\/li>\n<li><a href=\"https:\/\/www.reseau-mesure.com\/de\/type-lieu\/restaurant\/\">Restaurant<\/a><\/li>\n<\/ul>\n<\/div>","protected":false},"excerpt":{"rendered":"<p>Sitemap Entdecken Sie die Sitemap unten:<\/p>","protected":false},"author":685,"featured_media":0,"parent":0,"menu_order":0,"comment_status":"closed","ping_status":"closed","template":"","meta":{"_acf_changed":false,"footnotes":""},"class_list":["post-50","page","type-page","status-publish","hentry"],"acf":[],"yoast_head":"<!-- This site is optimized with the Yoast SEO plugin v27.5 - https:\/\/yoast.com\/product\/yoast-seo-wordpress\/ -->\n<title>Plan du site - R\u00e9seau Mesure<\/title>\n<meta name=\"description\" content=\"Le plan du site du R\u00e9seau Mesure vous permet de retrouver nos pages et le contenu tr\u00e8s rapidement et facilement. Profitez-en ?\" \/>\n<meta name=\"robots\" content=\"index, follow, max-snippet:-1, max-image-preview:large, max-video-preview:-1\" \/>\n<link rel=\"canonical\" href=\"https:\/\/www.reseau-mesure.com\/de\/plan-du-site\/\" \/>\n<meta property=\"og:locale\" content=\"de_DE\" \/>\n<meta property=\"og:type\" content=\"article\" \/>\n<meta property=\"og:title\" content=\"Plan du site - R\u00e9seau Mesure\" \/>\n<meta property=\"og:description\" content=\"Le plan du site du R\u00e9seau Mesure vous permet de retrouver nos pages et le contenu tr\u00e8s rapidement et facilement. Profitez-en ?\" \/>\n<meta property=\"og:url\" content=\"https:\/\/www.reseau-mesure.com\/de\/plan-du-site\/\" \/>\n<meta property=\"og:site_name\" content=\"R\u00e9seau Mesure\" \/>\n<meta property=\"article:publisher\" content=\"https:\/\/www.facebook.com\/reseaumesure\/\" \/>\n<meta property=\"article:modified_time\" content=\"2018-11-03T09:38:59+00:00\" \/>\n<meta property=\"og:image\" content=\"https:\/\/www.reseau-mesure.com\/wp-content\/uploads\/2018\/11\/shutterstock_200804189-300x225.jpg\" \/>\n<meta name=\"twitter:card\" content=\"summary_large_image\" \/>\n<meta name=\"twitter:site\" content=\"@ReseauMesure\" \/>\n<script type=\"application\/ld+json\" class=\"yoast-schema-graph\">{\"@context\":\"https:\\\/\\\/schema.org\",\"@graph\":[{\"@type\":\"WebPage\",\"@id\":\"https:\\\/\\\/www.reseau-mesure.com\\\/plan-du-site\\\/\",\"url\":\"https:\\\/\\\/www.reseau-mesure.com\\\/plan-du-site\\\/\",\"name\":\"Plan du site - R\u00e9seau Mesure\",\"isPartOf\":{\"@id\":\"https:\\\/\\\/www.reseau-mesure.com\\\/#website\"},\"primaryImageOfPage\":{\"@id\":\"https:\\\/\\\/www.reseau-mesure.com\\\/plan-du-site\\\/#primaryimage\"},\"image\":{\"@id\":\"https:\\\/\\\/www.reseau-mesure.com\\\/plan-du-site\\\/#primaryimage\"},\"thumbnailUrl\":\"https:\\\/\\\/www.reseau-mesure.com\\\/wp-content\\\/uploads\\\/2018\\\/11\\\/shutterstock_200804189-300x225.jpg\",\"datePublished\":\"2017-10-30T17:36:19+00:00\",\"dateModified\":\"2018-11-03T09:38:59+00:00\",\"description\":\"Le plan du site du R\u00e9seau Mesure vous permet de retrouver nos pages et le contenu tr\u00e8s rapidement et facilement. Profitez-en ?\",\"breadcrumb\":{\"@id\":\"https:\\\/\\\/www.reseau-mesure.com\\\/plan-du-site\\\/#breadcrumb\"},\"inLanguage\":\"de\",\"potentialAction\":[{\"@type\":\"ReadAction\",\"target\":[\"https:\\\/\\\/www.reseau-mesure.com\\\/plan-du-site\\\/\"]}]},{\"@type\":\"ImageObject\",\"inLanguage\":\"de\",\"@id\":\"https:\\\/\\\/www.reseau-mesure.com\\\/plan-du-site\\\/#primaryimage\",\"url\":\"https:\\\/\\\/www.reseau-mesure.com\\\/wp-content\\\/uploads\\\/2018\\\/11\\\/shutterstock_200804189-300x225.jpg\",\"contentUrl\":\"https:\\\/\\\/www.reseau-mesure.com\\\/wp-content\\\/uploads\\\/2018\\\/11\\\/shutterstock_200804189-300x225.jpg\"},{\"@type\":\"BreadcrumbList\",\"@id\":\"https:\\\/\\\/www.reseau-mesure.com\\\/plan-du-site\\\/#breadcrumb\",\"itemListElement\":[{\"@type\":\"ListItem\",\"position\":1,\"name\":\"Accueil\",\"item\":\"https:\\\/\\\/www.reseau-mesure.com\\\/\"},{\"@type\":\"ListItem\",\"position\":2,\"name\":\"Plan du site\"}]},{\"@type\":\"WebSite\",\"@id\":\"https:\\\/\\\/www.reseau-mesure.com\\\/#website\",\"url\":\"https:\\\/\\\/www.reseau-mesure.com\\\/\",\"name\":\"R\u00e9seau-Mesure\",\"description\":\"R\u00e9seau Mesure\",\"publisher\":{\"@id\":\"https:\\\/\\\/www.reseau-mesure.com\\\/#organization\"},\"potentialAction\":[{\"@type\":\"SearchAction\",\"target\":{\"@type\":\"EntryPoint\",\"urlTemplate\":\"https:\\\/\\\/www.reseau-mesure.com\\\/?s={search_term_string}\"},\"query-input\":{\"@type\":\"PropertyValueSpecification\",\"valueRequired\":true,\"valueName\":\"search_term_string\"}}],\"inLanguage\":\"de\"},{\"@type\":\"Organization\",\"@id\":\"https:\\\/\\\/www.reseau-mesure.com\\\/#organization\",\"name\":\"R\u00e9seau-Mesure\",\"url\":\"https:\\\/\\\/www.reseau-mesure.com\\\/\",\"logo\":{\"@type\":\"ImageObject\",\"inLanguage\":\"de\",\"@id\":\"https:\\\/\\\/www.reseau-mesure.com\\\/#\\\/schema\\\/logo\\\/image\\\/\",\"url\":\"https:\\\/\\\/www.reseau-mesure.com\\\/wp-content\\\/uploads\\\/2018\\\/02\\\/logo-max.png\",\"contentUrl\":\"https:\\\/\\\/www.reseau-mesure.com\\\/wp-content\\\/uploads\\\/2018\\\/02\\\/logo-max.png\",\"width\":545,\"height\":285,\"caption\":\"R\u00e9seau-Mesure\"},\"image\":{\"@id\":\"https:\\\/\\\/www.reseau-mesure.com\\\/#\\\/schema\\\/logo\\\/image\\\/\"},\"sameAs\":[\"https:\\\/\\\/www.facebook.com\\\/reseaumesure\\\/\",\"https:\\\/\\\/x.com\\\/ReseauMesure\",\"https:\\\/\\\/www.linkedin.com\\\/company\\\/reseau-mesure\\\/\"]}]}<\/script>\n<!-- \/ Yoast SEO plugin. -->","yoast_head_json":{"title":"Plan du site - R\u00e9seau Mesure","description":"Le plan du site du R\u00e9seau Mesure vous permet de retrouver nos pages et le contenu tr\u00e8s rapidement et facilement. Profitez-en ?","robots":{"index":"index","follow":"follow","max-snippet":"max-snippet:-1","max-image-preview":"max-image-preview:large","max-video-preview":"max-video-preview:-1"},"canonical":"https:\/\/www.reseau-mesure.com\/de\/plan-du-site\/","og_locale":"de_DE","og_type":"article","og_title":"Plan du site - R\u00e9seau Mesure","og_description":"Le plan du site du R\u00e9seau Mesure vous permet de retrouver nos pages et le contenu tr\u00e8s rapidement et facilement. Profitez-en ?","og_url":"https:\/\/www.reseau-mesure.com\/de\/plan-du-site\/","og_site_name":"R\u00e9seau Mesure","article_publisher":"https:\/\/www.facebook.com\/reseaumesure\/","article_modified_time":"2018-11-03T09:38:59+00:00","og_image":[{"url":"https:\/\/www.reseau-mesure.com\/wp-content\/uploads\/2018\/11\/shutterstock_200804189-300x225.jpg","type":"","width":"","height":""}],"twitter_card":"summary_large_image","twitter_site":"@ReseauMesure","schema":{"@context":"https:\/\/schema.org","@graph":[{"@type":"WebPage","@id":"https:\/\/www.reseau-mesure.com\/plan-du-site\/","url":"https:\/\/www.reseau-mesure.com\/plan-du-site\/","name":"Plan du site - R\u00e9seau Mesure","isPartOf":{"@id":"https:\/\/www.reseau-mesure.com\/#website"},"primaryImageOfPage":{"@id":"https:\/\/www.reseau-mesure.com\/plan-du-site\/#primaryimage"},"image":{"@id":"https:\/\/www.reseau-mesure.com\/plan-du-site\/#primaryimage"},"thumbnailUrl":"https:\/\/www.reseau-mesure.com\/wp-content\/uploads\/2018\/11\/shutterstock_200804189-300x225.jpg","datePublished":"2017-10-30T17:36:19+00:00","dateModified":"2018-11-03T09:38:59+00:00","description":"Le plan du site du R\u00e9seau Mesure vous permet de retrouver nos pages et le contenu tr\u00e8s rapidement et facilement. Profitez-en ?","breadcrumb":{"@id":"https:\/\/www.reseau-mesure.com\/plan-du-site\/#breadcrumb"},"inLanguage":"de","potentialAction":[{"@type":"ReadAction","target":["https:\/\/www.reseau-mesure.com\/plan-du-site\/"]}]},{"@type":"ImageObject","inLanguage":"de","@id":"https:\/\/www.reseau-mesure.com\/plan-du-site\/#primaryimage","url":"https:\/\/www.reseau-mesure.com\/wp-content\/uploads\/2018\/11\/shutterstock_200804189-300x225.jpg","contentUrl":"https:\/\/www.reseau-mesure.com\/wp-content\/uploads\/2018\/11\/shutterstock_200804189-300x225.jpg"},{"@type":"BreadcrumbList","@id":"https:\/\/www.reseau-mesure.com\/plan-du-site\/#breadcrumb","itemListElement":[{"@type":"ListItem","position":1,"name":"Accueil","item":"https:\/\/www.reseau-mesure.com\/"},{"@type":"ListItem","position":2,"name":"Plan du site"}]},{"@type":"WebSite","@id":"https:\/\/www.reseau-mesure.com\/#website","url":"https:\/\/www.reseau-mesure.com\/","name":"Netzwerk-Messung","description":"Netzwerkma\u00dfnahme","publisher":{"@id":"https:\/\/www.reseau-mesure.com\/#organization"},"potentialAction":[{"@type":"SearchAction","target":{"@type":"EntryPoint","urlTemplate":"https:\/\/www.reseau-mesure.com\/?s={search_term_string}"},"query-input":{"@type":"PropertyValueSpecification","valueRequired":true,"valueName":"search_term_string"}}],"inLanguage":"de"},{"@type":"Organization","@id":"https:\/\/www.reseau-mesure.com\/#organization","name":"Netzwerk-Messung","url":"https:\/\/www.reseau-mesure.com\/","logo":{"@type":"ImageObject","inLanguage":"de","@id":"https:\/\/www.reseau-mesure.com\/#\/schema\/logo\/image\/","url":"https:\/\/www.reseau-mesure.com\/wp-content\/uploads\/2018\/02\/logo-max.png","contentUrl":"https:\/\/www.reseau-mesure.com\/wp-content\/uploads\/2018\/02\/logo-max.png","width":545,"height":285,"caption":"R\u00e9seau-Mesure"},"image":{"@id":"https:\/\/www.reseau-mesure.com\/#\/schema\/logo\/image\/"},"sameAs":["https:\/\/www.facebook.com\/reseaumesure\/","https:\/\/x.com\/ReseauMesure","https:\/\/www.linkedin.com\/company\/reseau-mesure\/"]}]}},"_links":{"self":[{"href":"https:\/\/www.reseau-mesure.com\/de\/wp-json\/wp\/v2\/pages\/50","targetHints":{"allow":["GET"]}}],"collection":[{"href":"https:\/\/www.reseau-mesure.com\/de\/wp-json\/wp\/v2\/pages"}],"about":[{"href":"https:\/\/www.reseau-mesure.com\/de\/wp-json\/wp\/v2\/types\/page"}],"author":[{"embeddable":true,"href":"https:\/\/www.reseau-mesure.com\/de\/wp-json\/wp\/v2\/users\/685"}],"replies":[{"embeddable":true,"href":"https:\/\/www.reseau-mesure.com\/de\/wp-json\/wp\/v2\/comments?post=50"}],"version-history":[{"count":0,"href":"https:\/\/www.reseau-mesure.com\/de\/wp-json\/wp\/v2\/pages\/50\/revisions"}],"wp:attachment":[{"href":"https:\/\/www.reseau-mesure.com\/de\/wp-json\/wp\/v2\/media?parent=50"}],"curies":[{"name":"wp","href":"https:\/\/api.w.org\/{rel}","templated":true}]}}