{"id":591,"date":"2018-01-04T17:19:22","date_gmt":"2018-01-04T16:19:22","guid":{"rendered":"http:\/\/reseau-mesure.fr\/?page_id=591"},"modified":"2021-02-25T17:18:44","modified_gmt":"2021-02-25T16:18:44","slug":"groupesdetravail","status":"publish","type":"page","link":"https:\/\/www.reseau-mesure.com\/de\/groupesdetravail\/","title":{"rendered":"Arbeitsgruppen"},"content":{"rendered":"&nbsp;\r\n<h2 style=\"color: #;\">Entwickeln Sie kooperative Synergien Arbeitsgruppen<\/h2>\r\n<b>Verst\u00e4rken Sie die Kommunikation mit kontrollierten Budgets.<\/b>\r\n\r\n<em>\u201eDank des Messnetzwerks konnte ich davon profitieren <b>sehr wettbewerbsf\u00e4hige Preise <\/b>zu entwickeln <b>Sichtweite<\/b> meiner Firma und meiner Produkte auf industriellen Webportalen. Au\u00dferdem kann ich <b>kostenlos \u00fcbertragen <\/b>Informationen, die in der Fachpresse im Rahmen der Partnerschaften des R\u00e9seau Mesure Media Plan, I, weitergegeben werden <b>Reduzieren Sie daher meine Kosten <\/b>von Werbepublikationen. &quot;&quot;<\/em>\r\n<strong style=\"font-size: 12px;\"><em>Christophe Bracon - WIMESURE<\/em><\/strong>\r\n\r\nDas Measurement Network erm\u00f6glicht es Ihnen, von Vorzugspreisen und privilegierten Kommunikationsm\u00f6glichkeiten mit unseren 14 Pressepartnern zu profitieren:\r\n\r\n<b>Eine Presse \/ Web-Partnerschaft:<\/b>\r\n<ul>\r\n \t<li>Virtuelle St\u00e4nde<\/li>\r\n \t<li>Infomercials<\/li>\r\n \t<li>E-Mail<\/li>\r\n \t<li>Spezifisches Angebot im Kleinanzeigenmarkt Ma\u00dfnahmen<\/li>\r\n \t<li>Verworfene Beilagen<\/li>\r\n \t<li>Newsletter-Weiterleitung<\/li>\r\n \t<li>Webproduktpr\u00e4senz<\/li>\r\n \t<li>Werbebanner<\/li>\r\n \t<li>Komplettes Webangebot \u2026<\/li>\r\n<\/ul>\r\n<img loading=\"lazy\" decoding=\"async\" src=\"https:\/\/www.reseau-mesure.com\/wp-content\/uploads\/2018\/01\/1000-merci.jpg\" alt=\"les partenaires communication presse R\u00e9seau Mesure\" width=\"676\" height=\"325\" \/>\r\nPartnerlogos dr\u00fccken\r\n<a role=\"button\" href=\"https:\/\/www.reseau-mesure.com\/wp-content\/uploads\/2018\/01\/PLAN-MEDIA-2017-RESEAU-MESURE-1.pdf\" target=\"_self\" rel=\"noopener\">\r\nLaden Sie den Medienplan herunter\r\n<\/a>\r\n\r\n<strong>Verwenden Sie digitale Kommunikation oder m\u00f6chten Sie sie f\u00fcr Ihr Unternehmen entwickeln?<\/strong>\r\n\r\n<a href=\"mailto:eduflot@reseau-mesure.com\">Treten Sie der Arbeitsgruppe &quot;Digitale Kommunikation&quot; bei<\/a>, ein Raum f\u00fcr den Austausch und <a href=\"https:\/\/www.reseau-mesure.com\/de\/formation\/\">Ausbildung<\/a>.\r\n\r\n<a href=\"http:\/\/www.lmdindustrie.com\/\" target=\"_self\" rel=\"noopener\">\r\n<img loading=\"lazy\" decoding=\"async\" src=\"https:\/\/www.reseau-mesure.com\/wp-content\/uploads\/2018\/01\/logo-LMDI-e1515075793823.jpg\" alt=\"Le Monde de l'Industrie\" width=\"300\" height=\"118\" \/>\r\n<\/a>\r\n<img loading=\"lazy\" decoding=\"async\" src=\"https:\/\/www.reseau-mesure.com\/wp-content\/uploads\/2018\/01\/logo-LMDI-300x118.jpg\" alt=\"Le Monde de l'Industrie\" width=\"300\" height=\"118\" \/>\r\n<img loading=\"lazy\" decoding=\"async\" src=\"https:\/\/www.reseau-mesure.com\/wp-content\/uploads\/2018\/01\/Logo_InfoChimie-002-300x63.jpg\" alt=\"Plan Media logo InfoChimie\" width=\"300\" height=\"63\" \/>\r\n<a role=\"button\" target=\"_self\" rel=\"noopener\">\r\nLaden Sie das Protokoll der letzten Besprechung herunter\r\n<\/a>\r\nOder greifen Sie auf alle Besprechungsberichte zu\r\n&nbsp;","protected":false},"excerpt":{"rendered":"<p>&nbsp; Entwickeln Sie kooperative Synergien Arbeitsgruppen Verst\u00e4rken Sie die Kommunikation mit kontrollierten Budgets. \u201eDank des Measurement Network konnte ich von sehr wettbewerbsf\u00e4higen Tarifen profitieren, um die Sichtbarkeit meines Unternehmens und meiner Produkte auf industriellen Webportalen zu verbessern. Dar\u00fcber hinaus kann ich Informationen, die in der Fachpresse weitergegeben werden, frei verteilen ...<\/p>","protected":false},"author":685,"featured_media":0,"parent":0,"menu_order":0,"comment_status":"closed","ping_status":"closed","template":"","meta":{"_acf_changed":false,"footnotes":""},"class_list":["post-591","page","type-page","status-publish","hentry"],"acf":[],"yoast_head":"<!-- This site is optimized with the Yoast SEO plugin v27.5 - https:\/\/yoast.com\/product\/yoast-seo-wordpress\/ -->\n<title>Groupes de Travail - R\u00e9seau Mesure<\/title>\n<meta name=\"description\" content=\"Les groupes de travail du R\u00e9seau Mesure sont les piliers de nos actions mutualis\u00e9es. Ils permettent \u00e0 nos membres de travailler ensemble.\" \/>\n<meta name=\"robots\" content=\"index, follow, max-snippet:-1, max-image-preview:large, max-video-preview:-1\" \/>\n<link rel=\"canonical\" href=\"https:\/\/www.reseau-mesure.com\/de\/groupesdetravail\/\" \/>\n<meta property=\"og:locale\" content=\"de_DE\" \/>\n<meta property=\"og:type\" content=\"article\" \/>\n<meta property=\"og:title\" content=\"Groupes de Travail - R\u00e9seau Mesure\" \/>\n<meta property=\"og:description\" content=\"Les groupes de travail du R\u00e9seau Mesure sont les piliers de nos actions mutualis\u00e9es. Ils permettent \u00e0 nos membres de travailler ensemble.\" \/>\n<meta property=\"og:url\" content=\"https:\/\/www.reseau-mesure.com\/de\/groupesdetravail\/\" \/>\n<meta property=\"og:site_name\" content=\"R\u00e9seau Mesure\" \/>\n<meta property=\"article:publisher\" content=\"https:\/\/www.facebook.com\/reseaumesure\/\" \/>\n<meta property=\"article:modified_time\" content=\"2021-02-25T16:18:44+00:00\" \/>\n<meta property=\"og:image\" content=\"https:\/\/www.reseau-mesure.com\/wp-content\/uploads\/2018\/01\/1000-merci.jpg\" \/>\n<meta name=\"twitter:card\" content=\"summary_large_image\" \/>\n<meta name=\"twitter:site\" content=\"@ReseauMesure\" \/>\n<meta name=\"twitter:label1\" content=\"Gesch\u00e4tzte Lesezeit\" \/>\n\t<meta name=\"twitter:data1\" content=\"1\u00a0Minute\" \/>\n<script type=\"application\/ld+json\" class=\"yoast-schema-graph\">{\"@context\":\"https:\\\/\\\/schema.org\",\"@graph\":[{\"@type\":\"WebPage\",\"@id\":\"https:\\\/\\\/www.reseau-mesure.com\\\/en\\\/groupesdetravail\\\/\",\"url\":\"https:\\\/\\\/www.reseau-mesure.com\\\/en\\\/groupesdetravail\\\/\",\"name\":\"Groupes de Travail - R\u00e9seau Mesure\",\"isPartOf\":{\"@id\":\"https:\\\/\\\/www.reseau-mesure.com\\\/#website\"},\"primaryImageOfPage\":{\"@id\":\"https:\\\/\\\/www.reseau-mesure.com\\\/en\\\/groupesdetravail\\\/#primaryimage\"},\"image\":{\"@id\":\"https:\\\/\\\/www.reseau-mesure.com\\\/en\\\/groupesdetravail\\\/#primaryimage\"},\"thumbnailUrl\":\"https:\\\/\\\/www.reseau-mesure.com\\\/wp-content\\\/uploads\\\/2018\\\/01\\\/1000-merci.jpg\",\"datePublished\":\"2018-01-04T16:19:22+00:00\",\"dateModified\":\"2021-02-25T16:18:44+00:00\",\"description\":\"Les groupes de travail du R\u00e9seau Mesure sont les piliers de nos actions mutualis\u00e9es. Ils permettent \u00e0 nos membres de travailler ensemble.\",\"breadcrumb\":{\"@id\":\"https:\\\/\\\/www.reseau-mesure.com\\\/en\\\/groupesdetravail\\\/#breadcrumb\"},\"inLanguage\":\"de\",\"potentialAction\":[{\"@type\":\"ReadAction\",\"target\":[\"https:\\\/\\\/www.reseau-mesure.com\\\/en\\\/groupesdetravail\\\/\"]}]},{\"@type\":\"ImageObject\",\"inLanguage\":\"de\",\"@id\":\"https:\\\/\\\/www.reseau-mesure.com\\\/en\\\/groupesdetravail\\\/#primaryimage\",\"url\":\"https:\\\/\\\/www.reseau-mesure.com\\\/wp-content\\\/uploads\\\/2018\\\/01\\\/1000-merci.jpg\",\"contentUrl\":\"https:\\\/\\\/www.reseau-mesure.com\\\/wp-content\\\/uploads\\\/2018\\\/01\\\/1000-merci.jpg\"},{\"@type\":\"BreadcrumbList\",\"@id\":\"https:\\\/\\\/www.reseau-mesure.com\\\/en\\\/groupesdetravail\\\/#breadcrumb\",\"itemListElement\":[{\"@type\":\"ListItem\",\"position\":1,\"name\":\"Accueil\",\"item\":\"https:\\\/\\\/www.reseau-mesure.com\\\/\"},{\"@type\":\"ListItem\",\"position\":2,\"name\":\"Groupes de Travail\"}]},{\"@type\":\"WebSite\",\"@id\":\"https:\\\/\\\/www.reseau-mesure.com\\\/#website\",\"url\":\"https:\\\/\\\/www.reseau-mesure.com\\\/\",\"name\":\"R\u00e9seau-Mesure\",\"description\":\"R\u00e9seau Mesure\",\"publisher\":{\"@id\":\"https:\\\/\\\/www.reseau-mesure.com\\\/#organization\"},\"potentialAction\":[{\"@type\":\"SearchAction\",\"target\":{\"@type\":\"EntryPoint\",\"urlTemplate\":\"https:\\\/\\\/www.reseau-mesure.com\\\/?s={search_term_string}\"},\"query-input\":{\"@type\":\"PropertyValueSpecification\",\"valueRequired\":true,\"valueName\":\"search_term_string\"}}],\"inLanguage\":\"de\"},{\"@type\":\"Organization\",\"@id\":\"https:\\\/\\\/www.reseau-mesure.com\\\/#organization\",\"name\":\"R\u00e9seau-Mesure\",\"url\":\"https:\\\/\\\/www.reseau-mesure.com\\\/\",\"logo\":{\"@type\":\"ImageObject\",\"inLanguage\":\"de\",\"@id\":\"https:\\\/\\\/www.reseau-mesure.com\\\/#\\\/schema\\\/logo\\\/image\\\/\",\"url\":\"https:\\\/\\\/www.reseau-mesure.com\\\/wp-content\\\/uploads\\\/2018\\\/02\\\/logo-max.png\",\"contentUrl\":\"https:\\\/\\\/www.reseau-mesure.com\\\/wp-content\\\/uploads\\\/2018\\\/02\\\/logo-max.png\",\"width\":545,\"height\":285,\"caption\":\"R\u00e9seau-Mesure\"},\"image\":{\"@id\":\"https:\\\/\\\/www.reseau-mesure.com\\\/#\\\/schema\\\/logo\\\/image\\\/\"},\"sameAs\":[\"https:\\\/\\\/www.facebook.com\\\/reseaumesure\\\/\",\"https:\\\/\\\/x.com\\\/ReseauMesure\",\"https:\\\/\\\/www.linkedin.com\\\/company\\\/reseau-mesure\\\/\"]}]}<\/script>\n<!-- \/ Yoast SEO plugin. -->","yoast_head_json":{"title":"Groupes de Travail - R\u00e9seau Mesure","description":"Les groupes de travail du R\u00e9seau Mesure sont les piliers de nos actions mutualis\u00e9es. Ils permettent \u00e0 nos membres de travailler ensemble.","robots":{"index":"index","follow":"follow","max-snippet":"max-snippet:-1","max-image-preview":"max-image-preview:large","max-video-preview":"max-video-preview:-1"},"canonical":"https:\/\/www.reseau-mesure.com\/de\/groupesdetravail\/","og_locale":"de_DE","og_type":"article","og_title":"Groupes de Travail - R\u00e9seau Mesure","og_description":"Les groupes de travail du R\u00e9seau Mesure sont les piliers de nos actions mutualis\u00e9es. Ils permettent \u00e0 nos membres de travailler ensemble.","og_url":"https:\/\/www.reseau-mesure.com\/de\/groupesdetravail\/","og_site_name":"R\u00e9seau Mesure","article_publisher":"https:\/\/www.facebook.com\/reseaumesure\/","article_modified_time":"2021-02-25T16:18:44+00:00","og_image":[{"url":"https:\/\/www.reseau-mesure.com\/wp-content\/uploads\/2018\/01\/1000-merci.jpg","type":"","width":"","height":""}],"twitter_card":"summary_large_image","twitter_site":"@ReseauMesure","twitter_misc":{"Gesch\u00e4tzte Lesezeit":"1\u00a0Minute"},"schema":{"@context":"https:\/\/schema.org","@graph":[{"@type":"WebPage","@id":"https:\/\/www.reseau-mesure.com\/en\/groupesdetravail\/","url":"https:\/\/www.reseau-mesure.com\/en\/groupesdetravail\/","name":"Groupes de Travail - R\u00e9seau Mesure","isPartOf":{"@id":"https:\/\/www.reseau-mesure.com\/#website"},"primaryImageOfPage":{"@id":"https:\/\/www.reseau-mesure.com\/en\/groupesdetravail\/#primaryimage"},"image":{"@id":"https:\/\/www.reseau-mesure.com\/en\/groupesdetravail\/#primaryimage"},"thumbnailUrl":"https:\/\/www.reseau-mesure.com\/wp-content\/uploads\/2018\/01\/1000-merci.jpg","datePublished":"2018-01-04T16:19:22+00:00","dateModified":"2021-02-25T16:18:44+00:00","description":"Les groupes de travail du R\u00e9seau Mesure sont les piliers de nos actions mutualis\u00e9es. Ils permettent \u00e0 nos membres de travailler ensemble.","breadcrumb":{"@id":"https:\/\/www.reseau-mesure.com\/en\/groupesdetravail\/#breadcrumb"},"inLanguage":"de","potentialAction":[{"@type":"ReadAction","target":["https:\/\/www.reseau-mesure.com\/en\/groupesdetravail\/"]}]},{"@type":"ImageObject","inLanguage":"de","@id":"https:\/\/www.reseau-mesure.com\/en\/groupesdetravail\/#primaryimage","url":"https:\/\/www.reseau-mesure.com\/wp-content\/uploads\/2018\/01\/1000-merci.jpg","contentUrl":"https:\/\/www.reseau-mesure.com\/wp-content\/uploads\/2018\/01\/1000-merci.jpg"},{"@type":"BreadcrumbList","@id":"https:\/\/www.reseau-mesure.com\/en\/groupesdetravail\/#breadcrumb","itemListElement":[{"@type":"ListItem","position":1,"name":"Accueil","item":"https:\/\/www.reseau-mesure.com\/"},{"@type":"ListItem","position":2,"name":"Groupes de Travail"}]},{"@type":"WebSite","@id":"https:\/\/www.reseau-mesure.com\/#website","url":"https:\/\/www.reseau-mesure.com\/","name":"Netzwerk-Messung","description":"Netzwerkma\u00dfnahme","publisher":{"@id":"https:\/\/www.reseau-mesure.com\/#organization"},"potentialAction":[{"@type":"SearchAction","target":{"@type":"EntryPoint","urlTemplate":"https:\/\/www.reseau-mesure.com\/?s={search_term_string}"},"query-input":{"@type":"PropertyValueSpecification","valueRequired":true,"valueName":"search_term_string"}}],"inLanguage":"de"},{"@type":"Organization","@id":"https:\/\/www.reseau-mesure.com\/#organization","name":"Netzwerk-Messung","url":"https:\/\/www.reseau-mesure.com\/","logo":{"@type":"ImageObject","inLanguage":"de","@id":"https:\/\/www.reseau-mesure.com\/#\/schema\/logo\/image\/","url":"https:\/\/www.reseau-mesure.com\/wp-content\/uploads\/2018\/02\/logo-max.png","contentUrl":"https:\/\/www.reseau-mesure.com\/wp-content\/uploads\/2018\/02\/logo-max.png","width":545,"height":285,"caption":"R\u00e9seau-Mesure"},"image":{"@id":"https:\/\/www.reseau-mesure.com\/#\/schema\/logo\/image\/"},"sameAs":["https:\/\/www.facebook.com\/reseaumesure\/","https:\/\/x.com\/ReseauMesure","https:\/\/www.linkedin.com\/company\/reseau-mesure\/"]}]}},"_links":{"self":[{"href":"https:\/\/www.reseau-mesure.com\/de\/wp-json\/wp\/v2\/pages\/591","targetHints":{"allow":["GET"]}}],"collection":[{"href":"https:\/\/www.reseau-mesure.com\/de\/wp-json\/wp\/v2\/pages"}],"about":[{"href":"https:\/\/www.reseau-mesure.com\/de\/wp-json\/wp\/v2\/types\/page"}],"author":[{"embeddable":true,"href":"https:\/\/www.reseau-mesure.com\/de\/wp-json\/wp\/v2\/users\/685"}],"replies":[{"embeddable":true,"href":"https:\/\/www.reseau-mesure.com\/de\/wp-json\/wp\/v2\/comments?post=591"}],"version-history":[{"count":0,"href":"https:\/\/www.reseau-mesure.com\/de\/wp-json\/wp\/v2\/pages\/591\/revisions"}],"wp:attachment":[{"href":"https:\/\/www.reseau-mesure.com\/de\/wp-json\/wp\/v2\/media?parent=591"}],"curies":[{"name":"wp","href":"https:\/\/api.w.org\/{rel}","templated":true}]}}