{"id":8299,"date":"2019-08-28T16:51:52","date_gmt":"2019-08-28T14:51:52","guid":{"rendered":"https:\/\/www.reseau-mesure.com\/?page_id=8299"},"modified":"2021-03-30T10:04:17","modified_gmt":"2021-03-30T08:04:17","slug":"acceuil-2","status":"publish","type":"page","link":"https:\/\/www.reseau-mesure.com\/de\/acceuil-2\/","title":{"rendered":"Heimnetzwerk Ma\u00dfnahme - alt"},"content":{"rendered":"<a href=\"https:\/\/www.reseau-mesure.com\/wp-content\/uploads\/2019\/01\/Reseau_Mesure.mp4\" target=\"_self\" itemprop=\"url\" rel=\"noopener\">\n\t\t\t\t<img loading=\"lazy\" decoding=\"async\" src=\"https:\/\/www.reseau-mesure.com\/wp-content\/uploads\/2018\/02\/logo-max-300x157.png\" alt=\"logo-max\" itemprop=\"image\" title=\"logo-max\" onerror=\"this.style.display='none'\" width=\"300\" height=\"157\">\n\t\t\t\t<\/a>\n<h2>\n\t\tDas Netzwerk der Instrumentierungsspezialisten<br>und Messung\n\t<\/h2>\n\t\t\t\t<a href=\"https:\/\/www.reseau-mesure.com\/wp-content\/uploads\/2020\/12\/2020-Catalogue-Instruments-Made-in-France-ANALYTICA.pdf\">\n\t\t\t\t\t\n\t\t\t        <h3>Herunterladen <br> der Instrumentenkatalog made in France Analytica<\/h3>\n\t\t\t        \n\t\t\t    <\/a>\n\t\t\t\t<a href=\"https:\/\/www.reseau-mesure.com\/de\/livre-les-savoir-faire-du-reseau-mesure-volume-1\/\">\n\t\t\t\t\t\n\t\t\t        <h3>Herunterladen <br> Fachwissen <br> des Messnetzes <br> (Band 1)<\/h3>\n\t\t\t        \n\t\t\t    <\/a>\n\t\t\t\t<a href=\"https:\/\/www.reseau-mesure.com\/de\/mesures-solutions-expo-informations-visio-conferences\/\">\n\t\t\t\t\t\n\t\t\t        <h3>Treffen um 9:30 Uhr in VISIO<\/h3>\n\t\t\t        \n\t\t\t    <\/a>\n\t\t\t<a href=\"#\" role=\"button\">\n\t\t\t\t\t\t\tFinden Sie einen Spezialisten\n\t\t\t\t\t<\/a>\n\t\t<h3>Wonach suchen Sie ?<\/h3>\n<form method=\"get\" role=\"search\" action=\"https:\/\/www.reseau-mesure.com\/de\/\" title=\"Geben Sie die zu suchenden Schl\u00fcsselw\u00f6rter ein.\" data-trp-original-action=\"https:\/\/www.reseau-mesure.com\/\">\n<input type=\"search\" name=\"s\" value=\"Entreprise, sp\u00e9cialit\u00e9, mot-cl\u00e9...\" onfocus=\"if (this.value == 'Entreprise, sp\u00e9cialit\u00e9, mot-cl\u00e9...') { this.value = ''; }\" onblur=\"if (this.value == '') this.value='Entreprise, sp\u00e9cialit\u00e9, mot-cl\u00e9...';\">\n<input type=\"hidden\" name=\"info\" value=\"adherent\"><input type=\"hidden\" name=\"trp-form-language\" value=\"de\"\/><\/form>\t\n\t\t\t<a href=\"https:\/\/www.reseau-mesure.com\/de\/mon-projet\/\" target=\"_self\" role=\"button\" rel=\"noopener\">\n\t\t\t\t\t\t\tSenden Sie ein Projekt\n\t\t\t\t\t<\/a>\n\t\t\t<a href=\"https:\/\/www.reseau-mesure.com\/index.php\/qui-sommes-nous\/\" target=\"_self\" role=\"button\" rel=\"noopener\">\n\t\t\t\t\t\t\tMitglied werden\n\t\t\t\t\t<\/a>\n\t\t\t<a href=\"https:\/\/www.reseau-mesure.com\/de\/connexion\/\" target=\"_self\" role=\"button\" rel=\"noopener\">\n\t\t\t\t\t\t\tEinloggen\n\t\t\t\t\t<\/a>\n\t<h3><strong>Ein Netzwerk f\u00fcr seine Mitglieder durch seine Mitglieder<\/strong><\/h3>\n\t<h3>Tore<\/h3>\n<p>F\u00f6rderung der Entwicklung seiner Mitglieder<\/p>\n<p>Implementieren Sie die von unseren Mitgliedern angeforderten Ma\u00dfnahmen<\/p>\n\t\t\t<a href=\"https:\/\/www.reseau-mesure.com\/wp-content\/uploads\/2019\/01\/Reseau_Mesure.mp4\" target=\"_blank\" role=\"button\" rel=\"noopener\">\n\t\t\t\t\t\t\tWer sind wir ?\n\t\t\t\t\t<\/a>\n\t\t\t\t<a href=\"https:\/\/www.youtube.com\/channel\/UCxxRzjrsuqn4zMPC4aRFHjg\" target=\"_blank\" rel=\"noopener nofollow\" itemprop=\"url\">\n\t\t\t\t<img loading=\"lazy\" decoding=\"async\" src=\"https:\/\/www.reseau-mesure.com\/wp-content\/uploads\/2019\/07\/yt_logo_rgb_light-300x67.png\" alt=\"Logo Youtube\" itemprop=\"image\" title=\"Youtube-Logo\" onerror=\"this.style.display='none'\" width=\"300\" height=\"67\">\n\t\t\t\t<\/a>\n    <a href=\"https:\/\/www.reseau-mesure.com\/de\/comment-adherer\/\">\n        <h3>Beitreten<\/h3>\n        \n    <\/a>\n    <ul>\n        <li><a href=\"https:\/\/www.reseau-mesure.com\/de\/pourquoi-adherer\/\">Warum mitmachen?<\/a><\/li><li><a href=\"https:\/\/www.reseau-mesure.com\/de\/comment-adherer\/\">Wie werde ich Mitglied?<\/a><\/li><li><a href=\"https:\/\/www.reseau-mesure.com\/de\/evolution-du-reseau\/\">Die Entwicklung des Messnetzwerks<\/a><\/li>\n    <\/ul>\n    <a href=\"https:\/\/www.reseau-mesure.com\/de\/actions\/\">\n        <h3>Die Taten<\/h3>\n        <p>Entdecken Sie die Aktionen des Netzwerks<\/p>\n    <\/a>\n    <ul>\n        <li><a href=\"https:\/\/www.reseau-mesure.com\/de\/communication\/\">Kommunikation <\/a><\/li><li><a href=\"https:\/\/www.reseau-mesure.com\/de\/salons\/\">Fachmessen<\/a><\/li><li><a href=\"https:\/\/www.reseau-mesure.com\/de\/opportunites-marches-et-entreprises\/\">Markt- und Gesch\u00e4ftsm\u00f6glichkeiten<\/a><\/li><li><a href=\"https:\/\/www.reseau-mesure.com\/de\/achats-mutualises\/\">Zusammengefasster Einkauf<\/a><\/li><li><a href=\"https:\/\/www.reseau-mesure.com\/de\/formation\/\">Ausbildung<\/a><\/li><li><a href=\"https:\/\/www.reseau-mesure.com\/de\/international\/\">International<\/a><\/li><li><a href=\"https:\/\/www.reseau-mesure.com\/de\/securite-routiere-et-eco-conduite-2\/\">Verkehrssicherheit und umweltfreundliches Fahren<\/a><\/li>\n    <\/ul>\n    <a href=\"https:\/\/www.reseau-mesure.com\/de\/contact\/\">\n        <h3>Kontakt<\/h3>\n        \n    <\/a>\n    <ul>\n        <li><a href=\"https:\/\/www.reseau-mesure.com\/de\/contact\/\">c \/ o CCI VAL D&#039;OISE<br> 35 Bld du Port - Cap Cergy<br> Geb\u00e4ude, C1 - CS<br> 20209 95031 CERGY PONTOISE Cedex<\/a><\/li><li><a href=\"https:\/\/www.reseau-mesure.com\/de\/contact\/\">Telefon: 09 54 64 45 56<\/a><\/li><li><a href=\"mailto:info@reseau-mesure.com\">E-Mail: info@reseau-mesure.com<\/a><\/li>\n    <\/ul>\n\t\t<h2>\n\t\t\t\tM\u00f6chten Sie Mitglied werden?\n\t\t<\/h2>\n\t<p>Wenn Sie Mitglied werden, haben Sie Zugriff auf:<\/p>\n\t\t\t\t<a href=\"https:\/\/www.reseau-mesure.com\/de\/des-groupes-de-travail\/\">\n\t\t\t\t\t\n\t\t\t        <h3>Arbeitsgruppen<\/h3>\n\t\t\t        \n\t\t\t    <\/a>\n\t\t\t\t<a href=\"https:\/\/www.reseau-mesure.com\/de\/formation\/\">\n\t\t\t\t\t\n\t\t\t        <h3>Ausbildung<\/h3>\n\t\t\t        \n\t\t\t    <\/a>\n\t\t\t\t<a href=\"https:\/\/www.reseau-mesure.com\/de\/opportunites-marches-et-entreprises\/\">\n\t\t\t\t\t\n\t\t\t        <h3>Entwicklungsm\u00f6glichkeiten<\/h3>\n\t\t\t        \n\t\t\t    <\/a>\n\t\t\t\t<a href=\"https:\/\/www.reseau-mesure.com\/de\/salons\/\">\n\t\t\t\t\t\n\t\t\t        <h3>Fachmessen<\/h3>\n\t\t\t        \n\t\t\t    <\/a>\n\t\t\t\t<a href=\"https:\/\/www.reseau-mesure.com\/de\/achats-mutualises\/\">\n\t\t\t\t\t\n\t\t\t        <h3>Zusammengefasster Einkauf<\/h3>\n\t\t\t        \n\t\t\t    <\/a>\n\t\t\t\t<a href=\"https:\/\/www.reseau-mesure.com\/de\/evenements\/\">\n\t\t\t\t\t\n\t\t\t        <h3>Die neuesten Informationen<\/h3>\n\t\t\t        \n\t\t\t    <\/a>\n\t\t\t\t<a href=\"#membres\">\n\t\t\t\t\t\n\t\t\t        <h3>Ein gro\u00dfes Netzwerk<\/h3>\n\t\t\t        \n\t\t\t    <\/a>\n\t\t\t\t<a href=\"https:\/\/www.reseau-mesure.com\/de\/contact\/\">\n\t\t\t\t\t\n\t\t\t        <h3>KONTAKTIERE UNS<\/h3>\n\t\t\t        \n\t\t\t    <\/a>\n\t\t\t<a href=\"https:\/\/www.reseau-mesure.com\/de\/comment-adherer\/\" target=\"_self\" role=\"button\" rel=\"noopener\">\n\t\t\t\t\t\t\tMitglied werden\n\t\t\t\t\t<\/a>\n\t\t\t\t<img loading=\"lazy\" decoding=\"async\" src=\"https:\/\/www.reseau-mesure.com\/wp-content\/uploads\/2018\/02\/logo-qui-sommes-nous.png\" alt=\"logo-qui-sommes-nous\" itemprop=\"image\" title=\"Logo \u00fcber uns\" onerror=\"this.style.display='none'\" width=\"500\" height=\"263\">\n\t\t<h2>\n\t\t\tWer sind wir\n\t\t<\/h2>\n\t<p><strong><em>Das<\/em><\/strong> <strong><em>Netzwerkma\u00dfnahme<\/em><\/strong> ist ein Verein, der 2002 unter dem Namen RMVO von 5 Gesch\u00e4ftsf\u00fchrern gegr\u00fcndet wurde.<\/p>\n<p>Das Messnetzwerk, das 2010 als Gewinner des nationalen Unternehmensclusters ausgew\u00e4hlt wurde, hat derzeit mehr als 160 Mitgliedsunternehmen in den Bereichen Messung, Steuerung, Kalibrierung und Instrumentierung.<\/p>\n<ul>\n<li>Sein Ziel ist es, die Entwicklung der Mitgliedsunternehmen zu unterst\u00fctzen, indem:\n<ul>\n<li>Bereitstellung eines gepoolten Serviceangebots;<\/li>\n<li>Bereitstellung kollektiver L\u00f6sungen mit Mehrwert;<\/li>\n<li>F\u00f6rderung des Know-hows und der F\u00e4higkeiten seiner Mitglieder;<\/li>\n<li>Implementierung von Synergien, die Wert schaffen;<\/li>\n<li>Schaffung einer zus\u00e4tzlichen Einsparungsquelle f\u00fcr Mitglieder durch gepoolte Aktionen, die von dedizierten Arbeitsgruppen verwaltet werden.<\/li>\n<\/ul>\n<\/li>\n<\/ul>\n<p>Die Arbeitsgruppen: Einkauf, Ausstellungen, Export, digitale Kommunikation, physikalisch-chemische Analyse von Wasser, Markt- und Gesch\u00e4ftsm\u00f6glichkeiten, Stra\u00dfe und Gesch\u00e4ft, allgemeine Verkaufsbedingungen.<\/p>\n<p>Das Messnetzwerk basiert auf zwei starken Prinzipien:<\/p>\n<ul>\n<li>Die Mitglieder schlagen Ma\u00dfnahmen vor<\/li>\n<li>Das Messnetzwerk setzt es, wenn es einen Mehrwert bringt, in einem kollektiven Rahmen um.<\/li>\n<\/ul>\n<p>Der Aktionsplan wird von den Mitgliedsunternehmen des Netzwerks erstellt und gliedert sich in zwei vorrangige Achsen:<\/p>\n<ul>\n<li>Eine zus\u00e4tzliche Einsparungsquelle f\u00fcr Mitglieder durch gepoolte Aktionen, die von speziellen Arbeitsgruppen verwaltet werden.<\/li>\n<li>Die Umsetzung wertsch\u00f6pfender Synergien.<\/li>\n<\/ul>\n\n\n<p><strong><em>Email: <\/em><\/strong><a href=\"mailto:info@reseau-mesure.com\">info@reseau-mesure.com<\/a>&nbsp;&nbsp;&nbsp;&nbsp;&nbsp;&nbsp;&nbsp; &nbsp;&nbsp; <strong><em>Telefon: <\/em><\/strong>09 54 64 45 56<\/p>\n\t\t\t<a href=\"https:\/\/www.reseau-mesure.com\/de\/le-reseau-mesure-2\/\" target=\"_self\" role=\"button\" rel=\"noopener\">\n\t\t\t\t\t\t\tMehr erfahren\n\t\t\t\t\t<\/a>\n            <!-- pagination here -->\n            <!-- the loop -->\n                    \n                        12<br>\n                        M\u00e4rz\n                    \n                <h3>Veranstaltungen<\/h3>\n                <h2><a href=\"https:\/\/www.reseau-mesure.com\/de\/evenements\/visio-conference-mse-acavi\/\">Videokonferenz: Expertenstimme, die Schl\u00fcsselinstrumente f\u00fcr eine erfolgreiche Rekrutierung.<\/a><\/h2>\n                <h3>Gepostet von: Claire Onfray \/\/ Events<\/h3>\n                <p>#ermine um 9:30 Uhr # Visio-Konferenz der Messl\u00f6sungen EXPO Expertenstimme, die Schl\u00fcsselinstrumente f\u00fcr eine erfolgreiche Rekrutierung. Pr\u00e4sentiert von ACAVI Datum: 12. M\u00e4rz 2021 Zeiten: 9:30 - 10:30 Uhr Ort: in Visio Teilen am:<\/p>\nTeilen auf:<ul><li><i alt=\"Facebook\" title=\"Facebook\" onclick=\"heateorSssPopup(&quot;https:\/\/www.facebook.com\/sharer\/sharer.php?u=https%3A%2F%2Fwww.reseau-mesure.com%2F%3Ffl_builder&quot;)\"><ss><\/ss><\/i><\/li><li><i alt=\"Linkedin\" title=\"Linkedin\" onclick=\"heateorSssPopup(&quot;http:\/\/www.linkedin.com\/shareArticle?mini=true&amp;url=https%3A%2F%2Fwww.reseau-mesure.com%2F%3Ffl_builder&amp;title=Visio-Conf%C3%A9rence%3A%20Parole%20d%E2%80%99expert%2C%20les%20outils-cl%C3%A9%20pour%20un%20recrutement%20r%C3%A9ussi.&quot;)\"><ss><\/ss><\/i><\/li><li><i alt=\"Twitter\" title=\"Twitter\" onclick=\"heateorSssPopup(&quot;http:\/\/twitter.com\/intent\/tweet?text=Visio-Conf%C3%A9rence%3A%20Parole%20d%E2%80%99expert%2C%20les%20outils-cl%C3%A9%20pour%20un%20recrutement%20r%C3%A9ussi.&amp;url=https%3A%2F%2Fwww.reseau-mesure.com%2F%3Ffl_builder&quot;)\"><ss><\/ss><\/i><\/li><\/ul>\n                    \n                        16<br>\n                        M\u00e4rz\n                    \n                <h3>Veranstaltungen<\/h3>\n                <h2><a href=\"https:\/\/www.reseau-mesure.com\/de\/evenements\/creaform-et-metrologic-group\/\">Creaform und Metrologic Group organisieren gemeinsam ein Webinar<\/a><\/h2>\n                <h3>Gepostet von: Estelle Duflot \/\/ Events<\/h3>\n                <p>Creaform und Metrologic Group veranstalten gemeinsam am 16. M\u00e4rz 2021 ein Webinar<\/p>\nTeilen auf:<ul><li><i alt=\"Facebook\" title=\"Facebook\" onclick=\"heateorSssPopup(&quot;https:\/\/www.facebook.com\/sharer\/sharer.php?u=https%3A%2F%2Fwww.reseau-mesure.com%2F%3Ffl_builder&quot;)\"><ss><\/ss><\/i><\/li><li><i alt=\"Linkedin\" title=\"Linkedin\" onclick=\"heateorSssPopup(&quot;http:\/\/www.linkedin.com\/shareArticle?mini=true&amp;url=https%3A%2F%2Fwww.reseau-mesure.com%2F%3Ffl_builder&amp;title=Creaform%20et%20Metrologic%20Group%20organisent%20un%20webinaire%20ensemble&quot;)\"><ss><\/ss><\/i><\/li><li><i alt=\"Twitter\" title=\"Twitter\" onclick=\"heateorSssPopup(&quot;http:\/\/twitter.com\/intent\/tweet?text=Creaform%20et%20Metrologic%20Group%20organisent%20un%20webinaire%20ensemble&amp;url=https%3A%2F%2Fwww.reseau-mesure.com%2F%3Ffl_builder&quot;)\"><ss><\/ss><\/i><\/li><\/ul>\n                    \n                        17<br>\n                        M\u00e4rz\n                    \n                <h3>Veranstaltungen<\/h3>\n                <h2><a href=\"https:\/\/www.reseau-mesure.com\/de\/evenements\/visio-conference-mse-axelone\/\">Visio-Konferenz: Axel&#039;One Analysis, die Verbindung zwischen Anbietern innovativer Technologien (Online-Analyse und digitale L\u00f6sungen) und industriellen Endbenutzern.<\/a><\/h2>\n                <h3>Gepostet von: Claire Onfray \/\/ Events<\/h3>\n                <p>#Die Treffen um 9:30 Uhr # Visio-Konferenz der Messl\u00f6sungen EXPO Axel&#039;One Analysis, die Verbindung zwischen Anbietern innovativer Technologien (Online-Analyse und digitale L\u00f6sungen) und industriellen Endnutzern. Pr\u00e4sentiert von AXEL&#039;ONE Datum: 17. M\u00e4rz 2021 Uhrzeiten: 9:30 - 10:15 Uhr Ort: in Visio Teilen am:<\/p>\nTeilen auf:<ul><li><i alt=\"Facebook\" title=\"Facebook\" onclick=\"heateorSssPopup(&quot;https:\/\/www.facebook.com\/sharer\/sharer.php?u=https%3A%2F%2Fwww.reseau-mesure.com%2F%3Ffl_builder&quot;)\"><ss><\/ss><\/i><\/li><li><i alt=\"Linkedin\" title=\"Linkedin\" onclick=\"heateorSssPopup(&quot;http:\/\/www.linkedin.com\/shareArticle?mini=true&amp;url=https%3A%2F%2Fwww.reseau-mesure.com%2F%3Ffl_builder&amp;title=Visio-Conf%C3%A9rence%3A%20%09Axel%27One%20Analysis%2C%20le%20lien%20entre%20les%20fournisseurs%20de%20technologies%20innovantes%20%28analyse%20en%20ligne%20et%20solutions%20num%C3%A9riques%29%20et%20les%20utilisateurs%20finaux%20industriels.&quot;)\"><ss><\/ss><\/i><\/li><li><i alt=\"Twitter\" title=\"Twitter\" onclick=\"heateorSssPopup(&quot;http:\/\/twitter.com\/intent\/tweet?text=Visio-Conf%C3%A9rence%3A%20%09Axel%27One%20Analysis%2C%20le%20lien%20entre%20les%20fournisseurs%20de%20technologies%20innovantes%20%28analyse%20en%20ligne%20et%20solutions%20num%C3%A9riques%29%20et%20les%20utilisateurs%20finaux%20industriels.&amp;url=https%3A%2F%2Fwww.reseau-mesure.com%2F%3Ffl_builder&quot;)\"><ss><\/ss><\/i><\/li><\/ul>\n                    \n                        18<br>\n                        M\u00e4rz\n                    \n                <h3>Veranstaltungen<\/h3>\n                <h2><a href=\"https:\/\/www.reseau-mesure.com\/de\/evenements\/webinaire-la-mutualisation-des-achats-indirects\/\">Webinar &quot;B\u00fcndelung indirekter Eink\u00e4ufe&quot;<\/a><\/h2>\n                <h3>Gepostet von: Estelle Duflot \/\/ Events<\/h3>\n                <p>Das Messnetzwerk l\u00e4dt Sie ein, am n\u00e4chsten Webinar zum Thema &quot;B\u00fcndelung indirekter Eink\u00e4ufe&quot; teilzunehmen.<\/p>\nTeilen auf:<ul><li><i alt=\"Facebook\" title=\"Facebook\" onclick=\"heateorSssPopup(&quot;https:\/\/www.facebook.com\/sharer\/sharer.php?u=https%3A%2F%2Fwww.reseau-mesure.com%2F%3Ffl_builder&quot;)\"><ss><\/ss><\/i><\/li><li><i alt=\"Linkedin\" title=\"Linkedin\" onclick=\"heateorSssPopup(&quot;http:\/\/www.linkedin.com\/shareArticle?mini=true&amp;url=https%3A%2F%2Fwww.reseau-mesure.com%2F%3Ffl_builder&amp;title=Webinaire%20%22La%20mutualisation%20des%20achats%20indirects%22&quot;)\"><ss><\/ss><\/i><\/li><li><i alt=\"Twitter\" title=\"Twitter\" onclick=\"heateorSssPopup(&quot;http:\/\/twitter.com\/intent\/tweet?text=Webinaire%20%22La%20mutualisation%20des%20achats%20indirects%22&amp;url=https%3A%2F%2Fwww.reseau-mesure.com%2F%3Ffl_builder&quot;)\"><ss><\/ss><\/i><\/li><\/ul>\n                    \n                        18<br>\n                        M\u00e4rz\n                    \n                <h3>Veranstaltungen<\/h3>\n                <h2><a href=\"https:\/\/www.reseau-mesure.com\/de\/evenements\/visio-conference-mse-fabrilabo\/\">Visio-Konferenz - Laborlayout: die verschiedenen Arten von Labors, Einschr\u00e4nkungen und Voraussetzungen.<\/a><\/h2>\n                <h3>Gepostet von: Claire Onfray \/\/ Events<\/h3>\n                <p>#ermine um 9:30 Uhr # Visio-Konferenz der Messl\u00f6sungen EXPO Laborlayout: die verschiedenen Labortypen, Einschr\u00e4nkungen und Voraussetzungen. Pr\u00e4sentiert von FABRILABO Datum: 18. M\u00e4rz 2021 Uhrzeiten: 9:30 - 10:15 Uhr Ort: in Visio Teilen am:<\/p>\nTeilen auf:<ul><li><i alt=\"Facebook\" title=\"Facebook\" onclick=\"heateorSssPopup(&quot;https:\/\/www.facebook.com\/sharer\/sharer.php?u=https%3A%2F%2Fwww.reseau-mesure.com%2F%3Ffl_builder&quot;)\"><ss><\/ss><\/i><\/li><li><i alt=\"Linkedin\" title=\"Linkedin\" onclick=\"heateorSssPopup(&quot;http:\/\/www.linkedin.com\/shareArticle?mini=true&amp;url=https%3A%2F%2Fwww.reseau-mesure.com%2F%3Ffl_builder&amp;title=Visio-Conf%C3%A9rence%20-%20L%27am%C3%A9nagement%20des%20laboratoires%20%3A%20les%20diff%C3%A9rents%20types%20de%20laboratoires%2C%20les%20contraintes%20et%20pr%C3%A9requis.&quot;)\"><ss><\/ss><\/i><\/li><li><i alt=\"Twitter\" title=\"Twitter\" onclick=\"heateorSssPopup(&quot;http:\/\/twitter.com\/intent\/tweet?text=Visio-Conf%C3%A9rence%20-%20L%27am%C3%A9nagement%20des%20laboratoires%20%3A%20les%20diff%C3%A9rents%20types%20de%20laboratoires%2C%20les%20contraintes%20et%20pr%C3%A9requis.&amp;url=https%3A%2F%2Fwww.reseau-mesure.com%2F%3Ffl_builder&quot;)\"><ss><\/ss><\/i><\/li><\/ul>\n                    \n                        23<br>\n                        M\u00e4rz\n                    \n                <h3>Veranstaltungen<\/h3>\n                <h2><a href=\"https:\/\/www.reseau-mesure.com\/de\/evenements\/visio-conference-mse-acsiel\/\">Visio-Konferenz: Wartung im Mittelpunkt Ihres Erfolgs. Warum und wie?<\/a><\/h2>\n                <h3>Gepostet von: Claire Onfray \/\/ Events<\/h3>\n                <p>#ermine um 9:30 Uhr # Visio-Konferenz der Messl\u00f6sungen EXPO Wartung im Mittelpunkt Ihres Erfolgs. Warum und wie? Pr\u00e4sentiert von ACSIEL Datum: 23. M\u00e4rz 2021 Uhrzeiten: 9:30 - 10:15 Uhr Ort: in Visio Teilen am:<\/p>\nTeilen auf:<ul><li><i alt=\"Facebook\" title=\"Facebook\" onclick=\"heateorSssPopup(&quot;https:\/\/www.facebook.com\/sharer\/sharer.php?u=https%3A%2F%2Fwww.reseau-mesure.com%2F%3Ffl_builder&quot;)\"><ss><\/ss><\/i><\/li><li><i alt=\"Linkedin\" title=\"Linkedin\" onclick=\"heateorSssPopup(&quot;http:\/\/www.linkedin.com\/shareArticle?mini=true&amp;url=https%3A%2F%2Fwww.reseau-mesure.com%2F%3Ffl_builder&amp;title=Visio-Conf%C3%A9rence%3A%20La%20maintenance%20au%20c%C5%93ur%20de%20votre%20r%C3%A9ussite.%20Pourquoi%20et%20Comment%20%3F&quot;)\"><ss><\/ss><\/i><\/li><li><i alt=\"Twitter\" title=\"Twitter\" onclick=\"heateorSssPopup(&quot;http:\/\/twitter.com\/intent\/tweet?text=Visio-Conf%C3%A9rence%3A%20La%20maintenance%20au%20c%C5%93ur%20de%20votre%20r%C3%A9ussite.%20Pourquoi%20et%20Comment%20%3F&amp;url=https%3A%2F%2Fwww.reseau-mesure.com%2F%3Ffl_builder&quot;)\"><ss><\/ss><\/i><\/li><\/ul>\n                    \n                        25<br>\n                        M\u00e4rz\n                    \n                <h3>Veranstaltungen<\/h3>\n                <h2><a href=\"https:\/\/www.reseau-mesure.com\/de\/evenements\/visio-conference-mse-vega\/\">Visio-Konferenz: IOT im Dienste der Sicherheit.<\/a><\/h2>\n                <h3>Gepostet von: Claire Onfray \/\/ Events<\/h3>\n                Erfahren Sie, wie Sie die Logistikkette optimieren, das Bestandsmanagement kosteng\u00fcnstiger gestalten (z. B. das Management von Adjuvans-Tanks), aber auch die \u00dcberlaufsicherheit und vor allem das Management und die Antizipation von Fluss\u00fcberschwemmungen.<br>\nZiel ist es, im Mittelpunkt dieser Pr\u00e4sentation zu stehen, wie vernetzte Sensoren dank IOT Ihre Prozesse und die Umwelt sch\u00fctzen. Teilen auf:<ul><li><i alt=\"Facebook\" title=\"Facebook\" onclick=\"heateorSssPopup(&quot;https:\/\/www.facebook.com\/sharer\/sharer.php?u=https%3A%2F%2Fwww.reseau-mesure.com%2F%3Ffl_builder&quot;)\"><ss><\/ss><\/i><\/li><li><i alt=\"Linkedin\" title=\"Linkedin\" onclick=\"heateorSssPopup(&quot;http:\/\/www.linkedin.com\/shareArticle?mini=true&amp;url=https%3A%2F%2Fwww.reseau-mesure.com%2F%3Ffl_builder&amp;title=Visio-Conf%C3%A9rence%20%3A%20L%E2%80%99IOT%20au%20service%20de%20la%20s%C3%A9curit%C3%A9.&quot;)\"><ss><\/ss><\/i><\/li><li><i alt=\"Twitter\" title=\"Twitter\" onclick=\"heateorSssPopup(&quot;http:\/\/twitter.com\/intent\/tweet?text=Visio-Conf%C3%A9rence%20%3A%20L%E2%80%99IOT%20au%20service%20de%20la%20s%C3%A9curit%C3%A9.&amp;url=https%3A%2F%2Fwww.reseau-mesure.com%2F%3Ffl_builder&quot;)\"><ss><\/ss><\/i><\/li><\/ul>\n                    \n                        25<br>\n                        M\u00e4rz\n                    \n                <h3>Veranstaltungen<\/h3>\n                <h2><a href=\"https:\/\/www.reseau-mesure.com\/de\/evenements\/formation-linkedin\/\">Linkedin Training<\/a><\/h2>\n                <h3>Gepostet von: Claire Onfray \/\/ Events<\/h3>\n                <p>DISTANCIAL TRAINING Datum: 25.-26. M\u00e4rz 2021 Ort: Videokonferenz - gotowebinar COMPLETE Teilen am:<\/p>\nTeilen auf:<ul><li><i alt=\"Facebook\" title=\"Facebook\" onclick=\"heateorSssPopup(&quot;https:\/\/www.facebook.com\/sharer\/sharer.php?u=https%3A%2F%2Fwww.reseau-mesure.com%2F%3Ffl_builder&quot;)\"><ss><\/ss><\/i><\/li><li><i alt=\"Linkedin\" title=\"Linkedin\" onclick=\"heateorSssPopup(&quot;http:\/\/www.linkedin.com\/shareArticle?mini=true&amp;url=https%3A%2F%2Fwww.reseau-mesure.com%2F%3Ffl_builder&amp;title=Formation%20Linkedin&quot;)\"><ss><\/ss><\/i><\/li><li><i alt=\"Twitter\" title=\"Twitter\" onclick=\"heateorSssPopup(&quot;http:\/\/twitter.com\/intent\/tweet?text=Formation%20Linkedin&amp;url=https%3A%2F%2Fwww.reseau-mesure.com%2F%3Ffl_builder&quot;)\"><ss><\/ss><\/i><\/li><\/ul>\n                    \n                        26<br>\n                        M\u00e4rz\n                    \n                <h3>Veranstaltungen<\/h3>\n                <h2><a href=\"https:\/\/www.reseau-mesure.com\/de\/evenements\/visio-conference-mse-universite-de-grenoble\/\">Visio-Konferenz - Duale F\u00e4higkeiten: Wissenschaft \/ Technologie und Handel, ein Vorteil, um auf aktuelle Trends im Handel und in den Kundenbeziehungen zu reagieren!<\/a><\/h2>\n                <h3>Gepostet von: Claire Onfray \/\/ Events<\/h3>\n                <p>#ermine um 9:30 Uhr # Visio-Konferenz der Messl\u00f6sungen EXPO Doppelte F\u00e4higkeiten: Wissenschaft \/ Technologie und Handel, ein Vorteil, um auf aktuelle Trends im Handel und in den Kundenbeziehungen zu reagieren! Pr\u00e4sentiert von der Universit\u00e4t Grenoble Datum: 26. M\u00e4rz 2021 Zeitplan: 9:30 - 10:15 Uhr Ort: in Visio Teilen am\u2026<\/p>\nTeilen auf:<ul><li><i alt=\"Facebook\" title=\"Facebook\" onclick=\"heateorSssPopup(&quot;https:\/\/www.facebook.com\/sharer\/sharer.php?u=https%3A%2F%2Fwww.reseau-mesure.com%2F%3Ffl_builder&quot;)\"><ss><\/ss><\/i><\/li><li><i alt=\"Linkedin\" title=\"Linkedin\" onclick=\"heateorSssPopup(&quot;http:\/\/www.linkedin.com\/shareArticle?mini=true&amp;url=https%3A%2F%2Fwww.reseau-mesure.com%2F%3Ffl_builder&amp;title=Visio-Conf%C3%A9rence%20-%20La%20double%20comp%C3%A9tence%20%3A%20Science%2FTechnique%20et%20Commerce%2C%20un%20atout%20pour%20r%C3%A9pondre%20aux%20tendances%20actuelles%20du%20Commerce%20et%20de%20la%20relation%20avec%20les%20clients%20%21&quot;)\"><ss><\/ss><\/i><\/li><li><i alt=\"Twitter\" title=\"Twitter\" onclick=\"heateorSssPopup(&quot;http:\/\/twitter.com\/intent\/tweet?text=Visio-Conf%C3%A9rence%20-%20La%20double%20comp%C3%A9tence%20%3A%20Science%2FTechnique%20et%20Commerce%2C%20un%20atout%20pour%20r%C3%A9pondre%20aux%20tendances%20actuelles%20du%20Commerce%20et%20de%20la%20relation%20avec%20les%20clients%20%21&amp;url=https%3A%2F%2Fwww.reseau-mesure.com%2F%3Ffl_builder&quot;)\"><ss><\/ss><\/i><\/li><\/ul>\n                    \n                        30<br>\n                        M\u00e4rz\n                    \n                <h3>Veranstaltungen<\/h3>\n                <h2><a href=\"https:\/\/www.reseau-mesure.com\/de\/evenements\/formation-linkedin-2\/\">Linkedin Training<\/a><\/h2>\n                <h3>Gepostet von: Claire Onfray \/\/ Events<\/h3>\n                Linkedin: warum und wie? (theoretischer Teil)<br>\nErstellung \/ Analyse und Verbesserung Ihres Linkedin-Profils (pers\u00f6nlich)<br>\nAnalyse \/ Verbesserung Ihrer Unternehmensseite<br>\nAnalyse Ihres Profilbildes (nach Tools) und Empfehlungen Teilen auf:<ul><li><i alt=\"Facebook\" title=\"Facebook\" onclick=\"heateorSssPopup(&quot;https:\/\/www.facebook.com\/sharer\/sharer.php?u=https%3A%2F%2Fwww.reseau-mesure.com%2F%3Ffl_builder&quot;)\"><ss><\/ss><\/i><\/li><li><i alt=\"Linkedin\" title=\"Linkedin\" onclick=\"heateorSssPopup(&quot;http:\/\/www.linkedin.com\/shareArticle?mini=true&amp;url=https%3A%2F%2Fwww.reseau-mesure.com%2F%3Ffl_builder&amp;title=Formation%20Linkedin&quot;)\"><ss><\/ss><\/i><\/li><li><i alt=\"Twitter\" title=\"Twitter\" onclick=\"heateorSssPopup(&quot;http:\/\/twitter.com\/intent\/tweet?text=Formation%20Linkedin&amp;url=https%3A%2F%2Fwww.reseau-mesure.com%2F%3Ffl_builder&quot;)\"><ss><\/ss><\/i><\/li><\/ul>\n                    \n                        13<br>\n                        April\n                    \n                <h3>Veranstaltungen<\/h3>\n                <h2><a href=\"https:\/\/www.reseau-mesure.com\/de\/evenements\/manufacturing-digital-innovation\/\">Manufacturing Digital Innovation: Sauberes Design und Produktion<\/a><\/h2>\n                <h3>Gepostet von: Estelle Duflot \/\/ Events<\/h3>\n                Manufacturing Digital Innovation: Design und Produktion in einem nachhaltigen Entwicklungsansatz.<br>\nAm 13. April 2021 wird das Design und Produzieren in einem Ansatz f\u00fcr nachhaltige Entwicklung das Thema dieser zweiten Ausgabe von Manufacturing Digital Innovation sein, dem Treffpunkt f\u00fcr industrielle digitale Innovation. Teilen auf:<ul><li><i alt=\"Facebook\" title=\"Facebook\" onclick=\"heateorSssPopup(&quot;https:\/\/www.facebook.com\/sharer\/sharer.php?u=https%3A%2F%2Fwww.reseau-mesure.com%2F%3Ffl_builder&quot;)\"><ss><\/ss><\/i><\/li><li><i alt=\"Linkedin\" title=\"Linkedin\" onclick=\"heateorSssPopup(&quot;http:\/\/www.linkedin.com\/shareArticle?mini=true&amp;url=https%3A%2F%2Fwww.reseau-mesure.com%2F%3Ffl_builder&amp;title=Manufacturing%20Digital%20Innovation%20%3A%20Concevoir%20et%20Produire%20plus%20propre&quot;)\"><ss><\/ss><\/i><\/li><li><i alt=\"Twitter\" title=\"Twitter\" onclick=\"heateorSssPopup(&quot;http:\/\/twitter.com\/intent\/tweet?text=Manufacturing%20Digital%20Innovation%20%3A%20Concevoir%20et%20Produire%20plus%20propre&amp;url=https%3A%2F%2Fwww.reseau-mesure.com%2F%3Ffl_builder&quot;)\"><ss><\/ss><\/i><\/li><\/ul>\n                    \n                        15<br>\n                        April\n                    \n                <h3>Veranstaltungen<\/h3>\n                <h2><a href=\"https:\/\/www.reseau-mesure.com\/de\/evenements\/conseil-dadministration-du-reseau-mesure-09-12-2020-2-2-2\/\">Verwaltungsrat des Messnetzwerks<\/a><\/h2>\n                <h3>Gepostet von: Estelle Duflot \/\/ Events<\/h3>\n                <p>Die n\u00e4chste Sitzung des Verwaltungsrates findet am Donnerstag, 15. April 2021, um 17.00 Uhr per Videokonferenz statt. Kontakt: eduflot@reseau-mesure.com Teilen am:<\/p>\nTeilen auf:<ul><li><i alt=\"Facebook\" title=\"Facebook\" onclick=\"heateorSssPopup(&quot;https:\/\/www.facebook.com\/sharer\/sharer.php?u=https%3A%2F%2Fwww.reseau-mesure.com%2F%3Ffl_builder&quot;)\"><ss><\/ss><\/i><\/li><li><i alt=\"Linkedin\" title=\"Linkedin\" onclick=\"heateorSssPopup(&quot;http:\/\/www.linkedin.com\/shareArticle?mini=true&amp;url=https%3A%2F%2Fwww.reseau-mesure.com%2F%3Ffl_builder&amp;title=Conseil%20d%27administration%20du%20R%C3%A9seau%20Mesure&quot;)\"><ss><\/ss><\/i><\/li><li><i alt=\"Twitter\" title=\"Twitter\" onclick=\"heateorSssPopup(&quot;http:\/\/twitter.com\/intent\/tweet?text=Conseil%20d%27administration%20du%20R%C3%A9seau%20Mesure&amp;url=https%3A%2F%2Fwww.reseau-mesure.com%2F%3Ffl_builder&quot;)\"><ss><\/ss><\/i><\/li><\/ul>\n                    \n                        20<br>\n                        April\n                    \n                <h3>Veranstaltungen<\/h3>\n                <h2><a href=\"https:\/\/www.reseau-mesure.com\/de\/evenements\/reunion-du-groupe-ome-20042021\/\">OM \u20ac Gruppentreffen zur Gesch\u00e4ftsentwicklung<\/a><\/h2>\n                <h3>Gepostet von: Estelle Duflot \/\/ Events<\/h3>\n                <p>Entwickeln Sie Ihre Gesch\u00e4ftsm\u00f6glichkeiten<\/p>\nTeilen auf:<ul><li><i alt=\"Facebook\" title=\"Facebook\" onclick=\"heateorSssPopup(&quot;https:\/\/www.facebook.com\/sharer\/sharer.php?u=https%3A%2F%2Fwww.reseau-mesure.com%2F%3Ffl_builder&quot;)\"><ss><\/ss><\/i><\/li><li><i alt=\"Linkedin\" title=\"Linkedin\" onclick=\"heateorSssPopup(&quot;http:\/\/www.linkedin.com\/shareArticle?mini=true&amp;url=https%3A%2F%2Fwww.reseau-mesure.com%2F%3Ffl_builder&amp;title=R%C3%A9union%20du%20Groupe%20OM%E2%82%AC%20pour%20le%20d%C3%A9veloppement%20commercial&quot;)\"><ss><\/ss><\/i><\/li><li><i alt=\"Twitter\" title=\"Twitter\" onclick=\"heateorSssPopup(&quot;http:\/\/twitter.com\/intent\/tweet?text=R%C3%A9union%20du%20Groupe%20OM%E2%82%AC%20pour%20le%20d%C3%A9veloppement%20commercial&amp;url=https%3A%2F%2Fwww.reseau-mesure.com%2F%3Ffl_builder&quot;)\"><ss><\/ss><\/i><\/li><\/ul>\n                    \n                        4<br>\n                        kann\n                    \n                <h3>Veranstaltungen<\/h3>\n                <h2><a href=\"https:\/\/www.reseau-mesure.com\/de\/evenements\/sensor-test-2020\/\">SENSOR &amp; TEST 2020 - Auf den 4. bis 6. Mai 2021 verschoben<\/a><\/h2>\n                <h3>Gepostet von: Estelle Duflot \/\/ Events<\/h3>\n                <p>Teilen auf:<\/p>\nTeilen auf:<ul><li><i alt=\"Facebook\" title=\"Facebook\" onclick=\"heateorSssPopup(&quot;https:\/\/www.facebook.com\/sharer\/sharer.php?u=https%3A%2F%2Fwww.reseau-mesure.com%2F%3Ffl_builder&quot;)\"><ss><\/ss><\/i><\/li><li><i alt=\"Linkedin\" title=\"Linkedin\" onclick=\"heateorSssPopup(&quot;http:\/\/www.linkedin.com\/shareArticle?mini=true&amp;url=https%3A%2F%2Fwww.reseau-mesure.com%2F%3Ffl_builder&amp;title=SENSOR%20%26TEST%202020%20-%20Report%C3%A9%20aux%204-6%20mai%202021&quot;)\"><ss><\/ss><\/i><\/li><li><i alt=\"Twitter\" title=\"Twitter\" onclick=\"heateorSssPopup(&quot;http:\/\/twitter.com\/intent\/tweet?text=SENSOR%20%26TEST%202020%20-%20Report%C3%A9%20aux%204-6%20mai%202021&amp;url=https%3A%2F%2Fwww.reseau-mesure.com%2F%3Ffl_builder&quot;)\"><ss><\/ss><\/i><\/li><\/ul>\n                    \n                        4<br>\n                        kann\n                    \n                <h3>Veranstaltungen<\/h3>\n                <h2><a href=\"https:\/\/www.reseau-mesure.com\/de\/evenements\/tech-days-ed-tech\/\">&quot;Ed Tech&quot; Tech &#039;Days<\/a><\/h2>\n                <h3>Gepostet von: Estelle Duflot \/\/ Events<\/h3>\n                <p>Unternehmer, Innovatoren, kommen, um Informationen zu erhalten und Ihre potenzielle Innovation zu entwickeln: &quot;Ed Tech&quot;<\/p>\nTeilen auf:<ul><li><i alt=\"Facebook\" title=\"Facebook\" onclick=\"heateorSssPopup(&quot;https:\/\/www.facebook.com\/sharer\/sharer.php?u=https%3A%2F%2Fwww.reseau-mesure.com%2F%3Ffl_builder&quot;)\"><ss><\/ss><\/i><\/li><li><i alt=\"Linkedin\" title=\"Linkedin\" onclick=\"heateorSssPopup(&quot;http:\/\/www.linkedin.com\/shareArticle?mini=true&amp;url=https%3A%2F%2Fwww.reseau-mesure.com%2F%3Ffl_builder&amp;title=%C2%AB%20Ed%20Tech%20%C2%BB%20Tech%27%20Days&quot;)\"><ss><\/ss><\/i><\/li><li><i alt=\"Twitter\" title=\"Twitter\" onclick=\"heateorSssPopup(&quot;http:\/\/twitter.com\/intent\/tweet?text=%C2%AB%20Ed%20Tech%20%C2%BB%20Tech%27%20Days&amp;url=https%3A%2F%2Fwww.reseau-mesure.com%2F%3Ffl_builder&quot;)\"><ss><\/ss><\/i><\/li><\/ul>\n                    \n                        5<br>\n                        kann\n                    \n                <h3>Veranstaltungen<\/h3>\n                <h2><a href=\"https:\/\/www.reseau-mesure.com\/de\/evenements\/formation-linkedin-2-2\/\">Linkedin Training<\/a><\/h2>\n                <h3>Gepostet von: Claire Onfray \/\/ Events<\/h3>\n                <p>DISTANCIAL TRAINING Datum: 5. und 6. Mai 2021 Ort: Videokonferenz - Gotowebinar 3 Pl\u00e4tze verf\u00fcgbar Teilen auf:<\/p>\nTeilen auf:<ul><li><i alt=\"Facebook\" title=\"Facebook\" onclick=\"heateorSssPopup(&quot;https:\/\/www.facebook.com\/sharer\/sharer.php?u=https%3A%2F%2Fwww.reseau-mesure.com%2F%3Ffl_builder&quot;)\"><ss><\/ss><\/i><\/li><li><i alt=\"Linkedin\" title=\"Linkedin\" onclick=\"heateorSssPopup(&quot;http:\/\/www.linkedin.com\/shareArticle?mini=true&amp;url=https%3A%2F%2Fwww.reseau-mesure.com%2F%3Ffl_builder&amp;title=Formation%20Linkedin&quot;)\"><ss><\/ss><\/i><\/li><li><i alt=\"Twitter\" title=\"Twitter\" onclick=\"heateorSssPopup(&quot;http:\/\/twitter.com\/intent\/tweet?text=Formation%20Linkedin&amp;url=https%3A%2F%2Fwww.reseau-mesure.com%2F%3Ffl_builder&quot;)\"><ss><\/ss><\/i><\/li><\/ul>\n                    \n                        29<br>\n                        Juni\n                    \n                <h3>Veranstaltungen<\/h3>\n                <h2><a href=\"https:\/\/www.reseau-mesure.com\/de\/evenements\/tech-days-construire-au-futur-habiter-au-futur\/\">&quot;In der Zukunft bauen, in der Zukunft leben&quot; Tech &#039;Days<\/a><\/h2>\n                <h3>Gepostet von: Estelle Duflot \/\/ Events<\/h3>\n                <p>Unternehmer, Innovatoren, kommen und lernen und entwickeln Ihr Potenzial Innovation: &quot;Bauen Sie in der Zukunft, leben Sie in der Zukunft&quot;<\/p>\nTeilen auf:<ul><li><i alt=\"Facebook\" title=\"Facebook\" onclick=\"heateorSssPopup(&quot;https:\/\/www.facebook.com\/sharer\/sharer.php?u=https%3A%2F%2Fwww.reseau-mesure.com%2F%3Ffl_builder&quot;)\"><ss><\/ss><\/i><\/li><li><i alt=\"Linkedin\" title=\"Linkedin\" onclick=\"heateorSssPopup(&quot;http:\/\/www.linkedin.com\/shareArticle?mini=true&amp;url=https%3A%2F%2Fwww.reseau-mesure.com%2F%3Ffl_builder&amp;title=%C2%AB%20Construire%20au%20futur%2C%20habiter%20au%20futur%20%C2%BB%20Tech%27%20Days&quot;)\"><ss><\/ss><\/i><\/li><li><i alt=\"Twitter\" title=\"Twitter\" onclick=\"heateorSssPopup(&quot;http:\/\/twitter.com\/intent\/tweet?text=%C2%AB%20Construire%20au%20futur%2C%20habiter%20au%20futur%20%C2%BB%20Tech%27%20Days&amp;url=https%3A%2F%2Fwww.reseau-mesure.com%2F%3Ffl_builder&quot;)\"><ss><\/ss><\/i><\/li><\/ul>\n                    \n                        7<br>\n                        Sieben.\n                    \n                <h3>Veranstaltungen<\/h3>\n                <h2><a href=\"https:\/\/www.reseau-mesure.com\/de\/evenements\/salon-global-industrie-2021\/\">GLOBAL INDUSTRIE Messe 2021<\/a><\/h2>\n                <h3>Gepostet von: Claire Onfray \/\/ Events<\/h3>\n                <p>GLOBAL INDUSTRIE 2021: Diese Show bietet die Gelegenheit, das Image Ihres Unternehmens zu st\u00e4rken, Ihre Aktivit\u00e4ten zu entwickeln und innovative L\u00f6sungen zu entdecken.<\/p>\nTeilen auf:<ul><li><i alt=\"Facebook\" title=\"Facebook\" onclick=\"heateorSssPopup(&quot;https:\/\/www.facebook.com\/sharer\/sharer.php?u=https%3A%2F%2Fwww.reseau-mesure.com%2F%3Ffl_builder&quot;)\"><ss><\/ss><\/i><\/li><li><i alt=\"Linkedin\" title=\"Linkedin\" onclick=\"heateorSssPopup(&quot;http:\/\/www.linkedin.com\/shareArticle?mini=true&amp;url=https%3A%2F%2Fwww.reseau-mesure.com%2F%3Ffl_builder&amp;title=Salon%20GLOBAL%20INDUSTRIE%202021&quot;)\"><ss><\/ss><\/i><\/li><li><i alt=\"Twitter\" title=\"Twitter\" onclick=\"heateorSssPopup(&quot;http:\/\/twitter.com\/intent\/tweet?text=Salon%20GLOBAL%20INDUSTRIE%202021&amp;url=https%3A%2F%2Fwww.reseau-mesure.com%2F%3Ffl_builder&quot;)\"><ss><\/ss><\/i><\/li><\/ul>\n                    \n                        7<br>\n                        Sieben.\n                    \n                <h3>Veranstaltungen<\/h3>\n                <h2><a href=\"https:\/\/www.reseau-mesure.com\/de\/evenements\/measurement-world-2021\/\">Messwelt 2021<\/a><\/h2>\n                <h3>Gepostet von: Estelle Duflot \/\/ Events<\/h3>\n                <p>MEASUREMENT WORLD 2021 vom 7. bis 10. September 2021 in Lyon ist das internationale Technologietreffen f\u00fcr Messungen!<\/p>\nTeilen auf:<ul><li><i alt=\"Facebook\" title=\"Facebook\" onclick=\"heateorSssPopup(&quot;https:\/\/www.facebook.com\/sharer\/sharer.php?u=https%3A%2F%2Fwww.reseau-mesure.com%2F%3Ffl_builder&quot;)\"><ss><\/ss><\/i><\/li><li><i alt=\"Linkedin\" title=\"Linkedin\" onclick=\"heateorSssPopup(&quot;http:\/\/www.linkedin.com\/shareArticle?mini=true&amp;url=https%3A%2F%2Fwww.reseau-mesure.com%2F%3Ffl_builder&amp;title=Measurement%20World%202021&quot;)\"><ss><\/ss><\/i><\/li><li><i alt=\"Twitter\" title=\"Twitter\" onclick=\"heateorSssPopup(&quot;http:\/\/twitter.com\/intent\/tweet?text=Measurement%20World%202021&amp;url=https%3A%2F%2Fwww.reseau-mesure.com%2F%3Ffl_builder&quot;)\"><ss><\/ss><\/i><\/li><\/ul>\n                    \n                        15<br>\n                        Sieben.\n                    \n                <h3>Veranstaltungen<\/h3>\n                <h2><a href=\"https:\/\/www.reseau-mesure.com\/de\/evenements\/tech-days-logistique-mardi-14-septembre-2021\/\">Tech &#039;Days &quot;Logistik&quot;<\/a><\/h2>\n                <h3>Gepostet von: Estelle Duflot \/\/ Events<\/h3>\n                <p>Unternehmer, Innovatoren, kommen, um Informationen zu erhalten und Ihre potenzielle Innovation zu entwickeln: &quot;Logistik&quot;<\/p>\nTeilen auf:<ul><li><i alt=\"Facebook\" title=\"Facebook\" onclick=\"heateorSssPopup(&quot;https:\/\/www.facebook.com\/sharer\/sharer.php?u=https%3A%2F%2Fwww.reseau-mesure.com%2F%3Ffl_builder&quot;)\"><ss><\/ss><\/i><\/li><li><i alt=\"Linkedin\" title=\"Linkedin\" onclick=\"heateorSssPopup(&quot;http:\/\/www.linkedin.com\/shareArticle?mini=true&amp;url=https%3A%2F%2Fwww.reseau-mesure.com%2F%3Ffl_builder&amp;title=Tech%27%20Days%20%22Logistique%22&quot;)\"><ss><\/ss><\/i><\/li><li><i alt=\"Twitter\" title=\"Twitter\" onclick=\"heateorSssPopup(&quot;http:\/\/twitter.com\/intent\/tweet?text=Tech%27%20Days%20%22Logistique%22&amp;url=https%3A%2F%2Fwww.reseau-mesure.com%2F%3Ffl_builder&quot;)\"><ss><\/ss><\/i><\/li><\/ul>\n                    \n                        4<br>\n                        Okt. Okt.\n                    \n                <h3>Veranstaltungen<\/h3>\n                <h2><a href=\"https:\/\/www.reseau-mesure.com\/de\/evenements\/pollutec-2021\/\">POLLUTEC 2021<\/a><\/h2>\n                <h3>Gepostet von: Estelle Duflot \/\/ Events<\/h3>\n                <p>Verschiebung der POLLUTEC-Ausstellung im Jahr 2021 Neue Termine: 5. bis 8. Oktober 2021 - Lyon Eurexpo Ich bin an einer Ausstellung interessiert Nach zahlreichen Konsultationen mit seiner Fachwelt hat Reed Expositions France beschlossen, die Pollutec-Ausstellung auf 2021 zu verschieben. Die COVID-19-Pandemie , immer noch relevant auf nationaler, europ\u00e4ischer und ...<\/p>\nTeilen auf:<ul><li><i alt=\"Facebook\" title=\"Facebook\" onclick=\"heateorSssPopup(&quot;https:\/\/www.facebook.com\/sharer\/sharer.php?u=https%3A%2F%2Fwww.reseau-mesure.com%2F%3Ffl_builder&quot;)\"><ss><\/ss><\/i><\/li><li><i alt=\"Linkedin\" title=\"Linkedin\" onclick=\"heateorSssPopup(&quot;http:\/\/www.linkedin.com\/shareArticle?mini=true&amp;url=https%3A%2F%2Fwww.reseau-mesure.com%2F%3Ffl_builder&amp;title=POLLUTEC%202021&quot;)\"><ss><\/ss><\/i><\/li><li><i alt=\"Twitter\" title=\"Twitter\" onclick=\"heateorSssPopup(&quot;http:\/\/twitter.com\/intent\/tweet?text=POLLUTEC%202021&amp;url=https%3A%2F%2Fwww.reseau-mesure.com%2F%3Ffl_builder&quot;)\"><ss><\/ss><\/i><\/li><\/ul>\n                    \n                        20<br>\n                        Okt. Okt.\n                    \n                <h3>Veranstaltungen<\/h3>\n                <h2><a href=\"https:\/\/www.reseau-mesure.com\/de\/evenements\/ibs-2021-le-salon\/\">IBS Paris Messe<\/a><\/h2>\n                <h3>Gepostet von: Claire Onfray \/\/ Events<\/h3>\n                <p>Die Ausstellung zur Energieeffizienz von Geb\u00e4uden am 20. und 21. Oktober 2021: Treffpunkt f\u00fcr Smart Building und vernetztes Bauen.<\/p>\nTeilen auf:<ul><li><i alt=\"Facebook\" title=\"Facebook\" onclick=\"heateorSssPopup(&quot;https:\/\/www.facebook.com\/sharer\/sharer.php?u=https%3A%2F%2Fwww.reseau-mesure.com%2F%3Ffl_builder&quot;)\"><ss><\/ss><\/i><\/li><li><i alt=\"Linkedin\" title=\"Linkedin\" onclick=\"heateorSssPopup(&quot;http:\/\/www.linkedin.com\/shareArticle?mini=true&amp;url=https%3A%2F%2Fwww.reseau-mesure.com%2F%3Ffl_builder&amp;title=Salon%20IBS%20Paris&quot;)\"><ss><\/ss><\/i><\/li><li><i alt=\"Twitter\" title=\"Twitter\" onclick=\"heateorSssPopup(&quot;http:\/\/twitter.com\/intent\/tweet?text=Salon%20IBS%20Paris&amp;url=https%3A%2F%2Fwww.reseau-mesure.com%2F%3Ffl_builder&quot;)\"><ss><\/ss><\/i><\/li><\/ul>\n                    \n                        7<br>\n                        Dez. Dez.\n                    \n                <h3>Veranstaltungen<\/h3>\n                <h2><a href=\"https:\/\/www.reseau-mesure.com\/de\/evenements\/proteger-son-innovation-tech-days\/\">Tech &#039;Days &quot;Schutz Ihrer Innovation&quot;<\/a><\/h2>\n                <h3>Gepostet von: Estelle Duflot \/\/ Events<\/h3>\n                <p>Unternehmer, Innovatoren, kommen und lernen Sie mehr und entwickeln Sie Ihre potenzielle Innovation: &quot;Sch\u00fctzen Sie Ihre Innovation&quot;<\/p>\nTeilen auf:<ul><li><i alt=\"Facebook\" title=\"Facebook\" onclick=\"heateorSssPopup(&quot;https:\/\/www.facebook.com\/sharer\/sharer.php?u=https%3A%2F%2Fwww.reseau-mesure.com%2F%3Ffl_builder&quot;)\"><ss><\/ss><\/i><\/li><li><i alt=\"Linkedin\" title=\"Linkedin\" onclick=\"heateorSssPopup(&quot;http:\/\/www.linkedin.com\/shareArticle?mini=true&amp;url=https%3A%2F%2Fwww.reseau-mesure.com%2F%3Ffl_builder&amp;title=Tech%27%20Days%20%C2%AB%20Prot%C3%A9ger%20son%20innovation%20%C2%BB&quot;)\"><ss><\/ss><\/i><\/li><li><i alt=\"Twitter\" title=\"Twitter\" onclick=\"heateorSssPopup(&quot;http:\/\/twitter.com\/intent\/tweet?text=Tech%27%20Days%20%C2%AB%20Prot%C3%A9ger%20son%20innovation%20%C2%BB&amp;url=https%3A%2F%2Fwww.reseau-mesure.com%2F%3Ffl_builder&quot;)\"><ss><\/ss><\/i><\/li><\/ul>\n            <!-- end of the loop -->\n            <h3>Agenda<\/h3>\n                <!-- pagination here -->\n                <!-- the loop -->\n                    <h3>12. M\u00e4rz 2021<\/h3>\n                    <h2><a href=\"https:\/\/www.reseau-mesure.com\/de\/evenements\/visio-conference-mse-acavi\/\">Videokonferenz: Expertenstimme, die Schl\u00fcsselinstrumente f\u00fcr eine erfolgreiche Rekrutierung.<\/a><\/h2>\n                    <h3>16. M\u00e4rz 2021<\/h3>\n                    <h2><a href=\"https:\/\/www.reseau-mesure.com\/de\/evenements\/creaform-et-metrologic-group\/\">Creaform und Metrologic Group organisieren gemeinsam ein Webinar<\/a><\/h2>\n                    <h3>17. M\u00e4rz 2021<\/h3>\n                    <h2><a href=\"https:\/\/www.reseau-mesure.com\/de\/evenements\/visio-conference-mse-axelone\/\">Visio-Konferenz: Axel&#039;One Analysis, die Verbindung zwischen Anbietern innovativer Technologien (Online-Analyse und digitale L\u00f6sungen) und industriellen Endbenutzern.<\/a><\/h2>\n                    <h3>18. M\u00e4rz 2021<\/h3>\n                    <h2><a href=\"https:\/\/www.reseau-mesure.com\/de\/evenements\/webinaire-la-mutualisation-des-achats-indirects\/\">Webinar &quot;B\u00fcndelung indirekter Eink\u00e4ufe&quot;<\/a><\/h2>\n                    <h3>18. M\u00e4rz 2021<\/h3>\n                    <h2><a href=\"https:\/\/www.reseau-mesure.com\/de\/evenements\/visio-conference-mse-fabrilabo\/\">Visio-Konferenz - Laborlayout: die verschiedenen Arten von Labors, Einschr\u00e4nkungen und Voraussetzungen.<\/a><\/h2>\n                    <h3>23. M\u00e4rz 2021<\/h3>\n                    <h2><a href=\"https:\/\/www.reseau-mesure.com\/de\/evenements\/visio-conference-mse-acsiel\/\">Visio-Konferenz: Wartung im Mittelpunkt Ihres Erfolgs. Warum und wie?<\/a><\/h2>\n                    <h3>25. M\u00e4rz 2021<\/h3>\n                    <h2><a href=\"https:\/\/www.reseau-mesure.com\/de\/evenements\/visio-conference-mse-vega\/\">Visio-Konferenz: IOT im Dienste der Sicherheit.<\/a><\/h2>\n                    <h3>25. M\u00e4rz 2021<\/h3>\n                    <h2><a href=\"https:\/\/www.reseau-mesure.com\/de\/evenements\/formation-linkedin\/\">Linkedin Training<\/a><\/h2>\n                    <h3>26. M\u00e4rz 2021<\/h3>\n                    <h2><a href=\"https:\/\/www.reseau-mesure.com\/de\/evenements\/visio-conference-mse-universite-de-grenoble\/\">Visio-Konferenz - Duale F\u00e4higkeiten: Wissenschaft \/ Technologie und Handel, ein Vorteil, um auf aktuelle Trends im Handel und in den Kundenbeziehungen zu reagieren!<\/a><\/h2>\n                    <h3>30. M\u00e4rz 2021<\/h3>\n                    <h2><a href=\"https:\/\/www.reseau-mesure.com\/de\/evenements\/formation-linkedin-2\/\">Linkedin Training<\/a><\/h2>\n                    <h3>13. April 2021<\/h3>\n                    <h2><a href=\"https:\/\/www.reseau-mesure.com\/de\/evenements\/manufacturing-digital-innovation\/\">Manufacturing Digital Innovation: Sauberes Design und Produktion<\/a><\/h2>\n                    <h3>15. April 2021<\/h3>\n                    <h2><a href=\"https:\/\/www.reseau-mesure.com\/de\/evenements\/conseil-dadministration-du-reseau-mesure-09-12-2020-2-2-2\/\">Verwaltungsrat des Messnetzwerks<\/a><\/h2>\n                    <h3>20. April 2021<\/h3>\n                    <h2><a href=\"https:\/\/www.reseau-mesure.com\/de\/evenements\/reunion-du-groupe-ome-20042021\/\">OM \u20ac Gruppentreffen zur Gesch\u00e4ftsentwicklung<\/a><\/h2>\n                    <h3>4. Mai 2021<\/h3>\n                    <h2><a href=\"https:\/\/www.reseau-mesure.com\/de\/evenements\/sensor-test-2020\/\">SENSOR &amp; TEST 2020 - Auf den 4. bis 6. Mai 2021 verschoben<\/a><\/h2>\n                    <h3>4. Mai 2021<\/h3>\n                    <h2><a href=\"https:\/\/www.reseau-mesure.com\/de\/evenements\/tech-days-ed-tech\/\">&quot;Ed Tech&quot; Tech &#039;Days<\/a><\/h2>\n                    <h3>5. Mai 2021<\/h3>\n                    <h2><a href=\"https:\/\/www.reseau-mesure.com\/de\/evenements\/formation-linkedin-2-2\/\">Linkedin Training<\/a><\/h2>\n                    <h3>29. Juni 2021<\/h3>\n                    <h2><a href=\"https:\/\/www.reseau-mesure.com\/de\/evenements\/tech-days-construire-au-futur-habiter-au-futur\/\">&quot;In der Zukunft bauen, in der Zukunft leben&quot; Tech &#039;Days<\/a><\/h2>\n                    <h3>7. September 2021<\/h3>\n                    <h2><a href=\"https:\/\/www.reseau-mesure.com\/de\/evenements\/salon-global-industrie-2021\/\">GLOBAL INDUSTRIE Messe 2021<\/a><\/h2>\n                    <h3>7. September 2021<\/h3>\n                    <h2><a href=\"https:\/\/www.reseau-mesure.com\/de\/evenements\/measurement-world-2021\/\">Messwelt 2021<\/a><\/h2>\n                    <h3>15. September 2021<\/h3>\n                    <h2><a href=\"https:\/\/www.reseau-mesure.com\/de\/evenements\/tech-days-logistique-mardi-14-septembre-2021\/\">Tech &#039;Days &quot;Logistik&quot;<\/a><\/h2>\n                    <h3>4. Oktober 2021<\/h3>\n                    <h2><a href=\"https:\/\/www.reseau-mesure.com\/de\/evenements\/pollutec-2021\/\">POLLUTEC 2021<\/a><\/h2>\n                    <h3>20. Oktober 2021<\/h3>\n                    <h2><a href=\"https:\/\/www.reseau-mesure.com\/de\/evenements\/ibs-2021-le-salon\/\">IBS Paris Messe<\/a><\/h2>\n                    <h3>7. Dezember 2021<\/h3>\n                    <h2><a href=\"https:\/\/www.reseau-mesure.com\/de\/evenements\/proteger-son-innovation-tech-days\/\">Tech &#039;Days &quot;Schutz Ihrer Innovation&quot;<\/a><\/h2>\n                <!-- end of the loop -->\n                <!-- pagination here -->\n\t\t\t<a href=\"https:\/\/www.reseau-mesure.com\/de\/evenements\/\" target=\"_self\" role=\"button\" rel=\"noopener\">\n\t\t\t\t\t\tKonsultieren Sie die gesamte Agenda\n\t\t\t\t\t<\/a>\n\t\t<h2>\n\t\t\tUnsere Mitglieder\n\t\t<\/h2>\n    <p>Finden Sie alle Mitgliedsunternehmen des Messnetzwerks<\/p>\n    <p>- Mitglieder des Messnetzwerks -<\/p>\n    <a href=\"\/de\/adherent\/?aid=406\"><img decoding=\"async\" src=\"5145\" alt=\"IKALOGIC SAS\"><\/a>\n    <a href=\"\/de\/adherent\/?aid=93\"><img decoding=\"async\" src=\"1243\" alt=\"DEWETRON FRANCE\"><\/a>\n    <a href=\"\/de\/adherent\/?aid=143\"><img decoding=\"async\" src=\"1332\" alt=\"TELEPILOTE SAS\"><\/a>\n    <a href=\"\/de\/adherent\/?aid=449\"><img decoding=\"async\" src=\"6138\" alt=\"MEDIA MESURES\"><\/a>\n    <a href=\"\/de\/adherent\/?aid=81\"><img decoding=\"async\" src=\"1222\" alt=\"AOIP\"><\/a>\n    <a href=\"\/de\/adherent\/?aid=408\"><img decoding=\"async\" src=\"6125\" alt=\"CORREGE SERVICES\"><\/a>\n    <a href=\"\/de\/adherent\/?aid=18\"><img decoding=\"async\" src=\"1022\" alt=\"AMS ALLIANCE\"><\/a>\n    <a href=\"\/de\/adherent\/?aid=147\"><img decoding=\"async\" src=\"1165\" alt=\"ONE-TOO\"><\/a>","protected":false},"excerpt":{"rendered":"<p>Das Netzwerk der Instrumentierungs- und Messspezialisten Laden Sie den in Frankreich hergestellten Instrumentenkatalog herunter. Analytica Download Das Know-how des Messnetzwerks (Band 1) Treffen um 9:30 Uhr in VISIO Finden Sie einen Spezialisten Was suchen Sie? Einreichen eines Projekts Werden Sie Mitglied Verbinden Sie ein Netzwerk f\u00fcr seine Mitglieder \u00fcber seine Mitglieder. Ziele F\u00f6rdern\u2026<\/p>","protected":false},"author":685,"featured_media":0,"parent":0,"menu_order":0,"comment_status":"closed","ping_status":"closed","template":"","meta":{"_acf_changed":false,"footnotes":""},"class_list":["post-8299","page","type-page","status-publish","hentry"],"acf":[],"yoast_head":"<!-- This site is optimized with the Yoast SEO plugin v27.5 - https:\/\/yoast.com\/product\/yoast-seo-wordpress\/ -->\n<title>Accueil R\u00e9seau Mesure - ancienne - R\u00e9seau Mesure<\/title>\n<meta name=\"description\" content=\"Le R\u00e9seau Mesure est une association regroupant des entreprises sp\u00e9cialistes de l&#039;instrumentation, de la mesure et d&#039;activit\u00e9s connexes avec pour objectif de renforcer la comp\u00e9titivit\u00e9 des entreprises en r\u00e9pondant \u00e0 leur besoin de d\u00e9veloppement.\" \/>\n<meta name=\"robots\" content=\"index, follow, max-snippet:-1, max-image-preview:large, max-video-preview:-1\" \/>\n<link rel=\"canonical\" href=\"https:\/\/www.reseau-mesure.com\/de\/acceuil-2\/\" \/>\n<meta property=\"og:locale\" content=\"de_DE\" \/>\n<meta property=\"og:type\" content=\"article\" \/>\n<meta property=\"og:title\" content=\"R\u00e9seau Mesure\" \/>\n<meta property=\"og:description\" content=\"e R\u00e9seau Mesure est une association loi 1901 \u00e0 but non lucratif regroupant des entreprises sp\u00e9cialistes de l&#039;instrumentation, de la mesure et d&#039;activit\u00e9s connexes avec pour objectif de renforcer la comp\u00e9titivit\u00e9 des entreprises en r\u00e9pondant \u00e0 leur besoin de d\u00e9veloppement.\" \/>\n<meta property=\"og:url\" content=\"https:\/\/www.reseau-mesure.com\/de\/acceuil-2\/\" \/>\n<meta property=\"og:site_name\" content=\"R\u00e9seau Mesure\" \/>\n<meta property=\"article:publisher\" content=\"https:\/\/www.facebook.com\/reseaumesure\/\" \/>\n<meta property=\"article:modified_time\" content=\"2021-03-30T08:04:17+00:00\" \/>\n<meta property=\"og:image\" content=\"https:\/\/www.reseau-mesure.com\/wp-content\/uploads\/2018\/02\/logo-max-300x157.png\" \/>\n<meta name=\"twitter:card\" content=\"summary_large_image\" \/>\n<meta name=\"twitter:site\" content=\"@ReseauMesure\" \/>\n<meta name=\"twitter:label1\" content=\"Gesch\u00e4tzte Lesezeit\" \/>\n\t<meta name=\"twitter:data1\" content=\"10\u00a0Minuten\" \/>\n<script type=\"application\/ld+json\" class=\"yoast-schema-graph\">{\"@context\":\"https:\\\/\\\/schema.org\",\"@graph\":[{\"@type\":\"WebPage\",\"@id\":\"https:\\\/\\\/www.reseau-mesure.com\\\/de\\\/acceuil-2\\\/\",\"url\":\"https:\\\/\\\/www.reseau-mesure.com\\\/de\\\/acceuil-2\\\/\",\"name\":\"Accueil R\u00e9seau Mesure - ancienne - R\u00e9seau Mesure\",\"isPartOf\":{\"@id\":\"https:\\\/\\\/www.reseau-mesure.com\\\/#website\"},\"primaryImageOfPage\":{\"@id\":\"https:\\\/\\\/www.reseau-mesure.com\\\/de\\\/acceuil-2\\\/#primaryimage\"},\"image\":{\"@id\":\"https:\\\/\\\/www.reseau-mesure.com\\\/de\\\/acceuil-2\\\/#primaryimage\"},\"thumbnailUrl\":\"https:\\\/\\\/www.reseau-mesure.com\\\/wp-content\\\/uploads\\\/2018\\\/02\\\/logo-max-300x157.png\",\"datePublished\":\"2019-08-28T14:51:52+00:00\",\"dateModified\":\"2021-03-30T08:04:17+00:00\",\"description\":\"Le R\u00e9seau Mesure est une association regroupant des entreprises sp\u00e9cialistes de l'instrumentation, de la mesure et d'activit\u00e9s connexes avec pour objectif de renforcer la comp\u00e9titivit\u00e9 des entreprises en r\u00e9pondant \u00e0 leur besoin de d\u00e9veloppement.\",\"breadcrumb\":{\"@id\":\"https:\\\/\\\/www.reseau-mesure.com\\\/de\\\/acceuil-2\\\/#breadcrumb\"},\"inLanguage\":\"de\",\"potentialAction\":[{\"@type\":\"ReadAction\",\"target\":[\"https:\\\/\\\/www.reseau-mesure.com\\\/de\\\/acceuil-2\\\/\"]}]},{\"@type\":\"ImageObject\",\"inLanguage\":\"de\",\"@id\":\"https:\\\/\\\/www.reseau-mesure.com\\\/de\\\/acceuil-2\\\/#primaryimage\",\"url\":\"https:\\\/\\\/www.reseau-mesure.com\\\/wp-content\\\/uploads\\\/2018\\\/02\\\/logo-max-300x157.png\",\"contentUrl\":\"https:\\\/\\\/www.reseau-mesure.com\\\/wp-content\\\/uploads\\\/2018\\\/02\\\/logo-max-300x157.png\"},{\"@type\":\"BreadcrumbList\",\"@id\":\"https:\\\/\\\/www.reseau-mesure.com\\\/de\\\/acceuil-2\\\/#breadcrumb\",\"itemListElement\":[{\"@type\":\"ListItem\",\"position\":1,\"name\":\"Accueil\",\"item\":\"https:\\\/\\\/www.reseau-mesure.com\\\/\"},{\"@type\":\"ListItem\",\"position\":2,\"name\":\"Accueil R\u00e9seau Mesure &#8211; ancienne\"}]},{\"@type\":\"WebSite\",\"@id\":\"https:\\\/\\\/www.reseau-mesure.com\\\/#website\",\"url\":\"https:\\\/\\\/www.reseau-mesure.com\\\/\",\"name\":\"R\u00e9seau-Mesure\",\"description\":\"R\u00e9seau Mesure\",\"publisher\":{\"@id\":\"https:\\\/\\\/www.reseau-mesure.com\\\/#organization\"},\"potentialAction\":[{\"@type\":\"SearchAction\",\"target\":{\"@type\":\"EntryPoint\",\"urlTemplate\":\"https:\\\/\\\/www.reseau-mesure.com\\\/?s={search_term_string}\"},\"query-input\":{\"@type\":\"PropertyValueSpecification\",\"valueRequired\":true,\"valueName\":\"search_term_string\"}}],\"inLanguage\":\"de\"},{\"@type\":\"Organization\",\"@id\":\"https:\\\/\\\/www.reseau-mesure.com\\\/#organization\",\"name\":\"R\u00e9seau-Mesure\",\"url\":\"https:\\\/\\\/www.reseau-mesure.com\\\/\",\"logo\":{\"@type\":\"ImageObject\",\"inLanguage\":\"de\",\"@id\":\"https:\\\/\\\/www.reseau-mesure.com\\\/#\\\/schema\\\/logo\\\/image\\\/\",\"url\":\"https:\\\/\\\/www.reseau-mesure.com\\\/wp-content\\\/uploads\\\/2018\\\/02\\\/logo-max.png\",\"contentUrl\":\"https:\\\/\\\/www.reseau-mesure.com\\\/wp-content\\\/uploads\\\/2018\\\/02\\\/logo-max.png\",\"width\":545,\"height\":285,\"caption\":\"R\u00e9seau-Mesure\"},\"image\":{\"@id\":\"https:\\\/\\\/www.reseau-mesure.com\\\/#\\\/schema\\\/logo\\\/image\\\/\"},\"sameAs\":[\"https:\\\/\\\/www.facebook.com\\\/reseaumesure\\\/\",\"https:\\\/\\\/x.com\\\/ReseauMesure\",\"https:\\\/\\\/www.linkedin.com\\\/company\\\/reseau-mesure\\\/\"]}]}<\/script>\n<!-- \/ Yoast SEO plugin. -->","yoast_head_json":{"title":"Accueil R\u00e9seau Mesure - ancienne - R\u00e9seau Mesure","description":"Le R\u00e9seau Mesure est une association regroupant des entreprises sp\u00e9cialistes de l'instrumentation, de la mesure et d'activit\u00e9s connexes avec pour objectif de renforcer la comp\u00e9titivit\u00e9 des entreprises en r\u00e9pondant \u00e0 leur besoin de d\u00e9veloppement.","robots":{"index":"index","follow":"follow","max-snippet":"max-snippet:-1","max-image-preview":"max-image-preview:large","max-video-preview":"max-video-preview:-1"},"canonical":"https:\/\/www.reseau-mesure.com\/de\/acceuil-2\/","og_locale":"de_DE","og_type":"article","og_title":"R\u00e9seau Mesure","og_description":"e R\u00e9seau Mesure est une association loi 1901 \u00e0 but non lucratif regroupant des entreprises sp\u00e9cialistes de l'instrumentation, de la mesure et d'activit\u00e9s connexes avec pour objectif de renforcer la comp\u00e9titivit\u00e9 des entreprises en r\u00e9pondant \u00e0 leur besoin de d\u00e9veloppement.","og_url":"https:\/\/www.reseau-mesure.com\/de\/acceuil-2\/","og_site_name":"R\u00e9seau Mesure","article_publisher":"https:\/\/www.facebook.com\/reseaumesure\/","article_modified_time":"2021-03-30T08:04:17+00:00","og_image":[{"url":"https:\/\/www.reseau-mesure.com\/wp-content\/uploads\/2018\/02\/logo-max-300x157.png","type":"","width":"","height":""}],"twitter_card":"summary_large_image","twitter_site":"@ReseauMesure","twitter_misc":{"Gesch\u00e4tzte Lesezeit":"10\u00a0Minuten"},"schema":{"@context":"https:\/\/schema.org","@graph":[{"@type":"WebPage","@id":"https:\/\/www.reseau-mesure.com\/de\/acceuil-2\/","url":"https:\/\/www.reseau-mesure.com\/de\/acceuil-2\/","name":"Accueil R\u00e9seau Mesure - ancienne - R\u00e9seau Mesure","isPartOf":{"@id":"https:\/\/www.reseau-mesure.com\/#website"},"primaryImageOfPage":{"@id":"https:\/\/www.reseau-mesure.com\/de\/acceuil-2\/#primaryimage"},"image":{"@id":"https:\/\/www.reseau-mesure.com\/de\/acceuil-2\/#primaryimage"},"thumbnailUrl":"https:\/\/www.reseau-mesure.com\/wp-content\/uploads\/2018\/02\/logo-max-300x157.png","datePublished":"2019-08-28T14:51:52+00:00","dateModified":"2021-03-30T08:04:17+00:00","description":"Le R\u00e9seau Mesure est une association regroupant des entreprises sp\u00e9cialistes de l'instrumentation, de la mesure et d'activit\u00e9s connexes avec pour objectif de renforcer la comp\u00e9titivit\u00e9 des entreprises en r\u00e9pondant \u00e0 leur besoin de d\u00e9veloppement.","breadcrumb":{"@id":"https:\/\/www.reseau-mesure.com\/de\/acceuil-2\/#breadcrumb"},"inLanguage":"de","potentialAction":[{"@type":"ReadAction","target":["https:\/\/www.reseau-mesure.com\/de\/acceuil-2\/"]}]},{"@type":"ImageObject","inLanguage":"de","@id":"https:\/\/www.reseau-mesure.com\/de\/acceuil-2\/#primaryimage","url":"https:\/\/www.reseau-mesure.com\/wp-content\/uploads\/2018\/02\/logo-max-300x157.png","contentUrl":"https:\/\/www.reseau-mesure.com\/wp-content\/uploads\/2018\/02\/logo-max-300x157.png"},{"@type":"BreadcrumbList","@id":"https:\/\/www.reseau-mesure.com\/de\/acceuil-2\/#breadcrumb","itemListElement":[{"@type":"ListItem","position":1,"name":"Accueil","item":"https:\/\/www.reseau-mesure.com\/"},{"@type":"ListItem","position":2,"name":"Accueil R\u00e9seau Mesure &#8211; ancienne"}]},{"@type":"WebSite","@id":"https:\/\/www.reseau-mesure.com\/#website","url":"https:\/\/www.reseau-mesure.com\/","name":"Netzwerk-Messung","description":"Netzwerkma\u00dfnahme","publisher":{"@id":"https:\/\/www.reseau-mesure.com\/#organization"},"potentialAction":[{"@type":"SearchAction","target":{"@type":"EntryPoint","urlTemplate":"https:\/\/www.reseau-mesure.com\/?s={search_term_string}"},"query-input":{"@type":"PropertyValueSpecification","valueRequired":true,"valueName":"search_term_string"}}],"inLanguage":"de"},{"@type":"Organization","@id":"https:\/\/www.reseau-mesure.com\/#organization","name":"Netzwerk-Messung","url":"https:\/\/www.reseau-mesure.com\/","logo":{"@type":"ImageObject","inLanguage":"de","@id":"https:\/\/www.reseau-mesure.com\/#\/schema\/logo\/image\/","url":"https:\/\/www.reseau-mesure.com\/wp-content\/uploads\/2018\/02\/logo-max.png","contentUrl":"https:\/\/www.reseau-mesure.com\/wp-content\/uploads\/2018\/02\/logo-max.png","width":545,"height":285,"caption":"R\u00e9seau-Mesure"},"image":{"@id":"https:\/\/www.reseau-mesure.com\/#\/schema\/logo\/image\/"},"sameAs":["https:\/\/www.facebook.com\/reseaumesure\/","https:\/\/x.com\/ReseauMesure","https:\/\/www.linkedin.com\/company\/reseau-mesure\/"]}]}},"_links":{"self":[{"href":"https:\/\/www.reseau-mesure.com\/de\/wp-json\/wp\/v2\/pages\/8299","targetHints":{"allow":["GET"]}}],"collection":[{"href":"https:\/\/www.reseau-mesure.com\/de\/wp-json\/wp\/v2\/pages"}],"about":[{"href":"https:\/\/www.reseau-mesure.com\/de\/wp-json\/wp\/v2\/types\/page"}],"author":[{"embeddable":true,"href":"https:\/\/www.reseau-mesure.com\/de\/wp-json\/wp\/v2\/users\/685"}],"replies":[{"embeddable":true,"href":"https:\/\/www.reseau-mesure.com\/de\/wp-json\/wp\/v2\/comments?post=8299"}],"version-history":[{"count":0,"href":"https:\/\/www.reseau-mesure.com\/de\/wp-json\/wp\/v2\/pages\/8299\/revisions"}],"wp:attachment":[{"href":"https:\/\/www.reseau-mesure.com\/de\/wp-json\/wp\/v2\/media?parent=8299"}],"curies":[{"name":"wp","href":"https:\/\/api.w.org\/{rel}","templated":true}]}}