{"id":8532,"date":"2019-10-11T15:18:33","date_gmt":"2019-10-11T13:18:33","guid":{"rendered":"https:\/\/www.reseau-mesure.com\/?page_id=8532"},"modified":"2019-10-25T10:23:35","modified_gmt":"2019-10-25T08:23:35","slug":"mesures-solutions-formation","status":"publish","type":"page","link":"https:\/\/www.reseau-mesure.com\/de\/mesures-solutions-formation\/","title":{"rendered":"Ma\u00dfnahmen L\u00f6sungen AUSBILDUNG"},"content":{"rendered":"<img loading=\"lazy\" decoding=\"async\" src=\"https:\/\/www.reseau-mesure.com\/wp-content\/uploads\/2019\/10\/LOGO-MSE-Formation-768x376.jpg\" alt=\"LOGO MSE Formation\" itemprop=\"image\" height=\"376\" width=\"768\" title=\"LOGO MSE Training\" onerror=\"this.style.display='none'\"  \/>\n\t<p><strong>1. Trainingstag:<\/strong><\/p>\n\t<p><strong>Mittwoch, 11. Dezember 2019<\/strong><\/p>\n\tIndustrie und Handelskammer<br \/>\n10 Gutenbergplatz<b><br \/>\nStra\u00dfburg<\/b>\n<p>&nbsp;<\/p>\n\t\t\t<a href=\"mailto:eduflot@reseau-mesure.com\" target=\"_self\" role=\"button\" rel=\"noopener noreferrer\">\n\t\t\t\t\t\t\tAnmeldung\n\t\t\t\t\t<\/a>\n\t<p><strong>DATENVERFOLGBARKEIT UND INTEGRIT\u00c4T<\/strong><\/p>\n<p><strong>Von der Datengenerierung durch verschiedene Sensoren bis hin zur Nutzung und Verbreitung.<\/strong><\/p>\n\t<p>Diese Schulung wird vom Messnetzwerk in Zusammenarbeit mit der <u><a href=\"http:\/\/www.cfmetrologie.com\/fr\/\" target=\"_blank\" rel=\"noopener noreferrer\">Franz\u00f6sisches College f\u00fcr Metrologie<\/a>.<\/u><\/p>\n\n\t\t\t\t<img loading=\"lazy\" decoding=\"async\" src=\"https:\/\/www.reseau-mesure.com\/wp-content\/uploads\/2019\/10\/CFM.png\" alt=\"CFM\" itemprop=\"image\" height=\"64\" width=\"340\" title=\"CFM\" onerror=\"this.style.display='none'\"  \/>\n\t<p><b># den Prozess<\/b><b>\u00a0#<\/b><\/p>\n\t<ul>\n<li>\n<ul>\n<li>\n<ul>\n<li>\n<ul>\n<li>\n<ul>\n<li>\n<ul>\n<li>\n<ul>\n<li>\n<ul>\n<li>\n<ul>\n<li>\n<ul>\n<li>2 vom CFM veranstaltete Konferenzen<\/li>\n<li>5 Sitzungen mit 5 technischen Workshops<\/li>\n<li>Anwendungsbeispiele<\/li>\n<li>Erfahrungsaustausch<\/li>\n<\/ul>\n<\/li>\n<\/ul>\n<\/li>\n<\/ul>\n<\/li>\n<\/ul>\n<\/li>\n<\/ul>\n<\/li>\n<\/ul>\n<\/li>\n<\/ul>\n<\/li>\n<\/ul>\n<\/li>\n<\/ul>\n<\/li>\n<\/ul>\n\t<p><b>#-Konferenzen<\/b><b>\u00a0#<\/b><\/p>\n\t<ul>\n<li>Die Grundlagen der Metrologie, Darstellung der Grundlagen der Metrologie und der damit verbundenen Standards.<\/li>\n<li>Neue Technologien und die Zukunft der Messtechnik.<\/li>\n<\/ul>\n\t<p><b># die <\/b><b>Workshops<\/b><b> Techniken <\/b><b>#<\/b><\/p>\n\t<ul>\n<li>Konzentrieren Sie sich auf das Messen<strong> Massenstrom<\/strong>.<\/li>\n<li>Temperatur: l<strong>&#039;Kalibrierung<\/strong> Temperatursonden in Industrie- oder Laborumgebungen: wie <strong>kombinieren messtechnische Leistung, Geschwindigkeit und R\u00fcckverfolgbarkeit<\/strong>.<br \/>\n<strong>Druck<\/strong> : Vor-Ort-Kalibrierung von Drucksensoren, <strong>Manometer<\/strong> oder Druckschalter: Wie k\u00f6nnen Effizienz und Qualit\u00e4t verbessert werden? <\/li>\n<li>Pr\u00e4sentation eines <strong>Routine in der pharmazeutischen Industrie angewendet<\/strong>. Befolgen Sie die CFR21 Part11-Richtlinien f\u00fcr a <strong>vollst\u00e4ndige R\u00fcckverfolgbarkeit und Integrit\u00e4t<\/strong>.<\/li>\n<li>Thermometer und <strong>Infrarot-Pyrometer - W\u00e4rmebildkameras<\/strong>.<\/li>\n<li>Das<strong> drahtgebundene und \/ oder drahtlose Messung<\/strong> : Vom Sensor zu den Daten in absoluter Sicherheit. Verstehe und <strong>Beherrschen Sie die Messkette mit technologischen Entwicklungen<\/strong>.<br \/>\n\u00dcberpr\u00fcfen Sie die Integrit\u00e4t der Daten Ihrer Messanlagen.<\/li>\n<\/ul>\n<p>&nbsp;<\/p>\n\t<p><b>#-Lautsprecher<\/b><b>\u00a0#<\/b><\/p>\n\t<p>&nbsp;<\/p>\n<p><a href=\"http:\/\/www.cfmetrologie.com\/fr\/\"><img loading=\"lazy\" decoding=\"async\" src=\"https:\/\/www.reseau-mesure.com\/wp-content\/uploads\/2019\/10\/3_CFM-logoquadri-2018_HD-240x300.jpg\" alt=\"\" width=\"84\" height=\"105\" \/><\/a> <a href=\"https:\/\/www.reseau-mesure.com\/de\/adherent\/optris-gmbh\/\"><img loading=\"lazy\" decoding=\"async\" src=\"https:\/\/www.reseau-mesure.com\/wp-content\/uploads\/2018\/02\/OPTRIS.gif\" alt=\"OPTRIS\" width=\"229\" height=\"44\" \/><\/a><a href=\"https:\/\/www.reseau-mesure.com\/de\/adherent\/th-industrie\/\"><img loading=\"lazy\" decoding=\"async\" src=\"https:\/\/www.reseau-mesure.com\/wp-content\/uploads\/2018\/02\/TH-Industrie-300dpi-presse.jpg\" alt=\"TH-Industrie - 300dpi -presse\" width=\"150\" height=\"76\" \/><\/a><a href=\"https:\/\/www.reseau-mesure.com\/de\/adherent\/dimelco\/\"><img loading=\"lazy\" decoding=\"async\" src=\"https:\/\/www.reseau-mesure.com\/wp-content\/uploads\/2018\/02\/DIMELCO_HR-2016-300x213.jpg\" alt=\"DIMELCO_HR 2016\" width=\"179\" height=\"127\" \/><\/a><a href=\"https:\/\/www.reseau-mesure.com\/de\/adherent\/nir-industry\/\"><img loading=\"lazy\" decoding=\"async\" src=\"https:\/\/www.reseau-mesure.com\/wp-content\/uploads\/2019\/05\/logo-NIR-l-300x74.png\" alt=\"logo-NIR-l\" width=\"195\" height=\"48\" \/><\/a>\u00a0 \u00a0 \u00a0<a href=\"https:\/\/www.reseau-mesure.com\/de\/adherent\/bronkhorst\/\"><img loading=\"lazy\" decoding=\"async\" src=\"https:\/\/www.reseau-mesure.com\/wp-content\/uploads\/2018\/02\/Bronkhorst-300x164.jpg\" alt=\"Bronkhorst\" width=\"137\" height=\"75\" \/><\/a><\/p>\n<p>&nbsp;<\/p>\n<p>&nbsp;<\/p>\n<p>&nbsp;<\/p>\n<p>&nbsp;<\/p>\n<p>&nbsp;<\/p>\n\t<p><b># ein <\/b><b>kosten<\/b><b>\u00a0des #-Trainings<\/b><\/p>\n\t<p>&nbsp;<\/p>\nDas Messnetzwerk verf\u00fcgt \u00fcber das Datadock-Label, mit dem Sie es von Ihrem OPCO \u00fcbernehmen lassen k\u00f6nnen.<br \/>\nDie Kosten f\u00fcr die Schulung betragen 390 \u20ac HT \/ Pers.\n<p>F\u00fcr die <strong>Mitglieder<\/strong> vom Messnetz und \/ oder vom CFM einen Rabatt <strong>50 %<\/strong> wird angewandt.<\/p>\n\t\t\t\t<img loading=\"lazy\" decoding=\"async\" src=\"https:\/\/www.reseau-mesure.com\/wp-content\/uploads\/2019\/10\/datadock.jpg\" alt=\"datadock\" itemprop=\"image\" height=\"772\" width=\"716\" title=\"Datadock\" onerror=\"this.style.display='none'\"  \/>\n\t\t\t<a href=\"mailto: mse@reseau-mesure.com\" target=\"_self\" role=\"button\" rel=\"noopener noreferrer\">\n\t\t\t\t\t\tUm sich zu registrieren\n\t\t\t\t\t<\/a>\n\t\t\t<a href=\"https:\/\/www.reseau-mesure.com\/wp-content\/uploads\/2019\/10\/Programme-de-formation-MSF-Tracabilit%C3%A9-et-int%C3%A9grit%C3%A9-des-donn%C3%A9es-R%C3%A9seau-Mesure.pdf\" target=\"_self\" role=\"button\" rel=\"noopener noreferrer\">\n\t\t\t\t\t\tLaden Sie das vollst\u00e4ndige Programm herunter\n\t\t\t\t\t<\/a>","protected":false},"excerpt":{"rendered":"<p>1. Schulungstag: Mittwoch, 11. Dezember 2019 Industrie- und Handelskammer 10 Ort Gutenberg Stra\u00dfburg Registrierung DATENVERFOLGBARKEIT UND INTEGRIT\u00c4T Von der Generierung von Daten durch verschiedene Sensoren bis zur Nutzung und Verbreitung. Diese Schulung wird vom Measurement Network in Zusammenarbeit mit dem French College of Metrology angeboten. # die Sequenz #\u2026<\/p>","protected":false},"author":349,"featured_media":0,"parent":0,"menu_order":0,"comment_status":"closed","ping_status":"closed","template":"","meta":{"_acf_changed":false,"footnotes":""},"class_list":["post-8532","page","type-page","status-publish","hentry"],"acf":[],"yoast_head":"<!-- This site is optimized with the Yoast SEO plugin v27.5 - https:\/\/yoast.com\/product\/yoast-seo-wordpress\/ -->\n<title>Mesures Solutions FORMATION - R\u00e9seau Mesure<\/title>\n<meta name=\"description\" content=\"Le salon measurement world est le salon de la mesure pour 2019. Les adh\u00e9rents du R\u00e9seau Mesure seront pr\u00e9sent. Informations et renseignements.\" \/>\n<meta name=\"robots\" content=\"index, follow, max-snippet:-1, max-image-preview:large, max-video-preview:-1\" \/>\n<link rel=\"canonical\" href=\"https:\/\/www.reseau-mesure.com\/de\/mesures-solutions-formation\/\" \/>\n<meta property=\"og:locale\" content=\"de_DE\" \/>\n<meta property=\"og:type\" content=\"article\" \/>\n<meta property=\"og:title\" content=\"Mesures Solutions FORMATION - R\u00e9seau Mesure\" \/>\n<meta property=\"og:description\" content=\"Le salon measurement world est le salon de la mesure pour 2019. Les adh\u00e9rents du R\u00e9seau Mesure seront pr\u00e9sent. Informations et renseignements.\" \/>\n<meta property=\"og:url\" content=\"https:\/\/www.reseau-mesure.com\/de\/mesures-solutions-formation\/\" \/>\n<meta property=\"og:site_name\" content=\"R\u00e9seau Mesure\" \/>\n<meta property=\"article:publisher\" content=\"https:\/\/www.facebook.com\/reseaumesure\/\" \/>\n<meta property=\"article:modified_time\" content=\"2019-10-25T08:23:35+00:00\" \/>\n<meta property=\"og:image\" content=\"https:\/\/www.reseau-mesure.com\/wp-content\/uploads\/2019\/10\/LOGO-MSE-Formation-768x376.jpg\" \/>\n<meta name=\"twitter:card\" content=\"summary_large_image\" \/>\n<meta name=\"twitter:site\" content=\"@ReseauMesure\" \/>\n<meta name=\"twitter:label1\" content=\"Gesch\u00e4tzte Lesezeit\" \/>\n\t<meta name=\"twitter:data1\" content=\"2\u00a0Minuten\" \/>\n<script type=\"application\/ld+json\" class=\"yoast-schema-graph\">{\"@context\":\"https:\\\/\\\/schema.org\",\"@graph\":[{\"@type\":\"WebPage\",\"@id\":\"https:\\\/\\\/www.reseau-mesure.com\\\/de\\\/mesures-solutions-formation\\\/\",\"url\":\"https:\\\/\\\/www.reseau-mesure.com\\\/de\\\/mesures-solutions-formation\\\/\",\"name\":\"Mesures Solutions FORMATION - R\u00e9seau Mesure\",\"isPartOf\":{\"@id\":\"https:\\\/\\\/www.reseau-mesure.com\\\/#website\"},\"primaryImageOfPage\":{\"@id\":\"https:\\\/\\\/www.reseau-mesure.com\\\/de\\\/mesures-solutions-formation\\\/#primaryimage\"},\"image\":{\"@id\":\"https:\\\/\\\/www.reseau-mesure.com\\\/de\\\/mesures-solutions-formation\\\/#primaryimage\"},\"thumbnailUrl\":\"https:\\\/\\\/www.reseau-mesure.com\\\/wp-content\\\/uploads\\\/2019\\\/10\\\/LOGO-MSE-Formation-768x376.jpg\",\"datePublished\":\"2019-10-11T13:18:33+00:00\",\"dateModified\":\"2019-10-25T08:23:35+00:00\",\"description\":\"Le salon measurement world est le salon de la mesure pour 2019. Les adh\u00e9rents du R\u00e9seau Mesure seront pr\u00e9sent. Informations et renseignements.\",\"breadcrumb\":{\"@id\":\"https:\\\/\\\/www.reseau-mesure.com\\\/de\\\/mesures-solutions-formation\\\/#breadcrumb\"},\"inLanguage\":\"de\",\"potentialAction\":[{\"@type\":\"ReadAction\",\"target\":[\"https:\\\/\\\/www.reseau-mesure.com\\\/de\\\/mesures-solutions-formation\\\/\"]}]},{\"@type\":\"ImageObject\",\"inLanguage\":\"de\",\"@id\":\"https:\\\/\\\/www.reseau-mesure.com\\\/de\\\/mesures-solutions-formation\\\/#primaryimage\",\"url\":\"https:\\\/\\\/www.reseau-mesure.com\\\/wp-content\\\/uploads\\\/2019\\\/10\\\/LOGO-MSE-Formation-768x376.jpg\",\"contentUrl\":\"https:\\\/\\\/www.reseau-mesure.com\\\/wp-content\\\/uploads\\\/2019\\\/10\\\/LOGO-MSE-Formation-768x376.jpg\"},{\"@type\":\"BreadcrumbList\",\"@id\":\"https:\\\/\\\/www.reseau-mesure.com\\\/de\\\/mesures-solutions-formation\\\/#breadcrumb\",\"itemListElement\":[{\"@type\":\"ListItem\",\"position\":1,\"name\":\"Accueil\",\"item\":\"https:\\\/\\\/www.reseau-mesure.com\\\/\"},{\"@type\":\"ListItem\",\"position\":2,\"name\":\"Mesures Solutions FORMATION\"}]},{\"@type\":\"WebSite\",\"@id\":\"https:\\\/\\\/www.reseau-mesure.com\\\/#website\",\"url\":\"https:\\\/\\\/www.reseau-mesure.com\\\/\",\"name\":\"R\u00e9seau-Mesure\",\"description\":\"R\u00e9seau Mesure\",\"publisher\":{\"@id\":\"https:\\\/\\\/www.reseau-mesure.com\\\/#organization\"},\"potentialAction\":[{\"@type\":\"SearchAction\",\"target\":{\"@type\":\"EntryPoint\",\"urlTemplate\":\"https:\\\/\\\/www.reseau-mesure.com\\\/?s={search_term_string}\"},\"query-input\":{\"@type\":\"PropertyValueSpecification\",\"valueRequired\":true,\"valueName\":\"search_term_string\"}}],\"inLanguage\":\"de\"},{\"@type\":\"Organization\",\"@id\":\"https:\\\/\\\/www.reseau-mesure.com\\\/#organization\",\"name\":\"R\u00e9seau-Mesure\",\"url\":\"https:\\\/\\\/www.reseau-mesure.com\\\/\",\"logo\":{\"@type\":\"ImageObject\",\"inLanguage\":\"de\",\"@id\":\"https:\\\/\\\/www.reseau-mesure.com\\\/#\\\/schema\\\/logo\\\/image\\\/\",\"url\":\"https:\\\/\\\/www.reseau-mesure.com\\\/wp-content\\\/uploads\\\/2018\\\/02\\\/logo-max.png\",\"contentUrl\":\"https:\\\/\\\/www.reseau-mesure.com\\\/wp-content\\\/uploads\\\/2018\\\/02\\\/logo-max.png\",\"width\":545,\"height\":285,\"caption\":\"R\u00e9seau-Mesure\"},\"image\":{\"@id\":\"https:\\\/\\\/www.reseau-mesure.com\\\/#\\\/schema\\\/logo\\\/image\\\/\"},\"sameAs\":[\"https:\\\/\\\/www.facebook.com\\\/reseaumesure\\\/\",\"https:\\\/\\\/x.com\\\/ReseauMesure\",\"https:\\\/\\\/www.linkedin.com\\\/company\\\/reseau-mesure\\\/\"]}]}<\/script>\n<!-- \/ Yoast SEO plugin. -->","yoast_head_json":{"title":"Mesures Solutions FORMATION - R\u00e9seau Mesure","description":"Le salon measurement world est le salon de la mesure pour 2019. Les adh\u00e9rents du R\u00e9seau Mesure seront pr\u00e9sent. Informations et renseignements.","robots":{"index":"index","follow":"follow","max-snippet":"max-snippet:-1","max-image-preview":"max-image-preview:large","max-video-preview":"max-video-preview:-1"},"canonical":"https:\/\/www.reseau-mesure.com\/de\/mesures-solutions-formation\/","og_locale":"de_DE","og_type":"article","og_title":"Mesures Solutions FORMATION - R\u00e9seau Mesure","og_description":"Le salon measurement world est le salon de la mesure pour 2019. Les adh\u00e9rents du R\u00e9seau Mesure seront pr\u00e9sent. Informations et renseignements.","og_url":"https:\/\/www.reseau-mesure.com\/de\/mesures-solutions-formation\/","og_site_name":"R\u00e9seau Mesure","article_publisher":"https:\/\/www.facebook.com\/reseaumesure\/","article_modified_time":"2019-10-25T08:23:35+00:00","og_image":[{"url":"https:\/\/www.reseau-mesure.com\/wp-content\/uploads\/2019\/10\/LOGO-MSE-Formation-768x376.jpg","type":"","width":"","height":""}],"twitter_card":"summary_large_image","twitter_site":"@ReseauMesure","twitter_misc":{"Gesch\u00e4tzte Lesezeit":"2\u00a0Minuten"},"schema":{"@context":"https:\/\/schema.org","@graph":[{"@type":"WebPage","@id":"https:\/\/www.reseau-mesure.com\/de\/mesures-solutions-formation\/","url":"https:\/\/www.reseau-mesure.com\/de\/mesures-solutions-formation\/","name":"Mesures Solutions FORMATION - R\u00e9seau Mesure","isPartOf":{"@id":"https:\/\/www.reseau-mesure.com\/#website"},"primaryImageOfPage":{"@id":"https:\/\/www.reseau-mesure.com\/de\/mesures-solutions-formation\/#primaryimage"},"image":{"@id":"https:\/\/www.reseau-mesure.com\/de\/mesures-solutions-formation\/#primaryimage"},"thumbnailUrl":"https:\/\/www.reseau-mesure.com\/wp-content\/uploads\/2019\/10\/LOGO-MSE-Formation-768x376.jpg","datePublished":"2019-10-11T13:18:33+00:00","dateModified":"2019-10-25T08:23:35+00:00","description":"Le salon measurement world est le salon de la mesure pour 2019. Les adh\u00e9rents du R\u00e9seau Mesure seront pr\u00e9sent. Informations et renseignements.","breadcrumb":{"@id":"https:\/\/www.reseau-mesure.com\/de\/mesures-solutions-formation\/#breadcrumb"},"inLanguage":"de","potentialAction":[{"@type":"ReadAction","target":["https:\/\/www.reseau-mesure.com\/de\/mesures-solutions-formation\/"]}]},{"@type":"ImageObject","inLanguage":"de","@id":"https:\/\/www.reseau-mesure.com\/de\/mesures-solutions-formation\/#primaryimage","url":"https:\/\/www.reseau-mesure.com\/wp-content\/uploads\/2019\/10\/LOGO-MSE-Formation-768x376.jpg","contentUrl":"https:\/\/www.reseau-mesure.com\/wp-content\/uploads\/2019\/10\/LOGO-MSE-Formation-768x376.jpg"},{"@type":"BreadcrumbList","@id":"https:\/\/www.reseau-mesure.com\/de\/mesures-solutions-formation\/#breadcrumb","itemListElement":[{"@type":"ListItem","position":1,"name":"Accueil","item":"https:\/\/www.reseau-mesure.com\/"},{"@type":"ListItem","position":2,"name":"Mesures Solutions FORMATION"}]},{"@type":"WebSite","@id":"https:\/\/www.reseau-mesure.com\/#website","url":"https:\/\/www.reseau-mesure.com\/","name":"Netzwerk-Messung","description":"Netzwerkma\u00dfnahme","publisher":{"@id":"https:\/\/www.reseau-mesure.com\/#organization"},"potentialAction":[{"@type":"SearchAction","target":{"@type":"EntryPoint","urlTemplate":"https:\/\/www.reseau-mesure.com\/?s={search_term_string}"},"query-input":{"@type":"PropertyValueSpecification","valueRequired":true,"valueName":"search_term_string"}}],"inLanguage":"de"},{"@type":"Organization","@id":"https:\/\/www.reseau-mesure.com\/#organization","name":"Netzwerk-Messung","url":"https:\/\/www.reseau-mesure.com\/","logo":{"@type":"ImageObject","inLanguage":"de","@id":"https:\/\/www.reseau-mesure.com\/#\/schema\/logo\/image\/","url":"https:\/\/www.reseau-mesure.com\/wp-content\/uploads\/2018\/02\/logo-max.png","contentUrl":"https:\/\/www.reseau-mesure.com\/wp-content\/uploads\/2018\/02\/logo-max.png","width":545,"height":285,"caption":"R\u00e9seau-Mesure"},"image":{"@id":"https:\/\/www.reseau-mesure.com\/#\/schema\/logo\/image\/"},"sameAs":["https:\/\/www.facebook.com\/reseaumesure\/","https:\/\/x.com\/ReseauMesure","https:\/\/www.linkedin.com\/company\/reseau-mesure\/"]}]}},"_links":{"self":[{"href":"https:\/\/www.reseau-mesure.com\/de\/wp-json\/wp\/v2\/pages\/8532","targetHints":{"allow":["GET"]}}],"collection":[{"href":"https:\/\/www.reseau-mesure.com\/de\/wp-json\/wp\/v2\/pages"}],"about":[{"href":"https:\/\/www.reseau-mesure.com\/de\/wp-json\/wp\/v2\/types\/page"}],"author":[{"embeddable":true,"href":"https:\/\/www.reseau-mesure.com\/de\/wp-json\/wp\/v2\/users\/349"}],"replies":[{"embeddable":true,"href":"https:\/\/www.reseau-mesure.com\/de\/wp-json\/wp\/v2\/comments?post=8532"}],"version-history":[{"count":0,"href":"https:\/\/www.reseau-mesure.com\/de\/wp-json\/wp\/v2\/pages\/8532\/revisions"}],"wp:attachment":[{"href":"https:\/\/www.reseau-mesure.com\/de\/wp-json\/wp\/v2\/media?parent=8532"}],"curies":[{"name":"wp","href":"https:\/\/api.w.org\/{rel}","templated":true}]}}