{"id":8960,"date":"2019-11-19T16:34:07","date_gmt":"2019-11-19T15:34:07","guid":{"rendered":"https:\/\/www.reseau-mesure.com\/?page_id=8960"},"modified":"2022-02-22T18:47:24","modified_gmt":"2022-02-22T17:47:24","slug":"effervescence-2","status":"publish","type":"page","link":"https:\/\/www.reseau-mesure.com\/de\/effervescence-2\/","title":{"rendered":"EFFERVESZENZ"},"content":{"rendered":"<img loading=\"lazy\" decoding=\"async\" src=\"https:\/\/www.reseau-mesure.com\/wp-content\/uploads\/2021\/12\/Salon-EFFERVESCENCE-95-2022-BLEU.jpg\" alt=\"Salon EFFERVESCENCE 95-2022\" itemprop=\"image\" height=\"756\" width=\"2025\" title=\"EFFERVESCENCE 95-2022 Messe\" onerror=\"this.style.display='none'\"  \/>\n\t<p><b>1 Tag Ausstellung<\/b><\/p>\n\t<p><strong>29. M\u00e4rz<\/strong><\/p>\n<p><strong>2022<\/strong><\/p>\n\t<p><strong>Andr\u00e9-Messager-Gymnasium <\/strong><\/p>\n<p>Rue du Chemin Vert de Boissy<\/p>\n<p>95150 TAVERNE<\/p>\n\n\t\t\t<a href=\"https:\/\/www.saloneffervescence.fr\/95\/mon-inscription.htm\" target=\"_blank\" role=\"button\" rel=\"noopener\">\n\t\t\t\t\t\t\tAUSSTELLERregistrierung\n\t\t\t\t\t<\/a>\n\t<p><b>Treffen f\u00fcr die Wirtschaft des Val d&#039;Oise<\/b><\/p>\n\t<p><strong>TROPH\u00c4E F\u00dcR UNTERNEHMENSKREATION<\/strong><\/p>\n<p><strong>INNOVATIONSTROPH\u00c4E<\/strong><\/p>\n<p><strong>#MADE IN 95 TROPHY<\/strong><\/p>\n\t<h2>Salon Effervescence 2022. Die westliche Pariser Know-how-Messe!<\/h2>\n<p>Mit dem Salon Effervescence k\u00f6nnen Sie KMU \/ KMU aus Val d&#039;Oise, Industrie- und Unternehmensdienstleistungen treffen, die ihre Spezialit\u00e4ten repr\u00e4sentieren.<\/p>\n<p>Im Jahr 2022 die 9<sup>th<\/sup>\u00a0Ausgabe des Salon Effervescence\u00a0<strong>findet am Dienstag, 29. M\u00e4rz 2022 statt<\/strong><\/p>\n<p><strong>Adresse :<\/strong><strong>\u00a0<\/strong>Gymnasium Andr\u00e9 Messager \u2013 rue du Chemin Vert de Boissy 95150 TAVERNY<\/p>\n<p><strong>Zeitplan :<\/strong><\/p>\n<ul>\n<li><strong>von 11 bis 14:30 Uhr:<\/strong>\u00a0Zeitraum f\u00fcr Aussteller, die die volle Freiheit haben, Informationen auszutauschen und Projekte zu erstellen. Den Ausstellern wird gegen 12:00 Uhr ein Buffet serviert<\/li>\n<li><strong>von 14:30 bis 18:30 Uhr:<\/strong>\u00a0Er\u00f6ffnung der Show f\u00fcr externe Besucher<\/li>\n<\/ul>\n<p>Im Jahr 2021 werden mehr als 200 Val d&#039;Oise-Unternehmen (KMU, Gro\u00dfkunden), haupts\u00e4chlich Hersteller und Industriedienstleistungsunternehmen, ihre Besonderheiten und ihr Know-how hervorheben. Seit der Ausgabe 2017 umgibt sich die Effervescence Show mit neuen Wirtschaftspartnern, die uns unterst\u00fctzen.<\/p>\n<p><strong><a href=\"https:\/\/www.saloneffervescence.fr\/95\/mon-inscription.htm\">Anmeldungen\u00a0<\/a><\/strong><\/p>\n<p>Mitglieder des Messnetzwerks profitieren von a <strong>Vorzugspreis von 225 \u20ac bei Anmeldung vor dem 28. Februar 2022.<\/strong><\/p>\n<h2>Die Ziele der Show:<\/h2>\n<ul>\n<li>Diskutieren und f\u00f6rdern Sie Ihren Beruf und seine Spezialit\u00e4ten<\/li>\n<li>Entwickeln Sie Ihr Netzwerk professioneller Kontakte<\/li>\n<li>Treffen Sie F\u00fchrungskr\u00e4fte<\/li>\n<\/ul>\n<h2>Die Ziele der Show:<\/h2>\n<p>Der Zweck der Ausstellung EFFERVESCENCE besteht darin, Industriellen und Industriedienstleistungsunternehmen im Val d&#039;Oise ein Treffen in einer freundlichen Atmosph\u00e4re zu erm\u00f6glichen und den Handel zwischen geografisch nahen Unternehmen zu f\u00f6rdern. Es wird nicht zwischen VSEs-KMU und gr\u00f6\u00dferen Unternehmen unterschieden.<\/p>\n<ul>\n<li>Besprechen und f\u00f6rdern Sie Ihren Beruf und seine Spezialit\u00e4ten<\/li>\n<li>Entwickeln Sie Ihr Netzwerk professioneller Kontakte<\/li>\n<li>Treffen Sie F\u00fchrungskr\u00e4fte<\/li>\n<\/ul>\n\t<p>&nbsp;<\/p>\n<h1><a href=\"https:\/\/www.saloneffervescence.fr\/95\/concours.htm\">BEWERBEN SIE SICH F\u00dcR DIE TROPH\u00c4EN<\/a><\/h1>\n<p>&nbsp;<\/p>\n\t\t\t<a href=\"http:\/\/www.saloneffervescence.fr\/\" target=\"_self\" role=\"button\" rel=\"noopener\">\n\t\t\t\t\t\tFINDEN SIE ALLE INFORMATIONEN \u00dcBER DIE SHOW\n\t\t\t\t\t<\/a>","protected":false},"excerpt":{"rendered":"<p>1 Messetag 29. M\u00e4rz 2022 Andr\u00e9 Messager Gymnasium Rue du Chemin Vert de Boissy 95150 TAVERNY ANMELDUNG F\u00dcR AUSSTELLER Val d&#039;Oise Wirtschaftsveranstaltungen TROPHY ENTERPRISE CREATION TROPHY INNOVATION TROPHY #MADE IN 95 Salon Effervescence 2022. Die Fachmesse im Westen von Paris! Die Salon-Brause erm\u00f6glicht Ihnen ...<\/p>","protected":false},"author":349,"featured_media":0,"parent":0,"menu_order":0,"comment_status":"closed","ping_status":"closed","template":"","meta":{"_acf_changed":false,"footnotes":""},"class_list":["post-8960","page","type-page","status-publish","hentry"],"acf":[],"yoast_head":"<!-- This site is optimized with the Yoast SEO plugin v27.5 - https:\/\/yoast.com\/product\/yoast-seo-wordpress\/ -->\n<title>EFFERVESCENCE - R\u00e9seau Mesure<\/title>\n<meta name=\"description\" content=\"Le salon measurement world est le salon de la mesure pour 2019. Les adh\u00e9rents du R\u00e9seau Mesure seront pr\u00e9sent. Informations et renseignements.\" \/>\n<meta name=\"robots\" content=\"index, follow, max-snippet:-1, max-image-preview:large, max-video-preview:-1\" \/>\n<link rel=\"canonical\" href=\"https:\/\/www.reseau-mesure.com\/de\/effervescence-2\/\" \/>\n<meta property=\"og:locale\" content=\"de_DE\" \/>\n<meta property=\"og:type\" content=\"article\" \/>\n<meta property=\"og:title\" content=\"EFFERVESCENCE - R\u00e9seau Mesure\" \/>\n<meta property=\"og:description\" content=\"Le salon measurement world est le salon de la mesure pour 2019. Les adh\u00e9rents du R\u00e9seau Mesure seront pr\u00e9sent. Informations et renseignements.\" \/>\n<meta property=\"og:url\" content=\"https:\/\/www.reseau-mesure.com\/de\/effervescence-2\/\" \/>\n<meta property=\"og:site_name\" content=\"R\u00e9seau Mesure\" \/>\n<meta property=\"article:publisher\" content=\"https:\/\/www.facebook.com\/reseaumesure\/\" \/>\n<meta property=\"article:modified_time\" content=\"2022-02-22T17:47:24+00:00\" \/>\n<meta property=\"og:image\" content=\"https:\/\/www.reseau-mesure.com\/wp-content\/uploads\/2021\/12\/Salon-EFFERVESCENCE-95-2022-BLEU.jpg\" \/>\n<meta name=\"twitter:card\" content=\"summary_large_image\" \/>\n<meta name=\"twitter:site\" content=\"@ReseauMesure\" \/>\n<meta name=\"twitter:label1\" content=\"Gesch\u00e4tzte Lesezeit\" \/>\n\t<meta name=\"twitter:data1\" content=\"2\u00a0Minuten\" \/>\n<script type=\"application\/ld+json\" class=\"yoast-schema-graph\">{\"@context\":\"https:\\\/\\\/schema.org\",\"@graph\":[{\"@type\":\"WebPage\",\"@id\":\"https:\\\/\\\/www.reseau-mesure.com\\\/effervescence-2\\\/\",\"url\":\"https:\\\/\\\/www.reseau-mesure.com\\\/effervescence-2\\\/\",\"name\":\"EFFERVESCENCE - R\u00e9seau Mesure\",\"isPartOf\":{\"@id\":\"https:\\\/\\\/www.reseau-mesure.com\\\/#website\"},\"primaryImageOfPage\":{\"@id\":\"https:\\\/\\\/www.reseau-mesure.com\\\/effervescence-2\\\/#primaryimage\"},\"image\":{\"@id\":\"https:\\\/\\\/www.reseau-mesure.com\\\/effervescence-2\\\/#primaryimage\"},\"thumbnailUrl\":\"https:\\\/\\\/www.reseau-mesure.com\\\/wp-content\\\/uploads\\\/2021\\\/12\\\/Salon-EFFERVESCENCE-95-2022-BLEU.jpg\",\"datePublished\":\"2019-11-19T15:34:07+00:00\",\"dateModified\":\"2022-02-22T17:47:24+00:00\",\"description\":\"Le salon measurement world est le salon de la mesure pour 2019. Les adh\u00e9rents du R\u00e9seau Mesure seront pr\u00e9sent. Informations et renseignements.\",\"breadcrumb\":{\"@id\":\"https:\\\/\\\/www.reseau-mesure.com\\\/effervescence-2\\\/#breadcrumb\"},\"inLanguage\":\"de\",\"potentialAction\":[{\"@type\":\"ReadAction\",\"target\":[\"https:\\\/\\\/www.reseau-mesure.com\\\/effervescence-2\\\/\"]}]},{\"@type\":\"ImageObject\",\"inLanguage\":\"de\",\"@id\":\"https:\\\/\\\/www.reseau-mesure.com\\\/effervescence-2\\\/#primaryimage\",\"url\":\"https:\\\/\\\/www.reseau-mesure.com\\\/wp-content\\\/uploads\\\/2021\\\/12\\\/Salon-EFFERVESCENCE-95-2022-BLEU.jpg\",\"contentUrl\":\"https:\\\/\\\/www.reseau-mesure.com\\\/wp-content\\\/uploads\\\/2021\\\/12\\\/Salon-EFFERVESCENCE-95-2022-BLEU.jpg\"},{\"@type\":\"BreadcrumbList\",\"@id\":\"https:\\\/\\\/www.reseau-mesure.com\\\/effervescence-2\\\/#breadcrumb\",\"itemListElement\":[{\"@type\":\"ListItem\",\"position\":1,\"name\":\"Accueil\",\"item\":\"https:\\\/\\\/www.reseau-mesure.com\\\/\"},{\"@type\":\"ListItem\",\"position\":2,\"name\":\"EFFERVESCENCE\"}]},{\"@type\":\"WebSite\",\"@id\":\"https:\\\/\\\/www.reseau-mesure.com\\\/#website\",\"url\":\"https:\\\/\\\/www.reseau-mesure.com\\\/\",\"name\":\"R\u00e9seau-Mesure\",\"description\":\"R\u00e9seau Mesure\",\"publisher\":{\"@id\":\"https:\\\/\\\/www.reseau-mesure.com\\\/#organization\"},\"potentialAction\":[{\"@type\":\"SearchAction\",\"target\":{\"@type\":\"EntryPoint\",\"urlTemplate\":\"https:\\\/\\\/www.reseau-mesure.com\\\/?s={search_term_string}\"},\"query-input\":{\"@type\":\"PropertyValueSpecification\",\"valueRequired\":true,\"valueName\":\"search_term_string\"}}],\"inLanguage\":\"de\"},{\"@type\":\"Organization\",\"@id\":\"https:\\\/\\\/www.reseau-mesure.com\\\/#organization\",\"name\":\"R\u00e9seau-Mesure\",\"url\":\"https:\\\/\\\/www.reseau-mesure.com\\\/\",\"logo\":{\"@type\":\"ImageObject\",\"inLanguage\":\"de\",\"@id\":\"https:\\\/\\\/www.reseau-mesure.com\\\/#\\\/schema\\\/logo\\\/image\\\/\",\"url\":\"https:\\\/\\\/www.reseau-mesure.com\\\/wp-content\\\/uploads\\\/2018\\\/02\\\/logo-max.png\",\"contentUrl\":\"https:\\\/\\\/www.reseau-mesure.com\\\/wp-content\\\/uploads\\\/2018\\\/02\\\/logo-max.png\",\"width\":545,\"height\":285,\"caption\":\"R\u00e9seau-Mesure\"},\"image\":{\"@id\":\"https:\\\/\\\/www.reseau-mesure.com\\\/#\\\/schema\\\/logo\\\/image\\\/\"},\"sameAs\":[\"https:\\\/\\\/www.facebook.com\\\/reseaumesure\\\/\",\"https:\\\/\\\/x.com\\\/ReseauMesure\",\"https:\\\/\\\/www.linkedin.com\\\/company\\\/reseau-mesure\\\/\"]}]}<\/script>\n<!-- \/ Yoast SEO plugin. -->","yoast_head_json":{"title":"EFFERVESCENCE - R\u00e9seau Mesure","description":"Le salon measurement world est le salon de la mesure pour 2019. Les adh\u00e9rents du R\u00e9seau Mesure seront pr\u00e9sent. Informations et renseignements.","robots":{"index":"index","follow":"follow","max-snippet":"max-snippet:-1","max-image-preview":"max-image-preview:large","max-video-preview":"max-video-preview:-1"},"canonical":"https:\/\/www.reseau-mesure.com\/de\/effervescence-2\/","og_locale":"de_DE","og_type":"article","og_title":"EFFERVESCENCE - R\u00e9seau Mesure","og_description":"Le salon measurement world est le salon de la mesure pour 2019. Les adh\u00e9rents du R\u00e9seau Mesure seront pr\u00e9sent. Informations et renseignements.","og_url":"https:\/\/www.reseau-mesure.com\/de\/effervescence-2\/","og_site_name":"R\u00e9seau Mesure","article_publisher":"https:\/\/www.facebook.com\/reseaumesure\/","article_modified_time":"2022-02-22T17:47:24+00:00","og_image":[{"url":"https:\/\/www.reseau-mesure.com\/wp-content\/uploads\/2021\/12\/Salon-EFFERVESCENCE-95-2022-BLEU.jpg","type":"","width":"","height":""}],"twitter_card":"summary_large_image","twitter_site":"@ReseauMesure","twitter_misc":{"Gesch\u00e4tzte Lesezeit":"2\u00a0Minuten"},"schema":{"@context":"https:\/\/schema.org","@graph":[{"@type":"WebPage","@id":"https:\/\/www.reseau-mesure.com\/effervescence-2\/","url":"https:\/\/www.reseau-mesure.com\/effervescence-2\/","name":"EFFERVESCENCE - R\u00e9seau Mesure","isPartOf":{"@id":"https:\/\/www.reseau-mesure.com\/#website"},"primaryImageOfPage":{"@id":"https:\/\/www.reseau-mesure.com\/effervescence-2\/#primaryimage"},"image":{"@id":"https:\/\/www.reseau-mesure.com\/effervescence-2\/#primaryimage"},"thumbnailUrl":"https:\/\/www.reseau-mesure.com\/wp-content\/uploads\/2021\/12\/Salon-EFFERVESCENCE-95-2022-BLEU.jpg","datePublished":"2019-11-19T15:34:07+00:00","dateModified":"2022-02-22T17:47:24+00:00","description":"Le salon measurement world est le salon de la mesure pour 2019. Les adh\u00e9rents du R\u00e9seau Mesure seront pr\u00e9sent. Informations et renseignements.","breadcrumb":{"@id":"https:\/\/www.reseau-mesure.com\/effervescence-2\/#breadcrumb"},"inLanguage":"de","potentialAction":[{"@type":"ReadAction","target":["https:\/\/www.reseau-mesure.com\/effervescence-2\/"]}]},{"@type":"ImageObject","inLanguage":"de","@id":"https:\/\/www.reseau-mesure.com\/effervescence-2\/#primaryimage","url":"https:\/\/www.reseau-mesure.com\/wp-content\/uploads\/2021\/12\/Salon-EFFERVESCENCE-95-2022-BLEU.jpg","contentUrl":"https:\/\/www.reseau-mesure.com\/wp-content\/uploads\/2021\/12\/Salon-EFFERVESCENCE-95-2022-BLEU.jpg"},{"@type":"BreadcrumbList","@id":"https:\/\/www.reseau-mesure.com\/effervescence-2\/#breadcrumb","itemListElement":[{"@type":"ListItem","position":1,"name":"Accueil","item":"https:\/\/www.reseau-mesure.com\/"},{"@type":"ListItem","position":2,"name":"EFFERVESCENCE"}]},{"@type":"WebSite","@id":"https:\/\/www.reseau-mesure.com\/#website","url":"https:\/\/www.reseau-mesure.com\/","name":"Netzwerk-Messung","description":"Netzwerkma\u00dfnahme","publisher":{"@id":"https:\/\/www.reseau-mesure.com\/#organization"},"potentialAction":[{"@type":"SearchAction","target":{"@type":"EntryPoint","urlTemplate":"https:\/\/www.reseau-mesure.com\/?s={search_term_string}"},"query-input":{"@type":"PropertyValueSpecification","valueRequired":true,"valueName":"search_term_string"}}],"inLanguage":"de"},{"@type":"Organization","@id":"https:\/\/www.reseau-mesure.com\/#organization","name":"Netzwerk-Messung","url":"https:\/\/www.reseau-mesure.com\/","logo":{"@type":"ImageObject","inLanguage":"de","@id":"https:\/\/www.reseau-mesure.com\/#\/schema\/logo\/image\/","url":"https:\/\/www.reseau-mesure.com\/wp-content\/uploads\/2018\/02\/logo-max.png","contentUrl":"https:\/\/www.reseau-mesure.com\/wp-content\/uploads\/2018\/02\/logo-max.png","width":545,"height":285,"caption":"R\u00e9seau-Mesure"},"image":{"@id":"https:\/\/www.reseau-mesure.com\/#\/schema\/logo\/image\/"},"sameAs":["https:\/\/www.facebook.com\/reseaumesure\/","https:\/\/x.com\/ReseauMesure","https:\/\/www.linkedin.com\/company\/reseau-mesure\/"]}]}},"_links":{"self":[{"href":"https:\/\/www.reseau-mesure.com\/de\/wp-json\/wp\/v2\/pages\/8960","targetHints":{"allow":["GET"]}}],"collection":[{"href":"https:\/\/www.reseau-mesure.com\/de\/wp-json\/wp\/v2\/pages"}],"about":[{"href":"https:\/\/www.reseau-mesure.com\/de\/wp-json\/wp\/v2\/types\/page"}],"author":[{"embeddable":true,"href":"https:\/\/www.reseau-mesure.com\/de\/wp-json\/wp\/v2\/users\/349"}],"replies":[{"embeddable":true,"href":"https:\/\/www.reseau-mesure.com\/de\/wp-json\/wp\/v2\/comments?post=8960"}],"version-history":[{"count":0,"href":"https:\/\/www.reseau-mesure.com\/de\/wp-json\/wp\/v2\/pages\/8960\/revisions"}],"wp:attachment":[{"href":"https:\/\/www.reseau-mesure.com\/de\/wp-json\/wp\/v2\/media?parent=8960"}],"curies":[{"name":"wp","href":"https:\/\/api.w.org\/{rel}","templated":true}]}}