{"id":9948,"date":"2020-03-16T17:34:13","date_gmt":"2020-03-16T16:34:13","guid":{"rendered":"https:\/\/www.reseau-mesure.com\/?page_id=9948"},"modified":"2020-06-25T13:35:31","modified_gmt":"2020-06-25T11:35:31","slug":"ressources-documentaires-accompagnement-covid-19","status":"publish","type":"page","link":"https:\/\/www.reseau-mesure.com\/de\/ressources-documentaires-accompagnement-covid-19\/","title":{"rendered":"Au\u00dfergew\u00f6hnliche Ma\u00dfnahmen im Zusammenhang mit COVID 19"},"content":{"rendered":"<h1 >\n\t\t\tUnterst\u00fctzungsma\u00dfnahmen im Zusammenhang mit COVID-19\n\t\t<\/h1>\n\t<h1>Coronavirus: Fragen \/ Antworten f\u00fcr Unternehmen und Mitarbeiter<\/h1>\n\t\t\t<a href=\"https:\/\/www.reseau-mesure.com\/wp-content\/uploads\/2020\/06\/protocole-d\u00e9confinement-24-juin-2020.pdf\" target=\"_self\" role=\"button\" rel=\"noopener noreferrer\">\n\t\t\t\t\t\t\tNationales Dekonfinierungsprotokoll\n\t\t\t\t\t<\/a>\n\t<p>&nbsp;<\/p>\n<p>Das Arbeitsministerium hat das \u201eDekonfinierungsprotokoll\u201c ver\u00f6ffentlicht, das alle Unternehmen einhalten m\u00fcssen.<\/p>\n<p><a href=\"http:\/\/email.mailgun2.assoconnect.com\/c\/eJwVj8tOhDAARb8GdpAWWigLFuAUMMaoYWYc3ZjSx4BQGKE8xq8Xk7O7OTc5IuYqipi0m9gDHgAYIBhCHxIXuuAhITQIQkoRpWGALQQ0a7rr3Hsum6aBD30vuXH5oO06rmQFsBCkwhFUXgCqkDCEGfGRUIRDZndxbczN8hPLy3Z2S899w5lpht7VUkjlqnEfitLys8ryD-Y51-lAVDc-npb1UGQ35rRb8vqUHtcL_JxPYDtPKf65jlGb5313eX9ZPgqfZt_onlT3xvICvt9MYu1I6WzH9lcc9dks9Rcq3-wxlmJW3WD2rFFOks2OltM8yv-ePwnqWQE\"><strong>Greifen Sie auf das Protokoll zu<\/strong><\/a><\/p>\n<p>Es definiert die Regeln und Ma\u00dfnahmen, die f\u00fcr alle Unternehmen und Verb\u00e4nde empfohlen werden, um ihre T\u00fcren wieder zu \u00f6ffnen und gleichzeitig das Kontaminationsrisiko so weit wie m\u00f6glich zu begrenzen. Es vervollst\u00e4ndigt den Satz von\u00a0<a href=\"http:\/\/email.mailgun2.assoconnect.com\/c\/eJwVj91qgzAARp9G7wxRYxIvvHCtroOOMtKV3Y2YHxUT02rUrU8_B-fu43xwZCF0nnMV9kUCEwgziGISpzEFMYCHklYYk6pCVUVwFiBoeW_aZUwAn2cn3Dgq4YFwNuyKHAlJdEO1VASjWNAMCoEhgpgQHBMcmqLz_h6kZZDUO7tll7EX3PduBFZJpYGe9uHEgrRugvTo31_ti6PaTG-f63Y81XceDcSQdZAPdzHsUbbssKEvXrIF0paRS3kzz6xrfrFI1fkcJFjsN7PcDGXRz3V4yqu9-bX7RuwjnAolF22c37MmNSu-RFbNy6T-e_4Aj65YKg\">Good Practice Sheets<\/a>\u00a0auch online auf der Website des Arbeitsministeriums.\u00a0<\/p>\n<h1>Vorbereitung zur Genesung:<\/h1>\n<h3><strong><a href=\"https:\/\/www.entreprises.cci-paris-idf.fr\/coronavirus-covid-19-veille-reglementaire\">Coronavirus \/ COVID-19: Siehe die neuesten ver\u00f6ffentlichten Texte<\/a><\/strong><\/h3>\n<h2><a href=\"https:\/\/travail-emploi.gouv.fr\/le-ministere-en-action\/coronavirus-covid-19\/deconfinement-et-conditions-de-reprise-de-l-activite\/cadre-juridico-pratique-et-consignes-pour-la-reprise-de-l-activite\/\">Rechtspraktischer Rahmen und Anweisungen zur Wiederaufnahme der T\u00e4tigkeit<\/a><\/h2>\n<ul>\n<li><a href=\"https:\/\/travail-emploi.gouv.fr\/le-ministere-en-action\/coronavirus-covid-19\/article\/textes-reglementaires\">Regulierungstexte<\/a><\/li>\n<li><a href=\"https:\/\/travail-emploi.gouv.fr\/actualites\/presse\/communiques-de-presse\/article\/protocole-national-de-deconfinement-pour-les-entreprises-pour-assurer-la\">Dekonfinierungsprotokoll<\/a><\/li>\n<\/ul>\n<p>Ab dem 11. Mai 2020 befindet sich Frankreich in einer Phase der schrittweisen Dekonfinierung. Dies impliziert eine \u00c4nderung der seit dem 17. M\u00e4rz geltenden Reisebeschr\u00e4nkungen.<\/p>\n<p>Alle Informationen zur Dekonfinierungsstrategie finden Sie auf der Plattform:<\/p>\n<p><a href=\"https:\/\/www.gouvernement.fr\/info-coronavirus\" target=\"_blank\" rel=\"noopener noreferrer\">Government.fr\/info-coronavirus\u00a0<img decoding=\"async\" src=\"https:\/\/www.interieur.gouv.fr\/extension\/ow_miomcti_designs\/design\/miomcti_public\/images\/common\/external_link.png\" alt=\"external link\" \/><\/a><\/p>\n<p>Die Erkl\u00e4rung ist erforderlich, wenn die Verschiebung beide zum Verlassen f\u00fchrt:<\/p>\n<ul>\n<li>ein Umfang, der durch einen Kreis mit einem Radius von 100 km um den Wohnort definiert ist (die Entfernung von 100 km wird daher &quot;in Luftlinie&quot; berechnet),<\/li>\n<li>der Abteilung.<\/li>\n<\/ul>\n<p>Es ist nicht erforderlich, die Erkl\u00e4rung mitzubringen:<\/p>\n<ul>\n<li>f\u00fcr Fahrten von mehr als 100 km in seinem Wohnheim.<\/li>\n<li>f\u00fcr Fahrten au\u00dferhalb des Wohnministeriums innerhalb der Grenze von 100 km.<\/li>\n<\/ul>\n<p>Die Dekonfinierung des Landes begann am Montag, den 11. Mai. Die Wiederaufnahme der Wirtschaftst\u00e4tigkeit findet in \u00cele-de-France aufgrund der zentralen Rolle des \u00f6ffentlichen Verkehrs f\u00fcr die berufliche Mobilit\u00e4t einen ganz besonderen Grund. Um die Umsetzung von Gesundheitsma\u00dfnahmen f\u00fcr die Nutzer zu erleichtern, haben die MEDEF \u00cele-de-France und ihre Partner die definiert\u00a0<strong><em>&quot;Organisatorische Vorkehrungen in \u00cele-de-France f\u00fcr die Nutzung \u00f6ffentlicher Verkehrsmittel w\u00e4hrend einer Zeit der Dekonfinierung&quot;<\/em><\/strong><strong>.<\/strong><\/p>\n<p>Im Rahmen dieses regionalen Abkommens haben sich Ile-de-France-Unternehmen daher verpflichtet, die Telearbeit zu f\u00f6rdern und die Ankunfts- und Abfahrtszeiten ihrer Mitarbeiter zu verschieben. Ein obligatorisches Reisezertifikat w\u00e4hrend der Sto\u00dfzeiten an Wochentagen ist jetzt erforderlich, um die soziale Distanzierung zu respektieren und eine bessere Verteilung der Anzahl der Personen zu erm\u00f6glichen, die in \u00cele-de-France reisen m\u00fcssen.<\/p>\n<p>Du wirst finden\u00a0<a href=\"http:\/\/email.mailgun2.assoconnect.com\/c\/eJwVjtGKwyAURL8meVOu2jTJQx6SLvsfVue2QjRFTfP768LAwMAcjl8cz7NFHxZNmmhQWt1b36SS2zxMP2bVK22PcZu27kbRhv11Ji1tKYc7UoKr0h2xfzfOiKeZeBiUVyORYhq9nsh4zcbYe78v71o_nVk7_dtyXZeM8GARPEvObfJoSA4JEakKVJHxyaFAeOtq-IYKgSTC3gYIzjY5tFefF_iT96M2wYwCe4qIcmb8m_0BbPNHqw\">\u00fcber diesen Link<\/a>\u00a0die regionale Charta, die Pressemitteilung und das Arbeitgeberzertifikat sowie die Fragen und Antworten zur Telearbeit.<\/p>\n<p>&nbsp;<\/p>\n<h2><strong>SCHUTZMASSNAHMEN, PR\u00dcFUNGEN UND MASKEN\u00a0<\/strong><\/h2>\n<p>- Aktualisierung von\u00a0<a href=\"http:\/\/email.mailgun2.assoconnect.com\/c\/eJwVj8FOhDAURb-m7CSlLYUuWAwigyaY0ckouCvl1SFQOhZQ8OvF5Oxuzk1OmygthASvSwgmGDOKg4CGYewHfhQHKWYZZRnP7zmPEMNGdsPnMhJfTpNVdhxBzb6yxrsmDMesoYrxiLQQAI8CpuNQCg1cyFZjb0iu83xD9IBIvrNbZhk7JefOjr6BFrSv3T4UZ0TzBtGseFH9I-4b-7y90WO-DfiD_Gi30lp32a1fnorjhsU7_uJrJX7LaU7PItvWzaiqfi01R4Sr_YZupwcuTqUrq7oh3zXTF5MePJdAu-jBznuWgwnkcmdgWhz89_wBZk5XZg\"><strong>Ma\u00dfnahmen zu ergreifen<\/strong><\/a>\u00a0vom Arbeitgeber zum Schutz der Gesundheit der Arbeitnehmer<\/p>\n<p>- Das Update der<a href=\"http:\/\/email.mailgun2.assoconnect.com\/c\/eJwVj81OhDAYRZ8GdpK2XymwYAGDMCbizAQ1jhvTltYhQKv8CPj0YnJ3J_ckp46ljiKu3CYmiCBEAWEMvh962AtCnCKaAc1YfmAscCjqedN9zoZ4fByttMYoOXnS9u4tDumuYdJXSPuRz5nQAFwRgSVQTCB0u_g2TV8OJA7J9-2vfjaN5FNjjderWmlPDzs4Vg7kwoHseJHtA2qFfdpeoci3Dr2TRXSPvEv837Sot-92rWElxgSHdR6es7Iqq6X4uIj1FJ2axSFM7hrYzvcsOpdD-XYV5OdK9UufJu4Qq3rWnZ32rEGNis93vRrnQf33_AF8ZVee\"><strong>\u00a0Stecker<\/strong><\/a>\u00a0auf die Verpflichtungen des Arbeitgebers<\/p>\n<p>- Der Unterschied\u00a0<a href=\"http:\/\/email.mailgun2.assoconnect.com\/c\/eJwVj82OgjAYRZ8GdjalhQILFiqDTDKaqpGoG1ParwMRWsOPBp5-mOTsbs5NjkqkjmMBbp0QTDD2KfY8GgQR8lAYeRvsp9RPWbZlLHR83Iq6-R0NQaLvrbTGgByQtK1bJSEOIYxjpoRfUiCKaAik1BGNNC61Im6TVMPwcujaIdnCYrWjqaUYamtQCwo00t0y5GeHZqVD0_won9_4WdrDVNBdNjX4Tj6n15nMpuDVz07g43R6PR78zWZeKE3zexrN9Yfb63xYDVuHMLnc0Il_sZjvu_31VpL3zdeXdrN2uwTUqBs7LFkd9CDGVQv92MF_zx_JuFfg\"><strong>F\u00fchrer<\/strong><\/a>\u00a0Gesundheitssicherheit f\u00fcr Verb\u00e4nde zur Gesch\u00e4ftskontinuit\u00e4t nach Gesch\u00e4ftsbereichen<\/p>\n<p>- Das\u00a0<a href=\"http:\/\/email.mailgun2.assoconnect.com\/c\/eJwVj8lugzAABb8GbrG8YjhwCCGEqM2C0kZNL5Vt7MQNNoilFX9fKs3taZ40dapMkggd2hRDDCElECHCWAwQ4DHKIM0JzaNiE0U8oNAJ29wnj4EYhla13ms1AtW68JFSFmPJoMERxtzEXGnCJeUSJRIpRWnYpI9x7AKyDnCxsFhu8laJ0bYeOF1rA0y_DOUlIIUMSF5W6rmHT9ke5yvZFXMDP_HvtZMV64S3Vd7ZL_OWZKdV_XrauRLdt9_7RvqqeNnwY3lhAY7UckPm8zZKzof-8HGT-OdGzbvL1mGf6noyTTsuWb0etJhWTg9Tr_97_gDTIFX6\"><strong>Unternehmensratgeber mit Blick auf covid 19\u00a0<\/strong><\/a>des Arbeitsministeriums<\/p>\n<p>Da die Telearbeit in den kommenden Monaten sehr wahrscheinlich fortgesetzt wird, bieten wir Ihnen einige Ratschl\u00e4ge, wie Sie die Distanz zwischen den Teams am besten bew\u00e4ltigen k\u00f6nnen, um eine Verbindung und damit eine Arbeitsdynamik aufrechtzuerhalten.<\/p>\nWir bieten dir :<br \/>\n\u2022 \u2022\u00a0<a href=\"http:\/\/email.mailgun2.assoconnect.com\/c\/eJwVj8tugzAURL_G7GqBryF4wYI8aKQSVCkNape2uQ602BDAVPn7UmmkWYzOSKfJtBFCYtBlLGRhyBmLYiZ4QiPK4SROaVQA7AoWxxHhoZVdf_eOUTnPgx6cQ71QPdigzZSWKeN8p6ImESoRaQygoTEG-NZaB33WLstIICes2LJR1rtOy6UbHLXYoKFm2obzlUChCBzx-J2695Kh-iwu8KMe_qrmKofyY7zcqrfyED3HWtStUKbfr2vZSHsr733XnfM2RVMRlujtpn6ugn8dXsNRP2qY9lY8Hf4GU4aNN_2wbFoTzij9i8XZT_jv8wd-8lf3\"><strong>eine Datei zur Fernverwaltung<\/strong><\/a>\u00a0und die richtigen Reflexe, um bestenfalls mit einem zerstreuten Team kommunizieren zu m\u00fcssen<br \/>\n\u2022 \u2022\u00a0<a href=\"http:\/\/email.mailgun2.assoconnect.com\/c\/eJwVj1FvgjAURn8NvI20twXaBx7cAOeCy5yJukdoLxOForTd1F8_lpy3L-dLjs5UK2WNYZcBAUI4AI1B8iSiEWeFLAQtGUtLiGMacDLUXf_tDUS1taMajUHlIjUO4TETMpGqRZ1yoESTVFPBiUppLJggQFXYZ0fnLgFbBFDOzNbgTadq140mGlBjG7XTPLxuA1Y2AcsxPwnzUQE2h3LNzs3VbxtbpI_Nfvn5VtkNt-xWOOKhku_sYDCX23SVr_bnYgGn22MdQKLmm939R_KvlyW5qOuOTc-DvBv8DacMtW_70c1ZE1qs_dOA1k_43_MHi_JWBw\"><strong>ein Telearbeiterf\u00fchrer<\/strong><\/a>\u00a0die an Ihre Mitarbeiter verteilt werden k\u00f6nnen\n<h2>Staatlich garantiertes Darlehen:<\/h2>\n<h4><a href=\"https:\/\/www.reseau-mesure.com\/wp-content\/uploads\/2020\/04\/Infographie-PGE.pdf\">Anleitungsblatt<\/a><\/h4>\n<h2>Teilaktivit\u00e4t:<\/h2>\n<p>Ein Ministerialerlass zur \u00c4nderung des Jahreskontingents an entsch\u00e4digungspflichtigen Stunden f\u00fcr Teilt\u00e4tigkeiten f\u00fcr das Jahr 2020 vom 31. M\u00e4rz 2020 wurde im Amtsblatt vom 3. April ver\u00f6ffentlicht: Es erh\u00f6ht dieses Kontingent von 1.000 auf 1.607 Stunden Prozentsatz der Vollzeitbesch\u00e4ftigung bezogen auf die gesetzliche Arbeitszeit) pro Arbeitnehmer f\u00fcr das Jahr 2020. Diese Verordnung kann eingesehen werden\u00a0<a href=\"http:\/\/email.mailgun2.assoconnect.com\/c\/eJwVj8dug0AABb8GbqCtBA4cCAg5Dmk4jssFwRZ7FbaEosR8fbA0t6d50vCUySRpha9SBBAABMQQQAphCENSZDl-JDFNkrykOfAI0K3qL7NBYTuOllljBJtCZrV_TSPCIkyiBErGMQG8IxJQQmlHORUIRH6fXqfJeTjzULmyWno2irWTsibUggsZymEdNjsPl52Hi77-qvUpXrreFedTBX4oIkvyLaoh238eVQChG1233wzPr1vwF5THp-UBL7fq_eDG-pY5D0XsfpO7S0NfzsodfpvGGme2_O3DH1LBZ9nbac0axCjaOdBinAdx7_kHMIhXtQ\">Hier<\/a>.<\/p>\n<p>Artikel 5 von<a href=\"http:\/\/email.mailgun2.assoconnect.com\/c\/eJwVj81qg0AYRZ9Gdxn0mx8zCxcTRUIrSg00IZugzmcU_IvONE2evhbu7nAPHB3WjZQlul0IHngeA-rvOeeC-IQHLFZKHTwhDomKpMO8oez6ux2BlOs61dM4Ym1IPQ1uGyIg1Rho2Byc-pI3XEoJpR8wKqo9uH3YGjM7VDmQbNtegx27ujTdNJIBNTakWTZwPDk0qRwa08-kyKLL-vUc2UOf0mtuijYTFUVg1SILXdnddy_mDvDjkd5-xFXRaCmSc_quGgHcAVFvmkAfs7fK-938e7FxIl_ne_56ukuI2jb9ZLasBVcs7W7A1S743_MH0rdWZA\">\u00a0Verordnung Nr. 2020-460 vom 22. April 2020<\/a>\u00a0(Amtsblatt vom 23. April 2020) versch\u00e4rft ab dem 1. Mai 2020 das Beitragsbefreiungssystem f\u00fcr den vom Arbeitgeber gezahlten Zuschlag \u00fcber die H\u00f6he der gesetzlichen Teilaktivit\u00e4tsentsch\u00e4digung hinaus \u00fcber 70% des Bruttogehalts, wenn die Basis, auf der die gesetzliche Teilaktivit\u00e4tsentsch\u00e4digung berechnet wird, gr\u00f6\u00dfer als 4,5 SMIC ist<\/p>\n<p>&#8211;\u00a0<a href=\"http:\/\/email.mailgun2.assoconnect.com\/c\/eJwVj8lugzAABb_G3EDGBgwHDiyiCamgCalKcyPGLBLYCdhyydeXSHN7midNG9IuCBpmjCGCCEIHYdt3XdezbMslThpFUQw9L86iJAAOnJtx6hVHVrOuggrOGZUWFbMxhMTHqGGk820fepjYDqN-ELTIhaQjd-wYUzhI-QA4Aijb2a1Z8ZE2chTcmlnLOqtb9uFQAZzdAU7xKbsUSb2eNXeebfV5K-VlOF3J9K0Htg0oiYWuXzz9eA6_R7PXlb5di-rryC95fsZmDpBH9xvSHopXVE7m469WaRZsP325aWMJWau6Scg9a2Era5Q5s1Ut7N3zDykgV1g\">Greifen Sie auf die Datei zu<\/a><\/p>\n<p>Die Regierung hat angek\u00fcndigt, dass Mitarbeiter, die sich derzeit in einer abf\u00e4lligen Arbeitsunterbrechung von \u201ecovid-19\u201c befinden, am 1. Mai auf das Teilaktivit\u00e4tsregime umstellen werden. Die in Artikel 20 des zweiten Gesetzes zur \u00c4nderung des Finanzgesetzes vorgesehenen Bedingungen f\u00fcr die Umsetzung dieser Ma\u00dfnahme wurden von der Verwaltung in dem nachstehenden Dokument festgelegt.<\/p>\nHighlights:<br \/>\n\u2022 Die Umstellung auf das Teilaktivit\u00e4tsregime erfolgt nicht automatisch. Unabh\u00e4ngig vom Grund f\u00fcr die Einstellung der Arbeit muss der Arbeitgeber innerhalb von 30 Tagen nach dem 1. Mai einen Antrag auf Teilaktivit\u00e4t seines Arbeitnehmers stellen.<br \/>\n\u2022 Betroffen sind nur die Arbeitnehmer, die von einer abf\u00e4lligen Arbeitsunterbrechung profitieren: der Arbeitnehmer, der eine &quot;schutzbed\u00fcrftige Person&quot; ist, der Arbeitnehmer, der denselben Wohnsitz wie eine schutzbed\u00fcrftige Person hat, und der Arbeitnehmerelternteil eines unterworfenen Kindes ein Ma\u00df f\u00fcr Isolation, R\u00e4umung oder Unterst\u00fctzung zu Hause.<br \/>\n\u2022 F\u00fcr Arbeitnehmer, die wegen \u201eschutzbed\u00fcrftiger Person\u201c beurlaubt sind, m\u00fcssen sie ihrem Arbeitgeber ein \u00e4rztliches Attest vorlegen, aus dem hervorgeht, dass eine Isolation erforderlich ist und daher keine Arbeit m\u00f6glich ist.<br \/>\n\u2022 Das Teilaktivit\u00e4tsgeld kann nicht mit dem t\u00e4glichen Sozialversicherungsgeld oder dem vom Arbeitgeber gezahlten Zusatzgeld kombiniert werden.<br \/>\n\u2022 Diese Ma\u00dfnahme gilt ab dem 1. Mai und sp\u00e4testens bis zum 31. Dezember 2020 (ein Dekret kann dieses System vorzeitig beenden).<br \/>\n\u2022 Selbst\u00e4ndige, die de facto nicht von dem Teilbesch\u00e4ftigungssystem betroffen sind, k\u00f6nnen weiterhin von dem Sonderentsch\u00e4digungssystem profitieren. Sie m\u00fcssen ihr Anmeldeverfahren nach dem 1. Mai entweder \u00fcber den Teleservice oder bei ihrem Arzt erneuern.\n<p>&#8211;\u00a0<a href=\"http:\/\/email.mailgun2.assoconnect.com\/c\/eJwVj8lugzAARL8GbrEwNlg-cMiCC4lKG0JpkpvrpWEzCeBD8vV1pbmN5o2eTISmlCu_ScIgDAIc0oCiOMIAgjRldEuC3ZbhCCJGPBwMvOl_rQkBn-dRjMYosQAxDv4tQRFBUEGoccQxkVA7SBRKTKXWNCbc75Pbstw9tPZC5uJWgzWN4EszGjAoqTTQkyuyk4fYj4d2fXl5lBvY1yND97i1pGr3Q_F9LvKM0sObObTPz43S-ev49VGiPO3qU1Y_jTpeyHp_fXc_sXCY12O52m6VyyqCXVUVsszOYu1PiZJW9-PitCY1K25Xg5rtpP59_gAl61bE\"><strong>Erfahren Sie mehr (Dokument des Gesundheitsministeriums)<\/strong><\/a><\/p>\n<p>&nbsp;<\/p>\n<h2>Aufschub von Geb\u00fchren<\/h2>\n<p>In dem\u00a0<a href=\"http:\/\/email.mailgun2.assoconnect.com\/c\/eJwVj8lugzAURb8GdiDjAcOCBWNpiqKWSIm6dOGZoWAzKqVfXyqd3dW50qmDSvq-ALMLMMIIUYc7lDJEbcfO3JRRnhAaZaHLo9SgaBTd0OwK22JddaWVgmqzKz2abQDUlYwhEBQTjnzpMs8DIJ6DGSFcOOYQtNs2GSQ0cHZyWuOuukpsnVb2CDVIWy7nkN8Mkn0ZJAF9Lfvjorv07TZxrT4L3rRlkT-t-gOI__M7Ky-7H4ef3Nf5-X6NrG_yolhMlrFnMs4N7FbnzXYputcHEYXup0e8l23jzn1oLgHUuxz0dmYtsILYrRHWfYH_nj8raVdG\">Pressemitteilung<\/a>\u00a0Am 17. April 2020 passt der Minister f\u00fcr Aktion und \u00f6ffentliche Finanzen, G\u00e9rald Darmanin, den Kalender der wichtigsten Steuerfristen f\u00fcr Berufst\u00e4tige f\u00fcr den Monat Mai an, um der Gesundheitskrise Rechnung zu tragen.<\/p>\n<p><a href=\"http:\/\/email.mailgun2.assoconnect.com\/c\/eJwVj8lugzAABb8GbkXeMHDgAAGUJjRBSauovRljsxRsAnaq9utLpLk9zZOmibmMIibcPkYAAUBgAAnxAfGgV9DcJ0GGSVokNEhzh4CJ9WNrFfLYumqulRLceFxPbhdLxkJQQ-aHAapDSWvMQgI4JQ3DOASRO8adMbODEwcVG5s1WdVzZnqtvEk0Qnpy2Yb91cFF7eBM6NNl-D3oPj9e50CrzzJou4-_dH2rJs7T6Csrj9V5jx4_izgp-Djf35d00E0hq--dgdBBlG835lD2rzfMSj3Mt529dC29D4m7xKKxctRmy1rEKph9mcRqF_Hs-QfTolhw\">Greifen Sie auf die Tabelle zu, in der die Verschiebungen der Deklaration und der Zahlungstermine zusammengefasst sind\u00a0<\/a><\/p>\n<h2><img loading=\"lazy\" decoding=\"async\" src=\"https:\/\/www.reseau-mesure.com\/wp-content\/uploads\/2020\/04\/tableau-echeances-fiscales.png\" alt=\"Tableau \u00e9ch\u00e9ances fiscales\" width=\"691\" height=\"747\" \/><\/h2>\n<h2>Dar\u00fcber hinaus ver\u00f6ffentlichte das Arbeitsministerium am 6. April eine neue Aktualisierung seiner \u201eFragen und Antworten\u201c zu Teilaktivit\u00e4ten. Das Dokument kann heruntergeladen werden\u00a0<a href=\"http:\/\/email.mailgun2.assoconnect.com\/c\/eJwVj8tqg0AARb9GdxnGeWVcuEgUKW2aYFpSzEbmaabV0figNV9fA3d3OQeOTpSNY2FClyCIICSQRzCiUQQiQLJdiveE0zhOc5rCgMBWuKaePQJiHDvVeW_UBFTXhrfEMGm54dgSahFm8VaupKJMM8IVwSxskts09QHeBShft1Lt7J0Sk-s8aI02FthhPV4-ApzLAGfN-XJuS_6QTZ9dywO8U0QeVe2i7Tf5HPzm8CgL_FNL8fd2X_YLQ6bmkh2Lo8buxPgSIKaemrSvK_p-df3Xb1V1vvev-lSEQ2L0bJtuWrMGMxoxb1ozzoN59vwDT6xXqQ\">Hier<\/a>.<\/h2>\n<p>&nbsp;<\/p>\n<table>\n<tbody>\n<tr>\n<td width=\"10\"><\/td>\n<td width=\"564\">\n<h1>Schaffung eines Solidarit\u00e4tsfonds f\u00fcr kleine Unternehmen<\/h1>\n<p><strong>Der Staat hat mit den Regionen einen Solidarit\u00e4tsfonds mit 1 Milliarde Euro eingerichtet, der die Zahlung steuerfreier Unterst\u00fctzung f\u00fcr die kleinsten Unternehmen, Selbstst\u00e4ndigen, Kleinstunternehmer und betroffenen liberalen Berufe erm\u00f6glicht. durch das Coronavirus.<\/strong><\/p>\n<p>&nbsp;<\/p>\n<p>Die Verordnung Nr. 2020-317 vom 25. M\u00e4rz (in Anwendung des Notstandsgesetzes) schuf diesen Solidarit\u00e4tsfonds und sieht vor, dass in einem Dekret die Bedingungen f\u00fcr die F\u00f6rderf\u00e4higkeit und Zuteilung von Beihilfen, deren H\u00f6he und Bedingungen festgelegt werden Fondsverwaltung.<\/p>\n<p>Dar\u00fcber hinaus sieht die Verordnung vor, dass der Fonds f\u00fcr 3 Monate angelegt wird. Es wurde bereits f\u00fcr den Monat M\u00e4rz aufgef\u00fcllt und kann bei Bedarf erneuert werden, abh\u00e4ngig von der Entwicklung der Eind\u00e4mmungsma\u00dfnahmen und ihren Auswirkungen auf die Wirtschaftst\u00e4tigkeit.<\/p>\n<h2>UNTERST\u00dcTZUNG BIS ZU 3.500 \u20ac<\/h2>\n<p>Der Solidarit\u00e4tsfonds besteht aus zwei Komponenten und kann andere Hilfsmechanismen erg\u00e4nzen (teilweise Arbeitslosenentsch\u00e4digung f\u00fcr Arbeitnehmer, Gelddarlehensgarantie, Verschiebung von Sozial- und Steuerfristen usw.).<\/p>\n<p>\u00b7 \u00b7\u00a0\u00a0\u00a0\u00a0\u00a0\u00a0\u00a0\u00a0 <u>Erster Teil<\/u>\u00a0: Bis zu 1.500 \u20ac je nach Zulassungskriterien, untersucht und dann direkt von der Generaldirektion f\u00fcr \u00f6ffentliche Finanzen (DGFiP) bezahlt.<\/p>\n<p>\u00b7 \u00b7\u00a0\u00a0\u00a0\u00a0\u00a0\u00a0\u00a0\u00a0 <u>Zweiter Teil<\/u>\u00a0: Zus\u00e4tzliche Beihilfe f\u00fcr einen Pauschalbetrag von 2.000 EUR, der von den Regionen untersucht und dann von der DGFiP f\u00fcr die Unternehmen in gr\u00f6\u00dften Schwierigkeiten gezahlt wird.<\/p>\n<h2>Berechtigte Unternehmen<\/h2>\n<p>VSEs (sehr kleine Unternehmen), Selbstst\u00e4ndige, Kleinstunternehmer und liberale Berufe sind von dieser Hilfe betroffen:<\/p>\n<p>Ein Unternehmen, das vor dem 1. Februar 2020 gegr\u00fcndet wurde<\/p>\n<p>Eine Belegschaft von weniger als oder gleich 10 Mitarbeitern<\/p>\n<p>Ein Umsatz von weniger als 1 Mio. \u20ac und ein steuerpflichtiger Jahresgewinn von weniger als 60.000 \u20ac<\/p>\n<p>Keine Erkl\u00e4rung \u00fcber die Einstellung der Zahlung vor dem 1. M\u00e4rz 2020<\/p>\n<p>Der Manager hat weder einen Arbeitsvertrag noch eine Altersrente<\/p>\n<p>Dessen Manager hat im M\u00e4rz 2020 nicht von mindestens zwei Wochen Krankenstand profitiert.<\/p>\n<p>Und mit im Kontext von Covid-19:<\/p>\n<p>Oder ist Gegenstand einer administrativen Schlie\u00dfung<\/p>\n<p>Oder im M\u00e4rz 2020 einen Umsatzverlust von 50 % gegen\u00fcber M\u00e4rz 2019 erlitten<\/p>\n<p>Zweitens m\u00fcssen Unternehmen die folgenden kumulativen Bedingungen erf\u00fcllen, um von dem zus\u00e4tzlichen Bonus von 2.000 \u20ac zu profitieren:<\/p>\n<p>Mindestens 1 Mitarbeiter haben<\/p>\n<p>Sie k\u00f6nnen Ihre f\u00e4lligen Schulden nicht innerhalb von 30 Tagen begleichen<\/p>\n<p>\u00b7 Ihnen wurde von ihrer Bank ein Bargeldkredit in angemessener H\u00f6he verweigert.<\/p>\n<h2>N\u00c4HERT SICH<\/h2>\n<p><strong>Ab dem 1. April<\/strong>\u00a0: Antr\u00e4ge auf Erhalt des Bonus von \u20ac 1.500 k\u00f6nnen am gestellt werden\u00a0<a href=\"https:\/\/www.eco-plainevallee.fr\/?nltr=MTIxOzE0OTE7aHR0cHM6Ly93d3cuaW1wb3RzLmdvdXYuZnIvcG9ydGFpbC87O2FhMWFiOWUxY2JiZGRkOTIyYWE0NDU4NWFjZmI5NjAw\">www.impots.gouv.fr.<\/a><\/p>\n<p><strong>Ab dem 15. April<\/strong>\u00a0: Antr\u00e4ge auf zus\u00e4tzliche Unterst\u00fctzung in H\u00f6he von 2.000 \u20ac werden auf a gestellt\u00a0<a href=\"https:\/\/www.eco-plainevallee.fr\/?nltr=MTIxOzE0OTE7aHR0cHM6Ly93d3cuaWxlZGVmcmFuY2UuZnIvc29sdXRpb25zLWNvdmlkLTE5LWxhLXBsYXRlZm9ybWUtcmVnaW9uYWxlLXNvbGlkYWlyZS1kZXMtZnJhbmNpbGllbnM7O2E5MTgyMmIyYTAxOTRkODg1MTEwMjU3ZDQ1YzExYTFh\">Plattform von seiner Region ge\u00f6ffnet<\/a>.<\/p>\n<h2>QUELLE UND INFORMATIONEN<\/h2>\n<p><a href=\"https:\/\/www.eco-plainevallee.fr\/?nltr=MTIxOzE0OTE7aHR0cHM6Ly93d3cuZWNvbm9taWUuZ291di5mci9jb3JvbmF2aXJ1cy1zb3V0aWVuLWVudHJlcHJpc2VzOzs4ZmRlYTljMjAxZTVkYWU4ZjZjOGE3ZTBkODcyZjYwYg%3D%3D\">https:\/\/www.economie.gouv.fr\/coronavirus-soutien-entreprises<\/a><\/p>\n<a href=\"https:\/\/www.eco-plainevallee.fr\/?nltr=MTIxOzE0OTE7aHR0cHM6Ly93d3cuZWNvbm9taWUuZ291di5mci9maWxlcy9maWxlcy9QREYvMjAyMC9EUC1Gb25kc19kZV9zb2xpZGFyaXRlLnBkZjs7NTgzYWQzOWRiZDI3ZTI0NTlkZjFhZDQ4YjMzYjMwMDk%3D\">https:\/\/www.economie.gouv.fr\/files\/files\/PDF\/2020\/DP-Fonds_de_solidarite.pdf<\/a><\/td>\n<td width=\"10\">.<\/td>\n<td width=\"10\">.<\/td>\n<\/tr>\n<\/tbody>\n<\/table>\n<p>&nbsp;<\/p>\n\t\t\t<a href=\"https:\/\/www.reseau-mesure.com\/wp-content\/uploads\/2020\/05\/protocole-national-de-deconfinement.pdf\" target=\"_self\" role=\"button\" rel=\"noopener noreferrer\">\n\t\t\t\t\t\t\tNationales Dekonfinierungsprotokoll\n\t\t\t\t\t<\/a>\n\t\t\t<a href=\"https:\/\/www.reseau-mesure.com\/wp-content\/uploads\/2020\/03\/COVID-19-_Employeurs-\u00eates-vous-\u00e9ligible-\u00e0-lactivit\u00e9-partielle_.pdf\" target=\"_self\" role=\"button\" rel=\"noopener noreferrer\">\n\t\t\t\t\t\t\tArbeitgeber, haben Sie Anspruch auf Teilt\u00e4tigkeit\n\t\t\t\t\t<\/a>\n\t\t\t<a href=\"\/de\/Textes r\u00e9glementaires\/\" target=\"_self\" role=\"button\" rel=\"noopener noreferrer\">\n\t\t\t\t\t\t\tRECHTSVORSCHRIFTEN\n\t\t\t\t\t<\/a>\n\t\t\t<a href=\"https:\/\/www.reseau-mesure.com\/wp-content\/uploads\/2020\/03\/Courrier_LE-MAIRE_PENICAUD_VERAN_INDUSTRIE.pdf\" target=\"_self\" role=\"button\" rel=\"noopener noreferrer\">\n\t\t\t\t\t\t\tMinisterbrief vom 20.03.2020\n\t\t\t\t\t<\/a>\n\t\t\t<a href=\"https:\/\/www.reseau-mesure.com\/wp-content\/uploads\/2020\/03\/CP-declare-ameli-personnes-a-risque_VDEF-1.pdf\" target=\"_self\" role=\"button\" rel=\"noopener noreferrer\">\n\t\t\t\t\t\t\tCP erkl\u00e4rt verbesserte Personen f\u00fcr gef\u00e4hrdet\n\t\t\t\t\t<\/a>\n\t\t\t<a href=\"https:\/\/www.reseau-mesure.com\/wp-content\/uploads\/2020\/03\/projet-ordonnance-ap.pdf\" target=\"_self\" role=\"button\" rel=\"noopener noreferrer\">\n\t\t\t\t\t\t\tNeue Verordnung \u00fcber Sofortma\u00dfnahmen f\u00fcr Teilaktivit\u00e4ten 03 27 2020\n\t\t\t\t\t<\/a>\n\t\t\t<a href=\"https:\/\/www.reseau-mesure.com\/wp-content\/uploads\/2020\/03\/dgefp_note_technique_chomage_partiel_mars_2020_25-mars.pdf\" target=\"_self\" role=\"button\" rel=\"noopener noreferrer\">\n\t\t\t\t\t\t\tTechnischer Hinweis Teilarbeitslosigkeit 2020 25. M\u00e4rz\n\t\t\t\t\t<\/a>\n\t\t\t<a href=\"https:\/\/www.entreprendre-cergypontoise.fr\/services-aux-entreprises\/covid-19-guide-pratique-des-aides-et-mesures-pour-les-entreprises\" target=\"_self\" role=\"button\" rel=\"noopener noreferrer\">\n\t\t\t\t\t\t\tpraktischer Leitfaden f\u00fcr ma\u00dfgeschneiderte Hilfe f\u00fcr Unternehmen\n\t\t\t\t\t<\/a>\n\t\t\t<a href=\"https:\/\/www.douane.gouv.fr\/covid-19-vous-etes-une-entreprise-et-souhaitez-importer-des-masques\" target=\"_self\" role=\"button\" rel=\"noopener noreferrer\">\n\t\t\t\t\t\t\tZollinformationen zum Import von Masken\n\t\t\t\t\t<\/a>\n\t\t\t<a href=\"https:\/\/www.reseau-mesure.com\/wp-content\/uploads\/2020\/03\/20-03-26-La-contagion-sectorielle-de-l\u00e9conomie-r\u00e9elle.pdf\" target=\"_self\" role=\"button\" rel=\"noopener noreferrer\">\n\t\t\t\t\t\t\tCovid-19: Sektorale Ansteckung der Realwirtschaft - Xerfi-Studie\n\t\t\t\t\t<\/a>\n\t\t\t<a href=\"https:\/\/www.reseau-mesure.com\/wp-content\/uploads\/2020\/03\/7-CP-FBF-15-mars-2020-Coronavirus-mobilisation-totale-des-banques-fran\u00e7aises.pdf\" target=\"_self\" role=\"button\" rel=\"noopener noreferrer\">\n\t\t\t\t\t\t\tCoronavirus: vollst\u00e4ndige Mobilisierung franz\u00f6sischer Banken Einfache und konkrete Methoden im Dienste von Unternehmen\n\t\t\t\t\t<\/a>\n\t\t\t<a href=\"https:\/\/www.reseau-mesure.com\/wp-content\/uploads\/2020\/03\/COVID_19_Formulaire_Demande_Report_Paiement.pdf\" target=\"_self\" role=\"button\" rel=\"noopener noreferrer\">\n\t\t\t\t\t\t\tCOVID 19 Zahlung des Formularanforderungsberichts\n\t\t\t\t\t<\/a>\n\t\t\t<a href=\"https:\/\/www.reseau-mesure.com\/wp-content\/uploads\/2020\/03\/COVID-AIDE-ENTREPRISE-BROCHURE_OK7-DEF.pdf\" target=\"_self\" role=\"button\" rel=\"noopener noreferrer\">\n\t\t\t\t\t\t\tCOVID BUSINESS HILFE BROSCH\u00dcRE \n\t\t\t\t\t<\/a>\n\t\t\t<a href=\"https:\/\/www.reseau-mesure.com\/wp-content\/uploads\/2020\/03\/3-modele_demande_delai_paiement_ou_remise_impots_covid19.pd_.pdf\" target=\"_self\" role=\"button\" rel=\"noopener noreferrer\">\n\t\t\t\t\t\t\tMusteranforderung f\u00fcr Zahlung oder Rabattsteuer covid19.pd\n\t\t\t\t\t<\/a>\n\t\t\t<a href=\"https:\/\/www.reseau-mesure.com\/wp-content\/uploads\/2020\/03\/2088_Mise_en_place_dun_Comit\u00e9_de_crise.pdf\" target=\"_self\" role=\"button\" rel=\"noopener noreferrer\">\n\t\t\t\t\t\t\tEinrichtung des Krisenausschusses\n\t\t\t\t\t<\/a>\n\t\t\t<a href=\"https:\/\/www.reseau-mesure.com\/wp-content\/uploads\/2020\/03\/4-Communiqu\u00e9-de-presse-d\u00e9claration-activit\u00e9-partielle.pdf\" target=\"_self\" role=\"button\" rel=\"noopener noreferrer\">\n\t\t\t\t\t\t\tPressemitteilung zur Teilaktivit\u00e4t\n\t\t\t\t\t<\/a>\n\t\t\t<a href=\"https:\/\/www.reseau-mesure.com\/wp-content\/uploads\/2020\/03\/CP-d\u00e9lai-30-jours.docx\" target=\"_self\" role=\"button\" rel=\"noopener noreferrer\">\n\t\t\t\t\t\t\tDas Arbeitsministerium gibt Unternehmen 30 Tage Zeit, um ihre Teilaktivit\u00e4t r\u00fcckwirkend zu erkl\u00e4ren\n\t\t\t\t\t<\/a>\n\t\t\t<a href=\"https:\/\/www.reseau-mesure.com\/wp-content\/uploads\/2020\/03\/Coronavirus-Covid-19-Questions-r\u00e9ponses-pour-les-entreprises-et-les-salari\u00e9s.pdf\" target=\"_self\" role=\"button\" rel=\"noopener noreferrer\">\n\t\t\t\t\t\t\tCoronavirus - Covid-19 - Fragen und Antworten f\u00fcr Unternehmen und Mitarbeiter\n\t\t\t\t\t<\/a>\n\t\t\t<a href=\"https:\/\/www.reseau-mesure.com\/wp-content\/uploads\/2020\/03\/Gerard-Darmanin-Renforcement-des-mesures-daides-aux-entreprises-2020-03-22.pdf\" target=\"_self\" role=\"button\" rel=\"noopener noreferrer\">\n\t\t\t\t\t\t\tGerard Darmanin St\u00e4rkung der Wirtschaftsf\u00f6rderung 2020 03 22\n\t\t\t\t\t<\/a>\n\t\t\t<a href=\"https:\/\/www.reseau-mesure.com\/wp-content\/uploads\/2020\/03\/6-CP-CORONAVIRUS-ET-MONDE-DU-TRAVAIL_15032020.pdf\" target=\"_self\" role=\"button\" rel=\"noopener noreferrer\">\n\t\t\t\t\t\t\tCORONAVIRUS UND ARBEITSWELT \n\t\t\t\t\t<\/a>\n\t\t\t<a href=\"https:\/\/www.reseau-mesure.com\/wp-content\/uploads\/2020\/03\/COVID_19_Flash_Europe_International_18_Mars_2020-VFinale.pdf\" target=\"_self\" role=\"button\" rel=\"noopener noreferrer\">\n\t\t\t\t\t\t\tCOVID 19 Flash Europe International 18. M\u00e4rz 2020\n\t\t\t\t\t<\/a>\n\t\t\t<a href=\"https:\/\/www.reseau-mesure.com\/wp-content\/uploads\/2020\/03\/coronavirus_faq_entreprises.pdf\" target=\"_self\" role=\"button\" rel=\"noopener noreferrer\">\n\t\t\t\t\t\t\tFAQ - Unternehmensunterst\u00fctzung - Coronavirus\n\t\t\t\t\t<\/a>\n\t\t\t<a href=\"https:\/\/www.reseau-mesure.com\/wp-content\/uploads\/2020\/03\/Guide_UIMM_Continuite\u0301_de_lactivite\u0301_industrielle.pdf\" target=\"_self\" role=\"button\" rel=\"noopener noreferrer\">\n\t\t\t\t\t\t\tLeitfaden f\u00fcr Metallbearbeitungsunternehmen\n\t\t\t\t\t<\/a>\n\t\t\t<a href=\"https:\/\/www.reseau-mesure.com\/wp-content\/uploads\/2020\/03\/Guide-Bonnes-pratiques-COVID-19-MEDEF_mars-2020.pdf\" target=\"_self\" role=\"button\" rel=\"noopener noreferrer\">\n\t\t\t\t\t\t\tLeitfaden f\u00fcr bew\u00e4hrte Verfahren - COVID-19 - MEDEF_ M\u00e4rz 2020\n\t\t\t\t\t<\/a>\n\t\t\t<a href=\"https:\/\/www.reseau-mesure.com\/wp-content\/uploads\/2020\/03\/Fiche-produit-Pr\u00eat-garanti-par-lEtat.pdf\" target=\"_self\" role=\"button\" rel=\"noopener noreferrer\">\n\t\t\t\t\t\t\tStaatlich garantiertes Darlehen\n\t\t\t\t\t<\/a>\n\t\t\t<a href=\"https:\/\/www.reseau-mesure.com\/wp-content\/uploads\/2020\/03\/Instruction_Pre\u0301fet_CASTA.pdf\" target=\"_self\" role=\"button\" rel=\"noopener noreferrer\">\n\t\t\t\t\t\t\tPr\u00e4fekt Castaner Anweisungen\n\t\t\t\t\t<\/a>\n\t\t\t<a href=\"https:\/\/www.reseau-mesure.com\/wp-content\/uploads\/2020\/03\/INFO-Masques-chirurgicaux-et-masques-de-protection-respiratoire_2020-1.pdf\" target=\"_self\" role=\"button\" rel=\"noopener noreferrer\">\n\t\t\t\t\t\t\tINFO Chirurgische Masken und Atemschutzmasken\n\t\t\t\t\t<\/a>\n\t<p>&nbsp;<\/p>\n<h2><strong><a href=\"https:\/\/www.legifrance.gouv.fr\/affichTexte.do?cidTexte=JORFTEXT000041728476&amp;dateTexte=&amp;categorieLien=id\">Greifen Sie auf das Dekret vom 14. M\u00e4rz 2020 zu<\/a><\/strong><\/h2>\n\t\t\t<a href=\"https:\/\/www.reseau-mesure.com\/wp-content\/uploads\/2020\/03\/COVID-AIDE-ENTREPRISE-BROCHURE_OK7-DEF.pdf\" target=\"_self\" role=\"button\" rel=\"noopener noreferrer\">\n\t\t\t\t\t\t\tSpezifische Informationen f\u00fcr Ile-de-France-Mitglieder\n\t\t\t\t\t<\/a>\n\t<p><strong><a href=\"http:\/\/p7tre.emv3.com\/HP?b=v-2OA1iK0Jv9rEae3gT7ist0VE93P3Zq2Q6XOCKnqF4As15KJkpkexYCDNL2mQah&amp;c=C5_wCqMrpBI1j0yqKA5L-w\">Coronavirus (COVID-19<\/a><\/strong><\/p>\n<p><strong>Das Recht auf Steuererm\u00e4\u00dfigung dank Spenden<\/strong><\/p>\n<table width=\"100%\">\n<tbody>\n<tr>\n<td width=\"100%\">\n<table width=\"100%\">\n<tbody>\n<tr>\n<td>Angesichts der Verbreitung von COVID-19 brauchen gemeinn\u00fctzige Organisationen mehr denn je Hilfe und ein Zeichen der Solidarit\u00e4t. Dies gilt insbesondere f\u00fcr alle Organisationen, die im Kampf gegen das Virus t\u00e4tig sind.\n<p><strong>Dieses Dokument beschreibt die wichtigsten Steuerma\u00dfnahmen:<\/strong><\/p>\n<ul>\n<li>Deren ? <em>Beg\u00fcnstigte Organisationen<\/em><\/li>\n<li>Wie? &#039;Oder&#039; Was? <em>Die Art der Spenden\u00a0<\/em><\/li>\n<li>Welche Steuererm\u00e4\u00dfigung f\u00fcr das Unternehmen?<\/li>\n<li>Welche Steuererm\u00e4\u00dfigung f\u00fcr Privatpersonen?<\/li>\n<\/ul>\n<h2>-&gt; <a href=\"http:\/\/Coronavirus \/ COVID-19  Le droit \u00e0 la r\u00e9duction d'imp\u00f4ts gr\u00e2ce aux dons  Face \u00e0 la propagation du COVID-19, les organismes sans but lucratif ont plus que jamais, besoin d\u2019aides et d\u2019un t\u00e9moignage de solidarit\u00e9. C\u2019est en particulier le cas de tous les organismes qui \u0153uvrent dans la lutte contre le virus.   Ce document d\u00e9crit les principales mesures\u00a0fiscales :  A qui ? Les organismes b\u00e9n\u00e9ficiaires Comment ? La nature des dons\u00a0 Quelle r\u00e9duction d\u2019imp\u00f4t pour l\u2019entreprise ?\u00a0 Quelle r\u00e9duction d\u2019imp\u00f4t pour les particuliers ?\">Antworten bitte<\/a><\/h2>\n<\/td>\n<\/tr>\n<\/tbody>\n<\/table>\n<\/td>\n<\/tr>\n<\/tbody>\n<\/table>\n<strong><u><br \/>\nErkl\u00e4rung der Teilaktivit\u00e4t in DSN<\/u><\/strong>\n<p>Auf der Website \u201enet-entreprises\u201c wurden spezielle Bl\u00e4tter und Anweisungen ver\u00f6ffentlicht, um Arbeitgebern dabei zu helfen, die Situation eines Arbeitnehmers in Teilaktivit\u00e4t zu erkl\u00e4ren und CSG und CRDS w\u00e4hrend eines Zeitraums von Teilaktivit\u00e4t zu deklarieren. Die Versicherungsorganisationen haben auch Anweisungen zur Erkl\u00e4rung der zus\u00e4tzlichen Gesundheits-, Vorsorge- und Zusatzrentenbeitr\u00e4ge im DSN im Falle einer Teilaktivit\u00e4t im DSN erteilt.<\/p>\n<p>&gt;&gt;\u00a0\u00a0<a href=\"http:\/\/email.mailgun2.assoconnect.com\/c\/eJwVj8tugzAUBb8GdkFwbfNYsIAmJK1oVQStyioy-BqMwE55tFG_vkSa3dEcaUTcyijiaKsYXHBd6hKPUkZ8x3MylhIGlAYJCzwahBZ1J67GbtPg8GUxrdEa29VpzWT3sc-AUBYwlCIiGHpURoA-pZJ6gI0Q9hj363qzSGJBtrNb06ZVy1dltDOhQOnIeR8upUWyxiLH9zI7cy5v6XDPC1UMubstwZDCXJG-_86Sl98cDm959veqvuCo7x8F-wwBz01TmquStQV-u99U_lBrVjU_4nS61N4ou-frU2fPMYpNjmbds2ZckG-HCZdtxkfPP_rxVsU\"><strong>Erfahren Sie mehr \u00fcber die Erkl\u00e4rung der Situation des Mitarbeiters<\/strong><\/a><\/p>\n<p>&gt;&gt;\u00a0\u00a0<a href=\"http:\/\/email.mailgun2.assoconnect.com\/c\/eJwVj8tOhDAARb-m7CSlDygLFoMOorKYVzS4MaUPKEKZoe1kPl9Mzu7m3OTIQug85yoyBYIIQgJxQgjFaZzEFS0xRYRkO5olJGOAwJmbqQ8Wxdy5RSzWKuFjsczRUDCJVErzHFOpJYQJw6TriBKMQZlirqOpGLy_ArwDqNrYrDlYI7g3i41nJZWO9boN9RngqgP45XCuXjnX13J8NEdzHBsYXHY_MXr6ze-OhK9satzHd1qXbWM_b8PBoL5-mJZV3r9reAMoFdvNJR1bSy_dXe73dZtMun_7ee6jtVAy6GnxW9aqnOLhaVYurOq_5w9JUFdy\"><strong>Erfahren Sie mehr \u00fcber die Grunds\u00e4tze der Erkl\u00e4rung, die zur Erkl\u00e4rung der CSG und des CRDS eingef\u00fchrt werden m\u00fcssen\u00a0<\/strong><\/a><\/p>\n<p>&gt;&gt;\u00a0\u00a0<a href=\"http:\/\/email.mailgun2.assoconnect.com\/c\/eJwVj91qgzAARp9G7xrya_TCi3bVdm3Z1imD9mbEmGjERFEj29vPwbn7OB-cOpU6SYQKTYohhpBCgihlJAII5OxAGKaU7xlHlMcBhVaYvvEOAzHPgxycU3IBcrBhm8a1wExRSaoEV1rGgmPEFcMKQYglrsM-bZdlDMg-wPnGZlnvjBSLGRywqlYa6GkbzkVA8iogx48iPwmhx0P3c7ube3eDfub-uWa_sGyzPB7ePq2JL1Yb9HS39y9ZjNyTi7_q03V3ZGuAI7ndlFH3cKys1jrLzg_U6-b1-6UJp1TVXvfDsmVNalbC76ya_aT-e_4AWQVXRA\"><strong>Um mehr \u00fcber die Erkl\u00e4rung der zus\u00e4tzlichen Gesundheits-, Vorsorge- und Zusatzrentenbeitr\u00e4ge zu erfahren\u00a0<\/strong><\/a><\/p>\n\t<h2 id=\"Coronavirus-COVID-19-informations-recommandations-amp-mesures-nbsp\">Spezifische Informationen f\u00fcr TNT-Benutzer<\/h2>\n<p>&nbsp;<\/p>\n<ul>\n<li>Krankenh\u00e4user, Kliniken und andere Gesundheitseinrichtungen werden vorrangig versorgt. Andererseits liefert FedEx aus Sicherheitsgr\u00fcnden und gem\u00e4\u00df den Richtlinien der Regierung ab diesem Tag und bis auf weiteres nur noch einen Punkt (Kommissar oder Empfang, Lieferung oder Empfang, abh\u00e4ngig von den Standorten). Unsere Fahrer sind nicht mehr berechtigt, innerhalb von Einrichtungen zu zirkulieren und zu allen Abteilungen zu reisen, sondern nur alle Pakete an einem Ort abzugeben. Danke f\u00fcr Ihr Verst\u00e4ndnis.<\/li>\n<\/ul>\n<p>Wir best\u00e4tigen die Wiederaufnahme der Aktivit\u00e4ten in der Grand Est-Zone wie folgt: <strong>Es gibt daher keine Beschr\u00e4nkung mehr auf wesentliche Produkte in diesem Bereich. <\/strong><\/p>\n<ul>\n<li>Wir informieren Sie, dass ab diesem Tag die Pakete, die nicht an den Empf\u00e4nger geliefert werden konnten, wieder bis zu 10 Tage in unseren TNT-Agenturen aufbewahrt werden. \u00dcber diesen Zeitraum hinaus und ohne Anweisungen von Ihnen werden sie automatisch an ihren Absender zur\u00fcckgesandt. Wir laden Sie jedoch ein, weiterhin zu \u00fcberpr\u00fcfen, ob Ihr Empf\u00e4nger offen ist, bevor Sie uns Ihre Sendungen anvertrauen. Danke f\u00fcr Ihr Verst\u00e4ndnis. Ab dem 6. April und bis auf weiteres a <a href=\"https:\/\/www.tnt.com\/campaign\/fr_fr\/site\/temporary-surcharge.html\">vor\u00fcbergehende \u00dcberlastung<\/a>\u00a0wird auf alle internationalen FedEx Express- und TNT-Pakete und Frachtsendungen angewendet, damit wir unseren Kunden trotz dieser au\u00dfergew\u00f6hnlichen Umst\u00e4nde weiterhin den bestm\u00f6glichen Service bieten k\u00f6nnen.<\/li>\n<\/ul>\n<p>F\u00fcr internationale Sendungen.<\/p>\n<p><strong>F\u00fcr TNT:<\/strong><\/p>\n<p><a href=\"https:\/\/www.tnt.com\/campaign\/fr_fr\/site\/temporary-surcharge.html\">https:\/\/www.tnt.com\/campaign\/fr_fr\/site\/temporary-surcharge.html<\/a><\/p>\n<p><strong>F\u00fcr FedEx:<\/strong><\/p>\n<p><a href=\"https:\/\/www.fedex.com\/fr-fr\/shipping\/surcharges\/temporary-surcharges.html?cmp=EMT-1005827-5-9-200-1000000-EU-FR-FR-FDXSURCHARGEDUA&amp;ET_CID=793269&amp;ET_RID=58454234&amp;LINK=https%3a%2f%2fwww.fedex.com%2ffr-fr%2fshipping%2fsurcharges%2ftemporary-surcharges.html\">https:\/\/www.fedex.com\/fr-fr\/shipping\/surcharges\/temporary-surcharges.html?cmp=EMT-1005827-5-9-200-1000000-EU-FR-FR-FDXSURCHARGEDUA&amp;ET_CID=793269&amp;ET_RID=58454234&amp;LINK=https%3a%2f%2fwww.fedex.com%2ffr-fr%2fshipping%2fsurcharges%2ftemporary-surcharges.html<\/a><\/p>\n<p>&nbsp;<\/p>\n<p>&#8212;&#8212;&#8212;&#8212;&#8212;<\/p>\n<p><strong>Info Coronavirus COVID-19<\/strong> : In Anbetracht der au\u00dfergew\u00f6hnlichen Umst\u00e4nde bem\u00fchen wir uns, Ihnen weiterhin zu dienen, sind jedoch in bestimmten geografischen Gebieten manchmal gezwungen, unsere Dienstleistungen einzuschr\u00e4nken. Um mehr zu erfahren, laden wir Sie ein, unsere Benachrichtigungsseiten zu konsultieren <a href=\"https:\/\/www.tnt.com\/express\/fr_fr\/site\/alertes.html\">tnt.fr.<\/a> und <a href=\"https:\/\/www.fedex.com\/fr-fr\/service-news.html\">fedex.com\/de<\/a>.<\/p>\n<p>Angesichts neuer staatlicher Beschr\u00e4nkungen und Beschr\u00e4nkungen, die jeden Tag auferlegt werden, um die Ausbreitung des Virus einzud\u00e4mmen, haben wir auch geschaffen <a href=\"https:\/\/www.fedex.com\/fr-fr\/coronavirus.html\">eine eigene Informationsseite<\/a> f\u00fcr FedEx- und TNT-Dienste.<\/p>\n<p>VORSICHT: Angesichts der Situation danken wir Ihnen, dass Sie \u00fcberpr\u00fcft haben, ob Ihre Empf\u00e4nger offen sind, bevor Sie uns Ihre Sendungen anvertrauen.<\/p>\n<p>Danke f\u00fcr Ihr Verst\u00e4ndnis.<\/p>\n<p>&#8212;&#8212;&#8212;&#8212;&#8212;<\/p>\n<ul>\n<li><a href=\"https:\/\/www.reseau-mesure.com\/wp-content\/uploads\/2020\/04\/FedEx_COVID-19_Delivery_Poster_FR_A4_300320.pdf\">COVID 19 spezielles Lieferetikett<\/a><\/li>\n<\/ul>\n<p>Informationslink zu spezifischen TNT \/ FEDEX-Ma\u00dfnahmen: <a href=\"https:\/\/www.tnt.com\/express\/fr_fr\/site\/alertes.html\">https:\/\/www.tnt.com\/express\/fr_fr\/site\/alertes.html<\/a><\/p>\n<p><a href=\"https:\/\/www.reseau-mesure.com\/wp-content\/uploads\/2020\/03\/fedex-covid-19_service_impacts.pdf\">TNT - Auswirkungen von COVID-19 in Frankreich und weltweit<\/a><\/p>\n\tInitiativen und Kontakte sind im Gange <strong>Masken, hydroalkoholische Gele und andere medizinische Verbrauchsmaterialien<\/strong> :<br \/>\n<a href=\"https:\/\/www.entreprises.gouv.fr\/covid-19\/approvisionnement-en-masques-et-gel-hydroalcoolique\">https:\/\/www.entreprises.gouv.fr\/covid-19\/approvisionnement-en-masques-et-gel-hydroalcoolique<\/a><br \/>\nMasken: <a href=\"http:\/\/www.csfmodeluxe-masques.com\/\">http:\/\/www.csfmodeluxe-masques.com\/<\/a><br \/>\nGele: <a href=\"https:\/\/stopcovid19.fr\/\">https:\/\/stopcovid19.fr<\/a>\n<p>Die DGE m\u00f6chte diese Art von Initiative auf erweitern\u00a0 <strong>pers\u00f6nliche Schutzausr\u00fcstung f\u00fcr Pflegekr\u00e4fte<\/strong> (Blusen, Overalls, Kleider, \u00dcberschuhe, Charlottes, Handschuhe) oder andere <strong>medizinische Verbrauchsmaterialien<\/strong>.<\/p>\n<p>Es l\u00e4dt Unternehmen, die ihre Produktionslinien in diese Richtung umr\u00fcsten k\u00f6nnten, ein, sich an die eingerichtete Einheit zu wenden: <a href=\"mailto:consommablemedical.dge@finances.gouv.fr\">consommablemedical.dge@finances.gouv.fr<\/a><\/p>\n<p>&nbsp;<\/p>\n<p><u>Die Region Ile de France bietet Hilfe an, indem sie ihr Einkaufszentrum er\u00f6ffnet<\/u>Das Unternehmen verf\u00fcgt \u00fcber eine Reihe von Produkten und Dienstleistungen wie Masken, hydroalkoholisches Gel, Verbrauchsmaterialien und Desinfektionsger\u00e4te, die f\u00fcr die Bek\u00e4mpfung der Covid-19-Epidemie unerl\u00e4sslich sind. Die Region ist daf\u00fcr verantwortlich, sie zu zentralisieren und Lieferanten aus Frankreich oder dem Ausland zu finden, deren Produktqualit\u00e4t von ihren Abteilungen \u00fcberpr\u00fcft wird. So kontaktieren Sie das Einkaufszentrum (E-Mail:\u00a0<a href=\"mailto:centrale-achat@iledefrance.fr\">centrale-achat@iledefrance.fr<\/a>\u00a0oder per tel. : 01 53 85 70 50).<\/p>\n<p>Z\u00f6gern Sie nicht zu Ihnen <u>s<\/u><u>&#039;&#039; Registrieren Sie die regionale Plattform f\u00fcr<\/u><u> L\u00f6sungen<\/u>\u00a0die Verbindung zwischen Lieferanten und Antragstellern zu f\u00f6derieren und zu erleichtern\u00a0<a href=\"http:\/\/email.mailgun2.assoconnect.com\/c\/eJwVjkEOgyAQRU-juxIYgZYFC9PUe-AwtCQqDQM9fzX5q_cW70ePyblAY_YgQUqttJoma6xQ4r7YRT7n5f6ySgG8Bi33kLd3P0AE5oLlOAibwLKPH4_WGJe0BQyrWiPoaKcHWjBOowGCcfOf1r48TPMAyzneQ205JsFUfxmJT5bqJcrWWy4H37D8clRurJ5iT1tp54VKTKHfduJe6Wr_AbooPSM\">https:\/\/smartidf.services\/fr\/solutions-covid19<\/a>\u00a0.<\/p>\n<p>&#8212;&#8212;&#8212;&#8212;&#8212;&#8212;&#8212;&#8212;&#8212;&#8212;&#8212;&#8212;&#8212;&#8212;&#8212;<\/p>\n<p>Bruno Le Maire, Bpifrance und der franz\u00f6sische Bankenverband (FBF) haben angek\u00fcndigt<strong> die Einf\u00fchrung eines beispiellosen Mechanismus, der es dem Staat erm\u00f6glicht, Kredite f\u00fcr 300 Milliarden Euro zu garantieren. Diese Kredite werden dazu beitragen, den Cashflow von Unternehmen und Fachleuten zu entlasten, die unter dem mit dem Gesundheitsnotfall verbundenen Schock leiden.<\/strong><\/p>\n<p>Bis zum n\u00e4chsten 31. Dezember\u00a0<strong>Unternehmen jeder Gr\u00f6\u00dfe, unabh\u00e4ngig von der Rechtsform des Unternehmens<\/strong>\u00a0(insbesondere Unternehmen, H\u00e4ndler, Handwerker, Landwirte, liberale Berufe, Kleinstunternehmer, Verb\u00e4nde und Stiftungen mit wirtschaftlicher T\u00e4tigkeit), mit Ausnahme von Immobilienunternehmen, Kreditinstituten und Finanzunternehmen;\u00a0<strong>k\u00f6nnen ihre \u00fcbliche Bank um ein vom Staat garantiertes Darlehen bitten, um ihren Cashflow zu unterst\u00fctzen.<\/strong><\/p>\n<p>Dieses Darlehen kann bis zu 3 Monate des Umsatzes 2019 oder zwei Jahre der Gehaltsabrechnung f\u00fcr innovative Unternehmen oder Unternehmen, die seit dem 1. Januar 2019 gegr\u00fcndet wurden, darstellen. Im ersten Jahr ist keine R\u00fcckzahlung erforderlich; die Gesellschaft kann das Darlehen \u00fcber einen Zeitraum von maximal f\u00fcnf Jahren amortisieren.<\/p>\n<p>&gt;&gt; Gehe zu\u00a0<a href=\"http:\/\/email.mailgun2.assoconnect.com\/c\/eJxFUV2vgyAM_TXuTQP4MXjwAed82n7DTafVkWhZEHP__kXc3RI4bU_bU0iHuh-VAjyZWjDBWC4KXglWFBnPGnaWvGgupSy51lWeFGwBM08biQzW1faWCHuf9XY5Pet85JUCyaoKJXvIXhWPR6VGLjkE5SE_zfXT-9ea5DoRXTiLIRxN9rSrNzRlsE2bw10s5HQMfu6xJMQu3Islj7Rd6WYmwkC09pdmC0OSdyZAq0SRd5emS8-qVGnRcp3qVl9T1bWqka1UQpSJqEYzI8GCoUMwxRNRCpZGbNxGNno3jOYOxh1e8zKjA-qPCH00M0QTPlNe8gBaDV_XgTeWYsEjNH6UdplP1RnMetA7yK7ZtYSKDBDZMJDes_A9MlDLP_kdJ9dILOh6h4M5sniQL_cp0_6gJgiv8OadB3do73i-evDZaxhPrsZhG2frw94drghbuuD63tEfJ5qjow\">Pressemitteilung<\/a><\/p>\n<p>&gt;&gt; Gehe zu\u00a0<a href=\"http:\/\/email.mailgun2.assoconnect.com\/c\/eJxNkMFuhSAQRb9GdxgY8CkLF-rTVZv0Dxoqo5IovAi2v9-pr02awIG5cC9kbDPNWhvMXQMcOJegxA24UoUoOl7VQnV9WZeibW8yU3w3bltOD4WJMUzBe5xSMYU9XxupuaotkHkWALPR1sgJrFbVBKg-RL41a0qPmMk2g5HG7jzOrlhDTM4vhTmX88CfMDprr-L99bpC9UGzDz6hPwf_4haPJNzDl9-CsZkcHeFOH1djpztW604y1Q-S1a0a2DBWPfChrEpVZXCb3Ybe7EiOPnw6y4TOoATOLr7RU2UvCW2bLmUxh_HJXfuHOa51Iw5AqDlB6z9PrZNJ_9LuIUaHT4_FZ8SBMWLxsHN-NGjPeQuJOksqmpPtGH-78A1fh3c8\">Pressemappe mit Fragen und Antworten und Produktblatt<\/a><\/p>\n\t<h2 id=\"Coronavirus-COVID-19-informations-recommandations-amp-mesures-nbsp\">Coronavirus COVID-19: Informationen, Empfehlungen und Gesundheitsma\u00dfnahmen<\/h2>\n<p>Seit Januar 2020 hat sich eine Epidemie des Coronavirus COVID-19 (ex 2019-nCoV) aus China ausgebreitet. Auf der Plattform finden Sie alle offiziellen Antworten auf Ihre Fragen zum Coronavirus COVID-19 und zu den Empfehlungen f\u00fcr Ihre Gesundheit\u00a0<a title=\"https:\/\/www.gouvernement.fr\/info-coronavirus (neues Fenster)\" href=\"https:\/\/www.gouvernement.fr\/info-coronavirus\" target=\"_blank\" rel=\"external noopener noreferrer\"><strong>https:\/\/www.gouvernement.fr\/info-coronavirus<\/strong><\/a><\/p>\n<dl>\n<dt><a title=\"PNG - 2 kb (neues Fenster)\" href=\"https:\/\/www.gouvernement.fr\/info-coronavirus\" target=\"_blank\" rel=\"external noopener noreferrer\"><img loading=\"lazy\" decoding=\"async\" src=\"https:\/\/travail-emploi.gouv.fr\/IMG\/png\/infos-officielles.png\" alt=\"\" width=\"329\" height=\"72\" \/><\/a><\/dt>\n<\/dl>\n<p>Angesichts des Coronavirus gibt es einfache Ma\u00dfnahmen, um Ihre Gesundheit und die Ihrer Mitmenschen zu erhalten:<br \/>\u2022 Waschen Sie Ihre H\u00e4nde sehr regelm\u00e4\u00dfig;<br \/>\u2022 Husten oder Niesen in Ihren Ellbogen oder in ein Taschentuch;<br \/>\u2022 Verwenden Sie Einweg-Taschent\u00fccher und werfen Sie sie weg.<br \/>\u2022 Begr\u00fc\u00dfen Sie ohne H\u00e4ndesch\u00fctteln, vermeiden Sie Umarmungen;<br \/>\u2022 Vermeiden Sie Versammlungen, beschr\u00e4nken Sie Bewegung und Kontakt.<\/p>\n<p>Am 14. M\u00e4rz 2020 beschloss der Premierminister nach dem \u00dcbergang zu Stufe 3 des Seuchenbek\u00e4mpfungsplans und bis auf weiteres, alle f\u00fcr das Leben nicht zug\u00e4nglichen Orte der \u00d6ffentlichkeit zu schlie\u00dfen aus dem Land.<\/p>\n<p>&nbsp;<\/p>\n<h2><strong>Eine geb\u00fchrenfreie Nummer beantwortet Ihre Fragen 24 Stunden am Tag, 7 Tage die Woche: 0 800 130 000<\/strong><\/h2>\n<p><center><\/center><strong>Warnung<\/strong>Wenn Sie die ersten Anzeichen von Atemwegsinfektionen (Fieber oder Fiebergef\u00fchl, Husten) haben, bleiben Sie zu Hause und rufen Sie Ihren Arzt an. Wenn sich die Anzeichen verschlechtern, rufen Sie 15 oder 114 f\u00fcr Personen an, die Schwierigkeiten beim Sprechen oder H\u00f6ren haben.<\/p>\n<p>Um die Unternehmensleiter bestm\u00f6glich zu informieren, a <a href=\"https:\/\/www.economie.gouv.fr\/files\/files\/PDF\/2020\/Coronavirus-MINEFI-10032020.pdf\">Dokument mit einer Auflistung aller Ma\u00dfnahmen, die mobilisiert werden k\u00f6nnen<\/a> ist online auf der Website des Ministeriums f\u00fcr Wirtschaft und Finanzen zug\u00e4nglich.<\/p>\n<p>Es wird empfohlen, die Reise zu beschr\u00e4nken, und die Regierung ergreift Ma\u00dfnahmen, um\u00a0<strong>St\u00e4rkung und Vereinfachung der Systeme, die Arbeitnehmern und Unternehmen angeboten werden, deren T\u00e4tigkeit vom Coronavirus - COVID-19 . betroffen ist<\/strong>\u00a0:\u00a0<a title=\"Telearbeit (neues Fenster)\" href=\"https:\/\/travail-emploi.gouv.fr\/droit-du-travail\/la-vie-du-contrat-de-travail\/article\/teletravail-mode-d-emploi\" target=\"_blank\" rel=\"external noopener noreferrer\">Telearbeit<\/a>,\u00a0<a title=\"Teilaktivit\u00e4t (neues Fenster)\" href=\"https:\/\/travail-emploi.gouv.fr\/emploi\/accompagnement-des-mutations-economiques\/activite-partielle\" target=\"_blank\" rel=\"external noopener noreferrer\">Teilaktivit\u00e4t<\/a>\u00a0und Nutzen von\u00a0<a title=\"FNE-Formation (neues Fenster)\" href=\"https:\/\/travail-emploi.gouv.fr\/emploi\/accompagnement-des-mutations-economiques\/appui-aux-mutations-economiques\/article\/conventions-de-fne-formation\" target=\"_blank\" rel=\"external noopener noreferrer\">FNE-Training<\/a>\u00a0anstelle von Teilaktivit\u00e4ten, um bei anhaltendem Aktivit\u00e4tsr\u00fcckgang in die F\u00e4higkeiten der Mitarbeiter zu investieren.<\/p>\n<p><strong>Das Arbeitsministerium gibt Unternehmen 30 Tage <\/strong><strong>ihre Teilaktivit\u00e4t r\u00fcckwirkend zu erkl\u00e4ren<\/strong><\/p>\n<p><strong>Daher wird in den n\u00e4chsten Tagen ein Dekret zur Reform des Teilaktivit\u00e4tssystems erlassen, um 100% der von Unternehmen an Arbeitnehmer gezahlten Verg\u00fctung innerhalb der Grenze von 4,5 SMIC abzudecken<\/strong>.<\/p>\n\t<p>Wir bitten Sie, am Ende der Seite die zu finden <strong>Pressemitteilung des Arbeitsministeriums<\/strong>\u00a0insbesondere in Bezug auf die\u00a0<strong>Telearbeit<\/strong>, das\u00a0<strong>Distanzierungsregeln<\/strong>\u00a0und die Verwendung von\u00a0<strong>Teilaktivit\u00e4t<\/strong>.<\/p>\n<strong>Wir bitten unsere Mitglieder, darauf zu achten <a href=\"https:\/\/travail-emploi.gouv.fr\/emploi\/accompagnement-des-mutations-economiques\/activite-partielle\"><em>finanzielle Unterst\u00fctzungsbedingungen<\/em><\/a><br \/>\nTeilarbeitslosigkeit und technische Arbeitslosigkeit.<\/strong>\n<p><strong><a href=\"https:\/\/www.reseau-mesure.com\/wp-content\/uploads\/2020\/03\/COVID-19-_Employeurs-\u00eates-vous-\u00e9ligible-\u00e0-lactivit\u00e9-partielle_.pdf\">Ist mein Unternehmen berechtigt?<\/a><\/strong><\/p>\n<table width=\"837\">\n<tbody>\n<tr>\n<td><strong>Die mit dem Coronavirus verbundene Epidemiekrise - Covid-19 -\u00a0<\/strong>kann dazu f\u00fchren, dass die Aktivit\u00e4t eines Unternehmens abnimmt. Angesichts dieser Situation k\u00f6nnte sie in Betracht ziehen, auf Teilaktivit\u00e4ten zur\u00fcckzugreifen.<br \/>\n<strong>Mehr wissen<\/strong>,\u00a0<a href=\"https:\/\/travail-emploi.gouv.fr\/actualites\/l-actualite-du-ministere\/article\/coronavirus-questions-reponses-pour-les-entreprises-et-les-salaries\">Konsultieren Sie die Fragen und Antworten f\u00fcr Unternehmen und Mitarbeiter<\/a>.<\/td>\n<\/tr>\n<\/tbody>\n<\/table>\n<p>Schlie\u00dfen Sie Ihre Prozeduren direkt online im Portal ab\u00a0<a href=\"https:\/\/activitepartielle.emploi.gouv.fr\/\">https:\/\/activitepartielle.emploi.gouv.fr<\/a>.<\/p>\n<p><strong>Teilaktivit\u00e4ten stehen jedem Unternehmen ohne besondere Einschr\u00e4nkungen offen<\/strong>unabh\u00e4ngig von ihrem T\u00e4tigkeitsbereich. Es besteht keine Bedingung f\u00fcr die Zahlung einer finanziellen Entsch\u00e4digung, sobald der Antrag auf Vermittlung von Mitarbeitern in Teilt\u00e4tigkeiten von der Verwaltung angenommen wurde.<\/p>\n<p>Anfragen m\u00fcssen auf dem entsprechenden Portal eingereicht werden (<a href=\"https:\/\/activitepartielle.emploi.gouv.fr\/aparts\/\">https:\/\/activitepartielle.emploi.gouv.fr\/aparts\/<\/a>) vor der tats\u00e4chlichen Vermittlung von Arbeitnehmern in Teilbesch\u00e4ftigung. Wenn es unm\u00f6glich ist, den Antrag vorwegzunehmen, werden die Arbeitgeber aufgefordert, ihn innerhalb einer angemessenen Frist nach Beginn des beantragten Zeitraums einzureichen. Es wurden Anweisungen gegeben, Anfragen im Zusammenhang mit Covid-19 vorrangig zu behandeln, um die effektive Untersuchungszeit erheblich zu verk\u00fcrzen.<\/p>\n<p>Um den Auswirkungen der Coronavirus-Epidemie auf die Wirtschaftst\u00e4tigkeit Rechnung zu tragen, wird gem\u00e4\u00df den Ank\u00fcndigungen des Pr\u00e4sidenten der Republik G\u00e9rald Darmanin er\u00f6ffnet\u00a0<strong>die M\u00f6glichkeit, die Zahlung der am 5. April 2020 f\u00e4lligen Sozialbeitr\u00e4ge aufzuschieben<\/strong>\u00a0und Ank\u00fcndigung\u00a0<strong>beschleunigte Erstattung von Steuergutschriften<\/strong>\u00a0<strong>auf im Jahr 2020 r\u00fcckzahlbare Unternehmen und Mehrwertsteuergutschriften.<\/strong><\/p>\n<p>Du wirst finden\u00a0<a href=\"http:\/\/email.mailgun2.assoconnect.com\/c\/eJwlUMtuxCAM_JrkFgQGEjjksN1kT-2lP1BRYrJIiVkFov5-aSr5oRnbo5GX0QdrHbZxBA6cS5BCCsMVE8zoN6GsBW5ATkaYRvHdxW09CZjLOflEhL4wn_b2OYbvQXpYlHTouee9AlNlgheaq0Fx327js5RXbuStgUeNPRKGyJ4pl0grc-d6HvgnVme3C3x9XCsVHzXviQrSOdN7XAkrMaUf2pJbGvmItUx8nvthkLdu0r3plJCys7q_d_ouBhDw0LPuG-hD3JDcjvXC2kpo4N1VP5FCOjzuSOUiFsxX3zFXN5m9ltAeIy5n2FKp36gcurP7H_85_wUv6GT1\">\u00fcber diesen Link die Pressemitteilung<\/a>\u00a0von G\u00e9rald Darmanin vom 22.03., der eine Verst\u00e4rkung der Ma\u00dfnahmen zur Unterst\u00fctzung von Unternehmen ank\u00fcndigt.<\/p>\n<p>&nbsp;<\/p>\n<p><strong>URSSAF<\/strong><\/p>\n<ul>\n<li>F\u00fcr Ihre sozialen Daten: URSSAF-Link: <a href=\"https:\/\/www.urssaf.fr\/portail\/home\/actualites\/autres-actualites\/epidemie-de-coronavirus.html\">https:\/\/www.urssaf.fr\/portail\/home\/actualites\/autres-actualites\/epidemie-de-coronavirus.html<\/a> ,<\/li>\n<li>F\u00fcr Ihre Steuerfristen: DGFIP-Link: <a href=\"https:\/\/www.impots.gouv.fr\/portail\/professionnel\/ccsf-et-codeficiri\">https:\/\/www.impots.gouv.fr\/portail\/professionnel\/ccsf-et-codeficiri<\/a> ,<\/li>\n<li>Oder durch vereinfachte Form: <a href=\"https:\/\/www.impots.gouv.fr\/portail\/node\/9751\">https: \/\/www.impots.gouv.fr\/portail\/node\/9751<\/a><\/li>\n<\/ul>\n<h3>Bitte beachten Sie: Sozialversicherungs- und Steuerstundungen erfolgen automatisch, sind jedoch NICHT AUTOMATISCH. Sie m\u00fcssen sie bei URSSAF und DGFIP anfordern.<\/h3>\n<h2>Ma\u00dfnahmen in Bezug auf den Cashflow:<\/h2>\n<p><img loading=\"lazy\" decoding=\"async\" src=\"https:\/\/www.reseau-mesure.com\/wp-content\/uploads\/2020\/03\/CIR-CORONAVIRUS.png\" alt=\"mesures de soutien tr\u00e9sorerie au 26 03 2020\" width=\"562\" height=\"294\" \/><\/p>\n<h2>Die Forschungssteuergutschrift:<\/h2>\n<p><img loading=\"lazy\" decoding=\"async\" src=\"https:\/\/www.reseau-mesure.com\/wp-content\/uploads\/2020\/03\/CIR-CORONAVIRUS.png\" alt=\"CIR - CORONAVIRUS\" width=\"609\" height=\"320\" \/><\/p>\n<h3>Dein Kontakt :<\/h3>\n<p><img loading=\"lazy\" decoding=\"async\" src=\"https:\/\/www.reseau-mesure.com\/wp-content\/uploads\/2020\/03\/CONTACT-fi-Group-Corona-virus.png\" alt=\"CONTACT fi Group Corona virus\" width=\"432\" height=\"238\" \/><\/p>\n<h3><\/h3>\n<h3>Die Partner des Messnetzwerks sind alle mobilisiert, um Sie in dieser Zeit zu unterst\u00fctzen.<\/h3>\n<p>hier ist ein <strong><a href=\"https:\/\/www.reseau-mesure.com\/wp-content\/uploads\/2020\/03\/ASSURANCE-ET-CORONAVIRUS.docx\"><em>Hinweis<\/em> der Synthese<\/a> <\/strong>um Ihre Fragen zu den Garantien zu beantworten, die in Bezug auf mobilisiert werden k\u00f6nnen<strong>Versicherung<\/strong> . Es ist nicht dazu gedacht, alle Fragen zu beantworten, und ber\u00fccksichtigt nicht die Besonderheiten bestimmter Klauseln, die in Ihre Vertr\u00e4ge aufgenommen worden sein k\u00f6nnten, aber es erm\u00f6glicht Ihnen, ein wenig klarer zu sehen, insbesondere zu Themen wie Nachfrage F\u00fcr viele Versicherungsnehmer ist es verst\u00e4ndlich, dass sie durch die PE-Garantie keine Umsatzunterst\u00fctzung erhalten. Alle Unternehmen haben die gleiche Definition von PE, und selbst wenn manchmal der Begriff des Verwaltungsverbots nach einer ansteckenden Krankheit auftaucht, wird der allgemeine Charakter in Bezug auf den Ausschluss erw\u00e4hnt. Welches ist der Fall bei dieser Pandemie.<\/p>\n<p>Im Laufe der Zeit passen Versicherungen Garantien f\u00fcr laufende Vertr\u00e4ge, insbesondere im Bereich VORHERIGE \/ GESUNDHEIT, sowie f\u00fcr Schadensgarantien aufgrund von Telearbeit oder l\u00e4ngerer Betriebsschlie\u00dfungen an.<\/p>\n<p>CARPRASSUR Kontakt: Didier Raux: didierraux@carprassur.fr<\/p>\n<h3><\/h3>\n<h3><\/h3>\n<h3><strong>Notieren :<\/strong><\/h3>\n<p><strong><em><u>Listen verschiedener Dienste<\/u><\/em><\/strong><em>\u00a0:<\/em><\/p>\n<p>&nbsp;<\/p>\n<p><u>Die Steuerdienstleistungen der Unternehmen, von denen Ihre Niederlassung abh\u00e4ngt<\/u>\u00a0:<\/p>\n<p>(siehe Liste: <a href=\"https:\/\/lannuaire.service-public.fr\/navigation\/sie\">https:\/\/lannuaire.service-public.fr\/navigation\/sie<\/a>)<\/p>\n<p>&nbsp;<\/p>\n<p><u>Einzigartige Schiedsrichter:<\/u><\/p>\n<p>- DIREKT aus deiner Region<\/p>\n<p>- Handwerkskammer<\/p>\n<p>-         Industrie und Handelskammer<\/p>\n<p>&nbsp;<\/p>\n<p>Sie k\u00f6nnen sich an den einzelnen DIRECCTE-Ansprechpartner in Ihrer Region wenden, der Ihnen unter folgender Adresse angegeben ist: <a href=\"https:\/\/www.economie.gouv.fr\/coronavirus-soutien-entreprises\">https:\/\/www.economie.gouv.fr\/coronavirus-soutien-entreprises<\/a><\/p>\n<p>&nbsp;<\/p>\n<p>Bei weiteren Fragen zu dem System, das angesichts der Covid-19-Epidemie implementiert wurde, k\u00f6nnen Sie sich an die in der DGE eingerichtete Einheit wenden: <strong><a href=\"mailto:covid.dge@finances.gouv.fr\">covid.dge@finances.gouv.fr<\/a><\/strong><\/p>\n<p>&nbsp;<\/p>\n<p><strong>CCI Frankreich<\/strong>\u00a0 - entreprises-coronavirus@ccifrance.fr - 01 70 96 14 15<\/p>\n<p>EIN <u><strong>Regionalorganisation &quot;CCI URGENCE ENTREPRISE&quot; ist aktiviert<\/strong>\u00a0<\/u>(<em>Nummer nicht aufgeladen <strong>01 55 65 44 44)<\/strong><\/em> die auf regionale Telefonplattformen und Mitarbeiter auf der Ebene jeder Abteilung angewiesen ist. Insgesamt beantworten seit Montag, 16. M\u00e4rz, mehr als 20 Personen pro IHK alle Fragen der Unternehmen, leiten diese und \u00fcbernehmen die individuelle Betreuung und Begleitung im Prozess.<\/p>\n<p>Die aktualisierten Kontaktdaten finden Sie auf der CCI- und CMA-Website: <a href=\"https:\/\/www.cci.fr\/coronavirus-entreprise#carteCCI\">https:\/\/www.cci.fr\/coronavirus-entreprise#carteCCI <\/a><a href=\"http:\/\/covidcma.artisanat.fr\/#\/\">http:\/\/covidcma.artisanat.fr\/#\/<\/a><\/p>\n<p>&nbsp;<\/p>\n<p><u>URSSAF<\/u> (telefonisch unter 3957)<\/p>\n<p>&nbsp;<\/p>\n<h4><em><strong>Telearbeit einrichten:<\/strong><\/em><\/h4>\n<p>Das <a href=\"https:\/\/travail-emploi.gouv.fr\/droit-du-travail\/la-vie-du-contrat-de-travail\/article\/teletravail-mode-d-emploi\">Telearbeit<\/a> kann implementiert werden, wenn die Anpassung des Arbeitsplatzes erforderlich ist, um die Kontinuit\u00e4t der T\u00e4tigkeit des Unternehmens zu gew\u00e4hrleisten und den Schutz der Mitarbeiter zu gew\u00e4hrleisten.<\/p>\n<p>In Artikel L. 1222-11 des Arbeitsgesetzbuchs wird das Seuchenrisiko als Rechtfertigung f\u00fcr den R\u00fcckgriff auf Telearbeit ohne Zustimmung des Arbeitnehmers erw\u00e4hnt.<\/p>\n<p><u>Die Umsetzung der Telearbeit in diesem Zusammenhang erfordert keinen besonderen Formalismus.<\/u><\/p>\n<p>Sie finden alle Informationen auf der Website:<\/p>\n<p><a href=\"https:\/\/travail-emploi.gouv.fr\/actualites\/l-actualite-du-ministere\/article\/coronavirus-questions-reponses-pour-les-entreprises-et-les-salaries\">https:\/\/travail-emploi.gouv.fr\/actualites\/l-actualite-du-ministere\/article\/coronavirus-questions-reponses-pour-les-entreprises-et-les-salaries<\/a><\/p>\n<p>&nbsp;<\/p>\n<h4><em><strong>Erhalt oder Aufrechterhaltung eines Bankdarlehens \u00fcber Bpifrance (Garant f\u00fcr Gelddarlehen im Bedarfsfall):<\/strong><\/em><\/h4>\n<ul>\n<li>BPI-Regionaldirektionen: <a href=\"https:\/\/bpifrance-creation.fr\/entrepreneur\/actualites\/aides-entreprises-impactees-coronavirus-covid-19?\">https: \/\/bpifrance-creation.fr\/entrepreneur\/actualites\/aides-entreprises-impactees-coronavirus-covid-19?<\/a><\/li>\n<\/ul>\n<p>Bpifrance hat eine Reihe von Ma\u00dfnahmen umgesetzt:<\/p>\n<p>In Bezug auf die Garantie:<\/p>\n<ul>\n<li>Erh\u00f6hung der Bankgarantien auf 90 %;<\/li>\n<li>Garantie von 90 % auf \u00dcberziehungskredite, die von Banken zwischen 12 und 18 Monaten best\u00e4tigt wurden.<\/li>\n<\/ul>\n<p>Und direkte Bargeldunterst\u00fctzung:<\/p>\n<ul>\n<li>Gew\u00e4hrung von unbesicherten Darlehen \u00fcber einen Zeitraum von 3 bis 5 Jahren von 10 KEUR bis 5 MEUR f\u00fcr KMU und ETI und bis zu mehreren zehn MEUR f\u00fcr ETI mit einer erheblichen aufgeschobenen R\u00fcckzahlung;<\/li>\n<li>Barguthaben von 30 % f\u00fcr kurzfristige Kunden (Mobilisierung von Rechnungen);<\/li>\n<li>Aussetzung aller von Bpifrance gew\u00e4hrten Darlehen ab dem 16. M\u00e4rz.<\/li>\n<\/ul>\n<h4><\/h4>\n<h4><em><strong>Ein Plan zur Schuldenverteilung (je nach Fall) mit Unterst\u00fctzung des Staates und der Banque de France:<\/strong><\/em><\/h4>\n<p>Kreditvermittlungsseite: <a href=\"https:\/\/mediateur-credit.banque-france.fr\/\">https:\/\/mediateur-credit.banque-france.fr\/<\/a><\/p>\n<h4>Seit letzter Woche haben die Banken ihre vollst\u00e4ndige Mobilisierung zum Ausdruck gebracht, um ihre Kunden, insbesondere H\u00e4ndler, Fachleute, kleine und mittlere Unternehmen, zu unterst\u00fctzen, die aufgrund der Entwicklung der m\u00f6glichen Coronavirus-Epidemie auf Schwierigkeiten sto\u00dfen k\u00f6nnten vor\u00fcbergehend ihre Aktivit\u00e4t beeinflussen. Franz\u00f6sische Banken werden in dieser au\u00dfergew\u00f6hnlichen Zeit an ihrer Seite sein, um sie zu unterst\u00fctzen.<br \/>\nDie Banken werden die individuellen Situationen ihrer H\u00e4ndler, professionellen, kleinen und mittleren Gesch\u00e4ftskunden, die in den am unmittelbarsten exponierten Gesch\u00e4ftsbereichen betroffen sind, mit besonderer Aufmerksamkeit untersuchen und insbesondere nach L\u00f6sungen suchen, die f\u00fcr den kurzfristigen Finanzierungsbedarf am besten geeignet sind.<\/h4>\n<p><a href=\"https:\/\/www.reseau-mesure.com\/wp-content\/uploads\/2020\/03\/7-CP-FBF-15-mars-2020-Coronavirus-mobilisation-totale-des-banques-fran\u00e7aises.pdf\">Finde mehr heraus\u2026.<\/a><\/p>\n<p>&nbsp;<\/p>\n<h4><strong><em>Unterst\u00fctzung bei der Bew\u00e4ltigung eines Konflikts mit Kunden oder Lieferanten:<\/em><\/strong><\/h4>\n<ul>\n<li>Wenden Sie sich an den Business Mediator: <a href=\"https:\/\/www.mieist.bercy.gouv.fr\/\">https:\/\/www.mieist.bercy.gouv.fr\/<\/a><\/li>\n<li>Schreiben Sie an den Business Mediator: <a href=\"https:\/\/www.economie.gouv.fr\/mediateur-des-entreprises\/contactez-mediateur-des-entreprises\">https:\/\/www.economie.gouv.fr\/mediateur-des-entreprises\/contactez-mediateur-des-entreprises<\/a><\/li>\n<\/ul>\n<p>In Bezug auf \u00f6ffentliche Auftr\u00e4ge erinnern wir Sie daran, dass der Staat das Coronavirus als einen Fall h\u00f6herer Gewalt f\u00fcr seine \u00f6ffentlichen Auftr\u00e4ge anerkannt hat. Daher kann keine Strafe f\u00fcr versp\u00e4tete Zahlung verh\u00e4ngt werden.<\/p>\n<p>In Bezug auf \u00f6ffentliche Auftr\u00e4ge f\u00fcr Kommunalbeh\u00f6rden empfahl Minister Bruno Le Maire, dass Strafen f\u00fcr versp\u00e4tete Zahlungen f\u00fcr Unternehmen nicht gelten, die Entscheidung jedoch bei jeder Kommunalbeh\u00f6rde liegt.<\/p>\n<p>Alle diese Informationen sind auf der Website des Arbeitsministeriums verf\u00fcgbar: <a href=\"https:\/\/travail-emploi.gouv.fr\/actualites\/l-actualite-du-ministere\/coronavirus-questions-reponses-entreprises-salaries\">https:\/\/travail-emploi.gouv.fr\/actualites\/l-actualite-du-ministere\/coronavirus-questions-reponses-entreprises-salaries<\/a><\/p>\n<p>&nbsp;<\/p>\n<h4><\/h4>\n<h4><em><strong>Die Schule meines Kindes unter 16 Jahren ist geschlossen. Welche Schritte sollte ich befolgen?<\/strong><\/em><\/h4>\n<ul>\n<li>Mitarbeiter, entsch\u00e4digte Arbeitsunterbrechung: <a href=\"https:\/\/www.ameli.fr\/\">https:\/\/www.ameli.fr<\/a> oder <a href=\"https:\/\/declare.ameli.fr\/\">https:\/\/declare.ameli.fr<\/a>,<\/li>\n<li><strong>Selbst\u00e4ndiger oder landwirtschaftlicher Betreiber: <\/strong><a href=\"https:\/\/declare.ameli.fr\/\">https:\/\/declare.ameli.fr<\/a>,<\/li>\n<li>Welchen Beweis zu erbringen: <a href=\"https:\/\/travail-emploi.gouv.fr\/IMG\/pdf\/covid-19-attestation-garde-enfant.pdf\">Ein Zertifikat<\/a>,<\/li>\n<li><strong>Arbeitnehmerentsch\u00e4digungsanspr\u00fcche: <\/strong><a href=\"https:\/\/www.legifrance.gouv.fr\/affichTexte.do?cidTexte=JORFTEXT000041513432&amp;categorieLien=id\">Dekret Nr. 2020-73 vom 31. Januar 2020<\/a>,<\/li>\n<li>Zus\u00e4tzliche konventionelle oder rechtliche Entsch\u00e4digung: <a href=\"https:\/\/www.legifrance.gouv.fr\/affichTexte.do?cidTexte=JORFTEXT000041686873&amp;categorieLien=id\">Dekret Nr. 2020-193 vom 4. M\u00e4rz 2020<\/a>,<\/li>\n<\/ul>\n<h4><\/h4>\n<h4><em><strong>Allgemeine und hygienische Informationen:<\/strong><\/em><\/h4>\n<p><a href=\"https:\/\/www.gouvernement.fr\/info-coronavirus\">Fragen \/ Antworten der Regierung zu COVID-19<\/a><\/p>\n<p><a href=\"https:\/\/solidarites-sante.gouv.fr\/actualites\/presse\/communiques-de-presse\/article\/communique-covid-19-rester-chez-soi-pour-freiner-la-propagation-de-l-epidemie\">Update zum aktuellen Stand in Frankreich \u00fcber die Website des Gesundheitsministeriums<\/a>\u00a0ebenso gut wie <a href=\"https:\/\/solidarites-sante.gouv.fr\/actualites\/presse\/communiques-de-presse\/\">seine Nachrichten und Empfehlungen<\/a><\/p>\n<p><a href=\"https:\/\/twitter.com\/MinSoliSante\/status\/1239457647268630530\">Das <strong>bew\u00e4hrte Praktiken zu \u00fcbernehmen<\/strong> um die Verbreitung des Virus zu verhindern<\/a> und <a href=\"https:\/\/twitter.com\/MinSoliSante\/status\/1239521797952786434\"><strong>wissen, wie man Symptome erkennt<\/strong> Falls ben\u00f6tigt<\/a><\/p>\n<p><a href=\"https:\/\/www.reseau-mesure.com\/wp-content\/uploads\/2020\/03\/CP-declare-ameli-personnes-a-risque_VDEF-1.pdf\">Covid-19: Die Krankenversicherung erweitert den Teleservice declare.ameli.fr auf Personen mit hohem Risiko<\/a><\/p>\n<p>Verweise :<\/p>\n<p><a href=\"https:\/\/travail-emploi.gouv.fr\/IMG\/pdf\/covid19_obligations_employeur.pdf\">https:\/\/travail-emploi.gouv.fr\/IMG\/pdf\/covid19_obligations_employeur.pdf<\/a><\/p>\n<p><a href=\"https:\/\/travail-emploi.gouv.fr\/actualites\/l-actualite-du-ministere\/article\/coronavirus-questions-reponses-pour-les-entreprises-et-les-salaries\">https:\/\/travail-emploi.gouv.fr\/actualites\/l-actualite-du-ministere\/article\/coronavirus-questions-reponses-pour-les-entreprises-et-les-salaries<\/a><\/p>\n<p><a href=\"https:\/\/travail-emploi.gouv.fr\/actualites\/l-actualite-du-ministere\/article\/coronavirus-covid-19-fiches-conseils-metiers-pour-les-salaries-et-les\">https:\/\/travail-emploi.gouv.fr\/actualites\/l-actualite-du-ministere\/article\/coronavirus-covid-19-fiches-conseils-metiers-pour-les-salaries-et-les<\/a><\/p>\n<p>\u00dcber das einfache Verwaltungsdokument hinaus geht es darum, das zu aktualisieren, zu erg\u00e4nzen und zum Leben zu erwecken \/ anzuwenden <strong>DUERP, Einzeldokument zur Bewertung von Berufsrisiken, wenn m\u00f6glich<\/strong>ab April 2020.<\/p>\n<p>Daf\u00fcr :<\/p>\n<ul>\n<li>Sie k\u00f6nnen die \u00c4nderungen selbst vornehmen oder sie einem qualifizierten Mitarbeiter f \/ h anvertrauen<\/li>\n<li>Sie k\u00f6nnen Ihren \u00fcblichen Dienstanbieter fragen<\/li>\n<li><strong>Beachten Sie, dass die GEYVO QSE-Manager einbeziehen kann, die den Mitgliedsunternehmen des Messnetzwerks zur Verf\u00fcgung gestellt werden - 01 88 26 01 78 - <a href=\"mailto:contact@geyvo.fr\">contact@geyvo.fr <\/a>&#8211; <a href=\"http:\/\/www.geyvo.fr\">www.geyvo.fr <\/a><\/strong><\/li>\n<\/ul>\nIm Zusammenhang mit der Coronavirus-Epidemie hat die Europ\u00e4ische Kommission folgende Dokumente ver\u00f6ffentlicht:<br \/>\n1) <a href=\"https:\/\/ec.europa.eu\/docsroom\/documents\/40521\">Konformit\u00e4tsbewertungsverfahren f\u00fcr PSA (Masken usw.)<\/a><br \/>\n2) <a href=\"https:\/\/ec.europa.eu\/docsroom\/documents\/40523\">Leitfaden zu den geltenden Rechtsvorschriften f\u00fcr Handreiniger und Desinfektionsmittel (Gel, L\u00f6sung usw.)<\/a><br \/>\n3) <a href=\"https:\/\/ec.europa.eu\/docsroom\/documents\/40522\">Konformit\u00e4tsbewertungsverfahren f\u00fcr 3D-Druck und 3D-gedruckte Produkte zur Verwendung in einem medizinischen Umfeld f\u00fcr COVID-19<\/a><br \/>\nZiel ist es, Herstellern dabei zu helfen, die Produktion dieser wichtigen medizinischen Ger\u00e4te und Materialien zu beschleunigen.<br \/>\nDiese Dokumente zielen auch darauf ab <strong>helfen Herstellern und Markt\u00fcberwachungsbeh\u00f6rden, sicherzustellen, dass diese Produkte die erforderlichen Sicherheitsstandards erf\u00fcllen und wirksam sind.<\/strong><br \/>\nIn den kommenden Tagen wird auch ein Leitfaden zu Medizinprodukten zur Verf\u00fcgung gestellt.\n\t\t\t<a href=\"https:\/\/www.reseau-mesure.com\/wp-content\/uploads\/2020\/03\/1-Mode-Op\u00e9ratoire-Entreprise_Aides-Dispositifs_Covid-19.pdf\" target=\"_self\" role=\"button\" rel=\"noopener noreferrer\">\n\t\t\t\t\t\t\t17.03.20 Betriebsmodus: Hilfsmittel und Ger\u00e4te f\u00fcr Unternehmen im Kontext der Covid-Epidemie - 19\n\t\t\t\t\t<\/a>\n\t\t\t<a href=\"https:\/\/www.reseau-mesure.com\/wp-content\/uploads\/2020\/03\/UIMM_Covid19_et_Conjoncture-002.pdf\" target=\"_self\" role=\"button\" rel=\"noopener noreferrer\">\n\t\t\t\t\t\t\tUIMM Covid19 und Conjoncture in 6 Graphen\n\t\t\t\t\t<\/a>\n\t\t\t<a href=\"https:\/\/www.reseau-mesure.com\/wp-content\/uploads\/2020\/03\/Vademecum_190320_Medef.pdf\" target=\"_self\" role=\"button\" rel=\"noopener noreferrer\">\n\t\t\t\t\t\t\tVademecum 190320 Medef\n\t\t\t\t\t<\/a>\n\t\t\t<a href=\"https:\/\/www.reseau-mesure.com\/wp-content\/uploads\/2020\/03\/CP-CORONAVIRUS-ET-MONDE-DU-TRAVAIL_15032020-2.pdf\" target=\"_self\" role=\"button\" rel=\"noopener noreferrer\">\n\t\t\t\t\t\t\tPressemitteilung Arbeitsministerium 15. M\u00e4rz 2020\n\t\t\t\t\t<\/a>\n\t\t\t<a href=\"https:\/\/www.reseau-mesure.com\/wp-content\/uploads\/2020\/03\/20009-urssaf_1584274343.pdf\" target=\"_self\" role=\"button\" rel=\"noopener noreferrer\">\n\t\t\t\t\t\t\tURSSAF-Pressemitteilung vom 13. M\u00e4rz 2020\n\t\t\t\t\t<\/a>\n\t\t\t<a href=\"https:\/\/www.reseau-mesure.com\/wp-content\/uploads\/2020\/03\/Les-tribunaux-de-commerce-une-protection-pour-les-entreprises.pdf\" target=\"_self\" role=\"button\" rel=\"noopener noreferrer\">\n\t\t\t\t\t\t\tPressemitteilung Handelsgerichte 11. M\u00e4rz 2020\n\t\t\t\t\t<\/a>\n\t\t\t<a href=\"https:\/\/www.reseau-mesure.com\/de\/ressources-documentaires\/\" target=\"_self\" role=\"button\" rel=\"noopener noreferrer\">\n\t\t\t\t\t\t\tZur\u00fcck zu den Dokumentationsressourcen\n\t\t\t\t\t<\/a>","protected":false},"excerpt":{"rendered":"<p>Unterst\u00fctzungsma\u00dfnahmen im Zusammenhang mit COVID-19 Coronavirus: Fragen \/ Antworten f\u00fcr Unternehmen und Mitarbeiter Nationales Dekonfinierungsprotokoll Das Arbeitsministerium hat das \u201eDekonfinierungsprotokoll\u201c ver\u00f6ffentlicht, das alle Unternehmen online einhalten m\u00fcssen. Zugriff auf das Protokoll Es definiert die Regeln und Ma\u00dfnahmen, die f\u00fcr alle Unternehmen und Verb\u00e4nde empfohlen werden, um ...<\/p>","protected":false},"author":685,"featured_media":0,"parent":0,"menu_order":0,"comment_status":"closed","ping_status":"closed","template":"","meta":{"_acf_changed":false,"footnotes":""},"class_list":["post-9948","page","type-page","status-publish","hentry"],"acf":[],"yoast_head":"<!-- This site is optimized with the Yoast SEO plugin v27.5 - https:\/\/yoast.com\/product\/yoast-seo-wordpress\/ -->\n<title>Mesures exceptionnelles li\u00e9es au COVID 19 - R\u00e9seau Mesure<\/title>\n<meta name=\"description\" content=\"L&#039;accompagnement du dirigeant est une mission prioritaire du R\u00e9seau Mesure. La solitude du chef d&#039;entreprise n&#039;est plus un probl\u00e8me.\" \/>\n<meta name=\"robots\" content=\"index, follow, max-snippet:-1, max-image-preview:large, max-video-preview:-1\" \/>\n<link rel=\"canonical\" href=\"https:\/\/www.reseau-mesure.com\/de\/ressources-documentaires-accompagnement-covid-19\/\" \/>\n<meta property=\"og:locale\" content=\"de_DE\" \/>\n<meta property=\"og:type\" content=\"article\" \/>\n<meta property=\"og:title\" content=\"Mesures exceptionnelles li\u00e9es au COVID 19 - R\u00e9seau Mesure\" \/>\n<meta property=\"og:description\" content=\"L&#039;accompagnement du dirigeant est une mission prioritaire du R\u00e9seau Mesure. La solitude du chef d&#039;entreprise n&#039;est plus un probl\u00e8me.\" \/>\n<meta property=\"og:url\" content=\"https:\/\/www.reseau-mesure.com\/de\/ressources-documentaires-accompagnement-covid-19\/\" \/>\n<meta property=\"og:site_name\" content=\"R\u00e9seau Mesure\" \/>\n<meta property=\"article:publisher\" content=\"https:\/\/www.facebook.com\/reseaumesure\/\" \/>\n<meta property=\"article:modified_time\" content=\"2020-06-25T11:35:31+00:00\" \/>\n<meta property=\"og:image\" content=\"https:\/\/www.interieur.gouv.fr\/extension\/ow_miomcti_designs\/design\/miomcti_public\/images\/common\/external_link.png\" \/>\n<meta name=\"twitter:card\" content=\"summary_large_image\" \/>\n<meta name=\"twitter:site\" content=\"@ReseauMesure\" \/>\n<meta name=\"twitter:label1\" content=\"Gesch\u00e4tzte Lesezeit\" \/>\n\t<meta name=\"twitter:data1\" content=\"27\u00a0Minuten\" \/>\n<script type=\"application\/ld+json\" class=\"yoast-schema-graph\">{\"@context\":\"https:\\\/\\\/schema.org\",\"@graph\":[{\"@type\":\"WebPage\",\"@id\":\"https:\\\/\\\/www.reseau-mesure.com\\\/ressources-documentaires-accompagnement-covid-19\\\/\",\"url\":\"https:\\\/\\\/www.reseau-mesure.com\\\/ressources-documentaires-accompagnement-covid-19\\\/\",\"name\":\"Mesures exceptionnelles li\u00e9es au COVID 19 - R\u00e9seau Mesure\",\"isPartOf\":{\"@id\":\"https:\\\/\\\/www.reseau-mesure.com\\\/#website\"},\"primaryImageOfPage\":{\"@id\":\"https:\\\/\\\/www.reseau-mesure.com\\\/ressources-documentaires-accompagnement-covid-19\\\/#primaryimage\"},\"image\":{\"@id\":\"https:\\\/\\\/www.reseau-mesure.com\\\/ressources-documentaires-accompagnement-covid-19\\\/#primaryimage\"},\"thumbnailUrl\":\"https:\\\/\\\/www.interieur.gouv.fr\\\/extension\\\/ow_miomcti_designs\\\/design\\\/miomcti_public\\\/images\\\/common\\\/external_link.png\",\"datePublished\":\"2020-03-16T16:34:13+00:00\",\"dateModified\":\"2020-06-25T11:35:31+00:00\",\"description\":\"L'accompagnement du dirigeant est une mission prioritaire du R\u00e9seau Mesure. La solitude du chef d'entreprise n'est plus un probl\u00e8me.\",\"breadcrumb\":{\"@id\":\"https:\\\/\\\/www.reseau-mesure.com\\\/ressources-documentaires-accompagnement-covid-19\\\/#breadcrumb\"},\"inLanguage\":\"de\",\"potentialAction\":[{\"@type\":\"ReadAction\",\"target\":[\"https:\\\/\\\/www.reseau-mesure.com\\\/ressources-documentaires-accompagnement-covid-19\\\/\"]}]},{\"@type\":\"ImageObject\",\"inLanguage\":\"de\",\"@id\":\"https:\\\/\\\/www.reseau-mesure.com\\\/ressources-documentaires-accompagnement-covid-19\\\/#primaryimage\",\"url\":\"https:\\\/\\\/www.interieur.gouv.fr\\\/extension\\\/ow_miomcti_designs\\\/design\\\/miomcti_public\\\/images\\\/common\\\/external_link.png\",\"contentUrl\":\"https:\\\/\\\/www.interieur.gouv.fr\\\/extension\\\/ow_miomcti_designs\\\/design\\\/miomcti_public\\\/images\\\/common\\\/external_link.png\"},{\"@type\":\"BreadcrumbList\",\"@id\":\"https:\\\/\\\/www.reseau-mesure.com\\\/ressources-documentaires-accompagnement-covid-19\\\/#breadcrumb\",\"itemListElement\":[{\"@type\":\"ListItem\",\"position\":1,\"name\":\"Accueil\",\"item\":\"https:\\\/\\\/www.reseau-mesure.com\\\/\"},{\"@type\":\"ListItem\",\"position\":2,\"name\":\"Mesures exceptionnelles li\u00e9es au COVID 19\"}]},{\"@type\":\"WebSite\",\"@id\":\"https:\\\/\\\/www.reseau-mesure.com\\\/#website\",\"url\":\"https:\\\/\\\/www.reseau-mesure.com\\\/\",\"name\":\"R\u00e9seau-Mesure\",\"description\":\"R\u00e9seau Mesure\",\"publisher\":{\"@id\":\"https:\\\/\\\/www.reseau-mesure.com\\\/#organization\"},\"potentialAction\":[{\"@type\":\"SearchAction\",\"target\":{\"@type\":\"EntryPoint\",\"urlTemplate\":\"https:\\\/\\\/www.reseau-mesure.com\\\/?s={search_term_string}\"},\"query-input\":{\"@type\":\"PropertyValueSpecification\",\"valueRequired\":true,\"valueName\":\"search_term_string\"}}],\"inLanguage\":\"de\"},{\"@type\":\"Organization\",\"@id\":\"https:\\\/\\\/www.reseau-mesure.com\\\/#organization\",\"name\":\"R\u00e9seau-Mesure\",\"url\":\"https:\\\/\\\/www.reseau-mesure.com\\\/\",\"logo\":{\"@type\":\"ImageObject\",\"inLanguage\":\"de\",\"@id\":\"https:\\\/\\\/www.reseau-mesure.com\\\/#\\\/schema\\\/logo\\\/image\\\/\",\"url\":\"https:\\\/\\\/www.reseau-mesure.com\\\/wp-content\\\/uploads\\\/2018\\\/02\\\/logo-max.png\",\"contentUrl\":\"https:\\\/\\\/www.reseau-mesure.com\\\/wp-content\\\/uploads\\\/2018\\\/02\\\/logo-max.png\",\"width\":545,\"height\":285,\"caption\":\"R\u00e9seau-Mesure\"},\"image\":{\"@id\":\"https:\\\/\\\/www.reseau-mesure.com\\\/#\\\/schema\\\/logo\\\/image\\\/\"},\"sameAs\":[\"https:\\\/\\\/www.facebook.com\\\/reseaumesure\\\/\",\"https:\\\/\\\/x.com\\\/ReseauMesure\",\"https:\\\/\\\/www.linkedin.com\\\/company\\\/reseau-mesure\\\/\"]}]}<\/script>\n<!-- \/ Yoast SEO plugin. -->","yoast_head_json":{"title":"Mesures exceptionnelles li\u00e9es au COVID 19 - R\u00e9seau Mesure","description":"L'accompagnement du dirigeant est une mission prioritaire du R\u00e9seau Mesure. La solitude du chef d'entreprise n'est plus un probl\u00e8me.","robots":{"index":"index","follow":"follow","max-snippet":"max-snippet:-1","max-image-preview":"max-image-preview:large","max-video-preview":"max-video-preview:-1"},"canonical":"https:\/\/www.reseau-mesure.com\/de\/ressources-documentaires-accompagnement-covid-19\/","og_locale":"de_DE","og_type":"article","og_title":"Mesures exceptionnelles li\u00e9es au COVID 19 - R\u00e9seau Mesure","og_description":"L'accompagnement du dirigeant est une mission prioritaire du R\u00e9seau Mesure. La solitude du chef d'entreprise n'est plus un probl\u00e8me.","og_url":"https:\/\/www.reseau-mesure.com\/de\/ressources-documentaires-accompagnement-covid-19\/","og_site_name":"R\u00e9seau Mesure","article_publisher":"https:\/\/www.facebook.com\/reseaumesure\/","article_modified_time":"2020-06-25T11:35:31+00:00","og_image":[{"url":"https:\/\/www.interieur.gouv.fr\/extension\/ow_miomcti_designs\/design\/miomcti_public\/images\/common\/external_link.png","type":"","width":"","height":""}],"twitter_card":"summary_large_image","twitter_site":"@ReseauMesure","twitter_misc":{"Gesch\u00e4tzte Lesezeit":"27\u00a0Minuten"},"schema":{"@context":"https:\/\/schema.org","@graph":[{"@type":"WebPage","@id":"https:\/\/www.reseau-mesure.com\/ressources-documentaires-accompagnement-covid-19\/","url":"https:\/\/www.reseau-mesure.com\/ressources-documentaires-accompagnement-covid-19\/","name":"Mesures exceptionnelles li\u00e9es au COVID 19 - R\u00e9seau Mesure","isPartOf":{"@id":"https:\/\/www.reseau-mesure.com\/#website"},"primaryImageOfPage":{"@id":"https:\/\/www.reseau-mesure.com\/ressources-documentaires-accompagnement-covid-19\/#primaryimage"},"image":{"@id":"https:\/\/www.reseau-mesure.com\/ressources-documentaires-accompagnement-covid-19\/#primaryimage"},"thumbnailUrl":"https:\/\/www.interieur.gouv.fr\/extension\/ow_miomcti_designs\/design\/miomcti_public\/images\/common\/external_link.png","datePublished":"2020-03-16T16:34:13+00:00","dateModified":"2020-06-25T11:35:31+00:00","description":"L'accompagnement du dirigeant est une mission prioritaire du R\u00e9seau Mesure. La solitude du chef d'entreprise n'est plus un probl\u00e8me.","breadcrumb":{"@id":"https:\/\/www.reseau-mesure.com\/ressources-documentaires-accompagnement-covid-19\/#breadcrumb"},"inLanguage":"de","potentialAction":[{"@type":"ReadAction","target":["https:\/\/www.reseau-mesure.com\/ressources-documentaires-accompagnement-covid-19\/"]}]},{"@type":"ImageObject","inLanguage":"de","@id":"https:\/\/www.reseau-mesure.com\/ressources-documentaires-accompagnement-covid-19\/#primaryimage","url":"https:\/\/www.interieur.gouv.fr\/extension\/ow_miomcti_designs\/design\/miomcti_public\/images\/common\/external_link.png","contentUrl":"https:\/\/www.interieur.gouv.fr\/extension\/ow_miomcti_designs\/design\/miomcti_public\/images\/common\/external_link.png"},{"@type":"BreadcrumbList","@id":"https:\/\/www.reseau-mesure.com\/ressources-documentaires-accompagnement-covid-19\/#breadcrumb","itemListElement":[{"@type":"ListItem","position":1,"name":"Accueil","item":"https:\/\/www.reseau-mesure.com\/"},{"@type":"ListItem","position":2,"name":"Mesures exceptionnelles li\u00e9es au COVID 19"}]},{"@type":"WebSite","@id":"https:\/\/www.reseau-mesure.com\/#website","url":"https:\/\/www.reseau-mesure.com\/","name":"Netzwerk-Messung","description":"Netzwerkma\u00dfnahme","publisher":{"@id":"https:\/\/www.reseau-mesure.com\/#organization"},"potentialAction":[{"@type":"SearchAction","target":{"@type":"EntryPoint","urlTemplate":"https:\/\/www.reseau-mesure.com\/?s={search_term_string}"},"query-input":{"@type":"PropertyValueSpecification","valueRequired":true,"valueName":"search_term_string"}}],"inLanguage":"de"},{"@type":"Organization","@id":"https:\/\/www.reseau-mesure.com\/#organization","name":"Netzwerk-Messung","url":"https:\/\/www.reseau-mesure.com\/","logo":{"@type":"ImageObject","inLanguage":"de","@id":"https:\/\/www.reseau-mesure.com\/#\/schema\/logo\/image\/","url":"https:\/\/www.reseau-mesure.com\/wp-content\/uploads\/2018\/02\/logo-max.png","contentUrl":"https:\/\/www.reseau-mesure.com\/wp-content\/uploads\/2018\/02\/logo-max.png","width":545,"height":285,"caption":"R\u00e9seau-Mesure"},"image":{"@id":"https:\/\/www.reseau-mesure.com\/#\/schema\/logo\/image\/"},"sameAs":["https:\/\/www.facebook.com\/reseaumesure\/","https:\/\/x.com\/ReseauMesure","https:\/\/www.linkedin.com\/company\/reseau-mesure\/"]}]}},"_links":{"self":[{"href":"https:\/\/www.reseau-mesure.com\/de\/wp-json\/wp\/v2\/pages\/9948","targetHints":{"allow":["GET"]}}],"collection":[{"href":"https:\/\/www.reseau-mesure.com\/de\/wp-json\/wp\/v2\/pages"}],"about":[{"href":"https:\/\/www.reseau-mesure.com\/de\/wp-json\/wp\/v2\/types\/page"}],"author":[{"embeddable":true,"href":"https:\/\/www.reseau-mesure.com\/de\/wp-json\/wp\/v2\/users\/685"}],"replies":[{"embeddable":true,"href":"https:\/\/www.reseau-mesure.com\/de\/wp-json\/wp\/v2\/comments?post=9948"}],"version-history":[{"count":0,"href":"https:\/\/www.reseau-mesure.com\/de\/wp-json\/wp\/v2\/pages\/9948\/revisions"}],"wp:attachment":[{"href":"https:\/\/www.reseau-mesure.com\/de\/wp-json\/wp\/v2\/media?parent=9948"}],"curies":[{"name":"wp","href":"https:\/\/api.w.org\/{rel}","templated":true}]}}