{"id":10955,"date":"2020-07-27T12:55:32","date_gmt":"2020-07-27T10:55:32","guid":{"rendered":"https:\/\/www.reseau-mesure.com\/?page_id=10955"},"modified":"2020-07-28T16:18:10","modified_gmt":"2020-07-28T14:18:10","slug":"le-reseau-mesure-face-au-covid-claunel-massies","status":"publish","type":"page","link":"https:\/\/www.reseau-mesure.com\/en\/le-reseau-mesure-face-au-covid-claunel-massies\/","title":{"rendered":"The Measurement Network, in the face of Covid 19: Acting Together"},"content":{"rendered":"<h3>\n\t\tThe Measurement Network against COVID 19 \u2013 Masks\n\t<\/h3>\n<h2>\n\t\tBy members For members\n\t<\/h2>\n\t\t\t\t<img decoding=\"async\" src=\"https:\/\/www.reseau-mesure.com\/wp-content\/plugins\/bb-plugin\/img\/pixel.png\" alt=\"\" itemprop=\"image\" onerror=\"this.style.display='none'\"  \/>\n\t\t\t\t<img loading=\"lazy\" decoding=\"async\" src=\"https:\/\/www.reseau-mesure.com\/wp-content\/uploads\/2020\/07\/visuel-masque-banniere-300x120.jpg\" alt=\"Visuel masque Banni\u00e8re\" itemprop=\"image\" height=\"120\" width=\"300\" title=\"visual mask banner\" onerror=\"this.style.display='none'\"  \/>\n\t<h2><strong>Act together: join us!<\/strong><\/h2>\n<p>Message from Claunel Massi\u00e8s, Director of WIKA France and pilot of these working groups.<\/p>\n\n\t<meta itemprop=\"url\" content=\"https:\/\/www.reseau-mesure.com\/wp-content\/uploads\/2020\/07\/Masque_Wika.mp4\" \/><meta itemprop=\"thumbnail\" content=\"\" \/><div style=\"width: 100px;\" class=\"wp-video\"><video muted class=\"wp-video-shortcode\" id=\"video-10955-1\" width=\"100\" height=\"100\" autoplay preload=\"metadata\" controls=\"controls\"><source type=\"video\/mp4\" src=\"https:\/\/www.reseau-mesure.com\/wp-content\/uploads\/2020\/07\/Masque_Wika.mp4?_=1\" \/><a href=\"https:\/\/www.reseau-mesure.com\/wp-content\/uploads\/2020\/07\/Masque_Wika.mp4\">https:\/\/www.reseau-mesure.com\/wp-content\/uploads\/2020\/07\/Masque_Wika.mp4<\/a><\/video><\/div>\n\t<p>&nbsp;<\/p>\n<p>Hello, I am Claunel Massi\u00e8s from WIKA Instruments, and I am contacting you today as vice-president of the Measurement Network.<\/p>\n<p>Apr\u00e8s une phase de sid\u00e9ration, et de tr\u00e8s fortes activit\u00e9s dans nos entreprises\u00a0&#8211; comment nous allions faire pour fonctionner pendant cette crise sanitaire, il est maintenant temps de nous tourner vers l\u2019avenir.<\/p>\n<p>This is why the Measurement Network has decided to create a specific working group: economic crisis 2020.<\/p>\n<p>In this working group we are going to deal with 4 main subjects: the first the human resources questions, the second the financial questions, the third the questions of economic recovery and market capture, and the fourth all that concerns the questions legal and information.<\/p>\n<p>You know the values of our network: By the members and for the members, and this is the reason why I am asking you today so that you join us in the working groups or that quite simply you use the different solutions that &#039;we will work for you.<\/p>\n<p><strong>Alone, we go faster, together we go further, join us. Thank you !<\/strong><\/p>","protected":false},"excerpt":{"rendered":"<p>Le R\u00e9seau Mesure face au COVID 19 &#8211; Les masques Par les adh\u00e9rents Pour les adh\u00e9rents Agir ensemble : rejoignez nous ! Message de Claunel Massi\u00e8s, Directeur de WIKA France et pilote de ces groupes de travail. &nbsp; Bonjour, je suis Claunel Massi\u00e8s de la soci\u00e9t\u00e9 WIKA Instruments, et je vous contacte aujourd\u2019hui en qualit\u00e9&hellip;<\/p>","protected":false},"author":685,"featured_media":0,"parent":0,"menu_order":0,"comment_status":"closed","ping_status":"closed","template":"","meta":{"_acf_changed":false,"footnotes":""},"class_list":["post-10955","page","type-page","status-publish","hentry"],"acf":[],"yoast_head":"<!-- This site is optimized with the Yoast SEO plugin v27.5 - https:\/\/yoast.com\/product\/yoast-seo-wordpress\/ -->\n<title>Le R\u00e9seau Mesure, face au Covid 19 : Agir Ensemble - R\u00e9seau Mesure<\/title>\n<meta name=\"robots\" content=\"index, follow, max-snippet:-1, max-image-preview:large, max-video-preview:-1\" \/>\n<link rel=\"canonical\" href=\"https:\/\/www.reseau-mesure.com\/en\/le-reseau-mesure-face-au-covid-claunel-massies\/\" \/>\n<meta property=\"og:locale\" content=\"en_US\" \/>\n<meta property=\"og:type\" content=\"article\" \/>\n<meta property=\"og:title\" content=\"Le R\u00e9seau Mesure, face au Covid 19 : Agir Ensemble - R\u00e9seau Mesure\" \/>\n<meta property=\"og:description\" content=\"Le R\u00e9seau Mesure face au COVID 19 &#8211; Les masques Par les adh\u00e9rents Pour les adh\u00e9rents Agir ensemble : rejoignez nous ! Message de Claunel Massi\u00e8s, Directeur de WIKA France et pilote de ces groupes de travail. &nbsp; Bonjour, je suis Claunel Massi\u00e8s de la soci\u00e9t\u00e9 WIKA Instruments, et je vous contacte aujourd\u2019hui en qualit\u00e9&hellip;\" \/>\n<meta property=\"og:url\" content=\"https:\/\/www.reseau-mesure.com\/en\/le-reseau-mesure-face-au-covid-claunel-massies\/\" \/>\n<meta property=\"og:site_name\" content=\"R\u00e9seau Mesure\" \/>\n<meta property=\"article:publisher\" content=\"https:\/\/www.facebook.com\/reseaumesure\/\" \/>\n<meta property=\"article:modified_time\" content=\"2020-07-28T14:18:10+00:00\" \/>\n<meta property=\"og:image\" content=\"https:\/\/www.reseau-mesure.com\/wp-content\/plugins\/bb-plugin\/img\/pixel.png\" \/>\n<meta name=\"twitter:card\" content=\"summary_large_image\" \/>\n<meta name=\"twitter:site\" content=\"@ReseauMesure\" \/>\n<meta name=\"twitter:label1\" content=\"Est. reading time\" \/>\n\t<meta name=\"twitter:data1\" content=\"1 minute\" \/>\n<script type=\"application\/ld+json\" class=\"yoast-schema-graph\">{\"@context\":\"https:\\\/\\\/schema.org\",\"@graph\":[{\"@type\":\"WebPage\",\"@id\":\"https:\\\/\\\/www.reseau-mesure.com\\\/de\\\/le-reseau-mesure-face-au-covid-claunel-massies\\\/\",\"url\":\"https:\\\/\\\/www.reseau-mesure.com\\\/de\\\/le-reseau-mesure-face-au-covid-claunel-massies\\\/\",\"name\":\"Le R\u00e9seau Mesure, face au Covid 19 : Agir Ensemble - R\u00e9seau Mesure\",\"isPartOf\":{\"@id\":\"https:\\\/\\\/www.reseau-mesure.com\\\/#website\"},\"primaryImageOfPage\":{\"@id\":\"https:\\\/\\\/www.reseau-mesure.com\\\/de\\\/le-reseau-mesure-face-au-covid-claunel-massies\\\/#primaryimage\"},\"image\":{\"@id\":\"https:\\\/\\\/www.reseau-mesure.com\\\/de\\\/le-reseau-mesure-face-au-covid-claunel-massies\\\/#primaryimage\"},\"thumbnailUrl\":\"https:\\\/\\\/www.reseau-mesure.com\\\/wp-content\\\/plugins\\\/bb-plugin\\\/img\\\/pixel.png\",\"datePublished\":\"2020-07-27T10:55:32+00:00\",\"dateModified\":\"2020-07-28T14:18:10+00:00\",\"breadcrumb\":{\"@id\":\"https:\\\/\\\/www.reseau-mesure.com\\\/de\\\/le-reseau-mesure-face-au-covid-claunel-massies\\\/#breadcrumb\"},\"inLanguage\":\"en-US\",\"potentialAction\":[{\"@type\":\"ReadAction\",\"target\":[\"https:\\\/\\\/www.reseau-mesure.com\\\/de\\\/le-reseau-mesure-face-au-covid-claunel-massies\\\/\"]}]},{\"@type\":\"ImageObject\",\"inLanguage\":\"en-US\",\"@id\":\"https:\\\/\\\/www.reseau-mesure.com\\\/de\\\/le-reseau-mesure-face-au-covid-claunel-massies\\\/#primaryimage\",\"url\":\"https:\\\/\\\/www.reseau-mesure.com\\\/wp-content\\\/plugins\\\/bb-plugin\\\/img\\\/pixel.png\",\"contentUrl\":\"https:\\\/\\\/www.reseau-mesure.com\\\/wp-content\\\/plugins\\\/bb-plugin\\\/img\\\/pixel.png\"},{\"@type\":\"BreadcrumbList\",\"@id\":\"https:\\\/\\\/www.reseau-mesure.com\\\/de\\\/le-reseau-mesure-face-au-covid-claunel-massies\\\/#breadcrumb\",\"itemListElement\":[{\"@type\":\"ListItem\",\"position\":1,\"name\":\"Accueil\",\"item\":\"https:\\\/\\\/www.reseau-mesure.com\\\/\"},{\"@type\":\"ListItem\",\"position\":2,\"name\":\"Le R\u00e9seau Mesure, face au Covid 19 : Agir Ensemble\"}]},{\"@type\":\"WebSite\",\"@id\":\"https:\\\/\\\/www.reseau-mesure.com\\\/#website\",\"url\":\"https:\\\/\\\/www.reseau-mesure.com\\\/\",\"name\":\"R\u00e9seau-Mesure\",\"description\":\"R\u00e9seau Mesure\",\"publisher\":{\"@id\":\"https:\\\/\\\/www.reseau-mesure.com\\\/#organization\"},\"potentialAction\":[{\"@type\":\"SearchAction\",\"target\":{\"@type\":\"EntryPoint\",\"urlTemplate\":\"https:\\\/\\\/www.reseau-mesure.com\\\/?s={search_term_string}\"},\"query-input\":{\"@type\":\"PropertyValueSpecification\",\"valueRequired\":true,\"valueName\":\"search_term_string\"}}],\"inLanguage\":\"en-US\"},{\"@type\":\"Organization\",\"@id\":\"https:\\\/\\\/www.reseau-mesure.com\\\/#organization\",\"name\":\"R\u00e9seau-Mesure\",\"url\":\"https:\\\/\\\/www.reseau-mesure.com\\\/\",\"logo\":{\"@type\":\"ImageObject\",\"inLanguage\":\"en-US\",\"@id\":\"https:\\\/\\\/www.reseau-mesure.com\\\/#\\\/schema\\\/logo\\\/image\\\/\",\"url\":\"https:\\\/\\\/www.reseau-mesure.com\\\/wp-content\\\/uploads\\\/2018\\\/02\\\/logo-max.png\",\"contentUrl\":\"https:\\\/\\\/www.reseau-mesure.com\\\/wp-content\\\/uploads\\\/2018\\\/02\\\/logo-max.png\",\"width\":545,\"height\":285,\"caption\":\"R\u00e9seau-Mesure\"},\"image\":{\"@id\":\"https:\\\/\\\/www.reseau-mesure.com\\\/#\\\/schema\\\/logo\\\/image\\\/\"},\"sameAs\":[\"https:\\\/\\\/www.facebook.com\\\/reseaumesure\\\/\",\"https:\\\/\\\/x.com\\\/ReseauMesure\",\"https:\\\/\\\/www.linkedin.com\\\/company\\\/reseau-mesure\\\/\"]}]}<\/script>\n<!-- \/ Yoast SEO plugin. -->","yoast_head_json":{"title":"Le R\u00e9seau Mesure, face au Covid 19 : Agir Ensemble - R\u00e9seau Mesure","robots":{"index":"index","follow":"follow","max-snippet":"max-snippet:-1","max-image-preview":"max-image-preview:large","max-video-preview":"max-video-preview:-1"},"canonical":"https:\/\/www.reseau-mesure.com\/en\/le-reseau-mesure-face-au-covid-claunel-massies\/","og_locale":"en_US","og_type":"article","og_title":"Le R\u00e9seau Mesure, face au Covid 19 : Agir Ensemble - R\u00e9seau Mesure","og_description":"Le R\u00e9seau Mesure face au COVID 19 &#8211; Les masques Par les adh\u00e9rents Pour les adh\u00e9rents Agir ensemble : rejoignez nous ! Message de Claunel Massi\u00e8s, Directeur de WIKA France et pilote de ces groupes de travail. &nbsp; Bonjour, je suis Claunel Massi\u00e8s de la soci\u00e9t\u00e9 WIKA Instruments, et je vous contacte aujourd\u2019hui en qualit\u00e9&hellip;","og_url":"https:\/\/www.reseau-mesure.com\/en\/le-reseau-mesure-face-au-covid-claunel-massies\/","og_site_name":"R\u00e9seau Mesure","article_publisher":"https:\/\/www.facebook.com\/reseaumesure\/","article_modified_time":"2020-07-28T14:18:10+00:00","og_image":[{"url":"https:\/\/www.reseau-mesure.com\/wp-content\/plugins\/bb-plugin\/img\/pixel.png","type":"","width":"","height":""}],"twitter_card":"summary_large_image","twitter_site":"@ReseauMesure","twitter_misc":{"Est. reading time":"1 minute"},"schema":{"@context":"https:\/\/schema.org","@graph":[{"@type":"WebPage","@id":"https:\/\/www.reseau-mesure.com\/de\/le-reseau-mesure-face-au-covid-claunel-massies\/","url":"https:\/\/www.reseau-mesure.com\/de\/le-reseau-mesure-face-au-covid-claunel-massies\/","name":"Le R\u00e9seau Mesure, face au Covid 19 : Agir Ensemble - R\u00e9seau Mesure","isPartOf":{"@id":"https:\/\/www.reseau-mesure.com\/#website"},"primaryImageOfPage":{"@id":"https:\/\/www.reseau-mesure.com\/de\/le-reseau-mesure-face-au-covid-claunel-massies\/#primaryimage"},"image":{"@id":"https:\/\/www.reseau-mesure.com\/de\/le-reseau-mesure-face-au-covid-claunel-massies\/#primaryimage"},"thumbnailUrl":"https:\/\/www.reseau-mesure.com\/wp-content\/plugins\/bb-plugin\/img\/pixel.png","datePublished":"2020-07-27T10:55:32+00:00","dateModified":"2020-07-28T14:18:10+00:00","breadcrumb":{"@id":"https:\/\/www.reseau-mesure.com\/de\/le-reseau-mesure-face-au-covid-claunel-massies\/#breadcrumb"},"inLanguage":"en-US","potentialAction":[{"@type":"ReadAction","target":["https:\/\/www.reseau-mesure.com\/de\/le-reseau-mesure-face-au-covid-claunel-massies\/"]}]},{"@type":"ImageObject","inLanguage":"en-US","@id":"https:\/\/www.reseau-mesure.com\/de\/le-reseau-mesure-face-au-covid-claunel-massies\/#primaryimage","url":"https:\/\/www.reseau-mesure.com\/wp-content\/plugins\/bb-plugin\/img\/pixel.png","contentUrl":"https:\/\/www.reseau-mesure.com\/wp-content\/plugins\/bb-plugin\/img\/pixel.png"},{"@type":"BreadcrumbList","@id":"https:\/\/www.reseau-mesure.com\/de\/le-reseau-mesure-face-au-covid-claunel-massies\/#breadcrumb","itemListElement":[{"@type":"ListItem","position":1,"name":"Accueil","item":"https:\/\/www.reseau-mesure.com\/"},{"@type":"ListItem","position":2,"name":"Le R\u00e9seau Mesure, face au Covid 19 : Agir Ensemble"}]},{"@type":"WebSite","@id":"https:\/\/www.reseau-mesure.com\/#website","url":"https:\/\/www.reseau-mesure.com\/","name":"R\u00e9seau-Mesure","description":"Network Measure","publisher":{"@id":"https:\/\/www.reseau-mesure.com\/#organization"},"potentialAction":[{"@type":"SearchAction","target":{"@type":"EntryPoint","urlTemplate":"https:\/\/www.reseau-mesure.com\/?s={search_term_string}"},"query-input":{"@type":"PropertyValueSpecification","valueRequired":true,"valueName":"search_term_string"}}],"inLanguage":"en-US"},{"@type":"Organization","@id":"https:\/\/www.reseau-mesure.com\/#organization","name":"R\u00e9seau-Mesure","url":"https:\/\/www.reseau-mesure.com\/","logo":{"@type":"ImageObject","inLanguage":"en-US","@id":"https:\/\/www.reseau-mesure.com\/#\/schema\/logo\/image\/","url":"https:\/\/www.reseau-mesure.com\/wp-content\/uploads\/2018\/02\/logo-max.png","contentUrl":"https:\/\/www.reseau-mesure.com\/wp-content\/uploads\/2018\/02\/logo-max.png","width":545,"height":285,"caption":"R\u00e9seau-Mesure"},"image":{"@id":"https:\/\/www.reseau-mesure.com\/#\/schema\/logo\/image\/"},"sameAs":["https:\/\/www.facebook.com\/reseaumesure\/","https:\/\/x.com\/ReseauMesure","https:\/\/www.linkedin.com\/company\/reseau-mesure\/"]}]}},"_links":{"self":[{"href":"https:\/\/www.reseau-mesure.com\/en\/wp-json\/wp\/v2\/pages\/10955","targetHints":{"allow":["GET"]}}],"collection":[{"href":"https:\/\/www.reseau-mesure.com\/en\/wp-json\/wp\/v2\/pages"}],"about":[{"href":"https:\/\/www.reseau-mesure.com\/en\/wp-json\/wp\/v2\/types\/page"}],"author":[{"embeddable":true,"href":"https:\/\/www.reseau-mesure.com\/en\/wp-json\/wp\/v2\/users\/685"}],"replies":[{"embeddable":true,"href":"https:\/\/www.reseau-mesure.com\/en\/wp-json\/wp\/v2\/comments?post=10955"}],"version-history":[{"count":0,"href":"https:\/\/www.reseau-mesure.com\/en\/wp-json\/wp\/v2\/pages\/10955\/revisions"}],"wp:attachment":[{"href":"https:\/\/www.reseau-mesure.com\/en\/wp-json\/wp\/v2\/media?parent=10955"}],"curies":[{"name":"wp","href":"https:\/\/api.w.org\/{rel}","templated":true}]}}