{"id":11634,"date":"2020-11-26T16:30:20","date_gmt":"2020-11-26T15:30:20","guid":{"rendered":"https:\/\/www.reseau-mesure.com\/?page_id=11634"},"modified":"2021-04-01T17:17:07","modified_gmt":"2021-04-01T15:17:07","slug":"les-rediffusions-des-visio-conferences-des-rdv-de-9h30-de-la-mesure","status":"publish","type":"page","link":"https:\/\/www.reseau-mesure.com\/en\/les-rediffusions-des-visio-conferences-des-rdv-de-9h30-de-la-mesure\/","title":{"rendered":"Reruns of videoconferences of the 9:30 am RDV de la Mesure"},"content":{"rendered":"<img loading=\"lazy\" decoding=\"async\" src=\"https:\/\/www.reseau-mesure.com\/wp-content\/uploads\/2020\/11\/Logo-2-pour-email-300x157.jpg\" alt=\"logo mse rdv de 9h30 - visios\" itemprop=\"image\" height=\"157\" width=\"300\" title=\"Logo 2 for email\" onerror=\"this.style.display='none'\"  \/>\n\t<p><strong>Download the technical presentations or watch the conferences in replay<\/strong> <\/p>\n<p>of <em>&quot;Meeting at 9:30 am&quot;<\/em> of <strong>Measures Solutions<\/strong> EXPO.<\/p>\n\t<p>Nov 17, 2020<\/p>\n\n\t\n\t<p>Nov 20, 2020<\/p>\n\n\t\n\t<p>Nov 24, 2020<\/p>\n\n\t\n\t<p>Nov 26, 2020<\/p>\n\n\t\n\t<iframe loading=\"lazy\" title=\"Appointment 9:30 am BEAMEX\" width=\"500\" height=\"281\" src=\"https:\/\/www.youtube.com\/embed\/uQWDHHWv0Ho?feature=oembed\" frameborder=\"0\" allow=\"accelerometer; autoplay; clipboard-write; encrypted-media; gyroscope; picture-in-picture\" allowfullscreen><\/iframe>\n\t\t\t\t<a href=\"https:\/\/www.reseau-mesure.com\/wp-content\/uploads\/2020\/11\/EE-20-11-2020-1.pdf\" target=\"_blank\" rel=\"noopener\" itemprop=\"url\">\n\t\t\t\t<img loading=\"lazy\" decoding=\"async\" src=\"https:\/\/www.reseau-mesure.com\/wp-content\/uploads\/2020\/12\/EE-20-11-2020_Page_01.jpg\" alt=\"presentation visio E+E\" itemprop=\"image\" height=\"1080\" width=\"1920\" title=\"E + E - 20-11-2020_Page_01\" onerror=\"this.style.display='none'\"  \/>\n\t\t\t\t<\/a>\n\t<iframe loading=\"lazy\" title=\"Visio Conference &quot;The 9:30 am appointments&quot; - TH-Industry - Measurement becomes connected.\" width=\"500\" height=\"281\" src=\"https:\/\/www.youtube.com\/embed\/BIL7FOL_sYI?feature=oembed\" frameborder=\"0\" allow=\"accelerometer; autoplay; clipboard-write; encrypted-media; gyroscope; picture-in-picture\" allowfullscreen><\/iframe>\n\t<p>&nbsp;<\/p>\n\n\n\n\t<p>Dec 1 2020<\/p>\n\n\t<p>Dec 3 2020<\/p>\n\n\t<p>Dec 8 2020<\/p>\n\n\t<p>Dec 11 2020<\/p>\n\n\t\n\t\n\t\n\t\n\t\n\n\n\t<iframe loading=\"lazy\" title=\"The interest of combined QbD &amp; PAT approaches to optimize and control your manufacturing processes.\" width=\"500\" height=\"281\" src=\"https:\/\/www.youtube.com\/embed\/jMDhBJziwPw?feature=oembed\" frameborder=\"0\" allow=\"accelerometer; autoplay; clipboard-write; encrypted-media; gyroscope; picture-in-picture\" allowfullscreen><\/iframe>\n\t<iframe loading=\"lazy\" title=\"Visio Conference: The &quot;9:30 am RDV&quot; - WIKA\" width=\"500\" height=\"281\" src=\"https:\/\/www.youtube.com\/embed\/krg1MBi7tc0?feature=oembed\" frameborder=\"0\" allow=\"accelerometer; autoplay; clipboard-write; encrypted-media; gyroscope; picture-in-picture\" allowfullscreen><\/iframe>\n\t<iframe loading=\"lazy\" title=\"Mitutoyo - Automatic programming from a CAD definition.\" width=\"500\" height=\"375\" src=\"https:\/\/www.youtube.com\/embed\/dDeMDZ_HmDg?feature=oembed\" frameborder=\"0\" allow=\"accelerometer; autoplay; clipboard-write; encrypted-media; gyroscope; picture-in-picture\" allowfullscreen><\/iframe>\n\t<p>Jan 8, 2021<\/p>\n\n\t\n\t\n\n\t<p>Jan 12, 2021<\/p>\n\n\t\n\t\n\n\t<p>Jan 21, 2021<\/p>\n\n\t\n\t\n\n\t<p>Jan 22, 2021<\/p>\n\n\t\n\t\n\n\t<p>Jan 26, 2021<\/p>\n\n\t<strong>Virtual tour of LNE:<br \/>\n<\/strong><strong> Electrical metrology.<\/strong>\n\t<p>Presentation is available<strong> in replay,<\/strong> to get it<\/p>\n<p>contact <a href=\"mailto:cedric.jornod@lne.fr\" target=\"_blank\" rel=\"noopener\">the LNE<\/a>.<\/p>\n\t<p>Jan 28, 2021<\/p>\n\n\t\n\t<p>Presentation is available<strong> in replay,<\/strong> to get it<\/p>\n<p>contact <a href=\"mailto:webinar@oros.com\">OROS<\/a>.<\/p>\n\t<p>February 2, 2021<\/p>\n\n\t\n\t\n\t<p>February 5, 2021<\/p>\n\n\t\n\t\n\t<iframe loading=\"lazy\" title=\"Optical fiber measurement (temperature, deformation and vibration).\" width=\"500\" height=\"281\" src=\"https:\/\/www.youtube.com\/embed\/5w9KwuZq96Y?feature=oembed\" frameborder=\"0\" allow=\"accelerometer; autoplay; clipboard-write; encrypted-media; gyroscope; picture-in-picture\" allowfullscreen><\/iframe>\n\t<p>February 9, 2021<\/p>\n\n\t\n\t<iframe loading=\"lazy\" title=\"Replay RDV 9:30 am - Non-contact measurement in Continuous industrial process\" width=\"500\" height=\"281\" src=\"https:\/\/www.youtube.com\/embed\/r6XohwpO7Vw?feature=oembed\" frameborder=\"0\" allow=\"accelerometer; autoplay; clipboard-write; encrypted-media; gyroscope; picture-in-picture\" allowfullscreen><\/iframe>\n\t<p>February 4 and 25, 2021<\/p>\n\n\t\n\n\t<p>&nbsp;<\/p>\n\n\n\n\t<p>February 26, 2021<\/p>\n\n\t\n\t<p>Presentation is available<strong> in replay,<\/strong> to get it<\/p>\n<p>contact OPTEL TEXYS.<\/p>\n\t<p>March 4, 2021<\/p>\n\n\t\n\t\n\n\t<p>March 12, 2021<\/p>\n\n\t\n\t\n\t<p>March 17, 2021<\/p>\n\n\t\n\t\n\t<p>March 18, 2021<\/p>\n\n\t\n\t\n\t<p>March 23, 2021<\/p>\n\n\t\n\t\n\t<p>March 25, 2021<\/p>\n\n\t\n\t<p>March 26, 2021<\/p>\n\n\t\n\t\n\t<p>April 6, 2021<\/p>\n\n\t\n\t<p>May 7, 2021<\/p>","protected":false},"excerpt":{"rendered":"<p>Download the technical presentations or watch in replay the conferences of the \u201c9:30 am RDV\u201d of Measures Solutions EXPO. Nov 17, 2020 Nov 20, 2020 Nov 24, 2020 Nov 26, 2020 Dec 1 2020 3 Dec. 2020 Dec. 8 2020 11 Dec. 2020 Jan 8, 2021 Jan 12, 2021 Jan 21, 2021 Jan 22, 2021\u2026<\/p>","protected":false},"author":349,"featured_media":0,"parent":0,"menu_order":0,"comment_status":"closed","ping_status":"closed","template":"","meta":{"_acf_changed":false,"footnotes":""},"class_list":["post-11634","page","type-page","status-publish","hentry"],"acf":[],"yoast_head":"<!-- This site is optimized with the Yoast SEO plugin v27.5 - https:\/\/yoast.com\/product\/yoast-seo-wordpress\/ -->\n<title>Les Rediffusions des visio-conf\u00e9rences des RDV de 9h30 de la Mesure - R\u00e9seau Mesure<\/title>\n<meta name=\"robots\" content=\"index, follow, max-snippet:-1, max-image-preview:large, max-video-preview:-1\" \/>\n<link rel=\"canonical\" href=\"https:\/\/www.reseau-mesure.com\/en\/les-rediffusions-des-visio-conferences-des-rdv-de-9h30-de-la-mesure\/\" \/>\n<meta property=\"og:locale\" content=\"en_US\" \/>\n<meta property=\"og:type\" content=\"article\" \/>\n<meta property=\"og:title\" content=\"Les Rediffusions des visio-conf\u00e9rences des RDV de 9h30 de la Mesure - R\u00e9seau Mesure\" \/>\n<meta property=\"og:description\" content=\"T\u00e9l\u00e9chargez les pr\u00e9sentations techniques ou regardez en replay les conf\u00e9rences des \u00ab\u00a0RDV de 9h30\u00a0\u00bb de Mesures Solutions EXPO. 17 nov. 2020 20 nov. 2020 24 nov. 2020 26 nov. 2020 &nbsp; 1er d\u00e9c. 2020 3 d\u00e9c. 2020 8 d\u00e9c. 2020 11 d\u00e9c. 2020 8 janv. 2021 12 janv. 2021 21 janv. 2021 22 janv. 2021&hellip;\" \/>\n<meta property=\"og:url\" content=\"https:\/\/www.reseau-mesure.com\/en\/les-rediffusions-des-visio-conferences-des-rdv-de-9h30-de-la-mesure\/\" \/>\n<meta property=\"og:site_name\" content=\"R\u00e9seau Mesure\" \/>\n<meta property=\"article:publisher\" content=\"https:\/\/www.facebook.com\/reseaumesure\/\" \/>\n<meta property=\"article:modified_time\" content=\"2021-04-01T15:17:07+00:00\" \/>\n<meta property=\"og:image\" content=\"https:\/\/www.reseau-mesure.com\/wp-content\/uploads\/2020\/11\/Logo-2-pour-email-300x157.jpg\" \/>\n<meta name=\"twitter:card\" content=\"summary_large_image\" \/>\n<meta name=\"twitter:site\" content=\"@ReseauMesure\" \/>\n<meta name=\"twitter:label1\" content=\"Est. reading time\" \/>\n\t<meta name=\"twitter:data1\" content=\"1 minute\" \/>\n<script type=\"application\/ld+json\" class=\"yoast-schema-graph\">{\"@context\":\"https:\\\/\\\/schema.org\",\"@graph\":[{\"@type\":\"WebPage\",\"@id\":\"https:\\\/\\\/www.reseau-mesure.com\\\/en\\\/les-rediffusions-des-visio-conferences-des-rdv-de-9h30-de-la-mesure\\\/\",\"url\":\"https:\\\/\\\/www.reseau-mesure.com\\\/en\\\/les-rediffusions-des-visio-conferences-des-rdv-de-9h30-de-la-mesure\\\/\",\"name\":\"Les Rediffusions des visio-conf\u00e9rences des RDV de 9h30 de la Mesure - R\u00e9seau Mesure\",\"isPartOf\":{\"@id\":\"https:\\\/\\\/www.reseau-mesure.com\\\/#website\"},\"primaryImageOfPage\":{\"@id\":\"https:\\\/\\\/www.reseau-mesure.com\\\/en\\\/les-rediffusions-des-visio-conferences-des-rdv-de-9h30-de-la-mesure\\\/#primaryimage\"},\"image\":{\"@id\":\"https:\\\/\\\/www.reseau-mesure.com\\\/en\\\/les-rediffusions-des-visio-conferences-des-rdv-de-9h30-de-la-mesure\\\/#primaryimage\"},\"thumbnailUrl\":\"https:\\\/\\\/www.reseau-mesure.com\\\/wp-content\\\/uploads\\\/2020\\\/11\\\/Logo-2-pour-email-300x157.jpg\",\"datePublished\":\"2020-11-26T15:30:20+00:00\",\"dateModified\":\"2021-04-01T15:17:07+00:00\",\"breadcrumb\":{\"@id\":\"https:\\\/\\\/www.reseau-mesure.com\\\/en\\\/les-rediffusions-des-visio-conferences-des-rdv-de-9h30-de-la-mesure\\\/#breadcrumb\"},\"inLanguage\":\"en-US\",\"potentialAction\":[{\"@type\":\"ReadAction\",\"target\":[\"https:\\\/\\\/www.reseau-mesure.com\\\/en\\\/les-rediffusions-des-visio-conferences-des-rdv-de-9h30-de-la-mesure\\\/\"]}]},{\"@type\":\"ImageObject\",\"inLanguage\":\"en-US\",\"@id\":\"https:\\\/\\\/www.reseau-mesure.com\\\/en\\\/les-rediffusions-des-visio-conferences-des-rdv-de-9h30-de-la-mesure\\\/#primaryimage\",\"url\":\"https:\\\/\\\/www.reseau-mesure.com\\\/wp-content\\\/uploads\\\/2020\\\/11\\\/Logo-2-pour-email-300x157.jpg\",\"contentUrl\":\"https:\\\/\\\/www.reseau-mesure.com\\\/wp-content\\\/uploads\\\/2020\\\/11\\\/Logo-2-pour-email-300x157.jpg\"},{\"@type\":\"BreadcrumbList\",\"@id\":\"https:\\\/\\\/www.reseau-mesure.com\\\/en\\\/les-rediffusions-des-visio-conferences-des-rdv-de-9h30-de-la-mesure\\\/#breadcrumb\",\"itemListElement\":[{\"@type\":\"ListItem\",\"position\":1,\"name\":\"Accueil\",\"item\":\"https:\\\/\\\/www.reseau-mesure.com\\\/\"},{\"@type\":\"ListItem\",\"position\":2,\"name\":\"Les Rediffusions des visio-conf\u00e9rences des RDV de 9h30 de la Mesure\"}]},{\"@type\":\"WebSite\",\"@id\":\"https:\\\/\\\/www.reseau-mesure.com\\\/#website\",\"url\":\"https:\\\/\\\/www.reseau-mesure.com\\\/\",\"name\":\"R\u00e9seau-Mesure\",\"description\":\"R\u00e9seau Mesure\",\"publisher\":{\"@id\":\"https:\\\/\\\/www.reseau-mesure.com\\\/#organization\"},\"potentialAction\":[{\"@type\":\"SearchAction\",\"target\":{\"@type\":\"EntryPoint\",\"urlTemplate\":\"https:\\\/\\\/www.reseau-mesure.com\\\/?s={search_term_string}\"},\"query-input\":{\"@type\":\"PropertyValueSpecification\",\"valueRequired\":true,\"valueName\":\"search_term_string\"}}],\"inLanguage\":\"en-US\"},{\"@type\":\"Organization\",\"@id\":\"https:\\\/\\\/www.reseau-mesure.com\\\/#organization\",\"name\":\"R\u00e9seau-Mesure\",\"url\":\"https:\\\/\\\/www.reseau-mesure.com\\\/\",\"logo\":{\"@type\":\"ImageObject\",\"inLanguage\":\"en-US\",\"@id\":\"https:\\\/\\\/www.reseau-mesure.com\\\/#\\\/schema\\\/logo\\\/image\\\/\",\"url\":\"https:\\\/\\\/www.reseau-mesure.com\\\/wp-content\\\/uploads\\\/2018\\\/02\\\/logo-max.png\",\"contentUrl\":\"https:\\\/\\\/www.reseau-mesure.com\\\/wp-content\\\/uploads\\\/2018\\\/02\\\/logo-max.png\",\"width\":545,\"height\":285,\"caption\":\"R\u00e9seau-Mesure\"},\"image\":{\"@id\":\"https:\\\/\\\/www.reseau-mesure.com\\\/#\\\/schema\\\/logo\\\/image\\\/\"},\"sameAs\":[\"https:\\\/\\\/www.facebook.com\\\/reseaumesure\\\/\",\"https:\\\/\\\/x.com\\\/ReseauMesure\",\"https:\\\/\\\/www.linkedin.com\\\/company\\\/reseau-mesure\\\/\"]}]}<\/script>\n<!-- \/ Yoast SEO plugin. -->","yoast_head_json":{"title":"Les Rediffusions des visio-conf\u00e9rences des RDV de 9h30 de la Mesure - R\u00e9seau Mesure","robots":{"index":"index","follow":"follow","max-snippet":"max-snippet:-1","max-image-preview":"max-image-preview:large","max-video-preview":"max-video-preview:-1"},"canonical":"https:\/\/www.reseau-mesure.com\/en\/les-rediffusions-des-visio-conferences-des-rdv-de-9h30-de-la-mesure\/","og_locale":"en_US","og_type":"article","og_title":"Les Rediffusions des visio-conf\u00e9rences des RDV de 9h30 de la Mesure - R\u00e9seau Mesure","og_description":"T\u00e9l\u00e9chargez les pr\u00e9sentations techniques ou regardez en replay les conf\u00e9rences des \u00ab\u00a0RDV de 9h30\u00a0\u00bb de Mesures Solutions EXPO. 17 nov. 2020 20 nov. 2020 24 nov. 2020 26 nov. 2020 &nbsp; 1er d\u00e9c. 2020 3 d\u00e9c. 2020 8 d\u00e9c. 2020 11 d\u00e9c. 2020 8 janv. 2021 12 janv. 2021 21 janv. 2021 22 janv. 2021&hellip;","og_url":"https:\/\/www.reseau-mesure.com\/en\/les-rediffusions-des-visio-conferences-des-rdv-de-9h30-de-la-mesure\/","og_site_name":"R\u00e9seau Mesure","article_publisher":"https:\/\/www.facebook.com\/reseaumesure\/","article_modified_time":"2021-04-01T15:17:07+00:00","og_image":[{"url":"https:\/\/www.reseau-mesure.com\/wp-content\/uploads\/2020\/11\/Logo-2-pour-email-300x157.jpg","type":"","width":"","height":""}],"twitter_card":"summary_large_image","twitter_site":"@ReseauMesure","twitter_misc":{"Est. reading time":"1 minute"},"schema":{"@context":"https:\/\/schema.org","@graph":[{"@type":"WebPage","@id":"https:\/\/www.reseau-mesure.com\/en\/les-rediffusions-des-visio-conferences-des-rdv-de-9h30-de-la-mesure\/","url":"https:\/\/www.reseau-mesure.com\/en\/les-rediffusions-des-visio-conferences-des-rdv-de-9h30-de-la-mesure\/","name":"Les Rediffusions des visio-conf\u00e9rences des RDV de 9h30 de la Mesure - R\u00e9seau Mesure","isPartOf":{"@id":"https:\/\/www.reseau-mesure.com\/#website"},"primaryImageOfPage":{"@id":"https:\/\/www.reseau-mesure.com\/en\/les-rediffusions-des-visio-conferences-des-rdv-de-9h30-de-la-mesure\/#primaryimage"},"image":{"@id":"https:\/\/www.reseau-mesure.com\/en\/les-rediffusions-des-visio-conferences-des-rdv-de-9h30-de-la-mesure\/#primaryimage"},"thumbnailUrl":"https:\/\/www.reseau-mesure.com\/wp-content\/uploads\/2020\/11\/Logo-2-pour-email-300x157.jpg","datePublished":"2020-11-26T15:30:20+00:00","dateModified":"2021-04-01T15:17:07+00:00","breadcrumb":{"@id":"https:\/\/www.reseau-mesure.com\/en\/les-rediffusions-des-visio-conferences-des-rdv-de-9h30-de-la-mesure\/#breadcrumb"},"inLanguage":"en-US","potentialAction":[{"@type":"ReadAction","target":["https:\/\/www.reseau-mesure.com\/en\/les-rediffusions-des-visio-conferences-des-rdv-de-9h30-de-la-mesure\/"]}]},{"@type":"ImageObject","inLanguage":"en-US","@id":"https:\/\/www.reseau-mesure.com\/en\/les-rediffusions-des-visio-conferences-des-rdv-de-9h30-de-la-mesure\/#primaryimage","url":"https:\/\/www.reseau-mesure.com\/wp-content\/uploads\/2020\/11\/Logo-2-pour-email-300x157.jpg","contentUrl":"https:\/\/www.reseau-mesure.com\/wp-content\/uploads\/2020\/11\/Logo-2-pour-email-300x157.jpg"},{"@type":"BreadcrumbList","@id":"https:\/\/www.reseau-mesure.com\/en\/les-rediffusions-des-visio-conferences-des-rdv-de-9h30-de-la-mesure\/#breadcrumb","itemListElement":[{"@type":"ListItem","position":1,"name":"Accueil","item":"https:\/\/www.reseau-mesure.com\/"},{"@type":"ListItem","position":2,"name":"Les Rediffusions des visio-conf\u00e9rences des RDV de 9h30 de la Mesure"}]},{"@type":"WebSite","@id":"https:\/\/www.reseau-mesure.com\/#website","url":"https:\/\/www.reseau-mesure.com\/","name":"R\u00e9seau-Mesure","description":"Network Measure","publisher":{"@id":"https:\/\/www.reseau-mesure.com\/#organization"},"potentialAction":[{"@type":"SearchAction","target":{"@type":"EntryPoint","urlTemplate":"https:\/\/www.reseau-mesure.com\/?s={search_term_string}"},"query-input":{"@type":"PropertyValueSpecification","valueRequired":true,"valueName":"search_term_string"}}],"inLanguage":"en-US"},{"@type":"Organization","@id":"https:\/\/www.reseau-mesure.com\/#organization","name":"R\u00e9seau-Mesure","url":"https:\/\/www.reseau-mesure.com\/","logo":{"@type":"ImageObject","inLanguage":"en-US","@id":"https:\/\/www.reseau-mesure.com\/#\/schema\/logo\/image\/","url":"https:\/\/www.reseau-mesure.com\/wp-content\/uploads\/2018\/02\/logo-max.png","contentUrl":"https:\/\/www.reseau-mesure.com\/wp-content\/uploads\/2018\/02\/logo-max.png","width":545,"height":285,"caption":"R\u00e9seau-Mesure"},"image":{"@id":"https:\/\/www.reseau-mesure.com\/#\/schema\/logo\/image\/"},"sameAs":["https:\/\/www.facebook.com\/reseaumesure\/","https:\/\/x.com\/ReseauMesure","https:\/\/www.linkedin.com\/company\/reseau-mesure\/"]}]}},"_links":{"self":[{"href":"https:\/\/www.reseau-mesure.com\/en\/wp-json\/wp\/v2\/pages\/11634","targetHints":{"allow":["GET"]}}],"collection":[{"href":"https:\/\/www.reseau-mesure.com\/en\/wp-json\/wp\/v2\/pages"}],"about":[{"href":"https:\/\/www.reseau-mesure.com\/en\/wp-json\/wp\/v2\/types\/page"}],"author":[{"embeddable":true,"href":"https:\/\/www.reseau-mesure.com\/en\/wp-json\/wp\/v2\/users\/349"}],"replies":[{"embeddable":true,"href":"https:\/\/www.reseau-mesure.com\/en\/wp-json\/wp\/v2\/comments?post=11634"}],"version-history":[{"count":0,"href":"https:\/\/www.reseau-mesure.com\/en\/wp-json\/wp\/v2\/pages\/11634\/revisions"}],"wp:attachment":[{"href":"https:\/\/www.reseau-mesure.com\/en\/wp-json\/wp\/v2\/media?parent=11634"}],"curies":[{"name":"wp","href":"https:\/\/api.w.org\/{rel}","templated":true}]}}