{"id":13749,"date":"2021-04-27T16:19:21","date_gmt":"2021-04-27T14:19:21","guid":{"rendered":"https:\/\/www.reseau-mesure.com\/?page_id=13749"},"modified":"2021-04-28T08:53:28","modified_gmt":"2021-04-28T06:53:28","slug":"reseau-mesure-express-29-avril-2021","status":"publish","type":"page","link":"https:\/\/www.reseau-mesure.com\/en\/reseau-mesure-express-29-avril-2021\/","title":{"rendered":"Express Measurement Network-20210429"},"content":{"rendered":"<img loading=\"lazy\" decoding=\"async\" src=\"https:\/\/www.reseau-mesure.com\/wp-content\/uploads\/2020\/07\/20ku.jpeg\" alt=\"R\u00e9seau Mesure Express\" itemprop=\"image\" height=\"300\" width=\"970\" title=\"Express Measurement Network Header\" onerror=\"this.style.display='none'\"  \/>\n<h1>\n\t\tR\u00e9seau Mesure Express April 29, 2021\n\t<\/h1>\n<h2>\n\t\t<a href=\"https:\/\/www.reseau-mesure.com\/en\/le-reseau-mesure-2\/\" title=\"29.04.2021\" target=\"_blank\" rel=\"noopener\">\n\t\t29.04.2021\n\t\t<\/a>\n\t<\/h2>\n\t<h3><strong>A network for its members, through its members<\/strong><\/h3>\n\t<p>R\u00e9seau Mesure Express 29 avril 2021 : les adh\u00e9rents peuvent retrouver l&rsquo;actualit\u00e9 de l&rsquo;association dans R\u00e9seau Mesure Express, notamment le programme du mois de mai.<\/p>\n<h2>\n\t\t<a href=\"https:\/\/www.reseau-mesure.com\/en\/international\/\" title=\"A new partnership with Algeria\" target=\"_blank\" rel=\"noopener\">\n\t\tUn nouveau partenariat avec l&rsquo;Alg\u00e9rie\n\t\t<\/a>\n\t<\/h2>\n\t<h2><strong>Benefit from the partnership agreement with the CCI ALGIERS<\/strong><\/h2>\n\t<p>A device is proposed by the\u00a0<a href=\"https:\/\/www.cciaf.org\/\">CCIAF<\/a>\u00a0and the\u00a0<a href=\"http:\/\/www.reseau-mesure.com\/en\/\">Meure Network<\/a>, &quot;\u00a0<em><strong>full-time commercial or timeshare commercial<\/strong>\u00a0<\/em>\u00bbIn ALGERIA to develop members&#039; commercial activities so that they are as close as possible to their customers and future partners.<\/p>\n<p>Ainsi, la convention a pour objet l&rsquo;accompagnement d&rsquo;une ou plusieurs entreprises membres du RESEAU MESURE dans le cadre de leurs strat\u00e9gies de d\u00e9veloppement commercial en Alg\u00e9rie, par la CCIAF :<\/p>\n<ul>\n<li>The provision of a highly competent human resource, available full-time or part-time with a commercial profile at the rate of 5 days \/ weeks per FTE.<\/li>\n<li>The provision of essential equipment for travel (vehicle, maintenance costs and fuel within the limits of the regional presence of the CCIAF - 200 km perimeter of each regional office).\n<ul>\n<li><em>Tout d\u00e9placement \u00e0 l&rsquo;ext\u00e9rieur de ce p\u00e9rim\u00e8tre fera l&rsquo;objet d&rsquo;un accord entre les parties et donnera lieu \u00e0 un d\u00e9ferment compl\u00e9mentaire.<\/em><\/li>\n<\/ul>\n<\/li>\n<li>The provision of computer equipment necessary for the accomplishment of tasks (LAPTOP, printer, connection modem).<\/li>\n<li>The provision of communication equipment (telephone chip, mobile phone, communication package and internet package).<\/li>\n<li>The provision of a workspace with the necessary furniture.<\/li>\n<\/ul>\n\n<ul>\n<li>\n<ul>\n<li><strong>Support its customers and prospects.<\/strong><\/li>\n<li><strong>Benefit from a qualified and specialized human resource.<\/strong><\/li>\n<li><strong>Pilot projects with a commercial and managerial relay in the field on a daily basis.<\/strong><\/li>\n<li><strong>Benefit from the strength of the Measurement Network.<\/strong><\/li>\n<li><strong>Benefit from the skills and power of the Consular Network.<\/strong><\/li>\n<\/ul>\n<\/li>\n<\/ul>\n\t\t\t\t<a href=\"https:\/\/www.reseau-mesure.com\/en\/partenariat-avec-lalgerie\/\" target=\"_blank\" rel=\"noopener\" itemprop=\"url\">\n\t\t\t\t<img loading=\"lazy\" decoding=\"async\" src=\"https:\/\/www.reseau-mesure.com\/wp-content\/uploads\/2021\/04\/dev-commercial-1-scaled.jpg\" alt=\"Partenariat avec l'Alg\u00e9rie\" itemprop=\"image\" height=\"2560\" width=\"2560\" title=\"commercial dev\" onerror=\"this.style.display='none'\"  \/>\n\t\t\t\t<\/a>\n\t\t\t<a href=\"mailto:eduflot@reseau-mesure.com\" target=\"_blank\" role=\"button\" rel=\"noopener\">\n\t\t\t\t\t\t\tI&#039;am interested)\n\t\t\t\t\t<\/a>\n<h2>\n\t\t<a href=\"https:\/\/www.reseau-mesure.com\/en\/measurement-world-2021-lyon\/\" title=\"Trust your Measurements!\" target=\"_blank\" rel=\"noopener\">\n\t\tTrust your Measurements!\n\t\t<\/a>\n\t<\/h2>\n\t\t\t\t<a href=\"https:\/\/www.cim2021.com\/programme-congress-international-metrology.html\" target=\"_blank\" rel=\"noopener\" itemprop=\"url\">\n\t\t\t\t<img loading=\"lazy\" decoding=\"async\" src=\"https:\/\/www.reseau-mesure.com\/wp-content\/uploads\/2021\/04\/ImageCIM-siteWeb.jpg\" alt=\"ImageCIM-siteWeb\" itemprop=\"image\" height=\"800\" width=\"800\" title=\"ImageCIM-siteWeb\" onerror=\"this.style.display='none'\"  \/>\n\t\t\t\t<\/a>\n\t\t\t\t<a href=\"https:\/\/www.reseau-mesure.com\/en\/measurement-world-2021-lyon\/\" target=\"_blank\" rel=\"noopener\" itemprop=\"url\">\n\t\t\t\t<img loading=\"lazy\" decoding=\"async\" src=\"https:\/\/www.reseau-mesure.com\/wp-content\/uploads\/2018\/06\/MEASUREMENT_WORLD-NOIR-LARGEUR-1024x327.jpg\" alt=\"MW 2019\" itemprop=\"image\" height=\"327\" width=\"1024\" title=\"MEASUREMENT_WORLD-BLACK WIDTH\" onerror=\"this.style.display='none'\"  \/>\n\t\t\t\t<\/a>\n\t\t\t<a href=\"mailto:eduflot@reseau-mesure.com\" target=\"_blank\" role=\"button\" rel=\"noopener\">\n\t\t\t\t\t\t\tA question ? Contact us!\n\t\t\t\t\t<\/a>\n\t<h2>CIM2021 program<\/h2>\nLe Congr\u00e8s International de M\u00e9trologie aura lieu du 7 au 9 septembre \u00e0 Lyon, en partenariat avec l&rsquo;exposition<a href=\"https:\/\/www.reseau-mesure.com\/en\/measurement-world-2021-lyon\/\"><strong> Measurement World<\/strong><\/a> on the same dates and location as the show <strong><a href=\"https:\/\/global-industrie.com\/fr\">Global industry<\/a>.<\/strong><br \/>\n<strong>The Congress is dedicated to good industrial practices and to R&amp;D applied to measurements, analyzes and tests<\/strong> : ce rendez-vous unique est la rencontre entre la science, l&rsquo;industrie et les organisations institutionnelles de la m\u00e9trologie.\n<p>What&#039;s up ?<\/p>\n<ul>\n<li><strong>Industry 4.0, Green Deal and Health<\/strong> : these are the 3 axes of applications 2021<\/li>\n<li>La mise en place du CIM2021 sera aussi l&rsquo;occasion de nouvelles exp\u00e9riences avec une <strong>part d&rsquo;hybridation<\/strong>, conference videos as well as live video broadcasts will be available on a dedicated platform.<\/li>\n<li><strong>A Metrology Village within Measurement World<\/strong>, et pour la premi\u00e8re ann\u00e9e associ\u00e9 \u00e0 Global Industrie. Les th\u00e9matiques de l&rsquo;Industrie du futur sont communes. L&rsquo;exposition offre ainsi de nouvelles possibilit\u00e9s pour rencontrer des professionnels qui vont conduire aux \u00ab bonnes \u00bb solutions.<\/li>\n<\/ul>\n\nThe International Metrology Congress presents 200 conferences and 6 industrial round tables.<br \/>\nThis is an opportunity to learn about recent advances in different technical sectors:\n<ul>\n<li>mechanics, electromagnetism, flow, temperature, photonics, chemistry, biology but also data, AI, statistics, quantum technologies\u2026<\/li>\n<li>and on measurement and quality processes, measurement uncertainties, accreditation, compliance and risks, cost optimization, etc.<\/li>\n<\/ul>\n\n<ul>\n<li>La m\u00e9trologie \u00e0 l&rsquo;\u00e8re du digital<\/li>\n<li>The role of international Metrology and Quality organizations in the 4.0 transition<\/li>\n<li>The challenges of on-site measurements<\/li>\n<li>Health and metrology: a common challenge<\/li>\n<li>Emissions industrielles : l&rsquo;apport de la m\u00e9trologie au respect des nouvelles exigences<\/li>\n<li>Metrology of the future: what skills?<\/li>\n<\/ul>\n\n<ul>\n<li>70% issus de l&rsquo;industrie, tous secteurs, et des laboratoires<\/li>\n<li>30% from reference organizations, education and research<\/li>\n<\/ul>\n\n<h2>\n\t\t<a href=\"https:\/\/webquest.fr\/?m=104465_etude-salariale-fonctions-commerciales-des-adherents-du-reseau-mesure\" title=\"Salary study for commercial functions of members of the Measurement Network\" target=\"_blank\" rel=\"noopener\">\n\t\tSalary study for commercial functions of members of the Measurement Network\n\t\t<\/a>\n\t<\/h2>\n\t<h2>As part of the HR group&#039;s discussions, members are invited to participate in a study on salary levels for sales functions.<\/h2>\n<p>&nbsp;<\/p>\nThis study is carried out with the members of the Measurement Network with the guarantee of the total confidentiality of the individual results of each of the structures.<br \/>\nLes r\u00e9sultats seront analys\u00e9s par la directrice de l&rsquo;association et retranscrits dans le cadre d&rsquo;une analyse globale qui sera propos\u00e9e aux adh\u00e9rents ayant r\u00e9pondu \u00e0 l&rsquo;\u00e9tude.\n<p>This study can be completed using information from 2019 so as not to be impacted by the effects of the health crisis.<\/p>\n\t\t\t<a href=\"https:\/\/webquest.fr\/?m=104465_etude-salariale-fonctions-commerciales-des-adherents-du-reseau-mesure\" target=\"_blank\" role=\"button\" rel=\"noopener\">\n\t\t\t\t\t\t\tI complete the questionnaire\n\t\t\t\t\t<\/a>\n\t\t\t\t<a href=\"https:\/\/webquest.fr\/?m=104465_etude-salariale-fonctions-commerciales-des-adherents-du-reseau-mesure\" target=\"_blank\" rel=\"noopener\" itemprop=\"url\">\n\t\t\t\t<img loading=\"lazy\" decoding=\"async\" src=\"https:\/\/www.reseau-mesure.com\/wp-content\/uploads\/2021\/02\/26082-300x264.jpg\" alt=\"Atelier gratuit anim\u00e9 par l'APEC R\u00e9seau Mesure Express recrutement\" itemprop=\"image\" height=\"264\" width=\"300\" title=\"Free workshop hosted by APEC R\u00e9seau Mesure Express ActualitesEmployment Recruitment Isometric Background\" onerror=\"this.style.display='none'\"  \/>\n\t\t\t\t<\/a>\n\t\t\t<a href=\"https:\/\/www.reseau-mesure.com\/en\/evenements\/\" target=\"_self\" role=\"button\" rel=\"noopener\">\n\t\t\t\t\t\t\tThe complete agenda of the Measurement Network\n\t\t\t\t\t<\/a>\n\t\t\t\t<img loading=\"lazy\" decoding=\"async\" src=\"https:\/\/www.reseau-mesure.com\/wp-content\/uploads\/2020\/08\/Plan-de-travail-3niveau.png\" alt=\"R\u00e9seau Mesure Express Actualites\" itemprop=\"image\" height=\"3665\" width=\"5520\" title=\"Express Measurement Network News\" onerror=\"this.style.display='none'\"  \/>\n\t<h1>Les Tech&rsquo;Days 2021<\/h1>\n\t<h1>Les Tech&rsquo;Days 2021<\/h1>\n<h2>Vos rendez-vous avec l&rsquo;innovation les mardis de 8h \u00e0 10h30<\/h2>\n<h2>Ed Tech - Tuesday, May 4, 2021 at 8:00 a.m.<\/h2>\n\n<ul>\n<li><strong>Quel \u00e9tat des lieux pour la EdTech en France en 2021 ? Panorama et d\u00e9cryptage par EdTech France, l&rsquo;association des entreprises de la fili\u00e8re EdTech<\/strong>\u00a0&#8211; Anne-Charlotte MONNERET, d\u00e9l\u00e9gu\u00e9e g\u00e9n\u00e9rale EdTech France<\/li>\n<li><strong>Dans les coulisses des entreprises EdTech &#8211;\u00a0<\/strong>Benjamin VIAUD, co-founder Beneylu<\/li>\n<li><strong>EDUCATE France: a scientific accelerator at the service of the EdTech sector\u00a0<\/strong>&#8211; Alexis FRANCOIS, chef de cabinet de CY Cergy Paris Universit\u00e9 &amp; Jean-Victor ABT, responsable de la mission service enseignement sup\u00e9rieur, tourisme, \u00e9conomie et emploi du Conseil d\u00e9partemental du Val d&rsquo;Oise<\/li>\n<li><strong>Les partenariats de coop\u00e9ration Erasmus + : une opportunit\u00e9 de financement Europ\u00e9en accessible pour les acteurs de l&rsquo;Ed Tech\u00a0<\/strong>&#8211; Antoine KIEFFER, consultant en financements europ\u00e9ens EURONOVIA<\/li>\n<li><strong>Presentation of the TechsoLab platform\u00a0<\/strong>&#8211; Laurent JEANNIN, Ma\u00eetre de conf\u00e9rences enseignant chercheur Universit\u00e9 INSP\u00c9 de l&rsquo;Acad\u00e9mie de Versailles &amp; Directeur adjoint de la plateforme TechsoLab &#8211; CY Cergy Paris Universit\u00e9<\/li>\n<\/ul>\n\n<p><strong>10:00 am to 10:30 am<\/strong>\u00a0: Temps d&rsquo;\u00e9change \/ Questions-R\u00e9ponses<\/p>\n\n\n\t<h2>R\u00e9seau Mesure Express: news about the association&#039;s action plan<\/h2>","protected":false},"excerpt":{"rendered":"<p>R\u00e9seau Mesure Express April 29, 2021 April 29, 2021 A network for its members, through its members R\u00e9seau Mesure Express April 29, 2021: members can find the association&#039;s news in R\u00e9seau Mesure Express, especially the program for the month of May. A new partnership with Algeria Benefit from the partnership agreement with the CCI ALGIERS\u2026<\/p>","protected":false},"author":685,"featured_media":0,"parent":0,"menu_order":0,"comment_status":"closed","ping_status":"closed","template":"","meta":{"_acf_changed":false,"footnotes":""},"class_list":["post-13749","page","type-page","status-publish","hentry"],"acf":[],"yoast_head":"<!-- This site is optimized with the Yoast SEO plugin v27.5 - https:\/\/yoast.com\/product\/yoast-seo-wordpress\/ -->\n<title>R\u00e9seau Mesure Express 29 avril 2021 - R\u00e9seau Mesure<\/title>\n<meta name=\"description\" content=\"R\u00e9seau Mesure Express 29 avril 2021 Le programme du mois de mai pour les adh\u00e9rents du R\u00e9seau Mesure. Un nouveau partenariat avec l&#039;Alg\u00e9rie.\" \/>\n<meta name=\"robots\" content=\"index, follow, max-snippet:-1, max-image-preview:large, max-video-preview:-1\" \/>\n<link rel=\"canonical\" href=\"https:\/\/www.reseau-mesure.com\/en\/reseau-mesure-express-29-avril-2021\/\" \/>\n<meta property=\"og:locale\" content=\"en_US\" \/>\n<meta property=\"og:type\" content=\"article\" \/>\n<meta property=\"og:title\" content=\"R\u00e9seau Mesure Express 29 avril 2021 - R\u00e9seau Mesure\" \/>\n<meta property=\"og:description\" content=\"R\u00e9seau Mesure Express 29 avril 2021 Le programme du mois de mai pour les adh\u00e9rents du R\u00e9seau Mesure. Un nouveau partenariat avec l&#039;Alg\u00e9rie.\" \/>\n<meta property=\"og:url\" content=\"https:\/\/www.reseau-mesure.com\/en\/reseau-mesure-express-29-avril-2021\/\" \/>\n<meta property=\"og:site_name\" content=\"R\u00e9seau Mesure\" \/>\n<meta property=\"article:publisher\" content=\"https:\/\/www.facebook.com\/reseaumesure\/\" \/>\n<meta property=\"article:modified_time\" content=\"2021-04-28T06:53:28+00:00\" \/>\n<meta property=\"og:image\" content=\"https:\/\/www.reseau-mesure.com\/wp-content\/uploads\/2020\/07\/20ku.jpeg\" \/>\n<meta name=\"twitter:card\" content=\"summary_large_image\" \/>\n<meta name=\"twitter:site\" content=\"@ReseauMesure\" \/>\n<meta name=\"twitter:label1\" content=\"Est. reading time\" \/>\n\t<meta name=\"twitter:data1\" content=\"6 minutes\" \/>\n<script type=\"application\/ld+json\" class=\"yoast-schema-graph\">{\"@context\":\"https:\\\/\\\/schema.org\",\"@graph\":[{\"@type\":\"WebPage\",\"@id\":\"https:\\\/\\\/www.reseau-mesure.com\\\/de\\\/reseau-mesure-express-29-avril-2021\\\/\",\"url\":\"https:\\\/\\\/www.reseau-mesure.com\\\/de\\\/reseau-mesure-express-29-avril-2021\\\/\",\"name\":\"R\u00e9seau Mesure Express 29 avril 2021 - R\u00e9seau Mesure\",\"isPartOf\":{\"@id\":\"https:\\\/\\\/www.reseau-mesure.com\\\/#website\"},\"primaryImageOfPage\":{\"@id\":\"https:\\\/\\\/www.reseau-mesure.com\\\/de\\\/reseau-mesure-express-29-avril-2021\\\/#primaryimage\"},\"image\":{\"@id\":\"https:\\\/\\\/www.reseau-mesure.com\\\/de\\\/reseau-mesure-express-29-avril-2021\\\/#primaryimage\"},\"thumbnailUrl\":\"https:\\\/\\\/www.reseau-mesure.com\\\/wp-content\\\/uploads\\\/2020\\\/07\\\/20ku.jpeg\",\"datePublished\":\"2021-04-27T14:19:21+00:00\",\"dateModified\":\"2021-04-28T06:53:28+00:00\",\"description\":\"R\u00e9seau Mesure Express 29 avril 2021 Le programme du mois de mai pour les adh\u00e9rents du R\u00e9seau Mesure. Un nouveau partenariat avec l'Alg\u00e9rie.\",\"breadcrumb\":{\"@id\":\"https:\\\/\\\/www.reseau-mesure.com\\\/de\\\/reseau-mesure-express-29-avril-2021\\\/#breadcrumb\"},\"inLanguage\":\"en-US\",\"potentialAction\":[{\"@type\":\"ReadAction\",\"target\":[\"https:\\\/\\\/www.reseau-mesure.com\\\/de\\\/reseau-mesure-express-29-avril-2021\\\/\"]}]},{\"@type\":\"ImageObject\",\"inLanguage\":\"en-US\",\"@id\":\"https:\\\/\\\/www.reseau-mesure.com\\\/de\\\/reseau-mesure-express-29-avril-2021\\\/#primaryimage\",\"url\":\"https:\\\/\\\/www.reseau-mesure.com\\\/wp-content\\\/uploads\\\/2020\\\/07\\\/20ku.jpeg\",\"contentUrl\":\"https:\\\/\\\/www.reseau-mesure.com\\\/wp-content\\\/uploads\\\/2020\\\/07\\\/20ku.jpeg\"},{\"@type\":\"BreadcrumbList\",\"@id\":\"https:\\\/\\\/www.reseau-mesure.com\\\/de\\\/reseau-mesure-express-29-avril-2021\\\/#breadcrumb\",\"itemListElement\":[{\"@type\":\"ListItem\",\"position\":1,\"name\":\"Accueil\",\"item\":\"https:\\\/\\\/www.reseau-mesure.com\\\/\"},{\"@type\":\"ListItem\",\"position\":2,\"name\":\"R\u00e9seau Mesure Express-20210429\"}]},{\"@type\":\"WebSite\",\"@id\":\"https:\\\/\\\/www.reseau-mesure.com\\\/#website\",\"url\":\"https:\\\/\\\/www.reseau-mesure.com\\\/\",\"name\":\"R\u00e9seau-Mesure\",\"description\":\"R\u00e9seau Mesure\",\"publisher\":{\"@id\":\"https:\\\/\\\/www.reseau-mesure.com\\\/#organization\"},\"potentialAction\":[{\"@type\":\"SearchAction\",\"target\":{\"@type\":\"EntryPoint\",\"urlTemplate\":\"https:\\\/\\\/www.reseau-mesure.com\\\/?s={search_term_string}\"},\"query-input\":{\"@type\":\"PropertyValueSpecification\",\"valueRequired\":true,\"valueName\":\"search_term_string\"}}],\"inLanguage\":\"en-US\"},{\"@type\":\"Organization\",\"@id\":\"https:\\\/\\\/www.reseau-mesure.com\\\/#organization\",\"name\":\"R\u00e9seau-Mesure\",\"url\":\"https:\\\/\\\/www.reseau-mesure.com\\\/\",\"logo\":{\"@type\":\"ImageObject\",\"inLanguage\":\"en-US\",\"@id\":\"https:\\\/\\\/www.reseau-mesure.com\\\/#\\\/schema\\\/logo\\\/image\\\/\",\"url\":\"https:\\\/\\\/www.reseau-mesure.com\\\/wp-content\\\/uploads\\\/2018\\\/02\\\/logo-max.png\",\"contentUrl\":\"https:\\\/\\\/www.reseau-mesure.com\\\/wp-content\\\/uploads\\\/2018\\\/02\\\/logo-max.png\",\"width\":545,\"height\":285,\"caption\":\"R\u00e9seau-Mesure\"},\"image\":{\"@id\":\"https:\\\/\\\/www.reseau-mesure.com\\\/#\\\/schema\\\/logo\\\/image\\\/\"},\"sameAs\":[\"https:\\\/\\\/www.facebook.com\\\/reseaumesure\\\/\",\"https:\\\/\\\/x.com\\\/ReseauMesure\",\"https:\\\/\\\/www.linkedin.com\\\/company\\\/reseau-mesure\\\/\"]}]}<\/script>\n<!-- \/ Yoast SEO plugin. -->","yoast_head_json":{"title":"R\u00e9seau Mesure Express 29 avril 2021 - R\u00e9seau Mesure","description":"R\u00e9seau Mesure Express 29 avril 2021 Le programme du mois de mai pour les adh\u00e9rents du R\u00e9seau Mesure. Un nouveau partenariat avec l'Alg\u00e9rie.","robots":{"index":"index","follow":"follow","max-snippet":"max-snippet:-1","max-image-preview":"max-image-preview:large","max-video-preview":"max-video-preview:-1"},"canonical":"https:\/\/www.reseau-mesure.com\/en\/reseau-mesure-express-29-avril-2021\/","og_locale":"en_US","og_type":"article","og_title":"R\u00e9seau Mesure Express 29 avril 2021 - R\u00e9seau Mesure","og_description":"R\u00e9seau Mesure Express 29 avril 2021 Le programme du mois de mai pour les adh\u00e9rents du R\u00e9seau Mesure. Un nouveau partenariat avec l'Alg\u00e9rie.","og_url":"https:\/\/www.reseau-mesure.com\/en\/reseau-mesure-express-29-avril-2021\/","og_site_name":"R\u00e9seau Mesure","article_publisher":"https:\/\/www.facebook.com\/reseaumesure\/","article_modified_time":"2021-04-28T06:53:28+00:00","og_image":[{"url":"https:\/\/www.reseau-mesure.com\/wp-content\/uploads\/2020\/07\/20ku.jpeg","type":"","width":"","height":""}],"twitter_card":"summary_large_image","twitter_site":"@ReseauMesure","twitter_misc":{"Est. reading time":"6 minutes"},"schema":{"@context":"https:\/\/schema.org","@graph":[{"@type":"WebPage","@id":"https:\/\/www.reseau-mesure.com\/de\/reseau-mesure-express-29-avril-2021\/","url":"https:\/\/www.reseau-mesure.com\/de\/reseau-mesure-express-29-avril-2021\/","name":"R\u00e9seau Mesure Express 29 avril 2021 - R\u00e9seau Mesure","isPartOf":{"@id":"https:\/\/www.reseau-mesure.com\/#website"},"primaryImageOfPage":{"@id":"https:\/\/www.reseau-mesure.com\/de\/reseau-mesure-express-29-avril-2021\/#primaryimage"},"image":{"@id":"https:\/\/www.reseau-mesure.com\/de\/reseau-mesure-express-29-avril-2021\/#primaryimage"},"thumbnailUrl":"https:\/\/www.reseau-mesure.com\/wp-content\/uploads\/2020\/07\/20ku.jpeg","datePublished":"2021-04-27T14:19:21+00:00","dateModified":"2021-04-28T06:53:28+00:00","description":"R\u00e9seau Mesure Express 29 avril 2021 Le programme du mois de mai pour les adh\u00e9rents du R\u00e9seau Mesure. Un nouveau partenariat avec l'Alg\u00e9rie.","breadcrumb":{"@id":"https:\/\/www.reseau-mesure.com\/de\/reseau-mesure-express-29-avril-2021\/#breadcrumb"},"inLanguage":"en-US","potentialAction":[{"@type":"ReadAction","target":["https:\/\/www.reseau-mesure.com\/de\/reseau-mesure-express-29-avril-2021\/"]}]},{"@type":"ImageObject","inLanguage":"en-US","@id":"https:\/\/www.reseau-mesure.com\/de\/reseau-mesure-express-29-avril-2021\/#primaryimage","url":"https:\/\/www.reseau-mesure.com\/wp-content\/uploads\/2020\/07\/20ku.jpeg","contentUrl":"https:\/\/www.reseau-mesure.com\/wp-content\/uploads\/2020\/07\/20ku.jpeg"},{"@type":"BreadcrumbList","@id":"https:\/\/www.reseau-mesure.com\/de\/reseau-mesure-express-29-avril-2021\/#breadcrumb","itemListElement":[{"@type":"ListItem","position":1,"name":"Accueil","item":"https:\/\/www.reseau-mesure.com\/"},{"@type":"ListItem","position":2,"name":"R\u00e9seau Mesure Express-20210429"}]},{"@type":"WebSite","@id":"https:\/\/www.reseau-mesure.com\/#website","url":"https:\/\/www.reseau-mesure.com\/","name":"R\u00e9seau-Mesure","description":"Network Measure","publisher":{"@id":"https:\/\/www.reseau-mesure.com\/#organization"},"potentialAction":[{"@type":"SearchAction","target":{"@type":"EntryPoint","urlTemplate":"https:\/\/www.reseau-mesure.com\/?s={search_term_string}"},"query-input":{"@type":"PropertyValueSpecification","valueRequired":true,"valueName":"search_term_string"}}],"inLanguage":"en-US"},{"@type":"Organization","@id":"https:\/\/www.reseau-mesure.com\/#organization","name":"R\u00e9seau-Mesure","url":"https:\/\/www.reseau-mesure.com\/","logo":{"@type":"ImageObject","inLanguage":"en-US","@id":"https:\/\/www.reseau-mesure.com\/#\/schema\/logo\/image\/","url":"https:\/\/www.reseau-mesure.com\/wp-content\/uploads\/2018\/02\/logo-max.png","contentUrl":"https:\/\/www.reseau-mesure.com\/wp-content\/uploads\/2018\/02\/logo-max.png","width":545,"height":285,"caption":"R\u00e9seau-Mesure"},"image":{"@id":"https:\/\/www.reseau-mesure.com\/#\/schema\/logo\/image\/"},"sameAs":["https:\/\/www.facebook.com\/reseaumesure\/","https:\/\/x.com\/ReseauMesure","https:\/\/www.linkedin.com\/company\/reseau-mesure\/"]}]}},"_links":{"self":[{"href":"https:\/\/www.reseau-mesure.com\/en\/wp-json\/wp\/v2\/pages\/13749","targetHints":{"allow":["GET"]}}],"collection":[{"href":"https:\/\/www.reseau-mesure.com\/en\/wp-json\/wp\/v2\/pages"}],"about":[{"href":"https:\/\/www.reseau-mesure.com\/en\/wp-json\/wp\/v2\/types\/page"}],"author":[{"embeddable":true,"href":"https:\/\/www.reseau-mesure.com\/en\/wp-json\/wp\/v2\/users\/685"}],"replies":[{"embeddable":true,"href":"https:\/\/www.reseau-mesure.com\/en\/wp-json\/wp\/v2\/comments?post=13749"}],"version-history":[{"count":0,"href":"https:\/\/www.reseau-mesure.com\/en\/wp-json\/wp\/v2\/pages\/13749\/revisions"}],"wp:attachment":[{"href":"https:\/\/www.reseau-mesure.com\/en\/wp-json\/wp\/v2\/media?parent=13749"}],"curies":[{"name":"wp","href":"https:\/\/api.w.org\/{rel}","templated":true}]}}