{"id":14184,"date":"2021-06-08T11:30:09","date_gmt":"2021-06-08T09:30:09","guid":{"rendered":"https:\/\/www.reseau-mesure.com\/?page_id=14184"},"modified":"2021-06-08T13:37:27","modified_gmt":"2021-06-08T11:37:27","slug":"reseau-mesure-express-10-juin-2021","status":"publish","type":"page","link":"https:\/\/www.reseau-mesure.com\/en\/reseau-mesure-express-10-juin-2021\/","title":{"rendered":"Express Measurement Network-20210610"},"content":{"rendered":"<img loading=\"lazy\" decoding=\"async\" src=\"https:\/\/www.reseau-mesure.com\/wp-content\/uploads\/2020\/07\/20ku.jpeg\" alt=\"R\u00e9seau Mesure Express\" itemprop=\"image\" height=\"300\" width=\"970\" title=\"Express Measurement Network Header\" onerror=\"this.style.display='none'\"  \/>\n<h1>\n\t\tR\u00e9seau Mesure Express June 10, 2021\n\t<\/h1>\n<h2>\n\t\t<a href=\"https:\/\/www.reseau-mesure.com\/en\/le-reseau-mesure-2\/\" title=\"10.06.2021\" target=\"_blank\" rel=\"noopener\">\n\t\t10.06.2021\n\t\t<\/a>\n\t<\/h2>\n\t<h3><strong>A network for its members, through its members<\/strong><\/h3>\n\t<p>R\u00e9seau Mesure Express June 10, 2021: members can find the news of the association in R\u00e9seau Mesure Express, in particular the June program.<\/p>\n<p>Thus, the call for papers for the Analyze Industrielle trade fair in September and the first dinner of the year for members of the Measurement Network\u2026.<\/p>\n<h2>\n\t\t<a href=\"https:\/\/www.reseau-mesure.com\/en\/analyse-indsutrielle\/\" title=\"Industrial Analysis Fair - Call for papers 2021\" target=\"_blank\" rel=\"noopener\">\n\t\tIndustrial Analysis Fair \u2013 Call for papers 2021\n\t\t<\/a>\n\t<\/h2>\n\t<h2><b>The Exhibition of Industrial Analysis Solutions<\/b><\/h2>\n\t\n\n<p>Between the exhibition, the technical conferences and the workshops, this new edition of the Industrial Analysis exhibition will not fail to be the scene of commercial exchanges and the presentation of the latest innovations, for the players in the sector (industrialists, manufacturers and distributors, integrators, service providers, etc.)<\/p>\n\n<p>For any request:<\/p>\n<p>Guillaume\u00a0<a href=\"mailto:g.courcelle@infoexpo.fr\">COURCELLE<\/a>\u00a0, Show director<\/p>\n<p>Is she\u00a0<a href=\"mailto:eduflot@resau-mesure.com\">DUFLOT<\/a>\u00a0, Director of the Measurement Network<\/p>\n<a href=\"http:\/\/www.analyse-industrielle.fr\"><img loading=\"lazy\" decoding=\"async\" title=\"Visitor badge Industrial Analysis trade show\" src=\"https:\/\/www.reseau-mesure.com\/wp-content\/uploads\/2021\/06\/badge-300x300.png\" sizes=\"auto, (max-width: 400px) 100vw, 400px\" srcset=\"https:\/\/www.reseau-mesure.com\/wp-content\/uploads\/2021\/06\/badge.png 400w, https:\/\/www.reseau-mesure.com\/wp-content\/uploads\/2021\/06\/badge-300x300.png 300w, https:\/\/www.reseau-mesure.com\/wp-content\/uploads\/2021\/06\/badge-150x150.png 150w, https:\/\/www.reseau-mesure.com\/wp-content\/uploads\/2021\/06\/badge-12x12.png 12w\" alt=\"Badge visiteur salon Analyse Industrielle\" width=\"300\" height=\"300\" \/><\/a>\n\t\t\t\t<a href=\"https:\/\/www.reseau-mesure.com\/en\/analyse-indsutrielle\/\" target=\"_blank\" rel=\"noopener\" itemprop=\"url\">\n\t\t\t\t<img loading=\"lazy\" decoding=\"async\" src=\"https:\/\/www.reseau-mesure.com\/wp-content\/uploads\/2018\/01\/analyse-industrielle.png\" alt=\"Analyse Industrielle\" itemprop=\"image\" height=\"78\" width=\"300\" title=\"industrial analysis\" onerror=\"this.style.display='none'\"  \/>\n\t\t\t\t<\/a>\n\t\t\t<a href=\"https:\/\/www.reseau-mesure.com\/wp-content\/uploads\/2021\/01\/contrat-analyse-RE%CC%81SEAU-MESURE-2021.pdf\" target=\"_blank\" role=\"button\" rel=\"noopener\">\n\t\t\t\t\t\t\tI consult the registration file\n\t\t\t\t\t<\/a>\n\t<p>&nbsp;<\/p>\n<h3><strong><em>CALL FOR PAPERS 2021<\/em><\/strong><\/h3>\n\n\n\n\n<ul>\n<li>the\u00a0<strong><u>round tables,\u00a0<\/u><\/strong>45-minute speeches at 1:00 am, allowing providers and their customers to discuss key issues with the audience (with moderator)<\/li>\n<li>Of\u00a0<strong><u>&quot;White cards&quot;,<\/u><\/strong>\u00a030-minute speeches to deal with a free, non-commercial theme not covered elsewhere in the other conferences (without a facilitator)<\/li>\n<\/ul>\n\n\t\t\t\t<img decoding=\"async\" src=\"https:\/\/www.reseau-mesure.com\/wp-content\/plugins\/bb-plugin\/img\/pixel.png\" alt=\"\" itemprop=\"image\" onerror=\"this.style.display='none'\"  \/>\n<h2>\n\t\t<a href=\"https:\/\/www.reseau-mesure.com\/en\/formation-centaure-securite-routiere\/\" title=\"Centaur: road safety training\" target=\"_blank\" rel=\"noopener\">\n\t\tCentaur: road safety training\n\t\t<\/a>\n\t<\/h2>\n\t\t\t\t<a href=\"https:\/\/www.reseau-mesure.com\/en\/formation-centaure-securite-routiere\/\" target=\"_blank\" rel=\"noopener\" itemprop=\"url\">\n\t\t\t\t<img loading=\"lazy\" decoding=\"async\" src=\"https:\/\/www.reseau-mesure.com\/wp-content\/uploads\/2021\/06\/formation-Preventis.jpg\" alt=\"formation-Preventis\" itemprop=\"image\" height=\"306\" width=\"920\" title=\"training-Preventis\" onerror=\"this.style.display='none'\"  \/>\n\t\t\t\t<\/a>\n\t<p>&nbsp;<\/p>\n\n<p>If you have a sales or after-sales service, road safety is an important safety measure for the employees of your company. Centaur training courses are intended primarily for all itinerant or mobile populations (salespeople, technicians, delivery people, supervisors, liberal professions, health personnel, etc.).<\/p>\n\n<p>Mastery of drivers of light vehicles or light commercial vehicles, in their\u00a0<strong>capacity<\/strong>\u00a0<strong>analysis<\/strong>\u00a0risky situations,\u00a0<strong>comprehension<\/strong>\u00a0the genesis of an accident situation and the knowledge of the actions to be implemented in an appropriate manner.<\/p>\n<p>Through this knowledge and know-how, the driver is in\u00a0<strong>ability to avoid risky situations\u00a0<\/strong>related to the road.<\/p>\n\t<p>&nbsp;<\/p>\n<p>&nbsp;<\/p>\n<h4><strong>\u00a0<\/strong><strong>A few figures to better understand<\/strong><\/h4>\n<ul>\n<li>Professional road risk is the 1<sup>time<\/sup>\u00a0cause of fatal accident at work.<\/li>\n<li>50% of those killed on the job are on the road.<\/li>\n<li>70 days: average duration of a work stoppage with temporary incapacity following a traffic accident.<\/li>\n<li>Work stoppages following a traffic accident are 1.5 times the average duration of a work stoppage.<\/li>\n<li>The cost of a road traffic accident on a mission is 3 times higher than the average cost of a work accident.<\/li>\n<li>90% road accidents at work are due to unsuitable human behavior.<\/li>\n<\/ul>\n<h4><strong>\u00a0<\/strong><strong>What are the consequences for the company?<\/strong><\/h4>\n<ul>\n<li>Human: Loss of human capital \/ loss of key man \/ loss of skills.<\/li>\n<li>Financial: Road accidents cause direct and indirect costs (often 2 to 3 times greater).<\/li>\n<li>Legal: The road risk for an employee on assignment is a professional risk. Like all occupational risks, the latter must be the subject of an assessment and be recorded in the single document (Article L4221-1 and R4121-1 of the Labor Code).<\/li>\n<\/ul>\n\n\t\t\t<a href=\"mailto:confray@reseau-mesure.com\" target=\"_blank\" role=\"button\" rel=\"noopener\">\n\t\t\t\t\t\t\tRegistrations\n\t\t\t\t\t<\/a>\n<h2>\n\t\t<a href=\"https:\/\/www.reseau-mesure.com\/en\/measurement-world-2021-lyon\/\" title=\"Measurement World 2021 - The last available stands\" target=\"_blank\" rel=\"noopener\">\n\t\tMeasurement World 2021 \u2013 The last stands available\n\t\t<\/a>\n\t<\/h2>\n\t<p>Located in the heart of the 1<sup>time<\/sup>\u00a0industrial region of France and close to several European countries, the attractiveness of the city of Lyon is well established. A historic destination for Industry, then Global Industry, it has been able for several years to support the development of Trade Shows and offer them great business prospects.<\/p>\n<p>The simultaneous holding of\u00a0<a href=\"https:\/\/www.measurement-world.com\/fr\"><strong>MEASUREMENT WORLD<\/strong><\/a>\u00a0with the\u00a0<a href=\"https:\/\/www.cfmetrologie.com\/fr\/evenements\/congres-international-de-la-metrologie-cim\"><strong>International Congress of Metrology (CIM)<\/strong><\/a>\u00a0and of\u00a0<a href=\"https:\/\/global-industrie.com\/fr\"><strong>GLOBAL INDUSTRY<\/strong>\u00a0<\/a>offers an even more representative panorama of Industry, with an amplified technological offer, geared towards the industry of the future. A winning synergy which also underlines the international character of this great gathering and naturally expands market expertise with visitors.<\/p>\n<p>This exceptional situation is an opportunity for MEASUREMENT WORLD &amp; CIM to benefit from the entire ecosystem and user markets of GLOBAL INDUSTRIE, while guaranteeing greater media coverage of events.<\/p>\n<p>&nbsp;<\/p>\n\t\t\t\t<a href=\"http:\/\/www.aste.asso.fr\/fr\/pag-1209331-INSCRIPTION-AUX-JOURNEES-DES-ESSAIS-ET-DE-LA-SIMULATION---ASTELAB-2021.html\" target=\"_blank\" rel=\"noopener\" itemprop=\"url\">\n\t\t\t\t<img loading=\"lazy\" decoding=\"async\" src=\"https:\/\/www.reseau-mesure.com\/wp-content\/uploads\/2021\/04\/MW-logo-seul-largeur-300x82.png\" alt=\"Measurement World\" itemprop=\"image\" height=\"82\" width=\"300\" title=\"MW logo only width\" onerror=\"this.style.display='none'\"  \/>\n\t\t\t\t<\/a>\n\t\t\t<a href=\"https:\/\/www.reseau-mesure.com\/wp-content\/uploads\/2021\/05\/Demande-de-participation-MW-LYON-2021-FR-6-9-sept.pdf\" target=\"_blank\" role=\"button\" rel=\"noopener\">\n\t\t\t\t\t\t\tRegistration form\n\t\t\t\t\t<\/a>\n\t\t\t\t<a href=\"https:\/\/www.reseau-mesure.com\/en\/measurement-world-2021-lyon\/\" target=\"_self\" itemprop=\"url\" rel=\"noopener\">\n\t\t\t\t<img loading=\"lazy\" decoding=\"async\" src=\"https:\/\/www.reseau-mesure.com\/wp-content\/uploads\/2020\/05\/LOGOS-PARTENAIRES.jpg\" alt=\"partenaires Measurement World 2021\" itemprop=\"image\" height=\"288\" width=\"1200\" title=\"MW2021 PARTNER LOGOS\" onerror=\"this.style.display='none'\"  \/>\n\t\t\t\t<\/a>\n\t\n\t\t\t\t<a href=\"https:\/\/www.reseau-mesure.com\/en\/evenements\/\" target=\"_blank\" rel=\"noopener\" itemprop=\"url\">\n\t\t\t\t<img loading=\"lazy\" decoding=\"async\" src=\"https:\/\/www.reseau-mesure.com\/wp-content\/uploads\/2020\/08\/Plan-de-travail-3niveau.png\" alt=\"R\u00e9seau Mesure Express Actualites\" itemprop=\"image\" height=\"3665\" width=\"5520\" title=\"Express Measurement Network News\" onerror=\"this.style.display='none'\"  \/>\n\t\t\t\t<\/a>\n\t<h1>Summer dinner<\/h1>\n\tIn view of the favorable sanitary conditions, we are pleased to invite you to meet us<br \/>\naround a cocktail party.\n\n<p>You can register with <a href=\"\/en\/eduflot@reseau-mesure.com\/\">Estelle DUFLOT<\/a>.<\/p>\n\t\t\t\t<img loading=\"lazy\" decoding=\"async\" src=\"https:\/\/www.reseau-mesure.com\/wp-content\/uploads\/2021\/06\/PHOTOS-1-300x83.jpg\" alt=\"Diner R\u00e9seau Mesure 29 juin 2021\" itemprop=\"image\" height=\"83\" width=\"300\" title=\"Measure Network Dinner June 29, 2021\" onerror=\"this.style.display='none'\"  \/>\n\t\t\t<a href=\"https:\/\/www.reseau-mesure.com\/en\/evenements\/\" target=\"_self\" role=\"button\" rel=\"noopener\">\n\t\t\t\t\t\t\tThe complete agenda of the Measurement Network\n\t\t\t\t\t<\/a>\n\t<h2>R\u00e9seau Mesure Express: news about the association&#039;s action plan<\/h2>\n\t\t\t\t<img decoding=\"async\" src=\"https:\/\/www.reseau-mesure.com\/wp-content\/plugins\/bb-plugin\/img\/pixel.png\" alt=\"\" itemprop=\"image\" onerror=\"this.style.display='none'\"  \/>","protected":false},"excerpt":{"rendered":"<p>R\u00e9seau Mesure Express June 10, 2021 June 10, 2021 A network for its members, through its members R\u00e9seau Mesure Express June 10, 2021: members can find the association&#039;s news in R\u00e9seau Mesure Express, in particular the June program. Thus, the call for papers for the Industrial Analysis show in September and the first dinner of the year ...<\/p>","protected":false},"author":685,"featured_media":0,"parent":0,"menu_order":0,"comment_status":"closed","ping_status":"closed","template":"","meta":{"_acf_changed":false,"footnotes":""},"class_list":["post-14184","page","type-page","status-publish","hentry"],"acf":[],"yoast_head":"<!-- This site is optimized with the Yoast SEO plugin v27.4 - https:\/\/yoast.com\/product\/yoast-seo-wordpress\/ -->\n<title>R\u00e9seau Mesure Express 10 juin 2021 - R\u00e9seau Mesure<\/title>\n<meta name=\"description\" content=\"R\u00e9seau Mesure Express 10 juin 2021. Appel \u00e0 communication pour le salon Analyse Industrielle les 22 et 23 septembre 2021.\" \/>\n<meta name=\"robots\" content=\"index, follow, max-snippet:-1, max-image-preview:large, max-video-preview:-1\" \/>\n<link rel=\"canonical\" href=\"https:\/\/www.reseau-mesure.com\/en\/reseau-mesure-express-10-juin-2021\/\" \/>\n<meta property=\"og:locale\" content=\"en_US\" \/>\n<meta property=\"og:type\" content=\"article\" \/>\n<meta property=\"og:title\" content=\"R\u00e9seau Mesure Express 10 juin 2021 - R\u00e9seau Mesure\" \/>\n<meta property=\"og:description\" content=\"R\u00e9seau Mesure Express 10 juin 2021. Appel \u00e0 communication pour le salon Analyse Industrielle les 22 et 23 septembre 2021.\" \/>\n<meta property=\"og:url\" content=\"https:\/\/www.reseau-mesure.com\/en\/reseau-mesure-express-10-juin-2021\/\" \/>\n<meta property=\"og:site_name\" content=\"R\u00e9seau Mesure\" \/>\n<meta property=\"article:publisher\" content=\"https:\/\/www.facebook.com\/reseaumesure\/\" \/>\n<meta property=\"article:modified_time\" content=\"2021-06-08T11:37:27+00:00\" \/>\n<meta property=\"og:image\" content=\"https:\/\/www.reseau-mesure.com\/wp-content\/uploads\/2020\/07\/20ku.jpeg\" \/>\n<meta name=\"twitter:card\" content=\"summary_large_image\" \/>\n<meta name=\"twitter:site\" content=\"@ReseauMesure\" \/>\n<meta name=\"twitter:label1\" content=\"Est. reading time\" \/>\n\t<meta name=\"twitter:data1\" content=\"6 minutes\" \/>\n<script type=\"application\/ld+json\" class=\"yoast-schema-graph\">{\"@context\":\"https:\\\/\\\/schema.org\",\"@graph\":[{\"@type\":\"WebPage\",\"@id\":\"https:\\\/\\\/www.reseau-mesure.com\\\/de\\\/reseau-mesure-express-10-juin-2021\\\/\",\"url\":\"https:\\\/\\\/www.reseau-mesure.com\\\/de\\\/reseau-mesure-express-10-juin-2021\\\/\",\"name\":\"R\u00e9seau Mesure Express 10 juin 2021 - R\u00e9seau Mesure\",\"isPartOf\":{\"@id\":\"https:\\\/\\\/www.reseau-mesure.com\\\/#website\"},\"primaryImageOfPage\":{\"@id\":\"https:\\\/\\\/www.reseau-mesure.com\\\/de\\\/reseau-mesure-express-10-juin-2021\\\/#primaryimage\"},\"image\":{\"@id\":\"https:\\\/\\\/www.reseau-mesure.com\\\/de\\\/reseau-mesure-express-10-juin-2021\\\/#primaryimage\"},\"thumbnailUrl\":\"https:\\\/\\\/www.reseau-mesure.com\\\/wp-content\\\/uploads\\\/2020\\\/07\\\/20ku.jpeg\",\"datePublished\":\"2021-06-08T09:30:09+00:00\",\"dateModified\":\"2021-06-08T11:37:27+00:00\",\"description\":\"R\u00e9seau Mesure Express 10 juin 2021. Appel \u00e0 communication pour le salon Analyse Industrielle les 22 et 23 septembre 2021.\",\"breadcrumb\":{\"@id\":\"https:\\\/\\\/www.reseau-mesure.com\\\/de\\\/reseau-mesure-express-10-juin-2021\\\/#breadcrumb\"},\"inLanguage\":\"en-US\",\"potentialAction\":[{\"@type\":\"ReadAction\",\"target\":[\"https:\\\/\\\/www.reseau-mesure.com\\\/de\\\/reseau-mesure-express-10-juin-2021\\\/\"]}]},{\"@type\":\"ImageObject\",\"inLanguage\":\"en-US\",\"@id\":\"https:\\\/\\\/www.reseau-mesure.com\\\/de\\\/reseau-mesure-express-10-juin-2021\\\/#primaryimage\",\"url\":\"https:\\\/\\\/www.reseau-mesure.com\\\/wp-content\\\/uploads\\\/2020\\\/07\\\/20ku.jpeg\",\"contentUrl\":\"https:\\\/\\\/www.reseau-mesure.com\\\/wp-content\\\/uploads\\\/2020\\\/07\\\/20ku.jpeg\"},{\"@type\":\"BreadcrumbList\",\"@id\":\"https:\\\/\\\/www.reseau-mesure.com\\\/de\\\/reseau-mesure-express-10-juin-2021\\\/#breadcrumb\",\"itemListElement\":[{\"@type\":\"ListItem\",\"position\":1,\"name\":\"Accueil\",\"item\":\"https:\\\/\\\/www.reseau-mesure.com\\\/\"},{\"@type\":\"ListItem\",\"position\":2,\"name\":\"R\u00e9seau Mesure Express-20210610\"}]},{\"@type\":\"WebSite\",\"@id\":\"https:\\\/\\\/www.reseau-mesure.com\\\/#website\",\"url\":\"https:\\\/\\\/www.reseau-mesure.com\\\/\",\"name\":\"R\u00e9seau-Mesure\",\"description\":\"R\u00e9seau Mesure\",\"publisher\":{\"@id\":\"https:\\\/\\\/www.reseau-mesure.com\\\/#organization\"},\"potentialAction\":[{\"@type\":\"SearchAction\",\"target\":{\"@type\":\"EntryPoint\",\"urlTemplate\":\"https:\\\/\\\/www.reseau-mesure.com\\\/?s={search_term_string}\"},\"query-input\":{\"@type\":\"PropertyValueSpecification\",\"valueRequired\":true,\"valueName\":\"search_term_string\"}}],\"inLanguage\":\"en-US\"},{\"@type\":\"Organization\",\"@id\":\"https:\\\/\\\/www.reseau-mesure.com\\\/#organization\",\"name\":\"R\u00e9seau-Mesure\",\"url\":\"https:\\\/\\\/www.reseau-mesure.com\\\/\",\"logo\":{\"@type\":\"ImageObject\",\"inLanguage\":\"en-US\",\"@id\":\"https:\\\/\\\/www.reseau-mesure.com\\\/#\\\/schema\\\/logo\\\/image\\\/\",\"url\":\"https:\\\/\\\/www.reseau-mesure.com\\\/wp-content\\\/uploads\\\/2018\\\/02\\\/logo-max.png\",\"contentUrl\":\"https:\\\/\\\/www.reseau-mesure.com\\\/wp-content\\\/uploads\\\/2018\\\/02\\\/logo-max.png\",\"width\":545,\"height\":285,\"caption\":\"R\u00e9seau-Mesure\"},\"image\":{\"@id\":\"https:\\\/\\\/www.reseau-mesure.com\\\/#\\\/schema\\\/logo\\\/image\\\/\"},\"sameAs\":[\"https:\\\/\\\/www.facebook.com\\\/reseaumesure\\\/\",\"https:\\\/\\\/x.com\\\/ReseauMesure\",\"https:\\\/\\\/www.linkedin.com\\\/company\\\/reseau-mesure\\\/\"]}]}<\/script>\n<!-- \/ Yoast SEO plugin. -->","yoast_head_json":{"title":"R\u00e9seau Mesure Express 10 juin 2021 - R\u00e9seau Mesure","description":"R\u00e9seau Mesure Express 10 juin 2021. Appel \u00e0 communication pour le salon Analyse Industrielle les 22 et 23 septembre 2021.","robots":{"index":"index","follow":"follow","max-snippet":"max-snippet:-1","max-image-preview":"max-image-preview:large","max-video-preview":"max-video-preview:-1"},"canonical":"https:\/\/www.reseau-mesure.com\/en\/reseau-mesure-express-10-juin-2021\/","og_locale":"en_US","og_type":"article","og_title":"R\u00e9seau Mesure Express 10 juin 2021 - R\u00e9seau Mesure","og_description":"R\u00e9seau Mesure Express 10 juin 2021. Appel \u00e0 communication pour le salon Analyse Industrielle les 22 et 23 septembre 2021.","og_url":"https:\/\/www.reseau-mesure.com\/en\/reseau-mesure-express-10-juin-2021\/","og_site_name":"R\u00e9seau Mesure","article_publisher":"https:\/\/www.facebook.com\/reseaumesure\/","article_modified_time":"2021-06-08T11:37:27+00:00","og_image":[{"url":"https:\/\/www.reseau-mesure.com\/wp-content\/uploads\/2020\/07\/20ku.jpeg","type":"","width":"","height":""}],"twitter_card":"summary_large_image","twitter_site":"@ReseauMesure","twitter_misc":{"Est. reading time":"6 minutes"},"schema":{"@context":"https:\/\/schema.org","@graph":[{"@type":"WebPage","@id":"https:\/\/www.reseau-mesure.com\/de\/reseau-mesure-express-10-juin-2021\/","url":"https:\/\/www.reseau-mesure.com\/de\/reseau-mesure-express-10-juin-2021\/","name":"R\u00e9seau Mesure Express 10 juin 2021 - R\u00e9seau Mesure","isPartOf":{"@id":"https:\/\/www.reseau-mesure.com\/#website"},"primaryImageOfPage":{"@id":"https:\/\/www.reseau-mesure.com\/de\/reseau-mesure-express-10-juin-2021\/#primaryimage"},"image":{"@id":"https:\/\/www.reseau-mesure.com\/de\/reseau-mesure-express-10-juin-2021\/#primaryimage"},"thumbnailUrl":"https:\/\/www.reseau-mesure.com\/wp-content\/uploads\/2020\/07\/20ku.jpeg","datePublished":"2021-06-08T09:30:09+00:00","dateModified":"2021-06-08T11:37:27+00:00","description":"R\u00e9seau Mesure Express 10 juin 2021. Appel \u00e0 communication pour le salon Analyse Industrielle les 22 et 23 septembre 2021.","breadcrumb":{"@id":"https:\/\/www.reseau-mesure.com\/de\/reseau-mesure-express-10-juin-2021\/#breadcrumb"},"inLanguage":"en-US","potentialAction":[{"@type":"ReadAction","target":["https:\/\/www.reseau-mesure.com\/de\/reseau-mesure-express-10-juin-2021\/"]}]},{"@type":"ImageObject","inLanguage":"en-US","@id":"https:\/\/www.reseau-mesure.com\/de\/reseau-mesure-express-10-juin-2021\/#primaryimage","url":"https:\/\/www.reseau-mesure.com\/wp-content\/uploads\/2020\/07\/20ku.jpeg","contentUrl":"https:\/\/www.reseau-mesure.com\/wp-content\/uploads\/2020\/07\/20ku.jpeg"},{"@type":"BreadcrumbList","@id":"https:\/\/www.reseau-mesure.com\/de\/reseau-mesure-express-10-juin-2021\/#breadcrumb","itemListElement":[{"@type":"ListItem","position":1,"name":"Accueil","item":"https:\/\/www.reseau-mesure.com\/"},{"@type":"ListItem","position":2,"name":"R\u00e9seau Mesure Express-20210610"}]},{"@type":"WebSite","@id":"https:\/\/www.reseau-mesure.com\/#website","url":"https:\/\/www.reseau-mesure.com\/","name":"R\u00e9seau-Mesure","description":"Network Measure","publisher":{"@id":"https:\/\/www.reseau-mesure.com\/#organization"},"potentialAction":[{"@type":"SearchAction","target":{"@type":"EntryPoint","urlTemplate":"https:\/\/www.reseau-mesure.com\/?s={search_term_string}"},"query-input":{"@type":"PropertyValueSpecification","valueRequired":true,"valueName":"search_term_string"}}],"inLanguage":"en-US"},{"@type":"Organization","@id":"https:\/\/www.reseau-mesure.com\/#organization","name":"R\u00e9seau-Mesure","url":"https:\/\/www.reseau-mesure.com\/","logo":{"@type":"ImageObject","inLanguage":"en-US","@id":"https:\/\/www.reseau-mesure.com\/#\/schema\/logo\/image\/","url":"https:\/\/www.reseau-mesure.com\/wp-content\/uploads\/2018\/02\/logo-max.png","contentUrl":"https:\/\/www.reseau-mesure.com\/wp-content\/uploads\/2018\/02\/logo-max.png","width":545,"height":285,"caption":"R\u00e9seau-Mesure"},"image":{"@id":"https:\/\/www.reseau-mesure.com\/#\/schema\/logo\/image\/"},"sameAs":["https:\/\/www.facebook.com\/reseaumesure\/","https:\/\/x.com\/ReseauMesure","https:\/\/www.linkedin.com\/company\/reseau-mesure\/"]}]}},"_links":{"self":[{"href":"https:\/\/www.reseau-mesure.com\/en\/wp-json\/wp\/v2\/pages\/14184","targetHints":{"allow":["GET"]}}],"collection":[{"href":"https:\/\/www.reseau-mesure.com\/en\/wp-json\/wp\/v2\/pages"}],"about":[{"href":"https:\/\/www.reseau-mesure.com\/en\/wp-json\/wp\/v2\/types\/page"}],"author":[{"embeddable":true,"href":"https:\/\/www.reseau-mesure.com\/en\/wp-json\/wp\/v2\/users\/685"}],"replies":[{"embeddable":true,"href":"https:\/\/www.reseau-mesure.com\/en\/wp-json\/wp\/v2\/comments?post=14184"}],"version-history":[{"count":0,"href":"https:\/\/www.reseau-mesure.com\/en\/wp-json\/wp\/v2\/pages\/14184\/revisions"}],"wp:attachment":[{"href":"https:\/\/www.reseau-mesure.com\/en\/wp-json\/wp\/v2\/media?parent=14184"}],"curies":[{"name":"wp","href":"https:\/\/api.w.org\/{rel}","templated":true}]}}