{"id":14759,"date":"2021-08-23T10:19:27","date_gmt":"2021-08-23T08:19:27","guid":{"rendered":"https:\/\/www.reseau-mesure.com\/?page_id=14759"},"modified":"2021-08-31T15:08:57","modified_gmt":"2021-08-31T13:08:57","slug":"reseau-mesure-express-2-septembre-2021","status":"publish","type":"page","link":"https:\/\/www.reseau-mesure.com\/en\/reseau-mesure-express-2-septembre-2021\/","title":{"rendered":"Express Measurement Network-20210902"},"content":{"rendered":"<img loading=\"lazy\" decoding=\"async\" src=\"https:\/\/www.reseau-mesure.com\/wp-content\/uploads\/2020\/07\/20ku.jpeg\" alt=\"R\u00e9seau Mesure Express\" itemprop=\"image\" height=\"300\" width=\"970\" title=\"Express Measurement Network Header\" onerror=\"this.style.display='none'\"  \/>\n<h1>\n\t\tR\u00e9seau Mesure Express September 2, 2021\n\t<\/h1>\n<h2>\n\t\t<a href=\"https:\/\/www.reseau-mesure.com\/en\/le-reseau-mesure-2\/\" title=\"02.09.2021\" target=\"_blank\" rel=\"noopener\">\n\t\t02.09.2021\n\t\t<\/a>\n\t<\/h2>\n\t<h3><strong>A network for its members, through its members<\/strong><\/h3>\n\t<p>R\u00e9seau Mesure Express September 2, 2021: members can find the news of the association in R\u00e9seau Mesure Express.<\/p>\n<p>A word from the president: an active return to school<\/p>\n<h2>\n\t\t<a href=\"https:\/\/www.reseau-mesure.com\/en\/\" title=\"A word from the President\" target=\"_blank\" rel=\"noopener\">\n\t\tA word from the President\n\t\t<\/a>\n\t<\/h2>\n\t<p>Dear members, dear members,<\/p>\n<p>I am very happy to have you back for an active and full of promise back to school. After the trying period that we have just gone through, many indicators lead us to believe that a new dynamic is in the process of being set in motion. It gives us the opportunity to meet again in a more serene way and to exchange face-to-face again, especially during the many trade shows at which we will be present from the beginning of September.<\/p>\n<p>This health crisis has destabilized us all but also allowed us to understand a new shift, particularly via digital communication. The challenge now is to keep and develop the best, while preserving the keys to the successes achieved.<\/p>\n<p>As I proposed during our last General Assembly, the Bureau and the Board of Directors are working to enrich the strategy and the action plan of the association. Each of us is an essential player in the functioning of the Measurement Network, whatever his action. You have been very active in the various workshops and working groups in recent months and I hope that we will continue to respond to the principle of a Network of Measurement Specialists For its members, By its members. We want to keep the fundamentals of the Measurement Network while refining our vision: a dynamic network that makes it possible to increase the competitiveness of measurement companies in a friendly setting.<\/p>\n<p>It is important to ensure the financial sustainability of the association and to be in tune with the times.<\/p>\n<p>There are many challenges: revitalizing trade shows, developing our partnerships according to needs and constraints, combining digital and face-to-face\u2026..<\/p>\n<p>&nbsp;<\/p>\n<p>I want us to work as a team with pleasure and listen to you in order to best meet your development challenges.<\/p>\n<p>I wish you a wonderful return to school,<\/p>\n<p>&nbsp;<\/p>\n<p>Yours,<\/p>\n<p>&nbsp;<\/p>\n<p>Claunel Massies \u2013 WIKA Instruments<\/p>\n<p>President of the Measurement Network<\/p>\n\t\t\t\t<a href=\"https:\/\/www.linkedin.com\/in\/claunelmassies\/\" target=\"_blank\" rel=\"noopener\" itemprop=\"url\">\n\t\t\t\t<img loading=\"lazy\" decoding=\"async\" src=\"https:\/\/www.reseau-mesure.com\/wp-content\/uploads\/2021\/07\/2021-portrait.jpg\" alt=\"Claunel Massies\" itemprop=\"image\" height=\"411\" width=\"371\" title=\"Claunel Massies 2021 portrait\" onerror=\"this.style.display='none'\"  \/>\n\t\t\t\t<\/a>\n\t\t\t\t<a href=\"https:\/\/www.reseau-mesure.com\/en\/adherent\/wika-instruments\/\" target=\"_blank\" rel=\"noopener\" itemprop=\"url\">\n\t\t\t\t<img loading=\"lazy\" decoding=\"async\" src=\"https:\/\/www.reseau-mesure.com\/wp-content\/uploads\/2019\/05\/2000px-WIKA_Logo.svg_-300x104.png\" alt=\"WIKA\" itemprop=\"image\" height=\"104\" width=\"300\" title=\"2000px-WIKA_Logo.svg_.png\" onerror=\"this.style.display='none'\"  \/>\n\t\t\t\t<\/a>\n\t\t\t<a href=\"https:\/\/www.reseau-mesure.com\/en\/evenements\/\" target=\"_blank\" role=\"button\" rel=\"noopener\">\n\t\t\t\t\t\t\tThe complete agenda of the Measurement Network\n\t\t\t\t\t<\/a>\n\t<h2>R\u00e9seau Mesure Express: news about the association&#039;s action plan<\/h2>","protected":false},"excerpt":{"rendered":"<p>R\u00e9seau Mesure Express September 2, 2021 09.02.2021 A network for its members, through its members R\u00e9seau Mesure Express September 2, 2021: members can find news from the association in R\u00e9seau Mesure Express. A word from the president: an active return to school A word from the President Dear members, I am very happy to meet you ...<\/p>","protected":false},"author":720,"featured_media":0,"parent":0,"menu_order":0,"comment_status":"closed","ping_status":"closed","template":"","meta":{"_acf_changed":false,"footnotes":""},"class_list":["post-14759","page","type-page","status-publish","hentry"],"acf":[],"yoast_head":"<!-- This site is optimized with the Yoast SEO plugin v27.5 - https:\/\/yoast.com\/product\/yoast-seo-wordpress\/ -->\n<title>R\u00e9seau Express 2 septembre 2021 - R\u00e9seau Mesure<\/title>\n<meta name=\"description\" content=\"R\u00e9seau Mesure Express 2 septembre 2021. Le mot de rentr\u00e9e du Pr\u00e9sident ! Un r\u00e9seau par les adh\u00e9rents pour les adh\u00e9rents. Une rentr\u00e9e active.\" \/>\n<meta name=\"robots\" content=\"index, follow, max-snippet:-1, max-image-preview:large, max-video-preview:-1\" \/>\n<link rel=\"canonical\" href=\"https:\/\/www.reseau-mesure.com\/en\/reseau-mesure-express-2-septembre-2021\/\" \/>\n<meta property=\"og:locale\" content=\"en_US\" \/>\n<meta property=\"og:type\" content=\"article\" \/>\n<meta property=\"og:title\" content=\"R\u00e9seau Express 2 septembre 2021 - R\u00e9seau Mesure\" \/>\n<meta property=\"og:description\" content=\"R\u00e9seau Mesure Express 2 septembre 2021. Le mot de rentr\u00e9e du Pr\u00e9sident ! Un r\u00e9seau par les adh\u00e9rents pour les adh\u00e9rents. Une rentr\u00e9e active.\" \/>\n<meta property=\"og:url\" content=\"https:\/\/www.reseau-mesure.com\/en\/reseau-mesure-express-2-septembre-2021\/\" \/>\n<meta property=\"og:site_name\" content=\"R\u00e9seau Mesure\" \/>\n<meta property=\"article:publisher\" content=\"https:\/\/www.facebook.com\/reseaumesure\/\" \/>\n<meta property=\"article:modified_time\" content=\"2021-08-31T13:08:57+00:00\" \/>\n<meta property=\"og:image\" content=\"https:\/\/www.reseau-mesure.com\/wp-content\/uploads\/2020\/07\/20ku.jpeg\" \/>\n<meta name=\"twitter:card\" content=\"summary_large_image\" \/>\n<meta name=\"twitter:site\" content=\"@ReseauMesure\" \/>\n<meta name=\"twitter:label1\" content=\"Est. reading time\" \/>\n\t<meta name=\"twitter:data1\" content=\"3 minutes\" \/>\n<script type=\"application\/ld+json\" class=\"yoast-schema-graph\">{\"@context\":\"https:\\\/\\\/schema.org\",\"@graph\":[{\"@type\":\"WebPage\",\"@id\":\"https:\\\/\\\/www.reseau-mesure.com\\\/de\\\/reseau-mesure-express-2-septembre-2021\\\/\",\"url\":\"https:\\\/\\\/www.reseau-mesure.com\\\/de\\\/reseau-mesure-express-2-septembre-2021\\\/\",\"name\":\"R\u00e9seau Express 2 septembre 2021 - R\u00e9seau Mesure\",\"isPartOf\":{\"@id\":\"https:\\\/\\\/www.reseau-mesure.com\\\/#website\"},\"primaryImageOfPage\":{\"@id\":\"https:\\\/\\\/www.reseau-mesure.com\\\/de\\\/reseau-mesure-express-2-septembre-2021\\\/#primaryimage\"},\"image\":{\"@id\":\"https:\\\/\\\/www.reseau-mesure.com\\\/de\\\/reseau-mesure-express-2-septembre-2021\\\/#primaryimage\"},\"thumbnailUrl\":\"https:\\\/\\\/www.reseau-mesure.com\\\/wp-content\\\/uploads\\\/2020\\\/07\\\/20ku.jpeg\",\"datePublished\":\"2021-08-23T08:19:27+00:00\",\"dateModified\":\"2021-08-31T13:08:57+00:00\",\"description\":\"R\u00e9seau Mesure Express 2 septembre 2021. Le mot de rentr\u00e9e du Pr\u00e9sident ! Un r\u00e9seau par les adh\u00e9rents pour les adh\u00e9rents. Une rentr\u00e9e active.\",\"breadcrumb\":{\"@id\":\"https:\\\/\\\/www.reseau-mesure.com\\\/de\\\/reseau-mesure-express-2-septembre-2021\\\/#breadcrumb\"},\"inLanguage\":\"en-US\",\"potentialAction\":[{\"@type\":\"ReadAction\",\"target\":[\"https:\\\/\\\/www.reseau-mesure.com\\\/de\\\/reseau-mesure-express-2-septembre-2021\\\/\"]}]},{\"@type\":\"ImageObject\",\"inLanguage\":\"en-US\",\"@id\":\"https:\\\/\\\/www.reseau-mesure.com\\\/de\\\/reseau-mesure-express-2-septembre-2021\\\/#primaryimage\",\"url\":\"https:\\\/\\\/www.reseau-mesure.com\\\/wp-content\\\/uploads\\\/2020\\\/07\\\/20ku.jpeg\",\"contentUrl\":\"https:\\\/\\\/www.reseau-mesure.com\\\/wp-content\\\/uploads\\\/2020\\\/07\\\/20ku.jpeg\"},{\"@type\":\"BreadcrumbList\",\"@id\":\"https:\\\/\\\/www.reseau-mesure.com\\\/de\\\/reseau-mesure-express-2-septembre-2021\\\/#breadcrumb\",\"itemListElement\":[{\"@type\":\"ListItem\",\"position\":1,\"name\":\"Accueil\",\"item\":\"https:\\\/\\\/www.reseau-mesure.com\\\/\"},{\"@type\":\"ListItem\",\"position\":2,\"name\":\"R\u00e9seau Mesure Express-20210902\"}]},{\"@type\":\"WebSite\",\"@id\":\"https:\\\/\\\/www.reseau-mesure.com\\\/#website\",\"url\":\"https:\\\/\\\/www.reseau-mesure.com\\\/\",\"name\":\"R\u00e9seau-Mesure\",\"description\":\"R\u00e9seau Mesure\",\"publisher\":{\"@id\":\"https:\\\/\\\/www.reseau-mesure.com\\\/#organization\"},\"potentialAction\":[{\"@type\":\"SearchAction\",\"target\":{\"@type\":\"EntryPoint\",\"urlTemplate\":\"https:\\\/\\\/www.reseau-mesure.com\\\/?s={search_term_string}\"},\"query-input\":{\"@type\":\"PropertyValueSpecification\",\"valueRequired\":true,\"valueName\":\"search_term_string\"}}],\"inLanguage\":\"en-US\"},{\"@type\":\"Organization\",\"@id\":\"https:\\\/\\\/www.reseau-mesure.com\\\/#organization\",\"name\":\"R\u00e9seau-Mesure\",\"url\":\"https:\\\/\\\/www.reseau-mesure.com\\\/\",\"logo\":{\"@type\":\"ImageObject\",\"inLanguage\":\"en-US\",\"@id\":\"https:\\\/\\\/www.reseau-mesure.com\\\/#\\\/schema\\\/logo\\\/image\\\/\",\"url\":\"https:\\\/\\\/www.reseau-mesure.com\\\/wp-content\\\/uploads\\\/2018\\\/02\\\/logo-max.png\",\"contentUrl\":\"https:\\\/\\\/www.reseau-mesure.com\\\/wp-content\\\/uploads\\\/2018\\\/02\\\/logo-max.png\",\"width\":545,\"height\":285,\"caption\":\"R\u00e9seau-Mesure\"},\"image\":{\"@id\":\"https:\\\/\\\/www.reseau-mesure.com\\\/#\\\/schema\\\/logo\\\/image\\\/\"},\"sameAs\":[\"https:\\\/\\\/www.facebook.com\\\/reseaumesure\\\/\",\"https:\\\/\\\/x.com\\\/ReseauMesure\",\"https:\\\/\\\/www.linkedin.com\\\/company\\\/reseau-mesure\\\/\"]}]}<\/script>\n<!-- \/ Yoast SEO plugin. -->","yoast_head_json":{"title":"R\u00e9seau Express 2 septembre 2021 - R\u00e9seau Mesure","description":"R\u00e9seau Mesure Express 2 septembre 2021. Le mot de rentr\u00e9e du Pr\u00e9sident ! Un r\u00e9seau par les adh\u00e9rents pour les adh\u00e9rents. Une rentr\u00e9e active.","robots":{"index":"index","follow":"follow","max-snippet":"max-snippet:-1","max-image-preview":"max-image-preview:large","max-video-preview":"max-video-preview:-1"},"canonical":"https:\/\/www.reseau-mesure.com\/en\/reseau-mesure-express-2-septembre-2021\/","og_locale":"en_US","og_type":"article","og_title":"R\u00e9seau Express 2 septembre 2021 - R\u00e9seau Mesure","og_description":"R\u00e9seau Mesure Express 2 septembre 2021. Le mot de rentr\u00e9e du Pr\u00e9sident ! Un r\u00e9seau par les adh\u00e9rents pour les adh\u00e9rents. Une rentr\u00e9e active.","og_url":"https:\/\/www.reseau-mesure.com\/en\/reseau-mesure-express-2-septembre-2021\/","og_site_name":"R\u00e9seau Mesure","article_publisher":"https:\/\/www.facebook.com\/reseaumesure\/","article_modified_time":"2021-08-31T13:08:57+00:00","og_image":[{"url":"https:\/\/www.reseau-mesure.com\/wp-content\/uploads\/2020\/07\/20ku.jpeg","type":"","width":"","height":""}],"twitter_card":"summary_large_image","twitter_site":"@ReseauMesure","twitter_misc":{"Est. reading time":"3 minutes"},"schema":{"@context":"https:\/\/schema.org","@graph":[{"@type":"WebPage","@id":"https:\/\/www.reseau-mesure.com\/de\/reseau-mesure-express-2-septembre-2021\/","url":"https:\/\/www.reseau-mesure.com\/de\/reseau-mesure-express-2-septembre-2021\/","name":"R\u00e9seau Express 2 septembre 2021 - R\u00e9seau Mesure","isPartOf":{"@id":"https:\/\/www.reseau-mesure.com\/#website"},"primaryImageOfPage":{"@id":"https:\/\/www.reseau-mesure.com\/de\/reseau-mesure-express-2-septembre-2021\/#primaryimage"},"image":{"@id":"https:\/\/www.reseau-mesure.com\/de\/reseau-mesure-express-2-septembre-2021\/#primaryimage"},"thumbnailUrl":"https:\/\/www.reseau-mesure.com\/wp-content\/uploads\/2020\/07\/20ku.jpeg","datePublished":"2021-08-23T08:19:27+00:00","dateModified":"2021-08-31T13:08:57+00:00","description":"R\u00e9seau Mesure Express 2 septembre 2021. Le mot de rentr\u00e9e du Pr\u00e9sident ! Un r\u00e9seau par les adh\u00e9rents pour les adh\u00e9rents. Une rentr\u00e9e active.","breadcrumb":{"@id":"https:\/\/www.reseau-mesure.com\/de\/reseau-mesure-express-2-septembre-2021\/#breadcrumb"},"inLanguage":"en-US","potentialAction":[{"@type":"ReadAction","target":["https:\/\/www.reseau-mesure.com\/de\/reseau-mesure-express-2-septembre-2021\/"]}]},{"@type":"ImageObject","inLanguage":"en-US","@id":"https:\/\/www.reseau-mesure.com\/de\/reseau-mesure-express-2-septembre-2021\/#primaryimage","url":"https:\/\/www.reseau-mesure.com\/wp-content\/uploads\/2020\/07\/20ku.jpeg","contentUrl":"https:\/\/www.reseau-mesure.com\/wp-content\/uploads\/2020\/07\/20ku.jpeg"},{"@type":"BreadcrumbList","@id":"https:\/\/www.reseau-mesure.com\/de\/reseau-mesure-express-2-septembre-2021\/#breadcrumb","itemListElement":[{"@type":"ListItem","position":1,"name":"Accueil","item":"https:\/\/www.reseau-mesure.com\/"},{"@type":"ListItem","position":2,"name":"R\u00e9seau Mesure Express-20210902"}]},{"@type":"WebSite","@id":"https:\/\/www.reseau-mesure.com\/#website","url":"https:\/\/www.reseau-mesure.com\/","name":"R\u00e9seau-Mesure","description":"Network Measure","publisher":{"@id":"https:\/\/www.reseau-mesure.com\/#organization"},"potentialAction":[{"@type":"SearchAction","target":{"@type":"EntryPoint","urlTemplate":"https:\/\/www.reseau-mesure.com\/?s={search_term_string}"},"query-input":{"@type":"PropertyValueSpecification","valueRequired":true,"valueName":"search_term_string"}}],"inLanguage":"en-US"},{"@type":"Organization","@id":"https:\/\/www.reseau-mesure.com\/#organization","name":"R\u00e9seau-Mesure","url":"https:\/\/www.reseau-mesure.com\/","logo":{"@type":"ImageObject","inLanguage":"en-US","@id":"https:\/\/www.reseau-mesure.com\/#\/schema\/logo\/image\/","url":"https:\/\/www.reseau-mesure.com\/wp-content\/uploads\/2018\/02\/logo-max.png","contentUrl":"https:\/\/www.reseau-mesure.com\/wp-content\/uploads\/2018\/02\/logo-max.png","width":545,"height":285,"caption":"R\u00e9seau-Mesure"},"image":{"@id":"https:\/\/www.reseau-mesure.com\/#\/schema\/logo\/image\/"},"sameAs":["https:\/\/www.facebook.com\/reseaumesure\/","https:\/\/x.com\/ReseauMesure","https:\/\/www.linkedin.com\/company\/reseau-mesure\/"]}]}},"_links":{"self":[{"href":"https:\/\/www.reseau-mesure.com\/en\/wp-json\/wp\/v2\/pages\/14759","targetHints":{"allow":["GET"]}}],"collection":[{"href":"https:\/\/www.reseau-mesure.com\/en\/wp-json\/wp\/v2\/pages"}],"about":[{"href":"https:\/\/www.reseau-mesure.com\/en\/wp-json\/wp\/v2\/types\/page"}],"author":[{"embeddable":true,"href":"https:\/\/www.reseau-mesure.com\/en\/wp-json\/wp\/v2\/users\/720"}],"replies":[{"embeddable":true,"href":"https:\/\/www.reseau-mesure.com\/en\/wp-json\/wp\/v2\/comments?post=14759"}],"version-history":[{"count":0,"href":"https:\/\/www.reseau-mesure.com\/en\/wp-json\/wp\/v2\/pages\/14759\/revisions"}],"wp:attachment":[{"href":"https:\/\/www.reseau-mesure.com\/en\/wp-json\/wp\/v2\/media?parent=14759"}],"curies":[{"name":"wp","href":"https:\/\/api.w.org\/{rel}","templated":true}]}}