{"id":16065,"date":"2022-02-07T12:25:00","date_gmt":"2022-02-07T11:25:00","guid":{"rendered":"https:\/\/www.reseau-mesure.com\/?page_id=16065"},"modified":"2022-02-08T14:39:09","modified_gmt":"2022-02-08T13:39:09","slug":"reseau-mesure-express-10-fevrier-2022","status":"publish","type":"page","link":"https:\/\/www.reseau-mesure.com\/en\/reseau-mesure-express-10-fevrier-2022\/","title":{"rendered":"Network Measurement Express-20220210"},"content":{"rendered":"<img loading=\"lazy\" decoding=\"async\" src=\"https:\/\/www.reseau-mesure.com\/wp-content\/uploads\/2020\/07\/20ku.jpeg\" alt=\"R\u00e9seau Mesure Express\" itemprop=\"image\" height=\"300\" width=\"970\" title=\"Express Measurement Network Header\" onerror=\"this.style.display='none'\">\n<h1>\n\t\tExpress Measurement Network February 10, 2022\n\t<\/h1>\n<h2>\n\t\t<a href=\"https:\/\/www.reseau-mesure.com\/en\/le-reseau-mesure-2\/\" title=\"10.02.2022\" target=\"_blank\" rel=\"noopener\">\n\t\t10.02.2022\n\t\t<\/a>\n\t<\/h2>\n\t<h3><strong>A network for its members, through its members<\/strong><\/h3>\n\t<p>R\u00e9seau Mesure Express 10 f\u00e9vrier 2022 : les adh\u00e9rents peuvent retrouver l&rsquo;actualit\u00e9 de l&rsquo;association dans R\u00e9seau Mesure Express.<\/p>\n<p>Exhibitions dedicated to measurement in 2022.<\/p>\n<h2>\n\t\t<a href=\"https:\/\/www.reseau-mesure.com\/wp-content\/uploads\/2021\/06\/PLAN-MEDIA-2022-RESEAU-MESURE.pdf\" title=\"An extended early bird rate for members of the Measurement Network\" target=\"_blank\" rel=\"noopener\">\n\t\tAn extended early bird rate for members of the Measurement Network\n\t\t<\/a>\n\t<\/h2>\n\t<h2>Global Industrie develops its measurement universe by integrating Measurement World 2022<\/h2>\n\t<p>&nbsp;<\/p>\n<h2>From May 17 to 20, 2022, Paris Nord-Villepinte<\/h2>\n<p>In 2022, <strong>Measurement World<\/strong>, rendez-vous international des acteurs de la mesure (analyse \/ contr\u00f4le \/optique \/ process \/ vision), vient renforcer l&rsquo;univers de la mesure historiquement pr\u00e9sent sur <a href=\"https:\/\/global-industrie.com\/fr\">Global Industry<\/a>. In addition to this specialized offer, exclusive content will be offered, the <a href=\"https:\/\/www.gasanalysisevent.com\/\">International GAS Analysis Symposium 2022.<\/a><\/p>\n<p><strong>A market context that creates new opportunities<\/strong><\/p>\n<p>In 2022, <strong>Measurement World s&rsquo;imbrique enti\u00e8rement dans Global Industrie \u00e0 Paris<\/strong>. Cet univers \u00e9largi r\u00e9unit utilisateurs industriels, experts, universitaires, fabricants, prestataires, laboratoires internationaux et institutionnels , et valorise les savoir-faire technologiques fran\u00e7ais et europ\u00e9ens en particulier ceux li\u00e9s \u00e0 l&rsquo;instrumentation, \u00e0 la m\u00e9trologie et \u00e0 l&rsquo;analyse. \u00c9galement tremplin de lancement des innovations et outil de veille, c&rsquo;est une occasion unique de voir, toucher et comprendre l&rsquo;\u00e9tendue des solutions technologiques et tous les apports de la mesure (contr\u00f4le, optimisation, productivit\u00e9, qualit\u00e9, fiabilit\u00e9, valorisation des donn\u00e9es&#8230;), \u00e0 destination de tous les secteurs industriels.<\/p>\n<p><strong>Place d&rsquo;\u00e9changes et de rencontres entre l&rsquo;industrie et la recherche.<\/strong><\/p>\nFor this edition, the <strong>CFM (French College of Metrology) organizes the International Symposium GAS Analysis 2022<\/strong>, auquel assisteront 300 participants, issus des laboratoires de recherche en m\u00e9trologie et des utilisateurs grands comptes du secteur de l&rsquo;analyse des gaz.<br>\nPer\u00e7u comme le meilleur forum d&rsquo;\u00e9change sur les derni\u00e8res avanc\u00e9es de pointe et applications dans l&rsquo;industrie, GAS Analysis attire experts, d\u00e9cideurs r\u00e8glementaires, responsables techniques,<br>\nlaboratoires de recherche, fabricants et utilisateurs industriels. Le symposium sera orchestr\u00e9 sous 3 axes d&rsquo;applications principaux : Environnement, \u00c9nergie\/BioGaz et Sant\u00e9.<br>\nMade up of conferences, tutorials, an exhibition area within the show and social networking events, the program will take stock of the latest advances in gas metrology, energy transition, industrial innovation. and air quality.<br>\nIn parallel, during 4 days, a program of technical conferences in free access, will be animated by EMVA (European Machine Vision Association), the LCIE BUREAU VERITAS and the CFM (French College of Metrology).\n<p>&nbsp;<\/p>\n<p>&nbsp;<\/p>\n\t\t\t\t<a href=\"https:\/\/www.reseau-mesure.com\/en\/measurement-world-2022\/\" target=\"_blank\" rel=\"noopener\" itemprop=\"url\">\n\t\t\t\t<img loading=\"lazy\" decoding=\"async\" src=\"https:\/\/www.reseau-mesure.com\/wp-content\/uploads\/2022\/02\/photo-du-dossier-inscription-209x300.png\" alt=\"Measurement World - Global Industrie\" itemprop=\"image\" height=\"300\" width=\"209\" title=\"Measurement World - Global Industry\" onerror=\"this.style.display='none'\">\n\t\t\t\t<\/a>\n\t\t\t<a href=\"https:\/\/www.reseau-mesure.com\/wp-content\/uploads\/2022\/02\/DOSSIER-INSCRIPTION-MW-ADHTS-RM-2022.pdf\" target=\"_blank\" role=\"button\" rel=\"noopener\">\n\t\t\t\t\t\t\tT\u00e9l\u00e9chargez le dossier d&rsquo;inscription\n\t\t\t\t\t<\/a>\n\t<p>&nbsp;<\/p>\n<p><strong>Les adh\u00e9rents du R\u00e9seau Mesure b\u00e9n\u00e9ficient d&rsquo;un tarif early bird (-6%) jusqu&rsquo;au 31 mars 2022 pour toute inscription sur Measurement World 2022 au sein de Global Industrie.<\/strong><\/p>\n<h2>\n\t\t<a href=\"https:\/\/mesures-solutions-expo.fr\/\" title=\"You haven&#039;t reserved your space on Mesures Solutions EXPO 2022 yet?\" target=\"_blank\" rel=\"noopener\">\n\t\tVous n&rsquo;avez pas encore r\u00e9serv\u00e9 votre emplacement sur Mesures Solutions EXPO 2022 ?\n\t\t<\/a>\n\t<\/h2>\n\t\t\t\t<a href=\"https:\/\/mesures-solutions-expo.fr\/\" target=\"_blank\" rel=\"noopener\" itemprop=\"url\">\n\t\t\t\t<img loading=\"lazy\" decoding=\"async\" src=\"https:\/\/www.reseau-mesure.com\/wp-content\/uploads\/2021\/10\/logo-mse-2022-v.cso_.jpg\" alt=\"Mesures Solutions EXPO 2022\" itemprop=\"image\" height=\"563\" width=\"1046\" title=\"mse 2022 logo\" onerror=\"this.style.display='none'\">\n\t\t\t\t<\/a>\n\t<p>&nbsp;<\/p>\n<p>&nbsp;<\/p>\n<p><strong>Last stands available\u2026. <\/strong><strong>Choose your location<\/strong><\/p>\n\t\t\t<a href=\"https:\/\/mesures-solutions-expo.fr\/inscription\/\" target=\"_blank\" role=\"button\" rel=\"noopener\">\n\t\t\t\t\t\t\tRegistrations\n\t\t\t\t\t<\/a>\n\t<p>&nbsp;<\/p>\n<p>&nbsp;<\/p>\n<p>Bring together all the actors of the technical processes concerned by the <strong>good industrial measurement practices<\/strong>, de l&rsquo;ing\u00e9nieur au technicien, de la qualit\u00e9 au process, en passant par le contr\u00f4le et la maintenance, tel est le leitmotiv du R\u00e9seau Mesure pour cette nouvelle \u00e9dition lyonnaise, et tout sera mis en \u0153uvre pour faire de cette troisi\u00e8me \u00e9dition un large succ\u00e8s&nbsp;:<\/p>\n<ul>\n<li><strong>Effective Press Relations, informed journalists!<\/strong><\/li>\n<li><strong>A targeted and intensive communication campaign.<\/strong><\/li>\n<li><strong>Numerous direct, print and online marketing actions.<\/strong><\/li>\n<li><strong>A strong and constantly renewed web presence<\/strong><strong>.<\/strong><\/li>\n<li><strong>Conferences and Exhibitor Workshops during the 2 days. <\/strong><\/li>\n<li><strong>Visitor file available.<\/strong><\/li>\n<li><strong>Unparalleled friendliness, pampered visitors.<\/strong><\/li>\n<li><strong>An Exhibitors catalog distributed in preview in the specialized press.<\/strong><\/li>\n<\/ul>\n<p>&nbsp;<\/p>\n<strong>&nbsp;<\/strong><strong>Benefit from the actions of<\/strong> <strong>EXPO2022 Solutions Measures<br>\npour d\u00e9velopper vos partenariats commerciaux&nbsp;!<\/strong>\n<h2>\n\t\t<a href=\"https:\/\/www.reseau-mesure.com\/en\/la-formation-2022\/\" title=\"Initiation training on artificial intelligence\" target=\"_blank\" rel=\"noopener\">\n\t\tInitiation training on artificial intelligence\n\t\t<\/a>\n\t<\/h2>\n\t<p><b>The training on Artificial Intelligence aims to allow measurement actors to benefit from a first level of knowledge necessary to approach tools and concepts in more depth.<\/b><\/p>\n<p>The proposed program:<\/p>\n<ul>\n<li>\n<ul>\n<li>\n<ul>\n<li>\n<ul>\n<li>The history of AI and Data Science.<\/li>\n<li>AI and Data Science: differences and synergies.<\/li>\n<li>The basic concepts of AI and why they are talked about so much now.<\/li>\n<li>Possible applications in the field of business and measurement (illustration by examples).<\/li>\n<li>The advantages\/disadvantages\/limitations of using AI.<\/li>\n<li>The actors and a quick overview of the tools.<\/li>\n<\/ul>\n<\/li>\n<\/ul>\n<\/li>\n<\/ul>\n<\/li>\n<\/ul>\n<p>The training will be provided by Mr. Rosa, partner of the Measurement Network and AI expert specializing in measurement and testing.<\/p>\n<p><b>R\u00e9seau Mesure is a Qualiopi certified training center allowing support from your OPCO.<\/b><\/p>\n<p><strong>Number of trainees per session:<\/strong>&nbsp; mini 4 pers. \/ max 6 pers.<\/p>\n<p><strong>Next session&nbsp;<\/strong>:&nbsp;<strong>Tuesday, February 15, 2022 - remotely - 2 places available<\/strong><\/p>\n\t\t\t\t<a href=\"https:\/\/www.reseau-mesure.com\/en\/formation-lintelligence-artificielle\/\" target=\"_blank\" rel=\"noopener\" itemprop=\"url\">\n\t\t\t\t<img loading=\"lazy\" decoding=\"async\" src=\"https:\/\/www.reseau-mesure.com\/wp-content\/uploads\/2021\/11\/artificial-intelligence-g5c06de65c_1920-300x200.jpg\" alt=\"formation intelligence artificielle\" itemprop=\"image\" height=\"200\" width=\"300\" title=\"artificial-intelligence-g5c06de65c_1920\" onerror=\"this.style.display='none'\">\n\t\t\t\t<\/a>\n\t\t\t<a href=\"mailto:confray@reseau-mesure.com\" target=\"_blank\" role=\"button\" rel=\"noopener\">\n\t\t\t\t\t\t\tRegistrations\n\t\t\t\t\t<\/a>\n\t<p>&nbsp;<\/p>\n<p>&nbsp;<\/p>\n<p><b>The I<\/b><b>intelligence<\/b><b>&nbsp;Artificielle &#8211;&nbsp;(module 1) initiation&nbsp;<\/b><\/p>\n<p>&nbsp;<\/p>\n\t\t\t<a href=\"https:\/\/www.reseau-mesure.com\/en\/evenements\/\" target=\"_self\" role=\"button\" rel=\"noopener\">\n\t\t\t\t\t\t\tThe complete agenda of the Measurement Network\n\t\t\t\t\t<\/a>\n\t\t\t\t<a href=\"https:\/\/www.reseau-mesure.com\/en\/evenements\/\" target=\"_blank\" rel=\"noopener\" itemprop=\"url\">\n\t\t\t\t<img loading=\"lazy\" decoding=\"async\" src=\"https:\/\/www.reseau-mesure.com\/wp-content\/uploads\/2020\/08\/Plan-de-travail-3niveau.png\" alt=\"R\u00e9seau Mesure Express Actualites\" itemprop=\"image\" height=\"3665\" width=\"5520\" title=\"Express Measurement Network News\" onerror=\"this.style.display='none'\">\n\t\t\t\t<\/a>\n\t<h2><strong>Communication for members<\/strong><\/h2>\n\t<p>&nbsp;<\/p>\n<h1>Use the Measurement Network site to boost your SEO<\/h1>\n<ul>\n<li>N&rsquo;h\u00e9sitez pas \u00e0 nous transmettre <strong>your news<\/strong>, we will relay it <strong>on the <a href=\"https:\/\/www.reseau-mesure.com\/en\/\">first page of the Measurement Network website<\/a> and on L<a href=\"https:\/\/www.linkedin.com\/company\/reseau-mesure\/\">inkedIn<\/a>.<\/strong><\/li>\n<li>Remember to put your<strong> <a href=\"https:\/\/www.reseau-mesure.com\/en\/annuaire\/\">directory sheet<\/a><\/strong> \u00e0 jour, l&rsquo;annuaire est l&rsquo;espace le plus consult\u00e9 sur le site du R\u00e9seau Mesure.<\/li>\n<li>Would you like to know that you are a member of the Measurement Network? Use the<strong><a href=\"https:\/\/www.reseau-mesure.com\/wp-content\/uploads\/2022\/02\/LOGIadherents2.jpg\"> dedicated logo<\/a> in your communication or on your site<\/strong> !<\/li>\n<\/ul>\n\t<h2>R\u00e9seau Mesure Express: news about the association&#039;s action plan<\/h2>\n<h1>\n\t\t<a href=\"https:\/\/www.reseau-mesure.com\/en\/\" title=\"Express Measurement Network February 10, 2022\" target=\"_blank\" rel=\"noopener\">\n\t\tExpress Measurement Network February 10, 2022\n\t\t<\/a>\n\t<\/h1>","protected":false},"excerpt":{"rendered":"<p>R\u00e9seau Mesure Express 10 February 2022 10.02.2022 A network for its members, by its members R\u00e9seau Mesure Express 10 February 2022: members can find news about the association in R\u00e9seau Mesure Express. Exhibitions dedicated to measurement in 2022. An extended early bird rate for members of the R\u00e9seau Mesure Global Industrie develops\u2026<\/p>","protected":false},"author":720,"featured_media":0,"parent":0,"menu_order":0,"comment_status":"closed","ping_status":"closed","template":"","meta":{"_acf_changed":false,"footnotes":""},"class_list":["post-16065","page","type-page","status-publish","hentry"],"acf":[],"yoast_head":"<!-- This site is optimized with the Yoast SEO plugin v27.5 - https:\/\/yoast.com\/product\/yoast-seo-wordpress\/ -->\n<title>R\u00e9seau Mesure Express 10 f\u00e9vrier 2022 - R\u00e9seau Mesure<\/title>\n<meta name=\"description\" content=\"R\u00e9seau Mesure Express 10 f\u00e9vrier 2022. A vos agendas pour 2022 ! Les salons d\u00e9di\u00e9s \u00e0 la mesure sont programm\u00e9s.\" \/>\n<meta name=\"robots\" content=\"index, follow, max-snippet:-1, max-image-preview:large, max-video-preview:-1\" \/>\n<link rel=\"canonical\" href=\"https:\/\/www.reseau-mesure.com\/en\/reseau-mesure-express-10-fevrier-2022\/\" \/>\n<meta property=\"og:locale\" content=\"en_US\" \/>\n<meta property=\"og:type\" content=\"article\" \/>\n<meta property=\"og:title\" content=\"R\u00e9seau Mesure Express 10 f\u00e9vrier 2022 - R\u00e9seau Mesure\" \/>\n<meta property=\"og:description\" content=\"R\u00e9seau Mesure Express 10 f\u00e9vrier 2022. A vos agendas pour 2022 ! Les salons d\u00e9di\u00e9s \u00e0 la mesure sont programm\u00e9s.\" \/>\n<meta property=\"og:url\" content=\"https:\/\/www.reseau-mesure.com\/en\/reseau-mesure-express-10-fevrier-2022\/\" \/>\n<meta property=\"og:site_name\" content=\"R\u00e9seau Mesure\" \/>\n<meta property=\"article:publisher\" content=\"https:\/\/www.facebook.com\/reseaumesure\/\" \/>\n<meta property=\"article:modified_time\" content=\"2022-02-08T13:39:09+00:00\" \/>\n<meta property=\"og:image\" content=\"https:\/\/www.reseau-mesure.com\/wp-content\/uploads\/2020\/07\/20ku.jpeg\" \/>\n<meta name=\"twitter:card\" content=\"summary_large_image\" \/>\n<meta name=\"twitter:site\" content=\"@ReseauMesure\" \/>\n<meta name=\"twitter:label1\" content=\"Est. reading time\" \/>\n\t<meta name=\"twitter:data1\" content=\"5 minutes\" \/>\n<script type=\"application\/ld+json\" class=\"yoast-schema-graph\">{\"@context\":\"https:\\\/\\\/schema.org\",\"@graph\":[{\"@type\":\"WebPage\",\"@id\":\"https:\\\/\\\/www.reseau-mesure.com\\\/reseau-mesure-express-10-fevrier-2022\\\/\",\"url\":\"https:\\\/\\\/www.reseau-mesure.com\\\/reseau-mesure-express-10-fevrier-2022\\\/\",\"name\":\"R\u00e9seau Mesure Express 10 f\u00e9vrier 2022 - R\u00e9seau Mesure\",\"isPartOf\":{\"@id\":\"https:\\\/\\\/www.reseau-mesure.com\\\/#website\"},\"primaryImageOfPage\":{\"@id\":\"https:\\\/\\\/www.reseau-mesure.com\\\/reseau-mesure-express-10-fevrier-2022\\\/#primaryimage\"},\"image\":{\"@id\":\"https:\\\/\\\/www.reseau-mesure.com\\\/reseau-mesure-express-10-fevrier-2022\\\/#primaryimage\"},\"thumbnailUrl\":\"https:\\\/\\\/www.reseau-mesure.com\\\/wp-content\\\/uploads\\\/2020\\\/07\\\/20ku.jpeg\",\"datePublished\":\"2022-02-07T11:25:00+00:00\",\"dateModified\":\"2022-02-08T13:39:09+00:00\",\"description\":\"R\u00e9seau Mesure Express 10 f\u00e9vrier 2022. A vos agendas pour 2022 ! Les salons d\u00e9di\u00e9s \u00e0 la mesure sont programm\u00e9s.\",\"breadcrumb\":{\"@id\":\"https:\\\/\\\/www.reseau-mesure.com\\\/reseau-mesure-express-10-fevrier-2022\\\/#breadcrumb\"},\"inLanguage\":\"en-US\",\"potentialAction\":[{\"@type\":\"ReadAction\",\"target\":[\"https:\\\/\\\/www.reseau-mesure.com\\\/reseau-mesure-express-10-fevrier-2022\\\/\"]}]},{\"@type\":\"ImageObject\",\"inLanguage\":\"en-US\",\"@id\":\"https:\\\/\\\/www.reseau-mesure.com\\\/reseau-mesure-express-10-fevrier-2022\\\/#primaryimage\",\"url\":\"https:\\\/\\\/www.reseau-mesure.com\\\/wp-content\\\/uploads\\\/2020\\\/07\\\/20ku.jpeg\",\"contentUrl\":\"https:\\\/\\\/www.reseau-mesure.com\\\/wp-content\\\/uploads\\\/2020\\\/07\\\/20ku.jpeg\"},{\"@type\":\"BreadcrumbList\",\"@id\":\"https:\\\/\\\/www.reseau-mesure.com\\\/reseau-mesure-express-10-fevrier-2022\\\/#breadcrumb\",\"itemListElement\":[{\"@type\":\"ListItem\",\"position\":1,\"name\":\"Accueil\",\"item\":\"https:\\\/\\\/www.reseau-mesure.com\\\/\"},{\"@type\":\"ListItem\",\"position\":2,\"name\":\"R\u00e9seau Mesure Express-20220210\"}]},{\"@type\":\"WebSite\",\"@id\":\"https:\\\/\\\/www.reseau-mesure.com\\\/#website\",\"url\":\"https:\\\/\\\/www.reseau-mesure.com\\\/\",\"name\":\"R\u00e9seau-Mesure\",\"description\":\"R\u00e9seau Mesure\",\"publisher\":{\"@id\":\"https:\\\/\\\/www.reseau-mesure.com\\\/#organization\"},\"potentialAction\":[{\"@type\":\"SearchAction\",\"target\":{\"@type\":\"EntryPoint\",\"urlTemplate\":\"https:\\\/\\\/www.reseau-mesure.com\\\/?s={search_term_string}\"},\"query-input\":{\"@type\":\"PropertyValueSpecification\",\"valueRequired\":true,\"valueName\":\"search_term_string\"}}],\"inLanguage\":\"en-US\"},{\"@type\":\"Organization\",\"@id\":\"https:\\\/\\\/www.reseau-mesure.com\\\/#organization\",\"name\":\"R\u00e9seau-Mesure\",\"url\":\"https:\\\/\\\/www.reseau-mesure.com\\\/\",\"logo\":{\"@type\":\"ImageObject\",\"inLanguage\":\"en-US\",\"@id\":\"https:\\\/\\\/www.reseau-mesure.com\\\/#\\\/schema\\\/logo\\\/image\\\/\",\"url\":\"https:\\\/\\\/www.reseau-mesure.com\\\/wp-content\\\/uploads\\\/2018\\\/02\\\/logo-max.png\",\"contentUrl\":\"https:\\\/\\\/www.reseau-mesure.com\\\/wp-content\\\/uploads\\\/2018\\\/02\\\/logo-max.png\",\"width\":545,\"height\":285,\"caption\":\"R\u00e9seau-Mesure\"},\"image\":{\"@id\":\"https:\\\/\\\/www.reseau-mesure.com\\\/#\\\/schema\\\/logo\\\/image\\\/\"},\"sameAs\":[\"https:\\\/\\\/www.facebook.com\\\/reseaumesure\\\/\",\"https:\\\/\\\/x.com\\\/ReseauMesure\",\"https:\\\/\\\/www.linkedin.com\\\/company\\\/reseau-mesure\\\/\"]}]}<\/script>\n<!-- \/ Yoast SEO plugin. -->","yoast_head_json":{"title":"R\u00e9seau Mesure Express 10 f\u00e9vrier 2022 - R\u00e9seau Mesure","description":"R\u00e9seau Mesure Express 10 f\u00e9vrier 2022. A vos agendas pour 2022 ! Les salons d\u00e9di\u00e9s \u00e0 la mesure sont programm\u00e9s.","robots":{"index":"index","follow":"follow","max-snippet":"max-snippet:-1","max-image-preview":"max-image-preview:large","max-video-preview":"max-video-preview:-1"},"canonical":"https:\/\/www.reseau-mesure.com\/en\/reseau-mesure-express-10-fevrier-2022\/","og_locale":"en_US","og_type":"article","og_title":"R\u00e9seau Mesure Express 10 f\u00e9vrier 2022 - R\u00e9seau Mesure","og_description":"R\u00e9seau Mesure Express 10 f\u00e9vrier 2022. A vos agendas pour 2022 ! Les salons d\u00e9di\u00e9s \u00e0 la mesure sont programm\u00e9s.","og_url":"https:\/\/www.reseau-mesure.com\/en\/reseau-mesure-express-10-fevrier-2022\/","og_site_name":"R\u00e9seau Mesure","article_publisher":"https:\/\/www.facebook.com\/reseaumesure\/","article_modified_time":"2022-02-08T13:39:09+00:00","og_image":[{"url":"https:\/\/www.reseau-mesure.com\/wp-content\/uploads\/2020\/07\/20ku.jpeg","type":"","width":"","height":""}],"twitter_card":"summary_large_image","twitter_site":"@ReseauMesure","twitter_misc":{"Est. reading time":"5 minutes"},"schema":{"@context":"https:\/\/schema.org","@graph":[{"@type":"WebPage","@id":"https:\/\/www.reseau-mesure.com\/reseau-mesure-express-10-fevrier-2022\/","url":"https:\/\/www.reseau-mesure.com\/reseau-mesure-express-10-fevrier-2022\/","name":"R\u00e9seau Mesure Express 10 f\u00e9vrier 2022 - R\u00e9seau Mesure","isPartOf":{"@id":"https:\/\/www.reseau-mesure.com\/#website"},"primaryImageOfPage":{"@id":"https:\/\/www.reseau-mesure.com\/reseau-mesure-express-10-fevrier-2022\/#primaryimage"},"image":{"@id":"https:\/\/www.reseau-mesure.com\/reseau-mesure-express-10-fevrier-2022\/#primaryimage"},"thumbnailUrl":"https:\/\/www.reseau-mesure.com\/wp-content\/uploads\/2020\/07\/20ku.jpeg","datePublished":"2022-02-07T11:25:00+00:00","dateModified":"2022-02-08T13:39:09+00:00","description":"R\u00e9seau Mesure Express 10 f\u00e9vrier 2022. A vos agendas pour 2022 ! Les salons d\u00e9di\u00e9s \u00e0 la mesure sont programm\u00e9s.","breadcrumb":{"@id":"https:\/\/www.reseau-mesure.com\/reseau-mesure-express-10-fevrier-2022\/#breadcrumb"},"inLanguage":"en-US","potentialAction":[{"@type":"ReadAction","target":["https:\/\/www.reseau-mesure.com\/reseau-mesure-express-10-fevrier-2022\/"]}]},{"@type":"ImageObject","inLanguage":"en-US","@id":"https:\/\/www.reseau-mesure.com\/reseau-mesure-express-10-fevrier-2022\/#primaryimage","url":"https:\/\/www.reseau-mesure.com\/wp-content\/uploads\/2020\/07\/20ku.jpeg","contentUrl":"https:\/\/www.reseau-mesure.com\/wp-content\/uploads\/2020\/07\/20ku.jpeg"},{"@type":"BreadcrumbList","@id":"https:\/\/www.reseau-mesure.com\/reseau-mesure-express-10-fevrier-2022\/#breadcrumb","itemListElement":[{"@type":"ListItem","position":1,"name":"Accueil","item":"https:\/\/www.reseau-mesure.com\/"},{"@type":"ListItem","position":2,"name":"R\u00e9seau Mesure Express-20220210"}]},{"@type":"WebSite","@id":"https:\/\/www.reseau-mesure.com\/#website","url":"https:\/\/www.reseau-mesure.com\/","name":"R\u00e9seau-Mesure","description":"Network Measure","publisher":{"@id":"https:\/\/www.reseau-mesure.com\/#organization"},"potentialAction":[{"@type":"SearchAction","target":{"@type":"EntryPoint","urlTemplate":"https:\/\/www.reseau-mesure.com\/?s={search_term_string}"},"query-input":{"@type":"PropertyValueSpecification","valueRequired":true,"valueName":"search_term_string"}}],"inLanguage":"en-US"},{"@type":"Organization","@id":"https:\/\/www.reseau-mesure.com\/#organization","name":"R\u00e9seau-Mesure","url":"https:\/\/www.reseau-mesure.com\/","logo":{"@type":"ImageObject","inLanguage":"en-US","@id":"https:\/\/www.reseau-mesure.com\/#\/schema\/logo\/image\/","url":"https:\/\/www.reseau-mesure.com\/wp-content\/uploads\/2018\/02\/logo-max.png","contentUrl":"https:\/\/www.reseau-mesure.com\/wp-content\/uploads\/2018\/02\/logo-max.png","width":545,"height":285,"caption":"R\u00e9seau-Mesure"},"image":{"@id":"https:\/\/www.reseau-mesure.com\/#\/schema\/logo\/image\/"},"sameAs":["https:\/\/www.facebook.com\/reseaumesure\/","https:\/\/x.com\/ReseauMesure","https:\/\/www.linkedin.com\/company\/reseau-mesure\/"]}]}},"_links":{"self":[{"href":"https:\/\/www.reseau-mesure.com\/en\/wp-json\/wp\/v2\/pages\/16065","targetHints":{"allow":["GET"]}}],"collection":[{"href":"https:\/\/www.reseau-mesure.com\/en\/wp-json\/wp\/v2\/pages"}],"about":[{"href":"https:\/\/www.reseau-mesure.com\/en\/wp-json\/wp\/v2\/types\/page"}],"author":[{"embeddable":true,"href":"https:\/\/www.reseau-mesure.com\/en\/wp-json\/wp\/v2\/users\/720"}],"replies":[{"embeddable":true,"href":"https:\/\/www.reseau-mesure.com\/en\/wp-json\/wp\/v2\/comments?post=16065"}],"version-history":[{"count":0,"href":"https:\/\/www.reseau-mesure.com\/en\/wp-json\/wp\/v2\/pages\/16065\/revisions"}],"wp:attachment":[{"href":"https:\/\/www.reseau-mesure.com\/en\/wp-json\/wp\/v2\/media?parent=16065"}],"curies":[{"name":"wp","href":"https:\/\/api.w.org\/{rel}","templated":true}]}}