{"id":16486,"date":"2022-03-24T09:56:22","date_gmt":"2022-03-24T08:56:22","guid":{"rendered":"https:\/\/www.reseau-mesure.com\/?page_id=16486"},"modified":"2022-03-24T10:57:22","modified_gmt":"2022-03-24T09:57:22","slug":"reseau-mesure-express-24-mars-2022","status":"publish","type":"page","link":"https:\/\/www.reseau-mesure.com\/en\/reseau-mesure-express-24-mars-2022\/","title":{"rendered":"Network Measurement Express-20220324"},"content":{"rendered":"<img loading=\"lazy\" decoding=\"async\" src=\"https:\/\/www.reseau-mesure.com\/wp-content\/uploads\/2020\/07\/20ku.jpeg\" alt=\"R\u00e9seau Mesure Express\" itemprop=\"image\" height=\"300\" width=\"970\" title=\"Express Measurement Network Header\" onerror=\"this.style.display='none'\">\n<h1>\n\t\tExpress Measurement Network March 24, 2022\n\t<\/h1>\n<h2>\n\t\t<a href=\"https:\/\/www.reseau-mesure.com\/en\/le-reseau-mesure-2\/\" title=\"24.03.2022\" target=\"_blank\" rel=\"noopener\">\n\t\t24.03.2022\n\t\t<\/a>\n\t<\/h2>\n\t<h3><strong>A network for its members, through its members<\/strong><\/h3>\n\t<p>R\u00e9seau Mesure Express 24 mars 2022 : les adh\u00e9rents peuvent retrouver l&rsquo;actualit\u00e9 de l&rsquo;association dans R\u00e9seau Mesure Express.<\/p>\n<p>The next thematic workshops.<\/p>\n<h2>\n\t\t<a href=\"https:\/\/www.reseau-mesure.com\/en\/achats-mutualises\/\" title=\"Discovery workshop Haxon\u00e9o and Place of employees\" target=\"_blank\" rel=\"noopener\">\n\t\tDiscovery workshop Haxon\u00e9o and Place of employees\n\t\t<\/a>\n\t<\/h2>\n\t<h2>Two services to make lasting savings<\/h2>\n<p>&nbsp;<\/p>\n<ul>\n<li><strong>How to save on your business overhead<\/strong> with Haxoneo<\/li>\n<li><strong>Attract new talent<\/strong> with the employee benefits platform Place des Salari\u00e9s<\/li>\n<\/ul>\n<p><strong>DATE :<\/strong><strong> Thursday 07 April 2022<\/strong><\/p>\n<p><strong>HOUR :<\/strong><strong> 2:30-3:30 p.m.<\/strong><\/p>\n<p><strong>LIEU : Sur Teams<\/strong><\/p>\n<p><strong>During this workshop, you will see:<\/strong><\/p>\n<p><strong>Haxoneo, r\u00e9alisez en moyenne 19% d&rsquo;\u00e9conomies sur vos achats indirects :&nbsp;<\/strong><\/p>\n<ul>\n<li>Focus on our packaging supplier partners<\/li>\n<li>Bilan d&rsquo;\u00e9conomies r\u00e9alis\u00e9es en 2021 par les adh\u00e9rents du r\u00e9seau<\/li>\n<\/ul>\n<p><strong>Place des Salari\u00e9s, offer more purchasing power to your employees to attract new talent and retain your employees:<\/strong><\/p>\n<ul>\n<li>Qu&rsquo;est-ce qu&rsquo;une plateforme CSE d&rsquo;avantages salari\u00e9s : des r\u00e9ductions, bons d&rsquo;achats, offres promotionnelles ou autres<\/li>\n<li>Quels sont les outils pour augmenter le pouvoir d&rsquo;achats de vos salari\u00e9s, tout en \u00e9tant exon\u00e9r\u00e9 de charges sociales : subventions, participation employeur, carte cadeaux&#8230;<\/li>\n<\/ul>\n<p>&nbsp;<\/p>\n<p>L&rsquo;atelier est r\u00e9alis\u00e9 conjointement avec les adh\u00e9rents du CIFL.<\/p>\n\t\t\t\t<a href=\"https:\/\/www.reseau-mesure.com\/en\/achats-mutualises\/\" target=\"_blank\" rel=\"noopener\" itemprop=\"url\">\n\t\t\t\t<img loading=\"lazy\" decoding=\"async\" src=\"https:\/\/www.reseau-mesure.com\/wp-content\/uploads\/2022\/03\/Atelier-du-7-04-2022.jpg\" alt=\"Atelier du 7 04 2022\" itemprop=\"image\" height=\"458\" width=\"1063\" title=\"Workshop of 7 04 2022\" onerror=\"this.style.display='none'\">\n\t\t\t\t<\/a>\n\t\t\t\t<a href=\"https:\/\/www.reseau-mesure.com\/en\/haxoneo\/\" target=\"_blank\" rel=\"noopener\" itemprop=\"url\">\n\t\t\t\t<img loading=\"lazy\" decoding=\"async\" src=\"https:\/\/www.reseau-mesure.com\/wp-content\/uploads\/2018\/01\/haxoneo.png\" alt=\"HAXONEO\" itemprop=\"image\" height=\"84\" width=\"296\" title=\"haxoneo\" onerror=\"this.style.display='none'\">\n\t\t\t\t<\/a>\n\t\t\t\t<a href=\"https:\/\/www.reseau-mesure.com\/en\/place-des-salaries\/\" target=\"_blank\" rel=\"noopener\" itemprop=\"url\">\n\t\t\t\t<img loading=\"lazy\" decoding=\"async\" src=\"https:\/\/www.reseau-mesure.com\/wp-content\/uploads\/2018\/07\/logo_pds-1-300x83.jpg\" alt=\"logo_pds-1.jpg\" itemprop=\"image\" height=\"83\" width=\"300\" title=\"logo_pds-1.jpg\" onerror=\"this.style.display='none'\">\n\t\t\t\t<\/a>\n<h2>\n\t\tEconomic Security Awareness Meeting\n\t<\/h2>\n\t\t\t\t<a href=\"https:\/\/www.reseau-mesure.com\/en\/evenements\/\" target=\"_blank\" rel=\"noopener\" itemprop=\"url\">\n\t\t\t\t<img loading=\"lazy\" decoding=\"async\" src=\"https:\/\/www.reseau-mesure.com\/wp-content\/uploads\/2018\/11\/AdobeStock_153484570.jpeg\" alt=\"La Cybers\u00e9curit\u00e9\" itemprop=\"image\" height=\"4000\" width=\"6000\" title=\"Cybersecurity\" onerror=\"this.style.display='none'\">\n\t\t\t\t<\/a>\n\t<p>&nbsp;<\/p>\n<p><strong>Friday April 22 from 11:00 a.m. to 12:30 p.m. \u2013 Cergy<\/strong><\/p>\n<p>As part of an economic security mission, a speaker from a specialized division of the Ministry of the Interior suggests <strong>une r\u00e9union de&nbsp; sensibilisation<\/strong>, lasting 1h30, <strong>to explain how to control and protect sensitive or strategic information<\/strong>, by insisting on the targeted targets, on the actors, public or private, interested in the informational heritage of our companies, and on their methods (with a focus on social networks and mobile digital tools, including smartphones and connected objects), in order to offer countermeasures based on the feedback given to us by the entities with which the Ministry of the Interior is in regular contact.<\/p>\n<p><strong>These sensitizations target the weak link in the security chain<\/strong>, that is to say the human being, whose behavior, ignorance, imprudence or negligence, even malevolence or the desire for revenge, are responsible for the majority of the capture of strategic information. Developments are also devoted to visitors and trainees, trade fairs, nomadism and travel abroad.<\/p>\n<p><em><strong>For reasons of confidentiality required by the Ministry of the Interior, the meeting will only be held face-to-face in Cergy and cannot be recorded. No documents will be available outside of this workshop.<\/strong><\/em><\/p>\n<p>&nbsp;<\/p>\n<h2>\n\t\t<a href=\"https:\/\/www.reseau-mesure.com\/en\/international\/\" title=\"Alg\u00e9rie - Maroc -Tunisie : tout ce qu'il faut savoir sur la pratique des affaires\" target=\"_blank\" rel=\"noopener\">\n\t\tAlg\u00e9rie &#8211; Maroc -Tunisie : tout ce qu&rsquo;il faut savoir sur la pratique des affaires\n\t\t<\/a>\n\t<\/h2>\n\t\t\t\t<img loading=\"lazy\" decoding=\"async\" src=\"https:\/\/www.reseau-mesure.com\/wp-content\/uploads\/2022\/03\/ALGERIE.png\" alt=\"ALGERIE\" itemprop=\"image\" height=\"150\" width=\"225\" title=\"ALGERIA\" onerror=\"this.style.display='none'\">\n\t\t\t\t<img loading=\"lazy\" decoding=\"async\" src=\"https:\/\/www.reseau-mesure.com\/wp-content\/uploads\/2022\/03\/Maroc.png\" alt=\"Maroc\" itemprop=\"image\" height=\"150\" width=\"225\" title=\"Morocco\" onerror=\"this.style.display='none'\">\n\t\t\t\t<img loading=\"lazy\" decoding=\"async\" src=\"https:\/\/www.reseau-mesure.com\/wp-content\/uploads\/2022\/03\/Tunisie.png\" alt=\"Tunisie\" itemprop=\"image\" height=\"150\" width=\"225\" title=\"Tunisia\" onerror=\"this.style.display='none'\">\n<p>The Maghreb, more than ever, represents an opportunity for commercial development. However, the culture and specificities of these countries in terms of distribution networks, administrative procedures and payment sometimes hinder members in their development strategy.<\/p>\n<p>This workshop will allow you to understand the specificities and potential development sectors of these three countries.<\/p>\n<p><strong>It will be facilitated with the participation of the management <\/strong><strong>des Chambres de Commerce et d&rsquo;Industrie de l&rsquo;Alg\u00e9rie, du Maroc et de la Tunisie<\/strong><\/p>\n<p><strong>Wednesday, April 27 from <\/strong><strong>11h00 \u00e0 12h30 &#8211; en visio<\/strong><\/p>\n<p>Each representative will propose to discuss the following topics:<\/p>\n<ul>\n<li><strong>Macroeconomic presentation<\/strong><\/li>\n<li><strong>The business climate<\/strong><\/li>\n<li><strong>Sector opportunities<\/strong><\/li>\n<li><strong>Specificities in terms of export methods (administrative and financial methods)<\/strong><strong>&nbsp; &nbsp; &nbsp; &nbsp; &nbsp; &nbsp; &nbsp; &nbsp; &nbsp; &nbsp;&nbsp;<\/strong><\/li>\n<\/ul>\n<p>Registration with Estelle Duflot&nbsp; <a href=\"mailto:eduflot@reseau-mesure.com\">eduflot@reseau-mesure.com<\/a>&nbsp;06 51 05 08 80<\/p>\n\t<p>&nbsp;<\/p>\n<p><strong>Speakers:<\/strong><\/p>\n<p><strong><em>Chambre de Commerce et d&rsquo;Industrie Alg\u00e9ro-Fran\u00e7aise :<\/em><\/strong><\/p>\n<ul>\n<li>Halim Ammar Khodja &#8211; Directeur Adjoint<\/li>\n<li>Akram HAMOUDA Regulatory watch manager<\/li>\n<li>Karim OSMANI Industry sector pole manager.<\/li>\n<\/ul>\n<p><em><strong>Chambre Fran\u00e7aise de Commerce et d&rsquo;Industrie du Maroc :<\/strong><\/em><\/p>\n<ul>\n<li>Faiza HACHKAR &#8211; Responsable du Bureau CFCIM \u00e0 Paris<\/li>\n<li>Afraa SAMID &#8211; Charg\u00e9e de la fili\u00e8re Industries &amp; Infrastructures<\/li>\n<li>Meriem FARIS &#8211; Charg\u00e9e de la fili\u00e8re Cleantech<\/li>\n<\/ul>\n<p><em><strong>Chambre Tuniso-Fran\u00e7aise de Commerce et d&rsquo;Industrie :<\/strong><\/em><\/p>\n<ul>\n<li>Habib Gaida: CEO CTFCI<\/li>\n<li>Amel BEN FARHAT CEO of CETIME<br>\n(technical center for mechanical and electrical industries)<\/li>\n<\/ul>\n\t\t\t<a href=\"https:\/\/www.reseau-mesure.com\/en\/evenements\/\" target=\"_self\" role=\"button\" rel=\"noopener\">\n\t\t\t\t\t\t\tThe complete agenda of the Measurement Network\n\t\t\t\t\t<\/a>\n\t\t\t\t<a href=\"https:\/\/www.reseau-mesure.com\/en\/evenements\/\" target=\"_blank\" rel=\"noopener\" itemprop=\"url\">\n\t\t\t\t<img loading=\"lazy\" decoding=\"async\" src=\"https:\/\/www.reseau-mesure.com\/wp-content\/uploads\/2020\/08\/Plan-de-travail-3niveau.png\" alt=\"R\u00e9seau Mesure Express Actualites\" itemprop=\"image\" height=\"3665\" width=\"5520\" title=\"Express Measurement Network News\" onerror=\"this.style.display='none'\">\n\t\t\t\t<\/a>\n\t<h1><strong>EMS Paris IDF Cluster WATER Forum<\/strong><\/h1>\n\t<h1><strong>EMS Paris IDF Cluster WATER Forum April 21, 2022 \/ 1:30 p.m. \u2013 7 p.m.<\/strong><\/h1>\n<h1><strong>Face-to-face workshop, 55 avenue du president Wilson 94230 Cachan<\/strong><\/h1>\n<p>The EMS Cluster invites you to the 3rd edition of the Forum Eau Paris Ile-de-France 2022 edition, where we will discuss the management of the short cycle, natural cycle and islands of freshness.<\/p>\n<p><strong>Conditions of participation :&nbsp;<\/strong><\/p>\n<em>Assister \u00e0 l&rsquo;\u00e9v\u00e9nement : <\/em>Free and open to all on registration\n<em>Intervenir \u00e0 l&rsquo;\u00e9v\u00e9nement :&nbsp;<\/em>\n<ul>\n<li>Free for EMS Cluster members<\/li>\n<li>50% for members of France Water Team \/ CapDigital \/ Measurement Network \/ Graie \/ Adivet \/ Arceau \/ MateriauP\u00f4le \/ ASTEE \/ Measurement Network<\/li>\n<li>Pricing for presenting your solution outside of membership: 500 euros including tax.<\/li>\n<\/ul>\n<p>Complete program and registration with <a href=\"mailto:clara.mombellet@clusterems.org\">viviane.massacrier@clusterems.org<\/a> and&nbsp;<a href=\"mailto:laurent.dechesne@clusterems.org\">&nbsp;laurent.dechesne@clusterems.org<\/a><\/p>\n\t<h2>R\u00e9seau Mesure Express: news about the association&#039;s action plan<\/h2>\n<h1>\n\t\t<a href=\"https:\/\/www.reseau-mesure.com\/en\/\" title=\"Express Measurement Network March 24, 2022\" target=\"_blank\" rel=\"noopener\">\n\t\tExpress Measurement Network March 24, 2022\n\t\t<\/a>\n\t<\/h1>","protected":false},"excerpt":{"rendered":"<p>R\u00e9seau Mesure Express March 24, 2022 24.03.2022 A network for its members, by its members R\u00e9seau Mesure Express March 24, 2022: members can find news about the association in R\u00e9seau Mesure Express. The next thematic workshops. Haxon\u00e9o discovery workshop and Employees&#039; place Two services to make lasting savings How to make\u2026<\/p>","protected":false},"author":720,"featured_media":0,"parent":0,"menu_order":0,"comment_status":"closed","ping_status":"closed","template":"","meta":{"_acf_changed":false,"footnotes":""},"class_list":["post-16486","page","type-page","status-publish","hentry"],"acf":[],"yoast_head":"<!-- This site is optimized with the Yoast SEO plugin v27.5 - https:\/\/yoast.com\/product\/yoast-seo-wordpress\/ -->\n<title>R\u00e9seau Mesure Express 24 mars 2022 - R\u00e9seau Mesure<\/title>\n<meta name=\"description\" content=\"R\u00e9seau Mesure Express 24 mars 2022. Les prochains ateliers th\u00e9matiques r\u00e9serv\u00e9s aux adh\u00e9rents du R\u00e9seau Mesure.\" \/>\n<meta name=\"robots\" content=\"index, follow, max-snippet:-1, max-image-preview:large, max-video-preview:-1\" \/>\n<link rel=\"canonical\" href=\"https:\/\/www.reseau-mesure.com\/en\/reseau-mesure-express-24-mars-2022\/\" \/>\n<meta property=\"og:locale\" content=\"en_US\" \/>\n<meta property=\"og:type\" content=\"article\" \/>\n<meta property=\"og:title\" content=\"R\u00e9seau Mesure Express 24 mars 2022 - R\u00e9seau Mesure\" \/>\n<meta property=\"og:description\" content=\"R\u00e9seau Mesure Express 24 mars 2022. Les prochains ateliers th\u00e9matiques r\u00e9serv\u00e9s aux adh\u00e9rents du R\u00e9seau Mesure.\" \/>\n<meta property=\"og:url\" content=\"https:\/\/www.reseau-mesure.com\/en\/reseau-mesure-express-24-mars-2022\/\" \/>\n<meta property=\"og:site_name\" content=\"R\u00e9seau Mesure\" \/>\n<meta property=\"article:publisher\" content=\"https:\/\/www.facebook.com\/reseaumesure\/\" \/>\n<meta property=\"article:modified_time\" content=\"2022-03-24T09:57:22+00:00\" \/>\n<meta property=\"og:image\" content=\"https:\/\/www.reseau-mesure.com\/wp-content\/uploads\/2020\/07\/20ku.jpeg\" \/>\n<meta name=\"twitter:card\" content=\"summary_large_image\" \/>\n<meta name=\"twitter:site\" content=\"@ReseauMesure\" \/>\n<meta name=\"twitter:label1\" content=\"Est. reading time\" \/>\n\t<meta name=\"twitter:data1\" content=\"6 minutes\" \/>\n<script type=\"application\/ld+json\" class=\"yoast-schema-graph\">{\"@context\":\"https:\\\/\\\/schema.org\",\"@graph\":[{\"@type\":\"WebPage\",\"@id\":\"https:\\\/\\\/www.reseau-mesure.com\\\/reseau-mesure-express-24-mars-2022\\\/\",\"url\":\"https:\\\/\\\/www.reseau-mesure.com\\\/reseau-mesure-express-24-mars-2022\\\/\",\"name\":\"R\u00e9seau Mesure Express 24 mars 2022 - R\u00e9seau Mesure\",\"isPartOf\":{\"@id\":\"https:\\\/\\\/www.reseau-mesure.com\\\/#website\"},\"primaryImageOfPage\":{\"@id\":\"https:\\\/\\\/www.reseau-mesure.com\\\/reseau-mesure-express-24-mars-2022\\\/#primaryimage\"},\"image\":{\"@id\":\"https:\\\/\\\/www.reseau-mesure.com\\\/reseau-mesure-express-24-mars-2022\\\/#primaryimage\"},\"thumbnailUrl\":\"https:\\\/\\\/www.reseau-mesure.com\\\/wp-content\\\/uploads\\\/2020\\\/07\\\/20ku.jpeg\",\"datePublished\":\"2022-03-24T08:56:22+00:00\",\"dateModified\":\"2022-03-24T09:57:22+00:00\",\"description\":\"R\u00e9seau Mesure Express 24 mars 2022. Les prochains ateliers th\u00e9matiques r\u00e9serv\u00e9s aux adh\u00e9rents du R\u00e9seau Mesure.\",\"breadcrumb\":{\"@id\":\"https:\\\/\\\/www.reseau-mesure.com\\\/reseau-mesure-express-24-mars-2022\\\/#breadcrumb\"},\"inLanguage\":\"en-US\",\"potentialAction\":[{\"@type\":\"ReadAction\",\"target\":[\"https:\\\/\\\/www.reseau-mesure.com\\\/reseau-mesure-express-24-mars-2022\\\/\"]}]},{\"@type\":\"ImageObject\",\"inLanguage\":\"en-US\",\"@id\":\"https:\\\/\\\/www.reseau-mesure.com\\\/reseau-mesure-express-24-mars-2022\\\/#primaryimage\",\"url\":\"https:\\\/\\\/www.reseau-mesure.com\\\/wp-content\\\/uploads\\\/2020\\\/07\\\/20ku.jpeg\",\"contentUrl\":\"https:\\\/\\\/www.reseau-mesure.com\\\/wp-content\\\/uploads\\\/2020\\\/07\\\/20ku.jpeg\"},{\"@type\":\"BreadcrumbList\",\"@id\":\"https:\\\/\\\/www.reseau-mesure.com\\\/reseau-mesure-express-24-mars-2022\\\/#breadcrumb\",\"itemListElement\":[{\"@type\":\"ListItem\",\"position\":1,\"name\":\"Accueil\",\"item\":\"https:\\\/\\\/www.reseau-mesure.com\\\/\"},{\"@type\":\"ListItem\",\"position\":2,\"name\":\"R\u00e9seau Mesure Express-20220324\"}]},{\"@type\":\"WebSite\",\"@id\":\"https:\\\/\\\/www.reseau-mesure.com\\\/#website\",\"url\":\"https:\\\/\\\/www.reseau-mesure.com\\\/\",\"name\":\"R\u00e9seau-Mesure\",\"description\":\"R\u00e9seau Mesure\",\"publisher\":{\"@id\":\"https:\\\/\\\/www.reseau-mesure.com\\\/#organization\"},\"potentialAction\":[{\"@type\":\"SearchAction\",\"target\":{\"@type\":\"EntryPoint\",\"urlTemplate\":\"https:\\\/\\\/www.reseau-mesure.com\\\/?s={search_term_string}\"},\"query-input\":{\"@type\":\"PropertyValueSpecification\",\"valueRequired\":true,\"valueName\":\"search_term_string\"}}],\"inLanguage\":\"en-US\"},{\"@type\":\"Organization\",\"@id\":\"https:\\\/\\\/www.reseau-mesure.com\\\/#organization\",\"name\":\"R\u00e9seau-Mesure\",\"url\":\"https:\\\/\\\/www.reseau-mesure.com\\\/\",\"logo\":{\"@type\":\"ImageObject\",\"inLanguage\":\"en-US\",\"@id\":\"https:\\\/\\\/www.reseau-mesure.com\\\/#\\\/schema\\\/logo\\\/image\\\/\",\"url\":\"https:\\\/\\\/www.reseau-mesure.com\\\/wp-content\\\/uploads\\\/2018\\\/02\\\/logo-max.png\",\"contentUrl\":\"https:\\\/\\\/www.reseau-mesure.com\\\/wp-content\\\/uploads\\\/2018\\\/02\\\/logo-max.png\",\"width\":545,\"height\":285,\"caption\":\"R\u00e9seau-Mesure\"},\"image\":{\"@id\":\"https:\\\/\\\/www.reseau-mesure.com\\\/#\\\/schema\\\/logo\\\/image\\\/\"},\"sameAs\":[\"https:\\\/\\\/www.facebook.com\\\/reseaumesure\\\/\",\"https:\\\/\\\/x.com\\\/ReseauMesure\",\"https:\\\/\\\/www.linkedin.com\\\/company\\\/reseau-mesure\\\/\"]}]}<\/script>\n<!-- \/ Yoast SEO plugin. -->","yoast_head_json":{"title":"R\u00e9seau Mesure Express 24 mars 2022 - R\u00e9seau Mesure","description":"R\u00e9seau Mesure Express 24 mars 2022. Les prochains ateliers th\u00e9matiques r\u00e9serv\u00e9s aux adh\u00e9rents du R\u00e9seau Mesure.","robots":{"index":"index","follow":"follow","max-snippet":"max-snippet:-1","max-image-preview":"max-image-preview:large","max-video-preview":"max-video-preview:-1"},"canonical":"https:\/\/www.reseau-mesure.com\/en\/reseau-mesure-express-24-mars-2022\/","og_locale":"en_US","og_type":"article","og_title":"R\u00e9seau Mesure Express 24 mars 2022 - R\u00e9seau Mesure","og_description":"R\u00e9seau Mesure Express 24 mars 2022. Les prochains ateliers th\u00e9matiques r\u00e9serv\u00e9s aux adh\u00e9rents du R\u00e9seau Mesure.","og_url":"https:\/\/www.reseau-mesure.com\/en\/reseau-mesure-express-24-mars-2022\/","og_site_name":"R\u00e9seau Mesure","article_publisher":"https:\/\/www.facebook.com\/reseaumesure\/","article_modified_time":"2022-03-24T09:57:22+00:00","og_image":[{"url":"https:\/\/www.reseau-mesure.com\/wp-content\/uploads\/2020\/07\/20ku.jpeg","type":"","width":"","height":""}],"twitter_card":"summary_large_image","twitter_site":"@ReseauMesure","twitter_misc":{"Est. reading time":"6 minutes"},"schema":{"@context":"https:\/\/schema.org","@graph":[{"@type":"WebPage","@id":"https:\/\/www.reseau-mesure.com\/reseau-mesure-express-24-mars-2022\/","url":"https:\/\/www.reseau-mesure.com\/reseau-mesure-express-24-mars-2022\/","name":"R\u00e9seau Mesure Express 24 mars 2022 - R\u00e9seau Mesure","isPartOf":{"@id":"https:\/\/www.reseau-mesure.com\/#website"},"primaryImageOfPage":{"@id":"https:\/\/www.reseau-mesure.com\/reseau-mesure-express-24-mars-2022\/#primaryimage"},"image":{"@id":"https:\/\/www.reseau-mesure.com\/reseau-mesure-express-24-mars-2022\/#primaryimage"},"thumbnailUrl":"https:\/\/www.reseau-mesure.com\/wp-content\/uploads\/2020\/07\/20ku.jpeg","datePublished":"2022-03-24T08:56:22+00:00","dateModified":"2022-03-24T09:57:22+00:00","description":"R\u00e9seau Mesure Express 24 mars 2022. Les prochains ateliers th\u00e9matiques r\u00e9serv\u00e9s aux adh\u00e9rents du R\u00e9seau Mesure.","breadcrumb":{"@id":"https:\/\/www.reseau-mesure.com\/reseau-mesure-express-24-mars-2022\/#breadcrumb"},"inLanguage":"en-US","potentialAction":[{"@type":"ReadAction","target":["https:\/\/www.reseau-mesure.com\/reseau-mesure-express-24-mars-2022\/"]}]},{"@type":"ImageObject","inLanguage":"en-US","@id":"https:\/\/www.reseau-mesure.com\/reseau-mesure-express-24-mars-2022\/#primaryimage","url":"https:\/\/www.reseau-mesure.com\/wp-content\/uploads\/2020\/07\/20ku.jpeg","contentUrl":"https:\/\/www.reseau-mesure.com\/wp-content\/uploads\/2020\/07\/20ku.jpeg"},{"@type":"BreadcrumbList","@id":"https:\/\/www.reseau-mesure.com\/reseau-mesure-express-24-mars-2022\/#breadcrumb","itemListElement":[{"@type":"ListItem","position":1,"name":"Accueil","item":"https:\/\/www.reseau-mesure.com\/"},{"@type":"ListItem","position":2,"name":"R\u00e9seau Mesure Express-20220324"}]},{"@type":"WebSite","@id":"https:\/\/www.reseau-mesure.com\/#website","url":"https:\/\/www.reseau-mesure.com\/","name":"R\u00e9seau-Mesure","description":"Network Measure","publisher":{"@id":"https:\/\/www.reseau-mesure.com\/#organization"},"potentialAction":[{"@type":"SearchAction","target":{"@type":"EntryPoint","urlTemplate":"https:\/\/www.reseau-mesure.com\/?s={search_term_string}"},"query-input":{"@type":"PropertyValueSpecification","valueRequired":true,"valueName":"search_term_string"}}],"inLanguage":"en-US"},{"@type":"Organization","@id":"https:\/\/www.reseau-mesure.com\/#organization","name":"R\u00e9seau-Mesure","url":"https:\/\/www.reseau-mesure.com\/","logo":{"@type":"ImageObject","inLanguage":"en-US","@id":"https:\/\/www.reseau-mesure.com\/#\/schema\/logo\/image\/","url":"https:\/\/www.reseau-mesure.com\/wp-content\/uploads\/2018\/02\/logo-max.png","contentUrl":"https:\/\/www.reseau-mesure.com\/wp-content\/uploads\/2018\/02\/logo-max.png","width":545,"height":285,"caption":"R\u00e9seau-Mesure"},"image":{"@id":"https:\/\/www.reseau-mesure.com\/#\/schema\/logo\/image\/"},"sameAs":["https:\/\/www.facebook.com\/reseaumesure\/","https:\/\/x.com\/ReseauMesure","https:\/\/www.linkedin.com\/company\/reseau-mesure\/"]}]}},"_links":{"self":[{"href":"https:\/\/www.reseau-mesure.com\/en\/wp-json\/wp\/v2\/pages\/16486","targetHints":{"allow":["GET"]}}],"collection":[{"href":"https:\/\/www.reseau-mesure.com\/en\/wp-json\/wp\/v2\/pages"}],"about":[{"href":"https:\/\/www.reseau-mesure.com\/en\/wp-json\/wp\/v2\/types\/page"}],"author":[{"embeddable":true,"href":"https:\/\/www.reseau-mesure.com\/en\/wp-json\/wp\/v2\/users\/720"}],"replies":[{"embeddable":true,"href":"https:\/\/www.reseau-mesure.com\/en\/wp-json\/wp\/v2\/comments?post=16486"}],"version-history":[{"count":0,"href":"https:\/\/www.reseau-mesure.com\/en\/wp-json\/wp\/v2\/pages\/16486\/revisions"}],"wp:attachment":[{"href":"https:\/\/www.reseau-mesure.com\/en\/wp-json\/wp\/v2\/media?parent=16486"}],"curies":[{"name":"wp","href":"https:\/\/api.w.org\/{rel}","templated":true}]}}