{"id":17330,"date":"2022-08-30T12:18:50","date_gmt":"2022-08-30T10:18:50","guid":{"rendered":"https:\/\/www.reseau-mesure.com\/?page_id=17330"},"modified":"2026-01-30T12:14:06","modified_gmt":"2026-01-30T11:14:06","slug":"colorimetrie-spectrocolorimetre-et-logiciel-qc","status":"publish","type":"page","link":"https:\/\/www.reseau-mesure.com\/en\/colorimetrie-spectrocolorimetre-et-logiciel-qc\/","title":{"rendered":"Colorimetry, spectrocolorimeter and QC software"},"content":{"rendered":"<figure itemscope itemtype=\"https:\/\/schema.org\/ImageObject\">\n\t\t\t\t<a href=\"https:\/\/www.konicaminolta.fr\/fr-fr\"  target=\"_blank\" rel=\"noopener\"  itemprop=\"url\">\n\t\t\t\t<img decoding=\"async\" src=\"https:\/\/www.reseau-mesure.com\/wp-content\/uploads\/2022\/01\/KM_horizontal-002.jpg\" alt=\"Druck\" height=\"111\" width=\"827\" title=\"druck\" onerror=\"this.style.display='none'\" loading=\"lazy\" \/>\n\t\t\t\t<\/a>\n\t<\/figure>\n\t<p>&nbsp;<\/p>\n<p><b>SpectraMagic NX Colorimetry, Spectrocolorimeter and QC Software<\/b><\/p>\n\t<p>&nbsp;<\/p>\n<p>&nbsp;<\/p>\n<table width=\"100%\">\n<tbody>\n<tr>\n<td><strong>Interactive face-to-face training on surface colorimetry and the use of a portable spectrophotometer based on your expectations and needs. For laboratory and\/or production users who need to carry out colorimetric checks with a measuring device in order to improve the quality of their products and\/or respond to customer requests.<\/strong>\n<p>The training will be provided by <a href=\"https:\/\/www.reseau-mesure.com\/en\/adherent\/werth-messtechnik-france\/https:\/\/www.reseau-mesure.com\/adherent\/konica-minolta-sensing-europe-b-v\/\" target=\"_blank\" rel=\"noopener\">KONICA-MINOLTA<\/a>, specialist in colorimetric measurements, optical measurements, calibration.<\/p>\n<p><b>R\u00e9seau Mesure is referenced as a QUALIOPI certified training center allowing support by your OPCO.<\/b><\/p>\n<p><strong>Number of trainees per session:<\/strong> training exclusive to a company.<\/p>\n<strong>Assessment 2022<\/strong>: 8 stagiaires\u00a0 &#8211; <em>moyenne bas\u00e9e sur l&rsquo;atteinte des objectifs, la p\u00e9dagogie et l&rsquo;organisation<\/em>:\u00a0  <em>19\/20<\/em><br \/>\n<strong>Assessment 2023<\/strong>: 15 stagiaires\u00a0 &#8211; <em>moyenne bas\u00e9e sur l&rsquo;atteinte des objectifs, la p\u00e9dagogie et l&rsquo;organisation<\/em>:\u00a0  <em>19\/20<br \/>\n<\/em><strong>Evaluation 2024: <\/strong>3 stagiaires &#8211; <em>moyenne bas\u00e9e sur l&rsquo;atteinte des objectifs, la p\u00e9dagogie et l&rsquo;organisation:\u00a0 9.9\/10 &#8211;\u00a0\u00a0atteinte des objectifs:\u00a0 \u00a010\/10<br \/>\n<strong>Evaluation 2026: <\/strong><\/em>4 stagiaires<em> &#8211; moyenne bas\u00e9e sur l&rsquo;atteinte des objectifs, la p\u00e9dagogie et l&rsquo;organisation:\u00a0 10\/10 &#8211;\u00a0\u00a0atteinte des objectifs:\u00a0 \u00a010\/10\u00a0<br \/>\n<\/em>\n<p>&nbsp;<\/p>\n<p><strong>The training dates are to be defined with the trainer of the KONICA MINOLTA company.\u00a0<\/strong><\/p>\n<strong>The program can be modified according to the needs of the company.<\/strong><\/td>\n<\/tr>\n<tr>\n\n<\/tr>\n<\/tbody>\n<\/table>\n\t\t\t<a href=\"https:\/\/www.reseau-mesure.com\/wp-content\/uploads\/2022\/08\/Presentation-colorimetrie-Spectrocolorimetre-et-logiciel-QC.pdf\"  target=\"_blank\" rel=\"noopener\">\n\t\t\t\t\t\t\tpresentation\n\t\t\t\t\t<\/a>\n\t\t\t<a href=\"https:\/\/www.reseau-mesure.com\/wp-content\/uploads\/2022\/08\/Programme-colorimetrie-spectrocolorimetre-et-logiciel-QC.pdf\"  target=\"_blank\" rel=\"noopener\">\n\t\t\t\t\t\t\tProgram Type\n\t\t\t\t\t<\/a>\n\t\t\t<a href=\"mailto:Luisa.Graca@seu.konicaminolta.eu\"  target=\"_blank\" rel=\"noopener\">\n\t\t\t\t\t\t\tSubscription request\n\t\t\t\t\t<\/a>","protected":false},"excerpt":{"rendered":"<p>&nbsp; Colorim\u00e9trie, spectrocolorim\u00e8tre et logiciel QC SpectraMagic NX &nbsp; &nbsp; Une formation interactive en pr\u00e9sentiel sur la colorim\u00e9trie de surface et l&rsquo;utilisation d&rsquo;un spectrophotom\u00e8tre portable bas\u00e9e sur vos attentes et vos besoins. Pour les utilisateurs en laboratoire et\/ou en production qui doivent r\u00e9aliser des contr\u00f4les colorim\u00e9triques avec un appareil de mesure afin d&rsquo;am\u00e9liorer la qualit\u00e9&hellip;<\/p>","protected":false},"author":349,"featured_media":0,"parent":0,"menu_order":0,"comment_status":"closed","ping_status":"closed","template":"","meta":{"_acf_changed":false,"footnotes":""},"class_list":["post-17330","page","type-page","status-publish","hentry"],"acf":[],"yoast_head":"<!-- This site is optimized with the Yoast SEO plugin v27.5 - https:\/\/yoast.com\/product\/yoast-seo-wordpress\/ -->\n<title>Formation - Colorim\u00e9trie, spectrocolorim\u00e8tre et logiciel QC - R\u00e9seau Mesure<\/title>\n<meta name=\"description\" content=\"Une formation interactive en pr\u00e9sentiel sur la colorim\u00e9trie de surface et l\u2019utilisation d\u2019un spectrophotom\u00e8tre portable bas\u00e9e\" \/>\n<meta name=\"robots\" content=\"index, follow, max-snippet:-1, max-image-preview:large, max-video-preview:-1\" \/>\n<link rel=\"canonical\" href=\"https:\/\/www.reseau-mesure.com\/en\/colorimetrie-spectrocolorimetre-et-logiciel-qc\/\" \/>\n<meta property=\"og:locale\" content=\"en_US\" \/>\n<meta property=\"og:type\" content=\"article\" \/>\n<meta property=\"og:title\" content=\"Formation - Colorim\u00e9trie, spectrocolorim\u00e8tre et logiciel QC - R\u00e9seau Mesure\" \/>\n<meta property=\"og:description\" content=\"Une formation interactive en pr\u00e9sentiel sur la colorim\u00e9trie de surface et l\u2019utilisation d\u2019un spectrophotom\u00e8tre portable bas\u00e9e\" \/>\n<meta property=\"og:url\" content=\"https:\/\/www.reseau-mesure.com\/en\/colorimetrie-spectrocolorimetre-et-logiciel-qc\/\" \/>\n<meta property=\"og:site_name\" content=\"R\u00e9seau Mesure\" \/>\n<meta property=\"article:publisher\" content=\"https:\/\/www.facebook.com\/reseaumesure\/\" \/>\n<meta property=\"article:modified_time\" content=\"2026-01-30T11:14:06+00:00\" \/>\n<meta property=\"og:image\" content=\"https:\/\/www.reseau-mesure.com\/wp-content\/uploads\/2022\/01\/KM_horizontal-002.jpg\" \/>\n<meta name=\"twitter:card\" content=\"summary_large_image\" \/>\n<meta name=\"twitter:site\" content=\"@ReseauMesure\" \/>\n<meta name=\"twitter:label1\" content=\"Est. reading time\" \/>\n\t<meta name=\"twitter:data1\" content=\"1 minute\" \/>\n<script type=\"application\/ld+json\" class=\"yoast-schema-graph\">{\"@context\":\"https:\\\/\\\/schema.org\",\"@graph\":[{\"@type\":\"WebPage\",\"@id\":\"https:\\\/\\\/www.reseau-mesure.com\\\/colorimetrie-spectrocolorimetre-et-logiciel-qc\\\/\",\"url\":\"https:\\\/\\\/www.reseau-mesure.com\\\/colorimetrie-spectrocolorimetre-et-logiciel-qc\\\/\",\"name\":\"Formation - Colorim\u00e9trie, spectrocolorim\u00e8tre et logiciel QC - R\u00e9seau Mesure\",\"isPartOf\":{\"@id\":\"https:\\\/\\\/www.reseau-mesure.com\\\/#website\"},\"primaryImageOfPage\":{\"@id\":\"https:\\\/\\\/www.reseau-mesure.com\\\/colorimetrie-spectrocolorimetre-et-logiciel-qc\\\/#primaryimage\"},\"image\":{\"@id\":\"https:\\\/\\\/www.reseau-mesure.com\\\/colorimetrie-spectrocolorimetre-et-logiciel-qc\\\/#primaryimage\"},\"thumbnailUrl\":\"https:\\\/\\\/www.reseau-mesure.com\\\/wp-content\\\/uploads\\\/2022\\\/01\\\/KM_horizontal-002.jpg\",\"datePublished\":\"2022-08-30T10:18:50+00:00\",\"dateModified\":\"2026-01-30T11:14:06+00:00\",\"description\":\"Une formation interactive en pr\u00e9sentiel sur la colorim\u00e9trie de surface et l\u2019utilisation d\u2019un spectrophotom\u00e8tre portable bas\u00e9e\",\"breadcrumb\":{\"@id\":\"https:\\\/\\\/www.reseau-mesure.com\\\/colorimetrie-spectrocolorimetre-et-logiciel-qc\\\/#breadcrumb\"},\"inLanguage\":\"en-US\",\"potentialAction\":[{\"@type\":\"ReadAction\",\"target\":[\"https:\\\/\\\/www.reseau-mesure.com\\\/colorimetrie-spectrocolorimetre-et-logiciel-qc\\\/\"]}]},{\"@type\":\"ImageObject\",\"inLanguage\":\"en-US\",\"@id\":\"https:\\\/\\\/www.reseau-mesure.com\\\/colorimetrie-spectrocolorimetre-et-logiciel-qc\\\/#primaryimage\",\"url\":\"https:\\\/\\\/www.reseau-mesure.com\\\/wp-content\\\/uploads\\\/2022\\\/01\\\/KM_horizontal-002.jpg\",\"contentUrl\":\"https:\\\/\\\/www.reseau-mesure.com\\\/wp-content\\\/uploads\\\/2022\\\/01\\\/KM_horizontal-002.jpg\"},{\"@type\":\"BreadcrumbList\",\"@id\":\"https:\\\/\\\/www.reseau-mesure.com\\\/colorimetrie-spectrocolorimetre-et-logiciel-qc\\\/#breadcrumb\",\"itemListElement\":[{\"@type\":\"ListItem\",\"position\":1,\"name\":\"Accueil\",\"item\":\"https:\\\/\\\/www.reseau-mesure.com\\\/\"},{\"@type\":\"ListItem\",\"position\":2,\"name\":\"Colorim\u00e9trie, spectrocolorim\u00e8tre et logiciel QC\"}]},{\"@type\":\"WebSite\",\"@id\":\"https:\\\/\\\/www.reseau-mesure.com\\\/#website\",\"url\":\"https:\\\/\\\/www.reseau-mesure.com\\\/\",\"name\":\"R\u00e9seau-Mesure\",\"description\":\"R\u00e9seau Mesure\",\"publisher\":{\"@id\":\"https:\\\/\\\/www.reseau-mesure.com\\\/#organization\"},\"potentialAction\":[{\"@type\":\"SearchAction\",\"target\":{\"@type\":\"EntryPoint\",\"urlTemplate\":\"https:\\\/\\\/www.reseau-mesure.com\\\/?s={search_term_string}\"},\"query-input\":{\"@type\":\"PropertyValueSpecification\",\"valueRequired\":true,\"valueName\":\"search_term_string\"}}],\"inLanguage\":\"en-US\"},{\"@type\":\"Organization\",\"@id\":\"https:\\\/\\\/www.reseau-mesure.com\\\/#organization\",\"name\":\"R\u00e9seau-Mesure\",\"url\":\"https:\\\/\\\/www.reseau-mesure.com\\\/\",\"logo\":{\"@type\":\"ImageObject\",\"inLanguage\":\"en-US\",\"@id\":\"https:\\\/\\\/www.reseau-mesure.com\\\/#\\\/schema\\\/logo\\\/image\\\/\",\"url\":\"https:\\\/\\\/www.reseau-mesure.com\\\/wp-content\\\/uploads\\\/2018\\\/02\\\/logo-max.png\",\"contentUrl\":\"https:\\\/\\\/www.reseau-mesure.com\\\/wp-content\\\/uploads\\\/2018\\\/02\\\/logo-max.png\",\"width\":545,\"height\":285,\"caption\":\"R\u00e9seau-Mesure\"},\"image\":{\"@id\":\"https:\\\/\\\/www.reseau-mesure.com\\\/#\\\/schema\\\/logo\\\/image\\\/\"},\"sameAs\":[\"https:\\\/\\\/www.facebook.com\\\/reseaumesure\\\/\",\"https:\\\/\\\/x.com\\\/ReseauMesure\",\"https:\\\/\\\/www.linkedin.com\\\/company\\\/reseau-mesure\\\/\"]}]}<\/script>\n<!-- \/ Yoast SEO plugin. -->","yoast_head_json":{"title":"Formation - Colorim\u00e9trie, spectrocolorim\u00e8tre et logiciel QC - R\u00e9seau Mesure","description":"Une formation interactive en pr\u00e9sentiel sur la colorim\u00e9trie de surface et l\u2019utilisation d\u2019un spectrophotom\u00e8tre portable bas\u00e9e","robots":{"index":"index","follow":"follow","max-snippet":"max-snippet:-1","max-image-preview":"max-image-preview:large","max-video-preview":"max-video-preview:-1"},"canonical":"https:\/\/www.reseau-mesure.com\/en\/colorimetrie-spectrocolorimetre-et-logiciel-qc\/","og_locale":"en_US","og_type":"article","og_title":"Formation - Colorim\u00e9trie, spectrocolorim\u00e8tre et logiciel QC - R\u00e9seau Mesure","og_description":"Une formation interactive en pr\u00e9sentiel sur la colorim\u00e9trie de surface et l\u2019utilisation d\u2019un spectrophotom\u00e8tre portable bas\u00e9e","og_url":"https:\/\/www.reseau-mesure.com\/en\/colorimetrie-spectrocolorimetre-et-logiciel-qc\/","og_site_name":"R\u00e9seau Mesure","article_publisher":"https:\/\/www.facebook.com\/reseaumesure\/","article_modified_time":"2026-01-30T11:14:06+00:00","og_image":[{"url":"https:\/\/www.reseau-mesure.com\/wp-content\/uploads\/2022\/01\/KM_horizontal-002.jpg","type":"","width":"","height":""}],"twitter_card":"summary_large_image","twitter_site":"@ReseauMesure","twitter_misc":{"Est. reading time":"1 minute"},"schema":{"@context":"https:\/\/schema.org","@graph":[{"@type":"WebPage","@id":"https:\/\/www.reseau-mesure.com\/colorimetrie-spectrocolorimetre-et-logiciel-qc\/","url":"https:\/\/www.reseau-mesure.com\/colorimetrie-spectrocolorimetre-et-logiciel-qc\/","name":"Formation - Colorim\u00e9trie, spectrocolorim\u00e8tre et logiciel QC - R\u00e9seau Mesure","isPartOf":{"@id":"https:\/\/www.reseau-mesure.com\/#website"},"primaryImageOfPage":{"@id":"https:\/\/www.reseau-mesure.com\/colorimetrie-spectrocolorimetre-et-logiciel-qc\/#primaryimage"},"image":{"@id":"https:\/\/www.reseau-mesure.com\/colorimetrie-spectrocolorimetre-et-logiciel-qc\/#primaryimage"},"thumbnailUrl":"https:\/\/www.reseau-mesure.com\/wp-content\/uploads\/2022\/01\/KM_horizontal-002.jpg","datePublished":"2022-08-30T10:18:50+00:00","dateModified":"2026-01-30T11:14:06+00:00","description":"Une formation interactive en pr\u00e9sentiel sur la colorim\u00e9trie de surface et l\u2019utilisation d\u2019un spectrophotom\u00e8tre portable bas\u00e9e","breadcrumb":{"@id":"https:\/\/www.reseau-mesure.com\/colorimetrie-spectrocolorimetre-et-logiciel-qc\/#breadcrumb"},"inLanguage":"en-US","potentialAction":[{"@type":"ReadAction","target":["https:\/\/www.reseau-mesure.com\/colorimetrie-spectrocolorimetre-et-logiciel-qc\/"]}]},{"@type":"ImageObject","inLanguage":"en-US","@id":"https:\/\/www.reseau-mesure.com\/colorimetrie-spectrocolorimetre-et-logiciel-qc\/#primaryimage","url":"https:\/\/www.reseau-mesure.com\/wp-content\/uploads\/2022\/01\/KM_horizontal-002.jpg","contentUrl":"https:\/\/www.reseau-mesure.com\/wp-content\/uploads\/2022\/01\/KM_horizontal-002.jpg"},{"@type":"BreadcrumbList","@id":"https:\/\/www.reseau-mesure.com\/colorimetrie-spectrocolorimetre-et-logiciel-qc\/#breadcrumb","itemListElement":[{"@type":"ListItem","position":1,"name":"Accueil","item":"https:\/\/www.reseau-mesure.com\/"},{"@type":"ListItem","position":2,"name":"Colorim\u00e9trie, spectrocolorim\u00e8tre et logiciel QC"}]},{"@type":"WebSite","@id":"https:\/\/www.reseau-mesure.com\/#website","url":"https:\/\/www.reseau-mesure.com\/","name":"R\u00e9seau-Mesure","description":"Network Measure","publisher":{"@id":"https:\/\/www.reseau-mesure.com\/#organization"},"potentialAction":[{"@type":"SearchAction","target":{"@type":"EntryPoint","urlTemplate":"https:\/\/www.reseau-mesure.com\/?s={search_term_string}"},"query-input":{"@type":"PropertyValueSpecification","valueRequired":true,"valueName":"search_term_string"}}],"inLanguage":"en-US"},{"@type":"Organization","@id":"https:\/\/www.reseau-mesure.com\/#organization","name":"R\u00e9seau-Mesure","url":"https:\/\/www.reseau-mesure.com\/","logo":{"@type":"ImageObject","inLanguage":"en-US","@id":"https:\/\/www.reseau-mesure.com\/#\/schema\/logo\/image\/","url":"https:\/\/www.reseau-mesure.com\/wp-content\/uploads\/2018\/02\/logo-max.png","contentUrl":"https:\/\/www.reseau-mesure.com\/wp-content\/uploads\/2018\/02\/logo-max.png","width":545,"height":285,"caption":"R\u00e9seau-Mesure"},"image":{"@id":"https:\/\/www.reseau-mesure.com\/#\/schema\/logo\/image\/"},"sameAs":["https:\/\/www.facebook.com\/reseaumesure\/","https:\/\/x.com\/ReseauMesure","https:\/\/www.linkedin.com\/company\/reseau-mesure\/"]}]}},"_links":{"self":[{"href":"https:\/\/www.reseau-mesure.com\/en\/wp-json\/wp\/v2\/pages\/17330","targetHints":{"allow":["GET"]}}],"collection":[{"href":"https:\/\/www.reseau-mesure.com\/en\/wp-json\/wp\/v2\/pages"}],"about":[{"href":"https:\/\/www.reseau-mesure.com\/en\/wp-json\/wp\/v2\/types\/page"}],"author":[{"embeddable":true,"href":"https:\/\/www.reseau-mesure.com\/en\/wp-json\/wp\/v2\/users\/349"}],"replies":[{"embeddable":true,"href":"https:\/\/www.reseau-mesure.com\/en\/wp-json\/wp\/v2\/comments?post=17330"}],"version-history":[{"count":0,"href":"https:\/\/www.reseau-mesure.com\/en\/wp-json\/wp\/v2\/pages\/17330\/revisions"}],"wp:attachment":[{"href":"https:\/\/www.reseau-mesure.com\/en\/wp-json\/wp\/v2\/media?parent=17330"}],"curies":[{"name":"wp","href":"https:\/\/api.w.org\/{rel}","templated":true}]}}