{"id":8960,"date":"2019-11-19T16:34:07","date_gmt":"2019-11-19T15:34:07","guid":{"rendered":"https:\/\/www.reseau-mesure.com\/?page_id=8960"},"modified":"2022-02-22T18:47:24","modified_gmt":"2022-02-22T17:47:24","slug":"effervescence-2","status":"publish","type":"page","link":"https:\/\/www.reseau-mesure.com\/en\/effervescence-2\/","title":{"rendered":"EFFERVESCENCE"},"content":{"rendered":"<img loading=\"lazy\" decoding=\"async\" src=\"https:\/\/www.reseau-mesure.com\/wp-content\/uploads\/2021\/12\/Salon-EFFERVESCENCE-95-2022-BLEU.jpg\" alt=\"Salon EFFERVESCENCE 95-2022\" itemprop=\"image\" height=\"756\" width=\"2025\" title=\"EFFERVESCENCE 95-2022 trade fair\" onerror=\"this.style.display='none'\"  \/>\n\t<p><b>1 day of exhibition<\/b><\/p>\n\t<p><strong>March 29<\/strong><\/p>\n<p><strong>2022<\/strong><\/p>\n\t<p><strong>Andr\u00e9 Messager Gymnasium <\/strong><\/p>\n<p>Rue du Chemin Vert de Boissy<\/p>\n<p>95150 TAVERNY<\/p>\n\n\t\t\t<a href=\"https:\/\/www.saloneffervescence.fr\/95\/mon-inscription.htm\" target=\"_blank\" role=\"button\" rel=\"noopener\">\n\t\t\t\t\t\t\tEXHIBITOR registration\n\t\t\t\t\t<\/a>\n\t<p><b>Meetings for the Val d&#039;Oise economy<\/b><\/p>\n\t<p><strong>ENTERPRISE CREATION TROPHY<\/strong><\/p>\n<p><strong>INNOVATION TROPHY<\/strong><\/p>\n<p><strong>#MADE IN 95 TROPHY<\/strong><\/p>\n\t<h2>Salon Effervescence 2022. The Western Parisian Know-How Fair!<\/h2>\n<p>The Salon Effervescence allows you to meet SMEs \/ SMIs from Val d&#039;Oise, industry and business services that represent their specialties.<\/p>\n<p>In 2022 the 9<sup>th<\/sup>\u00a0edition of the Salon Effervescence\u00a0<strong>will take place on Tuesday 29 March 2022<\/strong><\/p>\n<p><strong>Address :<\/strong><strong>\u00a0<\/strong>Andr\u00e9 Messager gymnasium \u2013 rue du Chemin Vert de Boissy 95150 TAVERNY<\/p>\n<p><strong>Schedule :<\/strong><\/p>\n<ul>\n<li><strong>from 11 a.m. to 2:30 p.m .:<\/strong>\u00a0period reserved for exhibitors, who have full freedom to exchange information and build projects. A buffet is served around 12:00 to exhibitors<\/li>\n<li><strong>from 2:30 p.m. to 6:30 p.m .:<\/strong>\u00a0opening of the show to external visitors<\/li>\n<\/ul>\n<p>In 2021, more than 200 Val d&#039;Oise companies (SMEs, large accounts), mainly manufacturers and industrial service companies, will highlight their specificities and their know-how. Since the 2017 edition, the Effervescence show has surrounded itself with new economic partners who provide us with their support.<\/p>\n<p><strong><a href=\"https:\/\/www.saloneffervescence.fr\/95\/mon-inscription.htm\">Registrations\u00a0<\/a><\/strong><\/p>\n<p>Members of the Measurement Network benefit from a <strong>preferential rate of \u20ac225 if they register before February 28, 2022.<\/strong><\/p>\n<h2>The objectives of the show:<\/h2>\n<ul>\n<li>Discuss and promote your profession and its specialties<\/li>\n<li>Develop your network of professional contacts<\/li>\n<li>Meet business leaders<\/li>\n<\/ul>\n<h2>The objectives of the show:<\/h2>\n<p>The purpose of the EFFERVESCENCE exhibition is to enable industrialists and industrial service companies in the Val d&#039;Oise to meet in a friendly atmosphere and to promote trade between geographically close companies. It does not distinguish between VSEs-SMEs and larger companies.<\/p>\n<ul>\n<li>Discuss and promote your profession and its specialties<\/li>\n<li>Develop your network of professional contacts<\/li>\n<li>Meet business leaders<\/li>\n<\/ul>\n\t<p>&nbsp;<\/p>\n<h1><a href=\"https:\/\/www.saloneffervescence.fr\/95\/concours.htm\">APPLY FOR THE TROPHIES<\/a><\/h1>\n<p>&nbsp;<\/p>\n\t\t\t<a href=\"http:\/\/www.saloneffervescence.fr\/\" target=\"_self\" role=\"button\" rel=\"noopener\">\n\t\t\t\t\t\tFIND ALL THE INFORMATION ABOUT THE SHOW\n\t\t\t\t\t<\/a>","protected":false},"excerpt":{"rendered":"<p>1 exhibition day March 29, 2022 Andr\u00e9 Messager Gymnasium Rue du Chemin Vert de Boissy 95150 TAVERNY EXHIBITOR registration Val d&#039;Oise economic events TROPHY ENTERPRISE CREATION TROPHY INNOVATION TROPHY #MADE IN 95 Salon Effervescence 2022. The Expertise Show in Western Paris! The Salon Effervescence allows you ...<\/p>","protected":false},"author":349,"featured_media":0,"parent":0,"menu_order":0,"comment_status":"closed","ping_status":"closed","template":"","meta":{"_acf_changed":false,"footnotes":""},"class_list":["post-8960","page","type-page","status-publish","hentry"],"acf":[],"yoast_head":"<!-- This site is optimized with the Yoast SEO plugin v27.5 - https:\/\/yoast.com\/product\/yoast-seo-wordpress\/ -->\n<title>EFFERVESCENCE - R\u00e9seau Mesure<\/title>\n<meta name=\"description\" content=\"Le salon measurement world est le salon de la mesure pour 2019. Les adh\u00e9rents du R\u00e9seau Mesure seront pr\u00e9sent. Informations et renseignements.\" \/>\n<meta name=\"robots\" content=\"index, follow, max-snippet:-1, max-image-preview:large, max-video-preview:-1\" \/>\n<link rel=\"canonical\" href=\"https:\/\/www.reseau-mesure.com\/en\/effervescence-2\/\" \/>\n<meta property=\"og:locale\" content=\"en_US\" \/>\n<meta property=\"og:type\" content=\"article\" \/>\n<meta property=\"og:title\" content=\"EFFERVESCENCE - R\u00e9seau Mesure\" \/>\n<meta property=\"og:description\" content=\"Le salon measurement world est le salon de la mesure pour 2019. Les adh\u00e9rents du R\u00e9seau Mesure seront pr\u00e9sent. Informations et renseignements.\" \/>\n<meta property=\"og:url\" content=\"https:\/\/www.reseau-mesure.com\/en\/effervescence-2\/\" \/>\n<meta property=\"og:site_name\" content=\"R\u00e9seau Mesure\" \/>\n<meta property=\"article:publisher\" content=\"https:\/\/www.facebook.com\/reseaumesure\/\" \/>\n<meta property=\"article:modified_time\" content=\"2022-02-22T17:47:24+00:00\" \/>\n<meta property=\"og:image\" content=\"https:\/\/www.reseau-mesure.com\/wp-content\/uploads\/2021\/12\/Salon-EFFERVESCENCE-95-2022-BLEU.jpg\" \/>\n<meta name=\"twitter:card\" content=\"summary_large_image\" \/>\n<meta name=\"twitter:site\" content=\"@ReseauMesure\" \/>\n<meta name=\"twitter:label1\" content=\"Est. reading time\" \/>\n\t<meta name=\"twitter:data1\" content=\"2 minutes\" \/>\n<script type=\"application\/ld+json\" class=\"yoast-schema-graph\">{\"@context\":\"https:\\\/\\\/schema.org\",\"@graph\":[{\"@type\":\"WebPage\",\"@id\":\"https:\\\/\\\/www.reseau-mesure.com\\\/effervescence-2\\\/\",\"url\":\"https:\\\/\\\/www.reseau-mesure.com\\\/effervescence-2\\\/\",\"name\":\"EFFERVESCENCE - R\u00e9seau Mesure\",\"isPartOf\":{\"@id\":\"https:\\\/\\\/www.reseau-mesure.com\\\/#website\"},\"primaryImageOfPage\":{\"@id\":\"https:\\\/\\\/www.reseau-mesure.com\\\/effervescence-2\\\/#primaryimage\"},\"image\":{\"@id\":\"https:\\\/\\\/www.reseau-mesure.com\\\/effervescence-2\\\/#primaryimage\"},\"thumbnailUrl\":\"https:\\\/\\\/www.reseau-mesure.com\\\/wp-content\\\/uploads\\\/2021\\\/12\\\/Salon-EFFERVESCENCE-95-2022-BLEU.jpg\",\"datePublished\":\"2019-11-19T15:34:07+00:00\",\"dateModified\":\"2022-02-22T17:47:24+00:00\",\"description\":\"Le salon measurement world est le salon de la mesure pour 2019. Les adh\u00e9rents du R\u00e9seau Mesure seront pr\u00e9sent. Informations et renseignements.\",\"breadcrumb\":{\"@id\":\"https:\\\/\\\/www.reseau-mesure.com\\\/effervescence-2\\\/#breadcrumb\"},\"inLanguage\":\"en-US\",\"potentialAction\":[{\"@type\":\"ReadAction\",\"target\":[\"https:\\\/\\\/www.reseau-mesure.com\\\/effervescence-2\\\/\"]}]},{\"@type\":\"ImageObject\",\"inLanguage\":\"en-US\",\"@id\":\"https:\\\/\\\/www.reseau-mesure.com\\\/effervescence-2\\\/#primaryimage\",\"url\":\"https:\\\/\\\/www.reseau-mesure.com\\\/wp-content\\\/uploads\\\/2021\\\/12\\\/Salon-EFFERVESCENCE-95-2022-BLEU.jpg\",\"contentUrl\":\"https:\\\/\\\/www.reseau-mesure.com\\\/wp-content\\\/uploads\\\/2021\\\/12\\\/Salon-EFFERVESCENCE-95-2022-BLEU.jpg\"},{\"@type\":\"BreadcrumbList\",\"@id\":\"https:\\\/\\\/www.reseau-mesure.com\\\/effervescence-2\\\/#breadcrumb\",\"itemListElement\":[{\"@type\":\"ListItem\",\"position\":1,\"name\":\"Accueil\",\"item\":\"https:\\\/\\\/www.reseau-mesure.com\\\/\"},{\"@type\":\"ListItem\",\"position\":2,\"name\":\"EFFERVESCENCE\"}]},{\"@type\":\"WebSite\",\"@id\":\"https:\\\/\\\/www.reseau-mesure.com\\\/#website\",\"url\":\"https:\\\/\\\/www.reseau-mesure.com\\\/\",\"name\":\"R\u00e9seau-Mesure\",\"description\":\"R\u00e9seau Mesure\",\"publisher\":{\"@id\":\"https:\\\/\\\/www.reseau-mesure.com\\\/#organization\"},\"potentialAction\":[{\"@type\":\"SearchAction\",\"target\":{\"@type\":\"EntryPoint\",\"urlTemplate\":\"https:\\\/\\\/www.reseau-mesure.com\\\/?s={search_term_string}\"},\"query-input\":{\"@type\":\"PropertyValueSpecification\",\"valueRequired\":true,\"valueName\":\"search_term_string\"}}],\"inLanguage\":\"en-US\"},{\"@type\":\"Organization\",\"@id\":\"https:\\\/\\\/www.reseau-mesure.com\\\/#organization\",\"name\":\"R\u00e9seau-Mesure\",\"url\":\"https:\\\/\\\/www.reseau-mesure.com\\\/\",\"logo\":{\"@type\":\"ImageObject\",\"inLanguage\":\"en-US\",\"@id\":\"https:\\\/\\\/www.reseau-mesure.com\\\/#\\\/schema\\\/logo\\\/image\\\/\",\"url\":\"https:\\\/\\\/www.reseau-mesure.com\\\/wp-content\\\/uploads\\\/2018\\\/02\\\/logo-max.png\",\"contentUrl\":\"https:\\\/\\\/www.reseau-mesure.com\\\/wp-content\\\/uploads\\\/2018\\\/02\\\/logo-max.png\",\"width\":545,\"height\":285,\"caption\":\"R\u00e9seau-Mesure\"},\"image\":{\"@id\":\"https:\\\/\\\/www.reseau-mesure.com\\\/#\\\/schema\\\/logo\\\/image\\\/\"},\"sameAs\":[\"https:\\\/\\\/www.facebook.com\\\/reseaumesure\\\/\",\"https:\\\/\\\/x.com\\\/ReseauMesure\",\"https:\\\/\\\/www.linkedin.com\\\/company\\\/reseau-mesure\\\/\"]}]}<\/script>\n<!-- \/ Yoast SEO plugin. -->","yoast_head_json":{"title":"EFFERVESCENCE - R\u00e9seau Mesure","description":"Le salon measurement world est le salon de la mesure pour 2019. Les adh\u00e9rents du R\u00e9seau Mesure seront pr\u00e9sent. Informations et renseignements.","robots":{"index":"index","follow":"follow","max-snippet":"max-snippet:-1","max-image-preview":"max-image-preview:large","max-video-preview":"max-video-preview:-1"},"canonical":"https:\/\/www.reseau-mesure.com\/en\/effervescence-2\/","og_locale":"en_US","og_type":"article","og_title":"EFFERVESCENCE - R\u00e9seau Mesure","og_description":"Le salon measurement world est le salon de la mesure pour 2019. Les adh\u00e9rents du R\u00e9seau Mesure seront pr\u00e9sent. Informations et renseignements.","og_url":"https:\/\/www.reseau-mesure.com\/en\/effervescence-2\/","og_site_name":"R\u00e9seau Mesure","article_publisher":"https:\/\/www.facebook.com\/reseaumesure\/","article_modified_time":"2022-02-22T17:47:24+00:00","og_image":[{"url":"https:\/\/www.reseau-mesure.com\/wp-content\/uploads\/2021\/12\/Salon-EFFERVESCENCE-95-2022-BLEU.jpg","type":"","width":"","height":""}],"twitter_card":"summary_large_image","twitter_site":"@ReseauMesure","twitter_misc":{"Est. reading time":"2 minutes"},"schema":{"@context":"https:\/\/schema.org","@graph":[{"@type":"WebPage","@id":"https:\/\/www.reseau-mesure.com\/effervescence-2\/","url":"https:\/\/www.reseau-mesure.com\/effervescence-2\/","name":"EFFERVESCENCE - R\u00e9seau Mesure","isPartOf":{"@id":"https:\/\/www.reseau-mesure.com\/#website"},"primaryImageOfPage":{"@id":"https:\/\/www.reseau-mesure.com\/effervescence-2\/#primaryimage"},"image":{"@id":"https:\/\/www.reseau-mesure.com\/effervescence-2\/#primaryimage"},"thumbnailUrl":"https:\/\/www.reseau-mesure.com\/wp-content\/uploads\/2021\/12\/Salon-EFFERVESCENCE-95-2022-BLEU.jpg","datePublished":"2019-11-19T15:34:07+00:00","dateModified":"2022-02-22T17:47:24+00:00","description":"Le salon measurement world est le salon de la mesure pour 2019. Les adh\u00e9rents du R\u00e9seau Mesure seront pr\u00e9sent. Informations et renseignements.","breadcrumb":{"@id":"https:\/\/www.reseau-mesure.com\/effervescence-2\/#breadcrumb"},"inLanguage":"en-US","potentialAction":[{"@type":"ReadAction","target":["https:\/\/www.reseau-mesure.com\/effervescence-2\/"]}]},{"@type":"ImageObject","inLanguage":"en-US","@id":"https:\/\/www.reseau-mesure.com\/effervescence-2\/#primaryimage","url":"https:\/\/www.reseau-mesure.com\/wp-content\/uploads\/2021\/12\/Salon-EFFERVESCENCE-95-2022-BLEU.jpg","contentUrl":"https:\/\/www.reseau-mesure.com\/wp-content\/uploads\/2021\/12\/Salon-EFFERVESCENCE-95-2022-BLEU.jpg"},{"@type":"BreadcrumbList","@id":"https:\/\/www.reseau-mesure.com\/effervescence-2\/#breadcrumb","itemListElement":[{"@type":"ListItem","position":1,"name":"Accueil","item":"https:\/\/www.reseau-mesure.com\/"},{"@type":"ListItem","position":2,"name":"EFFERVESCENCE"}]},{"@type":"WebSite","@id":"https:\/\/www.reseau-mesure.com\/#website","url":"https:\/\/www.reseau-mesure.com\/","name":"R\u00e9seau-Mesure","description":"Network Measure","publisher":{"@id":"https:\/\/www.reseau-mesure.com\/#organization"},"potentialAction":[{"@type":"SearchAction","target":{"@type":"EntryPoint","urlTemplate":"https:\/\/www.reseau-mesure.com\/?s={search_term_string}"},"query-input":{"@type":"PropertyValueSpecification","valueRequired":true,"valueName":"search_term_string"}}],"inLanguage":"en-US"},{"@type":"Organization","@id":"https:\/\/www.reseau-mesure.com\/#organization","name":"R\u00e9seau-Mesure","url":"https:\/\/www.reseau-mesure.com\/","logo":{"@type":"ImageObject","inLanguage":"en-US","@id":"https:\/\/www.reseau-mesure.com\/#\/schema\/logo\/image\/","url":"https:\/\/www.reseau-mesure.com\/wp-content\/uploads\/2018\/02\/logo-max.png","contentUrl":"https:\/\/www.reseau-mesure.com\/wp-content\/uploads\/2018\/02\/logo-max.png","width":545,"height":285,"caption":"R\u00e9seau-Mesure"},"image":{"@id":"https:\/\/www.reseau-mesure.com\/#\/schema\/logo\/image\/"},"sameAs":["https:\/\/www.facebook.com\/reseaumesure\/","https:\/\/x.com\/ReseauMesure","https:\/\/www.linkedin.com\/company\/reseau-mesure\/"]}]}},"_links":{"self":[{"href":"https:\/\/www.reseau-mesure.com\/en\/wp-json\/wp\/v2\/pages\/8960","targetHints":{"allow":["GET"]}}],"collection":[{"href":"https:\/\/www.reseau-mesure.com\/en\/wp-json\/wp\/v2\/pages"}],"about":[{"href":"https:\/\/www.reseau-mesure.com\/en\/wp-json\/wp\/v2\/types\/page"}],"author":[{"embeddable":true,"href":"https:\/\/www.reseau-mesure.com\/en\/wp-json\/wp\/v2\/users\/349"}],"replies":[{"embeddable":true,"href":"https:\/\/www.reseau-mesure.com\/en\/wp-json\/wp\/v2\/comments?post=8960"}],"version-history":[{"count":0,"href":"https:\/\/www.reseau-mesure.com\/en\/wp-json\/wp\/v2\/pages\/8960\/revisions"}],"wp:attachment":[{"href":"https:\/\/www.reseau-mesure.com\/en\/wp-json\/wp\/v2\/media?parent=8960"}],"curies":[{"name":"wp","href":"https:\/\/api.w.org\/{rel}","templated":true}]}}